{"id":1908,"date":"2022-03-08T14:31:51","date_gmt":"2022-03-08T10:31:51","guid":{"rendered":"http:\/\/college-alsace-corre.ac-reunion.fr\/?page_id=1908"},"modified":"2022-06-23T11:11:40","modified_gmt":"2022-06-23T07:11:40","slug":"qui-est-alsace-corre","status":"publish","type":"page","link":"https:\/\/etab.ac-reunion.fr\/clg-alsace-corre\/qui-est-alsace-corre\/","title":{"rendered":"Qui est Alsace Corr\u00e9 ?"},"content":{"rendered":"\n<h1 class=\"wp-block-heading\">Alsace Corr\u00e9, un enseignant hors pair<\/h1>\n\n\n\n<div class=\"wp-block-image\"><figure class=\"aligncenter\"><img decoding=\"async\" src=\"https:\/\/detakcilaos.files.wordpress.com\/2016\/06\/a-corre.jpg?w=656\" alt=\"A Corre\" class=\"wp-image-551\" \/><\/figure><\/div>\n\n\n\n<figure class=\"wp-block-table is-style-stripes\"><table><tbody><tr><td class=\"has-text-align-center\" data-align=\"center\"><strong>Informations Principales<\/strong><\/td><td class=\"has-text-align-center\" data-align=\"center\"><strong>N\u00e9 le 08 f\u00e9vrier 1917 \u2013 Mort le 20 novembre 1967<\/strong><\/td><\/tr><tr><td class=\"has-text-align-center\" data-align=\"center\">Principales actions pour la ville de Cilaos<\/td><td class=\"has-text-align-center\" data-align=\"center\">Le hasard des mutations l\u2019am\u00e8ne effectivement pour son troisi\u00e8me poste dans le Cirque de Cilaos.<br>En 1945, apr\u00e8s la signature de l\u2019Armistice, il regagne son pr\u00e9c\u00e9dent poste \u00e0 Cilaos. Directeur de l\u2019Ecole des Gar\u00e7ons en 1946, puis celui du Cours Compl\u00e9mentaire.En 1965, il est promu directeur du nouveau coll\u00e8ge d\u2019Enseignement Secondaire de Cilaos.il fait partie de la d\u00e9l\u00e9gation sp\u00e9ciale institu\u00e9e \u00e0 Cilaos.<br>Par amiti\u00e9 pour Ir\u00e9n\u00e9e ACCOT, il accepte d\u2019\u00eatre sur la liste que celui-ci pr\u00e9sente lorsque Cilaos est \u00e9rig\u00e9e en commune. Il en devient le Premier Adjoint de 1965 \u00e0 1967.<\/td><\/tr><\/tbody><\/table><\/figure>\n\n\n\n<p><a href=\"https:\/\/detakcilaos.wordpress.com\/\">Source DetakCilaos<\/a><\/p>\n","protected":false},"excerpt":{"rendered":"<p>Alsace Corr\u00e9, un enseignant hors pair Informations Principales N\u00e9 le 08 f\u00e9vrier 1917 \u2013 Mort le 20 novembre 1967 Principales actions pour la ville de Cilaos Le hasard des mutations [&hellip;]<\/p>\n","protected":false},"author":31029,"featured_media":0,"parent":0,"menu_order":0,"comment_status":"closed","ping_status":"closed","template":"","meta":{"_et_pb_use_builder":"","_et_pb_old_content":"","_et_gb_content_width":"","footnotes":""},"class_list":["post-1908","page","type-page","status-publish","hentry"],"_links":{"self":[{"href":"https:\/\/etab.ac-reunion.fr\/clg-alsace-corre\/wp-json\/wp\/v2\/pages\/1908","targetHints":{"allow":["GET"]}}],"collection":[{"href":"https:\/\/etab.ac-reunion.fr\/clg-alsace-corre\/wp-json\/wp\/v2\/pages"}],"about":[{"href":"https:\/\/etab.ac-reunion.fr\/clg-alsace-corre\/wp-json\/wp\/v2\/types\/page"}],"author":[{"embeddable":true,"href":"https:\/\/etab.ac-reunion.fr\/clg-alsace-corre\/wp-json\/wp\/v2\/users\/31029"}],"replies":[{"embeddable":true,"href":"https:\/\/etab.ac-reunion.fr\/clg-alsace-corre\/wp-json\/wp\/v2\/comments?post=1908"}],"version-history":[{"count":3,"href":"https:\/\/etab.ac-reunion.fr\/clg-alsace-corre\/wp-json\/wp\/v2\/pages\/1908\/revisions"}],"predecessor-version":[{"id":2109,"href":"https:\/\/etab.ac-reunion.fr\/clg-alsace-corre\/wp-json\/wp\/v2\/pages\/1908\/revisions\/2109"}],"wp:attachment":[{"href":"https:\/\/etab.ac-reunion.fr\/clg-alsace-corre\/wp-json\/wp\/v2\/media?parent=1908"}],"curies":[{"name":"wp","href":"https:\/\/api.w.org\/{rel}","templated":true}]}}