{"id":2630,"date":"2024-03-01T11:26:53","date_gmt":"2024-03-01T07:26:53","guid":{"rendered":"https:\/\/etab.ac-reunion.fr\/clg-alsace-corre\/?page_id=2630"},"modified":"2025-11-24T10:18:58","modified_gmt":"2025-11-24T06:18:58","slug":"a-la-decouverte-des-metiers","status":"publish","type":"page","link":"https:\/\/etab.ac-reunion.fr\/clg-alsace-corre\/a-la-decouverte-des-metiers\/","title":{"rendered":"\u00c0 la d\u00e9couverte des m\u00e9tiers!"},"content":{"rendered":"\n[et_pb_section][et_pb_row][et_pb_column type=\u00a0\u00bb4_4&Prime;][et_pb_text]<!-- divi:heading {\"textAlign\":\"center\",\"level\":3} -->\n<h3 class=\"wp-block-heading has-text-align-center\"><a href=\"https:\/\/www.onisep.fr\/decouvrir-les-metiers\/des-metiers-par-secteur\/securite\/les-metiers-et-l-emploi-dans-la-securite\" target=\"_blank\" rel=\"noreferrer noopener\"><em><strong>Les m\u00e9tiers de la d\u00e9fense et de la s\u00e9curit\u00e9<\/strong><\/em><\/a><\/h3>\n<!-- \/divi:heading -->\n\n<!-- divi:image {\"id\":4049,\"width\":\"271px\",\"height\":\"auto\",\"sizeSlug\":\"full\",\"linkDestination\":\"custom\",\"align\":\"center\",\"className\":\"is-style-default\"} -->\n<figure class=\"wp-block-image aligncenter size-full is-resized is-style-default\"><a href=\"https:\/\/www.onisep.fr\/metier\/decouvrir-le-monde-professionnel\/securite\/les-metiers-et-l-emploi-dans-la-securite\"><img loading=\"lazy\" decoding=\"async\" width=\"250\" height=\"300\" src=\"https:\/\/etab.ac-reunion.fr\/clg-alsace-corre\/wp-content\/uploads\/sites\/128\/2023\/12\/pompier.jpg\" alt=\"\" class=\"wp-image-4049\" style=\"width:271px;height:auto\" srcset=\"https:\/\/etab.ac-reunion.fr\/clg-alsace-corre\/wp-content\/uploads\/sites\/128\/2023\/12\/pompier.jpg 250w, https:\/\/etab.ac-reunion.fr\/clg-alsace-corre\/wp-content\/uploads\/sites\/128\/2023\/12\/pompier-125x150.jpg 125w\" sizes=\"(max-width: 250px) 100vw, 250px\" \/><\/a><\/figure>\n<!-- \/divi:image -->\n\n<!-- divi:paragraph -->\n<p>O\u00f9 suivre ma formation ? <strong><a href=\"https:\/\/etab.ac-reunion.fr\/lyc-patu-de-rosemont\/\" target=\"_blank\" rel=\"noreferrer noopener\">Lyc\u00e9e Patu de Rosemont<\/a><\/strong><\/p>\n<!-- \/divi:paragraph -->\n\n<!-- divi:separator -->\n<hr class=\"wp-block-separator has-alpha-channel-opacity\" \/>\n<!-- \/divi:separator -->\n\n<!-- divi:heading {\"textAlign\":\"center\",\"level\":3} -->\n<h3 class=\"wp-block-heading has-text-align-center\"><a href=\"https:\/\/www.onisep.fr\/decouvrir-les-metiers\/des-metiers-par-secteur\/journalisme\/les-metiers-et-l-emploi-dans-le-journalisme\" target=\"_blank\" rel=\"noreferrer noopener\"><em><strong>Les m\u00e9tiers du journalisme<\/strong><\/em><\/a><\/h3>\n<!-- \/divi:heading -->\n\n<!-- divi:image {\"id\":4542,\"linkDestination\":\"custom\",\"align\":\"center\"} -->\n<figure class=\"wp-block-image aligncenter\"><a href=\"https:\/\/www.onisep.fr\/metier\/decouvrir-le-monde-professionnel\/journalisme\/les-metiers-et-l-emploi-dans-le-journalisme\" target=\"_blank\" rel=\"noreferrer noopener\"><img decoding=\"async\" src=\"https:\/\/etab.ac-reunion.fr\/clg-theresien-cadet\/wp-content\/uploads\/sites\/125\/2023\/01\/journalisme-253x300.jpg\" alt=\"\" class=\"wp-image-4542\" \/><\/a><\/figure>\n<!-- \/divi:image -->\n\n<!-- divi:separator -->\n<hr class=\"wp-block-separator has-alpha-channel-opacity\" \/>\n<!-- \/divi:separator -->\n\n<!-- divi:paragraph {\"align\":\"center\"} -->\n<p class=\"has-text-align-center\"><a href=\"https:\/\/www.onisep.fr\/Publications\/Parcours\/les-metiers-de-la-gestion-de-la-comptabilite-et-des-ressources-humaines\" target=\"_blank\" rel=\"noreferrer noopener\"><strong><em>Les m\u00e9tiers de la comptabilit\u00e9 et de la gestion<\/em><\/strong><\/a><\/p>\n<!-- \/divi:paragraph -->\n\n<!-- divi:image {\"id\":4550,\"linkDestination\":\"custom\",\"align\":\"center\"} -->\n<figure class=\"wp-block-image aligncenter\"><a href=\"https:\/\/www.onisep.fr\/Publications\/Parcours\/les-metiers-de-la-gestion-de-la-comptabilite-et-des-ressources-humaines\"><img decoding=\"async\" src=\"https:\/\/etab.ac-reunion.fr\/clg-theresien-cadet\/wp-content\/uploads\/sites\/125\/2023\/01\/comptabilite_gestion-228x300.jpg\" alt=\"\" class=\"wp-image-4550\" \/><\/a><\/figure>\n<!-- \/divi:image -->\n\n<!-- divi:paragraph -->\n<p>O\u00f9 suivre ma formation ? <a href=\"https:\/\/lycee-mandela.fr\/\" target=\"_blank\" rel=\"noreferrer noopener\"><strong><em>Lyc\u00e9e Nelson Mandela<\/em><\/strong><\/a><\/p>\n<!-- \/divi:paragraph -->\n\n<!-- divi:separator -->\n<hr class=\"wp-block-separator has-alpha-channel-opacity\" \/>\n<!-- \/divi:separator -->\n\n<!-- divi:paragraph {\"align\":\"center\"} -->\n<p class=\"has-text-align-center\"><strong><em>&nbsp; &nbsp; &nbsp; &nbsp; &nbsp; &nbsp;&nbsp;&nbsp;&nbsp;&nbsp;&nbsp;&nbsp;&nbsp;&nbsp;&nbsp;&nbsp;&nbsp;&nbsp;&nbsp;&nbsp;&nbsp;&nbsp;&nbsp; &nbsp;&nbsp; <a href=\"https:\/\/www.onisep.fr\/decouvrir-les-metiers\/des-metiers-par-secteur\/electronique\/les-metiers-et-l-emploi-dans-l-electronique\" target=\"_blank\" rel=\"noreferrer noopener\">Les m\u00e9tiers de l\u2019\u00e9lectronique<\/a><\/em><\/strong><\/p>\n<!-- \/divi:paragraph -->\n\n<!-- divi:image {\"id\":4579,\"linkDestination\":\"custom\",\"align\":\"center\"} -->\n<figure class=\"wp-block-image aligncenter\"><a href=\"https:\/\/www.onisep.fr\/decouvrir-les-metiers\/des-metiers-par-secteur\/electronique\/les-metiers-et-l-emploi-dans-l-electronique\" target=\"_blank\" rel=\"noreferrer noopener\"><img decoding=\"async\" src=\"https:\/\/etab.ac-reunion.fr\/clg-theresien-cadet\/wp-content\/uploads\/sites\/125\/2023\/01\/metier-robotique-229x300.jpg\" alt=\"\" class=\"wp-image-4579\" \/><\/a><\/figure>\n<!-- \/divi:image -->\n\n<!-- divi:paragraph -->\n<p>O\u00f9 suivre ma formation ? <a href=\"https:\/\/etab.ac-reunion.fr\/lyc-patu-de-rosemont\/\" target=\"_blank\" rel=\"noreferrer noopener\"><strong>Lyc\u00e9e Patu de Rosemont<\/strong><\/a><\/p>\n<!-- \/divi:paragraph -->\n\n<!-- divi:heading {\"textAlign\":\"center\",\"level\":3} -->\n<h3 class=\"wp-block-heading has-text-align-center\"><a href=\"https:\/\/oniseptv.onisep.fr\/onv\/les-metiers-du-numerique\" target=\"_blank\" rel=\"noreferrer noopener\"><strong><em>Les m\u00e9tiers du num\u00e9rique<\/em><\/strong><\/a><\/h3>\n<!-- \/divi:heading -->\n\n<!-- divi:image {\"id\":4559,\"linkDestination\":\"custom\",\"align\":\"center\"} -->\n<figure class=\"wp-block-image aligncenter\"><a href=\"https:\/\/etab.ac-reunion.fr\/lyc-patu-de-rosemont\/\" target=\"_blank\" rel=\"noreferrer noopener\"><img decoding=\"async\" src=\"https:\/\/etab.ac-reunion.fr\/clg-theresien-cadet\/wp-content\/uploads\/sites\/125\/2023\/01\/Les-metiers-du-numerique-232x300.png\" alt=\"\" class=\"wp-image-4559\" \/><\/a><\/figure>\n<!-- \/divi:image -->\n\n<!-- divi:paragraph -->\n<p>O\u00f9 suivre ma formation ?&nbsp;<a href=\"https:\/\/etab.ac-reunion.fr\/lyc-patu-de-rosemont\/\" target=\"_blank\" rel=\"noreferrer noopener\"><strong>Lyc\u00e9e Patu de Rosemont<\/strong><\/a><\/p>\n<!-- \/divi:paragraph -->\n\n<!-- divi:separator -->\n<hr class=\"wp-block-separator has-alpha-channel-opacity\" \/>\n<!-- \/divi:separator -->\n\n<!-- divi:heading {\"level\":3} -->\n<h3 class=\"wp-block-heading\"><strong>&nbsp; &nbsp; &nbsp; &nbsp; &nbsp; &nbsp; &nbsp; &nbsp; &nbsp; &nbsp; &nbsp; &nbsp; &nbsp;<a href=\"https:\/\/www.onisep.fr\/decouvrir-les-metiers\/des-metiers-par-secteur\/agriculture\/les-metiers-et-l-emploi-dans-l-agriculture\"><em>&nbsp; Les m\u00e9tiers de l\u2019agriculture et du vivant<\/em><\/a><\/strong><\/h3>\n<!-- \/divi:heading -->\n\n<!-- divi:image {\"id\":4570,\"linkDestination\":\"custom\",\"align\":\"center\"} -->\n<figure class=\"wp-block-image aligncenter\"><a href=\"https:\/\/www.onisep.fr\/decouvrir-les-metiers\/des-metiers-par-secteur\/agriculture\/les-metiers-et-l-emploi-dans-l-agriculture\" target=\"_blank\" rel=\"noreferrer noopener\"><img decoding=\"async\" src=\"https:\/\/etab.ac-reunion.fr\/clg-theresien-cadet\/wp-content\/uploads\/sites\/125\/2023\/01\/metier-de-lagriculture.jpg\" alt=\"\" class=\"wp-image-4570\" \/><\/a><\/figure>\n<!-- \/divi:image -->\n\n<!-- divi:separator -->\n<hr class=\"wp-block-separator has-alpha-channel-opacity\" \/>\n<!-- \/divi:separator -->\n\n<!-- divi:heading {\"textAlign\":\"center\",\"level\":3} -->\n<h3 class=\"wp-block-heading has-text-align-center\"><a href=\"https:\/\/www.onisep.fr\/decouvrir-les-metiers\/des-metiers-par-secteur\/droit-et-justice\/les-metiers-et-l-emploi-dans-le-droit-et-la-justice\" target=\"_blank\" rel=\"noreferrer noopener\"><em><strong>Les m\u00e9tiers du droit<\/strong><\/em><\/a><\/h3>\n<!-- \/divi:heading -->\n\n<!-- divi:image {\"id\":4555,\"linkDestination\":\"custom\",\"align\":\"center\"} -->\n<figure class=\"wp-block-image aligncenter\"><a href=\"https:\/\/www.onisep.fr\/decouvrir-les-metiers\/des-metiers-par-secteur\/droit-et-justice\/les-metiers-et-l-emploi-dans-le-droit-et-la-justice\" target=\"_blank\" rel=\"noreferrer noopener\"><img decoding=\"async\" src=\"https:\/\/etab.ac-reunion.fr\/clg-theresien-cadet\/wp-content\/uploads\/sites\/125\/2023\/01\/les-metier-du-droit-jpg-229x300.jpg\" alt=\"\" class=\"wp-image-4555\" \/><\/a><\/figure>\n<!-- \/divi:image -->\n\n<!-- divi:separator -->\n<hr class=\"wp-block-separator has-alpha-channel-opacity\" \/>\n<!-- \/divi:separator -->\n\n<!-- divi:heading {\"textAlign\":\"center\",\"level\":3} -->\n<h3 class=\"wp-block-heading has-text-align-center\"><a href=\"https:\/\/www.onisep.fr\/Ressources\/Univers-Metier\/Metiers\/puericulteur-puericultrice\" target=\"_blank\" rel=\"noreferrer noopener\"><em><strong>Les m\u00e9tiers de la petite enfance<\/strong><\/em><\/a><\/h3>\n<!-- \/divi:heading -->\n\n<!-- divi:image {\"id\":4569,\"linkDestination\":\"custom\",\"align\":\"center\"} -->\n<figure class=\"wp-block-image aligncenter\"><a href=\"https:\/\/www.onisep.fr\/Ressources\/Univers-Metier\/Metiers\/puericulteur-puericultrice\" target=\"_blank\" rel=\"noreferrer noopener\"><img decoding=\"async\" src=\"https:\/\/etab.ac-reunion.fr\/clg-theresien-cadet\/wp-content\/uploads\/sites\/125\/2023\/01\/metier-de-la-petite-enfance.jpg\" alt=\"\" class=\"wp-image-4569\" \/><\/a><\/figure>\n<!-- \/divi:image -->\n\n<!-- divi:paragraph {\"align\":\"left\"} -->\n<p class=\"has-text-align-left\">O\u00f9 suivre ma formation ? <strong><a href=\"https:\/\/etab.ac-reunion.fr\/lyc-marie-curie\/\" target=\"_blank\" rel=\"noreferrer noopener\">Lyc\u00e9e Marie Curie<\/a><\/strong><\/p>\n<!-- \/divi:paragraph -->\n\n<!-- divi:separator -->\n<hr class=\"wp-block-separator has-alpha-channel-opacity\" \/>\n<!-- \/divi:separator -->\n\n<!-- divi:heading {\"textAlign\":\"center\",\"level\":3} -->\n<h3 class=\"wp-block-heading has-text-align-center\"><a href=\"https:\/\/www.onisep.fr\/Publications\/Parcours\/les-metiers-de-l-hotellerie-et-de-la-restauration\" target=\"_blank\" rel=\"noreferrer noopener\"><em><strong>Les m\u00e9tiers de l\u2019h\u00f4tellerie-restauration<\/strong><\/em><\/a><\/h3>\n<!-- \/divi:heading -->\n\n<!-- divi:image {\"id\":4136,\"width\":\"380px\",\"height\":\"auto\",\"sizeSlug\":\"full\",\"linkDestination\":\"custom\",\"align\":\"center\"} -->\n<figure class=\"wp-block-image aligncenter size-full is-resized\"><a href=\"https:\/\/www.onisep.fr\/Publications\/Parcours\/les-metiers-de-l-hotellerie-et-de-la-restauration\"><img loading=\"lazy\" decoding=\"async\" width=\"776\" height=\"531\" src=\"https:\/\/etab.ac-reunion.fr\/clg-alsace-corre\/wp-content\/uploads\/sites\/128\/2024\/03\/Hotellerie-er-restauration.jpg\" alt=\"\" class=\"wp-image-4136\" style=\"width:380px;height:auto\" srcset=\"https:\/\/etab.ac-reunion.fr\/clg-alsace-corre\/wp-content\/uploads\/sites\/128\/2024\/03\/Hotellerie-er-restauration.jpg 776w, https:\/\/etab.ac-reunion.fr\/clg-alsace-corre\/wp-content\/uploads\/sites\/128\/2024\/03\/Hotellerie-er-restauration-300x205.jpg 300w, https:\/\/etab.ac-reunion.fr\/clg-alsace-corre\/wp-content\/uploads\/sites\/128\/2024\/03\/Hotellerie-er-restauration-768x526.jpg 768w, https:\/\/etab.ac-reunion.fr\/clg-alsace-corre\/wp-content\/uploads\/sites\/128\/2024\/03\/Hotellerie-er-restauration-150x103.jpg 150w\" sizes=\"(max-width: 776px) 100vw, 776px\" \/><\/a><\/figure>\n<!-- \/divi:image -->\n\n<!-- divi:paragraph {\"align\":\"left\"} -->\n<p class=\"has-text-align-left\"><a href=\"https:\/\/etab.ac-reunion.fr\/lyc-la-renaissance\/\" target=\"_blank\" rel=\"noreferrer noopener\"><\/a>O\u00f9 suivre ma formation ? <a href=\"https:\/\/etab.ac-reunion.fr\/lyc-la-renaissance\/\" target=\"_blank\" rel=\"noreferrer noopener\"><strong>Lyc\u00e9e h\u00f4telier \u00ab&nbsp;La Renaissance&nbsp;\u00bb<\/strong><\/a><\/p>\n<!-- \/divi:paragraph -->\n\n<!-- divi:heading {\"textAlign\":\"center\",\"level\":3} -->\n<h3 class=\"wp-block-heading has-text-align-center\"><em><a href=\"https:\/\/www.onisep.fr\/Ressources\/Univers-Metier\/Metiers\/boulanger-boulangere\" target=\"_blank\" rel=\"noreferrer noopener\">Les m\u00e9tiers de la boulangerie<\/a><\/em><\/h3>\n<!-- \/divi:heading -->\n\n<!-- divi:image {\"id\":4549,\"linkDestination\":\"custom\",\"align\":\"center\"} -->\n<figure class=\"wp-block-image aligncenter\"><a href=\"https:\/\/www.onisep.fr\/Ressources\/Univers-Metier\/Metiers\/boulanger-boulangere\" target=\"_blank\" rel=\"noreferrer noopener\"><img decoding=\"async\" src=\"https:\/\/etab.ac-reunion.fr\/clg-theresien-cadet\/wp-content\/uploads\/sites\/125\/2023\/01\/boulanger-300x169.jpg\" alt=\"\" class=\"wp-image-4549\" \/><\/a><\/figure>\n<!-- \/divi:image -->\n\n<!-- divi:paragraph -->\n<p>O\u00f9 suivre ma formation ? <strong><a href=\"https:\/\/etab.ac-reunion.fr\/lyc-la-renaissance\/\" target=\"_blank\" rel=\"noreferrer noopener\">Lyc\u00e9e h\u00f4telier \u00ab&nbsp;La Renaissance&nbsp;\u00bb<\/a><\/strong><\/p>\n<!-- \/divi:paragraph -->\n\n<!-- divi:heading {\"textAlign\":\"center\",\"level\":3} -->\n<h3 class=\"wp-block-heading has-text-align-center\"><a href=\"https:\/\/www.onisep.fr\/Ressources\/Univers-Metier\/Metiers\/patissier-patissiere\" target=\"_blank\" rel=\"noreferrer noopener\"><em><strong>Les m\u00e9tiers de la p\u00e2tisserie<\/strong><\/em><\/a><\/h3>\n<!-- \/divi:heading -->\n\n<!-- divi:image {\"id\":4580,\"linkDestination\":\"custom\",\"align\":\"center\"} -->\n<figure class=\"wp-block-image aligncenter\"><a href=\"https:\/\/www.onisep.fr\/Ressources\/Univers-Metier\/Metiers\/patissier-patissiere\" target=\"_blank\" rel=\"noreferrer noopener\"><img decoding=\"async\" src=\"https:\/\/etab.ac-reunion.fr\/clg-theresien-cadet\/wp-content\/uploads\/sites\/125\/2023\/01\/patissier-300x169.jpg\" alt=\"\" class=\"wp-image-4580\" \/><\/a><\/figure>\n<!-- \/divi:image -->\n\n<!-- divi:paragraph -->\n<p>O\u00f9 suivre ma formation ? <a href=\"https:\/\/etab.ac-reunion.fr\/lyc-la-renaissance\/\" target=\"_blank\" rel=\"noreferrer noopener\"><strong>Lyc\u00e9e h\u00f4telier \u00ab&nbsp;La Renaissance&nbsp;\u00bb<\/strong><\/a><\/p>\n<!-- \/divi:paragraph -->\n\n<!-- divi:separator -->\n<hr class=\"wp-block-separator has-alpha-channel-opacity\" \/>\n<!-- \/divi:separator -->\n\n<!-- divi:heading {\"textAlign\":\"center\",\"level\":3} -->\n<h3 class=\"wp-block-heading has-text-align-center\"><a href=\"https:\/\/www.onisep.fr\/decouvrir-les-metiers\/des-metiers-par-secteur\/mecanique\/les-metiers-et-l-emploi-dans-la-mecanique\" target=\"_blank\" rel=\"noreferrer noopener\"><em><strong>Les m\u00e9tiers de la m\u00e9canique<\/strong><\/em><\/a><\/h3>\n<!-- \/divi:heading -->\n\n<!-- divi:image {\"id\":4566,\"linkDestination\":\"custom\",\"align\":\"center\"} -->\n<figure class=\"wp-block-image aligncenter\"><a href=\"https:\/\/www.onisep.fr\/decouvrir-les-metiers\/des-metiers-par-secteur\/mecanique\/les-metiers-et-l-emploi-dans-la-mecanique\" target=\"_blank\" rel=\"noreferrer noopener\"><img decoding=\"async\" src=\"https:\/\/etab.ac-reunion.fr\/clg-theresien-cadet\/wp-content\/uploads\/sites\/125\/2023\/01\/metier-de-la-mecanique.jpg\" alt=\"\" class=\"wp-image-4566\" \/><\/a><\/figure>\n<!-- \/divi:image -->\n\n<!-- divi:paragraph -->\n<p>O\u00f9 suivre ma formation ? <strong><a href=\"https:\/\/etab.ac-reunion.fr\/lyc-patu-de-rosemont\/\" target=\"_blank\" rel=\"noreferrer noopener\">Lyc\u00e9e Patu de Rosemont<\/a><\/strong><\/p>\n<!-- \/divi:paragraph -->\n\n<!-- divi:paragraph {\"align\":\"center\"} -->\n<p class=\"has-text-align-center\"><a href=\"https:\/\/www.onisep.fr\/decouvrir-les-metiers\/des-metiers-par-secteur\/construction-aeronautique-ferroviaire-et-navale\/les-metiers-et-l-emploi-dans-la-construction-aeronautique-ferroviaire-et-navale\" target=\"_blank\" rel=\"noreferrer noopener\"><em><strong>Le m\u00e9tiers de l\u2019a\u00e9ronautique<\/strong><\/em><\/a><\/p>\n<!-- \/divi:paragraph -->\n\n<!-- divi:image {\"id\":4562,\"linkDestination\":\"custom\",\"align\":\"center\"} -->\n<figure class=\"wp-block-image aligncenter\"><a href=\"https:\/\/www.onisep.fr\/decouvrir-les-metiers\/des-metiers-par-secteur\/construction-aeronautique-ferroviaire-et-navale\/les-metiers-et-l-emploi-dans-la-construction-aeronautique-ferroviaire-et-navale\" target=\"_blank\" rel=\"noreferrer noopener\"><img decoding=\"async\" src=\"https:\/\/etab.ac-reunion.fr\/clg-theresien-cadet\/wp-content\/uploads\/sites\/125\/2023\/01\/metier-aeronautique.jpg\" alt=\"\" class=\"wp-image-4562\" \/><\/a><\/figure>\n<!-- \/divi:image -->\n\n<!-- divi:paragraph -->\n<p>O\u00f9 suivre ma formation ?<strong><a href=\"https:\/\/etab.ac-reunion.fr\/lyc-stella\/professionelle\/bac-pro-aero\/\"> Lyc\u00e9e Stella<\/a><\/strong><\/p>\n<!-- \/divi:paragraph -->\n\n<!-- divi:paragraph {\"align\":\"center\"} -->\n<p class=\"has-text-align-center\"><a href=\"https:\/\/www.onisep.fr\/decouvrir-les-metiers\/des-metiers-par-secteur\/Sante\" target=\"_blank\" rel=\"noreferrer noopener\"><strong><em>Les m\u00e9tiers de la sant\u00e9<\/em><\/strong><\/a><\/p>\n<!-- \/divi:paragraph -->\n\n<!-- divi:image {\"id\":4558,\"align\":\"center\"} -->\n<figure class=\"wp-block-image aligncenter\"><img decoding=\"async\" src=\"https:\/\/etab.ac-reunion.fr\/clg-theresien-cadet\/wp-content\/uploads\/sites\/125\/2023\/01\/Les-metiers-du-medical-229x300.jpg\" alt=\"\" class=\"wp-image-4558\" \/><\/figure>\n<!-- \/divi:image -->\n\n<!-- divi:paragraph -->\n<p><a href=\"https:\/\/etab.ac-reunion.fr\/lyc-marie-curie\/\" target=\"_blank\" rel=\"noreferrer noopener\">O<\/a><strong>O\u00f9 suivre ma formation<\/strong><strong> ?<\/strong><a href=\"https:\/\/etab.ac-reunion.fr\/lyc-marie-curie\/\" target=\"_blank\" rel=\"noreferrer noopener\"><strong> Lyc\u00e9e Marie Curie<\/strong><\/a><\/p>\n<!-- \/divi:paragraph -->\n\n<!-- divi:paragraph {\"align\":\"center\"} -->\n<p class=\"has-text-align-center\"><a href=\"https:\/\/www.onisep.fr\/decouvrir-les-metiers\/des-metiers-par-secteur\/Sante\/les-metiers-et-l-emploi-dans-le-paramedical\" target=\"_blank\" rel=\"noreferrer noopener\"><em><strong>Les m\u00e9tiers du param\u00e9dical<\/strong><\/em><\/a><\/p>\n<!-- \/divi:paragraph -->\n\n<!-- divi:image {\"id\":4560,\"linkDestination\":\"custom\",\"align\":\"center\"} -->\n<figure class=\"wp-block-image aligncenter\"><a href=\"https:\/\/www.onisep.fr\/decouvrir-les-metiers\/des-metiers-par-secteur\/Sante\/les-metiers-et-l-emploi-dans-le-paramedical\" target=\"_blank\" rel=\"noreferrer noopener\"><img decoding=\"async\" src=\"https:\/\/etab.ac-reunion.fr\/clg-theresien-cadet\/wp-content\/uploads\/sites\/125\/2023\/01\/Les-metiers-du-paramedical-228x300.jpg\" alt=\"\" class=\"wp-image-4560\" \/><\/a><\/figure>\n<!-- \/divi:image -->\n\n<!-- divi:paragraph -->\n<p>O\u00f9 suivre ma formation ? <a href=\"https:\/\/etab.ac-reunion.fr\/lyc-marie-curie\/\" target=\"_blank\" rel=\"noreferrer noopener\"><strong>Lyc\u00e9e Marie Curie<\/strong><\/a><\/p>\n<!-- \/divi:paragraph -->\n\n<!-- divi:paragraph {\"align\":\"center\"} -->\n<p class=\"has-text-align-center\"><a href=\"https:\/\/www.onisep.fr\/decouvrir-les-metiers\/des-metiers-par-secteur\/batiment-et-travaux-publics-btp\/les-metiers-et-l-emploi-dans-le-btp\" target=\"_blank\" rel=\"noreferrer noopener\"><em><strong>Les m\u00e9tiers du b\u00e2timent<\/strong><\/em><\/a><\/p>\n<!-- \/divi:paragraph -->\n\n<!-- divi:image {\"id\":4574,\"linkDestination\":\"custom\",\"align\":\"center\"} -->\n<figure class=\"wp-block-image aligncenter\"><a href=\"https:\/\/www.onisep.fr\/decouvrir-les-metiers\/des-metiers-par-secteur\/batiment-et-travaux-publics-btp\/les-metiers-et-l-emploi-dans-le-btp\" target=\"_blank\" rel=\"noreferrer noopener\"><img decoding=\"async\" src=\"https:\/\/etab.ac-reunion.fr\/clg-theresien-cadet\/wp-content\/uploads\/sites\/125\/2023\/01\/metier-du-batiment.jpg\" alt=\"\" class=\"wp-image-4574\" \/><\/a><\/figure>\n<!-- \/divi:image -->\n\n<!-- divi:paragraph -->\n<p>O\u00f9 suivre ma formation ? <a href=\"https:\/\/etab.ac-reunion.fr\/lyc-patu-de-rosemont\/\" target=\"_blank\" rel=\"noreferrer noopener\"><strong>Lyc\u00e9e Patu de Rosemont<\/strong><\/a><\/p>\n<!-- \/divi:paragraph -->\n\n<!-- divi:paragraph {\"align\":\"center\"} -->\n<p class=\"has-text-align-center\"><a href=\"https:\/\/www.onisep.fr\/decouvrir-les-metiers\/des-metiers-par-secteur\/commerce-et-distribution\/les-metiers-et-l-emploi-dans-le-commerce-et-la-distribution\" target=\"_blank\" rel=\"noreferrer noopener\"><strong>Les m\u00e9tiers du commerce<\/strong><\/a><\/p>\n<!-- \/divi:paragraph -->\n\n<!-- divi:image {\"id\":4575,\"linkDestination\":\"custom\",\"align\":\"center\"} -->\n<figure class=\"wp-block-image aligncenter\"><a href=\"https:\/\/www.onisep.fr\/decouvrir-les-metiers\/des-metiers-par-secteur\/commerce-et-distribution\/les-metiers-et-l-emploi-dans-le-commerce-et-la-distribution\" target=\"_blank\" rel=\"noreferrer noopener\"><img decoding=\"async\" src=\"https:\/\/etab.ac-reunion.fr\/clg-theresien-cadet\/wp-content\/uploads\/sites\/125\/2023\/01\/metier-du-commerce.jpg\" alt=\"\" class=\"wp-image-4575\" \/><\/a><\/figure>\n<!-- \/divi:image -->\n\n<!-- divi:heading {\"textAlign\":\"center\",\"level\":3} -->\n<h3 class=\"wp-block-heading has-text-align-center\"><strong><a href=\"https:\/\/www.onisep.fr\/metier\/decouvrir-le-monde-professionnel\/defense\/les-metiers-et-l-emploi-dans-la-defense\">Les m\u00e9tiers et l&#8217;emploi dans la D\u00e9fense<\/a><\/strong><\/h3>\n<!-- \/divi:heading -->[\/et_pb_text][\/et_pb_column][\/et_pb_row][\/et_pb_section]\n","protected":false},"excerpt":{"rendered":"<p><div class=\"et_pb_section et_pb_section_0 et_section_regular\" >\n\t\t\t\t\n\t\t\t\t\n\t\t\t\t\n\t\t\t\t\n\t\t\t\t\n\t\t\t\t\n\t\t\t\t\n\t\t\t\t\n\t\t\t\t\n\t\t\t<\/div><div class=\"et_pb_row et_pb_row_0 et_pb_row_empty\">\n\t\t\t\t\n\t\t\t\t\n\t\t\t\t\n\t\t\t\t\n\t\t\t\t\n\t\t\t<\/div><div class=\"et_pb_module et_pb_text et_pb_text_0  et_pb_text_align_left et_pb_bg_layout_light\">\n\t\t\t\t\n\t\t\t\t\n\t\t\t\t\n\t\t\t\t\n\t\t\t\t\n\t\t\t<\/div> Les m\u00e9tiers de la d\u00e9fense et de la s\u00e9curit\u00e9 O\u00f9 suivre ma formation ? Lyc\u00e9e Patu de Rosemont Les m\u00e9tiers du journalisme Les m\u00e9tiers de la comptabilit\u00e9 et de [&hellip;]<\/p>\n","protected":false},"author":31029,"featured_media":0,"parent":0,"menu_order":0,"comment_status":"closed","ping_status":"closed","template":"","meta":{"_et_pb_use_builder":"on","_et_pb_old_content":"<!-- wp:heading {\"textAlign\":\"center\",\"level\":3} -->\n<h3 class=\"wp-block-heading has-text-align-center\"><a href=\"https:\/\/www.onisep.fr\/decouvrir-les-metiers\/des-metiers-par-secteur\/securite\/les-metiers-et-l-emploi-dans-la-securite\" target=\"_blank\" rel=\"noreferrer noopener\"><em><strong>Les m\u00e9tiers de la d\u00e9fense et de la s\u00e9curit\u00e9<\/strong><\/em><\/a><\/h3>\n<!-- \/wp:heading -->\n\n<!-- wp:image {\"id\":4049,\"width\":\"271px\",\"height\":\"auto\",\"sizeSlug\":\"full\",\"linkDestination\":\"custom\",\"align\":\"center\",\"className\":\"is-style-default\"} -->\n<figure class=\"wp-block-image aligncenter size-full is-resized is-style-default\"><a href=\"https:\/\/www.onisep.fr\/metier\/decouvrir-le-monde-professionnel\/securite\/les-metiers-et-l-emploi-dans-la-securite\"><img src=\"https:\/\/etab.ac-reunion.fr\/clg-alsace-corre\/wp-content\/uploads\/sites\/128\/2023\/12\/pompier.jpg\" alt=\"\" class=\"wp-image-4049\" style=\"width:271px;height:auto\" \/><\/a><\/figure>\n<!-- \/wp:image -->\n\n<!-- wp:paragraph -->\n<p>O\u00f9 suivre ma formation ? <strong><a href=\"https:\/\/etab.ac-reunion.fr\/lyc-patu-de-rosemont\/\" target=\"_blank\" rel=\"noreferrer noopener\">Lyc\u00e9e Patu de Rosemont<\/a><\/strong><\/p>\n<!-- \/wp:paragraph -->\n\n<!-- wp:separator -->\n<hr class=\"wp-block-separator has-alpha-channel-opacity\" \/>\n<!-- \/wp:separator -->\n\n<!-- wp:heading {\"textAlign\":\"center\",\"level\":3} -->\n<h3 class=\"wp-block-heading has-text-align-center\"><a href=\"https:\/\/www.onisep.fr\/decouvrir-les-metiers\/des-metiers-par-secteur\/journalisme\/les-metiers-et-l-emploi-dans-le-journalisme\" target=\"_blank\" rel=\"noreferrer noopener\"><em><strong>Les m\u00e9tiers du journalisme<\/strong><\/em><\/a><\/h3>\n<!-- \/wp:heading -->\n\n<!-- wp:image {\"id\":4542,\"linkDestination\":\"custom\",\"align\":\"center\"} -->\n<figure class=\"wp-block-image aligncenter\"><a href=\"https:\/\/www.onisep.fr\/metier\/decouvrir-le-monde-professionnel\/journalisme\/les-metiers-et-l-emploi-dans-le-journalisme\" target=\"_blank\" rel=\"noreferrer noopener\"><img src=\"https:\/\/etab.ac-reunion.fr\/clg-theresien-cadet\/wp-content\/uploads\/sites\/125\/2023\/01\/journalisme-253x300.jpg\" alt=\"\" class=\"wp-image-4542\" \/><\/a><\/figure>\n<!-- \/wp:image -->\n\n<!-- wp:separator -->\n<hr class=\"wp-block-separator has-alpha-channel-opacity\" \/>\n<!-- \/wp:separator -->\n\n<!-- wp:paragraph {\"align\":\"center\"} -->\n<p class=\"has-text-align-center\"><a href=\"https:\/\/www.onisep.fr\/Publications\/Parcours\/les-metiers-de-la-gestion-de-la-comptabilite-et-des-ressources-humaines\" target=\"_blank\" rel=\"noreferrer noopener\"><strong><em>Les m\u00e9tiers de la comptabilit\u00e9 et de la gestion<\/em><\/strong><\/a><\/p>\n<!-- \/wp:paragraph -->\n\n<!-- wp:image {\"id\":4550,\"linkDestination\":\"custom\",\"align\":\"center\"} -->\n<figure class=\"wp-block-image aligncenter\"><a href=\"https:\/\/www.onisep.fr\/Publications\/Parcours\/les-metiers-de-la-gestion-de-la-comptabilite-et-des-ressources-humaines\"><img src=\"https:\/\/etab.ac-reunion.fr\/clg-theresien-cadet\/wp-content\/uploads\/sites\/125\/2023\/01\/comptabilite_gestion-228x300.jpg\" alt=\"\" class=\"wp-image-4550\" \/><\/a><\/figure>\n<!-- \/wp:image -->\n\n<!-- wp:paragraph -->\n<p>O\u00f9 suivre ma formation ? <a href=\"https:\/\/lycee-mandela.fr\/\" target=\"_blank\" rel=\"noreferrer noopener\"><strong><em>Lyc\u00e9e Nelson Mandela<\/em><\/strong><\/a><\/p>\n<!-- \/wp:paragraph -->\n\n<!-- wp:separator -->\n<hr class=\"wp-block-separator has-alpha-channel-opacity\" \/>\n<!-- \/wp:separator -->\n\n<!-- wp:paragraph {\"align\":\"center\"} -->\n<p class=\"has-text-align-center\"><strong><em>&nbsp; &nbsp; &nbsp; &nbsp; &nbsp; &nbsp;&nbsp;&nbsp;&nbsp;&nbsp;&nbsp;&nbsp;&nbsp;&nbsp;&nbsp;&nbsp;&nbsp;&nbsp;&nbsp;&nbsp;&nbsp;&nbsp;&nbsp; &nbsp;&nbsp; <a href=\"https:\/\/www.onisep.fr\/decouvrir-les-metiers\/des-metiers-par-secteur\/electronique\/les-metiers-et-l-emploi-dans-l-electronique\" target=\"_blank\" rel=\"noreferrer noopener\">Les m\u00e9tiers de l\u2019\u00e9lectronique<\/a><\/em><\/strong><\/p>\n<!-- \/wp:paragraph -->\n\n<!-- wp:image {\"id\":4579,\"linkDestination\":\"custom\",\"align\":\"center\"} -->\n<figure class=\"wp-block-image aligncenter\"><a href=\"https:\/\/www.onisep.fr\/decouvrir-les-metiers\/des-metiers-par-secteur\/electronique\/les-metiers-et-l-emploi-dans-l-electronique\" target=\"_blank\" rel=\"noreferrer noopener\"><img src=\"https:\/\/etab.ac-reunion.fr\/clg-theresien-cadet\/wp-content\/uploads\/sites\/125\/2023\/01\/metier-robotique-229x300.jpg\" alt=\"\" class=\"wp-image-4579\" \/><\/a><\/figure>\n<!-- \/wp:image -->\n\n<!-- wp:paragraph -->\n<p>O\u00f9 suivre ma formation ? <a href=\"https:\/\/etab.ac-reunion.fr\/lyc-patu-de-rosemont\/\" target=\"_blank\" rel=\"noreferrer noopener\"><strong>Lyc\u00e9e Patu de Rosemont<\/strong><\/a><\/p>\n<!-- \/wp:paragraph -->\n\n<!-- wp:heading {\"textAlign\":\"center\",\"level\":3} -->\n<h3 class=\"wp-block-heading has-text-align-center\"><a href=\"https:\/\/oniseptv.onisep.fr\/onv\/les-metiers-du-numerique\" target=\"_blank\" rel=\"noreferrer noopener\"><strong><em>Les m\u00e9tiers du num\u00e9rique<\/em><\/strong><\/a><\/h3>\n<!-- \/wp:heading -->\n\n<!-- wp:image {\"id\":4559,\"linkDestination\":\"custom\",\"align\":\"center\"} -->\n<figure class=\"wp-block-image aligncenter\"><a href=\"https:\/\/etab.ac-reunion.fr\/lyc-patu-de-rosemont\/\" target=\"_blank\" rel=\"noreferrer noopener\"><img src=\"https:\/\/etab.ac-reunion.fr\/clg-theresien-cadet\/wp-content\/uploads\/sites\/125\/2023\/01\/Les-metiers-du-numerique-232x300.png\" alt=\"\" class=\"wp-image-4559\" \/><\/a><\/figure>\n<!-- \/wp:image -->\n\n<!-- wp:paragraph -->\n<p>O\u00f9 suivre ma formation ?&nbsp;<a href=\"https:\/\/etab.ac-reunion.fr\/lyc-patu-de-rosemont\/\" target=\"_blank\" rel=\"noreferrer noopener\"><strong>Lyc\u00e9e Patu de Rosemont<\/strong><\/a><\/p>\n<!-- \/wp:paragraph -->\n\n<!-- wp:separator -->\n<hr class=\"wp-block-separator has-alpha-channel-opacity\" \/>\n<!-- \/wp:separator -->\n\n<!-- wp:heading {\"level\":3} -->\n<h3 class=\"wp-block-heading\"><strong>&nbsp; &nbsp; &nbsp; &nbsp; &nbsp; &nbsp; &nbsp; &nbsp; &nbsp; &nbsp; &nbsp; &nbsp; &nbsp;<a href=\"https:\/\/www.onisep.fr\/decouvrir-les-metiers\/des-metiers-par-secteur\/agriculture\/les-metiers-et-l-emploi-dans-l-agriculture\"><em>&nbsp; Les m\u00e9tiers de l\u2019agriculture et du vivant<\/em><\/a><\/strong><\/h3>\n<!-- \/wp:heading -->\n\n<!-- wp:image {\"id\":4570,\"linkDestination\":\"custom\",\"align\":\"center\"} -->\n<figure class=\"wp-block-image aligncenter\"><a href=\"https:\/\/www.onisep.fr\/decouvrir-les-metiers\/des-metiers-par-secteur\/agriculture\/les-metiers-et-l-emploi-dans-l-agriculture\" target=\"_blank\" rel=\"noreferrer noopener\"><img src=\"https:\/\/etab.ac-reunion.fr\/clg-theresien-cadet\/wp-content\/uploads\/sites\/125\/2023\/01\/metier-de-lagriculture.jpg\" alt=\"\" class=\"wp-image-4570\" \/><\/a><\/figure>\n<!-- \/wp:image -->\n\n<!-- wp:separator -->\n<hr class=\"wp-block-separator has-alpha-channel-opacity\" \/>\n<!-- \/wp:separator -->\n\n<!-- wp:heading {\"textAlign\":\"center\",\"level\":3} -->\n<h3 class=\"wp-block-heading has-text-align-center\"><a href=\"https:\/\/www.onisep.fr\/decouvrir-les-metiers\/des-metiers-par-secteur\/droit-et-justice\/les-metiers-et-l-emploi-dans-le-droit-et-la-justice\" target=\"_blank\" rel=\"noreferrer noopener\"><em><strong>Les m\u00e9tiers du droit<\/strong><\/em><\/a><\/h3>\n<!-- \/wp:heading -->\n\n<!-- wp:image {\"id\":4555,\"linkDestination\":\"custom\",\"align\":\"center\"} -->\n<figure class=\"wp-block-image aligncenter\"><a href=\"https:\/\/www.onisep.fr\/decouvrir-les-metiers\/des-metiers-par-secteur\/droit-et-justice\/les-metiers-et-l-emploi-dans-le-droit-et-la-justice\" target=\"_blank\" rel=\"noreferrer noopener\"><img src=\"https:\/\/etab.ac-reunion.fr\/clg-theresien-cadet\/wp-content\/uploads\/sites\/125\/2023\/01\/les-metier-du-droit-jpg-229x300.jpg\" alt=\"\" class=\"wp-image-4555\" \/><\/a><\/figure>\n<!-- \/wp:image -->\n\n<!-- wp:separator -->\n<hr class=\"wp-block-separator has-alpha-channel-opacity\" \/>\n<!-- \/wp:separator -->\n\n<!-- wp:heading {\"textAlign\":\"center\",\"level\":3} -->\n<h3 class=\"wp-block-heading has-text-align-center\"><a href=\"https:\/\/www.onisep.fr\/Ressources\/Univers-Metier\/Metiers\/puericulteur-puericultrice\" target=\"_blank\" rel=\"noreferrer noopener\"><em><strong>Les m\u00e9tiers de la petite enfance<\/strong><\/em><\/a><\/h3>\n<!-- \/wp:heading -->\n\n<!-- wp:image {\"id\":4569,\"linkDestination\":\"custom\",\"align\":\"center\"} -->\n<figure class=\"wp-block-image aligncenter\"><a href=\"https:\/\/www.onisep.fr\/Ressources\/Univers-Metier\/Metiers\/puericulteur-puericultrice\" target=\"_blank\" rel=\"noreferrer noopener\"><img src=\"https:\/\/etab.ac-reunion.fr\/clg-theresien-cadet\/wp-content\/uploads\/sites\/125\/2023\/01\/metier-de-la-petite-enfance.jpg\" alt=\"\" class=\"wp-image-4569\" \/><\/a><\/figure>\n<!-- \/wp:image -->\n\n<!-- wp:paragraph {\"align\":\"left\"} -->\n<p class=\"has-text-align-left\">O\u00f9 suivre ma formation ? <strong><a href=\"https:\/\/etab.ac-reunion.fr\/lyc-marie-curie\/\" target=\"_blank\" rel=\"noreferrer noopener\">Lyc\u00e9e Marie Curie<\/a><\/strong><\/p>\n<!-- \/wp:paragraph -->\n\n<!-- wp:separator -->\n<hr class=\"wp-block-separator has-alpha-channel-opacity\" \/>\n<!-- \/wp:separator -->\n\n<!-- wp:heading {\"textAlign\":\"center\",\"level\":3} -->\n<h3 class=\"wp-block-heading has-text-align-center\"><a href=\"https:\/\/www.onisep.fr\/Publications\/Parcours\/les-metiers-de-l-hotellerie-et-de-la-restauration\" target=\"_blank\" rel=\"noreferrer noopener\"><em><strong>Les m\u00e9tiers de l\u2019h\u00f4tellerie-restauration<\/strong><\/em><\/a><\/h3>\n<!-- \/wp:heading -->\n\n<!-- wp:image {\"id\":4136,\"width\":\"380px\",\"height\":\"auto\",\"sizeSlug\":\"full\",\"linkDestination\":\"custom\",\"align\":\"center\"} -->\n<figure class=\"wp-block-image aligncenter size-full is-resized\"><a href=\"https:\/\/www.onisep.fr\/Publications\/Parcours\/les-metiers-de-l-hotellerie-et-de-la-restauration\"><img src=\"https:\/\/etab.ac-reunion.fr\/clg-alsace-corre\/wp-content\/uploads\/sites\/128\/2024\/03\/Hotellerie-er-restauration.jpg\" alt=\"\" class=\"wp-image-4136\" style=\"width:380px;height:auto\" \/><\/a><\/figure>\n<!-- \/wp:image -->\n\n<!-- wp:paragraph {\"align\":\"left\"} -->\n<p class=\"has-text-align-left\"><a href=\"https:\/\/etab.ac-reunion.fr\/lyc-la-renaissance\/\" target=\"_blank\" rel=\"noreferrer noopener\"><\/a>O\u00f9 suivre ma formation ? <a href=\"https:\/\/etab.ac-reunion.fr\/lyc-la-renaissance\/\" target=\"_blank\" rel=\"noreferrer noopener\"><strong>Lyc\u00e9e h\u00f4telier \u00ab&nbsp;La Renaissance&nbsp;\u00bb<\/strong><\/a><\/p>\n<!-- \/wp:paragraph -->\n\n<!-- wp:heading {\"textAlign\":\"center\",\"level\":3} -->\n<h3 class=\"wp-block-heading has-text-align-center\"><em><a href=\"https:\/\/www.onisep.fr\/Ressources\/Univers-Metier\/Metiers\/boulanger-boulangere\" target=\"_blank\" rel=\"noreferrer noopener\">Les m\u00e9tiers de la boulangerie<\/a><\/em><\/h3>\n<!-- \/wp:heading -->\n\n<!-- wp:image {\"id\":4549,\"linkDestination\":\"custom\",\"align\":\"center\"} -->\n<figure class=\"wp-block-image aligncenter\"><a href=\"https:\/\/www.onisep.fr\/Ressources\/Univers-Metier\/Metiers\/boulanger-boulangere\" target=\"_blank\" rel=\"noreferrer noopener\"><img src=\"https:\/\/etab.ac-reunion.fr\/clg-theresien-cadet\/wp-content\/uploads\/sites\/125\/2023\/01\/boulanger-300x169.jpg\" alt=\"\" class=\"wp-image-4549\" \/><\/a><\/figure>\n<!-- \/wp:image -->\n\n<!-- wp:paragraph -->\n<p>O\u00f9 suivre ma formation ? <strong><a href=\"https:\/\/etab.ac-reunion.fr\/lyc-la-renaissance\/\" target=\"_blank\" rel=\"noreferrer noopener\">Lyc\u00e9e h\u00f4telier \u00ab&nbsp;La Renaissance&nbsp;\u00bb<\/a><\/strong><\/p>\n<!-- \/wp:paragraph -->\n\n<!-- wp:heading {\"textAlign\":\"center\",\"level\":3} -->\n<h3 class=\"wp-block-heading has-text-align-center\"><a href=\"https:\/\/www.onisep.fr\/Ressources\/Univers-Metier\/Metiers\/patissier-patissiere\" target=\"_blank\" rel=\"noreferrer noopener\"><em><strong>Les m\u00e9tiers de la p\u00e2tisserie<\/strong><\/em><\/a><\/h3>\n<!-- \/wp:heading -->\n\n<!-- wp:image {\"id\":4580,\"linkDestination\":\"custom\",\"align\":\"center\"} -->\n<figure class=\"wp-block-image aligncenter\"><a href=\"https:\/\/www.onisep.fr\/Ressources\/Univers-Metier\/Metiers\/patissier-patissiere\" target=\"_blank\" rel=\"noreferrer noopener\"><img src=\"https:\/\/etab.ac-reunion.fr\/clg-theresien-cadet\/wp-content\/uploads\/sites\/125\/2023\/01\/patissier-300x169.jpg\" alt=\"\" class=\"wp-image-4580\" \/><\/a><\/figure>\n<!-- \/wp:image -->\n\n<!-- wp:paragraph -->\n<p>O\u00f9 suivre ma formation ? <a href=\"https:\/\/etab.ac-reunion.fr\/lyc-la-renaissance\/\" target=\"_blank\" rel=\"noreferrer noopener\"><strong>Lyc\u00e9e h\u00f4telier \u00ab&nbsp;La Renaissance&nbsp;\u00bb<\/strong><\/a><\/p>\n<!-- \/wp:paragraph -->\n\n<!-- wp:separator -->\n<hr class=\"wp-block-separator has-alpha-channel-opacity\" \/>\n<!-- \/wp:separator -->\n\n<!-- wp:heading {\"textAlign\":\"center\",\"level\":3} -->\n<h3 class=\"wp-block-heading has-text-align-center\"><a href=\"https:\/\/www.onisep.fr\/decouvrir-les-metiers\/des-metiers-par-secteur\/mecanique\/les-metiers-et-l-emploi-dans-la-mecanique\" target=\"_blank\" rel=\"noreferrer noopener\"><em><strong>Les m\u00e9tiers de la m\u00e9canique<\/strong><\/em><\/a><\/h3>\n<!-- \/wp:heading -->\n\n<!-- wp:image {\"id\":4566,\"linkDestination\":\"custom\",\"align\":\"center\"} -->\n<figure class=\"wp-block-image aligncenter\"><a href=\"https:\/\/www.onisep.fr\/decouvrir-les-metiers\/des-metiers-par-secteur\/mecanique\/les-metiers-et-l-emploi-dans-la-mecanique\" target=\"_blank\" rel=\"noreferrer noopener\"><img src=\"https:\/\/etab.ac-reunion.fr\/clg-theresien-cadet\/wp-content\/uploads\/sites\/125\/2023\/01\/metier-de-la-mecanique.jpg\" alt=\"\" class=\"wp-image-4566\" \/><\/a><\/figure>\n<!-- \/wp:image -->\n\n<!-- wp:paragraph -->\n<p>O\u00f9 suivre ma formation ? <strong><a href=\"https:\/\/etab.ac-reunion.fr\/lyc-patu-de-rosemont\/\" target=\"_blank\" rel=\"noreferrer noopener\">Lyc\u00e9e Patu de Rosemont<\/a><\/strong><\/p>\n<!-- \/wp:paragraph -->\n\n<!-- wp:paragraph {\"align\":\"center\"} -->\n<p class=\"has-text-align-center\"><a href=\"https:\/\/www.onisep.fr\/decouvrir-les-metiers\/des-metiers-par-secteur\/construction-aeronautique-ferroviaire-et-navale\/les-metiers-et-l-emploi-dans-la-construction-aeronautique-ferroviaire-et-navale\" target=\"_blank\" rel=\"noreferrer noopener\"><em><strong>Le m\u00e9tiers de l\u2019a\u00e9ronautique<\/strong><\/em><\/a><\/p>\n<!-- \/wp:paragraph -->\n\n<!-- wp:image {\"id\":4562,\"linkDestination\":\"custom\",\"align\":\"center\"} -->\n<figure class=\"wp-block-image aligncenter\"><a href=\"https:\/\/www.onisep.fr\/decouvrir-les-metiers\/des-metiers-par-secteur\/construction-aeronautique-ferroviaire-et-navale\/les-metiers-et-l-emploi-dans-la-construction-aeronautique-ferroviaire-et-navale\" target=\"_blank\" rel=\"noreferrer noopener\"><img src=\"https:\/\/etab.ac-reunion.fr\/clg-theresien-cadet\/wp-content\/uploads\/sites\/125\/2023\/01\/metier-aeronautique.jpg\" alt=\"\" class=\"wp-image-4562\" \/><\/a><\/figure>\n<!-- \/wp:image -->\n\n<!-- wp:paragraph -->\n<p>O\u00f9 suivre ma formation ?<strong><a href=\"https:\/\/etab.ac-reunion.fr\/lyc-stella\/professionelle\/bac-pro-aero\/\"> Lyc\u00e9e Stella<\/a><\/strong><\/p>\n<!-- \/wp:paragraph -->\n\n<!-- wp:paragraph {\"align\":\"center\"} -->\n<p class=\"has-text-align-center\"><a href=\"https:\/\/www.onisep.fr\/decouvrir-les-metiers\/des-metiers-par-secteur\/Sante\" target=\"_blank\" rel=\"noreferrer noopener\"><strong><em>Les m\u00e9tiers de la sant\u00e9<\/em><\/strong><\/a><\/p>\n<!-- \/wp:paragraph -->\n\n<!-- wp:image {\"id\":4558,\"align\":\"center\"} -->\n<figure class=\"wp-block-image aligncenter\"><img src=\"https:\/\/etab.ac-reunion.fr\/clg-theresien-cadet\/wp-content\/uploads\/sites\/125\/2023\/01\/Les-metiers-du-medical-229x300.jpg\" alt=\"\" class=\"wp-image-4558\" \/><\/figure>\n<!-- \/wp:image -->\n\n<!-- wp:paragraph -->\n<p><a href=\"https:\/\/etab.ac-reunion.fr\/lyc-marie-curie\/\" target=\"_blank\" rel=\"noreferrer noopener\">O<\/a><strong>O\u00f9 suivre ma formation<\/strong><strong> ?<\/strong><a href=\"https:\/\/etab.ac-reunion.fr\/lyc-marie-curie\/\" target=\"_blank\" rel=\"noreferrer noopener\"><strong> Lyc\u00e9e Marie Curie<\/strong><\/a><\/p>\n<!-- \/wp:paragraph -->\n\n<!-- wp:paragraph {\"align\":\"center\"} -->\n<p class=\"has-text-align-center\"><a href=\"https:\/\/www.onisep.fr\/decouvrir-les-metiers\/des-metiers-par-secteur\/Sante\/les-metiers-et-l-emploi-dans-le-paramedical\" target=\"_blank\" rel=\"noreferrer noopener\"><em><strong>Les m\u00e9tiers du param\u00e9dical<\/strong><\/em><\/a><\/p>\n<!-- \/wp:paragraph -->\n\n<!-- wp:image {\"id\":4560,\"linkDestination\":\"custom\",\"align\":\"center\"} -->\n<figure class=\"wp-block-image aligncenter\"><a href=\"https:\/\/www.onisep.fr\/decouvrir-les-metiers\/des-metiers-par-secteur\/Sante\/les-metiers-et-l-emploi-dans-le-paramedical\" target=\"_blank\" rel=\"noreferrer noopener\"><img src=\"https:\/\/etab.ac-reunion.fr\/clg-theresien-cadet\/wp-content\/uploads\/sites\/125\/2023\/01\/Les-metiers-du-paramedical-228x300.jpg\" alt=\"\" class=\"wp-image-4560\" \/><\/a><\/figure>\n<!-- \/wp:image -->\n\n<!-- wp:paragraph -->\n<p>O\u00f9 suivre ma formation ? <a href=\"https:\/\/etab.ac-reunion.fr\/lyc-marie-curie\/\" target=\"_blank\" rel=\"noreferrer noopener\"><strong>Lyc\u00e9e Marie Curie<\/strong><\/a><\/p>\n<!-- \/wp:paragraph -->\n\n<!-- wp:paragraph {\"align\":\"center\"} -->\n<p class=\"has-text-align-center\"><a href=\"https:\/\/www.onisep.fr\/decouvrir-les-metiers\/des-metiers-par-secteur\/batiment-et-travaux-publics-btp\/les-metiers-et-l-emploi-dans-le-btp\" target=\"_blank\" rel=\"noreferrer noopener\"><em><strong>Les m\u00e9tiers du b\u00e2timent<\/strong><\/em><\/a><\/p>\n<!-- \/wp:paragraph -->\n\n<!-- wp:image {\"id\":4574,\"linkDestination\":\"custom\",\"align\":\"center\"} -->\n<figure class=\"wp-block-image aligncenter\"><a href=\"https:\/\/www.onisep.fr\/decouvrir-les-metiers\/des-metiers-par-secteur\/batiment-et-travaux-publics-btp\/les-metiers-et-l-emploi-dans-le-btp\" target=\"_blank\" rel=\"noreferrer noopener\"><img src=\"https:\/\/etab.ac-reunion.fr\/clg-theresien-cadet\/wp-content\/uploads\/sites\/125\/2023\/01\/metier-du-batiment.jpg\" alt=\"\" class=\"wp-image-4574\" \/><\/a><\/figure>\n<!-- \/wp:image -->\n\n<!-- wp:paragraph -->\n<p>O\u00f9 suivre ma formation ? <a href=\"https:\/\/etab.ac-reunion.fr\/lyc-patu-de-rosemont\/\" target=\"_blank\" rel=\"noreferrer noopener\"><strong>Lyc\u00e9e Patu de Rosemont<\/strong><\/a><\/p>\n<!-- \/wp:paragraph -->\n\n<!-- wp:paragraph {\"align\":\"center\"} -->\n<p class=\"has-text-align-center\"><a href=\"https:\/\/www.onisep.fr\/decouvrir-les-metiers\/des-metiers-par-secteur\/commerce-et-distribution\/les-metiers-et-l-emploi-dans-le-commerce-et-la-distribution\" target=\"_blank\" rel=\"noreferrer noopener\"><strong>Les m\u00e9tiers du commerce<\/strong><\/a><\/p>\n<!-- \/wp:paragraph -->\n\n<!-- wp:image {\"id\":4575,\"linkDestination\":\"custom\",\"align\":\"center\"} -->\n<figure class=\"wp-block-image aligncenter\"><a href=\"https:\/\/www.onisep.fr\/decouvrir-les-metiers\/des-metiers-par-secteur\/commerce-et-distribution\/les-metiers-et-l-emploi-dans-le-commerce-et-la-distribution\" target=\"_blank\" rel=\"noreferrer noopener\"><img src=\"https:\/\/etab.ac-reunion.fr\/clg-theresien-cadet\/wp-content\/uploads\/sites\/125\/2023\/01\/metier-du-commerce.jpg\" alt=\"\" class=\"wp-image-4575\" \/><\/a><\/figure>\n<!-- \/wp:image -->\n\n<!-- wp:heading {\"textAlign\":\"center\",\"level\":3} -->\n<h3 class=\"wp-block-heading has-text-align-center\"><strong><a href=\"https:\/\/www.onisep.fr\/metier\/decouvrir-le-monde-professionnel\/defense\/les-metiers-et-l-emploi-dans-la-defense\">Les m\u00e9tiers et l'emploi dans la D\u00e9fense<\/a><\/strong><\/h3>\n<!-- \/wp:heading -->","_et_gb_content_width":"","footnotes":""},"class_list":["post-2630","page","type-page","status-publish","hentry"],"_links":{"self":[{"href":"https:\/\/etab.ac-reunion.fr\/clg-alsace-corre\/wp-json\/wp\/v2\/pages\/2630","targetHints":{"allow":["GET"]}}],"collection":[{"href":"https:\/\/etab.ac-reunion.fr\/clg-alsace-corre\/wp-json\/wp\/v2\/pages"}],"about":[{"href":"https:\/\/etab.ac-reunion.fr\/clg-alsace-corre\/wp-json\/wp\/v2\/types\/page"}],"author":[{"embeddable":true,"href":"https:\/\/etab.ac-reunion.fr\/clg-alsace-corre\/wp-json\/wp\/v2\/users\/31029"}],"replies":[{"embeddable":true,"href":"https:\/\/etab.ac-reunion.fr\/clg-alsace-corre\/wp-json\/wp\/v2\/comments?post=2630"}],"version-history":[{"count":8,"href":"https:\/\/etab.ac-reunion.fr\/clg-alsace-corre\/wp-json\/wp\/v2\/pages\/2630\/revisions"}],"predecessor-version":[{"id":5984,"href":"https:\/\/etab.ac-reunion.fr\/clg-alsace-corre\/wp-json\/wp\/v2\/pages\/2630\/revisions\/5984"}],"wp:attachment":[{"href":"https:\/\/etab.ac-reunion.fr\/clg-alsace-corre\/wp-json\/wp\/v2\/media?parent=2630"}],"curies":[{"name":"wp","href":"https:\/\/api.w.org\/{rel}","templated":true}]}}