{"id":5734,"date":"2025-11-25T11:48:37","date_gmt":"2025-11-25T07:48:37","guid":{"rendered":"https:\/\/etab.ac-reunion.fr\/clg-alsace-corre\/?page_id=5734"},"modified":"2026-03-31T08:18:25","modified_gmt":"2026-03-31T04:18:25","slug":"acceuil","status":"publish","type":"page","link":"https:\/\/etab.ac-reunion.fr\/clg-alsace-corre\/","title":{"rendered":"Accueil"},"content":{"rendered":"\n<p class=\"has-text-align-center has-white-color has-pale-pink-background-color has-text-color has-background has-link-color has-medium-font-size wp-elements-b325af0a4147971bdebf2b58e6e6339d\"><strong><em>PRESENTATION DU COLLEGE<\/em><\/strong><\/p>\n\n\n\n<p><\/p>\n\n\n\n<div class=\"wp-block-columns is-layout-flex wp-container-core-columns-is-layout-9d6595d7 wp-block-columns-is-layout-flex\">\n<div class=\"wp-block-column is-layout-flow wp-block-column-is-layout-flow\" style=\"flex-basis:33.33%\">\n<figure class=\"wp-block-image aligncenter size-large\"><img loading=\"lazy\" decoding=\"async\" width=\"1024\" height=\"801\" src=\"https:\/\/etab.ac-reunion.fr\/clg-alsace-corre\/wp-content\/uploads\/sites\/128\/2022\/10\/received_567906608449213-1024x801.jpeg\" alt=\"\" class=\"wp-image-2230\" srcset=\"https:\/\/etab.ac-reunion.fr\/clg-alsace-corre\/wp-content\/uploads\/sites\/128\/2022\/10\/received_567906608449213-1024x801.jpeg 1024w, https:\/\/etab.ac-reunion.fr\/clg-alsace-corre\/wp-content\/uploads\/sites\/128\/2022\/10\/received_567906608449213-256x200.jpeg 256w, https:\/\/etab.ac-reunion.fr\/clg-alsace-corre\/wp-content\/uploads\/sites\/128\/2022\/10\/received_567906608449213-634x496.jpeg 634w, https:\/\/etab.ac-reunion.fr\/clg-alsace-corre\/wp-content\/uploads\/sites\/128\/2022\/10\/received_567906608449213-300x235.jpeg 300w, https:\/\/etab.ac-reunion.fr\/clg-alsace-corre\/wp-content\/uploads\/sites\/128\/2022\/10\/received_567906608449213-768x601.jpeg 768w, https:\/\/etab.ac-reunion.fr\/clg-alsace-corre\/wp-content\/uploads\/sites\/128\/2022\/10\/received_567906608449213-1536x1202.jpeg 1536w, https:\/\/etab.ac-reunion.fr\/clg-alsace-corre\/wp-content\/uploads\/sites\/128\/2022\/10\/received_567906608449213-150x117.jpeg 150w, https:\/\/etab.ac-reunion.fr\/clg-alsace-corre\/wp-content\/uploads\/sites\/128\/2022\/10\/received_567906608449213.jpeg 1600w\" sizes=\"(max-width: 1024px) 100vw, 1024px\" \/><\/figure>\n\n\n\n<p><\/p>\n<\/div>\n\n\n\n<div class=\"wp-block-column is-layout-flow wp-block-column-is-layout-flow\" style=\"flex-basis:66.66%\">\n<p class=\"has-small-font-size\">Le Coll\u00e8ge&nbsp;<a href=\"https:\/\/etab.ac-reunion.fr\/clg-alsace-corre\/qui-est-alsace-corre\/\" target=\"_blank\" rel=\"noreferrer noopener\">Alsace Corr\u00e9<\/a>&nbsp;est un \u00e9tablissement de l\u2019\u00c9ducation Prioritaire (Rep). Situ\u00e9 dans la commune de <a href=\"https:\/\/fr.wikipedia.org\/wiki\/Cilaos\" target=\"_blank\" rel=\"noreferrer noopener\">Cilaos<\/a>, le r\u00e9seau est g\u00e9r\u00e9 depuis la circonscription de Saint Louis pour le primaire et \u00e0 Cilaos pour le secondaire.<\/p>\n\n\n\n<p class=\"has-small-font-size\">Plac\u00e9 au centre de cette caldeira, le coll\u00e8ge accueille tous les \u00e9l\u00e8ves de la circonscription, venant des \u00e9coles du centre du village et des \u00e9carts de Palmiste Rouge, de Mare S\u00e8che, de Bras Sec et d\u2019Ilet \u00e0 Cordes.<\/p>\n\n\n\n<p class=\"has-small-font-size\">C\u2019est un petit \u00e9tablissement qui compte 280 \u00e9l\u00e8ves, r\u00e9partis dans les 12 divisions dont une section sportive RAID et <a href=\"https:\/\/etab.ac-reunion.fr\/clg-alsace-corre\/classes-chaap\/\">une section CHAAP<\/a> ( Classe \u00e0 Horaire Adapt\u00e9e Art Plastique )<\/p>\n\n\n\n<p class=\"has-small-font-size\"><\/p>\n<\/div>\n<\/div>\n\n\n\n<p class=\"has-text-align-center has-white-color has-luminous-vivid-amber-to-luminous-vivid-orange-gradient-background has-text-color has-background has-link-color has-medium-font-size wp-elements-32efe2545fc5474e610c25433dc8b01c\"><strong><em><a href=\"https:\/\/etab.ac-reunion.fr\/clg-alsace-corre\/category\/informations\/\">INFORMATIONS<\/a><\/em><\/strong><\/p>\n\n\n\n<p><\/p>\n\n\n\n<div class=\"wp-block-columns is-layout-flex wp-container-core-columns-is-layout-9d6595d7 wp-block-columns-is-layout-flex\">\n<div class=\"wp-block-column is-layout-flow wp-block-column-is-layout-flow\">\n<div class=\"wp-block-columns is-layout-flex wp-container-core-columns-is-layout-9d6595d7 wp-block-columns-is-layout-flex\">\n<div class=\"wp-block-column is-layout-flow wp-block-column-is-layout-flow\">\n<figure class=\"wp-block-image size-full\"><a href=\"https:\/\/etab.ac-reunion.fr\/clg-alsace-corre\/2025\/06\/17\/fournitures-scolaires-et-rentree-scolaire-2023\/\"><img loading=\"lazy\" decoding=\"async\" width=\"200\" height=\"199\" src=\"https:\/\/etab.ac-reunion.fr\/clg-alsace-corre\/wp-content\/uploads\/sites\/128\/2024\/07\/Logo-fournitures-scolaires200x200.png\" alt=\"\" class=\"wp-image-5498\" srcset=\"https:\/\/etab.ac-reunion.fr\/clg-alsace-corre\/wp-content\/uploads\/sites\/128\/2024\/07\/Logo-fournitures-scolaires200x200.png 200w, https:\/\/etab.ac-reunion.fr\/clg-alsace-corre\/wp-content\/uploads\/sites\/128\/2024\/07\/Logo-fournitures-scolaires200x200-150x150.png 150w, https:\/\/etab.ac-reunion.fr\/clg-alsace-corre\/wp-content\/uploads\/sites\/128\/2024\/07\/Logo-fournitures-scolaires200x200-185x185.png 185w, https:\/\/etab.ac-reunion.fr\/clg-alsace-corre\/wp-content\/uploads\/sites\/128\/2024\/07\/Logo-fournitures-scolaires200x200-90x90.png 90w, https:\/\/etab.ac-reunion.fr\/clg-alsace-corre\/wp-content\/uploads\/sites\/128\/2024\/07\/Logo-fournitures-scolaires200x200-25x25.png 25w, https:\/\/etab.ac-reunion.fr\/clg-alsace-corre\/wp-content\/uploads\/sites\/128\/2024\/07\/Logo-fournitures-scolaires200x200-184x184.png 184w\" sizes=\"(max-width: 200px) 100vw, 200px\" \/><\/a><\/figure>\n\n\n\n<p class=\"has-text-align-center has-black-color has-text-color has-link-color has-medium-font-size wp-elements-20ff28b5da8ddf8ead273f8bdc168666\"><strong>Fournitures scolaires<\/strong><\/p>\n<\/div>\n\n\n\n<div class=\"wp-block-column is-layout-flow wp-block-column-is-layout-flow\">\n<figure class=\"wp-block-image size-full\"><a href=\"https:\/\/etab.ac-reunion.fr\/clg-alsace-corre\/2025\/11\/17\/presentation-du-nouveau-dnb-et-date-des-epreuves-pour-2026\/\"><img loading=\"lazy\" decoding=\"async\" width=\"200\" height=\"200\" src=\"https:\/\/etab.ac-reunion.fr\/clg-alsace-corre\/wp-content\/uploads\/sites\/128\/2025\/04\/DNB.png\" alt=\"\" class=\"wp-image-5278\" srcset=\"https:\/\/etab.ac-reunion.fr\/clg-alsace-corre\/wp-content\/uploads\/sites\/128\/2025\/04\/DNB.png 200w, https:\/\/etab.ac-reunion.fr\/clg-alsace-corre\/wp-content\/uploads\/sites\/128\/2025\/04\/DNB-150x150.png 150w\" sizes=\"(max-width: 200px) 100vw, 200px\" \/><\/a><\/figure>\n\n\n\n<p class=\"has-text-align-center has-black-color has-text-color has-link-color has-small-font-size wp-elements-ef5913b47f685009602a29ccf2da8ec6\"><strong><strong>PRESENTATION DU NOUVEAU DNB ET DATE DES EPREUVES POUR 2026<\/strong><\/strong><\/p>\n<\/div>\n\n\n\n<div class=\"wp-block-column is-layout-flow wp-block-column-is-layout-flow\">\n<figure class=\"wp-block-image size-full\"><a href=\"https:\/\/etab.ac-reunion.fr\/clg-alsace-corre\/2026\/03\/31\/dnb-2026-ce-qui-change-dans-la-notation\/\"><img loading=\"lazy\" decoding=\"async\" width=\"200\" height=\"200\" src=\"https:\/\/etab.ac-reunion.fr\/clg-alsace-corre\/wp-content\/uploads\/sites\/128\/2025\/04\/DNB.png\" alt=\"\" class=\"wp-image-5278\" srcset=\"https:\/\/etab.ac-reunion.fr\/clg-alsace-corre\/wp-content\/uploads\/sites\/128\/2025\/04\/DNB.png 200w, https:\/\/etab.ac-reunion.fr\/clg-alsace-corre\/wp-content\/uploads\/sites\/128\/2025\/04\/DNB-150x150.png 150w\" sizes=\"(max-width: 200px) 100vw, 200px\" \/><\/a><\/figure>\n\n\n\n<p class=\"has-text-align-center has-black-color has-text-color has-link-color wp-elements-409f4517f3d318bd5b57b86669fbf62b\"><strong>DNB 2026 : Ce qui change dans la notation<\/strong><\/p>\n<\/div>\n<\/div>\n<\/div>\n\n\n\n<div class=\"wp-block-column is-layout-flow wp-block-column-is-layout-flow\">\n<div class=\"wp-block-columns is-layout-flex wp-container-core-columns-is-layout-9d6595d7 wp-block-columns-is-layout-flex\">\n<div class=\"wp-block-column is-layout-flow wp-block-column-is-layout-flow\">\n<figure class=\"wp-block-image size-full\"><img loading=\"lazy\" decoding=\"async\" width=\"225\" height=\"225\" src=\"https:\/\/etab.ac-reunion.fr\/clg-alsace-corre\/wp-content\/uploads\/sites\/128\/2025\/11\/gestion.jpg\" alt=\"\" class=\"wp-image-5653\" srcset=\"https:\/\/etab.ac-reunion.fr\/clg-alsace-corre\/wp-content\/uploads\/sites\/128\/2025\/11\/gestion.jpg 225w, https:\/\/etab.ac-reunion.fr\/clg-alsace-corre\/wp-content\/uploads\/sites\/128\/2025\/11\/gestion-150x150.jpg 150w, https:\/\/etab.ac-reunion.fr\/clg-alsace-corre\/wp-content\/uploads\/sites\/128\/2025\/11\/gestion-185x185.jpg 185w, https:\/\/etab.ac-reunion.fr\/clg-alsace-corre\/wp-content\/uploads\/sites\/128\/2025\/11\/gestion-90x90.jpg 90w, https:\/\/etab.ac-reunion.fr\/clg-alsace-corre\/wp-content\/uploads\/sites\/128\/2025\/11\/gestion-25x25.jpg 25w, https:\/\/etab.ac-reunion.fr\/clg-alsace-corre\/wp-content\/uploads\/sites\/128\/2025\/11\/gestion-184x184.jpg 184w\" sizes=\"(max-width: 225px) 100vw, 225px\" \/><\/figure>\n<\/div>\n\n\n\n<div class=\"wp-block-column is-layout-flow wp-block-column-is-layout-flow\">\n<figure class=\"wp-block-image aligncenter size-full\"><a href=\"https:\/\/etab.ac-reunion.fr\/clg-alsace-corre\/2025\/02\/14\/attestation-scolaire-de-securite-routiere-assr\/\"><img loading=\"lazy\" decoding=\"async\" width=\"300\" height=\"161\" src=\"https:\/\/etab.ac-reunion.fr\/clg-alsace-corre\/wp-content\/uploads\/sites\/128\/2025\/02\/assr.png\" alt=\"\" class=\"wp-image-4988\" srcset=\"https:\/\/etab.ac-reunion.fr\/clg-alsace-corre\/wp-content\/uploads\/sites\/128\/2025\/02\/assr.png 300w, https:\/\/etab.ac-reunion.fr\/clg-alsace-corre\/wp-content\/uploads\/sites\/128\/2025\/02\/assr-150x81.png 150w\" sizes=\"(max-width: 300px) 100vw, 300px\" \/><\/a><\/figure>\n<\/div>\n\n\n\n<div class=\"wp-block-column is-layout-flow wp-block-column-is-layout-flow\">\n<figure class=\"wp-block-image size-full\"><a href=\"https:\/\/etab.ac-reunion.fr\/clg-alsace-corre\/2026\/03\/24\/information-assr-les-trotinettes-electriques\/\"><img loading=\"lazy\" decoding=\"async\" width=\"1024\" height=\"1536\" src=\"https:\/\/etab.ac-reunion.fr\/clg-alsace-corre\/wp-content\/uploads\/sites\/128\/2026\/03\/image_1774259376220.jpeg\" alt=\"\" class=\"wp-image-6397\" srcset=\"https:\/\/etab.ac-reunion.fr\/clg-alsace-corre\/wp-content\/uploads\/sites\/128\/2026\/03\/image_1774259376220.jpeg 1024w, https:\/\/etab.ac-reunion.fr\/clg-alsace-corre\/wp-content\/uploads\/sites\/128\/2026\/03\/image_1774259376220-980x1470.jpeg 980w, https:\/\/etab.ac-reunion.fr\/clg-alsace-corre\/wp-content\/uploads\/sites\/128\/2026\/03\/image_1774259376220-480x720.jpeg 480w\" sizes=\"(min-width: 0px) and (max-width: 480px) 480px, (min-width: 481px) and (max-width: 980px) 980px, (min-width: 981px) 1024px, 100vw\" \/><\/a><\/figure>\n<\/div>\n<\/div>\n\n\n\n<div class=\"wp-block-columns is-layout-flex wp-container-core-columns-is-layout-9d6595d7 wp-block-columns-is-layout-flex\">\n<div class=\"wp-block-column is-layout-flow wp-block-column-is-layout-flow\">\n<p class=\"has-text-align-center has-black-color has-text-color has-link-color wp-elements-7c4353326707c0f7a2981283450ef4b5\"><a href=\"https:\/\/etab.ac-reunion.fr\/clg-alsace-corre\/2026\/01\/27\/fermeture-service-gestion\/\">FERMETURE SERVICE GESTION<\/a><\/p>\n<\/div>\n\n\n\n<div class=\"wp-block-column is-layout-flow wp-block-column-is-layout-flow\">\n<p class=\"has-text-align-center has-black-color has-text-color has-link-color wp-elements-15fe75778287226cdf0ba95da0aa8570\" style=\"font-size:12px\"><strong>Attestation Scolaire de S\u00e9curit\u00e9 Routi\u00e8re (ASSR)<\/strong><\/p>\n<\/div>\n\n\n\n<div class=\"wp-block-column is-layout-flow wp-block-column-is-layout-flow\">\n<p class=\"has-text-align-center has-black-color has-text-color has-link-color wp-elements-4da220b35bdf1d1fe6484ad70b31420d\" style=\"font-size:13px\"><strong>INFORMATION ASSR : <br>LES REGLES EN TROTINETTES ELECTRIQUES<\/strong><\/p>\n<\/div>\n<\/div>\n<\/div>\n<\/div>\n\n\n\n<div class=\"wp-block-columns is-layout-flex wp-container-core-columns-is-layout-9d6595d7 wp-block-columns-is-layout-flex\">\n<div class=\"wp-block-column is-layout-flow wp-block-column-is-layout-flow\">\n<div class=\"wp-block-columns is-layout-flex wp-container-core-columns-is-layout-9d6595d7 wp-block-columns-is-layout-flex\">\n<div class=\"wp-block-column is-layout-flow wp-block-column-is-layout-flow\">\n<figure class=\"wp-block-image size-full\"><a href=\"https:\/\/etab.ac-reunion.fr\/clg-alsace-corre\/2026\/01\/30\/catalogue-des-formations-formaterra\/\"><img loading=\"lazy\" decoding=\"async\" width=\"150\" height=\"149\" src=\"https:\/\/etab.ac-reunion.fr\/clg-alsace-corre\/wp-content\/uploads\/sites\/128\/2024\/12\/Orientation-150x150-1.png\" alt=\"\" class=\"wp-image-5814\" \/><\/a><\/figure>\n\n\n\n<p class=\"has-text-align-center has-black-color has-text-color has-link-color wp-elements-f554e18c9a6d844e10fa9ea5f9275973\"><strong>CATALOGUE DES FORMATIONS FORMA\u2019TERRA<\/strong><\/p>\n<\/div>\n\n\n\n<div class=\"wp-block-column is-layout-flow wp-block-column-is-layout-flow\">\n<figure class=\"wp-block-image size-full\"><a href=\"https:\/\/www.education.gouv.fr\/safer-internet-day-sensibiliser-aux-usages-du-numerique-344368\"><img loading=\"lazy\" decoding=\"async\" width=\"224\" height=\"214\" src=\"https:\/\/etab.ac-reunion.fr\/clg-alsace-corre\/wp-content\/uploads\/sites\/128\/2026\/02\/safer-internet-day-2026_cr.png\" alt=\"\" class=\"wp-image-6253\" \/><\/a><\/figure>\n\n\n\n<p class=\"has-text-align-center has-black-color has-text-color has-link-color wp-elements-bece40b99da8ad7956d88cc29ff5b248\"><strong>Sensibiliser aux usages du num\u00e9rique<\/strong><\/p>\n<\/div>\n<\/div>\n<\/div>\n\n\n\n<div class=\"wp-block-column is-layout-flow wp-block-column-is-layout-flow\">\n<div class=\"wp-block-columns is-layout-flex wp-container-core-columns-is-layout-9d6595d7 wp-block-columns-is-layout-flex\">\n<div class=\"wp-block-column is-layout-flow wp-block-column-is-layout-flow\">\n<figure class=\"wp-block-image aligncenter size-full\"><a href=\"https:\/\/etab.ac-reunion.fr\/clg-alsace-corre\/2025\/02\/20\/la-plateforme-pix\/\"><img loading=\"lazy\" decoding=\"async\" width=\"675\" height=\"380\" src=\"https:\/\/etab.ac-reunion.fr\/clg-alsace-corre\/wp-content\/uploads\/sites\/128\/2025\/02\/logo-pix2.png\" alt=\"\" class=\"wp-image-5040\" srcset=\"https:\/\/etab.ac-reunion.fr\/clg-alsace-corre\/wp-content\/uploads\/sites\/128\/2025\/02\/logo-pix2.png 675w, https:\/\/etab.ac-reunion.fr\/clg-alsace-corre\/wp-content\/uploads\/sites\/128\/2025\/02\/logo-pix2-355x200.png 355w, https:\/\/etab.ac-reunion.fr\/clg-alsace-corre\/wp-content\/uploads\/sites\/128\/2025\/02\/logo-pix2-634x357.png 634w, https:\/\/etab.ac-reunion.fr\/clg-alsace-corre\/wp-content\/uploads\/sites\/128\/2025\/02\/logo-pix2-300x169.png 300w, https:\/\/etab.ac-reunion.fr\/clg-alsace-corre\/wp-content\/uploads\/sites\/128\/2025\/02\/logo-pix2-150x84.png 150w\" sizes=\"(max-width: 675px) 100vw, 675px\" \/><\/a><\/figure>\n\n\n\n<p class=\"has-text-align-center\"><strong>La Plateforme PIX<\/strong><\/p>\n<\/div>\n\n\n\n<div class=\"wp-block-column is-layout-flow wp-block-column-is-layout-flow\">\n<figure class=\"wp-block-image size-full\"><a href=\"https:\/\/etab.ac-reunion.fr\/clg-alsace-corre\/2026\/03\/26\/appel-a-la-solidarite-pour-madagascar\/\"><img loading=\"lazy\" decoding=\"async\" width=\"199\" height=\"199\" src=\"https:\/\/etab.ac-reunion.fr\/clg-alsace-corre\/wp-content\/uploads\/sites\/128\/2025\/07\/logo-information-200X200.png\" alt=\"\" class=\"wp-image-5569\" srcset=\"https:\/\/etab.ac-reunion.fr\/clg-alsace-corre\/wp-content\/uploads\/sites\/128\/2025\/07\/logo-information-200X200.png 199w, https:\/\/etab.ac-reunion.fr\/clg-alsace-corre\/wp-content\/uploads\/sites\/128\/2025\/07\/logo-information-200X200-150x150.png 150w, https:\/\/etab.ac-reunion.fr\/clg-alsace-corre\/wp-content\/uploads\/sites\/128\/2025\/07\/logo-information-200X200-185x185.png 185w, https:\/\/etab.ac-reunion.fr\/clg-alsace-corre\/wp-content\/uploads\/sites\/128\/2025\/07\/logo-information-200X200-90x90.png 90w, https:\/\/etab.ac-reunion.fr\/clg-alsace-corre\/wp-content\/uploads\/sites\/128\/2025\/07\/logo-information-200X200-25x25.png 25w, https:\/\/etab.ac-reunion.fr\/clg-alsace-corre\/wp-content\/uploads\/sites\/128\/2025\/07\/logo-information-200X200-184x184.png 184w\" sizes=\"(max-width: 199px) 100vw, 199px\" \/><\/a><\/figure>\n\n\n\n<p class=\"has-text-align-center\"><strong>APPEL \u00c0 LA SOLIDARIT\u00c9 POUR MADAGASCAR<\/strong><\/p>\n<\/div>\n<\/div>\n\n\n\n<div class=\"wp-block-columns is-layout-flex wp-container-core-columns-is-layout-9d6595d7 wp-block-columns-is-layout-flex\">\n<div class=\"wp-block-column is-layout-flow wp-block-column-is-layout-flow\"><\/div>\n<\/div>\n<\/div>\n\n\n\n<div class=\"wp-block-column is-layout-flow wp-block-column-is-layout-flow\">\n<div class=\"wp-block-columns is-layout-flex wp-container-core-columns-is-layout-9d6595d7 wp-block-columns-is-layout-flex\">\n<div class=\"wp-block-column is-layout-flow wp-block-column-is-layout-flow\"><\/div>\n\n\n\n<div class=\"wp-block-column is-layout-flow wp-block-column-is-layout-flow\"><\/div>\n<\/div>\n<\/div>\n<\/div>\n\n\n\n<p class=\"has-text-align-center has-white-color has-electric-grass-gradient-background has-text-color has-background has-link-color has-medium-font-size wp-elements-1d231518eaaf4d31c0e77a92b60db823\"><strong><em><a href=\"https:\/\/etab.ac-reunion.fr\/clg-alsace-corre\/category\/orientation-post-3e\/\">ORIENTATION<\/a><\/em><\/strong><\/p>\n\n\n\n<p><\/p>\n\n\n\n<div class=\"wp-block-columns is-layout-flex wp-container-core-columns-is-layout-9d6595d7 wp-block-columns-is-layout-flex\">\n<div class=\"wp-block-column is-layout-flow wp-block-column-is-layout-flow\">\n<div class=\"wp-block-columns is-layout-flex wp-container-core-columns-is-layout-9d6595d7 wp-block-columns-is-layout-flex\">\n<div class=\"wp-block-column is-layout-flow wp-block-column-is-layout-flow\">\n<figure class=\"wp-block-image aligncenter size-full is-resized\"><a href=\"https:\/\/etab.ac-reunion.fr\/clg-alsace-corre\/2025\/11\/25\/forum-des-metiers-2025-2\/\"><img loading=\"lazy\" decoding=\"async\" width=\"150\" height=\"152\" src=\"https:\/\/etab.ac-reunion.fr\/clg-alsace-corre\/wp-content\/uploads\/sites\/128\/2025\/11\/forum-des-metiers-200x200-2.png\" alt=\"\" class=\"wp-image-5730\" style=\"width:150px;height:auto\" srcset=\"https:\/\/etab.ac-reunion.fr\/clg-alsace-corre\/wp-content\/uploads\/sites\/128\/2025\/11\/forum-des-metiers-200x200-2.png 150w, https:\/\/etab.ac-reunion.fr\/clg-alsace-corre\/wp-content\/uploads\/sites\/128\/2025\/11\/forum-des-metiers-200x200-2-148x150.png 148w\" sizes=\"(max-width: 150px) 100vw, 150px\" \/><\/a><\/figure>\n\n\n\n<p class=\"has-text-align-center\" style=\"font-size:18px\"><strong>FORUM DES METIERS<\/strong><\/p>\n<\/div>\n\n\n\n<div class=\"wp-block-column is-layout-flow wp-block-column-is-layout-flow\">\n<figure class=\"wp-block-image aligncenter size-full\"><a href=\"https:\/\/etab.ac-reunion.fr\/clg-alsace-corre\/2024\/12\/03\/orientation-post-3eme\/\"><img loading=\"lazy\" decoding=\"async\" width=\"150\" height=\"149\" src=\"https:\/\/etab.ac-reunion.fr\/clg-alsace-corre\/wp-content\/uploads\/sites\/128\/2024\/12\/Orientation-150x150-1.png\" alt=\"\" class=\"wp-image-5814\" \/><\/a><\/figure>\n\n\n\n<p class=\"has-text-align-center\" style=\"font-size:18px\"><strong>Pr\u00e9parer l&rsquo;orientation et l&rsquo;affectation de votre enfant en 3\u00e8me<\/strong><\/p>\n<\/div>\n\n\n\n<div class=\"wp-block-column is-layout-flow wp-block-column-is-layout-flow\">\n<figure class=\"wp-block-image aligncenter size-full\"><a href=\"https:\/\/etab.ac-reunion.fr\/clg-alsace-corre\/2025\/10\/10\/la-troisieme-prepapro-au-village-du-btp\/\"><img loading=\"lazy\" decoding=\"async\" width=\"150\" height=\"149\" src=\"https:\/\/etab.ac-reunion.fr\/clg-alsace-corre\/wp-content\/uploads\/sites\/128\/2024\/12\/Orientation-150x150-1.png\" alt=\"\" class=\"wp-image-5814\" \/><\/a><\/figure>\n\n\n\n<p class=\"has-text-align-center\" style=\"font-size:18px\"><strong>La troisi\u00e8me pr\u00e9papro au village du BTP<\/strong><br><\/p>\n<\/div>\n<\/div>\n<\/div>\n\n\n\n<div class=\"wp-block-column is-layout-flow wp-block-column-is-layout-flow\">\n<div class=\"wp-block-columns is-layout-flex wp-container-core-columns-is-layout-9d6595d7 wp-block-columns-is-layout-flex\">\n<div class=\"wp-block-column is-layout-flow wp-block-column-is-layout-flow\">\n<figure class=\"wp-block-image size-full\"><a href=\"https:\/\/etab.ac-reunion.fr\/clg-alsace-corre\/2026\/01\/22\/porte-ouvertes-de-fevrier-2025-2\/\"><img loading=\"lazy\" decoding=\"async\" width=\"150\" height=\"149\" src=\"https:\/\/etab.ac-reunion.fr\/clg-alsace-corre\/wp-content\/uploads\/sites\/128\/2024\/12\/Orientation-150x150-1.png\" alt=\"\" class=\"wp-image-5814\" \/><\/a><\/figure>\n\n\n\n<p class=\"has-text-align-center has-medium-font-size\"><strong>Portes ouvertes 2026<\/strong><\/p>\n<\/div>\n\n\n\n<div class=\"wp-block-column is-layout-flow wp-block-column-is-layout-flow\">\n<figure class=\"wp-block-image size-full\"><a href=\"https:\/\/orientation-regionreunion.onisep.fr\/\"><img loading=\"lazy\" decoding=\"async\" width=\"154\" height=\"60\" src=\"https:\/\/etab.ac-reunion.fr\/clg-alsace-corre\/wp-content\/uploads\/sites\/128\/2026\/01\/logo.png\" alt=\"Rondavelle, la Kaz de l\u2019orientation, permet :\naux \u00e9l\u00e8ves de construire et d\u2019avancer dans leur projet d\u2019orientation ;\naux parents de se tenir inform\u00e9s ;\net aux enseignants d\u2019accompagner au mieux leurs \u00e9l\u00e8ves.\" class=\"wp-image-5982\" \/><\/a><\/figure>\n\n\n\n<p><\/p>\n\n\n\n<p><\/p>\n\n\n\n<figure class=\"wp-block-image size-large\"><a href=\"https:\/\/educonnect.education.gouv.fr\/idp\/profile\/SAML2\/POST\/SSO?execution=e1s2\" target=\"_blank\" rel=\" noreferrer noopener\"><img loading=\"lazy\" decoding=\"async\" width=\"1024\" height=\"683\" src=\"https:\/\/etab.ac-reunion.fr\/clg-alsace-corre\/wp-content\/uploads\/sites\/128\/2025\/04\/AVENIRS-1024x683.png\" alt=\"Plateforme ONISEP\nAVENIR\npour l'aide \u00e0 l'orientation d\u00e8s la 5\u00e8me\" class=\"wp-image-5088\" srcset=\"https:\/\/etab.ac-reunion.fr\/clg-alsace-corre\/wp-content\/uploads\/sites\/128\/2025\/04\/AVENIRS-1024x683.png 1024w, https:\/\/etab.ac-reunion.fr\/clg-alsace-corre\/wp-content\/uploads\/sites\/128\/2025\/04\/AVENIRS-300x200.png 300w, https:\/\/etab.ac-reunion.fr\/clg-alsace-corre\/wp-content\/uploads\/sites\/128\/2025\/04\/AVENIRS-768x512.png 768w, https:\/\/etab.ac-reunion.fr\/clg-alsace-corre\/wp-content\/uploads\/sites\/128\/2025\/04\/AVENIRS-321x214.png 321w, https:\/\/etab.ac-reunion.fr\/clg-alsace-corre\/wp-content\/uploads\/sites\/128\/2025\/04\/AVENIRS-140x94.png 140w, https:\/\/etab.ac-reunion.fr\/clg-alsace-corre\/wp-content\/uploads\/sites\/128\/2025\/04\/AVENIRS.png 1200w\" sizes=\"(max-width: 1024px) 100vw, 1024px\" \/><\/a><\/figure>\n<\/div>\n\n\n\n<div class=\"wp-block-column is-layout-flow wp-block-column-is-layout-flow\">\n<figure class=\"wp-block-image size-full\"><a href=\"https:\/\/etab.ac-reunion.fr\/clg-alsace-corre\/2026\/02\/27\/presentation-du-lycee-paul-langevin-2025\/\"><img loading=\"lazy\" decoding=\"async\" width=\"753\" height=\"329\" src=\"https:\/\/etab.ac-reunion.fr\/clg-alsace-corre\/wp-content\/uploads\/sites\/128\/2026\/02\/Logo-LP-Paul-Langevin.png\" alt=\"\" class=\"wp-image-6372\" srcset=\"https:\/\/etab.ac-reunion.fr\/clg-alsace-corre\/wp-content\/uploads\/sites\/128\/2026\/02\/Logo-LP-Paul-Langevin.png 753w, https:\/\/etab.ac-reunion.fr\/clg-alsace-corre\/wp-content\/uploads\/sites\/128\/2026\/02\/Logo-LP-Paul-Langevin-480x210.png 480w\" sizes=\"(min-width: 0px) and (max-width: 480px) 480px, (min-width: 481px) 753px, 100vw\" \/><\/a><\/figure>\n\n\n\n<p class=\"has-text-align-center\" style=\"font-size:18px\"><strong>Pr\u00e9sentation du Lyc\u00e9e Paul Langevin 2025<\/strong><br><\/p>\n<\/div>\n<\/div>\n<\/div>\n<\/div>\n\n\n\n<p class=\"has-text-align-center has-white-color has-light-green-cyan-to-vivid-green-cyan-gradient-background has-text-color has-background has-link-color has-medium-font-size wp-elements-a5a7cd4de1d0593a5364b8833dba7695\"><strong><em><a href=\"https:\/\/etab.ac-reunion.fr\/clg-alsace-corre\/category\/developpement-durable\/ecodelegues\/\">ECODELEGUES<\/a><\/em><\/strong><\/p>\n\n\n\n<p><\/p>\n\n\n\n<div class=\"wp-block-columns is-layout-flex wp-container-core-columns-is-layout-9d6595d7 wp-block-columns-is-layout-flex\">\n<div class=\"wp-block-column is-layout-flow wp-block-column-is-layout-flow\">\n<div class=\"wp-block-columns is-layout-flex wp-container-core-columns-is-layout-9d6595d7 wp-block-columns-is-layout-flex\">\n<div class=\"wp-block-column is-layout-flow wp-block-column-is-layout-flow\">\n<figure class=\"wp-block-image aligncenter size-full is-resized\"><a href=\"https:\/\/etab.ac-reunion.fr\/clg-alsace-corre\/2025\/10\/03\/rapport-du-world-clean-day-2025\/\"><img loading=\"lazy\" decoding=\"async\" width=\"200\" height=\"200\" src=\"https:\/\/etab.ac-reunion.fr\/clg-alsace-corre\/wp-content\/uploads\/sites\/128\/2025\/04\/Logo-eco-delegue-site.png\" alt=\"\" class=\"wp-image-5269\" style=\"width:117px;height:auto\" srcset=\"https:\/\/etab.ac-reunion.fr\/clg-alsace-corre\/wp-content\/uploads\/sites\/128\/2025\/04\/Logo-eco-delegue-site.png 200w, https:\/\/etab.ac-reunion.fr\/clg-alsace-corre\/wp-content\/uploads\/sites\/128\/2025\/04\/Logo-eco-delegue-site-150x150.png 150w\" sizes=\"(max-width: 200px) 100vw, 200px\" \/><\/a><\/figure>\n\n\n\n<p class=\"has-text-align-center\" style=\"font-size:16px\"><strong>Rapport du Cilaos Clean Day 2025<\/strong><\/p>\n<\/div>\n\n\n\n<div class=\"wp-block-column is-layout-flow wp-block-column-is-layout-flow\">\n<figure class=\"wp-block-image aligncenter size-full is-resized\"><a href=\"https:\/\/etab.ac-reunion.fr\/clg-alsace-corre\/2026\/01\/30\/intervention-sur-la-pollution-lumineuse-ets-portes-du-parc\/\"><img loading=\"lazy\" decoding=\"async\" width=\"200\" height=\"200\" src=\"https:\/\/etab.ac-reunion.fr\/clg-alsace-corre\/wp-content\/uploads\/sites\/128\/2025\/04\/Logo-eco-delegue-site.png\" alt=\"\" class=\"wp-image-5269\" style=\"width:116px;height:auto\" srcset=\"https:\/\/etab.ac-reunion.fr\/clg-alsace-corre\/wp-content\/uploads\/sites\/128\/2025\/04\/Logo-eco-delegue-site.png 200w, https:\/\/etab.ac-reunion.fr\/clg-alsace-corre\/wp-content\/uploads\/sites\/128\/2025\/04\/Logo-eco-delegue-site-150x150.png 150w\" sizes=\"(max-width: 200px) 100vw, 200px\" \/><\/a><\/figure>\n\n\n\n<p class=\"has-text-align-center\" style=\"font-size:14px\"><strong>Intervention sur La Pollution lumineuse<\/strong><\/p>\n<\/div>\n\n\n\n<div class=\"wp-block-column is-layout-flow wp-block-column-is-layout-flow\">\n<figure class=\"wp-block-image size-full\"><a href=\"https:\/\/etab.ac-reunion.fr\/clg-alsace-corre\/2025\/11\/26\/sortie-pal-plastique-a-la-loupe\/\"><img loading=\"lazy\" decoding=\"async\" width=\"200\" height=\"200\" src=\"https:\/\/etab.ac-reunion.fr\/clg-alsace-corre\/wp-content\/uploads\/sites\/128\/2025\/04\/Logo-eco-delegue-site.png\" alt=\"\" class=\"wp-image-5269\" srcset=\"https:\/\/etab.ac-reunion.fr\/clg-alsace-corre\/wp-content\/uploads\/sites\/128\/2025\/04\/Logo-eco-delegue-site.png 200w, https:\/\/etab.ac-reunion.fr\/clg-alsace-corre\/wp-content\/uploads\/sites\/128\/2025\/04\/Logo-eco-delegue-site-150x150.png 150w\" sizes=\"(max-width: 200px) 100vw, 200px\" \/><\/a><\/figure>\n\n\n\n<p class=\"has-text-align-center\" style=\"font-size:18px\"><strong>Sortie PAL Plastique \u00c0 la Loupe<\/strong><\/p>\n<\/div>\n\n\n\n<div class=\"wp-block-column is-layout-flow wp-block-column-is-layout-flow\">\n<figure class=\"wp-block-image size-full\"><a href=\"https:\/\/etab.ac-reunion.fr\/clg-alsace-corre\/wp-content\/uploads\/sites\/128\/2026\/02\/EJ73-novembre-magazine-quiz3.pdf\" target=\"_blank\" rel=\" noreferrer noopener\"><img loading=\"lazy\" decoding=\"async\" width=\"671\" height=\"949\" src=\"https:\/\/etab.ac-reunion.fr\/clg-alsace-corre\/wp-content\/uploads\/sites\/128\/2026\/02\/EJ73-novembre-magazine-quiz-1.png\" alt=\"\" class=\"wp-image-6168\" srcset=\"https:\/\/etab.ac-reunion.fr\/clg-alsace-corre\/wp-content\/uploads\/sites\/128\/2026\/02\/EJ73-novembre-magazine-quiz-1.png 671w, https:\/\/etab.ac-reunion.fr\/clg-alsace-corre\/wp-content\/uploads\/sites\/128\/2026\/02\/EJ73-novembre-magazine-quiz-1-480x679.png 480w\" sizes=\"(min-width: 0px) and (max-width: 480px) 480px, (min-width: 481px) 671px, 100vw\" \/><\/a><\/figure>\n<\/div>\n<\/div>\n<\/div>\n\n\n\n<div class=\"wp-block-column is-layout-flow wp-block-column-is-layout-flow\"><\/div>\n<\/div>\n\n\n\n<p class=\"has-text-align-center has-white-color has-text-color has-background has-link-color has-medium-font-size wp-elements-b3e6a66beae776df9d8da1291b4dd094\" style=\"background:linear-gradient(189deg,rgb(255,245,203) 0%,rgb(182,227,212) 43%,rgb(51,167,181) 100%)\"><strong><em><a href=\"https:\/\/etab.ac-reunion.fr\/clg-alsace-corre\/ulis\/\">CLASSE ULIS<\/a><\/em><\/strong><\/p>\n\n\n\n<p><\/p>\n\n\n\n<div class=\"wp-block-columns is-layout-flex wp-container-core-columns-is-layout-9d6595d7 wp-block-columns-is-layout-flex\">\n<div class=\"wp-block-column is-layout-flow wp-block-column-is-layout-flow\" style=\"flex-basis:33.33%\">\n<figure class=\"wp-block-image aligncenter size-full\"><img loading=\"lazy\" decoding=\"async\" width=\"200\" height=\"198\" src=\"https:\/\/etab.ac-reunion.fr\/clg-alsace-corre\/wp-content\/uploads\/sites\/128\/2025\/12\/Atelier-cuisine-200x200-1.png\" alt=\"\" class=\"wp-image-5788\" srcset=\"https:\/\/etab.ac-reunion.fr\/clg-alsace-corre\/wp-content\/uploads\/sites\/128\/2025\/12\/Atelier-cuisine-200x200-1.png 200w, https:\/\/etab.ac-reunion.fr\/clg-alsace-corre\/wp-content\/uploads\/sites\/128\/2025\/12\/Atelier-cuisine-200x200-1-150x150.png 150w\" sizes=\"(max-width: 200px) 100vw, 200px\" \/><\/figure>\n<\/div>\n\n\n\n<div class=\"wp-block-column is-layout-flow wp-block-column-is-layout-flow\" style=\"flex-basis:66.66%\">\n<p style=\"font-size:16px\"><a href=\"https:\/\/etab.ac-reunion.fr\/clg-alsace-corre\/2025\/12\/02\/classe-ulis-atelier-cuisine-du-01-12-2025\/\">ATELIER CUISINE DU 01\/12\/2025 : SABLES DE NOEL<\/a><br><a href=\"https:\/\/etab.ac-reunion.fr\/clg-alsace-corre\/2025\/10\/03\/recettes-de-cuisine-effectues-le-26-09-2025\/\">ATELIER CUISINE DU 26\/09\/2025 : CAKE AUX THON ET CAKE CAROTTES COCO<\/a><\/p>\n<\/div>\n<\/div>\n\n\n\n<p class=\"has-text-align-center has-white-color has-blush-light-purple-gradient-background has-text-color has-background has-link-color has-medium-font-size wp-elements-2fcea455babfa35dd725a648bb1a9daf\"><strong><em><a href=\"https:\/\/etab.ac-reunion.fr\/clg-alsace-corre\/cdi\/\">LE CDI<\/a><\/em><\/strong><\/p>\n\n\n\n<p><\/p>\n\n\n\n<p><\/p>\n\n\n\n<div class=\"wp-block-columns is-layout-flex wp-container-core-columns-is-layout-9d6595d7 wp-block-columns-is-layout-flex\">\n<div class=\"wp-block-column is-layout-flow wp-block-column-is-layout-flow\">\n<div class=\"wp-block-columns is-layout-flex wp-container-core-columns-is-layout-9d6595d7 wp-block-columns-is-layout-flex\">\n<div class=\"wp-block-column is-layout-flow wp-block-column-is-layout-flow\">\n<figure class=\"wp-block-image size-full\"><a href=\"https:\/\/etab.ac-reunion.fr\/clg-alsace-corre\/2025\/12\/11\/programme-de-la-nuit-de-la-lecture\/\" target=\"_blank\" rel=\" noreferrer noopener\"><img loading=\"lazy\" decoding=\"async\" width=\"200\" height=\"69\" src=\"https:\/\/etab.ac-reunion.fr\/clg-alsace-corre\/wp-content\/uploads\/sites\/128\/2025\/12\/Nuit-de-la-lecture_visuel.png\" alt=\"\" class=\"wp-image-5963\" \/><\/a><\/figure>\n\n\n\n<p><\/p>\n\n\n\n<p class=\"has-text-align-center has-small-font-size\"><strong>LA NUIT DE LA LECTURE<\/strong><\/p>\n<\/div>\n\n\n\n<div class=\"wp-block-column is-layout-flow wp-block-column-is-layout-flow\">\n<figure class=\"wp-block-image size-large\"><a href=\"https:\/\/etab.ac-reunion.fr\/clg-alsace-corre\/2025\/12\/02\/la-commemoration-des-droits-de-lenfant-a-cilaos\/\" target=\"_blank\" rel=\" noreferrer noopener\"><img loading=\"lazy\" decoding=\"async\" width=\"1024\" height=\"473\" src=\"https:\/\/etab.ac-reunion.fr\/clg-alsace-corre\/wp-content\/uploads\/sites\/128\/2025\/12\/20251120_162755-1-1024x473.jpg\" alt=\"\" class=\"wp-image-5931\" srcset=\"https:\/\/etab.ac-reunion.fr\/clg-alsace-corre\/wp-content\/uploads\/sites\/128\/2025\/12\/20251120_162755-1-980x453.jpg 980w, https:\/\/etab.ac-reunion.fr\/clg-alsace-corre\/wp-content\/uploads\/sites\/128\/2025\/12\/20251120_162755-1-480x222.jpg 480w\" sizes=\"(min-width: 0px) and (max-width: 480px) 480px, (min-width: 481px) and (max-width: 980px) 980px, (min-width: 981px) 1024px, 100vw\" \/><\/a><\/figure>\n\n\n\n<p><strong>La comm\u00e9moration des droits de l\u2019enfant \u00e0 Cilaos<\/strong><\/p>\n<\/div>\n\n\n\n<div class=\"wp-block-column is-layout-flow wp-block-column-is-layout-flow\">\n<p><\/p>\n\n\n\n<p class=\"has-text-align-center\" style=\"font-size:14px\"><\/p>\n<\/div>\n<\/div>\n<\/div>\n\n\n\n<div class=\"wp-block-column is-layout-flow wp-block-column-is-layout-flow\">\n<div class=\"wp-block-columns is-layout-flex wp-container-core-columns-is-layout-9d6595d7 wp-block-columns-is-layout-flex\"><\/div>\n<\/div>\n<\/div>\n","protected":false},"excerpt":{"rendered":"<p>PRESENTATION DU COLLEGE Le Coll\u00e8ge&nbsp;Alsace Corr\u00e9&nbsp;est un \u00e9tablissement de l\u2019\u00c9ducation Prioritaire (Rep). Situ\u00e9 dans la commune de Cilaos, le r\u00e9seau est g\u00e9r\u00e9 depuis la circonscription de Saint Louis pour le [&hellip;]<\/p>\n","protected":false},"author":31029,"featured_media":0,"parent":0,"menu_order":0,"comment_status":"closed","ping_status":"closed","template":"","meta":{"_et_pb_use_builder":"off","_et_pb_old_content":"<!-- wp:paragraph {\"align\":\"center\",\"style\":{\"elements\":{\"link\":{\"color\":{\"text\":\"var:preset|color|white\"}}}},\"backgroundColor\":\"pale-pink\",\"textColor\":\"white\",\"fontSize\":\"medium\"} -->\n<p class=\"has-text-align-center has-white-color has-pale-pink-background-color has-text-color has-background has-link-color has-medium-font-size\"><strong><em>PRESENTATION DU COLLEGE<\/em><\/strong><\/p>\n<!-- \/wp:paragraph -->\n\n<!-- wp:paragraph -->\n<p><\/p>\n<!-- \/wp:paragraph -->\n\n<!-- wp:columns -->\n<div class=\"wp-block-columns\"><!-- wp:column {\"width\":\"33.33%\"} -->\n<div class=\"wp-block-column\" style=\"flex-basis:33.33%\"><!-- wp:image {\"id\":2230,\"sizeSlug\":\"large\",\"linkDestination\":\"none\",\"align\":\"center\"} -->\n<figure class=\"wp-block-image aligncenter size-large\"><img src=\"https:\/\/etab.ac-reunion.fr\/clg-alsace-corre\/wp-content\/uploads\/sites\/128\/2022\/10\/received_567906608449213-1024x801.jpeg\" alt=\"\" class=\"wp-image-2230\"\/><\/figure>\n<!-- \/wp:image -->\n\n<!-- wp:paragraph -->\n<p><\/p>\n<!-- \/wp:paragraph --><\/div>\n<!-- \/wp:column -->\n\n<!-- wp:column {\"width\":\"66.66%\"} -->\n<div class=\"wp-block-column\" style=\"flex-basis:66.66%\"><!-- wp:paragraph {\"fontSize\":\"small\"} -->\n<p class=\"has-small-font-size\">Le Coll\u00e8ge&nbsp;<a href=\"https:\/\/etab.ac-reunion.fr\/clg-alsace-corre\/qui-est-alsace-corre\/\" target=\"_blank\" rel=\"noreferrer noopener\">Alsace Corr\u00e9<\/a>&nbsp;est un \u00e9tablissement de l\u2019\u00c9ducation Prioritaire (Rep). Situ\u00e9 dans la commune de <a href=\"https:\/\/fr.wikipedia.org\/wiki\/Cilaos\" target=\"_blank\" rel=\"noreferrer noopener\">Cilaos<\/a>, le r\u00e9seau est g\u00e9r\u00e9 depuis la circonscription de Saint Louis pour le primaire et \u00e0 Cilaos pour le secondaire.<\/p>\n<!-- \/wp:paragraph -->\n\n<!-- wp:paragraph {\"fontSize\":\"small\"} -->\n<p class=\"has-small-font-size\">Plac\u00e9 au centre de cette caldeira, le coll\u00e8ge accueille tous les \u00e9l\u00e8ves de la circonscription, venant des \u00e9coles du centre du village et des \u00e9carts de Palmiste Rouge, de Mare S\u00e8che, de Bras Sec et d\u2019Ilet \u00e0 Cordes.<\/p>\n<!-- \/wp:paragraph -->\n\n<!-- wp:paragraph {\"fontSize\":\"small\"} -->\n<p class=\"has-small-font-size\">C\u2019est un petit \u00e9tablissement qui compte 280 \u00e9l\u00e8ves, r\u00e9partis dans les 12 divisions dont une section sportive RAID et <a href=\"https:\/\/etab.ac-reunion.fr\/clg-alsace-corre\/classes-chaap\/\">une section CHAAP<\/a> ( Classe \u00e0 Horaire Adapt\u00e9e Art Plastique )<\/p>\n<!-- \/wp:paragraph -->\n\n<!-- wp:paragraph {\"fontSize\":\"small\"} -->\n<p class=\"has-small-font-size\"><\/p>\n<!-- \/wp:paragraph --><\/div>\n<!-- \/wp:column --><\/div>\n<!-- \/wp:columns -->\n\n<!-- wp:paragraph {\"align\":\"center\",\"style\":{\"elements\":{\"link\":{\"color\":{\"text\":\"var:preset|color|white\"}}}},\"textColor\":\"white\",\"gradient\":\"luminous-vivid-amber-to-luminous-vivid-orange\",\"fontSize\":\"medium\"} -->\n<p class=\"has-text-align-center has-white-color has-luminous-vivid-amber-to-luminous-vivid-orange-gradient-background has-text-color has-background has-link-color has-medium-font-size\"><strong><em><a href=\"https:\/\/etab.ac-reunion.fr\/clg-alsace-corre\/category\/informations\/\">INFORMATIONS<\/a><\/em><\/strong><\/p>\n<!-- \/wp:paragraph -->\n\n<!-- wp:paragraph -->\n<p><\/p>\n<!-- \/wp:paragraph -->\n\n<!-- wp:columns -->\n<div class=\"wp-block-columns\"><!-- wp:column -->\n<div class=\"wp-block-column\"><!-- wp:columns -->\n<div class=\"wp-block-columns\"><!-- wp:column -->\n<div class=\"wp-block-column\"><!-- wp:image {\"lightbox\":{\"enabled\":false},\"id\":5498,\"sizeSlug\":\"full\",\"linkDestination\":\"custom\"} -->\n<figure class=\"wp-block-image size-full\"><a href=\"https:\/\/etab.ac-reunion.fr\/clg-alsace-corre\/2025\/06\/17\/fournitures-scolaires-et-rentree-scolaire-2023\/\"><img src=\"https:\/\/etab.ac-reunion.fr\/clg-alsace-corre\/wp-content\/uploads\/sites\/128\/2024\/07\/Logo-fournitures-scolaires200x200.png\" alt=\"\" class=\"wp-image-5498\"\/><\/a><\/figure>\n<!-- \/wp:image -->\n\n<!-- wp:paragraph {\"align\":\"center\",\"fontSize\":\"medium\"} -->\n<p class=\"has-text-align-center has-medium-font-size\"><strong>Fournitures scolaires<\/strong><\/p>\n<!-- \/wp:paragraph --><\/div>\n<!-- \/wp:column -->\n\n<!-- wp:column -->\n<div class=\"wp-block-column\"><!-- wp:image {\"lightbox\":{\"enabled\":false},\"id\":5278,\"sizeSlug\":\"full\",\"linkDestination\":\"custom\"} -->\n<figure class=\"wp-block-image size-full\"><a href=\"https:\/\/etab.ac-reunion.fr\/clg-alsace-corre\/2025\/11\/17\/presentation-du-nouveau-dnb-et-date-des-epreuves-pour-2026\/\"><img src=\"https:\/\/etab.ac-reunion.fr\/clg-alsace-corre\/wp-content\/uploads\/sites\/128\/2025\/04\/DNB.png\" alt=\"\" class=\"wp-image-5278\"\/><\/a><\/figure>\n<!-- \/wp:image -->\n\n<!-- wp:paragraph {\"align\":\"center\",\"fontSize\":\"small\"} -->\n<p class=\"has-text-align-center has-small-font-size\"><strong><strong>PRESENTATION DU NOUVEAU DNB ET DATE DES EPREUVES POUR 2026<\/strong><\/strong><\/p>\n<!-- \/wp:paragraph --><\/div>\n<!-- \/wp:column -->\n\n<!-- wp:column -->\n<div class=\"wp-block-column\"><!-- wp:image {\"id\":5653,\"sizeSlug\":\"full\",\"linkDestination\":\"none\"} -->\n<figure class=\"wp-block-image size-full\"><img src=\"https:\/\/etab.ac-reunion.fr\/clg-alsace-corre\/wp-content\/uploads\/sites\/128\/2025\/11\/gestion.jpg\" alt=\"\" class=\"wp-image-5653\"\/><\/figure>\n<!-- \/wp:image -->\n\n<!-- wp:paragraph {\"align\":\"center\"} -->\n<p class=\"has-text-align-center\"><a href=\"https:\/\/etab.ac-reunion.fr\/clg-alsace-corre\/2026\/01\/27\/fermeture-service-gestion\/\">FERMETURE SERVICE GESTION<\/a><\/p>\n<!-- \/wp:paragraph --><\/div>\n<!-- \/wp:column --><\/div>\n<!-- \/wp:columns --><\/div>\n<!-- \/wp:column -->\n\n<!-- wp:column -->\n<div class=\"wp-block-column\"><!-- wp:columns -->\n<div class=\"wp-block-columns\"><!-- wp:column -->\n<div class=\"wp-block-column\"><!-- wp:image {\"lightbox\":{\"enabled\":false},\"id\":4988,\"sizeSlug\":\"full\",\"linkDestination\":\"custom\",\"align\":\"center\"} -->\n<figure class=\"wp-block-image aligncenter size-full\"><a href=\"https:\/\/etab.ac-reunion.fr\/clg-alsace-corre\/2025\/02\/14\/attestation-scolaire-de-securite-routiere-assr\/\"><img src=\"https:\/\/etab.ac-reunion.fr\/clg-alsace-corre\/wp-content\/uploads\/sites\/128\/2025\/02\/assr.png\" alt=\"\" class=\"wp-image-4988\"\/><\/a><\/figure>\n<!-- \/wp:image --><\/div>\n<!-- \/wp:column -->\n\n<!-- wp:column -->\n<div class=\"wp-block-column\"><!-- wp:image {\"lightbox\":{\"enabled\":false},\"id\":5040,\"sizeSlug\":\"full\",\"linkDestination\":\"custom\",\"align\":\"center\"} -->\n<figure class=\"wp-block-image aligncenter size-full\"><a href=\"https:\/\/etab.ac-reunion.fr\/clg-alsace-corre\/2025\/02\/20\/la-plateforme-pix\/\"><img src=\"https:\/\/etab.ac-reunion.fr\/clg-alsace-corre\/wp-content\/uploads\/sites\/128\/2025\/02\/logo-pix2.png\" alt=\"\" class=\"wp-image-5040\"\/><\/a><\/figure>\n<!-- \/wp:image --><\/div>\n<!-- \/wp:column -->\n\n<!-- wp:column -->\n<div class=\"wp-block-column\"><!-- wp:image {\"lightbox\":{\"enabled\":false},\"id\":5814,\"sizeSlug\":\"full\",\"linkDestination\":\"custom\"} -->\n<figure class=\"wp-block-image size-full\"><a href=\"https:\/\/etab.ac-reunion.fr\/clg-alsace-corre\/2026\/01\/30\/catalogue-des-formations-formaterra\/\"><img src=\"https:\/\/etab.ac-reunion.fr\/clg-alsace-corre\/wp-content\/uploads\/sites\/128\/2024\/12\/Orientation-150x150-1.png\" alt=\"\" class=\"wp-image-5814\"\/><\/a><\/figure>\n<!-- \/wp:image --><\/div>\n<!-- \/wp:column --><\/div>\n<!-- \/wp:columns -->\n\n<!-- wp:columns -->\n<div class=\"wp-block-columns\"><!-- wp:column -->\n<div class=\"wp-block-column\"><!-- wp:paragraph {\"align\":\"center\"} -->\n<p class=\"has-text-align-center\"><strong>Attestation Scolaire de S\u00e9curit\u00e9 Routi\u00e8re (ASSR)<\/strong><\/p>\n<!-- \/wp:paragraph --><\/div>\n<!-- \/wp:column -->\n\n<!-- wp:column -->\n<div class=\"wp-block-column\"><!-- wp:paragraph {\"align\":\"center\",\"style\":{\"typography\":{\"fontSize\":\"16px\"}}} -->\n<p class=\"has-text-align-center\" style=\"font-size:16px\"><strong>La Plateforme PIX<\/strong><\/p>\n<!-- \/wp:paragraph --><\/div>\n<!-- \/wp:column -->\n\n<!-- wp:column -->\n<div class=\"wp-block-column\"><!-- wp:paragraph {\"align\":\"center\"} -->\n<p class=\"has-text-align-center\"><strong>CATALOGUE DES FORMATIONS FORMA\u2019TERRA<\/strong><\/p>\n<!-- \/wp:paragraph --><\/div>\n<!-- \/wp:column --><\/div>\n<!-- \/wp:columns --><\/div>\n<!-- \/wp:column --><\/div>\n<!-- \/wp:columns -->\n\n<!-- wp:columns -->\n<div class=\"wp-block-columns\"><!-- wp:column -->\n<div class=\"wp-block-column\"><!-- wp:columns -->\n<div class=\"wp-block-columns\"><!-- wp:column -->\n<div class=\"wp-block-column\"><!-- wp:image {\"lightbox\":{\"enabled\":false},\"id\":6253,\"sizeSlug\":\"full\",\"linkDestination\":\"custom\"} -->\n<figure class=\"wp-block-image size-full\"><a href=\"https:\/\/www.education.gouv.fr\/safer-internet-day-sensibiliser-aux-usages-du-numerique-344368\"><img src=\"https:\/\/etab.ac-reunion.fr\/clg-alsace-corre\/wp-content\/uploads\/sites\/128\/2026\/02\/safer-internet-day-2026_cr.png\" alt=\"\" class=\"wp-image-6253\"\/><\/a><\/figure>\n<!-- \/wp:image -->\n\n<!-- wp:paragraph {\"align\":\"center\"} -->\n<p class=\"has-text-align-center\"><strong>Sensibiliser aux usages du num\u00e9rique<\/strong><\/p>\n<!-- \/wp:paragraph --><\/div>\n<!-- \/wp:column -->\n\n<!-- wp:column -->\n<div class=\"wp-block-column\"><\/div>\n<!-- \/wp:column --><\/div>\n<!-- \/wp:columns --><\/div>\n<!-- \/wp:column -->\n\n<!-- wp:column -->\n<div class=\"wp-block-column\"><!-- wp:columns -->\n<div class=\"wp-block-columns\"><!-- wp:column -->\n<div class=\"wp-block-column\"><\/div>\n<!-- \/wp:column -->\n\n<!-- wp:column -->\n<div class=\"wp-block-column\"><\/div>\n<!-- \/wp:column --><\/div>\n<!-- \/wp:columns --><\/div>\n<!-- \/wp:column -->\n\n<!-- wp:column -->\n<div class=\"wp-block-column\"><!-- wp:columns -->\n<div class=\"wp-block-columns\"><!-- wp:column -->\n<div class=\"wp-block-column\"><\/div>\n<!-- \/wp:column -->\n\n<!-- wp:column -->\n<div class=\"wp-block-column\"><\/div>\n<!-- \/wp:column --><\/div>\n<!-- \/wp:columns --><\/div>\n<!-- \/wp:column --><\/div>\n<!-- \/wp:columns -->\n\n<!-- wp:paragraph {\"align\":\"center\",\"style\":{\"elements\":{\"link\":{\"color\":{\"text\":\"var:preset|color|white\"}}}},\"textColor\":\"white\",\"gradient\":\"electric-grass\",\"fontSize\":\"medium\"} -->\n<p class=\"has-text-align-center has-white-color has-electric-grass-gradient-background has-text-color has-background has-link-color has-medium-font-size\"><strong><em><a href=\"https:\/\/etab.ac-reunion.fr\/clg-alsace-corre\/category\/orientation-post-3e\/\">ORIENTATION<\/a><\/em><\/strong><\/p>\n<!-- \/wp:paragraph -->\n\n<!-- wp:paragraph -->\n<p><\/p>\n<!-- \/wp:paragraph -->\n\n<!-- wp:columns -->\n<div class=\"wp-block-columns\"><!-- wp:column -->\n<div class=\"wp-block-column\"><!-- wp:columns -->\n<div class=\"wp-block-columns\"><!-- wp:column -->\n<div class=\"wp-block-column\"><!-- wp:image {\"lightbox\":{\"enabled\":false},\"id\":5730,\"width\":\"150px\",\"height\":\"auto\",\"sizeSlug\":\"full\",\"linkDestination\":\"custom\",\"align\":\"center\"} -->\n<figure class=\"wp-block-image aligncenter size-full is-resized\"><a href=\"https:\/\/etab.ac-reunion.fr\/clg-alsace-corre\/2025\/11\/25\/forum-des-metiers-2025-2\/\"><img src=\"https:\/\/etab.ac-reunion.fr\/clg-alsace-corre\/wp-content\/uploads\/sites\/128\/2025\/11\/forum-des-metiers-200x200-2.png\" alt=\"\" class=\"wp-image-5730\" style=\"width:150px;height:auto\"\/><\/a><\/figure>\n<!-- \/wp:image -->\n\n<!-- wp:paragraph {\"align\":\"center\",\"style\":{\"typography\":{\"fontSize\":\"18px\"}}} -->\n<p class=\"has-text-align-center\" style=\"font-size:18px\"><strong>FORUM DES METIERS<\/strong><\/p>\n<!-- \/wp:paragraph --><\/div>\n<!-- \/wp:column -->\n\n<!-- wp:column -->\n<div class=\"wp-block-column\"><!-- wp:image {\"lightbox\":{\"enabled\":false},\"id\":5814,\"sizeSlug\":\"full\",\"linkDestination\":\"custom\",\"align\":\"center\"} -->\n<figure class=\"wp-block-image aligncenter size-full\"><a href=\"https:\/\/etab.ac-reunion.fr\/clg-alsace-corre\/2024\/12\/03\/orientation-post-3eme\/\"><img src=\"https:\/\/etab.ac-reunion.fr\/clg-alsace-corre\/wp-content\/uploads\/sites\/128\/2024\/12\/Orientation-150x150-1.png\" alt=\"\" class=\"wp-image-5814\"\/><\/a><\/figure>\n<!-- \/wp:image -->\n\n<!-- wp:paragraph {\"align\":\"center\",\"style\":{\"typography\":{\"fontSize\":\"18px\"}}} -->\n<p class=\"has-text-align-center\" style=\"font-size:18px\"><strong>Pr\u00e9parer l'orientation et l'affectation de votre enfant en 3\u00e8me<\/strong><\/p>\n<!-- \/wp:paragraph --><\/div>\n<!-- \/wp:column -->\n\n<!-- wp:column -->\n<div class=\"wp-block-column\"><!-- wp:image {\"lightbox\":{\"enabled\":false},\"id\":5814,\"sizeSlug\":\"full\",\"linkDestination\":\"custom\",\"align\":\"center\"} -->\n<figure class=\"wp-block-image aligncenter size-full\"><a href=\"https:\/\/etab.ac-reunion.fr\/clg-alsace-corre\/2025\/10\/10\/la-troisieme-prepapro-au-village-du-btp\/\"><img src=\"https:\/\/etab.ac-reunion.fr\/clg-alsace-corre\/wp-content\/uploads\/sites\/128\/2024\/12\/Orientation-150x150-1.png\" alt=\"\" class=\"wp-image-5814\"\/><\/a><\/figure>\n<!-- \/wp:image -->\n\n<!-- wp:paragraph {\"align\":\"center\",\"style\":{\"typography\":{\"fontSize\":\"18px\"}}} -->\n<p class=\"has-text-align-center\" style=\"font-size:18px\"><strong>La troisi\u00e8me pr\u00e9papro au village du BTP<\/strong><br><\/p>\n<!-- \/wp:paragraph --><\/div>\n<!-- \/wp:column --><\/div>\n<!-- \/wp:columns --><\/div>\n<!-- \/wp:column -->\n\n<!-- wp:column -->\n<div class=\"wp-block-column\"><!-- wp:columns -->\n<div class=\"wp-block-columns\"><!-- wp:column -->\n<div class=\"wp-block-column\"><!-- wp:image {\"lightbox\":{\"enabled\":false},\"id\":5814,\"sizeSlug\":\"full\",\"linkDestination\":\"custom\"} -->\n<figure class=\"wp-block-image size-full\"><a href=\"https:\/\/etab.ac-reunion.fr\/clg-alsace-corre\/2026\/01\/22\/porte-ouvertes-de-fevrier-2025-2\/\"><img src=\"https:\/\/etab.ac-reunion.fr\/clg-alsace-corre\/wp-content\/uploads\/sites\/128\/2024\/12\/Orientation-150x150-1.png\" alt=\"\" class=\"wp-image-5814\"\/><\/a><\/figure>\n<!-- \/wp:image -->\n\n<!-- wp:paragraph {\"align\":\"center\",\"fontSize\":\"medium\"} -->\n<p class=\"has-text-align-center has-medium-font-size\"><strong>Porte ouverte F\u00e9vrier 2026<\/strong><\/p>\n<!-- \/wp:paragraph --><\/div>\n<!-- \/wp:column -->\n\n<!-- wp:column -->\n<div class=\"wp-block-column\"><!-- wp:image {\"lightbox\":{\"enabled\":false},\"id\":5982,\"sizeSlug\":\"full\",\"linkDestination\":\"custom\"} -->\n<figure class=\"wp-block-image size-full\"><a href=\"https:\/\/orientation-regionreunion.onisep.fr\/\"><img src=\"https:\/\/etab.ac-reunion.fr\/clg-alsace-corre\/wp-content\/uploads\/sites\/128\/2026\/01\/logo.png\" alt=\"Rondavelle, la Kaz de l\u2019orientation, permet :\naux \u00e9l\u00e8ves de construire et d\u2019avancer dans leur projet d\u2019orientation ;\naux parents de se tenir inform\u00e9s ;\net aux enseignants d\u2019accompagner au mieux leurs \u00e9l\u00e8ves.\" class=\"wp-image-5982\"\/><\/a><\/figure>\n<!-- \/wp:image -->\n\n<!-- wp:paragraph -->\n<p><\/p>\n<!-- \/wp:paragraph -->\n\n<!-- wp:paragraph -->\n<p><\/p>\n<!-- \/wp:paragraph -->\n\n<!-- wp:image {\"lightbox\":{\"enabled\":false},\"id\":5088,\"sizeSlug\":\"large\",\"linkDestination\":\"custom\"} -->\n<figure class=\"wp-block-image size-large\"><a href=\"https:\/\/educonnect.education.gouv.fr\/idp\/profile\/SAML2\/POST\/SSO?execution=e1s2\" target=\"_blank\" rel=\" noreferrer noopener\"><img src=\"https:\/\/etab.ac-reunion.fr\/clg-alsace-corre\/wp-content\/uploads\/sites\/128\/2025\/04\/AVENIRS-1024x683.png\" alt=\"Plateforme ONISEP\nAVENIR\npour l'aide \u00e0 l'orientation d\u00e8s la 5\u00e8me\" class=\"wp-image-5088\"\/><\/a><\/figure>\n<!-- \/wp:image --><\/div>\n<!-- \/wp:column -->\n\n<!-- wp:column -->\n<div class=\"wp-block-column\"><\/div>\n<!-- \/wp:column --><\/div>\n<!-- \/wp:columns --><\/div>\n<!-- \/wp:column --><\/div>\n<!-- \/wp:columns -->\n\n<!-- wp:paragraph {\"align\":\"center\",\"style\":{\"elements\":{\"link\":{\"color\":{\"text\":\"var:preset|color|white\"}}}},\"textColor\":\"white\",\"gradient\":\"light-green-cyan-to-vivid-green-cyan\",\"fontSize\":\"medium\"} -->\n<p class=\"has-text-align-center has-white-color has-light-green-cyan-to-vivid-green-cyan-gradient-background has-text-color has-background has-link-color has-medium-font-size\"><strong><em><a href=\"https:\/\/etab.ac-reunion.fr\/clg-alsace-corre\/category\/developpement-durable\/ecodelegues\/\">ECODELEGUES<\/a><\/em><\/strong><\/p>\n<!-- \/wp:paragraph -->\n\n<!-- wp:paragraph -->\n<p><\/p>\n<!-- \/wp:paragraph -->\n\n<!-- wp:columns -->\n<div class=\"wp-block-columns\"><!-- wp:column -->\n<div class=\"wp-block-column\"><!-- wp:columns -->\n<div class=\"wp-block-columns\"><!-- wp:column -->\n<div class=\"wp-block-column\"><!-- wp:image {\"lightbox\":{\"enabled\":false},\"id\":5269,\"width\":\"117px\",\"height\":\"auto\",\"sizeSlug\":\"full\",\"linkDestination\":\"custom\",\"align\":\"center\"} -->\n<figure class=\"wp-block-image aligncenter size-full is-resized\"><a href=\"https:\/\/etab.ac-reunion.fr\/clg-alsace-corre\/2025\/10\/03\/rapport-du-world-clean-day-2025\/\"><img src=\"https:\/\/etab.ac-reunion.fr\/clg-alsace-corre\/wp-content\/uploads\/sites\/128\/2025\/04\/Logo-eco-delegue-site.png\" alt=\"\" class=\"wp-image-5269\" style=\"width:117px;height:auto\"\/><\/a><\/figure>\n<!-- \/wp:image -->\n\n<!-- wp:paragraph {\"align\":\"center\",\"style\":{\"typography\":{\"fontSize\":\"16px\"}}} -->\n<p class=\"has-text-align-center\" style=\"font-size:16px\"><strong>Rapport du Cilaos Clean Day 2025<\/strong><\/p>\n<!-- \/wp:paragraph --><\/div>\n<!-- \/wp:column -->\n\n<!-- wp:column -->\n<div class=\"wp-block-column\"><!-- wp:image {\"lightbox\":{\"enabled\":false},\"id\":5269,\"width\":\"116px\",\"height\":\"auto\",\"sizeSlug\":\"full\",\"linkDestination\":\"custom\",\"align\":\"center\"} -->\n<figure class=\"wp-block-image aligncenter size-full is-resized\"><a href=\"https:\/\/etab.ac-reunion.fr\/clg-alsace-corre\/2026\/01\/30\/intervention-sur-la-pollution-lumineuse-ets-portes-du-parc\/\"><img src=\"https:\/\/etab.ac-reunion.fr\/clg-alsace-corre\/wp-content\/uploads\/sites\/128\/2025\/04\/Logo-eco-delegue-site.png\" alt=\"\" class=\"wp-image-5269\" style=\"width:116px;height:auto\"\/><\/a><\/figure>\n<!-- \/wp:image -->\n\n<!-- wp:paragraph {\"align\":\"center\",\"style\":{\"typography\":{\"fontSize\":\"14px\"}}} -->\n<p class=\"has-text-align-center\" style=\"font-size:14px\"><strong>Intervention sur La Pollution lumineuse<\/strong><\/p>\n<!-- \/wp:paragraph --><\/div>\n<!-- \/wp:column -->\n\n<!-- wp:column -->\n<div class=\"wp-block-column\"><!-- wp:image {\"lightbox\":{\"enabled\":false},\"id\":6168,\"sizeSlug\":\"full\",\"linkDestination\":\"custom\"} -->\n<figure class=\"wp-block-image size-full\"><a href=\"https:\/\/etab.ac-reunion.fr\/clg-alsace-corre\/wp-content\/uploads\/sites\/128\/2026\/02\/EJ73-novembre-magazine-quiz3.pdf\" target=\"_blank\" rel=\" noreferrer noopener\"><img src=\"https:\/\/etab.ac-reunion.fr\/clg-alsace-corre\/wp-content\/uploads\/sites\/128\/2026\/02\/EJ73-novembre-magazine-quiz-1.png\" alt=\"\" class=\"wp-image-6168\"\/><\/a><\/figure>\n<!-- \/wp:image --><\/div>\n<!-- \/wp:column --><\/div>\n<!-- \/wp:columns --><\/div>\n<!-- \/wp:column -->\n\n<!-- wp:column -->\n<div class=\"wp-block-column\"><\/div>\n<!-- \/wp:column --><\/div>\n<!-- \/wp:columns -->\n\n<!-- wp:paragraph {\"align\":\"center\",\"style\":{\"color\":{\"gradient\":\"linear-gradient(189deg,rgb(255,245,203) 0%,rgb(182,227,212) 43%,rgb(51,167,181) 100%)\"},\"elements\":{\"link\":{\"color\":{\"text\":\"var:preset|color|white\"}}}},\"textColor\":\"white\",\"fontSize\":\"medium\"} -->\n<p class=\"has-text-align-center has-white-color has-text-color has-background has-link-color has-medium-font-size\" style=\"background:linear-gradient(189deg,rgb(255,245,203) 0%,rgb(182,227,212) 43%,rgb(51,167,181) 100%)\"><strong><em><a href=\"https:\/\/etab.ac-reunion.fr\/clg-alsace-corre\/ulis\/\">CLASSE ULIS<\/a><\/em><\/strong><\/p>\n<!-- \/wp:paragraph -->\n\n<!-- wp:paragraph -->\n<p><\/p>\n<!-- \/wp:paragraph -->\n\n<!-- wp:columns -->\n<div class=\"wp-block-columns\"><!-- wp:column {\"width\":\"33.33%\"} -->\n<div class=\"wp-block-column\" style=\"flex-basis:33.33%\"><!-- wp:image {\"id\":5788,\"sizeSlug\":\"full\",\"linkDestination\":\"none\",\"align\":\"center\"} -->\n<figure class=\"wp-block-image aligncenter size-full\"><img src=\"https:\/\/etab.ac-reunion.fr\/clg-alsace-corre\/wp-content\/uploads\/sites\/128\/2025\/12\/Atelier-cuisine-200x200-1.png\" alt=\"\" class=\"wp-image-5788\"\/><\/figure>\n<!-- \/wp:image --><\/div>\n<!-- \/wp:column -->\n\n<!-- wp:column {\"width\":\"66.66%\"} -->\n<div class=\"wp-block-column\" style=\"flex-basis:66.66%\"><!-- wp:paragraph {\"style\":{\"typography\":{\"fontSize\":\"16px\"}}} -->\n<p style=\"font-size:16px\"><a href=\"https:\/\/etab.ac-reunion.fr\/clg-alsace-corre\/2025\/12\/02\/classe-ulis-atelier-cuisine-du-01-12-2025\/\">ATELIER CUISINE DU 01\/12\/2025 : SABLES DE NOEL<\/a><br><a href=\"https:\/\/etab.ac-reunion.fr\/clg-alsace-corre\/2025\/10\/03\/recettes-de-cuisine-effectues-le-26-09-2025\/\">ATELIER CUISINE DU 26\/09\/2025 : CAKE AUX THON ET CAKE CAROTTES COCO<\/a><\/p>\n<!-- \/wp:paragraph --><\/div>\n<!-- \/wp:column --><\/div>\n<!-- \/wp:columns -->\n\n<!-- wp:paragraph {\"align\":\"center\",\"style\":{\"elements\":{\"link\":{\"color\":{\"text\":\"var:preset|color|white\"}}}},\"textColor\":\"white\",\"gradient\":\"blush-light-purple\",\"fontSize\":\"medium\"} -->\n<p class=\"has-text-align-center has-white-color has-blush-light-purple-gradient-background has-text-color has-background has-link-color has-medium-font-size\"><strong><em><a href=\"https:\/\/etab.ac-reunion.fr\/clg-alsace-corre\/cdi\/\">LE CDI<\/a><\/em><\/strong><\/p>\n<!-- \/wp:paragraph -->\n\n<!-- wp:paragraph -->\n<p><\/p>\n<!-- \/wp:paragraph -->\n\n<!-- wp:paragraph -->\n<p><\/p>\n<!-- \/wp:paragraph -->\n\n<!-- wp:columns -->\n<div class=\"wp-block-columns\"><!-- wp:column -->\n<div class=\"wp-block-column\"><!-- wp:columns -->\n<div class=\"wp-block-columns\"><!-- wp:column -->\n<div class=\"wp-block-column\"><!-- wp:image {\"lightbox\":{\"enabled\":false},\"id\":5963,\"sizeSlug\":\"full\",\"linkDestination\":\"custom\"} -->\n<figure class=\"wp-block-image size-full\"><a href=\"https:\/\/etab.ac-reunion.fr\/clg-alsace-corre\/2025\/12\/11\/programme-de-la-nuit-de-la-lecture\/\" target=\"_blank\" rel=\" noreferrer noopener\"><img src=\"https:\/\/etab.ac-reunion.fr\/clg-alsace-corre\/wp-content\/uploads\/sites\/128\/2025\/12\/Nuit-de-la-lecture_visuel.png\" alt=\"\" class=\"wp-image-5963\"\/><\/a><\/figure>\n<!-- \/wp:image -->\n\n<!-- wp:paragraph -->\n<p><\/p>\n<!-- \/wp:paragraph -->\n\n<!-- wp:paragraph {\"align\":\"center\",\"fontSize\":\"small\"} -->\n<p class=\"has-text-align-center has-small-font-size\"><strong>LA NUIT DE LA LECTURE<\/strong><\/p>\n<!-- \/wp:paragraph --><\/div>\n<!-- \/wp:column -->\n\n<!-- wp:column -->\n<div class=\"wp-block-column\"><!-- wp:image {\"lightbox\":{\"enabled\":false},\"id\":5931,\"sizeSlug\":\"large\",\"linkDestination\":\"custom\"} -->\n<figure class=\"wp-block-image size-large\"><a href=\"https:\/\/etab.ac-reunion.fr\/clg-alsace-corre\/2025\/12\/02\/la-commemoration-des-droits-de-lenfant-a-cilaos\/\" target=\"_blank\" rel=\" noreferrer noopener\"><img src=\"https:\/\/etab.ac-reunion.fr\/clg-alsace-corre\/wp-content\/uploads\/sites\/128\/2025\/12\/20251120_162755-1-1024x473.jpg\" alt=\"\" class=\"wp-image-5931\"\/><\/a><\/figure>\n<!-- \/wp:image -->\n\n<!-- wp:paragraph -->\n<p><strong>La comm\u00e9moration des droits de l\u2019enfant \u00e0 Cilaos<\/strong><\/p>\n<!-- \/wp:paragraph --><\/div>\n<!-- \/wp:column -->\n\n<!-- wp:column -->\n<div class=\"wp-block-column\"><!-- wp:paragraph -->\n<p><\/p>\n<!-- \/wp:paragraph -->\n\n<!-- wp:paragraph {\"align\":\"center\",\"style\":{\"typography\":{\"fontSize\":\"14px\"}}} -->\n<p class=\"has-text-align-center\" style=\"font-size:14px\"><\/p>\n<!-- \/wp:paragraph --><\/div>\n<!-- \/wp:column --><\/div>\n<!-- \/wp:columns --><\/div>\n<!-- \/wp:column -->\n\n<!-- wp:column -->\n<div class=\"wp-block-column\"><!-- wp:columns -->\n<div class=\"wp-block-columns\"><\/div>\n<!-- \/wp:columns --><\/div>\n<!-- \/wp:column --><\/div>\n<!-- \/wp:columns -->","_et_gb_content_width":"","footnotes":""},"class_list":["post-5734","page","type-page","status-publish","hentry"],"_links":{"self":[{"href":"https:\/\/etab.ac-reunion.fr\/clg-alsace-corre\/wp-json\/wp\/v2\/pages\/5734","targetHints":{"allow":["GET"]}}],"collection":[{"href":"https:\/\/etab.ac-reunion.fr\/clg-alsace-corre\/wp-json\/wp\/v2\/pages"}],"about":[{"href":"https:\/\/etab.ac-reunion.fr\/clg-alsace-corre\/wp-json\/wp\/v2\/types\/page"}],"author":[{"embeddable":true,"href":"https:\/\/etab.ac-reunion.fr\/clg-alsace-corre\/wp-json\/wp\/v2\/users\/31029"}],"replies":[{"embeddable":true,"href":"https:\/\/etab.ac-reunion.fr\/clg-alsace-corre\/wp-json\/wp\/v2\/comments?post=5734"}],"version-history":[{"count":104,"href":"https:\/\/etab.ac-reunion.fr\/clg-alsace-corre\/wp-json\/wp\/v2\/pages\/5734\/revisions"}],"predecessor-version":[{"id":6407,"href":"https:\/\/etab.ac-reunion.fr\/clg-alsace-corre\/wp-json\/wp\/v2\/pages\/5734\/revisions\/6407"}],"wp:attachment":[{"href":"https:\/\/etab.ac-reunion.fr\/clg-alsace-corre\/wp-json\/wp\/v2\/media?parent=5734"}],"curies":[{"name":"wp","href":"https:\/\/api.w.org\/{rel}","templated":true}]}}