{"id":5175,"date":"2025-04-25T11:42:34","date_gmt":"2025-04-25T07:42:34","guid":{"rendered":"https:\/\/etab.ac-reunion.fr\/clg-alsace-corre\/?post_type=tribe_events&#038;p=5175"},"modified":"2026-03-23T08:36:44","modified_gmt":"2026-03-23T04:36:44","slug":"brevet-des-college-histoire-geo-emc-sciences-langue-vivante","status":"publish","type":"tribe_events","link":"https:\/\/etab.ac-reunion.fr\/clg-alsace-corre\/event\/brevet-des-college-histoire-geo-emc-sciences-langue-vivante\/","title":{"rendered":"BREVET DES COLLEGE \u2013 Histoire-g\u00e9o \/ EMC \/ Sciences &#8211; Langue Vivante"},"content":{"rendered":"\r\n<ul class=\"wp-block-list\">\r\n<li><strong><em>Le Vendredi 27 Juin 2025<\/em><\/strong><\/li>\r\n<\/ul>\r\n\r\n\r\n\r\n<figure class=\"wp-block-table has-medium-font-size\">\r\n<table class=\"has-background has-fixed-layout\" style=\"height: 238px\" width=\"1574\">\r\n<tbody>\r\n<tr>\r\n<td>\u00a0<\/td>\r\n<td><strong>10h00 &#8211; 12h00<\/strong><\/td>\r\n<td>Histoire-g\u00e9ographie Enseignement moral et civique<\/td>\r\n<\/tr>\r\n<tr>\r\n<td><strong>Tous candidats (sauf \u00e9preuve de langue vivante \u00e9trang\u00e8re r\u00e9serv\u00e9e aux candidats individuels)<\/strong><\/td>\r\n<td><strong>15h00 &#8211; 16h00<\/strong><\/td>\r\n<td>Sciences (physique-chimie et\/ou sciences de la vie et de la Terre et\/ou technologie*)<\/td>\r\n<\/tr>\r\n<tr>\r\n<td>\u00a0<\/td>\r\n<td><strong>16h30 &#8211; 18h00<\/strong><\/td>\r\n<td>Langue vivante \u00e9trang\u00e8re<\/td>\r\n<\/tr>\r\n<\/tbody>\r\n<\/table>\r\n<\/figure>\r\n\r\n\r\n\r\n<p class=\"has-medium-font-size\"><strong>*Deux disciplines sur les trois<\/strong><\/p>\r\n","protected":false},"excerpt":{"rendered":"<p>\u00a0 10h00 &#8211; 12h00 Histoire-g\u00e9ographie Enseignement moral et civique Tous candidats (sauf \u00e9preuve de langue vivante \u00e9trang\u00e8re r\u00e9serv\u00e9e aux candidats individuels) 15h00 &#8211; 16h00 Sciences (physique-chimie et\/ou sciences de la [&hellip;]<\/p>\n","protected":false},"author":31029,"featured_media":5278,"template":"","meta":{"_et_pb_use_builder":"","_et_pb_old_content":"","_et_gb_content_width":"","_tribe_events_status":"","_tribe_events_status_reason":"","footnotes":""},"tags":[],"tribe_events_cat":[111],"class_list":["post-5175","tribe_events","type-tribe_events","status-publish","has-post-thumbnail","hentry","tribe_events_cat-dnb","cat_dnb"],"_links":{"self":[{"href":"https:\/\/etab.ac-reunion.fr\/clg-alsace-corre\/wp-json\/wp\/v2\/tribe_events\/5175","targetHints":{"allow":["GET"]}}],"collection":[{"href":"https:\/\/etab.ac-reunion.fr\/clg-alsace-corre\/wp-json\/wp\/v2\/tribe_events"}],"about":[{"href":"https:\/\/etab.ac-reunion.fr\/clg-alsace-corre\/wp-json\/wp\/v2\/types\/tribe_events"}],"author":[{"embeddable":true,"href":"https:\/\/etab.ac-reunion.fr\/clg-alsace-corre\/wp-json\/wp\/v2\/users\/31029"}],"version-history":[{"count":4,"href":"https:\/\/etab.ac-reunion.fr\/clg-alsace-corre\/wp-json\/wp\/v2\/tribe_events\/5175\/revisions"}],"predecessor-version":[{"id":5463,"href":"https:\/\/etab.ac-reunion.fr\/clg-alsace-corre\/wp-json\/wp\/v2\/tribe_events\/5175\/revisions\/5463"}],"wp:featuredmedia":[{"embeddable":true,"href":"https:\/\/etab.ac-reunion.fr\/clg-alsace-corre\/wp-json\/wp\/v2\/media\/5278"}],"wp:attachment":[{"href":"https:\/\/etab.ac-reunion.fr\/clg-alsace-corre\/wp-json\/wp\/v2\/media?parent=5175"}],"wp:term":[{"taxonomy":"post_tag","embeddable":true,"href":"https:\/\/etab.ac-reunion.fr\/clg-alsace-corre\/wp-json\/wp\/v2\/tags?post=5175"},{"taxonomy":"tribe_events_cat","embeddable":true,"href":"https:\/\/etab.ac-reunion.fr\/clg-alsace-corre\/wp-json\/wp\/v2\/tribe_events_cat?post=5175"}],"curies":[{"name":"wp","href":"https:\/\/api.w.org\/{rel}","templated":true}]}}