{"id":5498,"date":"2016-12-13T13:55:00","date_gmt":"2016-12-13T09:55:00","guid":{"rendered":"http:\/\/college-amiral-bouvet.ac-reunion.fr\/?page_id=5498"},"modified":"2026-01-15T08:18:12","modified_gmt":"2026-01-15T04:18:12","slug":"copsy","status":"publish","type":"page","link":"https:\/\/etab.ac-reunion.fr\/clg-amiral-bouvet\/vie-au-college\/service-de-sante-et-social\/copsy\/","title":{"rendered":"La Psychologue de l\u2019\u00c9ducation nationale (Psy-EN \/ COPSY)"},"content":{"rendered":"[et_pb_section fb_built=\u00a0\u00bb1&Prime; admin_label=\u00a0\u00bbsection\u00a0\u00bb _builder_version=\u00a0\u00bb4.16&Prime; global_colors_info=\u00a0\u00bb{}\u00a0\u00bb][\/et_pb_section][et_pb_section fb_built=\u00a0\u00bb1&Prime; _builder_version=\u00a0\u00bb4.27.4&Prime; _module_preset=\u00a0\u00bbdefault\u00a0\u00bb global_colors_info=\u00a0\u00bb{}\u00a0\u00bb][et_pb_row _builder_version=\u00a0\u00bb4.27.4&Prime; _module_preset=\u00a0\u00bbdefault\u00a0\u00bb global_colors_info=\u00a0\u00bb{}\u00a0\u00bb][et_pb_column type=\u00a0\u00bb4_4&Prime; _builder_version=\u00a0\u00bb4.27.4&Prime; _module_preset=\u00a0\u00bbdefault\u00a0\u00bb global_colors_info=\u00a0\u00bb{}\u00a0\u00bb][et_pb_post_title meta=\u00a0\u00bboff\u00a0\u00bb admin_label=\u00a0\u00bbTitre du poste\u00a0\u00bb _builder_version=\u00a0\u00bb4.27.4&Prime; _module_preset=\u00a0\u00bbdefault\u00a0\u00bb title_text_align=\u00a0\u00bbcenter\u00a0\u00bb title_text_color=\u00a0\u00bb#E02B20&Prime; title_font_size=\u00a0\u00bb41px\u00a0\u00bb meta_text_align=\u00a0\u00bbleft\u00a0\u00bb module_alignment=\u00a0\u00bbleft\u00a0\u00bb hover_enabled=\u00a0\u00bb0&Prime; global_colors_info=\u00a0\u00bb{}\u00a0\u00bb sticky_enabled=\u00a0\u00bb0&Prime;][\/et_pb_post_title][\/et_pb_column][\/et_pb_row][\/et_pb_section][et_pb_section fb_built=\u00a0\u00bb1&Prime; _builder_version=\u00a0\u00bb4.27.4&Prime; _module_preset=\u00a0\u00bbdefault\u00a0\u00bb global_colors_info=\u00a0\u00bb{}\u00a0\u00bb][et_pb_row _builder_version=\u00a0\u00bb4.27.4&Prime; _module_preset=\u00a0\u00bbdefault\u00a0\u00bb global_colors_info=\u00a0\u00bb{}\u00a0\u00bb][et_pb_column type=\u00a0\u00bb4_4&Prime; _builder_version=\u00a0\u00bb4.27.4&Prime; _module_preset=\u00a0\u00bbdefault\u00a0\u00bb global_colors_info=\u00a0\u00bb{}\u00a0\u00bb][et_pb_text _builder_version=\u00a0\u00bb4.27.4&Prime; _module_preset=\u00a0\u00bbdefault\u00a0\u00bb text_font_size=\u00a0\u00bb16px\u00a0\u00bb header_font_size=\u00a0\u00bb31px\u00a0\u00bb global_colors_info=\u00a0\u00bb{}\u00a0\u00bb]\n<p data-start=\"177\" data-end=\"427\">La Psychologue de l\u2019\u00c9ducation nationale, anciennement appel\u00e9e <strong data-start=\"239\" data-end=\"248\">COPSY<\/strong>, accompagne les \u00e9l\u00e8ves dans leur <strong data-start=\"282\" data-end=\"331\">parcours scolaire, personnel et d\u2019orientation<\/strong>. Elle joue un r\u00f4le essentiel d\u2019<strong data-start=\"363\" data-end=\"399\">\u00e9coute, de conseil et de soutien<\/strong> au sein de l\u2019\u00e9tablissement.<\/p>\n<p data-start=\"429\" data-end=\"460\">Les \u00e9l\u00e8ves peuvent \u00eatre re\u00e7us :<\/p>\n<ul data-start=\"461\" data-end=\"774\">\n<li data-start=\"461\" data-end=\"584\">\n<p data-start=\"463\" data-end=\"584\">pour les aider \u00e0 <strong data-start=\"480\" data-end=\"502\">mieux se conna\u00eetre<\/strong>, \u00e0 reprendre confiance et \u00e0 surmonter des difficult\u00e9s personnelles ou scolaires ;<\/p>\n<\/li>\n<li data-start=\"585\" data-end=\"701\">\n<p data-start=\"587\" data-end=\"701\">pour \u00eatre accompagn\u00e9s dans leur <strong data-start=\"619\" data-end=\"650\">r\u00e9flexion sur l\u2019orientation<\/strong> (choix de fili\u00e8res, m\u00e9tiers, poursuite d\u2019\u00e9tudes) ;<\/p>\n<\/li>\n<li data-start=\"702\" data-end=\"774\">\n<p data-start=\"704\" data-end=\"774\">en cas de <strong data-start=\"714\" data-end=\"773\">mal-\u00eatre, stress, anxi\u00e9t\u00e9 ou difficult\u00e9s relationnelles<\/strong>.<\/p>\n<\/li>\n<\/ul>\n<p data-start=\"776\" data-end=\"813\">La Psy-EN intervient \u00e9galement pour :<\/p>\n<ul data-start=\"814\" data-end=\"1106\">\n<li data-start=\"814\" data-end=\"858\">\n<p data-start=\"816\" data-end=\"858\">la <strong data-start=\"819\" data-end=\"856\">pr\u00e9vention du d\u00e9crochage scolaire<\/strong> ;<\/p>\n<\/li>\n<li data-start=\"859\" data-end=\"915\">\n<p data-start=\"861\" data-end=\"915\">le <strong data-start=\"864\" data-end=\"913\">rep\u00e9rage et le suivi des \u00e9l\u00e8ves en difficult\u00e9<\/strong> ;<\/p>\n<\/li>\n<li data-start=\"916\" data-end=\"1019\">\n<p data-start=\"918\" data-end=\"1019\">le travail en <strong data-start=\"932\" data-end=\"967\">collaboration avec les familles<\/strong>, l\u2019\u00e9quipe \u00e9ducative et les partenaires ext\u00e9rieurs ;<\/p>\n<\/li>\n<li data-start=\"1020\" data-end=\"1106\">\n<p data-start=\"1022\" data-end=\"1106\">la participation aux <strong data-start=\"1043\" data-end=\"1066\">r\u00e9unions \u00e9ducatives<\/strong> (\u00e9quipes \u00e9ducatives, suivi des \u00e9l\u00e8ves).<\/p>\n<\/li>\n<\/ul>\n<p data-start=\"1108\" data-end=\"1299\" style=\"text-align: justify\"><strong data-start=\"1108\" data-end=\"1125\">Madame H\u00e9bert<\/strong>, Psychologue de l\u2019\u00c9ducation nationale, est pr\u00e9sente au coll\u00e8ge pour \u00e9couter, accompagner et soutenir les \u00e9l\u00e8ves, dans un cadre <strong data-start=\"1253\" data-end=\"1298\">confidentiel, bienveillant et respectueux<\/strong>.<\/p>\n[\/et_pb_text][\/et_pb_column][\/et_pb_row][\/et_pb_section][et_pb_section fb_built=\u00a0\u00bb1&Prime; _builder_version=\u00a0\u00bb4.27.4&Prime; _module_preset=\u00a0\u00bbdefault\u00a0\u00bb global_colors_info=\u00a0\u00bb{}\u00a0\u00bb][et_pb_row _builder_version=\u00a0\u00bb4.27.4&Prime; _module_preset=\u00a0\u00bbdefault\u00a0\u00bb global_colors_info=\u00a0\u00bb{}\u00a0\u00bb][et_pb_column type=\u00a0\u00bb4_4&Prime; _builder_version=\u00a0\u00bb4.27.4&Prime; _module_preset=\u00a0\u00bbdefault\u00a0\u00bb global_colors_info=\u00a0\u00bb{}\u00a0\u00bb][\/et_pb_column][\/et_pb_row][\/et_pb_section]\n","protected":false},"excerpt":{"rendered":"<p>La Psychologue de l\u2019\u00c9ducation nationale, anciennement appel\u00e9e COPSY, accompagne les \u00e9l\u00e8ves dans leur parcours scolaire, personnel et d\u2019orientation. Elle joue un r\u00f4le essentiel d\u2019\u00e9coute, de conseil et de soutien au sein de l\u2019\u00e9tablissement. Les \u00e9l\u00e8ves peuvent \u00eatre re\u00e7us : pour les aider \u00e0 mieux se conna\u00eetre, \u00e0 reprendre confiance et \u00e0 surmonter des difficult\u00e9s personnelles [&hellip;]<\/p>\n","protected":false},"author":11699,"featured_media":0,"parent":5492,"menu_order":0,"comment_status":"closed","ping_status":"closed","template":"","meta":{"_et_pb_use_builder":"on","_et_pb_old_content":"","_et_gb_content_width":"","footnotes":""},"class_list":["post-5498","page","type-page","status-publish","hentry"],"_links":{"self":[{"href":"https:\/\/etab.ac-reunion.fr\/clg-amiral-bouvet\/wp-json\/wp\/v2\/pages\/5498","targetHints":{"allow":["GET"]}}],"collection":[{"href":"https:\/\/etab.ac-reunion.fr\/clg-amiral-bouvet\/wp-json\/wp\/v2\/pages"}],"about":[{"href":"https:\/\/etab.ac-reunion.fr\/clg-amiral-bouvet\/wp-json\/wp\/v2\/types\/page"}],"author":[{"embeddable":true,"href":"https:\/\/etab.ac-reunion.fr\/clg-amiral-bouvet\/wp-json\/wp\/v2\/users\/11699"}],"replies":[{"embeddable":true,"href":"https:\/\/etab.ac-reunion.fr\/clg-amiral-bouvet\/wp-json\/wp\/v2\/comments?post=5498"}],"version-history":[{"count":12,"href":"https:\/\/etab.ac-reunion.fr\/clg-amiral-bouvet\/wp-json\/wp\/v2\/pages\/5498\/revisions"}],"predecessor-version":[{"id":9727,"href":"https:\/\/etab.ac-reunion.fr\/clg-amiral-bouvet\/wp-json\/wp\/v2\/pages\/5498\/revisions\/9727"}],"up":[{"embeddable":true,"href":"https:\/\/etab.ac-reunion.fr\/clg-amiral-bouvet\/wp-json\/wp\/v2\/pages\/5492"}],"wp:attachment":[{"href":"https:\/\/etab.ac-reunion.fr\/clg-amiral-bouvet\/wp-json\/wp\/v2\/media?parent=5498"}],"curies":[{"name":"wp","href":"https:\/\/api.w.org\/{rel}","templated":true}]}}