{"id":457,"date":"2014-01-30T17:06:45","date_gmt":"2014-01-30T13:06:45","guid":{"rendered":"http:\/\/college-asoubou.ac-reunion.fr\/?p=457"},"modified":"2026-04-28T08:52:48","modified_gmt":"2026-04-28T04:52:48","slug":"antoine-soubou","status":"publish","type":"page","link":"https:\/\/etab.ac-reunion.fr\/clg-antoine-soubou\/antoine-soubou\/","title":{"rendered":"Antoine SOUBOU"},"content":{"rendered":"<p><b>A<\/b>ntoine SOUBOU est n\u00e9 le 16 avril 1919 dans le village de la Saline-les-Hauts, au sein d\u2019une famille tr\u00e8s modeste. Orphelin de p\u00e8re tr\u00e8s t\u00f4t, sa m\u00e8re \u00e9l\u00e8ve seule ses 6 enfants et 8 petits-enfants.<\/p>\n<p>\u00c9colier brillant, en 1937, il est admis \u00e0 l\u2019\u00c9cole Normale qui forme alors les futurs ma\u00eetres. En 1940, il obtient son certificat d\u2019aptitude \u00e0 la gymnastique et devient titulaire en 1942 apr\u00e8s avoir pass\u00e9 le Certificat d\u2019instituteur en 1941.<\/p>\n<p>En 1945, il se marie. De ce mariage na\u00eetront 8 enfants.<\/p>\n<p>Apr\u00e8s un premier passage en 1948, Antoine SOUBOU revient \u00e0 Saint-Paul en 1950 et y reste jusqu\u2019\u00e0 sa retraite 24 ans plus tard.<\/p>\n<p>Durant 14 ans, il enseigne essentiellement en CP, en CE et en FEP (Fin d\u2019\u00c9tudes Primaires).<\/p>\n<p>En 1955, il est directeur de l\u2019\u00c9cole de Gar\u00e7ons Centre \u00e0 Saint-Paul.<\/p>\n<p>En 1956, il est nomm\u00e9 chef d\u2019\u00e9tablissement lorsque l\u2019\u00e9cole se transforme en Coll\u00e8ge d\u2019Enseignement G\u00e9n\u00e9ral. C\u2019est la premi\u00e8re fois que ce type d\u2019\u00e9tablissement ouvre ses portes \u00e0 Saint-Paul.<\/p>\n<p>En 1965, il obtient le titre de Professeur de Coll\u00e8ge d\u2019Enseignement G\u00e9n\u00e9ral (PEGC).<\/p>\n<p>Au vu des r\u00e9sultats en constante progression de son \u00e9tablissement, il gagne la m\u00e9daille de bronze au titre de l\u2019ann\u00e9e 1966, puis celle d\u2019argent en 1968. Le 14 juillet 1969, il est \u00e9lev\u00e9 par le Ministre de l\u2019\u00c9ducation nationale, au grade de Chevalier dans l\u2019ordre des Palmes acad\u00e9miques. Enfin, le 26 f\u00e9vrier 1974, il est admis \u00e0 l\u2019honorariat de son grade (cela signifie que m\u00eame \u00e0 la retraite, il conserve son titre, certaines pr\u00e9rogatives ou distinctions honorifiques)<\/p>\n<p>Il passe les derni\u00e8res ann\u00e9es de sa vie \u00e0 Saint-Denis o\u00f9 il meurt le 23 f\u00e9vrier 1985 dans sa 66\u00e8me ann\u00e9e. Selon ses derni\u00e8res volont\u00e9s, on l\u2019enterre dans le cimeti\u00e8re de la Saline-les-Hauts.<\/p>\n<p><strong>Un coll\u00e8ge\u00a0 porte son nom depuis 1994!<\/strong><\/p>\n<p>\u00c0 l\u2019initiative de plusieurs \u00e9lus Saint-Paulois qui l\u2019ont connu et appr\u00e9ci\u00e9, le conseil municipal de Saint-Paul souhaite donner son nom au coll\u00e8ge de Saint-Paul en 1991. Ce sera chose faite trois ans plus tard.<\/p>\n<p><strong>Pour en savoir encore plus :<\/strong><\/p>\n<p>&#8211; En m\u00eame temps que ses fonctions de direction dans les ann\u00e9es 1960, Antoine SOUBOU assure l\u2019enseignement des lettres, puis celui des math\u00e9matiques, des sciences et m\u00eame du solf\u00e8ge. Difficile d\u2019\u00eatre plus polyvalent !<\/p>\n<p>&#8211; C\u2019est un passionn\u00e9 de football : footballeur dans sa jeunesse, il encourage la pratique de ce sport et fait m\u00eame partie de la direction de l\u2019\u00e9quipe de football de sa ville. Durant plusieurs ann\u00e9es, il publie dans les colonnes d\u2019un journal des comptes rendus des matchs qui se jouent \u00e0 Saint-Paul.<\/p>\n<p>&#8211; Citoyen impliqu\u00e9, il s\u2019engage en politique aupr\u00e8s du maire Evenor Lucas. Il est conseiller municipal de 1953 \u00e0 1959.<\/p>\n<p>&#8211; Une rue porte son nom \u00e0 la Saline les Hauts.<\/p>\n","protected":false},"excerpt":{"rendered":"<p>Antoine SOUBOU est n\u00e9 le 16 avril 1919 dans le village de la Saline-les-Hauts, au sein d\u2019une famille tr\u00e8s modeste. Orphelin de p\u00e8re tr\u00e8s t\u00f4t, sa m\u00e8re \u00e9l\u00e8ve seule ses 6 enfants et 8 petits-enfants. \u00c9colier brillant, en 1937, il est admis \u00e0 l\u2019\u00c9cole Normale qui forme alors les futurs&#8230;<\/p>\n<p> <a class=\"continue-reading-link\" href=\"https:\/\/etab.ac-reunion.fr\/clg-antoine-soubou\/antoine-soubou\/\"><span>Continue reading<\/span><i class=\"crycon-right-dir\"><\/i><\/a> <\/p>\n","protected":false},"author":34063,"featured_media":0,"parent":0,"menu_order":0,"comment_status":"closed","ping_status":"closed","template":"","meta":{"_EventAllDay":false,"_EventTimezone":"","_EventStartDate":"","_EventEndDate":"","_EventStartDateUTC":"","_EventEndDateUTC":"","_EventShowMap":false,"_EventShowMapLink":false,"_EventURL":"","_EventCost":"","_EventCostDescription":"","_EventCurrencySymbol":"","_EventCurrencyCode":"","_EventCurrencyPosition":"","_EventDateTimeSeparator":"","_EventTimeRangeSeparator":"","_EventOrganizerID":[],"_EventVenueID":[],"_OrganizerEmail":"","_OrganizerPhone":"","_OrganizerWebsite":"","_VenueAddress":"","_VenueCity":"","_VenueCountry":"","_VenueProvince":"","_VenueState":"","_VenueZip":"","_VenuePhone":"","_VenueURL":"","_VenueStateProvince":"","_VenueLat":"","_VenueLng":"","_VenueShowMap":false,"_VenueShowMapLink":false,"footnotes":""},"class_list":["post-457","page","type-page","status-publish","hentry"],"_links":{"self":[{"href":"https:\/\/etab.ac-reunion.fr\/clg-antoine-soubou\/wp-json\/wp\/v2\/pages\/457","targetHints":{"allow":["GET"]}}],"collection":[{"href":"https:\/\/etab.ac-reunion.fr\/clg-antoine-soubou\/wp-json\/wp\/v2\/pages"}],"about":[{"href":"https:\/\/etab.ac-reunion.fr\/clg-antoine-soubou\/wp-json\/wp\/v2\/types\/page"}],"author":[{"embeddable":true,"href":"https:\/\/etab.ac-reunion.fr\/clg-antoine-soubou\/wp-json\/wp\/v2\/users\/34063"}],"replies":[{"embeddable":true,"href":"https:\/\/etab.ac-reunion.fr\/clg-antoine-soubou\/wp-json\/wp\/v2\/comments?post=457"}],"version-history":[{"count":5,"href":"https:\/\/etab.ac-reunion.fr\/clg-antoine-soubou\/wp-json\/wp\/v2\/pages\/457\/revisions"}],"predecessor-version":[{"id":5512,"href":"https:\/\/etab.ac-reunion.fr\/clg-antoine-soubou\/wp-json\/wp\/v2\/pages\/457\/revisions\/5512"}],"wp:attachment":[{"href":"https:\/\/etab.ac-reunion.fr\/clg-antoine-soubou\/wp-json\/wp\/v2\/media?parent=457"}],"curies":[{"name":"wp","href":"https:\/\/api.w.org\/{rel}","templated":true}]}}