{"id":1131,"date":"2018-11-19T09:19:40","date_gmt":"2018-11-19T05:19:40","guid":{"rendered":"http:\/\/college-chemin-morin.ac-reunion.fr\/?page_id=1131"},"modified":"2018-12-03T09:44:00","modified_gmt":"2018-12-03T05:44:00","slug":"representants-des-parents-deleves","status":"publish","type":"page","link":"https:\/\/etab.ac-reunion.fr\/clg-chemin-morin\/representants-des-parents-deleves\/","title":{"rendered":"Repr\u00e9sentants des parents d&rsquo;\u00e9l\u00e8ves"},"content":{"rendered":"<p>Chers parents<\/p>\n<p>L\u2019ensemble des parents d\u2019\u00e9l\u00e8ves \u00e9lus au conseil d\u2019administration du coll\u00e8ge se propose, si vous en faites de la demande, de vous accompagner et de vous apporter l\u2019aide n\u00e9cessaire dans vos d\u00e9marches aupr\u00e8s du coll\u00e8ge (demandes de bourses, commission \u00e9ducative, conseil de discipline, rencontre avec enseignant, etc.)<\/p>\n<p>Pour cela vous pouvez contacter les parents \u00e0 la t\u00eate des deux listes \u00e9lues\u00a0:<\/p>\n<ul>\n<li>PAPIN Yves (La Frappe)\u00a0: T\u00e9l\u00a0: 0692256312 \/ <a href=\"mailto:papin.yves@orange.fr\">papin.yves@orange.fr<\/a><\/li>\n<li>MORIN (parents ind\u00e9pendants)\u00a0: T\u00e9l\u00a0: 0692869144 \/ m\u00e9l\u00a0: <a href=\"mailto:patrice.morin974@gmail.com\">patrice.morin974@gmail.com<\/a><\/li>\n<\/ul>\n","protected":false},"excerpt":{"rendered":"<p>Chers parents L\u2019ensemble des parents d\u2019\u00e9l\u00e8ves \u00e9lus au conseil d\u2019administration du coll\u00e8ge se propose, si vous en faites de la demande, de vous accompagner et de vous apporter l\u2019aide n\u00e9cessaire [&hellip;]<\/p>\n","protected":false},"author":13978,"featured_media":235,"parent":0,"menu_order":0,"comment_status":"closed","ping_status":"closed","template":"","meta":{"_et_pb_use_builder":"","_et_pb_old_content":"","_et_gb_content_width":"","_EventAllDay":false,"_EventTimezone":"","_EventStartDate":"","_EventEndDate":"","_EventStartDateUTC":"","_EventEndDateUTC":"","_EventShowMap":false,"_EventShowMapLink":false,"_EventURL":"","_EventCost":"","_EventCostDescription":"","_EventCurrencySymbol":"","_EventCurrencyCode":"","_EventCurrencyPosition":"","_EventDateTimeSeparator":"","_EventTimeRangeSeparator":"","_EventOrganizerID":[],"_EventVenueID":[],"_OrganizerEmail":"","_OrganizerPhone":"","_OrganizerWebsite":"","_VenueAddress":"","_VenueCity":"","_VenueCountry":"","_VenueProvince":"","_VenueState":"","_VenueZip":"","_VenuePhone":"","_VenueURL":"","_VenueStateProvince":"","_VenueLat":"","_VenueLng":"","_VenueShowMap":false,"_VenueShowMapLink":false,"footnotes":"","_links_to":"","_links_to_target":""},"class_list":["post-1131","page","type-page","status-publish","has-post-thumbnail","hentry"],"_links":{"self":[{"href":"https:\/\/etab.ac-reunion.fr\/clg-chemin-morin\/wp-json\/wp\/v2\/pages\/1131","targetHints":{"allow":["GET"]}}],"collection":[{"href":"https:\/\/etab.ac-reunion.fr\/clg-chemin-morin\/wp-json\/wp\/v2\/pages"}],"about":[{"href":"https:\/\/etab.ac-reunion.fr\/clg-chemin-morin\/wp-json\/wp\/v2\/types\/page"}],"author":[{"embeddable":true,"href":"https:\/\/etab.ac-reunion.fr\/clg-chemin-morin\/wp-json\/wp\/v2\/users\/13978"}],"replies":[{"embeddable":true,"href":"https:\/\/etab.ac-reunion.fr\/clg-chemin-morin\/wp-json\/wp\/v2\/comments?post=1131"}],"version-history":[{"count":2,"href":"https:\/\/etab.ac-reunion.fr\/clg-chemin-morin\/wp-json\/wp\/v2\/pages\/1131\/revisions"}],"predecessor-version":[{"id":1191,"href":"https:\/\/etab.ac-reunion.fr\/clg-chemin-morin\/wp-json\/wp\/v2\/pages\/1131\/revisions\/1191"}],"wp:featuredmedia":[{"embeddable":true,"href":"https:\/\/etab.ac-reunion.fr\/clg-chemin-morin\/wp-json\/wp\/v2\/media\/235"}],"wp:attachment":[{"href":"https:\/\/etab.ac-reunion.fr\/clg-chemin-morin\/wp-json\/wp\/v2\/media?parent=1131"}],"curies":[{"name":"wp","href":"https:\/\/api.w.org\/{rel}","templated":true}]}}