{"id":2361,"date":"2022-09-07T08:34:49","date_gmt":"2022-09-07T04:34:49","guid":{"rendered":"https:\/\/etab.ac-reunion.fr\/clg-chemin-morin\/?page_id=2361"},"modified":"2023-04-12T18:04:29","modified_gmt":"2023-04-12T14:04:29","slug":"eps","status":"publish","type":"page","link":"https:\/\/etab.ac-reunion.fr\/clg-chemin-morin\/eps\/","title":{"rendered":"EPS"},"content":{"rendered":"[et_pb_section fb_built=\u00a0\u00bb1&Prime; _builder_version=\u00a0\u00bb4.18.0&Prime; _module_preset=\u00a0\u00bbdefault\u00a0\u00bb global_colors_info=\u00a0\u00bb{}\u00a0\u00bb][et_pb_row _builder_version=\u00a0\u00bb4.18.0&Prime; _module_preset=\u00a0\u00bbdefault\u00a0\u00bb background_image=\u00a0\u00bbhttps:\/\/etab.ac-reunion.fr\/clg-chemin-morin\/wp-content\/uploads\/sites\/38\/2022\/09\/14Kayak-Oct-21-scaled.jpg\u00a0\u00bb global_colors_info=\u00a0\u00bb{}\u00a0\u00bb][et_pb_column type=\u00a0\u00bb4_4&Prime; _builder_version=\u00a0\u00bb4.18.0&Prime; _module_preset=\u00a0\u00bbdefault\u00a0\u00bb global_colors_info=\u00a0\u00bb{}\u00a0\u00bb][et_pb_text _builder_version=\u00a0\u00bb4.18.0&Prime; _module_preset=\u00a0\u00bbdefault\u00a0\u00bb text_font=\u00a0\u00bbABeeZee||||||||\u00a0\u00bb text_text_color=\u00a0\u00bb#E02B20&Prime; text_font_size=\u00a0\u00bb100px\u00a0\u00bb ul_text_align=\u00a0\u00bbcenter\u00a0\u00bb background_enable_image=\u00a0\u00bboff\u00a0\u00bb background_size=\u00a0\u00bbcustom\u00a0\u00bb animation_style=\u00a0\u00bbzoom\u00a0\u00bb text_text_shadow_style=\u00a0\u00bbpreset5&Prime; box_shadow_style=\u00a0\u00bbpreset3&Prime; global_colors_info=\u00a0\u00bb{}\u00a0\u00bb]\n<p><strong>EPS<\/strong><\/p>\n[\/et_pb_text][\/et_pb_column][\/et_pb_row][et_pb_row _builder_version=\u00a0\u00bb4.20.4&Prime; _module_preset=\u00a0\u00bbdefault\u00a0\u00bb][et_pb_column _builder_version=\u00a0\u00bb4.20.4&Prime; _module_preset=\u00a0\u00bbdefault\u00a0\u00bb type=\u00a0\u00bb4_4&Prime;][et_pb_text _builder_version=\u00a0\u00bb4.20.4&Prime; _module_preset=\u00a0\u00bbdefault\u00a0\u00bb background_color=\u00a0\u00bbrgba(224,153,0,0.28)\u00a0\u00bb background_enable_mask_style=\u00a0\u00bbon\u00a0\u00bb background_mask_transform=\u00a0\u00bbinvert\u00a0\u00bb hover_enabled=\u00a0\u00bb0&Prime; sticky_enabled=\u00a0\u00bb0&Prime;]\n<h1 style=\"text-align: center\"><span style=\"color: #008080\">Les athl\u00e8tes \u00e0\u00a0 \u00e9tang sal\u00e9 avec <\/span><\/h1>\n<h1 style=\"text-align: center\"><span style=\"color: #008080\">la s\u00e9lection fran\u00e7aise de sprint<\/span><\/h1>\n[\/et_pb_text][\/et_pb_column][\/et_pb_row][et_pb_row _builder_version=\u00a0\u00bb4.20.4&Prime; _module_preset=\u00a0\u00bbdefault\u00a0\u00bb column_structure=\u00a0\u00bb2_3,1_3&Prime;][et_pb_column _builder_version=\u00a0\u00bb4.20.4&Prime; _module_preset=\u00a0\u00bbdefault\u00a0\u00bb type=\u00a0\u00bb2_3&Prime;][et_pb_image src=\u00a0\u00bbhttps:\/\/etab.ac-reunion.fr\/clg-chemin-morin\/wp-content\/uploads\/sites\/38\/2023\/04\/20230412_171937-scaled.jpg\u00a0\u00bb _builder_version=\u00a0\u00bb4.20.4&Prime; _module_preset=\u00a0\u00bbdefault\u00a0\u00bb hover_enabled=\u00a0\u00bb0&Prime; sticky_enabled=\u00a0\u00bb0&Prime;][\/et_pb_image][et_pb_image src=\u00a0\u00bbhttps:\/\/etab.ac-reunion.fr\/clg-chemin-morin\/wp-content\/uploads\/sites\/38\/2023\/04\/20230412_163858-scaled.jpg\u00a0\u00bb _builder_version=\u00a0\u00bb4.20.4&Prime; _module_preset=\u00a0\u00bbdefault\u00a0\u00bb hover_enabled=\u00a0\u00bb0&Prime; sticky_enabled=\u00a0\u00bb0&Prime;][\/et_pb_image][et_pb_divider _builder_version=\u00a0\u00bb4.20.4&Prime; _module_preset=\u00a0\u00bbdefault\u00a0\u00bb background_color=\u00a0\u00bbrgba(6,94,102,0.86)\u00a0\u00bb background_enable_mask_style=\u00a0\u00bbon\u00a0\u00bb hover_enabled=\u00a0\u00bb0&Prime; sticky_enabled=\u00a0\u00bb0&Prime;][\/et_pb_divider][\/et_pb_column][et_pb_column _builder_version=\u00a0\u00bb4.20.4&Prime; _module_preset=\u00a0\u00bbdefault\u00a0\u00bb type=\u00a0\u00bb1_3&Prime;][et_pb_text _builder_version=\u00a0\u00bb4.20.4&Prime; _module_preset=\u00a0\u00bbdefault\u00a0\u00bb hover_enabled=\u00a0\u00bb0&Prime; sticky_enabled=\u00a0\u00bb0&Prime;]\n<h3 style=\"text-align: center\"><span style=\"color: #008080\"><strong>C<\/strong>e mercredi 12 avril les athl\u00e8tes du coll\u00e8ge se sont rendus \u00e0 \u00e9tang sal\u00e9 pour une nouvelle rencontre acad\u00e9mique qualificative pour les championnats de France. Ils ont d&rsquo;ailleurs rencontr\u00e9 la s\u00e9lection fran\u00e7aise de sprint fra\u00eechement d\u00e9barqu\u00e9e de l&rsquo;avion.<\/span><\/h3>\n<div style=\"text-align: justify\"><\/div>\n<div style=\"text-align: justify\">Le championnat etait bas\u00e9 sur une formule par \u00e9quipes,\u00a0 mixte et paritaire o\u00f9 filles et gar\u00e7ons se passent le t\u00e9moin en relais,\u00a0 s&rsquo;encouragent et se conseillent mutuellement d&rsquo;une \u00e9preuve \u00e0 l&rsquo;autre, rapportent des points \u00e0 leur \u00e9quipe. Chacun.e s&rsquo;est \u00e9prouv\u00e9.e en courses , sauts et lancers avec de nombreuses performances qui rel\u00e8vent du d\u00e9passement de soi.\u00a0<\/div>\n<div style=\"text-align: justify\"><\/div>\n<div style=\"text-align: justify\">Toutefois au classement final les \u00e9quipes ratent de peu la 3e marche du podium pourtant \u00e0 port\u00e9e de foul\u00e9e. Une l\u00e9g\u00e8re d\u00e9ception qui devrait accro\u00eetre la d\u00e9termination des \u00e9l\u00e8ves pour exprimer leur meilleur niveau au prochain et dernier championnat m\u00e9daill\u00e9 de l&rsquo;ann\u00e9e : le championnat district du 31 mai 2023 qui aura lieu \u00e0 ste Anne ! Rejoignez les !<\/div>\n[\/et_pb_text][\/et_pb_column][\/et_pb_row][et_pb_row _builder_version=\u00a0\u00bb4.19.1&Prime; _module_preset=\u00a0\u00bbdefault\u00a0\u00bb global_colors_info=\u00a0\u00bb{}\u00a0\u00bb][et_pb_column type=\u00a0\u00bb4_4&Prime; _builder_version=\u00a0\u00bb4.19.1&Prime; _module_preset=\u00a0\u00bbdefault\u00a0\u00bb global_colors_info=\u00a0\u00bb{}\u00a0\u00bb][et_pb_text _builder_version=\u00a0\u00bb4.20.2&Prime; _module_preset=\u00a0\u00bbdefault\u00a0\u00bb text_font_size=\u00a0\u00bb29px\u00a0\u00bb background_color=\u00a0\u00bbrgba(224,43,32,0.47)\u00a0\u00bb background_enable_mask_style=\u00a0\u00bbon\u00a0\u00bb background_mask_style=\u00a0\u00bbpaint\u00a0\u00bb text_text_shadow_style=\u00a0\u00bbpreset2&Prime; text_text_shadow_horizontal_length=\u00a0\u00bb0.04em\u00a0\u00bb text_text_shadow_color=\u00a0\u00bb#FFFFFF\u00a0\u00bb global_colors_info=\u00a0\u00bb{}\u00a0\u00bb]\n<h1 style=\"text-align: center\"><span style=\"color: #339966\">Moisson de m\u00e9dailles et de goyaviers !<\/span><\/h1>\n[\/et_pb_text][\/et_pb_column][\/et_pb_row][et_pb_row column_structure=\u00a0\u00bb1_2,1_2&Prime; _builder_version=\u00a0\u00bb4.20.2&Prime; _module_preset=\u00a0\u00bbdefault\u00a0\u00bb global_colors_info=\u00a0\u00bb{}\u00a0\u00bb][et_pb_column type=\u00a0\u00bb1_2&Prime; _builder_version=\u00a0\u00bb4.20.2&Prime; _module_preset=\u00a0\u00bbdefault\u00a0\u00bb global_colors_info=\u00a0\u00bb{}\u00a0\u00bb][et_pb_text _builder_version=\u00a0\u00bb4.20.2&Prime; _module_preset=\u00a0\u00bbdefault\u00a0\u00bb global_colors_info=\u00a0\u00bb{}\u00a0\u00bb]\n<div>Ce mercredi 29 mars , les bin\u00f4mes de randonneurs du coll\u00e8ge ont gravi le sentier de l&rsquo;EDEN et tous les podiums ! 800 m\u00e8tres de d\u00e9nivel\u00e9 positif,\u00a0 14 kilom\u00e8tres au total et 12 m\u00e9dailles suppl\u00e9mentaires. La plus belle r\u00e9compense demeure cette vue panoramique de ste Suzanne \u00e0 st Beno\u00eet,\u00a0 avec le coll\u00e8ge,\u00a0 minuscule au loin&#8230;<\/div>\n<div>Une mani\u00e8re de repenser la g\u00e9ographie de son \u00eele tout en mesurant le privil\u00e8ge d&rsquo;y vivre. \u00c9puis\u00e9s mais ravis, des goyaviers plein le sac, les \u00e9l\u00e8ves m\u00e9daill\u00e9s iront d\u00e9fendre les couleurs de chemin Morin,\u00a0 sur un autre sommet,\u00a0 le 26 avril prochain \u00e0 la plaine des cafres, pour le championnat acad\u00e9mique de randonn\u00e9es sportive.\u00a0<\/div>\n[\/et_pb_text][\/et_pb_column][et_pb_column type=\u00a0\u00bb1_2&Prime; _builder_version=\u00a0\u00bb4.20.2&Prime; _module_preset=\u00a0\u00bbdefault\u00a0\u00bb global_colors_info=\u00a0\u00bb{}\u00a0\u00bb][et_pb_gallery gallery_ids=\u00a0\u00bb3075,3074,3073,3071&Prime; _builder_version=\u00a0\u00bb4.20.2&Prime; _module_preset=\u00a0\u00bbdefault\u00a0\u00bb global_colors_info=\u00a0\u00bb{}\u00a0\u00bb][\/et_pb_gallery][\/et_pb_column][\/et_pb_row][et_pb_row _builder_version=\u00a0\u00bb4.20.2&Prime; _module_preset=\u00a0\u00bbdefault\u00a0\u00bb global_colors_info=\u00a0\u00bb{}\u00a0\u00bb][et_pb_column type=\u00a0\u00bb4_4&Prime; _builder_version=\u00a0\u00bb4.20.2&Prime; _module_preset=\u00a0\u00bbdefault\u00a0\u00bb global_colors_info=\u00a0\u00bb{}\u00a0\u00bb][et_pb_divider _builder_version=\u00a0\u00bb4.20.2&Prime; _module_preset=\u00a0\u00bbdefault\u00a0\u00bb background_enable_pattern_style=\u00a0\u00bbon\u00a0\u00bb background_pattern_style=\u00a0\u00bbshippo\u00a0\u00bb background_pattern_color=\u00a0\u00bbrgba(64,140,120,0.45)\u00a0\u00bb global_colors_info=\u00a0\u00bb{}\u00a0\u00bb][\/et_pb_divider][\/et_pb_column][\/et_pb_row][et_pb_row column_structure=\u00a0\u00bb2_5,3_5&Prime; _builder_version=\u00a0\u00bb4.19.1&Prime; _module_preset=\u00a0\u00bbdefault\u00a0\u00bb global_colors_info=\u00a0\u00bb{}\u00a0\u00bb][et_pb_column type=\u00a0\u00bb2_5&Prime; _builder_version=\u00a0\u00bb4.19.1&Prime; _module_preset=\u00a0\u00bbdefault\u00a0\u00bb global_colors_info=\u00a0\u00bb{}\u00a0\u00bb][et_pb_text _builder_version=\u00a0\u00bb4.20.2&Prime; _module_preset=\u00a0\u00bbdefault\u00a0\u00bb global_colors_info=\u00a0\u00bb{}\u00a0\u00bb]\n<div><\/div>\n<h2 style=\"text-align: center\"><strong>Encore des r\u00e9compenses\u00a0 !<\/strong><\/h2>\n<div>Ce mercredi 23 novembre 2022, les athl\u00e8tes du coll\u00e8ge ont brill\u00e9 d&rsquo;or, d&rsquo;argent et de bronze aux championnats acad\u00e9mique par \u00e9quipe. Une r\u00e9colte de m\u00e9dailles qui d\u00e9passe toutes attentes, au del\u00e0 des pr\u00e9c\u00e9dents records pour une comp\u00e9tition de cette envergure =<span style=\"color: #993300\"><strong> 30 m\u00e9dailles au total !!!<\/strong><\/span> Les \u00e9l\u00e8ves du coll\u00e8ge Chemin Morin ont fait preuve de d\u00e9termination,\u00a0 de solidarit\u00e9 et\u00a0 d&rsquo;entraide,\u00a0 tout en d\u00e9ployant beaucoup d&rsquo;\u00e9nergie en : sprint,\u00a0 course de haies,\u00a0 lancer de poids, 1000m, relais 4x60m, saut en longueur&#8230; Certain.e.s ont \u00e9galement sympathis\u00e9 avec les autres coll\u00e9gien.ne.s de l&rsquo;\u00eele parmi les 8 autres \u00e9tablissements pr\u00e9sents.<\/div>\n<div><\/div>\n<div>Prochains entra\u00eenements\u00a0 :<strong><span style=\"color: #993300\"> le mercredi apr\u00e8s-midi au coll\u00e8ge de 12h30 \u00e0 14h30 !\u00a0<\/span><\/strong><\/div>\n<div>Rejoignez nous, rejoignez les championnes et champions du coll\u00e8ge chemin Morin \u00e0 l&rsquo;association sportive athl\u00e9tisme.<\/div>\n[\/et_pb_text][\/et_pb_column][et_pb_column type=\u00a0\u00bb3_5&Prime; _builder_version=\u00a0\u00bb4.19.1&Prime; _module_preset=\u00a0\u00bbdefault\u00a0\u00bb global_colors_info=\u00a0\u00bb{}\u00a0\u00bb][et_pb_gallery gallery_ids=\u00a0\u00bb2931,2932,2933&Prime; _builder_version=\u00a0\u00bb4.19.1&Prime; _module_preset=\u00a0\u00bbdefault\u00a0\u00bb background_color=\u00a0\u00bbRGBA(255,255,255,0)\u00a0\u00bb min_height=\u00a0\u00bb360.6px\u00a0\u00bb custom_margin=\u00a0\u00bb||-126px|||\u00a0\u00bb custom_padding=\u00a0\u00bb0px|||||\u00a0\u00bb global_colors_info=\u00a0\u00bb{}\u00a0\u00bb][\/et_pb_gallery][et_pb_button button_url=\u00a0\u00bbhttps:\/\/www.youtube.com\/watch?v=KNI2Rsx2RfE\u00a0\u00bb button_text=\u00a0\u00bbVoir la vid\u00e9o\u00a0\u00bb _builder_version=\u00a0\u00bb4.19.1&Prime; _module_preset=\u00a0\u00bbdefault\u00a0\u00bb custom_button=\u00a0\u00bbon\u00a0\u00bb button_text_size=\u00a0\u00bb31px\u00a0\u00bb button_text_color=\u00a0\u00bb#E02B20&Prime; button_bg_color=\u00a0\u00bb#d8c7e8&Prime; button_border_radius=\u00a0\u00bb44px\u00a0\u00bb global_colors_info=\u00a0\u00bb{}\u00a0\u00bb][\/et_pb_button][\/et_pb_column][\/et_pb_row][et_pb_row _builder_version=\u00a0\u00bb4.19.0&Prime; _module_preset=\u00a0\u00bbdefault\u00a0\u00bb global_colors_info=\u00a0\u00bb{}\u00a0\u00bb][et_pb_column type=\u00a0\u00bb4_4&Prime; _builder_version=\u00a0\u00bb4.19.0&Prime; _module_preset=\u00a0\u00bbdefault\u00a0\u00bb global_colors_info=\u00a0\u00bb{}\u00a0\u00bb][et_pb_text _builder_version=\u00a0\u00bb4.19.0&Prime; _module_preset=\u00a0\u00bbdefault\u00a0\u00bb background_color=\u00a0\u00bb#E09900&Prime; global_colors_info=\u00a0\u00bb{}\u00a0\u00bb]\n<h1 style=\"text-align: center\"><span style=\"color: #ffffff\">Accro au CROSS !<\/span><\/h1>\n<div><\/div>\n[\/et_pb_text][\/et_pb_column][\/et_pb_row][et_pb_row column_structure=\u00a0\u00bb2_3,1_3&Prime; _builder_version=\u00a0\u00bb4.19.0&Prime; _module_preset=\u00a0\u00bbdefault\u00a0\u00bb global_colors_info=\u00a0\u00bb{}\u00a0\u00bb][et_pb_column type=\u00a0\u00bb2_3&Prime; _builder_version=\u00a0\u00bb4.19.0&Prime; _module_preset=\u00a0\u00bbdefault\u00a0\u00bb global_colors_info=\u00a0\u00bb{}\u00a0\u00bb][et_pb_gallery gallery_ids=\u00a0\u00bb2875,2874,2872,2878&Prime; show_title_and_caption=\u00a0\u00bboff\u00a0\u00bb show_pagination=\u00a0\u00bboff\u00a0\u00bb _builder_version=\u00a0\u00bb4.19.0&Prime; _module_preset=\u00a0\u00bbdefault\u00a0\u00bb global_colors_info=\u00a0\u00bb{}\u00a0\u00bb][\/et_pb_gallery][\/et_pb_column][et_pb_column type=\u00a0\u00bb1_3&Prime; _builder_version=\u00a0\u00bb4.19.0&Prime; _module_preset=\u00a0\u00bbdefault\u00a0\u00bb global_colors_info=\u00a0\u00bb{}\u00a0\u00bb][et_pb_text _builder_version=\u00a0\u00bb4.19.0&Prime; _module_preset=\u00a0\u00bbdefault\u00a0\u00bb global_colors_info=\u00a0\u00bb{}\u00a0\u00bb]\n<p style=\"font-weight: 400\"><span style=\"color: #ff6600\"><strong><\/strong><\/span><\/p>\n<p style=\"font-weight: 400\"><span style=\"color: #ff6600\"><strong><\/strong><\/span><\/p>\n<p style=\"font-weight: 400\"><span style=\"color: #ff6600\"><strong><\/strong><\/span><\/p>\n<p style=\"font-weight: 400\"><span style=\"color: #ff6600\"><strong><\/strong><\/span><\/p>\n<p style=\"font-weight: 400\"><span style=\"color: #ff6600\"><strong><\/strong><\/span><\/p>\n<p style=\"font-weight: 400\"><span style=\"color: #ff6600\"><strong><\/strong><\/span><\/p>\n<p style=\"font-weight: 400\"><span style=\"color: #ff6600\"><strong><\/strong><\/span><\/p>\n<p style=\"font-weight: 400\"><span style=\"color: #ff6600\"><strong><\/strong><strong>______________________________<\/strong><\/span><\/p>\n<p style=\"font-weight: 400\"><span style=\"color: #ff6600\"><strong><\/strong><\/span><\/p>\n<p style=\"font-weight: 400\"><span style=\"color: #ff6600\"><strong>A<\/strong><\/span>pr\u00e8s 2 ans d\u2019attente en raison du contexte sanitaire, nouveau d\u00e9part pour le CROSS du coll\u00e8ge, \u00e9dition 2022. Durant la matin\u00e9e du Vendredi 07 octobre 2022, les \u00e9l\u00e8ves du coll\u00e8ge et des \u00e9coles de secteur (CM1 et CM2, futur.e.s coll\u00e9gien.ne.s), se sont succ\u00e9d\u00e9s sur les parcours et ont r\u00e9alis\u00e9 entre 1200 m et 2400 m. Des parcours calibr\u00e9s aux capacit\u00e9s d\u2019endurance des \u00e9l\u00e8ves pour que chacun puisse adopter une allure et un projet de course adapt\u00e9 \u00e0 ses potentialit\u00e9s.<span>\u00a0<\/span><\/p>\n<p style=\"font-weight: 400\">[\/et_pb_text][\/et_pb_column][\/et_pb_row][et_pb_row _builder_version=\u00a0\u00bb4.19.0&Prime; _module_preset=\u00a0\u00bbdefault\u00a0\u00bb global_colors_info=\u00a0\u00bb{}\u00a0\u00bb][et_pb_column type=\u00a0\u00bb4_4&Prime; _builder_version=\u00a0\u00bb4.19.0&Prime; _module_preset=\u00a0\u00bbdefault\u00a0\u00bb global_colors_info=\u00a0\u00bb{}\u00a0\u00bb][et_pb_text _builder_version=\u00a0\u00bb4.19.0&Prime; _module_preset=\u00a0\u00bbdefault\u00a0\u00bb global_colors_info=\u00a0\u00bb{}\u00a0\u00bb]\n<p style=\"font-weight: 400\"><span style=\"color: #ff6600\"><strong>A<\/strong><\/span>u-del\u00e0 des comp\u00e9tences li\u00e9es \u00e0 la gestion de l\u2019effort, ce sont aussi les qualit\u00e9s citoyennes, l\u2019altruisme, l\u2019entraide et les \u00e9motions partag\u00e9es dans une ambiance survolt\u00e9e qui ont fait de cet \u00e9v\u00e8nement sportif une r\u00e9ussite. L\u2019ensemble des personnels de l\u2019\u00e9tablissement ont d\u2019ailleurs pris une part importante dans l\u2019organisation, que ce soit dans l\u2019aiguillage des \u00e9l\u00e8ves, l\u2019encadrement, voire la participation aux courses (assistants d\u2019\u00e9ducation, enseignant.e.s et la cheffe d\u2019\u00e9tablissement ont pris le d\u00e9part en compagnie des \u00e9l\u00e8ves).<span>\u00a0<\/span><span>\u00a0<\/span><span>\u00a0<\/span><span>\u00a0<\/span><\/p>\n<p style=\"font-weight: 400\"><span style=\"color: #ff6600\"><strong>L<\/strong><\/span>\u2019\u00e9quipe EPS remercie et f\u00e9licite l\u2019ensemble des participant.e.s et des encadrant.e.s, et vous donne rendez-vous en octobre 2023 pour la prochaine \u00e9dition du cross du coll\u00e8ge.<span>\u00a0<\/span><span>\u00a0<\/span><\/p>\n[\/et_pb_text][\/et_pb_column][\/et_pb_row][et_pb_row _builder_version=\u00a0\u00bb4.19.0&Prime; _module_preset=\u00a0\u00bbdefault\u00a0\u00bb global_colors_info=\u00a0\u00bb{}\u00a0\u00bb][et_pb_column type=\u00a0\u00bb4_4&Prime; _builder_version=\u00a0\u00bb4.19.0&Prime; _module_preset=\u00a0\u00bbdefault\u00a0\u00bb global_colors_info=\u00a0\u00bb{}\u00a0\u00bb][et_pb_divider divider_weight=\u00a0\u00bb0px\u00a0\u00bb _builder_version=\u00a0\u00bb4.19.0&Prime; _module_preset=\u00a0\u00bbdefault\u00a0\u00bb background_enable_mask_style=\u00a0\u00bbon\u00a0\u00bb background_mask_style=\u00a0\u00bbhoneycomb\u00a0\u00bb background_mask_color=\u00a0\u00bb#E09900&Prime; width=\u00a0\u00bb77%\u00a0\u00bb max_width=\u00a0\u00bb91%\u00a0\u00bb module_alignment=\u00a0\u00bbcenter\u00a0\u00bb global_colors_info=\u00a0\u00bb{}\u00a0\u00bb][\/et_pb_divider][\/et_pb_column][\/et_pb_row][et_pb_row _builder_version=\u00a0\u00bb4.19.0&Prime; _module_preset=\u00a0\u00bbdefault\u00a0\u00bb global_colors_info=\u00a0\u00bb{}\u00a0\u00bb][et_pb_column type=\u00a0\u00bb4_4&Prime; _builder_version=\u00a0\u00bb4.19.0&Prime; _module_preset=\u00a0\u00bbdefault\u00a0\u00bb global_colors_info=\u00a0\u00bb{}\u00a0\u00bb][et_pb_text _builder_version=\u00a0\u00bb4.19.0&Prime; _module_preset=\u00a0\u00bbdefault\u00a0\u00bb header_text_align=\u00a0\u00bbright\u00a0\u00bb background_color=\u00a0\u00bb#afd888&Prime; text_text_shadow_style=\u00a0\u00bbpreset1&Prime; global_colors_info=\u00a0\u00bb{}\u00a0\u00bb]\n<h1 style=\"text-align: center\"><span style=\"color: #ffffff\">Sauter, lancer, courir\u2026se d\u00e9couvrir avec l&rsquo;Association sportive Athl\u00e9tisme !<\/span><\/h1>\n<div><\/div>\n[\/et_pb_text][\/et_pb_column][\/et_pb_row][et_pb_row _builder_version=\u00a0\u00bb4.19.0&Prime; _module_preset=\u00a0\u00bbdefault\u00a0\u00bb global_colors_info=\u00a0\u00bb{}\u00a0\u00bb][et_pb_column type=\u00a0\u00bb4_4&Prime; _builder_version=\u00a0\u00bb4.19.0&Prime; _module_preset=\u00a0\u00bbdefault\u00a0\u00bb global_colors_info=\u00a0\u00bb{}\u00a0\u00bb][et_pb_text _builder_version=\u00a0\u00bb4.19.0&Prime; _module_preset=\u00a0\u00bbdefault\u00a0\u00bb global_colors_info=\u00a0\u00bb{}\u00a0\u00bb]\n<div>\u00c7a y est la saison <strong><span style=\"color: #008000\">2022-2023<\/span><\/strong> des rencontres, comp\u00e9titions, sorties \u00e0 l&rsquo;association sportive du coll\u00e8ge est bien lanc\u00e9e !\u00a0<\/div>\n<div>D\u00e8s le retour des vacances de toussaint, les athl\u00e8tes de Chemin MORIN \u00e9taient pr\u00e9sents en nombre sur la piste, au stade de SARDA, pour affronter les autres coll\u00e8ges de l&rsquo;EST.\u00a0<\/div>\n<div>Un groupe soud\u00e9 et de belles performances avec une premi\u00e8re r\u00e9colte de m\u00e9dailles en vitesse, en saut en longueur, au lancer de poids mais \u00e9galement au 1000 m\u00e8tres.\u00a0<\/div>\n<div>Prochaine \u00e9tape : se mesurer aux autres coll\u00e8ges de l&rsquo;\u00eele, \u00e0 l&rsquo;occasion du championnat acad\u00e9mique d&rsquo;Athl\u00e9tisme, \u00e0 St Denis, durant la journ\u00e9e du<span style=\"color: #008000\"><strong> 23 novembre 2022.\u00a0<\/strong><\/span><\/div>\n<div>A celles et ceux qui veulent courir, sauter, lancer, se relayer, vous trouverez ci-joint le programme de l&rsquo;ann\u00e9e. Rejoignez nous !<\/div>\n<div>Chaque mercredi une activit\u00e9, un entrainement, une sortie&#8230;.pour les \u00e9l\u00e8ves inscrits \u00e0 l&rsquo;association sportive du coll\u00e8ge.\u00a0<\/div>\n[\/et_pb_text][\/et_pb_column][\/et_pb_row][et_pb_row column_structure=\u00a0\u00bb1_2,1_2&Prime; _builder_version=\u00a0\u00bb4.19.0&Prime; _module_preset=\u00a0\u00bbdefault\u00a0\u00bb global_colors_info=\u00a0\u00bb{}\u00a0\u00bb][et_pb_column type=\u00a0\u00bb1_2&Prime; _builder_version=\u00a0\u00bb4.19.0&Prime; _module_preset=\u00a0\u00bbdefault\u00a0\u00bb global_colors_info=\u00a0\u00bb{}\u00a0\u00bb][et_pb_image src=\u00a0\u00bbhttps:\/\/etab.ac-reunion.fr\/clg-chemin-morin\/wp-content\/uploads\/sites\/38\/2022\/11\/0-AS-Athle-DISTRICT-1.jpg\u00a0\u00bb title_text=\u00a0\u00bb0-AS Athl\u00e9 &#8211; DISTRICT 1&Prime; _builder_version=\u00a0\u00bb4.19.0&Prime; _module_preset=\u00a0\u00bbdefault\u00a0\u00bb global_colors_info=\u00a0\u00bb{}\u00a0\u00bb][\/et_pb_image][\/et_pb_column][et_pb_column type=\u00a0\u00bb1_2&Prime; _builder_version=\u00a0\u00bb4.19.0&Prime; _module_preset=\u00a0\u00bbdefault\u00a0\u00bb global_colors_info=\u00a0\u00bb{}\u00a0\u00bb][et_pb_button button_url=\u00a0\u00bbhttps:\/\/etab.ac-reunion.fr\/clg-chemin-morin\/wp-content\/uploads\/sites\/38\/2022\/11\/5BIS-AS-ATHLE-CALENDRIER-2022-2023.pdf\u00a0\u00bb button_text=\u00a0\u00bbCalendrier Athl\u00e9tisme\u00a0\u00bb button_alignment=\u00a0\u00bbcenter\u00a0\u00bb _builder_version=\u00a0\u00bb4.19.0&Prime; _module_preset=\u00a0\u00bbdefault\u00a0\u00bb custom_button=\u00a0\u00bbon\u00a0\u00bb button_text_size=\u00a0\u00bb34px\u00a0\u00bb button_text_color=\u00a0\u00bb#FFFFFF\u00a0\u00bb button_bg_color=\u00a0\u00bb#E02B20&Prime; button_bg_image=\u00a0\u00bbhttps:\/\/etab.ac-reunion.fr\/clg-chemin-morin\/wp-content\/uploads\/sites\/38\/2022\/11\/1668281254063.jpg\u00a0\u00bb button_border_radius=\u00a0\u00bb27px\u00a0\u00bb button_letter_spacing=\u00a0\u00bb0px\u00a0\u00bb transform_scale=\u00a0\u00bb98%|98%\u00a0\u00bb animation_style=\u00a0\u00bbzoom\u00a0\u00bb global_colors_info=\u00a0\u00bb{}\u00a0\u00bb][\/et_pb_button][\/et_pb_column][\/et_pb_row][et_pb_row _builder_version=\u00a0\u00bb4.19.0&Prime; _module_preset=\u00a0\u00bbdefault\u00a0\u00bb global_colors_info=\u00a0\u00bb{}\u00a0\u00bb][et_pb_column type=\u00a0\u00bb4_4&Prime; _builder_version=\u00a0\u00bb4.19.0&Prime; _module_preset=\u00a0\u00bbdefault\u00a0\u00bb global_colors_info=\u00a0\u00bb{}\u00a0\u00bb][et_pb_divider divider_weight=\u00a0\u00bb41px\u00a0\u00bb _builder_version=\u00a0\u00bb4.19.0&Prime; _module_preset=\u00a0\u00bbdefault\u00a0\u00bb background_color=\u00a0\u00bb#bad899&Prime; background_enable_mask_style=\u00a0\u00bbon\u00a0\u00bb background_mask_style=\u00a0\u00bbchevrons\u00a0\u00bb global_colors_info=\u00a0\u00bb{}\u00a0\u00bb][\/et_pb_divider][\/et_pb_column][\/et_pb_row][et_pb_row _builder_version=\u00a0\u00bb4.19.0&Prime; _module_preset=\u00a0\u00bbdefault\u00a0\u00bb global_colors_info=\u00a0\u00bb{}\u00a0\u00bb][et_pb_column type=\u00a0\u00bb4_4&Prime; _builder_version=\u00a0\u00bb4.19.0&Prime; _module_preset=\u00a0\u00bbdefault\u00a0\u00bb global_colors_info=\u00a0\u00bb{}\u00a0\u00bb][et_pb_text _builder_version=\u00a0\u00bb4.19.0&Prime; _module_preset=\u00a0\u00bbdefault\u00a0\u00bb background_color=\u00a0\u00bbrgba(0,0,0,0.29)\u00a0\u00bb global_colors_info=\u00a0\u00bb{}\u00a0\u00bb]\n<h1 style=\"text-align: center\"><span style=\"color: #003366\">Le coll\u00e8ge Morin, Champion de l&rsquo;Est<\/span><\/h1>\n<div><\/div>\n[\/et_pb_text][\/et_pb_column][\/et_pb_row][et_pb_row column_structure=\u00a0\u00bb2_5,3_5&Prime; _builder_version=\u00a0\u00bb4.19.0&Prime; _module_preset=\u00a0\u00bbdefault\u00a0\u00bb global_colors_info=\u00a0\u00bb{}\u00a0\u00bb][et_pb_column type=\u00a0\u00bb2_5&Prime; _builder_version=\u00a0\u00bb4.19.0&Prime; _module_preset=\u00a0\u00bbdefault\u00a0\u00bb global_colors_info=\u00a0\u00bb{}\u00a0\u00bb][et_pb_text _builder_version=\u00a0\u00bb4.19.0&Prime; _module_preset=\u00a0\u00bbdefault\u00a0\u00bb global_colors_info=\u00a0\u00bb{}\u00a0\u00bb]\n<div style=\"text-align: justify\">Sur les berges de la Rivi\u00e8re des Roches, plus de 800 participants en cette belle matin\u00e9e d&rsquo;\u00e9t\u00e9 sur la commune de Bras Panon.<\/div>\n<div style=\"text-align: justify\">Deux ans que le cross district ne s&rsquo;\u00e9tait pas d\u00e9roul\u00e9\u00a0avec une organisation normale et pour cette nouvelle \u00e9dition, les \u00e9l\u00e8ves du coll\u00e8ge chemin Morin ont d\u00e9cid\u00e9 de participer \u00e0 la f\u00eate avec deux podiums\u00a0individuels pour <span style=\"color: #ff6600\"><strong>L\u00e9a Imbola<\/strong><\/span>\u00a0606 2e de la course benjamine et\u00a0<\/div>\n<div style=\"text-align: justify\"><span style=\"color: #ff6600\"><strong>Ibaad Madi<\/strong><\/span> 504 2e de la course benjamin.<\/div>\n<div style=\"text-align: justify\">Mais c&rsquo;est en\u00a0\u00e9quipe qu&rsquo;est venu le meilleur r\u00e9sultat, avec un titre de champion de district pour les minimes repr\u00e9sent\u00e9s par <span style=\"color: #ff6600\"><strong>Elia Faure<\/strong><\/span>, <span style=\"color: #ff6600\"><strong>Ambre Bouvier<\/strong><\/span>, <span style=\"color: #ff6600\"><strong>Maya Boyer Fourel<\/strong><\/span>, <span style=\"color: #ff6600\"><strong>Kylian Zidor<\/strong><\/span>, <span style=\"color: #ff6600\"><strong>Guenael Paton<\/strong><\/span> et <span style=\"color: #ff6600\"><strong>Hymrane\u00a0Mavouna<\/strong><\/span>.<\/div>\n<div style=\"text-align: justify\">Au final le coll\u00e8ge chemin Morin qualifie 3 \u00e9quipes pour la finale acad\u00e9mique qui aura lieu le 30 novembre \u00e0 Langevin.\u00a0<\/div>\n[\/et_pb_text][\/et_pb_column][et_pb_column type=\u00a0\u00bb3_5&Prime; _builder_version=\u00a0\u00bb4.19.0&Prime; _module_preset=\u00a0\u00bbdefault\u00a0\u00bb global_colors_info=\u00a0\u00bb{}\u00a0\u00bb][et_pb_gallery gallery_ids=\u00a0\u00bb2854,2860,2861,2862,2863,2864&Prime; _builder_version=\u00a0\u00bb4.19.0&Prime; _module_preset=\u00a0\u00bbdefault\u00a0\u00bb global_colors_info=\u00a0\u00bb{}\u00a0\u00bb][\/et_pb_gallery][\/et_pb_column][\/et_pb_row][et_pb_row _builder_version=\u00a0\u00bb4.19.0&Prime; _module_preset=\u00a0\u00bbdefault\u00a0\u00bb global_colors_info=\u00a0\u00bb{}\u00a0\u00bb][et_pb_column type=\u00a0\u00bb4_4&Prime; _builder_version=\u00a0\u00bb4.19.0&Prime; _module_preset=\u00a0\u00bbdefault\u00a0\u00bb global_colors_info=\u00a0\u00bb{}\u00a0\u00bb][et_pb_divider _builder_version=\u00a0\u00bb4.19.0&Prime; _module_preset=\u00a0\u00bbdefault\u00a0\u00bb background_color=\u00a0\u00bb#6c9bc1&Prime; global_colors_info=\u00a0\u00bb{}\u00a0\u00bb][\/et_pb_divider][\/et_pb_column][\/et_pb_row][et_pb_row _builder_version=\u00a0\u00bb4.18.0&Prime; _module_preset=\u00a0\u00bbdefault\u00a0\u00bb global_colors_info=\u00a0\u00bb{}\u00a0\u00bb][et_pb_column type=\u00a0\u00bb4_4&Prime; _builder_version=\u00a0\u00bb4.18.0&Prime; _module_preset=\u00a0\u00bbdefault\u00a0\u00bb global_colors_info=\u00a0\u00bb{}\u00a0\u00bb][et_pb_text _builder_version=\u00a0\u00bb4.18.0&Prime; _module_preset=\u00a0\u00bbdefault\u00a0\u00bb background_color=\u00a0\u00bbrgba(224,153,0,0.18)\u00a0\u00bb global_colors_info=\u00a0\u00bb{}\u00a0\u00bb]\n<h1 style=\"text-align: center\"><span>\u00a0Journ\u00e9e nationale de l&rsquo;union du sport scolaire : sortie \u00e0 St Rose pour la randonn\u00e9e des Laves<\/span><\/h1>\n[\/et_pb_text][\/et_pb_column][\/et_pb_row][et_pb_row column_structure=\u00a0\u00bb1_2,1_2&Prime; _builder_version=\u00a0\u00bb4.18.0&Prime; _module_preset=\u00a0\u00bbdefault\u00a0\u00bb global_colors_info=\u00a0\u00bb{}\u00a0\u00bb][et_pb_column type=\u00a0\u00bb1_2&Prime; _builder_version=\u00a0\u00bb4.18.0&Prime; _module_preset=\u00a0\u00bbdefault\u00a0\u00bb global_colors_info=\u00a0\u00bb{}\u00a0\u00bb][et_pb_text _builder_version=\u00a0\u00bb4.18.0&Prime; _module_preset=\u00a0\u00bbdefault\u00a0\u00bb global_colors_info=\u00a0\u00bb{}\u00a0\u00bb]\n<div><b><span>Un bilan positif pour cette premi\u00e8re sortie randonn\u00e9e d\u00e9couverte avec des \u00e9l\u00e8ves de tous niveaux (scolaires et sportifs) qui se retrouvent sur un parcours commun \u00e0 cheminer ensemble<\/span><\/b><span>. Une majorit\u00e9 d\u2019\u00e9l\u00e8ves de cinqui\u00e8me motiv\u00e9s par ces excursions d\u00e9couvertes et d\u00e9j\u00e0 rod\u00e9s sur le fonctionnement des randonn\u00e9es.\u00a0<b>Une douzaine d\u2019\u00e9l\u00e8ves de 6\u00b0 \u00e9paul\u00e9s par leurs camarades des niveaux sup\u00e9rieurs<\/b>. Sur les 32 \u00e9l\u00e8ves pr\u00e9sents tr\u00e8s peu d\u2019\u00e9l\u00e8ves avaient d\u00e9j\u00e0 emprunt\u00e9 ce sentier qui relie Notre Dame des Laves au stade de la ravine glissante.\u00a0<b>Sentier qui longe l\u2019oc\u00e9an<\/b>, des scories de la coul\u00e9e de 1977 aux passages ombrag\u00e9s au milieu des vacoas en passant par des points de vue magnifiques surplombant quelques criques sauvages. Pas de bless\u00e9s durant la randonn\u00e9e et un rythme soutenu de d\u00e9placement impuls\u00e9 par les \u00e9l\u00e8ves. A l&rsquo;arriv\u00e9e, apr\u00e8s deux heures de marche, la fiert\u00e9 du trajet accompli ensemble. Retour des \u00e9l\u00e8ves \u00e0 16h au coll\u00e8ge avec l\u2019envie d\u2019y retourner.\u00a0<b>Prochaine sortie randonn\u00e9e pour les \u00e9l\u00e8ves inscrits \u00e0 l&rsquo;association sportive : le 02 novembre 2022, \u00e0 proximit\u00e9 du coll\u00e8ge,\u00a0 \u00e0 Rivi\u00e8re du M\u00e2t les Hauts. Distribution des autorisations de sortie la semaine de la rentr\u00e9e des vacances de Toussaint. Si certains parents souhaitent se joindre \u00e0 leurs enfants pour faire cette randonn\u00e9e merci d&rsquo;en informer les enseignants d&rsquo;EPS via Pronote ou le carnet de correspondance lors de la distribution des autorisations parentales.\u00a0<\/b><\/span><\/div>\n<div><span><b>\u00a0<\/b><\/span><\/div>\n<div><span style=\"font-family: Calibri, sans-serif\"><b>L&rsquo;\u00e9quipe EPS du coll\u00e8ge<\/b><\/span><\/div>\n[\/et_pb_text][\/et_pb_column][et_pb_column type=\u00a0\u00bb1_2&Prime; _builder_version=\u00a0\u00bb4.18.0&Prime; _module_preset=\u00a0\u00bbdefault\u00a0\u00bb global_colors_info=\u00a0\u00bb{}\u00a0\u00bb][et_pb_gallery gallery_ids=\u00a0\u00bb2640,2641,2642,2643&Prime; show_title_and_caption=\u00a0\u00bboff\u00a0\u00bb show_pagination=\u00a0\u00bboff\u00a0\u00bb _builder_version=\u00a0\u00bb4.18.0&Prime; _module_preset=\u00a0\u00bbdefault\u00a0\u00bb global_colors_info=\u00a0\u00bb{}\u00a0\u00bb][\/et_pb_gallery][et_pb_button button_text=\u00a0\u00bbClics\u00a0\u00bb _builder_version=\u00a0\u00bb4.18.0&Prime; _module_preset=\u00a0\u00bbdefault\u00a0\u00bb global_colors_info=\u00a0\u00bb{}\u00a0\u00bb][\/et_pb_button][et_pb_text _builder_version=\u00a0\u00bb4.18.0&Prime; _module_preset=\u00a0\u00bbdefault\u00a0\u00bb background_enable_mask_style=\u00a0\u00bbon\u00a0\u00bb background_mask_style=\u00a0\u00bbchevrons\u00a0\u00bb background_mask_color=\u00a0\u00bb#E09900&Prime; background_mask_transform=\u00a0\u00bbflip_horizontal\u00a0\u00bb background_mask_size=\u00a0\u00bbcontain\u00a0\u00bb background_mask_position=\u00a0\u00bbbottom_left\u00a0\u00bb global_colors_info=\u00a0\u00bb{}\u00a0\u00bb]\n<p style=\"text-align: center\"><a href=\"https:\/\/etab.ac-reunion.fr\/clg-chemin-morin\/wp-content\/uploads\/sites\/38\/2022\/09\/JNSS-2022-Bilan-Rando-des-laves-21-09-22.pdf\" rel=\"attachment wp-att-2636\">JNSS 2022- Bilan Rando des laves &#8211; 21-09-22<\/a><\/p>\n[\/et_pb_text][\/et_pb_column][\/et_pb_row][et_pb_row _builder_version=\u00a0\u00bb4.18.0&Prime; _module_preset=\u00a0\u00bbdefault\u00a0\u00bb global_colors_info=\u00a0\u00bb{}\u00a0\u00bb][et_pb_column type=\u00a0\u00bb4_4&Prime; _builder_version=\u00a0\u00bb4.18.0&Prime; _module_preset=\u00a0\u00bbdefault\u00a0\u00bb global_colors_info=\u00a0\u00bb{}\u00a0\u00bb][et_pb_divider divider_weight=\u00a0\u00bb17px\u00a0\u00bb _builder_version=\u00a0\u00bb4.18.0&Prime; _module_preset=\u00a0\u00bbdefault\u00a0\u00bb global_colors_info=\u00a0\u00bb{}\u00a0\u00bb][\/et_pb_divider][\/et_pb_column][\/et_pb_row][et_pb_row column_structure=\u00a0\u00bb1_2,1_2&Prime; _builder_version=\u00a0\u00bb4.18.0&Prime; _module_preset=\u00a0\u00bbdefault\u00a0\u00bb global_colors_info=\u00a0\u00bb{}\u00a0\u00bb][et_pb_column type=\u00a0\u00bb1_2&Prime; _builder_version=\u00a0\u00bb4.18.0&Prime; _module_preset=\u00a0\u00bbdefault\u00a0\u00bb global_colors_info=\u00a0\u00bb{}\u00a0\u00bb][et_pb_image src=\u00a0\u00bbhttps:\/\/etab.ac-reunion.fr\/clg-chemin-morin\/wp-content\/uploads\/sites\/38\/2022\/09\/12-Equitation-2-Oct-21-scaled.jpg\u00a0\u00bb title_text=\u00a0\u00bb12 Equitation 2 &#8211; Oct 21&Prime; _builder_version=\u00a0\u00bb4.18.0&Prime; _module_preset=\u00a0\u00bbdefault\u00a0\u00bb global_colors_info=\u00a0\u00bb{}\u00a0\u00bb][\/et_pb_image][\/et_pb_column][et_pb_column type=\u00a0\u00bb1_2&Prime; _builder_version=\u00a0\u00bb4.18.0&Prime; _module_preset=\u00a0\u00bbdefault\u00a0\u00bb global_colors_info=\u00a0\u00bb{}\u00a0\u00bb][et_pb_text _builder_version=\u00a0\u00bb4.18.0&Prime; _module_preset=\u00a0\u00bbdefault\u00a0\u00bb global_colors_info=\u00a0\u00bb{}\u00a0\u00bb]\n<div style=\"text-align: justify\"><strong>S&rsquo;inscrire \u00e0 l&rsquo;association sportive du coll\u00e8ge c&rsquo;est :<\/strong><\/div>\n<div style=\"text-align: justify\">* d\u00e9couvrir des activit\u00e9s et\/ou se sp\u00e9cialiser dans une dizaine d&rsquo;activit\u00e9s qui te plaisent<\/div>\n<div style=\"text-align: justify\">* faire des sorties tous les mois<\/div>\n<div style=\"text-align: justify\">* s&rsquo;amuser avec ses camarades lors des entrainements le midi (de 12h20 \u00e0 13h20) ou le mercredi apr\u00e8s midi (de 12h30 \u00e0 14h30)<\/div>\n<div style=\"text-align: justify\">* passer des dipl\u00f4mes et endosser de nouveaux r\u00f4les : de jeune officiel arbitre, coach, reporter, di\u00e9t\u00e9ticien<\/div>\n<div style=\"text-align: justify\">* gagner des coupes, des m\u00e9dailles en repr\u00e9sentant le coll\u00e8ge sur toute l&rsquo;\u00eele, voire aux championnats de France<\/div>\n<div style=\"text-align: justify\">* vivre sa passion sportive en gardant des souvenirs m\u00e9morables de sa scolarit\u00e9 au coll\u00e8ge<\/div>\n[\/et_pb_text][\/et_pb_column][\/et_pb_row][et_pb_row column_structure=\u00a0\u00bb1_2,1_2&Prime; _builder_version=\u00a0\u00bb4.18.0&Prime; _module_preset=\u00a0\u00bbdefault\u00a0\u00bb global_colors_info=\u00a0\u00bb{}\u00a0\u00bb][et_pb_column type=\u00a0\u00bb1_2&Prime; _builder_version=\u00a0\u00bb4.18.0&Prime; _module_preset=\u00a0\u00bbdefault\u00a0\u00bb global_colors_info=\u00a0\u00bb{}\u00a0\u00bb][et_pb_text _builder_version=\u00a0\u00bb4.18.0&Prime; _module_preset=\u00a0\u00bbdefault\u00a0\u00bb background_color=\u00a0\u00bb#FFFFFF\u00a0\u00bb global_colors_info=\u00a0\u00bb{}\u00a0\u00bb]\n<div style=\"text-align: center\"><strong>Pour s&rsquo;inscrire c&rsquo;est simple :<\/strong><\/div>\n<div style=\"text-align: center\"><strong>\u00a0<\/strong><\/div>\n<div>1- Faire remplir la fiche d&rsquo;inscription par ton responsable l\u00e9gal<\/div>\n<div>2 &#8211; Payer 20 euros une seule fois pour toutes les activit\u00e9s, toutes les sorties, toutes les semaines, toute l&rsquo;ann\u00e9e scolaire.<\/div>\n<div>3 &#8211; Donner la fiche + les 20 euros \u00e0 un.e enseignant.e d&rsquo;EPS<\/div>\n[\/et_pb_text][\/et_pb_column][et_pb_column type=\u00a0\u00bb1_2&Prime; _builder_version=\u00a0\u00bb4.18.0&Prime; _module_preset=\u00a0\u00bbdefault\u00a0\u00bb global_colors_info=\u00a0\u00bb{}\u00a0\u00bb][et_pb_image src=\u00a0\u00bbhttps:\/\/etab.ac-reunion.fr\/clg-chemin-morin\/wp-content\/uploads\/sites\/38\/2022\/09\/Inscription-AS.jpg\u00a0\u00bb title_text=\u00a0\u00bbInscription AS\u00a0\u00bb url=\u00a0\u00bbhttps:\/\/etab.ac-reunion.fr\/clg-chemin-morin\/wp-content\/uploads\/sites\/38\/2022\/09\/Inscription-AS.jpg\u00a0\u00bb _builder_version=\u00a0\u00bb4.18.0&Prime; _module_preset=\u00a0\u00bbdefault\u00a0\u00bb global_colors_info=\u00a0\u00bb{}\u00a0\u00bb][\/et_pb_image][\/et_pb_column][\/et_pb_row][\/et_pb_section]\n","protected":false},"excerpt":{"rendered":"<p>EPSLes athl\u00e8tes \u00e0\u00a0 \u00e9tang sal\u00e9 avec la s\u00e9lection fran\u00e7aise de sprintCe mercredi 12 avril les athl\u00e8tes du coll\u00e8ge se sont rendus \u00e0 \u00e9tang sal\u00e9 pour une nouvelle rencontre acad\u00e9mique qualificative [&hellip;]<\/p>\n","protected":false},"author":32292,"featured_media":0,"parent":0,"menu_order":0,"comment_status":"closed","ping_status":"closed","template":"","meta":{"_et_pb_use_builder":"on","_et_pb_old_content":"<!-- wp:pdfemb\/pdf-embedder-viewer {\"pdfID\":2398,\"url\":\"https:\/\/etab.ac-reunion.fr\/clg-chemin-morin\/wp-content\/uploads\/sites\/38\/2022\/09\/Inscription-UNSS-2022-2023.jpg\"} -->\n<p class=\"wp-block-pdfemb-pdf-embedder-viewer\"><\/p>\n<!-- \/wp:pdfemb\/pdf-embedder-viewer -->\n\n<!-- wp:pdfemb\/pdf-embedder-viewer -->\n<p class=\"wp-block-pdfemb-pdf-embedder-viewer\"><\/p>\n<!-- \/wp:pdfemb\/pdf-embedder-viewer -->","_et_gb_content_width":"","_EventAllDay":false,"_EventTimezone":"","_EventStartDate":"","_EventEndDate":"","_EventStartDateUTC":"","_EventEndDateUTC":"","_EventShowMap":false,"_EventShowMapLink":false,"_EventURL":"","_EventCost":"","_EventCostDescription":"","_EventCurrencySymbol":"","_EventCurrencyCode":"","_EventCurrencyPosition":"","_EventDateTimeSeparator":"","_EventTimeRangeSeparator":"","_EventOrganizerID":[],"_EventVenueID":[],"_OrganizerEmail":"","_OrganizerPhone":"","_OrganizerWebsite":"","_VenueAddress":"","_VenueCity":"","_VenueCountry":"","_VenueProvince":"","_VenueState":"","_VenueZip":"","_VenuePhone":"","_VenueURL":"","_VenueStateProvince":"","_VenueLat":"","_VenueLng":"","_VenueShowMap":false,"_VenueShowMapLink":false,"footnotes":"","_links_to":"","_links_to_target":""},"class_list":["post-2361","page","type-page","status-publish","hentry"],"_links":{"self":[{"href":"https:\/\/etab.ac-reunion.fr\/clg-chemin-morin\/wp-json\/wp\/v2\/pages\/2361","targetHints":{"allow":["GET"]}}],"collection":[{"href":"https:\/\/etab.ac-reunion.fr\/clg-chemin-morin\/wp-json\/wp\/v2\/pages"}],"about":[{"href":"https:\/\/etab.ac-reunion.fr\/clg-chemin-morin\/wp-json\/wp\/v2\/types\/page"}],"author":[{"embeddable":true,"href":"https:\/\/etab.ac-reunion.fr\/clg-chemin-morin\/wp-json\/wp\/v2\/users\/32292"}],"replies":[{"embeddable":true,"href":"https:\/\/etab.ac-reunion.fr\/clg-chemin-morin\/wp-json\/wp\/v2\/comments?post=2361"}],"version-history":[{"count":20,"href":"https:\/\/etab.ac-reunion.fr\/clg-chemin-morin\/wp-json\/wp\/v2\/pages\/2361\/revisions"}],"predecessor-version":[{"id":3202,"href":"https:\/\/etab.ac-reunion.fr\/clg-chemin-morin\/wp-json\/wp\/v2\/pages\/2361\/revisions\/3202"}],"wp:attachment":[{"href":"https:\/\/etab.ac-reunion.fr\/clg-chemin-morin\/wp-json\/wp\/v2\/media?parent=2361"}],"curies":[{"name":"wp","href":"https:\/\/api.w.org\/{rel}","templated":true}]}}