{"id":2476,"date":"2022-09-12T11:29:44","date_gmt":"2022-09-12T07:29:44","guid":{"rendered":"https:\/\/etab.ac-reunion.fr\/clg-chemin-morin\/?page_id=2476"},"modified":"2024-08-27T09:12:31","modified_gmt":"2024-08-27T05:12:31","slug":"se-connecter-a-edu-connect","status":"publish","type":"page","link":"https:\/\/etab.ac-reunion.fr\/clg-chemin-morin\/se-connecter-a-edu-connect\/","title":{"rendered":"Se connecter \u00e0 \u00c9DU CONNECT"},"content":{"rendered":"[et_pb_section fb_built=\u00a0\u00bb1&Prime; _builder_version=\u00a0\u00bb4.18.0&Prime; _module_preset=\u00a0\u00bbdefault\u00a0\u00bb global_colors_info=\u00a0\u00bb{}\u00a0\u00bb][et_pb_row _builder_version=\u00a0\u00bb4.18.0&Prime; _module_preset=\u00a0\u00bbdefault\u00a0\u00bb use_background_color_gradient=\u00a0\u00bbon\u00a0\u00bb background_color_gradient_direction=\u00a0\u00bb360deg\u00a0\u00bb background_enable_pattern_style=\u00a0\u00bbon\u00a0\u00bb background_pattern_style=\u00a0\u00bbzig-zag\u00a0\u00bb background_enable_mask_style=\u00a0\u00bbon\u00a0\u00bb background_mask_style=\u00a0\u00bbpaint\u00a0\u00bb custom_margin=\u00a0\u00bb5px||7px||false|false\u00a0\u00bb custom_padding=\u00a0\u00bb22px|||||\u00a0\u00bb global_colors_info=\u00a0\u00bb{}\u00a0\u00bb][et_pb_column type=\u00a0\u00bb4_4&Prime; _builder_version=\u00a0\u00bb4.18.0&Prime; _module_preset=\u00a0\u00bbdefault\u00a0\u00bb global_colors_info=\u00a0\u00bb{}\u00a0\u00bb][et_pb_text _builder_version=\u00a0\u00bb4.18.0&Prime; _module_preset=\u00a0\u00bbdefault\u00a0\u00bb text_font=\u00a0\u00bbABeeZee||||||||\u00a0\u00bb global_colors_info=\u00a0\u00bb{}\u00a0\u00bb]\n<h1 style=\"text-align: center\">\u00a0 \u00a0 \u00a0 \u00a0 \u00a0 \u00a0 \u00a0SE CONNECTER \u00c0\u00a0 \u00a0 <span style=\"color: #ffffff\">\u00c9DUCONNECT<\/span><\/h1>\n[\/et_pb_text][\/et_pb_column][\/et_pb_row][et_pb_row column_structure=\u00a0\u00bb1_2,1_2&Prime; _builder_version=\u00a0\u00bb4.18.0&Prime; _module_preset=\u00a0\u00bbdefault\u00a0\u00bb background_color=\u00a0\u00bbrgba(19,132,78,0.2)\u00a0\u00bb global_colors_info=\u00a0\u00bb{}\u00a0\u00bb][et_pb_column type=\u00a0\u00bb1_2&Prime; _builder_version=\u00a0\u00bb4.18.0&Prime; _module_preset=\u00a0\u00bbdefault\u00a0\u00bb global_colors_info=\u00a0\u00bb{}\u00a0\u00bb][et_pb_text _builder_version=\u00a0\u00bb4.18.0&Prime; _module_preset=\u00a0\u00bbdefault\u00a0\u00bb custom_margin=\u00a0\u00bb3px|14px||14px|false|false\u00a0\u00bb global_colors_info=\u00a0\u00bb{}\u00a0\u00bb]\n<p style=\"text-align: justify\"><strong>L<\/strong>e compte unique EduConnect remplace les identifiants et mot de passe utilis\u00e9s jusqu\u2019\u00e0 pr\u00e9sent par les \u00e9l\u00e8ves et leurs parents.\u00a0Il<strong> simplifie pour les parents l\u2019acc\u00e8s au suivi et \u00e0 l\u2019accompagnement de la scolarit\u00e9 des enfants et donne acc\u00e8s pour les \u00e9l\u00e8ves \u00e0 l\u2019ensemble des services num\u00e9riques de l\u2019\u00e9cole au lyc\u00e9e<\/strong><\/p>\n<p>Articul\u00e9 avec le syst\u00e8me FranceConnect, le compte EduConnect\u00a0permet l&rsquo;acc\u00e8s\u00a0:<\/p>\n<p style=\"text-align: justify\"><strong><\/strong><\/p>\n<ul>\n<li>au<strong><span>\u00a0<\/span>portail Scolarit\u00e9 Services<span>\u00a0<\/span><\/strong>du minist\u00e8re \u00e0 l\u2019adresse<span>\u00a0<\/span><a href=\"https:\/\/teleservices.education.gouv.fr\/\" target=\"_blank\" rel=\"noopener\">teleservices.education.gouv.fr<\/a><span>\u00a0<\/span>pour effectuer des d\u00e9marches en ligne (par exemple demandes de bourses, orientation, inscription) ou consulter le livret scolaire ;<\/li>\n<li>\u00e0 l\u2019<strong>espace num\u00e9rique de travail (ENT)<\/strong><span>\u00a0<\/span>de l\u2019\u00e9tablissement ou d\u2019autres services (se renseigner aupr\u00e8s de l\u2019\u00e9tablissement)\n<p>Pour utiliser le service, il suffit de se connecter avec ses identifiant et mot de passe EduConnect ou d\u2019utiliser FranceConnect \u00e0 l\u2019adresse<span>\u00a0<\/span><a href=\"https:\/\/teleservices.education.gouv.fr\/\" target=\"_blank\" rel=\"noopener\">teleservices.education.gouv.fr<\/a><span>\u00a0<\/span>ou \u00e0 l\u2019adresse communiqu\u00e9e par l\u2019\u00e9tablissement.<\/p>\n<p>S\u2019il s\u2019agit d\u2019une premi\u00e8re connexion, le num\u00e9ro de t\u00e9l\u00e9phone portable donn\u00e9 lors de l&rsquo;inscription des enfants ou dans la fiche de renseignements est indispensable pour activer son compte.<\/p>\n<\/li>\n<\/ul>\n[\/et_pb_text][\/et_pb_column][et_pb_column type=\u00a0\u00bb1_2&Prime; _builder_version=\u00a0\u00bb4.18.0&Prime; _module_preset=\u00a0\u00bbdefault\u00a0\u00bb global_colors_info=\u00a0\u00bb{}\u00a0\u00bb][et_pb_image src=\u00a0\u00bbhttps:\/\/etab.ac-reunion.fr\/clg-chemin-morin\/wp-content\/uploads\/sites\/38\/2022\/09\/infographie-educonnect-71118.jpeg\u00a0\u00bb title_text=\u00a0\u00bb2021_Educonnect-infographie\u00a0\u00bb show_in_lightbox=\u00a0\u00bbon\u00a0\u00bb _builder_version=\u00a0\u00bb4.18.0&Prime; _module_preset=\u00a0\u00bbdefault\u00a0\u00bb custom_margin=\u00a0\u00bb|19px|||false|false\u00a0\u00bb global_colors_info=\u00a0\u00bb{}\u00a0\u00bb][\/et_pb_image][\/et_pb_column][\/et_pb_row][et_pb_row _builder_version=\u00a0\u00bb4.27.0&Prime; _module_preset=\u00a0\u00bbdefault\u00a0\u00bb][et_pb_column _builder_version=\u00a0\u00bb4.27.0&Prime; _module_preset=\u00a0\u00bbdefault\u00a0\u00bb type=\u00a0\u00bb4_4&Prime;][et_pb_text _builder_version=\u00a0\u00bb4.27.0&Prime; _module_preset=\u00a0\u00bbdefault\u00a0\u00bb hover_enabled=\u00a0\u00bb0&Prime; sticky_enabled=\u00a0\u00bb0&Prime;]\n<h1 style=\"text-align: center\"><span style=\"color: #ff0000\"><strong>Vous avez oubli\u00e9 votre identifiant ?<\/strong><\/span><\/h1>\n<p style=\"text-align: center\"><span style=\"color: #800080\"><strong>Cliquez sur l&rsquo;ic\u00f4ne !<\/strong><\/span><\/p>\n[\/et_pb_text][et_pb_icon _builder_version=\u00a0\u00bb4.27.0&Prime; _module_preset=\u00a0\u00bbdefault\u00a0\u00bb font_icon=\u00a0\u00bb&#xf51c;||fa||900&Prime; icon_color=\u00a0\u00bb#8300E9&Prime; url=\u00a0\u00bbhttps:\/\/moncompte.educonnect.education.gouv.fr\/educt-self-service\/oubliLogin\/recupererLoginResponsable\u00a0\u00bb animation_style=\u00a0\u00bbroll\u00a0\u00bb hover_enabled=\u00a0\u00bb0&Prime; sticky_enabled=\u00a0\u00bb0&Prime;][\/et_pb_icon][\/et_pb_column][\/et_pb_row][\/et_pb_section]\n","protected":false},"excerpt":{"rendered":"<p>\u00a0 \u00a0 \u00a0 \u00a0 \u00a0 \u00a0 \u00a0SE CONNECTER \u00c0\u00a0 \u00a0 \u00c9DUCONNECTLe compte unique EduConnect remplace les identifiants et mot de passe utilis\u00e9s jusqu\u2019\u00e0 pr\u00e9sent par les \u00e9l\u00e8ves et leurs parents.\u00a0Il [&hellip;]<\/p>\n","protected":false},"author":32292,"featured_media":0,"parent":0,"menu_order":0,"comment_status":"closed","ping_status":"closed","template":"","meta":{"_et_pb_use_builder":"on","_et_pb_old_content":"","_et_gb_content_width":"","_EventAllDay":false,"_EventTimezone":"","_EventStartDate":"","_EventEndDate":"","_EventStartDateUTC":"","_EventEndDateUTC":"","_EventShowMap":false,"_EventShowMapLink":false,"_EventURL":"","_EventCost":"","_EventCostDescription":"","_EventCurrencySymbol":"","_EventCurrencyCode":"","_EventCurrencyPosition":"","_EventDateTimeSeparator":"","_EventTimeRangeSeparator":"","_EventOrganizerID":[],"_EventVenueID":[],"_OrganizerEmail":"","_OrganizerPhone":"","_OrganizerWebsite":"","_VenueAddress":"","_VenueCity":"","_VenueCountry":"","_VenueProvince":"","_VenueState":"","_VenueZip":"","_VenuePhone":"","_VenueURL":"","_VenueStateProvince":"","_VenueLat":"","_VenueLng":"","_VenueShowMap":false,"_VenueShowMapLink":false,"footnotes":"","_links_to":"","_links_to_target":""},"class_list":["post-2476","page","type-page","status-publish","hentry"],"_links":{"self":[{"href":"https:\/\/etab.ac-reunion.fr\/clg-chemin-morin\/wp-json\/wp\/v2\/pages\/2476","targetHints":{"allow":["GET"]}}],"collection":[{"href":"https:\/\/etab.ac-reunion.fr\/clg-chemin-morin\/wp-json\/wp\/v2\/pages"}],"about":[{"href":"https:\/\/etab.ac-reunion.fr\/clg-chemin-morin\/wp-json\/wp\/v2\/types\/page"}],"author":[{"embeddable":true,"href":"https:\/\/etab.ac-reunion.fr\/clg-chemin-morin\/wp-json\/wp\/v2\/users\/32292"}],"replies":[{"embeddable":true,"href":"https:\/\/etab.ac-reunion.fr\/clg-chemin-morin\/wp-json\/wp\/v2\/comments?post=2476"}],"version-history":[{"count":6,"href":"https:\/\/etab.ac-reunion.fr\/clg-chemin-morin\/wp-json\/wp\/v2\/pages\/2476\/revisions"}],"predecessor-version":[{"id":3798,"href":"https:\/\/etab.ac-reunion.fr\/clg-chemin-morin\/wp-json\/wp\/v2\/pages\/2476\/revisions\/3798"}],"wp:attachment":[{"href":"https:\/\/etab.ac-reunion.fr\/clg-chemin-morin\/wp-json\/wp\/v2\/media?parent=2476"}],"curies":[{"name":"wp","href":"https:\/\/api.w.org\/{rel}","templated":true}]}}