{"id":2486,"date":"2022-09-20T14:16:44","date_gmt":"2022-09-20T10:16:44","guid":{"rendered":"https:\/\/etab.ac-reunion.fr\/clg-chemin-morin\/?page_id=2486"},"modified":"2023-03-09T20:34:02","modified_gmt":"2023-03-09T16:34:02","slug":"le-mot-du-principal","status":"publish","type":"page","link":"https:\/\/etab.ac-reunion.fr\/clg-chemin-morin\/le-mot-du-principal\/","title":{"rendered":"Le mot du principal"},"content":{"rendered":"[et_pb_section fb_built=\u00a0\u00bb1&Prime; _builder_version=\u00a0\u00bb4.18.0&Prime; _module_preset=\u00a0\u00bbdefault\u00a0\u00bb background_enable_mask_style=\u00a0\u00bbon\u00a0\u00bb background_mask_style=\u00a0\u00bbchevrons\u00a0\u00bb background_mask_color=\u00a0\u00bbrgba(224,192,192,0.5)\u00a0\u00bb global_colors_info=\u00a0\u00bb{}\u00a0\u00bb][et_pb_row column_structure=\u00a0\u00bb2_3,1_3&Prime; _builder_version=\u00a0\u00bb4.18.0&Prime; _module_preset=\u00a0\u00bbdefault\u00a0\u00bb global_colors_info=\u00a0\u00bb{}\u00a0\u00bb][et_pb_column type=\u00a0\u00bb2_3&Prime; _builder_version=\u00a0\u00bb4.18.0&Prime; _module_preset=\u00a0\u00bbdefault\u00a0\u00bb global_colors_info=\u00a0\u00bb{}\u00a0\u00bb][et_pb_text _builder_version=\u00a0\u00bb4.20.2&Prime; _module_preset=\u00a0\u00bbdefault\u00a0\u00bb hover_enabled=\u00a0\u00bb0&Prime; border_width_top=\u00a0\u00bb7px\u00a0\u00bb border_color_top=\u00a0\u00bb#E09900&Prime; border_width_bottom=\u00a0\u00bb4px\u00a0\u00bb border_color_bottom=\u00a0\u00bb#E09900&Prime; global_colors_info=\u00a0\u00bb{}\u00a0\u00bb sticky_enabled=\u00a0\u00bb0&Prime;]\n<p style=\"text-align: center\">\u00c0 l\u2019heure o\u00f9 l\u2019Education Nationale fait face \u00e0 de nombreux enjeux soci\u00e9taux, le coll\u00e8ge appara\u00eet comme comme la cl\u00e9 de voute donnant acc\u00e8s aux \u00e9l\u00e8ves \u00e0 la r\u00e9ussite&#8230;<\/p>\n<p style=\"text-align: center\">D\u2019ailleurs, le minist\u00e8re ne s\u2019y est gu\u00e8re tromp\u00e9; puisque ces EPLE sont en d\u00e9marche d\u2019\u00e9valuation dans l\u2019Acad\u00e9mie de la R\u00e9union ainsi qu\u2019en France M\u00e9tropolitaine, afin de r\u00e9pondre aux objectifs tr\u00e8s ambitieux que pr\u00f4ne l\u2019institution.<\/p>\n<p style=\"text-align: center\">Apr\u00e8s le d\u00e9doublement des classes dans le premier degr\u00e9 en \u00e9ducation prioritaire et l\u2019option math\u00e9matiques au lyc\u00e9e, le coll\u00e8ge devra, lui aussi, mettre au c\u0153ur de sa r\u00e9flexion la r\u00e9activation de l\u2019ascenseur social&#8230;<\/p>\n<p style=\"text-align: center\">D\u00e8s lors, le coll\u00e8ge Morin r\u00e9pond \u00e0 ces obligations institutionnelles, en instaurant des projets qui donnent du sens \u00e0 l\u2019\u00e9cole&#8230;<\/p>\n<p style=\"text-align: center\">Implant\u00e9 dans un environnement calme et serein, il offre aux \u00e9l\u00e8ves toute la s\u00e9curit\u00e9 dont ils ont besoin pour travailler.<\/p>\n<p style=\"text-align: center\">Ensemble, construisons une \u00e9cole accueillante, bienveillante et apprenante\u00a0!<\/p>\n<p style=\"text-align: center\"><em>Corinne GIRAUD<\/em><\/p>\n[\/et_pb_text][\/et_pb_column][et_pb_column type=\u00a0\u00bb1_3&Prime; _builder_version=\u00a0\u00bb4.18.0&Prime; _module_preset=\u00a0\u00bbdefault\u00a0\u00bb global_colors_info=\u00a0\u00bb{}\u00a0\u00bb][et_pb_image src=\u00a0\u00bbhttps:\/\/etab.ac-reunion.fr\/clg-chemin-morin\/wp-content\/uploads\/sites\/38\/2022\/09\/automne.png\u00a0\u00bb title_text=\u00a0\u00bbautomne\u00a0\u00bb _builder_version=\u00a0\u00bb4.18.0&Prime; _module_preset=\u00a0\u00bbdefault\u00a0\u00bb custom_margin=\u00a0\u00bb44px||||false|false\u00a0\u00bb global_colors_info=\u00a0\u00bb{}\u00a0\u00bb][\/et_pb_image][\/et_pb_column][\/et_pb_row][\/et_pb_section]\n","protected":false},"excerpt":{"rendered":"<p>\u00c0 l\u2019heure o\u00f9 l\u2019Education Nationale fait face \u00e0 de nombreux enjeux soci\u00e9taux, le coll\u00e8ge appara\u00eet comme comme la cl\u00e9 de voute donnant acc\u00e8s aux \u00e9l\u00e8ves \u00e0 la r\u00e9ussite&#8230; D\u2019ailleurs, le [&hellip;]<\/p>\n","protected":false},"author":32292,"featured_media":0,"parent":0,"menu_order":0,"comment_status":"closed","ping_status":"closed","template":"","meta":{"_et_pb_use_builder":"on","_et_pb_old_content":"","_et_gb_content_width":"","_EventAllDay":false,"_EventTimezone":"","_EventStartDate":"","_EventEndDate":"","_EventStartDateUTC":"","_EventEndDateUTC":"","_EventShowMap":false,"_EventShowMapLink":false,"_EventURL":"","_EventCost":"","_EventCostDescription":"","_EventCurrencySymbol":"","_EventCurrencyCode":"","_EventCurrencyPosition":"","_EventDateTimeSeparator":"","_EventTimeRangeSeparator":"","_EventOrganizerID":[],"_EventVenueID":[],"_OrganizerEmail":"","_OrganizerPhone":"","_OrganizerWebsite":"","_VenueAddress":"","_VenueCity":"","_VenueCountry":"","_VenueProvince":"","_VenueState":"","_VenueZip":"","_VenuePhone":"","_VenueURL":"","_VenueStateProvince":"","_VenueLat":"","_VenueLng":"","_VenueShowMap":false,"_VenueShowMapLink":false,"footnotes":"","_links_to":"","_links_to_target":""},"class_list":["post-2486","page","type-page","status-publish","hentry"],"_links":{"self":[{"href":"https:\/\/etab.ac-reunion.fr\/clg-chemin-morin\/wp-json\/wp\/v2\/pages\/2486","targetHints":{"allow":["GET"]}}],"collection":[{"href":"https:\/\/etab.ac-reunion.fr\/clg-chemin-morin\/wp-json\/wp\/v2\/pages"}],"about":[{"href":"https:\/\/etab.ac-reunion.fr\/clg-chemin-morin\/wp-json\/wp\/v2\/types\/page"}],"author":[{"embeddable":true,"href":"https:\/\/etab.ac-reunion.fr\/clg-chemin-morin\/wp-json\/wp\/v2\/users\/32292"}],"replies":[{"embeddable":true,"href":"https:\/\/etab.ac-reunion.fr\/clg-chemin-morin\/wp-json\/wp\/v2\/comments?post=2486"}],"version-history":[{"count":5,"href":"https:\/\/etab.ac-reunion.fr\/clg-chemin-morin\/wp-json\/wp\/v2\/pages\/2486\/revisions"}],"predecessor-version":[{"id":3064,"href":"https:\/\/etab.ac-reunion.fr\/clg-chemin-morin\/wp-json\/wp\/v2\/pages\/2486\/revisions\/3064"}],"wp:attachment":[{"href":"https:\/\/etab.ac-reunion.fr\/clg-chemin-morin\/wp-json\/wp\/v2\/media?parent=2486"}],"curies":[{"name":"wp","href":"https:\/\/api.w.org\/{rel}","templated":true}]}}