{"id":2552,"date":"2022-09-18T10:40:54","date_gmt":"2022-09-18T06:40:54","guid":{"rendered":"https:\/\/etab.ac-reunion.fr\/clg-chemin-morin\/?page_id=2552"},"modified":"2023-12-05T13:37:17","modified_gmt":"2023-12-05T09:37:17","slug":"francais","status":"publish","type":"page","link":"https:\/\/etab.ac-reunion.fr\/clg-chemin-morin\/francais\/","title":{"rendered":"FRANCAIS"},"content":{"rendered":"[et_pb_section fb_built=\u00a0\u00bb1&Prime; _builder_version=\u00a0\u00bb4.18.0&Prime; _module_preset=\u00a0\u00bbdefault\u00a0\u00bb global_colors_info=\u00a0\u00bb{}\u00a0\u00bb][et_pb_row _builder_version=\u00a0\u00bb4.18.0&Prime; _module_preset=\u00a0\u00bbdefault\u00a0\u00bb background_color=\u00a0\u00bbrgba(196,216,177,0.32)\u00a0\u00bb background_enable_mask_style=\u00a0\u00bbon\u00a0\u00bb background_mask_style=\u00a0\u00bbhoneycomb\u00a0\u00bb background_mask_transform=\u00a0\u00bbflip_horizontal\u00a0\u00bb border_width_bottom=\u00a0\u00bb15px\u00a0\u00bb border_color_bottom=\u00a0\u00bbrgba(32,86,49,0.22)\u00a0\u00bb global_colors_info=\u00a0\u00bb{}\u00a0\u00bb][et_pb_column type=\u00a0\u00bb4_4&Prime; _builder_version=\u00a0\u00bb4.18.0&Prime; _module_preset=\u00a0\u00bbdefault\u00a0\u00bb global_colors_info=\u00a0\u00bb{}\u00a0\u00bb][et_pb_text _builder_version=\u00a0\u00bb4.18.0&Prime; _module_preset=\u00a0\u00bbdefault\u00a0\u00bb text_font=\u00a0\u00bbABeeZee|700|||||||\u00a0\u00bb text_text_color=\u00a0\u00bb#006ac1&Prime; text_font_size=\u00a0\u00bb88px\u00a0\u00bb text_letter_spacing=\u00a0\u00bb3px\u00a0\u00bb text_line_height=\u00a0\u00bb1.9em\u00a0\u00bb text_text_shadow_style=\u00a0\u00bbpreset2&Prime; text_text_shadow_vertical_length=\u00a0\u00bb0.06em\u00a0\u00bb global_colors_info=\u00a0\u00bb{}\u00a0\u00bb]\n<h1 style=\"text-align: center\"><span style=\"color: #3366ff\"><strong>\u00a0 \u00a0 \u00a0 \u00a0 \u00a0 \u00a0 \u00a0 \u00a0 FRANCAIS<\/strong><\/span><\/h1>\n[\/et_pb_text][\/et_pb_column][\/et_pb_row][et_pb_row _builder_version=\u00a0\u00bb4.23.1&Prime; _module_preset=\u00a0\u00bbdefault\u00a0\u00bb][et_pb_column _builder_version=\u00a0\u00bb4.23.1&Prime; _module_preset=\u00a0\u00bbdefault\u00a0\u00bb type=\u00a0\u00bb4_4&Prime;][et_pb_text _builder_version=\u00a0\u00bb4.23.1&Prime; _module_preset=\u00a0\u00bbdefault\u00a0\u00bb hover_enabled=\u00a0\u00bb0&Prime; sticky_enabled=\u00a0\u00bb0&Prime;]\n<h1 class=\"Standard\" align=\"center\" style=\"text-align: center\"><b><u><span lang=\"FR\" style=\"font-family: 'Comic Sans MS';color: red\">Le poids des mots<\/span><\/u><\/b><\/h1>\n<p class=\"Standard\"><span lang=\"FR\">\u00a0<\/span><\/p>\n<p class=\"Standard\" style=\"text-align: justify\"><span lang=\"FR\" style=\"font-family: 'Comic Sans MS';color: #2a6099\">C\u2019est l\u2019histoire de Zulia qu\u2019est venue nous conter la com\u00e9dienne Manuela Zeziquel ce mardi 21\/11\/2023.<\/span><\/p>\n<p class=\"Standard\" style=\"text-align: justify\"><span lang=\"FR\" style=\"font-family: 'Comic Sans MS';color: #2a6099\"><\/span><span lang=\"FR\" style=\"font-family: 'Comic Sans MS';color: #2a6099\">Zulia, une fille pas comme les autres&#8230;Qu\u2019est-ce que \u00e7a veut dire \u00ab\u00a0pas comme les autres\u00a0\u00bb\u00a0? Est-ce \u00eatre anormal\u00a0? Qui d\u00e9finit alors cette normalit\u00e9\u00a0?<\/span><\/p>\n<p class=\"Standard\" style=\"text-align: justify\"><span lang=\"FR\" style=\"font-family: 'Comic Sans MS';color: #2a6099\">Zulia, v\u00e9ritable don du Ciel \u00e0 ses parents, \u00e9tait tant attendue. En grandissant, on remarqua rapidement que Zulia ne parlait pas. Aucun son ne semblait pouvoir sortir de sa bouche. Un jour, le vent siffla si fort que Zulia l\u2019entendait lui murmurer quelque chose. Le vent parlait\u00a0! Il lui demandait de s\u2019envoler\u00a0! Mais, il est fou se dit-elle\u00a0!<\/span><\/p>\n<p class=\"Standard\" style=\"text-align: justify\"><span lang=\"FR\" style=\"font-family: 'Comic Sans MS';color: #2a6099\">Ce qu\u2019elle ne savait pas \u00e0 cet instant, est que le vent allait \u00eatre l\u2019\u00e9l\u00e9ment d\u00e9clencheur d\u2019un long voyage introspectif. Le vent r\u00e9partissait les maux de Zulia dans l\u2019air, la rendant l\u00e9g\u00e8re. Si l\u00e9g\u00e8re, que le sol se d\u00e9roba sous ses pieds et l\u00e0 voil\u00e0 emporter dans une danse a\u00e9rienne.<\/span><\/p>\n<p class=\"Standard\" style=\"text-align: justify\"><span lang=\"FR\" style=\"font-family: 'Comic Sans MS';color: #2a6099\">De l\u00e0-haut, le monde lui paraissait minuscule. Au fur et \u00e0 mesure, elle communia avec d\u2019autres \u00e9l\u00e9ments de la nature, lui d\u00e9voilant les richesses du monde. Petit \u00e0 petit, Zulia \u00e9merveill\u00e9e par cet univers enchant\u00e9, commen\u00e7a \u00e0 parler. Ravie de pouvoir enfin le faire, elle retrouva ses parents et ses camarades de classe afin de leur conter ses aventures. Plus de moqueries, plus de m\u00e9disances, mais de l\u2019envie. L\u2019envie d\u2019entendre Zulia d\u00e9verser le flot de ses histoires narr\u00e9es par Dame Nature qui lui a appris qu\u2019avant de vouloir int\u00e9grer un groupe, \u00eatre accept\u00e9 par les autres\u00a0; il fallait mener sa qu\u00eate int\u00e9rieure, trouver qui l\u2019on est, se faire confiance pour d\u00e9fier les emb\u00fbches quotidiennes sur notre route. On a aussi appris que derri\u00e8re la duret\u00e9 des mots d\u2019autrui, pouvaient se cacher bien des maux.<\/span><\/p>\n<p class=\"Standard\" style=\"text-align: justify\"><span lang=\"FR\" style=\"font-family: 'Comic Sans MS';color: #2a6099\">Celui ou celle qui critique son prochain masque par la violence des gestes ou de la parole son mal-\u00eatre et n\u2019attend qu\u2019une chose\u00a0: attirer l\u2019attention d\u2019une quelconque fa\u00e7on. Il faut pouvoir \u00e9clairer sa voie afin qu\u2019il\/elle n\u2019assombrisse pas l\u2019existence de l\u2019autre\u2026<\/span><\/p>\n<p class=\"Standard\" style=\"text-align: justify\"><span lang=\"FR\" style=\"font-family: 'Comic Sans MS';color: #2a6099\">\u00a0<\/span><\/p>\n<p class=\"Standard\" style=\"text-align: justify\"><span lang=\"FR\" style=\"font-family: 'Comic Sans MS';color: #2a6099\"><strong>Nos remerciements \u00e0 la Compagnie Nektar ainsi qu\u2019\u00e0 la m\u00e9diath\u00e8que de la ville pour ce spectacle\u00a0!<\/strong><\/span><\/p>\n<p class=\"Standard\" style=\"text-align: justify\"><span lang=\"FR\" style=\"font-family: 'Comic Sans MS';color: #2a6099\">\u00a0 \u00a0 \u00a0 \u00a0 \u00a0 \u00a0 \u00a0 \u00a0 \u00a0 \u00a0 \u00a0 \u00a0 \u00a0<\/span><span lang=\"FR\" style=\"font-family: 'Comic Sans MS';color: #2a6099\"><em>Madame GOPAL PANON.<\/em><\/span><\/p>\n[\/et_pb_text][et_pb_gallery _builder_version=\u00a0\u00bb4.23.1&Prime; _module_preset=\u00a0\u00bbdefault\u00a0\u00bb gallery_ids=\u00a0\u00bb3571,3572,3573,3574&Prime; hover_enabled=\u00a0\u00bb0&Prime; sticky_enabled=\u00a0\u00bb0&Prime;][\/et_pb_gallery][\/et_pb_column][\/et_pb_row][et_pb_row _builder_version=\u00a0\u00bb4.23.1&Prime; _module_preset=\u00a0\u00bbdefault\u00a0\u00bb][et_pb_column _builder_version=\u00a0\u00bb4.23.1&Prime; _module_preset=\u00a0\u00bbdefault\u00a0\u00bb type=\u00a0\u00bb4_4&Prime;][et_pb_divider _builder_version=\u00a0\u00bb4.23.1&Prime; _module_preset=\u00a0\u00bbdefault\u00a0\u00bb divider_weight=\u00a0\u00bb32px\u00a0\u00bb hover_enabled=\u00a0\u00bb0&Prime; sticky_enabled=\u00a0\u00bb0&Prime;][\/et_pb_divider][\/et_pb_column][\/et_pb_row][et_pb_row column_structure=\u00a0\u00bb1_2,1_2&Prime; _builder_version=\u00a0\u00bb4.23.1&Prime; _module_preset=\u00a0\u00bbdefault\u00a0\u00bb global_colors_info=\u00a0\u00bb{}\u00a0\u00bb][et_pb_column type=\u00a0\u00bb1_2&Prime; _builder_version=\u00a0\u00bb4.23.1&Prime; _module_preset=\u00a0\u00bbdefault\u00a0\u00bb global_colors_info=\u00a0\u00bb{}\u00a0\u00bb][et_pb_text _builder_version=\u00a0\u00bb4.23.1&Prime; _module_preset=\u00a0\u00bbdefault\u00a0\u00bb global_colors_info=\u00a0\u00bb{}\u00a0\u00bb]\n<h1><span style=\"color: #339966\"><strong>Quand le Conte D\u00c9FAIT\u00a0 l\u2019univers DES F\u00c9ES\u00a0!<\/strong><\/span><\/h1>\n<p><strong>\u00a0<\/strong>Ce mercredi 11 octobre 2023, le Coll\u00e8ge a eu le plaisir d\u2019accueillir \u00e0 nouveau<strong> le Collectif Les Renards Volants<\/strong> pour un spectacle \u00e0 destination des 6\u00e8mes.<\/p>\n<p>Retour dans le pass\u00e9, touche de modernit\u00e9, le tout agr\u00e9ment\u00e9 d\u2019un brin de folie, d\u2019humour et de fantaisie ont \u00e9t\u00e9 les mots-cl\u00e9s de leur succ\u00e8s aupr\u00e8s du public.<\/p>\n<p>L\u2019utopie des Contes est devenue r\u00e9alit\u00e9 le temps d\u2019une repr\u00e9sentation\u00a0: adultes comme \u00e9l\u00e8ves ont \u00e9t\u00e9 conquis de cette retomb\u00e9e en enfance en toute insouciance.<\/p>\n<p>Personnages loufoques, touchants, moralisateurs\u00a0? Chacun de nous a sa fa\u00e7on de s\u2019approprier les contes dont le succ\u00e8s n\u2019est plus \u00e0 prouver de g\u00e9n\u00e9ration en g\u00e9n\u00e9ration.<\/p>\n<p>\u00a0Un grand merci \u00e0 <strong>Laurent (Nicolas), Oc\u00e9ane (Morgane) et Mathieu (George)<\/strong> pour cette revisite des contes qui nous a laiss\u00e9 compl\u00e8tement d\u00e9&#8230;faits face \u00e0 un tel niveau artistique\u00a0!<\/p>\n<p>\u00a0Des remerciements \u00e9galement \u00e0 <strong>Mme BABET<\/strong> et <strong>Mme MAYEN<\/strong> pour le suivi men\u00e9 aupr\u00e8s des \u00e9l\u00e8ves de la 601,602, 607 et 608. Vous trouverez des photos de leurs travaux et des commentaires dans cet article.<\/p>\n<p>\u00a0<strong>Mme GOPAL PANON.<\/strong><\/p>\n[\/et_pb_text][\/et_pb_column][et_pb_column type=\u00a0\u00bb1_2&Prime; _builder_version=\u00a0\u00bb4.23.1&Prime; _module_preset=\u00a0\u00bbdefault\u00a0\u00bb global_colors_info=\u00a0\u00bb{}\u00a0\u00bb][et_pb_gallery gallery_ids=\u00a0\u00bb3569,3567,3563,3560,3557&Prime; _builder_version=\u00a0\u00bb4.23.1&Prime; _module_preset=\u00a0\u00bbdefault\u00a0\u00bb global_colors_info=\u00a0\u00bb{}\u00a0\u00bb][\/et_pb_gallery][\/et_pb_column][\/et_pb_row][et_pb_row _builder_version=\u00a0\u00bb4.20.2&Prime; _module_preset=\u00a0\u00bbdefault\u00a0\u00bb background_color=\u00a0\u00bbrgba(208,216,199,0.47)\u00a0\u00bb global_colors_info=\u00a0\u00bb{}\u00a0\u00bb][et_pb_column type=\u00a0\u00bb4_4&Prime; _builder_version=\u00a0\u00bb4.18.0&Prime; _module_preset=\u00a0\u00bbdefault\u00a0\u00bb global_colors_info=\u00a0\u00bb{}\u00a0\u00bb][et_pb_text _builder_version=\u00a0\u00bb4.20.2&Prime; _module_preset=\u00a0\u00bbdefault\u00a0\u00bb global_colors_info=\u00a0\u00bb{}\u00a0\u00bb]\n<h1 style=\"text-align: center\"><strong>QUAND LES H\u00c9ROS DU CIN\u00c9MA<\/strong><\/h1>\n<h1 style=\"text-align: center\"><strong> S\u2019INCRUSTENT AU COLL\u00c8GE !<\/strong><\/h1>\n[\/et_pb_text][et_pb_text _builder_version=\u00a0\u00bb4.20.2&Prime; _module_preset=\u00a0\u00bbdefault\u00a0\u00bb global_colors_info=\u00a0\u00bb{}\u00a0\u00bb]\n<p style=\"text-align: center\"><strong>Ce mercredi 28 f\u00e9vrier, s\u2019est tenue au coll\u00e8ge la repr\u00e9sentation \u00ab\u00a0Le Cercle des H\u00e9ros disparus\u00a0\u00bb par le collectif \u00ab\u00a0Les Renards Volants\u00a0\u00bb. <\/strong><\/p>\n<p style=\"text-align: center\">Les classes de 6<sup>\u00e8me <\/sup>\u00a0et le personnel du coll\u00e8ge ont \u00e9t\u00e9 embarqu\u00e9s dans une aventure d\u00e9lirante, gr\u00e2ce \u00e0 une machine \u00e0 remonter le temps. Objectif\u00a0? Aller \u00e0 la qu\u00eate du h\u00e9ros qui sauvera le monde\u00a0! C\u2019\u00e9tait la mission d\u00e9licate de Priam et d\u2019Ariane. Nous avons bien voulu participer au voyage\u00a0!<\/p>\n<p style=\"text-align: center\">Ce projet, en lien avec le programme de Fran\u00e7ais, s\u2019inspirant des h\u00e9ros d\u2019hier et d\u2019aujourd\u2019hui, nous a permis de r\u00e9fl\u00e9chir \u00e0 la notion m\u00eame de \u00ab\u00a0H\u00e9ros\u00a0\u00bb et de red\u00e9couvrir des figures d\u00e9j\u00e0 rencontr\u00e9es en classe.<\/p>\n<p style=\"text-align: center\">C\u2019est dans une ambiance rythm\u00e9e par l\u2019humour que les acteurs ont parfaitement incarn\u00e9 les c\u00e9l\u00e8bres h\u00e9ros que nous connaissons tous. Ainsi, les \u00e9clats de rire ont retenti et le sourire n\u2019\u00e9tait que plus grand lorsqu\u2019on nous a fait comprendre que le h\u00e9ros recherch\u00e9 \u00e9tait cach\u00e9 au fond de nous. On est pass\u00e9 du h\u00e9ros antique au h\u00e9ros moderne en red\u00e9finissant ce mot.<\/p>\n<p style=\"text-align: center\">Nous remercions Oc\u00e9ane et Mathieu pour ce spectacle et cette belle le\u00e7on de vie.<\/p>\n<p>&nbsp;<\/p>\n[\/et_pb_text][et_pb_gallery gallery_ids=\u00a0\u00bb3057,3058,3059&Prime; posts_number=\u00a0\u00bb3&Prime; show_title_and_caption=\u00a0\u00bboff\u00a0\u00bb show_pagination=\u00a0\u00bboff\u00a0\u00bb _builder_version=\u00a0\u00bb4.20.2&Prime; _module_preset=\u00a0\u00bbdefault\u00a0\u00bb caption_font_size=\u00a0\u00bb1px\u00a0\u00bb global_colors_info=\u00a0\u00bb{}\u00a0\u00bb][\/et_pb_gallery][et_pb_text _builder_version=\u00a0\u00bb4.20.2&Prime; _module_preset=\u00a0\u00bbdefault\u00a0\u00bb global_colors_info=\u00a0\u00bb{}\u00a0\u00bb]\n<p class=\"Standard\" style=\"text-align: center\"><b><u><span lang=\"FR\" style=\"font-family: 'Comic Sans MS';color: red\"><\/span><\/u><\/b><\/p>\n<h3 class=\"Standard\" style=\"text-align: center\"><b><span lang=\"FR\" style=\"font-family: 'Comic Sans MS'\">LES \u00c9L\u00c8VES DE 602 VOUS PROPOSENT QUELQUES CHARADES&#8230; LES 603 DES DEVINETTES SUR LES H\u00c9ROS !<\/span><\/b><\/h3>\n<p class=\"Standard\" style=\"text-align: center\"><b><u><span lang=\"FR\" style=\"font-family: 'Comic Sans MS';color: red\"><\/span><\/u><\/b><\/p>\n<p class=\"Standard\" style=\"text-align: center\"><b><u><span lang=\"FR\" style=\"font-family: 'Comic Sans MS';color: red\">CHARADE 1<\/span><\/u><\/b><\/p>\n<p class=\"Standard\" style=\"text-align: center\"><span lang=\"FR\" style=\"font-family: 'Comic Sans MS';color: #2a6099\">Mon 1<sup>er<\/sup> est une voyelle.<\/span><\/p>\n<p class=\"Standard\" style=\"text-align: center\"><span lang=\"FR\" style=\"font-family: 'Comic Sans MS';color: #2a6099\">Mon 2\u00e8me est un fruit.<\/span><\/p>\n<p class=\"Standard\" style=\"text-align: center\"><span lang=\"FR\" style=\"font-family: 'Comic Sans MS';color: #2a6099\">On dort sur mon 3\u00e8me.<\/span><\/p>\n<p class=\"Standard\" style=\"text-align: center\"><span lang=\"FR\" style=\"font-family: 'Comic Sans MS';color: #2a6099\">Mon dernier c\u2019est ce qu\u2019on met \u00e0 bijou au pluriel.<\/span><\/p>\n<p class=\"Standard\" style=\"text-align: center\"><span lang=\"FR\" style=\"font-family: 'Comic Sans MS';color: #2a6099\">Mon tout est li\u00e9 \u00e0 un nom d\u2019attraction.<\/span><\/p>\n<p class=\"Standard\" style=\"text-align: center\"><span lang=\"FR\" style=\"font-family: 'Comic Sans MS'\">\u00a0<\/span><\/p>\n<p class=\"Standard\" style=\"text-align: center\"><b><u><span lang=\"FR\" style=\"font-family: 'Comic Sans MS';color: red\">CHARADE 2<\/span><\/u><\/b><\/p>\n<p class=\"Standard\" style=\"text-align: center\"><span lang=\"FR\" style=\"font-family: 'Comic Sans MS';color: #2a6099\">Mon 1<sup>er<\/sup> c\u2019est ce qu\u2019on dit quand on a peur.<\/span><\/p>\n<p class=\"Standard\" style=\"text-align: center\"><span lang=\"FR\" style=\"font-family: 'Comic Sans MS';color: #2a6099\">On trouve beaucoup mon deuxi\u00e8me dans les restaurants asiatiques.<\/span><\/p>\n<p class=\"Standard\" style=\"text-align: center\"><span lang=\"FR\" style=\"font-family: 'Comic Sans MS';color: #2a6099\">Mon troisi\u00e8me sert \u00e0 mettre des fleurs.<\/span><\/p>\n<p class=\"Standard\" style=\"text-align: center\"><span lang=\"FR\" style=\"font-family: 'Comic Sans MS';color: #2a6099\">La montre donne mon quatri\u00e8me.<\/span><\/p>\n<p class=\"Standard\" style=\"text-align: center\"><span lang=\"FR\" style=\"font-family: 'Comic Sans MS';color: #2a6099\">Mon tout est un personnage de fiction c\u00e9l\u00e8bre dans une \u00e9cole.<\/span><\/p>\n<p class=\"Standard\" style=\"text-align: center\"><span lang=\"FR\" style=\"font-family: 'Comic Sans MS';color: #2a6099\">\u00a0<\/span><\/p>\n<p class=\"Standard\" style=\"text-align: center\"><b><u><span lang=\"FR\" style=\"font-family: 'Comic Sans MS';color: red\">CHARADE 3<\/span><\/u><\/b><\/p>\n<p class=\"Standard\" style=\"text-align: center\"><span lang=\"FR\" style=\"font-family: 'Comic Sans MS';color: #2a6099\">Mon 1<sup>er<\/sup> est une longue p\u00e9riode historique.<\/span><\/p>\n<p class=\"Standard\" style=\"text-align: center\"><span lang=\"FR\" style=\"font-family: 'Comic Sans MS';color: #2a6099\">Mon deuxi\u00e8me est le mot \u00ab\u00a0post\u00e9rieur\u00a0\u00bb dans un langage familier.<\/span><\/p>\n<p class=\"Standard\" style=\"text-align: center\"><span lang=\"FR\" style=\"font-family: 'Comic Sans MS';color: #2a6099\">Mon troisi\u00e8me est un d\u00e9terminant au masculin.<\/span><\/p>\n<p class=\"Standard\" style=\"text-align: center\"><span lang=\"FR\" style=\"font-family: 'Comic Sans MS';color: #2a6099\">Mon tout est un grand travailleur.<\/span><\/p>\n<p class=\"Standard\" style=\"text-align: center\"><span lang=\"FR\" style=\"font-family: 'Comic Sans MS';color: #2a6099\">\u00a0<\/span><\/p>\n<p class=\"Standard\" style=\"text-align: center\"><b><u><span lang=\"FR\" style=\"font-family: 'Comic Sans MS';color: red\">CHARADE 4<\/span><\/u><\/b><\/p>\n<p class=\"Standard\" style=\"text-align: center\"><span lang=\"FR\" style=\"font-family: 'Comic Sans MS';color: #2a6099\">Mon 1<sup>er<\/sup> est une voyelle.<\/span><\/p>\n<p class=\"Standard\" style=\"text-align: center\"><span lang=\"FR\" style=\"font-family: 'Comic Sans MS';color: #2a6099\">Mon deuxi\u00e8me est une action qu\u2019on fait devant un texte.<\/span><\/p>\n<p class=\"Standard\" style=\"text-align: center\"><span lang=\"FR\" style=\"font-family: 'Comic Sans MS';color: #2a6099\">Mon troisi\u00e8me est un d\u00e9terminant.<\/span><\/p>\n<p class=\"Standard\" style=\"text-align: center\"><span lang=\"FR\" style=\"font-family: 'Comic Sans MS';color: #2a6099\">Mon tout est un h\u00e9ros affrontant plusieurs aventures.<\/span><\/p>\n<p class=\"Standard\" style=\"text-align: center\"><span lang=\"FR\" style=\"font-family: 'Comic Sans MS';color: #2a6099\">\u00a0<\/span><\/p>\n<p class=\"Standard\" style=\"text-align: center\"><b><u><span lang=\"FR\" style=\"font-family: 'Comic Sans MS';color: red\">CHARADE 5<\/span><\/u><\/b><\/p>\n<p class=\"Standard\" style=\"text-align: center\"><span lang=\"FR\" style=\"font-family: 'Comic Sans MS';color: #2a6099\">On peut boire mon 1er.<\/span><\/p>\n<p class=\"Standard\" style=\"text-align: center\"><span lang=\"FR\" style=\"font-family: 'Comic Sans MS';color: #2a6099\">Mon deuxi\u00e8me est un rongeur.<\/span><\/p>\n<p class=\"Standard\" style=\"text-align: center\"><span lang=\"FR\" style=\"font-family: 'Comic Sans MS';color: #2a6099\">Mon troisi\u00e8me sert \u00e0 couper du bois.<\/span><\/p>\n<p class=\"Standard\" style=\"text-align: center\"><span lang=\"FR\" style=\"font-family: 'Comic Sans MS';color: #2a6099\">On peut trouver mon son sur un cheval.<\/span><\/p>\n<p class=\"Standard\" style=\"text-align: center\"><span lang=\"FR\" style=\"font-family: 'Comic Sans MS';color: #2a6099\">Mon 4\u00e8me fait penser \u00e0 un zoo.<\/span><\/p>\n<p class=\"Standard\" style=\"text-align: center\"><span lang=\"FR\" style=\"font-family: 'Comic Sans MS';color: #2a6099\">Mon tout est un film dans lequel il faut surmonter ses peurs.<\/span><\/p>\n<p class=\"Standard\" style=\"text-align: center\"><span lang=\"FR\" style=\"font-family: 'Comic Sans MS';color: #2a6099\">\u00a0<\/span><\/p>\n<p class=\"Standard\" style=\"text-align: center\"><b><u><span lang=\"FR\" style=\"font-family: 'Comic Sans MS';color: red\">CHARADE 6<\/span><\/u><\/b><\/p>\n<p class=\"Standard\" style=\"text-align: center\"><span lang=\"FR\" style=\"font-family: 'Comic Sans MS';color: #2a6099\">Mon 1<sup>er<\/sup> est un d\u00e9terminant.<\/span><\/p>\n<p class=\"Standard\" style=\"text-align: center\"><span lang=\"FR\" style=\"font-family: 'Comic Sans MS';color: #2a6099\">Mon deuxi\u00e8me peut se passer quand on se blesse.<\/span><\/p>\n<p class=\"Standard\" style=\"text-align: center\"><span lang=\"FR\" style=\"font-family: 'Comic Sans MS';color: #2a6099\">2 aiguilles sont les amies du midi pour mon troisi\u00e8me.<\/span><\/p>\n<p class=\"Standard\" style=\"text-align: center\"><span lang=\"FR\" style=\"font-family: 'Comic Sans MS';color: #2a6099\">Mon 4\u00e8me sert \u00e0 me prot\u00e9ger.<\/span><\/p>\n<p class=\"Standard\" style=\"text-align: center\"><span lang=\"FR\" style=\"font-family: 'Comic Sans MS';color: #2a6099\">Mon 5\u00e8me est la prononciation de \u00ab\u00a0boucles d\u2019oreilles\u00a0\u00bb en cr\u00e9ole.<\/span><\/p>\n<p class=\"Standard\" style=\"text-align: center\"><span lang=\"FR\" style=\"font-family: 'Comic Sans MS';color: #2a6099\">Mon tout est un film fantastique.<\/span><\/p>\n<h4 style=\"text-align: center\"><span style=\"color: #ff9900\"><\/span><\/h4>\n<h4 style=\"text-align: center\"><span style=\"color: #ff9900\">Devinettes sur les h\u00e9ros\u00a0:<\/span><\/h4>\n<p>&nbsp;<\/p>\n<p style=\"text-align: center\"><strong><span style=\"color: #ff9900\">1)<\/span> J&rsquo;ai fr\u00e9quent\u00e9 Poudlard, je suis une sorci\u00e8re, je suis une amie proche d\u2019Harry Potter et je l\u2019ai aid\u00e9 \u00e0 tuer Voldemort.<\/strong><\/p>\n<p style=\"text-align: center\"><strong><span style=\"color: #ff9900\">2)<\/span> J&rsquo;ai effectu\u00e9 12 travaux, je suis le fils de Zeus, j&rsquo;ai des muscles et on m&rsquo;appelle \u00e9galement H\u00e9racl\u00e8s.<\/strong><\/p>\n<p style=\"text-align: center\"><strong><span style=\"color: #ff9900\">3)<\/span> Je suis un hobbit et je suis \u00e0 la recherche d\u2019un bijou magique qui a le pouvoir d\u2019an\u00e9antir le monde.<\/strong><\/p>\n<p style=\"text-align: center\"><strong><span style=\"color: #ff9900\">4)<\/span> Je suis un dieu de l&rsquo;Olympe, je suis grand, je poss\u00e8de une foudre \u00e0 la main et j&rsquo;ai vaincu le Typhon tellement je suis fort.<\/strong><\/p>\n<p style=\"text-align: center\"><strong><span style=\"color: #ff9900\">5)<\/span> Je suis gros parce que je suis tomb\u00e9 dans la potion magique, je porte un casque, je suis toujours accompagn\u00e9 de mon ami et de mon chien. <\/strong><\/p>\n<p style=\"text-align: center\"><strong><span style=\"color: #ff9900\">6)<\/span> Je suis un c\u00e9l\u00e8bre chasseur de tr\u00e9sors, j&rsquo;explore des temples \u00e0 la recherche du cr\u00e2ne de cristal, je porte un chapeau marron sur la t\u00eate et un pistolet \u00e0 la main.<\/strong><\/p>\n<p class=\"Standard\" style=\"text-align: center\"><span lang=\"FR\" style=\"font-family: 'Comic Sans MS';color: #2a6099\">\u00a0<\/span><\/p>\n[\/et_pb_text][et_pb_divider show_divider=\u00a0\u00bboff\u00a0\u00bb _builder_version=\u00a0\u00bb4.19.1&Prime; _module_preset=\u00a0\u00bbdefault\u00a0\u00bb background_color=\u00a0\u00bb#E09900&Prime; background_enable_pattern_style=\u00a0\u00bbon\u00a0\u00bb background_pattern_style=\u00a0\u00bbdiagonal-stripes\u00a0\u00bb global_colors_info=\u00a0\u00bb{}\u00a0\u00bb][\/et_pb_divider][\/et_pb_column][\/et_pb_row][et_pb_row _builder_version=\u00a0\u00bb4.18.0&Prime; _module_preset=\u00a0\u00bbdefault\u00a0\u00bb background_color=\u00a0\u00bb#cad8be\u00a0\u00bb global_colors_info=\u00a0\u00bb{}\u00a0\u00bb][et_pb_column type=\u00a0\u00bb4_4&Prime; _builder_version=\u00a0\u00bb4.18.0&Prime; _module_preset=\u00a0\u00bbdefault\u00a0\u00bb global_colors_info=\u00a0\u00bb{}\u00a0\u00bb][et_pb_text _builder_version=\u00a0\u00bb4.19.1&Prime; _module_preset=\u00a0\u00bbdefault\u00a0\u00bb global_colors_info=\u00a0\u00bb{}\u00a0\u00bb]\n<h1 class=\"Standard\" align=\"center\" style=\"text-align: center\">\u00a0<span class=\"fontstyle0\">CONNAISSEZ-VOUS L\u2019HISTOIRE D\u2019 HANSEL ET GRETEL ?<\/span> <\/h1>\n[\/et_pb_text][et_pb_gallery gallery_ids=\u00a0\u00bb2886,2890,2891,2892,2893&Prime; show_title_and_caption=\u00a0\u00bboff\u00a0\u00bb show_pagination=\u00a0\u00bboff\u00a0\u00bb _builder_version=\u00a0\u00bb4.19.1&Prime; _module_preset=\u00a0\u00bbdefault\u00a0\u00bb caption_font_size=\u00a0\u00bb1px\u00a0\u00bb global_colors_info=\u00a0\u00bb{}\u00a0\u00bb][\/et_pb_gallery][et_pb_text _builder_version=\u00a0\u00bb4.19.1&Prime; _module_preset=\u00a0\u00bbdefault\u00a0\u00bb custom_margin=\u00a0\u00bb0px|40px||40px|false|false\u00a0\u00bb custom_padding=\u00a0\u00bb0px||0px||false|false\u00a0\u00bb global_colors_info=\u00a0\u00bb{}\u00a0\u00bb]\n<p style=\"text-align: center\"><span class=\"fontstyle0\"><strong>Voici celle de GRETEL et HANSEL !<\/strong><br \/>C\u2019est par le biais d\u2019une lecture sc\u00e9nique offerte par la Compagnie BABA SIFON que<br \/>les<strong><span style=\"color: #ff6600\"> 602<\/span><\/strong> et<strong><span style=\"color: #ff6600\"> 603<\/span><\/strong> ont eu le plaisir de d\u00e9couvrir autrement ce c\u00e9l\u00e8bre conte des fr\u00e8res<br \/>GRIMM. Des parents face \u00e0 un choix compliqu\u00e9, des enfants qui doivent apprendre \u00e0<br \/>devenir autonomes et \u00e0 ne pas faire confiance \u00e0 des inconnus, s\u2019entraider pour vivre<br \/>dans un monde meilleur\u2026 Ce conte regorge de morales \u00e0 retenir.<br \/>Dans le chaudron magique, la sorci\u00e8re avait mijot\u00e9 sa recette pour emprisonner son<br \/>public dans son univers avec :<br \/>-des personnages \u00e0 croquer<br \/>-la surprise du chef \u00ab For\u00eat \u00bb<br \/>-une infusion de bonnes paroles en fran\u00e7ais\/cr\u00e9ole<br \/>-un croustillant de d\u00e9tails dr\u00f4les<br \/>-un public all\u00e9ch\u00e9 par la maison de friandises et ses secrets<br \/>-des cerveaux qui bouillonnent pour visualiser les sc\u00e8nes<br \/>-une potion envo\u00fbtante pour marquer les esprits tirer les le\u00e7ons de cette histoire.<br \/>Un grand merci \u00e0 L\u00e9one et Damien de la Compagnie BABA Sifon et \u00e0 la m\u00e9diath\u00e8que<br \/>de la ville pour avoir rendu possible cette rencontre.<br \/><em>Mesdames GOPAL PANON et TANDRAYEN , professeurs de la 602 et 603<\/em><\/span><\/p>\n[\/et_pb_text][et_pb_text _builder_version=\u00a0\u00bb4.19.1&Prime; _module_preset=\u00a0\u00bbdefault\u00a0\u00bb custom_margin=\u00a0\u00bb0px|40px||40px|false|false\u00a0\u00bb custom_padding=\u00a0\u00bb0px||0px||false|false\u00a0\u00bb global_colors_info=\u00a0\u00bb{}\u00a0\u00bb]\n<p style=\"text-align: center\"><span class=\"fontstyle0\"><strong>Voici celle de GRETEL et HANSEL !<\/strong><br \/>C\u2019est par le biais d\u2019une lecture sc\u00e9nique offerte par la Compagnie BABA SIFON que<br \/>les<strong><span style=\"color: #ff6600\"> 602<\/span><\/strong> et<strong><span style=\"color: #ff6600\"> 603<\/span><\/strong> ont eu le plaisir de d\u00e9couvrir autrement ce c\u00e9l\u00e8bre conte des fr\u00e8res<br \/>GRIMM. Des parents face \u00e0 un choix compliqu\u00e9, des enfants qui doivent apprendre \u00e0<br \/>devenir autonomes et \u00e0 ne pas faire confiance \u00e0 des inconnus, s\u2019entraider pour vivre<br \/>dans un monde meilleur\u2026 Ce conte regorge de morales \u00e0 retenir.<br \/>Dans le chaudron magique, la sorci\u00e8re avait mijot\u00e9 sa recette pour emprisonner son<br \/>public dans son univers avec :<br \/>-des personnages \u00e0 croquer<br \/>-la surprise du chef \u00ab For\u00eat \u00bb<br \/>-une infusion de bonnes paroles en fran\u00e7ais\/cr\u00e9ole<br \/>-un croustillant de d\u00e9tails dr\u00f4les<br \/>-un public all\u00e9ch\u00e9 par la maison de friandises et ses secrets<br \/>-des cerveaux qui bouillonnent pour visualiser les sc\u00e8nes<br \/>-une potion envo\u00fbtante pour marquer les esprits tirer les le\u00e7ons de cette histoire.<br \/>Un grand merci \u00e0 L\u00e9one et Damien de la Compagnie BABA Sifon et \u00e0 la m\u00e9diath\u00e8que<br \/>de la ville pour avoir rendu possible cette rencontre.<br \/><em>Mesdames GOPAL PANON et TANDRAYEN , professeurs de la 602 et 603<\/em><\/span><\/p>\n[\/et_pb_text][et_pb_divider show_divider=\u00a0\u00bboff\u00a0\u00bb _builder_version=\u00a0\u00bb4.19.1&Prime; _module_preset=\u00a0\u00bbdefault\u00a0\u00bb background_color=\u00a0\u00bb#E09900&Prime; background_enable_pattern_style=\u00a0\u00bbon\u00a0\u00bb background_pattern_style=\u00a0\u00bbdiagonal-stripes\u00a0\u00bb global_colors_info=\u00a0\u00bb{}\u00a0\u00bb][\/et_pb_divider][\/et_pb_column][\/et_pb_row][et_pb_row _builder_version=\u00a0\u00bb4.18.0&Prime; _module_preset=\u00a0\u00bbdefault\u00a0\u00bb background_color=\u00a0\u00bb#cad8be\u00a0\u00bb global_colors_info=\u00a0\u00bb{}\u00a0\u00bb][et_pb_column type=\u00a0\u00bb4_4&Prime; _builder_version=\u00a0\u00bb4.18.0&Prime; _module_preset=\u00a0\u00bbdefault\u00a0\u00bb global_colors_info=\u00a0\u00bb{}\u00a0\u00bb][et_pb_text _builder_version=\u00a0\u00bb4.18.0&Prime; _module_preset=\u00a0\u00bbdefault\u00a0\u00bb global_colors_info=\u00a0\u00bb{}\u00a0\u00bb]\n<h1 class=\"Standard\" align=\"center\" style=\"text-align: center\"><span style=\"color: #008080\"><span style=\"font-family: 'Comic Sans MS'\">QUAND LA LITT\u00c9RATURE<\/span><\/span><\/h1>\n<h1 class=\"Standard\" align=\"center\" style=\"text-align: center\"><span style=\"font-family: 'Comic Sans MS';color: red\"><span style=\"color: #008080\">FAIT SE RENCONTRER DIVERSES CULTURES<\/span><\/span><\/h1>\n[\/et_pb_text][et_pb_text _builder_version=\u00a0\u00bb4.18.0&Prime; _module_preset=\u00a0\u00bbdefault\u00a0\u00bb custom_margin=\u00a0\u00bb0px|40px||40px|false|false\u00a0\u00bb custom_padding=\u00a0\u00bb0px||0px||false|false\u00a0\u00bb global_colors_info=\u00a0\u00bb{}\u00a0\u00bb]\n<p>Le mardi 4 octobre 2022, les 406 et les 407 se sont rendus \u00e0 la m\u00e9diath\u00e8que de Saint-Andr\u00e9 pour une lecture sc\u00e9nique du roman \u00ab\u00a0J\u2019ai 14 ans et ce n\u2019est pas une bonne nouvelle\u00a0\u00bb de Jo WITEK.<\/p>\n<p>Apr\u00e8s un travail \u00e9labor\u00e9 en amont avec leurs professeurs de Fran\u00e7ais, Mme GOPAL PANON et Mme TANRAYEN, ainsi qu&rsquo;avec\u00a0 la documentaliste, Mme NATIVEL, les \u00e9l\u00e8ves ont pu \u00e9changer avec Mme PERNETTE et Mme BELTRAN sur les questionnements li\u00e9s \u00e0 l\u2019adolescence, les probl\u00e8mes communicationnels parents\/enfants, le probl\u00e8me de l\u2019acc\u00e8s \u00e0 l\u2019\u00e9ducation dans le monde, les in\u00e9galit\u00e9s de traitement filles\/gar\u00e7ons, la place de la femme dans la soci\u00e9t\u00e9 et au foyer\u2026<\/p>\n<p>Le roman, ne mentionnant jamais aucun lieu tout au long de l\u2019histoire, a permis de mettre en avant cette universalit\u00e9 des mises en situations rencontr\u00e9es au gr\u00e9 de la lecture. Ainsi, le personnage principal et son univers ont su captiver l\u2019attention de nos \u00e9l\u00e8ves qui ont fait des parall\u00e8les avec leur quotidien ou celui de leur entourage proche ou lointain.<\/p>\n<p>Merci \u00e0 la compagnie La Marotte et \u00e0 la m\u00e9diath\u00e8que de Saint-Andr\u00e9 pour cette action culturelle, humaine et enrichissante tant pour nos \u00e9l\u00e8ves que nous-m\u00eames\u00a0!<\/p>\n[\/et_pb_text][et_pb_gallery gallery_ids=\u00a0\u00bb2736,2737,2738,2739&Prime; show_title_and_caption=\u00a0\u00bboff\u00a0\u00bb show_pagination=\u00a0\u00bboff\u00a0\u00bb _builder_version=\u00a0\u00bb4.18.0&Prime; _module_preset=\u00a0\u00bbdefault\u00a0\u00bb caption_font_size=\u00a0\u00bb1px\u00a0\u00bb global_colors_info=\u00a0\u00bb{}\u00a0\u00bb][\/et_pb_gallery][et_pb_divider divider_weight=\u00a0\u00bb47px\u00a0\u00bb _builder_version=\u00a0\u00bb4.18.0&Prime; _module_preset=\u00a0\u00bbdefault\u00a0\u00bb background_enable_pattern_style=\u00a0\u00bbon\u00a0\u00bb background_pattern_style=\u00a0\u00bbdiagonal-stripes\u00a0\u00bb global_colors_info=\u00a0\u00bb{}\u00a0\u00bb][\/et_pb_divider][\/et_pb_column][\/et_pb_row][et_pb_row _builder_version=\u00a0\u00bb4.18.0&Prime; _module_preset=\u00a0\u00bbdefault\u00a0\u00bb global_colors_info=\u00a0\u00bb{}\u00a0\u00bb][et_pb_column type=\u00a0\u00bb4_4&Prime; _builder_version=\u00a0\u00bb4.18.0&Prime; _module_preset=\u00a0\u00bbdefault\u00a0\u00bb global_colors_info=\u00a0\u00bb{}\u00a0\u00bb][et_pb_text _builder_version=\u00a0\u00bb4.18.0&Prime; _module_preset=\u00a0\u00bbdefault\u00a0\u00bb background_enable_pattern_style=\u00a0\u00bbon\u00a0\u00bb background_pattern_style=\u00a0\u00bbpinwheel\u00a0\u00bb background_pattern_color=\u00a0\u00bbrgba(224,43,32,0.09)\u00a0\u00bb background_pattern_blend_mode=\u00a0\u00bbluminosity\u00a0\u00bb background_enable_mask_style=\u00a0\u00bbon\u00a0\u00bb global_colors_info=\u00a0\u00bb{}\u00a0\u00bb]\n<h2 style=\"text-align: center\"><span style=\"color: #e02b20\"><strong>L&rsquo;HOMME DE BOUE<\/strong><\/span><\/h2>\n<p style=\"text-align: justify\">Ce mercredi 14 septembre, s\u2019est tenue au coll\u00e8ge la repr\u00e9sentation de \u00ab L\u2019Homme de Boue \u00bb par le collectif \u00ab Les Renards Volants \u00bb, q<span>ui a honor\u00e9 de sa pr\u00e9sence les \u00e9l\u00e8ves de troisi\u00e8me,<\/span>\u00a0\u00e0 peine arriv\u00e9 sur l\u2019\u00eele.<\/p>\n<p style=\"text-align: justify\">Avec un accueil et un soleil des plus g\u00e9n\u00e9reux, la matin\u00e9e s\u2019annon\u00e7ait de la plus belle des mani\u00e8res.<\/p>\n<p style=\"text-align: justify\">Le titre du spectacle \u00ab\u00a0Homme de Boue\u00a0\u00bb est un remarquable calembour avec l\u2019expression \u00ab L\u2019homme debout\u00a0\u00bb montrant ainsi toute la symbolique de cet \u00e9v\u00e9nement majeur qu\u2019est la Premi\u00e8re Guerre Mondiale. L\u2019Homme, l\u2019Humanit\u00e9 qui se l\u00e8ve et qui puise au plus profond de ses ressources pour sortir victorieux\/se de cette p\u00e9riode de sa vie.<\/p>\n<p style=\"text-align: justify\">Ce projet, en lien avec le programme d\u2019Histoire et de Fran\u00e7ais, bas\u00e9 sur des lettres r\u00e9elles de Poilus de la Grande Guerre, a permis aux \u00e9l\u00e8ves de s\u2019approprier visuellement des passages incontournables de la vie de ces anciens combattants. Aussi, ce qui pouvait herm\u00e9tique au niveau du texte, ne l\u2019a pas \u00e9t\u00e9 avec la mise en sc\u00e8ne.<\/p>\n<p style=\"text-align: justify\">Entre curiosit\u00e9, rires, impr\u00e9vus et questionnement du public, Oc\u00e9ane et Mathieu ont su captiver le public adulte comme \u00e9l\u00e8ves \u00e0 travers leur jeu d\u2019acteur et de r\u00e9gisseur.<\/p>\n<p style=\"text-align: justify\">Nous leur souhaitons une belle continuation et esp\u00e9rons les croiser \u00e0 nouveau sur notre chemin\u00a0!<\/p>\n[\/et_pb_text][\/et_pb_column][\/et_pb_row][et_pb_row column_structure=\u00a0\u00bb1_3,1_3,1_3&Prime; _builder_version=\u00a0\u00bb4.18.0&Prime; _module_preset=\u00a0\u00bbdefault\u00a0\u00bb global_colors_info=\u00a0\u00bb{}\u00a0\u00bb][et_pb_column type=\u00a0\u00bb1_3&Prime; _builder_version=\u00a0\u00bb4.18.0&Prime; _module_preset=\u00a0\u00bbdefault\u00a0\u00bb global_colors_info=\u00a0\u00bb{}\u00a0\u00bb][et_pb_image src=\u00a0\u00bbhttps:\/\/etab.ac-reunion.fr\/clg-chemin-morin\/wp-content\/uploads\/sites\/38\/2022\/09\/20220914_111933-scaled.jpg\u00a0\u00bb title_text=\u00a0\u00bb20220914_111933&Prime; _builder_version=\u00a0\u00bb4.18.0&Prime; _module_preset=\u00a0\u00bbdefault\u00a0\u00bb global_colors_info=\u00a0\u00bb{}\u00a0\u00bb][\/et_pb_image][\/et_pb_column][et_pb_column type=\u00a0\u00bb1_3&Prime; _builder_version=\u00a0\u00bb4.18.0&Prime; _module_preset=\u00a0\u00bbdefault\u00a0\u00bb global_colors_info=\u00a0\u00bb{}\u00a0\u00bb][et_pb_image src=\u00a0\u00bbhttps:\/\/etab.ac-reunion.fr\/clg-chemin-morin\/wp-content\/uploads\/sites\/38\/2022\/09\/20220914_102720-scaled.jpg\u00a0\u00bb title_text=\u00a0\u00bb20220914_102720&Prime; _builder_version=\u00a0\u00bb4.18.0&Prime; _module_preset=\u00a0\u00bbdefault\u00a0\u00bb global_colors_info=\u00a0\u00bb{}\u00a0\u00bb][\/et_pb_image][\/et_pb_column][et_pb_column type=\u00a0\u00bb1_3&Prime; _builder_version=\u00a0\u00bb4.18.0&Prime; _module_preset=\u00a0\u00bbdefault\u00a0\u00bb global_colors_info=\u00a0\u00bb{}\u00a0\u00bb][et_pb_image src=\u00a0\u00bbhttps:\/\/etab.ac-reunion.fr\/clg-chemin-morin\/wp-content\/uploads\/sites\/38\/2022\/09\/20220914_105932-scaled.jpg\u00a0\u00bb title_text=\u00a0\u00bb20220914_105932&Prime; _builder_version=\u00a0\u00bb4.18.0&Prime; _module_preset=\u00a0\u00bbdefault\u00a0\u00bb global_colors_info=\u00a0\u00bb{}\u00a0\u00bb][\/et_pb_image][\/et_pb_column][\/et_pb_row][\/et_pb_section]\n","protected":false},"excerpt":{"rendered":"<p>\u00a0 \u00a0 \u00a0 \u00a0 \u00a0 \u00a0 \u00a0 \u00a0 FRANCAISLe poids des mots \u00a0 C\u2019est l\u2019histoire de Zulia qu\u2019est venue nous conter la com\u00e9dienne Manuela Zeziquel ce mardi 21\/11\/2023. Zulia, une [&hellip;]<\/p>\n","protected":false},"author":32292,"featured_media":0,"parent":0,"menu_order":0,"comment_status":"closed","ping_status":"closed","template":"","meta":{"_et_pb_use_builder":"on","_et_pb_old_content":"","_et_gb_content_width":"","_EventAllDay":false,"_EventTimezone":"","_EventStartDate":"","_EventEndDate":"","_EventStartDateUTC":"","_EventEndDateUTC":"","_EventShowMap":false,"_EventShowMapLink":false,"_EventURL":"","_EventCost":"","_EventCostDescription":"","_EventCurrencySymbol":"","_EventCurrencyCode":"","_EventCurrencyPosition":"","_EventDateTimeSeparator":"","_EventTimeRangeSeparator":"","_EventOrganizerID":[],"_EventVenueID":[],"_OrganizerEmail":"","_OrganizerPhone":"","_OrganizerWebsite":"","_VenueAddress":"","_VenueCity":"","_VenueCountry":"","_VenueProvince":"","_VenueState":"","_VenueZip":"","_VenuePhone":"","_VenueURL":"","_VenueStateProvince":"","_VenueLat":"","_VenueLng":"","_VenueShowMap":false,"_VenueShowMapLink":false,"footnotes":"","_links_to":"","_links_to_target":""},"class_list":["post-2552","page","type-page","status-publish","hentry"],"_links":{"self":[{"href":"https:\/\/etab.ac-reunion.fr\/clg-chemin-morin\/wp-json\/wp\/v2\/pages\/2552","targetHints":{"allow":["GET"]}}],"collection":[{"href":"https:\/\/etab.ac-reunion.fr\/clg-chemin-morin\/wp-json\/wp\/v2\/pages"}],"about":[{"href":"https:\/\/etab.ac-reunion.fr\/clg-chemin-morin\/wp-json\/wp\/v2\/types\/page"}],"author":[{"embeddable":true,"href":"https:\/\/etab.ac-reunion.fr\/clg-chemin-morin\/wp-json\/wp\/v2\/users\/32292"}],"replies":[{"embeddable":true,"href":"https:\/\/etab.ac-reunion.fr\/clg-chemin-morin\/wp-json\/wp\/v2\/comments?post=2552"}],"version-history":[{"count":16,"href":"https:\/\/etab.ac-reunion.fr\/clg-chemin-morin\/wp-json\/wp\/v2\/pages\/2552\/revisions"}],"predecessor-version":[{"id":3578,"href":"https:\/\/etab.ac-reunion.fr\/clg-chemin-morin\/wp-json\/wp\/v2\/pages\/2552\/revisions\/3578"}],"wp:attachment":[{"href":"https:\/\/etab.ac-reunion.fr\/clg-chemin-morin\/wp-json\/wp\/v2\/media?parent=2552"}],"curies":[{"name":"wp","href":"https:\/\/api.w.org\/{rel}","templated":true}]}}