{"id":2785,"date":"2022-11-06T17:53:35","date_gmt":"2022-11-06T13:53:35","guid":{"rendered":"https:\/\/etab.ac-reunion.fr\/clg-chemin-morin\/?page_id=2785"},"modified":"2023-05-28T19:09:37","modified_gmt":"2023-05-28T15:09:37","slug":"e-d-d","status":"publish","type":"page","link":"https:\/\/etab.ac-reunion.fr\/clg-chemin-morin\/e-d-d\/","title":{"rendered":"E.D.D"},"content":{"rendered":"[et_pb_section fb_built=\u00a0\u00bb1&Prime; _builder_version=\u00a0\u00bb4.19.0&Prime; _module_preset=\u00a0\u00bbdefault\u00a0\u00bb background_color=\u00a0\u00bb#d2d8cb\u00a0\u00bb global_colors_info=\u00a0\u00bb{}\u00a0\u00bb][et_pb_row _builder_version=\u00a0\u00bb4.19.0&Prime; _module_preset=\u00a0\u00bbdefault\u00a0\u00bb global_colors_info=\u00a0\u00bb{}\u00a0\u00bb][et_pb_column type=\u00a0\u00bb4_4&Prime; _builder_version=\u00a0\u00bb4.19.0&Prime; _module_preset=\u00a0\u00bbdefault\u00a0\u00bb global_colors_info=\u00a0\u00bb{}\u00a0\u00bb][et_pb_image src=\u00a0\u00bbhttps:\/\/etab.ac-reunion.fr\/clg-chemin-morin\/wp-content\/uploads\/sites\/38\/2022\/11\/EDD-p.jpg\u00a0\u00bb title_text=\u00a0\u00bbCREATOR: gd-jpeg v1.0 (using IJG JPEG v80), quality = 90&Prime; force_fullwidth=\u00a0\u00bbon\u00a0\u00bb _builder_version=\u00a0\u00bb4.19.0&Prime; _module_preset=\u00a0\u00bbdefault\u00a0\u00bb global_colors_info=\u00a0\u00bb{}\u00a0\u00bb][\/et_pb_image][et_pb_text _builder_version=\u00a0\u00bb4.20.4&Prime; _module_preset=\u00a0\u00bbdefault\u00a0\u00bb animation_style=\u00a0\u00bbfade\u00a0\u00bb text_text_shadow_style=\u00a0\u00bbpreset4&Prime; global_colors_info=\u00a0\u00bb{}\u00a0\u00bb][\/et_pb_text][\/et_pb_column][\/et_pb_row][et_pb_row _builder_version=\u00a0\u00bb4.21.0&Prime; _module_preset=\u00a0\u00bbdefault\u00a0\u00bb][et_pb_column _builder_version=\u00a0\u00bb4.21.0&Prime; _module_preset=\u00a0\u00bbdefault\u00a0\u00bb type=\u00a0\u00bb4_4&Prime;][et_pb_text _builder_version=\u00a0\u00bb4.21.0&Prime; _module_preset=\u00a0\u00bbdefault\u00a0\u00bb background_color=\u00a0\u00bb#E09900&Prime; background_enable_pattern_style=\u00a0\u00bbon\u00a0\u00bb background_pattern_style=\u00a0\u00bbinverted-chevrons-2&Prime; background_pattern_color=\u00a0\u00bbrgba(0,0,0,0.09)\u00a0\u00bb hover_enabled=\u00a0\u00bb0&Prime; sticky_enabled=\u00a0\u00bb0&Prime;]\n<h1 style=\"text-align: center\"><span style=\"color: #008080\">Concours C.G\u00e9nial 2022 \/ 2023<\/span><\/h1>\n<p>&nbsp;<\/p>\n[\/et_pb_text][et_pb_button button_text=\u00a0\u00bbLire l&rsquo;article !\u00a0\u00bb _builder_version=\u00a0\u00bb4.21.0&Prime; _module_preset=\u00a0\u00bbdefault\u00a0\u00bb button_url=\u00a0\u00bbhttps:\/\/etab.ac-reunion.fr\/clg-chemin-morin\/c-genial\/\u00a0\u00bb custom_button=\u00a0\u00bbon\u00a0\u00bb button_text_color=\u00a0\u00bb#E09900&Prime; button_border_width=\u00a0\u00bb17px\u00a0\u00bb button_border_radius=\u00a0\u00bb29px\u00a0\u00bb custom_margin=\u00a0\u00bb|||438px|false|false\u00a0\u00bb animation_style=\u00a0\u00bbroll\u00a0\u00bb hover_enabled=\u00a0\u00bb0&Prime; sticky_enabled=\u00a0\u00bb0&Prime;][\/et_pb_button][\/et_pb_column][\/et_pb_row][et_pb_row _builder_version=\u00a0\u00bb4.20.4&Prime; _module_preset=\u00a0\u00bbdefault\u00a0\u00bb global_colors_info=\u00a0\u00bb{}\u00a0\u00bb][et_pb_column type=\u00a0\u00bb4_4&Prime; _builder_version=\u00a0\u00bb4.20.4&Prime; _module_preset=\u00a0\u00bbdefault\u00a0\u00bb global_colors_info=\u00a0\u00bb{}\u00a0\u00bb][et_pb_text _builder_version=\u00a0\u00bb4.20.4&Prime; _module_preset=\u00a0\u00bbdefault\u00a0\u00bb background_color=\u00a0\u00bbrgba(12,113,195,0.13)\u00a0\u00bb background_enable_pattern_style=\u00a0\u00bbon\u00a0\u00bb background_pattern_style=\u00a0\u00bbwaves\u00a0\u00bb background_pattern_color=\u00a0\u00bbrgba(12,113,195,0.11)\u00a0\u00bb global_colors_info=\u00a0\u00bb{}\u00a0\u00bb]\n<h1 style=\"text-align: center\"><span style=\"color: #339966\">D\u00e9couverte du lagon <\/span><\/h1>\n<h1 style=\"text-align: center\"><span style=\"color: #339966\">avec les \u00e9l\u00e8ves de la 605 !<\/span><\/h1>\n[\/et_pb_text][\/et_pb_column][\/et_pb_row][et_pb_row column_structure=\u00a0\u00bb2_5,3_5&Prime; _builder_version=\u00a0\u00bb4.20.4&Prime; _module_preset=\u00a0\u00bbdefault\u00a0\u00bb global_colors_info=\u00a0\u00bb{}\u00a0\u00bb][et_pb_column type=\u00a0\u00bb2_5&Prime; _builder_version=\u00a0\u00bb4.20.4&Prime; _module_preset=\u00a0\u00bbdefault\u00a0\u00bb global_colors_info=\u00a0\u00bb{}\u00a0\u00bb][et_pb_button button_url=\u00a0\u00bbhttps:\/\/etab.ac-reunion.fr\/clg-chemin-morin\/wp-content\/uploads\/sites\/38\/2023\/04\/Oceano-pour-tous-College-Chemin-MORIN.pdf\u00a0\u00bb button_text=\u00a0\u00bbPr\u00e9sentation du projet \u00a0\u00bb _builder_version=\u00a0\u00bb4.20.4&Prime; _module_preset=\u00a0\u00bbdefault\u00a0\u00bb custom_button=\u00a0\u00bbon\u00a0\u00bb button_text_color=\u00a0\u00bb#0C71C3&Prime; button_border_width=\u00a0\u00bb15px\u00a0\u00bb custom_margin=\u00a0\u00bb|0px|0px|81px|false|false\u00a0\u00bb custom_padding=\u00a0\u00bb39px||41px||false|false\u00a0\u00bb global_colors_info=\u00a0\u00bb{}\u00a0\u00bb][\/et_pb_button][\/et_pb_column][et_pb_column type=\u00a0\u00bb3_5&Prime; _builder_version=\u00a0\u00bb4.20.4&Prime; _module_preset=\u00a0\u00bbdefault\u00a0\u00bb global_colors_info=\u00a0\u00bb{}\u00a0\u00bb][et_pb_text _builder_version=\u00a0\u00bb4.20.4&Prime; _module_preset=\u00a0\u00bbdefault\u00a0\u00bb global_colors_info=\u00a0\u00bb{}\u00a0\u00bb]\n<p style=\"text-align: center\"><span>Cette vid\u00e9o r\u00e9alis\u00e9e par les \u00e9l\u00e8ves de 605 du coll\u00e8ge Chemin Morin (St-Andr\u00e9) permet de d\u00e9couvrir le r\u00e9cif corallien de La R\u00e9union, son r\u00f4le, ses faiblesses et la n\u00e9cessit\u00e9 de le prot\u00e9ger.<\/span><br \/><span>Elle a \u00e9t\u00e9 r\u00e9alis\u00e9e dans le cadre du concours Oc\u00e9ano pour tous, \u00e9dition 2023, lanc\u00e9 par l&rsquo;Institut Oc\u00e9anographique de Monaco.<\/span><\/p>\n[\/et_pb_text][et_pb_button button_url=\u00a0\u00bbhttps:\/\/tube-sciences-technologies.apps.education.fr\/w\/uwHVNNFQiWio3Qyb3za5Ff\u00a0\u00bb button_text=\u00a0\u00bbRegardez la vid\u00e9o ici !\u00a0\u00bb _builder_version=\u00a0\u00bb4.20.4&Prime; _module_preset=\u00a0\u00bbdefault\u00a0\u00bb custom_button=\u00a0\u00bbon\u00a0\u00bb button_text_color=\u00a0\u00bb#1ba3a0&Prime; button_border_width=\u00a0\u00bb14px\u00a0\u00bb button_border_radius=\u00a0\u00bb24px\u00a0\u00bb button_icon=\u00a0\u00bb&#x24;||divi||400&Prime; button_icon_color=\u00a0\u00bb#0C71C3&Prime; custom_margin=\u00a0\u00bb|||226px|false|false\u00a0\u00bb global_colors_info=\u00a0\u00bb{}\u00a0\u00bb][\/et_pb_button][\/et_pb_column][\/et_pb_row][et_pb_row _builder_version=\u00a0\u00bb4.20.4&Prime; _module_preset=\u00a0\u00bbdefault\u00a0\u00bb global_colors_info=\u00a0\u00bb{}\u00a0\u00bb][et_pb_column type=\u00a0\u00bb4_4&Prime; _builder_version=\u00a0\u00bb4.20.4&Prime; _module_preset=\u00a0\u00bbdefault\u00a0\u00bb global_colors_info=\u00a0\u00bb{}\u00a0\u00bb][et_pb_divider _builder_version=\u00a0\u00bb4.20.4&Prime; _module_preset=\u00a0\u00bbdefault\u00a0\u00bb background_enable_mask_style=\u00a0\u00bbon\u00a0\u00bb background_mask_style=\u00a0\u00bbdiagonal-pills\u00a0\u00bb background_mask_color=\u00a0\u00bb#E09900&Prime; global_colors_info=\u00a0\u00bb{}\u00a0\u00bb][\/et_pb_divider][\/et_pb_column][\/et_pb_row][et_pb_row _builder_version=\u00a0\u00bb4.20.4&Prime; _module_preset=\u00a0\u00bbdefault\u00a0\u00bb global_colors_info=\u00a0\u00bb{}\u00a0\u00bb][et_pb_column type=\u00a0\u00bb4_4&Prime; _builder_version=\u00a0\u00bb4.20.4&Prime; _module_preset=\u00a0\u00bbdefault\u00a0\u00bb global_colors_info=\u00a0\u00bb{}\u00a0\u00bb][et_pb_text _builder_version=\u00a0\u00bb4.20.4&Prime; _module_preset=\u00a0\u00bbdefault\u00a0\u00bb global_colors_info=\u00a0\u00bb{}\u00a0\u00bb]\n<h1><strong>La classe Oc\u00e9ano Pour Tous \u00e0 la d\u00e9couverte du r\u00e9cif corallien<\/strong><\/h1>\n[\/et_pb_text][\/et_pb_column][\/et_pb_row][et_pb_row column_structure=\u00a0\u00bb2_5,3_5&Prime; _builder_version=\u00a0\u00bb4.19.0&Prime; _module_preset=\u00a0\u00bbdefault\u00a0\u00bb global_colors_info=\u00a0\u00bb{}\u00a0\u00bb][et_pb_column type=\u00a0\u00bb2_5&Prime; _builder_version=\u00a0\u00bb4.19.0&Prime; _module_preset=\u00a0\u00bbdefault\u00a0\u00bb global_colors_info=\u00a0\u00bb{}\u00a0\u00bb][et_pb_text _builder_version=\u00a0\u00bb4.19.0&Prime; _module_preset=\u00a0\u00bbdefault\u00a0\u00bb global_colors_info=\u00a0\u00bb{}\u00a0\u00bb]\n<p>Les \u00e9l\u00e8ves de 605 poursuivent leur projet Oc\u00e9ano Pour Tous. Jeudi 3 novembre une visioconf\u00e9rence avec des scientifiques de <em><span style=\"color: #339966\">l\u2019Institut Oc\u00e9anographique de Monaco<strong><sup>1<\/sup><\/strong><\/span><\/em> leur a permis de mieux comprendre le mode vie du corail (nutrition, reproduction). Ils ont vu des images exceptionnelles de corail en train de se nourrir, film\u00e9es au microscope.<\/p>\n<p>Le lendemain, ils ont effectu\u00e9 une plong\u00e9e sous-marine au lagon de l\u2019Hermitage, guid\u00e9s par une \u00e9quipe de la <span style=\"color: #339966\"><em>R\u00e9serve Nationale Marine de La R\u00e9union<\/em><strong>\u00b2<\/strong><\/span>.<br \/>L\u2019\u00e9quipe leur a expliqu\u00e9 l\u2019importance des diff\u00e9rents \u00eatres vivants du r\u00e9cif corallien. Ils ont notamment appris que les holothuries font des \u00ab\u00a0cacas propres\u00a0\u00bb puisqu\u2019elles se nourrissent de sable sale, qu\u2019elles rejettent compl\u00e8tement nettoy\u00e9, \u00e9vitant ainsi que les algues envahissent tout le r\u00e9cif. Une biodiversit\u00e9 o\u00f9 chacun a donc son r\u00f4le.<\/p>\n<p>Nous en avons aussi profit\u00e9 pour tourner des sc\u00e8nes de la vid\u00e9o que nous devons cr\u00e9er dans le cadre du concours. Des talents d\u2019actrices et acteurs apparaissent\u2026<\/p>\n[\/et_pb_text][\/et_pb_column][et_pb_column type=\u00a0\u00bb3_5&Prime; _builder_version=\u00a0\u00bb4.19.0&Prime; _module_preset=\u00a0\u00bbdefault\u00a0\u00bb global_colors_info=\u00a0\u00bb{}\u00a0\u00bb][et_pb_gallery gallery_ids=\u00a0\u00bb2795,2794,2793,2792&Prime; _builder_version=\u00a0\u00bb4.19.0&Prime; _module_preset=\u00a0\u00bbdefault\u00a0\u00bb global_colors_info=\u00a0\u00bb{}\u00a0\u00bb][\/et_pb_gallery][et_pb_text _builder_version=\u00a0\u00bb4.19.0&Prime; _module_preset=\u00a0\u00bbdefault\u00a0\u00bb global_colors_info=\u00a0\u00bb{}\u00a0\u00bb]\n<p><strong>1<\/strong><span>\u00a0: <a href=\"https:\/\/musee.oceano.org\/oceano-pour-tous\/\">https:\/\/musee.oceano.org\/oceano-pour-tous\/<\/a><\/span><\/p>\n<p><strong>2<\/strong>\u00a0: <a href=\"http:\/\/www.reservemarinereunion.fr\/les-missions\/mission-de-sensibilisation\/46\/mission-sensibilisation\/\">http:\/\/www.reservemarinereunion.fr\/les-missions\/mission-de-sensibilisation\/46\/mission-sensibilisation\/<\/a><\/p>\n[\/et_pb_text][\/et_pb_column][\/et_pb_row][\/et_pb_section]\n","protected":false},"excerpt":{"rendered":"<p>Concours C.G\u00e9nial 2022 \/ 2023 &nbsp;D\u00e9couverte du lagon avec les \u00e9l\u00e8ves de la 605 !Cette vid\u00e9o r\u00e9alis\u00e9e par les \u00e9l\u00e8ves de 605 du coll\u00e8ge Chemin Morin (St-Andr\u00e9) permet de d\u00e9couvrir [&hellip;]<\/p>\n","protected":false},"author":32292,"featured_media":0,"parent":0,"menu_order":0,"comment_status":"closed","ping_status":"closed","template":"","meta":{"_et_pb_use_builder":"on","_et_pb_old_content":"<!-- wp:paragraph -->\n<p><\/p>\n<!-- \/wp:paragraph -->\n\n<!-- wp:heading -->\n<h2><\/h2>\n<!-- \/wp:heading -->","_et_gb_content_width":"","_EventAllDay":false,"_EventTimezone":"","_EventStartDate":"","_EventEndDate":"","_EventStartDateUTC":"","_EventEndDateUTC":"","_EventShowMap":false,"_EventShowMapLink":false,"_EventURL":"","_EventCost":"","_EventCostDescription":"","_EventCurrencySymbol":"","_EventCurrencyCode":"","_EventCurrencyPosition":"","_EventDateTimeSeparator":"","_EventTimeRangeSeparator":"","_EventOrganizerID":[],"_EventVenueID":[0],"_OrganizerEmail":"","_OrganizerPhone":"","_OrganizerWebsite":"","_VenueAddress":"","_VenueCity":"","_VenueCountry":"","_VenueProvince":"","_VenueState":"","_VenueZip":"","_VenuePhone":"","_VenueURL":"","_VenueStateProvince":"","_VenueLat":"","_VenueLng":"","_VenueShowMap":false,"_VenueShowMapLink":false,"footnotes":"","_links_to":"","_links_to_target":""},"class_list":["post-2785","page","type-page","status-publish","hentry"],"_links":{"self":[{"href":"https:\/\/etab.ac-reunion.fr\/clg-chemin-morin\/wp-json\/wp\/v2\/pages\/2785","targetHints":{"allow":["GET"]}}],"collection":[{"href":"https:\/\/etab.ac-reunion.fr\/clg-chemin-morin\/wp-json\/wp\/v2\/pages"}],"about":[{"href":"https:\/\/etab.ac-reunion.fr\/clg-chemin-morin\/wp-json\/wp\/v2\/types\/page"}],"author":[{"embeddable":true,"href":"https:\/\/etab.ac-reunion.fr\/clg-chemin-morin\/wp-json\/wp\/v2\/users\/32292"}],"replies":[{"embeddable":true,"href":"https:\/\/etab.ac-reunion.fr\/clg-chemin-morin\/wp-json\/wp\/v2\/comments?post=2785"}],"version-history":[{"count":13,"href":"https:\/\/etab.ac-reunion.fr\/clg-chemin-morin\/wp-json\/wp\/v2\/pages\/2785\/revisions"}],"predecessor-version":[{"id":3351,"href":"https:\/\/etab.ac-reunion.fr\/clg-chemin-morin\/wp-json\/wp\/v2\/pages\/2785\/revisions\/3351"}],"wp:attachment":[{"href":"https:\/\/etab.ac-reunion.fr\/clg-chemin-morin\/wp-json\/wp\/v2\/media?parent=2785"}],"curies":[{"name":"wp","href":"https:\/\/api.w.org\/{rel}","templated":true}]}}