{"id":2970,"date":"2022-11-30T08:10:48","date_gmt":"2022-11-30T04:10:48","guid":{"rendered":"https:\/\/etab.ac-reunion.fr\/clg-chemin-morin\/?page_id=2970"},"modified":"2022-11-30T08:36:07","modified_gmt":"2022-11-30T04:36:07","slug":"sorties-pedagogiques","status":"publish","type":"page","link":"https:\/\/etab.ac-reunion.fr\/clg-chemin-morin\/sorties-pedagogiques\/","title":{"rendered":"SORTIES P\u00c9DAGOGIQUES"},"content":{"rendered":"[et_pb_section fb_built=\u00a0\u00bb1&Prime; _builder_version=\u00a0\u00bb4.19.1&Prime; _module_preset=\u00a0\u00bbdefault\u00a0\u00bb min_height=\u00a0\u00bb442.3px\u00a0\u00bb custom_margin=\u00a0\u00bb||-83px|||\u00a0\u00bb custom_padding=\u00a0\u00bb||0px|||\u00a0\u00bb global_colors_info=\u00a0\u00bb{}\u00a0\u00bb][\/et_pb_section][et_pb_section fb_built=\u00a0\u00bb1&Prime; _builder_version=\u00a0\u00bb4.19.1&Prime; _module_preset=\u00a0\u00bbdefault\u00a0\u00bb custom_margin=\u00a0\u00bb-22px|||||\u00a0\u00bb global_colors_info=\u00a0\u00bb{}\u00a0\u00bb][et_pb_row _builder_version=\u00a0\u00bb4.19.1&Prime; _module_preset=\u00a0\u00bbdefault\u00a0\u00bb background_image=\u00a0\u00bbhttps:\/\/etab.ac-reunion.fr\/clg-chemin-morin\/wp-content\/uploads\/sites\/38\/2022\/11\/volcan198eruptionpitondelafournaise052015-creditirt-lucperrotdts062017-1920&#215;960-1.jpeg\u00a0\u00bb custom_margin=\u00a0\u00bb|auto|51px|auto||\u00a0\u00bb global_colors_info=\u00a0\u00bb{}\u00a0\u00bb][et_pb_column type=\u00a0\u00bb4_4&Prime; _builder_version=\u00a0\u00bb4.19.1&Prime; _module_preset=\u00a0\u00bbdefault\u00a0\u00bb global_colors_info=\u00a0\u00bb{}\u00a0\u00bb][et_pb_text _builder_version=\u00a0\u00bb4.19.1&Prime; _module_preset=\u00a0\u00bbdefault\u00a0\u00bb text_font_size=\u00a0\u00bb44px\u00a0\u00bb animation_style=\u00a0\u00bbflip\u00a0\u00bb text_text_shadow_style=\u00a0\u00bbpreset1&Prime; global_colors_info=\u00a0\u00bb{}\u00a0\u00bb]\n<p><span style=\"color: #ff0000\">SORTIES P\u00c9DAGOGIQUES<\/span><\/p>\n[\/et_pb_text][\/et_pb_column][\/et_pb_row][et_pb_row column_structure=\u00a0\u00bb1_2,1_2&Prime; _builder_version=\u00a0\u00bb4.19.1&Prime; _module_preset=\u00a0\u00bbdefault\u00a0\u00bb global_colors_info=\u00a0\u00bb{}\u00a0\u00bb][et_pb_column type=\u00a0\u00bb1_2&Prime; _builder_version=\u00a0\u00bb4.19.1&Prime; _module_preset=\u00a0\u00bbdefault\u00a0\u00bb global_colors_info=\u00a0\u00bb{}\u00a0\u00bb][et_pb_text _builder_version=\u00a0\u00bb4.19.1&Prime; _module_preset=\u00a0\u00bbdefault\u00a0\u00bb global_colors_info=\u00a0\u00bb{}\u00a0\u00bb]\n<h3 style=\"text-align: center\"><strong>Les \u00e9l\u00e8ves de 604 \u00e0 la d\u00e9couverte des oiseaux \u00e0 Grand Etang.<\/strong><\/h3>\n<p>La classe de 604 est partie \u00e0 Grand Etang (dans les hauts de St-Beno\u00eet), pour d\u00e9couvrir les oiseaux end\u00e9miques de La R\u00e9union avec une animatrice de la SEOR<sup>1<\/sup>.<\/p>\n<p>Quelques commentaires des \u00e9l\u00e8ves \u00e0 leur retour\u00a0:<\/p>\n<p><em>\u00ab\u00a0Nous avons beaucoup march\u00e9, j\u2019ai vu un zoizo la vierge de tr\u00e8s pr\u00e8s.\u00a0\u00bb<\/em><\/p>\n<p><em>\u00ab \u00c7a nous a fait d\u00e9compresser. On a aussi d\u00e9couvert d\u2019autres animaux comme un Gecko end\u00e9mique, des papillons, des plantes qu\u2019on ne connaissait pas\u00a0\u00bb.<\/em><\/p>\n<p><em>\u00ab\u00a0J\u2019ai retenu qu\u2019il faut respecter la nature\u00a0\u00bb.<\/em><\/p>\n<p><em>\u00ab\u00a0Le meilleur moment c\u2019est quand on a fait le silence complet pour \u00e9couter les oiseaux\u00a0\u00bb.<\/em><\/p>\n<p>Les enfants avaient en effet pr\u00e9par\u00e9 la sortie en apprenant \u00e0 reconna\u00eetre le chant des oiseaux sur le site de la <span style=\"color: #ff6600\"><strong>SEOR<\/strong><\/span>.<\/p>\n<p>&nbsp;<\/p>\n<ul>\n<li><strong> <\/strong>SEOR, Soci\u00e9t\u00e9 d\u2019Etude Ornithologique de La R\u00e9union : <a href=\"https:\/\/www.seor.fr\/index.php\">https:\/\/www.seor.fr\/index.php<\/a><\/li>\n<\/ul>\n[\/et_pb_text][\/et_pb_column][et_pb_column type=\u00a0\u00bb1_2&Prime; _builder_version=\u00a0\u00bb4.19.1&Prime; _module_preset=\u00a0\u00bbdefault\u00a0\u00bb global_colors_info=\u00a0\u00bb{}\u00a0\u00bb][et_pb_gallery _builder_version=\u00a0\u00bb4.19.1&Prime; _module_preset=\u00a0\u00bbdefault\u00a0\u00bb gallery_ids=\u00a0\u00bb2977,2978,2979,2980,2981,2983&Prime; hover_enabled=\u00a0\u00bb0&Prime; sticky_enabled=\u00a0\u00bb0&Prime;][\/et_pb_gallery][et_pb_image src=\u00a0\u00bbhttps:\/\/etab.ac-reunion.fr\/clg-chemin-morin\/wp-content\/uploads\/sites\/38\/2022\/11\/20221124_114358-scaled.jpg\u00a0\u00bb _builder_version=\u00a0\u00bb4.19.1&Prime; _module_preset=\u00a0\u00bbdefault\u00a0\u00bb hover_enabled=\u00a0\u00bb0&Prime; sticky_enabled=\u00a0\u00bb0&Prime;][\/et_pb_image][\/et_pb_column][\/et_pb_row][\/et_pb_section]\n","protected":false},"excerpt":{"rendered":"<p>SORTIES P\u00c9DAGOGIQUESLes \u00e9l\u00e8ves de 604 \u00e0 la d\u00e9couverte des oiseaux \u00e0 Grand Etang. La classe de 604 est partie \u00e0 Grand Etang (dans les hauts de St-Beno\u00eet), pour d\u00e9couvrir les [&hellip;]<\/p>\n","protected":false},"author":32292,"featured_media":0,"parent":0,"menu_order":0,"comment_status":"closed","ping_status":"closed","template":"","meta":{"_et_pb_use_builder":"on","_et_pb_old_content":"","_et_gb_content_width":"","_EventAllDay":false,"_EventTimezone":"","_EventStartDate":"","_EventEndDate":"","_EventStartDateUTC":"","_EventEndDateUTC":"","_EventShowMap":false,"_EventShowMapLink":false,"_EventURL":"","_EventCost":"","_EventCostDescription":"","_EventCurrencySymbol":"","_EventCurrencyCode":"","_EventCurrencyPosition":"","_EventDateTimeSeparator":"","_EventTimeRangeSeparator":"","_EventOrganizerID":[],"_EventVenueID":[0],"_OrganizerEmail":"","_OrganizerPhone":"","_OrganizerWebsite":"","_VenueAddress":"","_VenueCity":"","_VenueCountry":"","_VenueProvince":"","_VenueState":"","_VenueZip":"","_VenuePhone":"","_VenueURL":"","_VenueStateProvince":"","_VenueLat":"","_VenueLng":"","_VenueShowMap":false,"_VenueShowMapLink":false,"footnotes":"","_links_to":"","_links_to_target":""},"class_list":["post-2970","page","type-page","status-publish","hentry"],"_links":{"self":[{"href":"https:\/\/etab.ac-reunion.fr\/clg-chemin-morin\/wp-json\/wp\/v2\/pages\/2970","targetHints":{"allow":["GET"]}}],"collection":[{"href":"https:\/\/etab.ac-reunion.fr\/clg-chemin-morin\/wp-json\/wp\/v2\/pages"}],"about":[{"href":"https:\/\/etab.ac-reunion.fr\/clg-chemin-morin\/wp-json\/wp\/v2\/types\/page"}],"author":[{"embeddable":true,"href":"https:\/\/etab.ac-reunion.fr\/clg-chemin-morin\/wp-json\/wp\/v2\/users\/32292"}],"replies":[{"embeddable":true,"href":"https:\/\/etab.ac-reunion.fr\/clg-chemin-morin\/wp-json\/wp\/v2\/comments?post=2970"}],"version-history":[{"count":4,"href":"https:\/\/etab.ac-reunion.fr\/clg-chemin-morin\/wp-json\/wp\/v2\/pages\/2970\/revisions"}],"predecessor-version":[{"id":2985,"href":"https:\/\/etab.ac-reunion.fr\/clg-chemin-morin\/wp-json\/wp\/v2\/pages\/2970\/revisions\/2985"}],"wp:attachment":[{"href":"https:\/\/etab.ac-reunion.fr\/clg-chemin-morin\/wp-json\/wp\/v2\/media?parent=2970"}],"curies":[{"name":"wp","href":"https:\/\/api.w.org\/{rel}","templated":true}]}}