{"id":3176,"date":"2023-04-12T09:24:39","date_gmt":"2023-04-12T05:24:39","guid":{"rendered":"https:\/\/etab.ac-reunion.fr\/clg-chemin-morin\/?page_id=3176"},"modified":"2026-04-29T08:46:33","modified_gmt":"2026-04-29T04:46:33","slug":"parcours-citoyen-2","status":"publish","type":"page","link":"https:\/\/etab.ac-reunion.fr\/clg-chemin-morin\/parcours-citoyen-2\/","title":{"rendered":"PARCOURS CITOYEN"},"content":{"rendered":"[et_pb_section fb_built=\u00a0\u00bb1&Prime; _builder_version=\u00a0\u00bb4.20.4&Prime; _module_preset=\u00a0\u00bbdefault\u00a0\u00bb global_colors_info=\u00a0\u00bb{}\u00a0\u00bb][et_pb_row _builder_version=\u00a0\u00bb4.20.4&Prime; _module_preset=\u00a0\u00bbdefault\u00a0\u00bb global_colors_info=\u00a0\u00bb{}\u00a0\u00bb][et_pb_column type=\u00a0\u00bb4_4&Prime; _builder_version=\u00a0\u00bb4.20.4&Prime; _module_preset=\u00a0\u00bbdefault\u00a0\u00bb global_colors_info=\u00a0\u00bb{}\u00a0\u00bb][et_pb_text _builder_version=\u00a0\u00bb4.20.4&Prime; _module_preset=\u00a0\u00bbdefault\u00a0\u00bb background_color=\u00a0\u00bbrgba(131,0,233,0.24)\u00a0\u00bb background_enable_mask_style=\u00a0\u00bbon\u00a0\u00bb custom_margin=\u00a0\u00bb||86px|||\u00a0\u00bb custom_padding=\u00a0\u00bb||44px|||\u00a0\u00bb global_colors_info=\u00a0\u00bb{}\u00a0\u00bb]\n<h1><span style=\"color: #ff9900\"><\/span><\/h1>\n<h1><span style=\"color: #ff9900\"><\/span><\/h1>\n<h1 style=\"text-align: center\"><span style=\"color: #339966\">PARCOURS CITOYEN<\/span><\/h1>\n[\/et_pb_text][et_pb_image src=\u00a0\u00bbhttps:\/\/etab.ac-reunion.fr\/clg-chemin-morin\/wp-content\/uploads\/sites\/38\/2023\/04\/Parcours_citoyen-eleve.jpeg\u00a0\u00bb _builder_version=\u00a0\u00bb4.20.4&Prime; _module_preset=\u00a0\u00bbdefault\u00a0\u00bb custom_margin=\u00a0\u00bb-117px||||false|false\u00a0\u00bb global_colors_info=\u00a0\u00bb{}\u00a0\u00bb][\/et_pb_image][et_pb_divider _builder_version=\u00a0\u00bb4.20.4&Prime; _module_preset=\u00a0\u00bbdefault\u00a0\u00bb background_color=\u00a0\u00bb#E09900&Prime; background_enable_mask_style=\u00a0\u00bbon\u00a0\u00bb background_mask_transform=\u00a0\u00bbinvert\u00a0\u00bb global_colors_info=\u00a0\u00bb{}\u00a0\u00bb][\/et_pb_divider][\/et_pb_column][\/et_pb_row][et_pb_row _builder_version=\u00a0\u00bb4.27.6&Prime; _module_preset=\u00a0\u00bbdefault\u00a0\u00bb global_colors_info=\u00a0\u00bb{}\u00a0\u00bb][et_pb_column type=\u00a0\u00bb4_4&Prime; _builder_version=\u00a0\u00bb4.27.6&Prime; _module_preset=\u00a0\u00bbdefault\u00a0\u00bb global_colors_info=\u00a0\u00bb{}\u00a0\u00bb][et_pb_text _builder_version=\u00a0\u00bb4.27.6&Prime; _module_preset=\u00a0\u00bbdefault\u00a0\u00bb global_colors_info=\u00a0\u00bb{}\u00a0\u00bb]\n<h1 style=\"text-align: center\"><span style=\"color: #008000\"><strong>R\u00c9SITE, PROUVE QUE TU EXISTES !<\/strong><\/span><\/h1>\n[\/et_pb_text][et_pb_image src=\u00a0\u00bbhttps:\/\/etab.ac-reunion.fr\/clg-chemin-morin\/wp-content\/uploads\/sites\/38\/2026\/04\/LES-ENFANTS-DE-LA-RESISTANCE.jpeg\u00a0\u00bb title_text=\u00a0\u00bbLES ENFANTS DE LA RE\u0301SISTANCE\u00a0\u00bb align=\u00a0\u00bbcenter\u00a0\u00bb _builder_version=\u00a0\u00bb4.27.6&Prime; _module_preset=\u00a0\u00bbdefault\u00a0\u00bb global_colors_info=\u00a0\u00bb{}\u00a0\u00bb][\/et_pb_image][et_pb_text _builder_version=\u00a0\u00bb4.27.6&Prime; _module_preset=\u00a0\u00bbdefault\u00a0\u00bb global_colors_info=\u00a0\u00bb{}\u00a0\u00bb]\n<p align=\"right\" style=\"text-align: center\"><span style=\"color: #669999\"><span style=\"font-family: Comic Sans MS, cursive\"><span style=\"font-size: large\">Ce vendredi 24 avril, les \u00e9l\u00e8ves de 3\u00e8me du coll\u00e8ge H\u00e9va Chemin Morin, se sont <\/span><\/span><\/span><\/p>\n<p align=\"center\" style=\"text-align: center\"><span style=\"color: #669999\"> <span style=\"font-family: Comic Sans MS, cursive\"><span style=\"font-size: large\">rendus au Cin\u00e9Palmes de Sainte-Marie pour assister \u00e0 la projection du film <\/span><\/span><\/span><\/p>\n<p align=\"center\" style=\"text-align: center\"><span style=\"color: #669999\"> \u201c<span style=\"font-family: Comic Sans MS, cursive\"><span style=\"font-size: large\">Les Enfants de la R\u00e9sistance\u201d r\u00e9alis\u00e9 par Christophe BARRATIER. <\/span><\/span><\/span><\/p>\n<p align=\"right\" style=\"text-align: center\"><span style=\"color: #669999\"> <span style=\"font-family: Comic Sans MS, cursive\"><span style=\"font-size: large\">Ce chef d&rsquo;oeuvre cin\u00e9matographique a \u00e9t\u00e9 inspir\u00e9 par la bande dessin\u00e9e de Beno\u00eet ERS et de Vincent DUGOMIER que la majorit\u00e9 des \u00e9l\u00e8ves avaient lue en <\/span><\/span><\/span><\/p>\n<p align=\"right\" style=\"text-align: center\"><span style=\"color: #669999\"><span style=\"font-family: Comic Sans MS, cursive\"><span style=\"font-size: large\">classe. Ayant pour th\u00e8me la Seconde Guerre Mondiale, les \u00e9l\u00e8ves ont pu, en quelque sorte, <\/span><\/span><\/span><\/p>\n<p align=\"right\" style=\"text-align: center\"><span style=\"color: #669999\"><span style=\"font-family: Comic Sans MS, cursive\"><span style=\"font-size: large\">\u00eatre en immersion dans cet univers belliqueux qu&rsquo;ils abordent en cours trop souvent de <\/span><\/span><\/span><\/p>\n<p align=\"right\" style=\"text-align: center\"><span style=\"color: #669999\"><span style=\"font-family: Comic Sans MS, cursive\"><span style=\"font-size: large\">mani\u00e8re th\u00e9orique et abstraite. Entre larmes, incompr\u00e9hension, doute, suspense et<\/span><\/span><\/span><\/p>\n<p align=\"right\" style=\"text-align: center\"><span style=\"color: #669999\"><span style=\"font-family: Comic Sans MS, cursive\"><span style=\"font-size: large\">frustration, le film a suscit\u00e9 bon nombre d&rsquo;interrogations chez les \u00e9l\u00e8ves. Une \u00e9motion vive,<\/span><\/span><\/span><\/p>\n<p align=\"right\" style=\"text-align: center\"><span style=\"color: #669999\"><span style=\"font-family: Comic Sans MS, cursive\"><span style=\"font-size: large\">partag\u00e9e \u00e9galement par le corps enseignant pr\u00e9sent. Un moment suspendu lors duquel la<\/span><\/span><\/span><\/p>\n<p align=\"right\" style=\"text-align: center\"><span style=\"color: #669999\"><span style=\"font-family: Comic Sans MS, cursive\"><span style=\"font-size: large\">remont\u00e9e dans le temps (1939-1945) nous a permis de voir l&rsquo;indicible, de constater<\/span><\/span><\/span><\/p>\n<p align=\"right\" style=\"text-align: center\"><span style=\"color: #669999\"><span style=\"font-family: Comic Sans MS, cursive\"><span style=\"font-size: large\">avec d\u00e9sarroi la terreur et la menace permanante qui rythmaient la vie de la population <\/span><\/span><\/span><\/p>\n<p align=\"right\" style=\"text-align: center\"><span style=\"color: #669999\"><span style=\"font-family: Comic Sans MS, cursive\"><span style=\"font-size: large\">sous la domination du r\u00e9gime nazi. \u201cEin Reich, ein Volk, ein F\u00fchrer\u201d pr\u00f4nait Hitler\u00a0!<\/span><\/span><\/span><\/p>\n<p align=\"right\" style=\"text-align: center\"><span style=\"color: #669999\"><span style=\"font-family: Comic Sans MS, cursive\"><span style=\"font-size: large\">Tandis que la r\u00e9signation s&#8217;empare d&rsquo;une partie des Fran\u00e7ais, Fran\u00e7ois,Eus\u00e8be et Lisa, \u00e0 <\/span><\/span><\/span><\/p>\n<p align=\"right\" style=\"text-align: center\"><span style=\"color: #669999\"><span style=\"font-family: Comic Sans MS, cursive\"><span style=\"font-size: large\">leur niveau, refusant de se soumettre \u00e0 l&rsquo;injustice de la domination de l&rsquo;ennemi, <\/span><\/span><\/span><\/p>\n<p align=\"right\" style=\"text-align: center\"><span style=\"color: #669999\"><span style=\"font-family: Comic Sans MS, cursive\"><span style=\"font-size: large\">envisagent des stratag\u00e8mes pour d\u00e9jouer l&rsquo;adversaire.Se rendant compte de l&rsquo;ampleur <\/span><\/span><\/span><\/p>\n<p align=\"right\" style=\"text-align: center\"><span style=\"color: #669999\"><span style=\"font-family: Comic Sans MS, cursive\"><span style=\"font-size: large\">de leurs actes,ils cr\u00e9ent un v\u00e9ritable r\u00e9seau de R\u00e9sistants appel\u00e9 \u201cLynx\u201d et surprennent <\/span><\/span><\/span><\/p>\n<p align=\"right\" style=\"text-align: center\"><span style=\"color: #669999\"><span style=\"font-family: Comic Sans MS, cursive\"><span style=\"font-size: large\">ainsi les adultes \u00e0 mille lieues de penser que ce sont des enfants \u00e0 l&rsquo;origine de ces actes <\/span><\/span><\/span><\/p>\n<p align=\"right\" style=\"text-align: center\"><span style=\"color: #669999\"><span style=\"font-family: Comic Sans MS, cursive\"><span style=\"font-size: large\">de r\u00e9sistance. Un mod\u00e8le de bravoure, de t\u00e9m\u00e9rit\u00e9 que la plupart des villageois de <\/span><\/span><\/span><\/p>\n<p align=\"center\" style=\"text-align: center\"><span style=\"color: #669999\"> <span style=\"font-family: Comic Sans MS, cursive\"><span style=\"font-size: large\">Pontain l&rsquo;Ecluse suivront pour tenter de combattre les nazis et de survivre.<\/span><\/span><\/span><\/p>\n<p align=\"center\" style=\"text-align: center\"><span style=\"color: #cc9900\"><span style=\"font-family: Comic Sans MS, cursive\"><span style=\"font-size: large\"><b>Un merci particulier \u00e0 l&rsquo;\u00e9quipe du Cin\u00e9Palmes ainsi qu&rsquo;aux enseignants accompagnateurs\u00a0!<\/b><\/span><\/span><\/span><\/p>\n<p align=\"center\" style=\"text-align: center\"><span style=\"color: #000000\"><span style=\"font-family: Comic Sans MS, cursive\"><span style=\"font-size: large\"><b>Mme GOPAL PANON.<\/b><\/span><\/span><\/span><\/p>\n[\/et_pb_text][et_pb_image src=\u00a0\u00bbhttps:\/\/etab.ac-reunion.fr\/clg-chemin-morin\/wp-content\/uploads\/sites\/38\/2026\/04\/20260424_110545-scaled.jpg\u00a0\u00bb _builder_version=\u00a0\u00bb4.27.6&Prime; _module_preset=\u00a0\u00bbdefault\u00a0\u00bb hover_enabled=\u00a0\u00bb0&Prime; sticky_enabled=\u00a0\u00bb0&Prime;][\/et_pb_image][et_pb_divider color=\u00a0\u00bb#189148&Prime; divider_weight=\u00a0\u00bb33px\u00a0\u00bb _builder_version=\u00a0\u00bb4.27.6&Prime; _module_preset=\u00a0\u00bbdefault\u00a0\u00bb global_colors_info=\u00a0\u00bb{}\u00a0\u00bb][\/et_pb_divider][\/et_pb_column][\/et_pb_row][et_pb_row _builder_version=\u00a0\u00bb4.27.5&Prime; _module_preset=\u00a0\u00bbdefault\u00a0\u00bb global_colors_info=\u00a0\u00bb{}\u00a0\u00bb][et_pb_column type=\u00a0\u00bb4_4&Prime; _builder_version=\u00a0\u00bb4.27.5&Prime; _module_preset=\u00a0\u00bbdefault\u00a0\u00bb global_colors_info=\u00a0\u00bb{}\u00a0\u00bb][et_pb_text _builder_version=\u00a0\u00bb4.27.5&Prime; _module_preset=\u00a0\u00bbdefault\u00a0\u00bb global_colors_info=\u00a0\u00bb{}\u00a0\u00bb]\n<h1 style=\"text-align: center\"><span style=\"color: #33cccc\">PLASTIQUE \u00c0 LA LOUPE 2026<\/span><\/h1>\n[\/et_pb_text][et_pb_image src=\u00a0\u00bbhttps:\/\/etab.ac-reunion.fr\/clg-chemin-morin\/wp-content\/uploads\/sites\/38\/2026\/02\/Photo0.jpeg\u00a0\u00bb align=\u00a0\u00bbcenter\u00a0\u00bb _builder_version=\u00a0\u00bb4.27.5&Prime; _module_preset=\u00a0\u00bbdefault\u00a0\u00bb global_colors_info=\u00a0\u00bb{}\u00a0\u00bb][\/et_pb_image][\/et_pb_column][\/et_pb_row][et_pb_row column_structure=\u00a0\u00bb1_2,1_2&Prime; _builder_version=\u00a0\u00bb4.27.5&Prime; _module_preset=\u00a0\u00bbdefault\u00a0\u00bb global_colors_info=\u00a0\u00bb{}\u00a0\u00bb][et_pb_column type=\u00a0\u00bb1_2&Prime; _builder_version=\u00a0\u00bb4.27.5&Prime; _module_preset=\u00a0\u00bbdefault\u00a0\u00bb global_colors_info=\u00a0\u00bb{}\u00a0\u00bb][et_pb_text _builder_version=\u00a0\u00bb4.27.5&Prime; _module_preset=\u00a0\u00bbdefault\u00a0\u00bb global_colors_info=\u00a0\u00bb{}\u00a0\u00bb]\n<p><strong>Les sciences participatives : quand chercheurs et \u00e9l\u00e8ves travaillent main\u00a0dans\u00a0la\u00a0main sur la pollution plastique.<\/strong><\/p>\n<p>\u00a0Le mardi 9 d\u00e9cembre 2025, les \u00e9co-d\u00e9l\u00e9gu\u00e9s de 6\u00e8me et 5\u00e8me se sont rendus sur le littoral de Bras Panon pour faire des sciences autrement.<\/p>\n<p>Une \u00e9quipe de \u00ab\u00a0g\u00e9om\u00e8tres\u00a0\u00bb a choisi le site le plus repr\u00e9sentatif de l\u2019\u00e9tat de pollution du littoral, puis a d\u00e9limit\u00e9 une zone de pr\u00e9l\u00e8vement.<\/p>\n<p>Puis ils se sont tous relay\u00e9s pendant 2h pour ramasser tous les d\u00e9chets laiss\u00e9s par l\u2019Homme : bouteilles en verre ou en plastique, savates, cordes, tuyaux, etc.<\/p>\n<p>Ensuite il a fallu classer tous ces objets par cat\u00e9gories et les compter.<\/p>\n<p>Ils ont aussi r\u00e9pondu \u00e0 un questionnaire sur le site de pr\u00e9l\u00e8vement (fr\u00e9quentation, orientation du vent, des courants marins\u2026).<\/p>\n<p>Le but n\u2019\u00e9tait pas de nettoyer le littoral, mais de faire des pr\u00e9l\u00e8vements afin d\u2019aider les scientifiques de l\u2019association Tara Oc\u00e9an \u00e0 d\u00e9terminer et comprendre la pollution et sensibiliser sur cette probl\u00e9matique.<\/p>\n<p>Plus d\u2019infos sur cette action : <span><a href=\"https:\/\/plastiquealaloupe.fondationtaraocean.org\/\">https:\/\/plastiquealaloupe.fondationtaraocean.org\/<\/a><\/span><\/p>\n<p><em>Mme Maillot et Mme Grondin J.<\/em><\/p>\n[\/et_pb_text][\/et_pb_column][et_pb_column type=\u00a0\u00bb1_2&Prime; _builder_version=\u00a0\u00bb4.27.5&Prime; _module_preset=\u00a0\u00bbdefault\u00a0\u00bb global_colors_info=\u00a0\u00bb{}\u00a0\u00bb][et_pb_gallery gallery_ids=\u00a0\u00bb4214,4213,4212,4211,4209,4210&Prime; _builder_version=\u00a0\u00bb4.27.5&Prime; _module_preset=\u00a0\u00bbdefault\u00a0\u00bb global_colors_info=\u00a0\u00bb{}\u00a0\u00bb][\/et_pb_gallery][\/et_pb_column][\/et_pb_row][et_pb_row _builder_version=\u00a0\u00bb4.27.5&Prime; _module_preset=\u00a0\u00bbdefault\u00a0\u00bb global_colors_info=\u00a0\u00bb{}\u00a0\u00bb][et_pb_column type=\u00a0\u00bb4_4&Prime; _builder_version=\u00a0\u00bb4.27.5&Prime; _module_preset=\u00a0\u00bbdefault\u00a0\u00bb global_colors_info=\u00a0\u00bb{}\u00a0\u00bb][et_pb_divider color=\u00a0\u00bb#0dd8e2&Prime; divider_weight=\u00a0\u00bb35px\u00a0\u00bb _builder_version=\u00a0\u00bb4.27.5&Prime; _module_preset=\u00a0\u00bbdefault\u00a0\u00bb global_colors_info=\u00a0\u00bb{}\u00a0\u00bb][\/et_pb_divider][\/et_pb_column][\/et_pb_row][et_pb_row _builder_version=\u00a0\u00bb4.27.5&Prime; _module_preset=\u00a0\u00bbdefault\u00a0\u00bb global_colors_info=\u00a0\u00bb{}\u00a0\u00bb][et_pb_column type=\u00a0\u00bb4_4&Prime; _builder_version=\u00a0\u00bb4.27.5&Prime; _module_preset=\u00a0\u00bbdefault\u00a0\u00bb global_colors_info=\u00a0\u00bb{}\u00a0\u00bb][et_pb_text _builder_version=\u00a0\u00bb4.27.5&Prime; _module_preset=\u00a0\u00bbdefault\u00a0\u00bb global_colors_info=\u00a0\u00bb{}\u00a0\u00bb]\n<h1 style=\"text-align: center\"><span style=\"color: #008000\"><strong>Agrofert\u2019\u00eeles Junior 2025<\/strong><\/span><\/h1>\n[\/et_pb_text][\/et_pb_column][\/et_pb_row][et_pb_row column_structure=\u00a0\u00bb1_2,1_2&Prime; _builder_version=\u00a0\u00bb4.27.5&Prime; _module_preset=\u00a0\u00bbdefault\u00a0\u00bb global_colors_info=\u00a0\u00bb{}\u00a0\u00bb][et_pb_column type=\u00a0\u00bb1_2&Prime; _builder_version=\u00a0\u00bb4.27.5&Prime; _module_preset=\u00a0\u00bbdefault\u00a0\u00bb global_colors_info=\u00a0\u00bb{}\u00a0\u00bb][et_pb_text _builder_version=\u00a0\u00bb4.27.5&Prime; _module_preset=\u00a0\u00bbdefault\u00a0\u00bb global_colors_info=\u00a0\u00bb{}\u00a0\u00bb]\n<p style=\"text-align: justify\"><strong>Le 20 novembre 2025, un groupe d\u2019\u00e9co-d\u00e9l\u00e9gu\u00e9s s\u2019est rendu eu lyc\u00e9e Agricole de Saint-Paul, afin de d\u00e9couvrir les m\u00e9tiers de l\u2019agriculture, mais pas que.<\/strong><\/p>\n<p>Ils ont aussi rencontr\u00e9 des professionnels qui les ont sensibilis\u00e9s \u00e0 l\u2019agro\u00e9cologie, la valorisation des plantes indig\u00e8nes et end\u00e9miques, la fili\u00e8re canne, la plantation du riz\u2026<\/p>\n<p><strong><u>T\u00e9moignages de quelques \u00e9l\u00e8ves :<\/u><\/strong><\/p>\n<p><strong><u>Lona 502 :<\/u> <\/strong>\u00ab\u00a0Le riz a \u00e9t\u00e9 import\u00e9 dans les ann\u00e9es 70 par la famille Isautier, la culture se fait en terre. Mais en 1989, le cyclone Firinga\u00a0 arrache tous les plants. En 2019, une nouvelle rizerie est mise en place. Il y a entre 9 et 10 \u00e9tapes de transformation entre la r\u00e9colte et la consommation du riz\u00a0\u00bb.<\/p>\n<p><strong><u>Est\u00e9ban 305 :<\/u> <\/strong>\u00ab\u00a0On a appris \u00e0 identifier des plantes aromatiques et m\u00e9dicinales. On nous a expliqu\u00e9 la proc\u00e9dure de fabrication du curcuma\u00a0\u00bb.<\/p>\n<p><strong><u>Sanjana 306 :<\/u><\/strong> \u00ab\u00a0On a vu que des plantes on besoin de conditions particuli\u00e8res pour pousser : certaines doivent \u00eatre mise au froid pendant un certain temps, d\u2019autres ont besoin de feu et de fum\u00e9e pour lever la dormance des graines\u00a0\u00bb.<\/p>\n<p>\u00a0<strong><u>Ellie 307 :<\/u><\/strong> \u00ab\u00a0Il y a plusieurs vari\u00e9t\u00e9s de canne et certaines ont \u00e9t\u00e9 cr\u00e9es \u00e0 la R\u00e9union. Car elles doivent \u00eatre adapt\u00e9es aux micro-climats de l\u2019\u00eele. C\u2019est une \u00e9conomie circulaire car les d\u00e9chets deviennent des produits : par exemple la paille est mise dans les champs pour rafraichir la terre et servir d\u2019engrais, ou br\u00fbl\u00e9e dans une centrale pour produire de l\u2019\u00e9lectricit\u00e9\u00a0\u00bb.<\/p>\n<p>\u00a0<strong><u>Manon 506 :<\/u> <\/strong>\u00ab\u00a0On nous a expliqu\u00e9 que sur une parcelle on pouvait planter des esp\u00e8ces diff\u00e9rentes qui se prot\u00e8gent entre elles contre les parasites (cochenilles, pucerons). \u00c7a \u00e9vite d\u2019utiliser des pesticides. Et pour faire une rotation des parcelles, ils utilisent un poulailler mobile : des poules pondeuses vont aider \u00e0 nettoyer la parcelle et y mettre de l\u2019engrais naturel\u00a0\u00bb.<\/p>\n<p>\u00a0<strong><u>Safwan 601 :<\/u> <\/strong>\u00ab\u00a0J\u2019ai trouv\u00e9 la journ\u00e9e tr\u00e8s bien, on a appris des choses qu\u2019on ne savait pas. Et j\u2019ai aim\u00e9 le stand sur la canne, parce que c\u2019est une fiert\u00e9 pour la R\u00e9union\u00a0\u00bb.<\/p>\n<p>Pour en savoir plus sur les m\u00e9tiers agricoles, c\u2019est par ici : <span><a href=\"https:\/\/www.onisep.fr\/metier\/decouvrir-le-monde-professionnel\/agriculture\/les-metiers-et-l-emploi-dans-l-agriculture\">https:\/\/www.onisep.fr\/metier\/decouvrir-le-monde-professionnel\/agriculture\/les-metiers-et-l-emploi-dans-l-agriculture<\/a><\/span><\/p>\n<p>Pour plus d\u2019informations sur cette manifestation, c\u2019est par l\u00e0 : <span><a href=\"https:\/\/daaf.reunion.agriculture.gouv.fr\/affluence-record-pour-la-seconde-etape-des-agrofert-iles-junior-2025-a4032.html\">https:\/\/daaf.reunion.agriculture.gouv.fr\/affluence-record-pour-la-seconde-etape-des-agrofert-iles-junior-2025-a4032.html<\/a><\/span><\/p>\n<p><span style=\"color: #008000\"><em>\u00a0Mme Maillot et Mme Larivi\u00e8re.<\/em><\/span><\/p>\n[\/et_pb_text][\/et_pb_column][et_pb_column type=\u00a0\u00bb1_2&Prime; _builder_version=\u00a0\u00bb4.27.5&Prime; _module_preset=\u00a0\u00bbdefault\u00a0\u00bb global_colors_info=\u00a0\u00bb{}\u00a0\u00bb][et_pb_gallery gallery_ids=\u00a0\u00bb4189,4190,4191,4192,4193,4194,4195,4196,4197,4198,4186&Prime; _builder_version=\u00a0\u00bb4.27.5&Prime; _module_preset=\u00a0\u00bbdefault\u00a0\u00bb global_colors_info=\u00a0\u00bb{}\u00a0\u00bb][\/et_pb_gallery][et_pb_image src=\u00a0\u00bbhttps:\/\/etab.ac-reunion.fr\/clg-chemin-morin\/wp-content\/uploads\/sites\/38\/2026\/02\/Affiche_AGROFERTILES_Jr_2025.jpeg\u00a0\u00bb _builder_version=\u00a0\u00bb4.27.5&Prime; _module_preset=\u00a0\u00bbdefault\u00a0\u00bb global_colors_info=\u00a0\u00bb{}\u00a0\u00bb][\/et_pb_image][\/et_pb_column][\/et_pb_row][et_pb_row _builder_version=\u00a0\u00bb4.27.5&Prime; _module_preset=\u00a0\u00bbdefault\u00a0\u00bb global_colors_info=\u00a0\u00bb{}\u00a0\u00bb][et_pb_column type=\u00a0\u00bb4_4&Prime; _builder_version=\u00a0\u00bb4.27.5&Prime; _module_preset=\u00a0\u00bbdefault\u00a0\u00bb global_colors_info=\u00a0\u00bb{}\u00a0\u00bb][et_pb_divider color=\u00a0\u00bb#367a12&Prime; divider_weight=\u00a0\u00bb40px\u00a0\u00bb _builder_version=\u00a0\u00bb4.27.5&Prime; _module_preset=\u00a0\u00bbdefault\u00a0\u00bb global_colors_info=\u00a0\u00bb{}\u00a0\u00bb][\/et_pb_divider][\/et_pb_column][\/et_pb_row][et_pb_row column_structure=\u00a0\u00bb3_5,2_5&Prime; _builder_version=\u00a0\u00bb4.27.3&Prime; _module_preset=\u00a0\u00bbdefault\u00a0\u00bb global_colors_info=\u00a0\u00bb{}\u00a0\u00bb][et_pb_column type=\u00a0\u00bb3_5&Prime; _builder_version=\u00a0\u00bb4.27.3&Prime; _module_preset=\u00a0\u00bbdefault\u00a0\u00bb global_colors_info=\u00a0\u00bb{}\u00a0\u00bb][et_pb_text _builder_version=\u00a0\u00bb4.27.3&Prime; _module_preset=\u00a0\u00bbdefault\u00a0\u00bb global_colors_info=\u00a0\u00bb{}\u00a0\u00bb]\n<h1 align=\"center\"><span style=\"color: #ff3333\"><span style=\"font-family: Comic Sans MS, cursive\"><b>Quand L&rsquo;Histoire prend vie,<\/b><\/span><\/span><\/h1>\n<h1 align=\"center\"><span style=\"color: #ff3333\"><span style=\"font-family: Comic Sans MS, cursive\"><b>Et que le pass\u00e9 ressurgit !<\/b><\/span><\/span><\/h1>\n<p align=\"center\">\n<p align=\"justify\"><span style=\"color: #336600\"><span style=\"font-family: Comic Sans MS, cursive\">Dans le cadre de la th\u00e9matique des guerres inscrite au programme de 3\u00e8me, les professeurs de Fran\u00e7ais et d&rsquo;Histoire-G\u00e9ographie concern\u00e9s ont men\u00e9 conjointement un projet visant \u00e0 \u00e9veiller les consciences sur des conflits majeurs qui ont rythm\u00e9 le XX \u00e8me si\u00e8cle, notamment la 1\u00e8re Guerre Mondiale de 1914-1918.<\/span><\/span><\/p>\n<p align=\"justify\"><span style=\"color: #336600\"><span style=\"font-family: Comic Sans MS, cursive\">Pour ce faire, le point d&rsquo;orgue des enseignements dispens\u00e9s en classe a \u00e9t\u00e9 la journ\u00e9e de rencontre avec Monsieur LE PIMPEC, f\u00e9ru d&rsquo;histoire et, depuis plus de 40 ans, collectionneur d&rsquo;objets li\u00e9s \u00e0 une p\u00e9riode sombre de notre pays, de l&rsquo;Europe, du monde de mani\u00e8re g\u00e9n\u00e9rale.<\/span><\/span><\/p>\n<p align=\"justify\"><span style=\"color: #336600\"><span style=\"font-family: Comic Sans MS, cursive\">Repr\u00e9sentant l&rsquo;association \u201cMi aime mon mus\u00e9\u201d, Monsieur LE PIMPEC a propos\u00e9 aux \u00e9l\u00e8ves comme au personnel de l&rsquo;\u00e9tablissement une immersion dans le quotidien d&rsquo;un poilu \u00e0 l&rsquo;aide de son v\u00e9ritable mus\u00e9e itin\u00e9rant.<\/span><\/span><\/p>\n<p align=\"justify\"><span style=\"color: #336600\"><span style=\"font-family: Comic Sans MS, cursive\">Aussi, \u00e9l\u00e8ves comme adultes ont \u00e9t\u00e9 \u00e9bahis, impressionn\u00e9s devant la prestation de l&rsquo;intervenant. Une plong\u00e9e m\u00e9morable au coeur de notre pass\u00e9. Pour ne pas oublier. Pour perp\u00e9tuer ce devoir de m\u00e9moire. Pour transmettre aux nouvelles g\u00e9n\u00e9rations les connaissances culturelles. Pour comprendre d&rsquo;o\u00f9 l&rsquo;ont vient et l&rsquo;impact de ces \u00e9v\u00e9nements historiques sur notre existence. Pour toutes ces raisons, la date de l&rsquo;intervention a fait suite au lundi 11 novembre 2024, rappelant l&rsquo;armistice.<\/span><\/span><\/p>\n<p align=\"justify\">\n<p align=\"center\"><span style=\"color: #336600\"><span style=\"font-family: Comic Sans MS, cursive\">Nous remercions vivement Monsieur LE PIMPEC pour les apports th\u00e9oriques et pratiques apport\u00e9s.<\/span><\/span><\/p>\n<p align=\"center\"><span style=\"color: #336600\"><span style=\"font-family: Comic Sans MS, cursive\">Merci \u00e0 Antenne R\u00e9union pour le reportage qui a \u00e9t\u00e9 r\u00e9alis\u00e9 au coll\u00e8ge.<\/span><\/span><\/p>\n<p align=\"center\"><span style=\"color: #336600\"><span style=\"font-family: Comic Sans MS, cursive\">Merci aux agents pour leur aide au transport du mat\u00e9riel.<\/span><\/span><\/p>\n<p align=\"justify\"><span style=\"color: #336600\"><span style=\"font-family: Comic Sans MS, cursive\"> <\/span><\/span><\/p>\n<p align=\"center\"><em><span style=\"color: #336600\"><span style=\"font-family: Comic Sans MS, cursive\">Monsieur BRUN, Madame BRUN, Monsieur PANOR, Madame BABET, Madame GOPAL PANON, Mme TECHER R et Mme TUGAR.<\/span><\/span><\/em><\/p>\n<p align=\"center\">\n<p align=\"center\"><span style=\"color: #996600\"><span style=\"font-family: Comic Sans MS, cursive\"><u><b>R\u00e9actions des \u00e9l\u00e8ves\u00a0:<\/b><\/u><\/span><\/span><\/p>\n<p align=\"center\">\n<p align=\"justify\"><span style=\"color: #996600\"><span style=\"font-family: Comic Sans MS, cursive\">&#8211; C&rsquo;\u00e9tait g\u00e9nial\u00a0! Le fait de pouvoir manipuler les armes, les accesoires de soldats c&rsquo;est impressionnant.<\/span><\/span><\/p>\n<p align=\"justify\"><span style=\"color: #996600\"><span style=\"font-family: Comic Sans MS, cursive\">&#8211; Dans les livres et en vrai ce n&rsquo;est pas pareil. L\u00e0 on se projette davantage dans la p\u00e9riode historique.<\/span><\/span><\/p>\n<p align=\"justify\"><span style=\"color: #996600\"><span style=\"font-family: Comic Sans MS, cursive\">&#8211; On a aim\u00e9 avoir le c\u00f4t\u00e9 pratique plut\u00f4t que juste imaginer \u00e0 travers un manuel de classe.<\/span><\/span><\/p>\n<p align=\"justify\"><span style=\"color: #996600\"><span style=\"font-family: Comic Sans MS, cursive\">&#8211; On ne s&rsquo;imaginait pas que les armes \u00e9taient aussi lourdes\u00a0!<\/span><\/span><\/p>\n<p align=\"justify\"><span style=\"color: #996600\"><span style=\"font-family: Comic Sans MS, cursive\">&#8211; L&rsquo;intervant animait bien la s\u00e9ance et nous apportait beaucoup de connaissances\u00a0!<\/span><\/span><\/p>\n<p align=\"justify\"><span style=\"color: #996600\"><span style=\"font-family: Comic Sans MS, cursive\">&#8211; On r\u00e9alise mieux ce que vivaient les soldats durant cette guerre.<\/span><\/span><\/p>\n<p align=\"justify\"><span style=\"color: #996600\"><span style=\"font-family: Comic Sans MS, cursive\">&#8211; Comment Monsieur a-t-il fait pour obtenir tout \u00e7a\u00a0?<\/span><\/span><\/p>\n[\/et_pb_text][\/et_pb_column][et_pb_column type=\u00a0\u00bb2_5&Prime; _builder_version=\u00a0\u00bb4.27.3&Prime; _module_preset=\u00a0\u00bbdefault\u00a0\u00bb global_colors_info=\u00a0\u00bb{}\u00a0\u00bb][et_pb_gallery gallery_ids=\u00a0\u00bb3865,3866,3867,3868,3869,3870,3871,3872,3875,3876&Prime; _builder_version=\u00a0\u00bb4.27.3&Prime; _module_preset=\u00a0\u00bbdefault\u00a0\u00bb global_colors_info=\u00a0\u00bb{}\u00a0\u00bb][\/et_pb_gallery][\/et_pb_column][\/et_pb_row][et_pb_row _builder_version=\u00a0\u00bb4.27.3&Prime; _module_preset=\u00a0\u00bbdefault\u00a0\u00bb global_colors_info=\u00a0\u00bb{}\u00a0\u00bb][et_pb_column type=\u00a0\u00bb4_4&Prime; _builder_version=\u00a0\u00bb4.27.3&Prime; _module_preset=\u00a0\u00bbdefault\u00a0\u00bb global_colors_info=\u00a0\u00bb{}\u00a0\u00bb][et_pb_divider color=\u00a0\u00bb#E02B20&Prime; divider_weight=\u00a0\u00bb44px\u00a0\u00bb _builder_version=\u00a0\u00bb4.27.3&Prime; _module_preset=\u00a0\u00bbdefault\u00a0\u00bb global_colors_info=\u00a0\u00bb{}\u00a0\u00bb][\/et_pb_divider][\/et_pb_column][\/et_pb_row][et_pb_row column_structure=\u00a0\u00bb3_5,2_5&Prime; _builder_version=\u00a0\u00bb4.21.0&Prime; _module_preset=\u00a0\u00bbdefault\u00a0\u00bb global_colors_info=\u00a0\u00bb{}\u00a0\u00bb][et_pb_column type=\u00a0\u00bb3_5&Prime; _builder_version=\u00a0\u00bb4.21.0&Prime; _module_preset=\u00a0\u00bbdefault\u00a0\u00bb global_colors_info=\u00a0\u00bb{}\u00a0\u00bb][et_pb_image src=\u00a0\u00bbhttps:\/\/etab.ac-reunion.fr\/clg-chemin-morin\/wp-content\/uploads\/sites\/38\/2023\/06\/stereotypes.jpeg\u00a0\u00bb _builder_version=\u00a0\u00bb4.21.0&Prime; _module_preset=\u00a0\u00bbdefault\u00a0\u00bb width=\u00a0\u00bb100%\u00a0\u00bb global_colors_info=\u00a0\u00bb{}\u00a0\u00bb][\/et_pb_image][\/et_pb_column][et_pb_column type=\u00a0\u00bb2_5&Prime; _builder_version=\u00a0\u00bb4.21.0&Prime; _module_preset=\u00a0\u00bbdefault\u00a0\u00bb global_colors_info=\u00a0\u00bb{}\u00a0\u00bb][et_pb_text _builder_version=\u00a0\u00bb4.21.0&Prime; _module_preset=\u00a0\u00bbdefault\u00a0\u00bb global_colors_info=\u00a0\u00bb{}\u00a0\u00bb]\n<h1 style=\"text-align: center\"><span style=\"color: #ff00ff\">Un concours pour lutter contre les repr\u00e9sentations dans le monde du travail et les in\u00e9galit\u00e9s hommes \/ femmes\u00a0<\/span><\/h1>\n[\/et_pb_text][et_pb_divider color=\u00a0\u00bb#1ebf9f\u00a0\u00bb divider_weight=\u00a0\u00bb14px\u00a0\u00bb _builder_version=\u00a0\u00bb4.21.0&Prime; _module_preset=\u00a0\u00bbdefault\u00a0\u00bb global_colors_info=\u00a0\u00bb{}\u00a0\u00bb][\/et_pb_divider][et_pb_button button_url=\u00a0\u00bbhttps:\/\/etab.ac-reunion.fr\/clg-chemin-morin\/clash-tes-stereotypes\/?et_fb=1&amp;PageSpeed=off\u00a0\u00bb button_text=\u00a0\u00bbLire l&rsquo;article\u00a0\u00bb _builder_version=\u00a0\u00bb4.21.0&Prime; _module_preset=\u00a0\u00bbdefault\u00a0\u00bb custom_button=\u00a0\u00bbon\u00a0\u00bb button_text_color=\u00a0\u00bb#ed00d1&Prime; button_bg_color=\u00a0\u00bbrgba(31,183,120,0.35)\u00a0\u00bb button_border_width=\u00a0\u00bb12px\u00a0\u00bb button_border_radius=\u00a0\u00bb29px\u00a0\u00bb custom_margin=\u00a0\u00bb|||94px|false|false\u00a0\u00bb animation_style=\u00a0\u00bbfade\u00a0\u00bb global_colors_info=\u00a0\u00bb{}\u00a0\u00bb][\/et_pb_button][\/et_pb_column][\/et_pb_row][et_pb_row _builder_version=\u00a0\u00bb4.21.0&Prime; _module_preset=\u00a0\u00bbdefault\u00a0\u00bb global_colors_info=\u00a0\u00bb{}\u00a0\u00bb][et_pb_column type=\u00a0\u00bb4_4&Prime; _builder_version=\u00a0\u00bb4.21.0&Prime; _module_preset=\u00a0\u00bbdefault\u00a0\u00bb global_colors_info=\u00a0\u00bb{}\u00a0\u00bb][et_pb_divider divider_weight=\u00a0\u00bb29px\u00a0\u00bb _builder_version=\u00a0\u00bb4.21.0&Prime; _module_preset=\u00a0\u00bbdefault\u00a0\u00bb global_colors_info=\u00a0\u00bb{}\u00a0\u00bb][\/et_pb_divider][\/et_pb_column][\/et_pb_row][et_pb_row _builder_version=\u00a0\u00bb4.20.4&Prime; _module_preset=\u00a0\u00bbdefault\u00a0\u00bb global_colors_info=\u00a0\u00bb{}\u00a0\u00bb][et_pb_column type=\u00a0\u00bb4_4&Prime; _builder_version=\u00a0\u00bb4.20.4&Prime; _module_preset=\u00a0\u00bbdefault\u00a0\u00bb global_colors_info=\u00a0\u00bb{}\u00a0\u00bb][et_pb_text _builder_version=\u00a0\u00bb4.20.4&Prime; _module_preset=\u00a0\u00bbdefault\u00a0\u00bb global_colors_info=\u00a0\u00bb{}\u00a0\u00bb]\n<h1 style=\"text-align: center\"><span style=\"color: #800000\"><strong>Concours Jeux Olympiques 2024<\/strong><\/span><\/h1>\n<h1 style=\"text-align: center\"><span style=\"color: #800000\"><strong> &#8211; Acte 1 &#8211;<\/strong><\/span><\/h1>\n[\/et_pb_text][et_pb_text _builder_version=\u00a0\u00bb4.20.4&Prime; _module_preset=\u00a0\u00bbdefault\u00a0\u00bb global_colors_info=\u00a0\u00bb{}\u00a0\u00bb]\n<div dir=\"auto\" style=\"text-align: center\">Ce mercredi 3 mai les coll\u00e9giens engag\u00e9s dans le concours Jeux Olympiques 2024 ont particip\u00e9 aux premi\u00e8res \u00e9preuves qualificatives : Basket,\u00a0 Natation , Biathlon et Tennis de table. 24 autres coll\u00e8ges de l&rsquo;\u00eele sont engag\u00e9s dans ce concours dont la r\u00e9compense ultime est un voyage dans l&rsquo;hexagone et des places dans les gradins pour assister aux \u00e9preuves des jeux olympiques en juillet 2024 \u00e0 Paris.<\/div>\n<div dir=\"auto\" style=\"text-align: center\">Les \u00e9leves du coll\u00e8ge n&rsquo;ont pas d\u00e9m\u00e9rit\u00e9 m\u00eame si le classement reste secret jusqu&rsquo;aux d\u00e9lib\u00e9rations du\u00a0 23 juin.\u00a0<\/div>\n<div dir=\"auto\" style=\"text-align: center\"><\/div>\n<div dir=\"auto\" style=\"text-align: center\"><strong><span style=\"color: #800000\">Prochaines \u00e9preuves :\u00a0<\/span><\/strong><\/div>\n<div dir=\"auto\" style=\"text-align: center\">* le vendredi 12 mai : passage d&rsquo;un quizz bas\u00e9 sur l&rsquo;histoire des jeux olympiques.\u00a0<\/div>\n<div dir=\"auto\" style=\"text-align: center\">* le mercredi 31 mai : acte 2 des \u00e9preuves sportives : kayak, rafting,\u00a0 breakdance, vtt course d&rsquo;orientation au parc du bocage de ste Suzanne.\u00a0<\/div>\n<div dir=\"auto\" style=\"text-align: center\">* le vendredi 23 juin : concours d&rsquo;eloquence \u00e0 st Denis et d\u00e9lib\u00e9ration du jury.\u00a0<\/div>\n<div dir=\"auto\" style=\"text-align: center\"><\/div>\n<div dir=\"auto\" style=\"text-align: center\"><strong><span style=\"color: #800000\">A suivre&#8230;<\/span><\/strong><\/div>\n[\/et_pb_text][et_pb_gallery gallery_ids=\u00a0\u00bb3308,3309,3310,3311&Prime; _builder_version=\u00a0\u00bb4.20.4&Prime; _module_preset=\u00a0\u00bbdefault\u00a0\u00bb global_colors_info=\u00a0\u00bb{}\u00a0\u00bb][\/et_pb_gallery][et_pb_divider _builder_version=\u00a0\u00bb4.20.4&Prime; _module_preset=\u00a0\u00bbdefault\u00a0\u00bb background_color=\u00a0\u00bb#E02B20&Prime; global_colors_info=\u00a0\u00bb{}\u00a0\u00bb][\/et_pb_divider][\/et_pb_column][\/et_pb_row][et_pb_row column_structure=\u00a0\u00bb1_3,2_3&Prime; _builder_version=\u00a0\u00bb4.20.4&Prime; _module_preset=\u00a0\u00bbdefault\u00a0\u00bb background_color=\u00a0\u00bbrgba(145,135,0,0.27)\u00a0\u00bb background_enable_mask_style=\u00a0\u00bbon\u00a0\u00bb global_colors_info=\u00a0\u00bb{}\u00a0\u00bb][et_pb_column type=\u00a0\u00bb1_3&Prime; _builder_version=\u00a0\u00bb4.20.4&Prime; _module_preset=\u00a0\u00bbdefault\u00a0\u00bb global_colors_info=\u00a0\u00bb{}\u00a0\u00bb][et_pb_text _builder_version=\u00a0\u00bb4.20.4&Prime; _module_preset=\u00a0\u00bbdefault\u00a0\u00bb background_color=\u00a0\u00bbRGBA(255,255,255,0)\u00a0\u00bb custom_margin=\u00a0\u00bb0px|||23px|false|false\u00a0\u00bb global_colors_info=\u00a0\u00bb{}\u00a0\u00bb]\n<p style=\"text-align: justify\"><span><\/span><\/p>\n<h1 style=\"text-align: center\"><span style=\"color: #008000\"><strong>DANS LA PEAU D&rsquo;UN JOURNALISTE !<\/strong><\/span><\/h1>\n<p style=\"text-align: justify\"><span>Dans le cadre de l&rsquo;\u00e9ducation aux m\u00e9dias et \u00e0 l&rsquo;information, les \u00e9l\u00e8ves de 4\u00e8me ont particip\u00e9 \u00e0 des ateliers th\u00e9oriques et pratiques avec des journalistes professionnels<\/span><\/p>\n[\/et_pb_text][\/et_pb_column][et_pb_column type=\u00a0\u00bb2_3&Prime; _builder_version=\u00a0\u00bb4.20.4&Prime; _module_preset=\u00a0\u00bbdefault\u00a0\u00bb global_colors_info=\u00a0\u00bb{}\u00a0\u00bb][et_pb_button button_url=\u00a0\u00bbhttps:\/\/etab.ac-reunion.fr\/clg-chemin-morin\/wp-content\/uploads\/sites\/38\/2023\/04\/ARTICLE-JOURNALISME.pdf\u00a0\u00bb button_text=\u00a0\u00bbLire l&rsquo;article !\u00a0\u00bb _builder_version=\u00a0\u00bb4.20.4&Prime; _module_preset=\u00a0\u00bbdefault\u00a0\u00bb custom_button=\u00a0\u00bbon\u00a0\u00bb button_text_color=\u00a0\u00bb#1daa68&Prime; button_border_width=\u00a0\u00bb38px\u00a0\u00bb button_border_radius=\u00a0\u00bb43px\u00a0\u00bb custom_margin=\u00a0\u00bb||6px|198px|false|false\u00a0\u00bb custom_padding=\u00a0\u00bb8px||0px|29px|false|false\u00a0\u00bb animation_style=\u00a0\u00bbfold\u00a0\u00bb box_shadow_style=\u00a0\u00bbpreset5&Prime; global_colors_info=\u00a0\u00bb{}\u00a0\u00bb][\/et_pb_button][\/et_pb_column][\/et_pb_row][et_pb_row _builder_version=\u00a0\u00bb4.20.4&Prime; _module_preset=\u00a0\u00bbdefault\u00a0\u00bb global_colors_info=\u00a0\u00bb{}\u00a0\u00bb][et_pb_column type=\u00a0\u00bb4_4&Prime; _builder_version=\u00a0\u00bb4.20.4&Prime; _module_preset=\u00a0\u00bbdefault\u00a0\u00bb global_colors_info=\u00a0\u00bb{}\u00a0\u00bb][et_pb_divider _builder_version=\u00a0\u00bb4.20.4&Prime; _module_preset=\u00a0\u00bbdefault\u00a0\u00bb background_color=\u00a0\u00bb#E09900&Prime; global_colors_info=\u00a0\u00bb{}\u00a0\u00bb][\/et_pb_divider][\/et_pb_column][\/et_pb_row][\/et_pb_section]\n","protected":false},"excerpt":{"rendered":"<p>PARCOURS CITOYENR\u00c9SITE, PROUVE QUE TU EXISTES !Ce vendredi 24 avril, les \u00e9l\u00e8ves de 3\u00e8me du coll\u00e8ge H\u00e9va Chemin Morin, se sont rendus au Cin\u00e9Palmes de Sainte-Marie pour assister \u00e0 la [&hellip;]<\/p>\n","protected":false},"author":32292,"featured_media":0,"parent":0,"menu_order":0,"comment_status":"closed","ping_status":"closed","template":"","meta":{"_et_pb_use_builder":"on","_et_pb_old_content":"","_et_gb_content_width":"","_EventAllDay":false,"_EventTimezone":"","_EventStartDate":"","_EventEndDate":"","_EventStartDateUTC":"","_EventEndDateUTC":"","_EventShowMap":false,"_EventShowMapLink":false,"_EventURL":"","_EventCost":"","_EventCostDescription":"","_EventCurrencySymbol":"","_EventCurrencyCode":"","_EventCurrencyPosition":"","_EventDateTimeSeparator":"","_EventTimeRangeSeparator":"","_EventOrganizerID":[],"_EventVenueID":[0],"_OrganizerEmail":"","_OrganizerPhone":"","_OrganizerWebsite":"","_VenueAddress":"","_VenueCity":"","_VenueCountry":"","_VenueProvince":"","_VenueState":"","_VenueZip":"","_VenuePhone":"","_VenueURL":"","_VenueStateProvince":"","_VenueLat":"","_VenueLng":"","_VenueShowMap":false,"_VenueShowMapLink":false,"footnotes":"","_links_to":"","_links_to_target":""},"class_list":["post-3176","page","type-page","status-publish","hentry"],"_links":{"self":[{"href":"https:\/\/etab.ac-reunion.fr\/clg-chemin-morin\/wp-json\/wp\/v2\/pages\/3176","targetHints":{"allow":["GET"]}}],"collection":[{"href":"https:\/\/etab.ac-reunion.fr\/clg-chemin-morin\/wp-json\/wp\/v2\/pages"}],"about":[{"href":"https:\/\/etab.ac-reunion.fr\/clg-chemin-morin\/wp-json\/wp\/v2\/types\/page"}],"author":[{"embeddable":true,"href":"https:\/\/etab.ac-reunion.fr\/clg-chemin-morin\/wp-json\/wp\/v2\/users\/32292"}],"replies":[{"embeddable":true,"href":"https:\/\/etab.ac-reunion.fr\/clg-chemin-morin\/wp-json\/wp\/v2\/comments?post=3176"}],"version-history":[{"count":14,"href":"https:\/\/etab.ac-reunion.fr\/clg-chemin-morin\/wp-json\/wp\/v2\/pages\/3176\/revisions"}],"predecessor-version":[{"id":4252,"href":"https:\/\/etab.ac-reunion.fr\/clg-chemin-morin\/wp-json\/wp\/v2\/pages\/3176\/revisions\/4252"}],"wp:attachment":[{"href":"https:\/\/etab.ac-reunion.fr\/clg-chemin-morin\/wp-json\/wp\/v2\/media?parent=3176"}],"curies":[{"name":"wp","href":"https:\/\/api.w.org\/{rel}","templated":true}]}}