{"id":3190,"date":"2023-04-12T10:08:07","date_gmt":"2023-04-12T06:08:07","guid":{"rendered":"https:\/\/etab.ac-reunion.fr\/clg-chemin-morin\/?page_id=3190"},"modified":"2025-07-05T10:03:28","modified_gmt":"2025-07-05T06:03:28","slug":"parcours-artistique-culturel","status":"publish","type":"page","link":"https:\/\/etab.ac-reunion.fr\/clg-chemin-morin\/parcours-artistique-culturel\/","title":{"rendered":"PARCOURS ARTISTIQUE &amp;CULTUREL"},"content":{"rendered":"[et_pb_section fb_built=\u00a0\u00bb1&Prime; _builder_version=\u00a0\u00bb4.20.4&Prime; _module_preset=\u00a0\u00bbdefault\u00a0\u00bb global_colors_info=\u00a0\u00bb{}\u00a0\u00bb][et_pb_row _builder_version=\u00a0\u00bb4.20.4&Prime; _module_preset=\u00a0\u00bbdefault\u00a0\u00bb global_colors_info=\u00a0\u00bb{}\u00a0\u00bb][et_pb_column type=\u00a0\u00bb4_4&Prime; _builder_version=\u00a0\u00bb4.20.4&Prime; _module_preset=\u00a0\u00bbdefault\u00a0\u00bb global_colors_info=\u00a0\u00bb{}\u00a0\u00bb][et_pb_text _builder_version=\u00a0\u00bb4.20.4&Prime; _module_preset=\u00a0\u00bbdefault\u00a0\u00bb background_color=\u00a0\u00bbrgba(12,113,195,0.23)\u00a0\u00bb background_enable_mask_style=\u00a0\u00bbon\u00a0\u00bb background_mask_style=\u00a0\u00bbcorner-paint\u00a0\u00bb background_mask_transform=\u00a0\u00bbinvert\u00a0\u00bb min_height=\u00a0\u00bb147.8px\u00a0\u00bb global_colors_info=\u00a0\u00bb{}\u00a0\u00bb]\n<h1 style=\"text-align: center\"><span style=\"color: #ff0000\"><\/span><\/h1>\n<h1 style=\"text-align: center\"><span style=\"color: #ff0000\"><\/span><\/h1>\n<h1 style=\"text-align: center\"><span style=\"color: #ff0000\"><\/span><\/h1>\n<h1 style=\"text-align: center\"><span style=\"color: #ff0000\"><\/span><\/h1>\n<h1 style=\"text-align: center\"><span style=\"color: #ff0000\">PAR<\/span><span style=\"color: #ff9900\">COU<\/span><span style=\"color: #ffcc00\">RS<\/span> <span style=\"color: #99cc00\">ART<\/span><span style=\"color: #339966\">ISTIQ<\/span><span style=\"color: #33cccc\">UE ET<\/span> <span style=\"color: #008080\">CUL<\/span><span style=\"color: #3366ff\">TUREL<\/span><\/h1>\n[\/et_pb_text][et_pb_image src=\u00a0\u00bbhttps:\/\/etab.ac-reunion.fr\/clg-chemin-morin\/wp-content\/uploads\/sites\/38\/2023\/04\/Parcours_education_art.jpeg\u00a0\u00bb _builder_version=\u00a0\u00bb4.20.4&Prime; _module_preset=\u00a0\u00bbdefault\u00a0\u00bb custom_margin=\u00a0\u00bb-80px||||false|false\u00a0\u00bb global_colors_info=\u00a0\u00bb{}\u00a0\u00bb][\/et_pb_image][et_pb_divider _builder_version=\u00a0\u00bb4.20.4&Prime; _module_preset=\u00a0\u00bbdefault\u00a0\u00bb background_enable_mask_style=\u00a0\u00bbon\u00a0\u00bb background_mask_style=\u00a0\u00bbcorner-paint\u00a0\u00bb background_mask_color=\u00a0\u00bbrgba(12,113,195,0.61)\u00a0\u00bb global_colors_info=\u00a0\u00bb{}\u00a0\u00bb][\/et_pb_divider][\/et_pb_column][\/et_pb_row][et_pb_row _builder_version=\u00a0\u00bb4.27.4&Prime; _module_preset=\u00a0\u00bbdefault\u00a0\u00bb][et_pb_column _builder_version=\u00a0\u00bb4.27.4&Prime; _module_preset=\u00a0\u00bbdefault\u00a0\u00bb type=\u00a0\u00bb4_4&Prime;][et_pb_text _builder_version=\u00a0\u00bb4.27.4&Prime; _module_preset=\u00a0\u00bbdefault\u00a0\u00bb hover_enabled=\u00a0\u00bb0&Prime; sticky_enabled=\u00a0\u00bb0&Prime;]\n<h1 style=\"text-align: center\"><span style=\"color: #ff00ff\">Festival du Film Scientifique 2025<\/span><\/h1>\n[\/et_pb_text][et_pb_image src=\u00a0\u00bbhttps:\/\/etab.ac-reunion.fr\/clg-chemin-morin\/wp-content\/uploads\/sites\/38\/2025\/07\/FFS-24-25-Photo-1.jpeg\u00a0\u00bb _builder_version=\u00a0\u00bb4.27.4&Prime; _module_preset=\u00a0\u00bbdefault\u00a0\u00bb hover_enabled=\u00a0\u00bb0&Prime; sticky_enabled=\u00a0\u00bb0&Prime;][\/et_pb_image][et_pb_text _builder_version=\u00a0\u00bb4.27.4&Prime; _module_preset=\u00a0\u00bbdefault\u00a0\u00bb hover_enabled=\u00a0\u00bb0&Prime; sticky_enabled=\u00a0\u00bb0&Prime;]\n<p style=\"text-align: justify\"><span>La 25\u00e8me \u00e9dition du Festival du Film Scientifique de La R\u00e9union s\u2019est d\u00e9roul\u00e9e du 11 au 25 avril 2025.<\/span><span><br \/><\/span><span>En partenariat avec la DAAC (rectorat),\u00a0 l&rsquo;association SCIENCES REUNION a propos\u00e9 comme chaque ann\u00e9e aux \u00e9tablissements scolaires de l&rsquo;acad\u00e9mie de construire leur programmation en choisissant parmi les films du catalogue 2025 et d&rsquo;organiser une ou plusieurs projections dans leur \u00e9tablissement.<\/span><\/p>\n<p style=\"text-align: justify\"><span>A cette occasion, plus de 200 \u00e9l\u00e8ves du coll\u00e8ge ont pu voir et travailler sur des films en classe, mais aussi assister \u00e0 des projections sur leurs heures de libre.<\/span><\/p>\n<p style=\"text-align: justify\"><span>Cet \u00e9v\u00e8nement est l\u2019occasion pour les jeunes de d\u00e9couvrir les sciences autrement, d\u2019\u00ea<\/span><span>tre sensibilis<\/span><span>\u00e9s \u00e0 <\/span><span>la pr<\/span><span>\u00e9servation du patrimoine naturel et de voir l\u2019impact que l\u2019Homme peut avoir sur la nature, mais aussi qu\u2019elle peut avoir un impact sur nous.<\/span><\/p>\n<p style=\"text-align: justify\"><span>Les courts-m\u00e9trages qui ont \u00e9t\u00e9 visionn\u00e9s\u00a0sont\u00a0:<\/span><\/p>\n<ul style=\"text-align: justify\">\n<li><span><u>\u00ab\u00a0SCAN4VOLC mission de terrain au Piton de la Fournaise\u00a0\u00bb<\/u><\/span>: une mission de terrain qui regroupe 5 Universit\u00e9s et une entreprise priv\u00e9e a pour objectif de r\u00e9aliser une image 3D de l&rsquo;int\u00e9rieur du c\u00f4ne sommital du Piton de la Fournaise. Le dispositif pour la r\u00e9alisation de cette image est une premi\u00e8re mondiale. Il a \u00e9t\u00e9 d\u00e9velopp\u00e9 sur de nombreuses ann\u00e9es. Bienvenue dans le monde de la g\u00e9ophysique !<\/li>\n<li><span><u>\u00ab\u00a0Whales Protect\u00a0\u00bb<\/u><\/span>: les baleines \u00e0 bosse ont une place indispensable dans l&rsquo;\u00e9cosyst\u00e8me de la plan\u00e8te.<\/li>\n<li><span><u>\u00ab\u00a0 Les Champs des femmes \u00e0 Madagascar\u00a0\u00bb<\/u><\/span> : ce film met en \u00e9vidence comment les droits fonciers varient en fonction du statut des femmes\u2014\u00e9pouses, filles, s\u0153urs, m\u00e8res ou veuves\u2014 et des rapports de pouvoir qui en d\u00e9coulent. Il montre comment les normes culturelles influencent l\u2019h\u00e9ritage, l\u2019acc\u00e8s \u00e0 la terre et la vuln\u00e9rabilit\u00e9 des femmes, notamment en cas de s\u00e9paration ou de veuvage. Il souligne \u00e9galement les tensions entre discours l\u00e9gaux et r\u00e9alit\u00e9s sociales, r\u00e9v\u00e9lant les in\u00e9galit\u00e9s persistantes.<\/li>\n<\/ul>\n<p style=\"text-align: justify\"><span>Les longs m\u00e9<\/span><span>trages<\/span><span>\u00a0qui ont \u00e9t\u00e9 visionn\u00e9s\u00a0sont\u00a0:<\/span><\/p>\n<ul style=\"text-align: justify\">\n<li><span><u>\u00ab\u00a0RECI, Restaurer l&rsquo;\u00e9quilibre naturel des \u00eeles de l&rsquo;oc\u00e9an Indien\u00a0\u00bb<\/u><\/span>: une mission scientifique nomm\u00e9 \u00ab\u00a0RECI\u00a0\u00bb a pour objectif de lutter contre les esp\u00e8ces invasives des \u00eeles \u00e9parses et des terres Australes et Antarctique Fran\u00e7aises. Une mission unique au monde.<\/li>\n<li><span><u>\u00ab\u00a0L&rsquo;\u00eele de La R\u00e9union &#8211; laboratoire de l&rsquo;\u00e9volution\u00a0\u00bb<\/u><\/span>: Apparue dans l\u2019oc\u00e9an Indien il y a trois millions d\u2019ann\u00e9es, l&rsquo;\u00eele de La R\u00e9union a \u00e9t\u00e9 colonis\u00e9e par l&rsquo;homme il y a seulement quatre cents ans. Un \u00e9cosyst\u00e8me st\u00e9rile qui a vu la vie se d\u00e9velopper en autarcie, avant que l\u2019introduction d\u2019esp\u00e8ces invasives ne vienne perturber son fragile \u00e9quilibre. Retra\u00e7ant l\u2019histoire des niches \u00e9cologiques form\u00e9es au fil de millions d\u2019ann\u00e9es d\u2019\u00e9volution, le film aux superbes images explore une faune et une flore d\u2019une extraordinaire richesse, et les mesures prises pour les pr\u00e9server en luttant contre les esp\u00e8ces invasives.<\/li>\n<li>\u00ab\u00a0Terres de volcans, les Canaries\u00a0\u00bb\u00a0: en septembre 2021, un volcan entre en \u00e9ruption sur l&rsquo;ile de la Palma, dans l&rsquo;archipel des Canaries. Rencontre avec la population impact\u00e9e et des scientifiques.<\/li>\n<li><span><u>\u00ab\u00a0Sommes-nous seuls dans l&rsquo;univers ?\u00a0\u00bb<\/u><\/span>: L\u2019humanit\u00e9 scrute le ciel depuis des mill\u00e9naires : les mouvements c\u00e9lestes nous ont permis d\u2019\u00e9tablir des calendriers, de planifier la culture des terres et de mieux comprendre le monde qui nous entoure. Et nos observations nous ont emmen\u00e9s bien au-del\u00e0 de notre plan\u00e8te. Sommes-nous seuls, nous les terriens, au milieu de cette immensit\u00e9 ? D\u00e9couvrirons-nous un jour une trace de vie au-del\u00e0 de notre plan\u00e8te ? Cette forme de vie pourrait-elle \u00eatre intelligente, au point de rentrer en contact avec elle ? Ces questions qui nous fascinent tous.tes vont jusqu\u2019\u00e0 hanter les esprits les plus brillants de notre temps. Comment la science peut-elle nous aider dans cette obs\u00e9dante qu\u00eate de vie \u00e0 travers le Cosmos ?<\/li>\n<li><span><u>\u00ab\u00a0Peut-on croire \u00e0 l&rsquo;astrologie ?\u00a0\u00bb<\/u><\/span>: Si la science d\u00e9montre l\u2019inexactitude des bases astrologiques, l\u2019attrait pour cette pratique persiste. Pourquoi continue-t-elle d\u2019influencer notre soci\u00e9t\u00e9 ? Quelles sont les croyances sous-jacentes et les limites scientifiques qui remettent en cause sa validit\u00e9 ? Historiens et astrophysiciens nous \u00e9claireront sur l\u2019\u00e9volution de cette discipline, son r\u00f4le \u00e0 travers les si\u00e8cles et les raisons pour lesquelles, malgr\u00e9 son manque de fondement scientifique, elle continue de s\u00e9duire dans un monde en qu\u00eate de rep\u00e8res.<\/li>\n<\/ul>\n<p style=\"text-align: justify\"><span style=\"color: #ff00ff\"><em>Les \u00e9quipes de Physique-Chimie et SVT.<\/em><\/span><\/p>\n[\/et_pb_text][\/et_pb_column][\/et_pb_row][et_pb_row _builder_version=\u00a0\u00bb4.27.4&Prime; _module_preset=\u00a0\u00bbdefault\u00a0\u00bb][et_pb_column _builder_version=\u00a0\u00bb4.27.4&Prime; _module_preset=\u00a0\u00bbdefault\u00a0\u00bb type=\u00a0\u00bb4_4&Prime;][et_pb_divider _builder_version=\u00a0\u00bb4.27.4&Prime; _module_preset=\u00a0\u00bbdefault\u00a0\u00bb color=\u00a0\u00bb#ef00df\u00a0\u00bb divider_weight=\u00a0\u00bb40px\u00a0\u00bb hover_enabled=\u00a0\u00bb0&Prime; sticky_enabled=\u00a0\u00bb0&Prime;][\/et_pb_divider][\/et_pb_column][\/et_pb_row][et_pb_row column_structure=\u00a0\u00bb1_2,1_2&Prime; _builder_version=\u00a0\u00bb4.27.0&Prime; _module_preset=\u00a0\u00bbdefault\u00a0\u00bb global_colors_info=\u00a0\u00bb{}\u00a0\u00bb][et_pb_column type=\u00a0\u00bb1_2&Prime; _builder_version=\u00a0\u00bb4.27.0&Prime; _module_preset=\u00a0\u00bbdefault\u00a0\u00bb global_colors_info=\u00a0\u00bb{}\u00a0\u00bb][et_pb_text _builder_version=\u00a0\u00bb4.27.0&Prime; _module_preset=\u00a0\u00bbdefault\u00a0\u00bb global_colors_info=\u00a0\u00bb{}\u00a0\u00bb]\n<h1 style=\"text-align: center\"><span style=\"color: #008000\"><u>Des contes revisit\u00e9s<\/u><\/span><\/h1>\n<p>&nbsp;<\/p>\n<p style=\"text-align: justify\"><strong>Ce mercredi 11 septembre 2024, la troupe des Renards Volants a honor\u00e9 \u00e0 nouveau le coll\u00e8ge de leur pr\u00e9sence pour un spectacle interactif autour de l&rsquo;univers des contes de f\u00e9es un peu &#8230; comment dire\u00a0? Refaits&#8230;<\/strong><\/p>\n<p style=\"text-align: justify\"><strong>Les 6\u00e8mes ont eu le plaisir de rencontrer des artistes, qui, par leur jeu d&rsquo;acteurs ont su les \u00e9mouvoir, les amuser mais surtout les surprendre.<\/strong><\/p>\n<p style=\"text-align: justify\"><strong>Un grand merci \u00e0 eux et \u00e0 de nouvelles aventures\u00a0!<\/strong><\/p>\n<h6 style=\"text-align: justify\"><span style=\"color: #008000\"><em><strong>Mme GOPAL PANON.<\/strong><\/em><\/span><\/h6>\n[\/et_pb_text][\/et_pb_column][et_pb_column type=\u00a0\u00bb1_2&Prime; _builder_version=\u00a0\u00bb4.27.0&Prime; _module_preset=\u00a0\u00bbdefault\u00a0\u00bb global_colors_info=\u00a0\u00bb{}\u00a0\u00bb][et_pb_gallery gallery_ids=\u00a0\u00bb3831,3832,3829&Prime; _builder_version=\u00a0\u00bb4.27.0&Prime; _module_preset=\u00a0\u00bbdefault\u00a0\u00bb global_colors_info=\u00a0\u00bb{}\u00a0\u00bb][\/et_pb_gallery][\/et_pb_column][\/et_pb_row][et_pb_row _builder_version=\u00a0\u00bb4.27.0&Prime; _module_preset=\u00a0\u00bbdefault\u00a0\u00bb global_colors_info=\u00a0\u00bb{}\u00a0\u00bb][et_pb_column type=\u00a0\u00bb4_4&Prime; _builder_version=\u00a0\u00bb4.27.0&Prime; _module_preset=\u00a0\u00bbdefault\u00a0\u00bb global_colors_info=\u00a0\u00bb{}\u00a0\u00bb][et_pb_text _builder_version=\u00a0\u00bb4.27.0&Prime; _module_preset=\u00a0\u00bbdefault\u00a0\u00bb global_colors_info=\u00a0\u00bb{}\u00a0\u00bb]\n<p style=\"text-align: center\"><span style=\"font-family: 'Comic Sans MS', serif;color: #008000\"><span style=\"font-size: small\"><b>Ils en pensent quoi ?<\/b><\/span><\/span><\/p>\n<p align=\"center\"><span style=\"color: #000000\"><span style=\"font-family: Comic Sans MS, serif\"><span style=\"font-size: small\"><u><b>Trecasse Kyan, 607<\/b><\/u><\/span><\/span><\/span><\/p>\n<p align=\"justify\" style=\"text-align: center\"><span style=\"color: #000000\"><span style=\"font-family: Comic Sans MS, serif\"><span style=\"font-size: small\">J\u2019ai aim\u00e9 ce spectacle car Barble Bleue est l\u2019un des livres que j\u2019adore m\u00eame si son histoire est terrifiante. J\u2019ai aim\u00e9 ce spectacle car les histoires me rappelaient mon enfance. Merci \u00e0 vous. <\/span><\/span><\/span><\/p>\n<p align=\"center\"><span style=\"color: #000000\"><span style=\"font-family: Comic Sans MS, serif\"><span style=\"font-size: small\"><u><b>DEBLOND Alicia, 606<\/b><\/u><\/span><\/span><\/span><\/p>\n<p align=\"justify\" style=\"text-align: center\"><span style=\"font-family: Comic Sans MS, serif\"><span style=\"font-size: small\">J\u2019ai aim\u00e9 le spectacle parce que c\u2019\u00e9tait dr\u00f4le, surprenant et les acteurs \u00e9taient supers.<\/span><\/span><\/p>\n<p align=\"center\"><span style=\"color: #000000\"><span style=\"font-family: Comic Sans MS, serif\"><span style=\"font-size: small\"><u><b>CHADHULI NYANGUILE Youmnah, 607<\/b><\/u><\/span><\/span><\/span><\/p>\n<p align=\"justify\" style=\"text-align: center\"><span style=\"font-family: Comic Sans MS, serif\"><span style=\"font-size: small\">J\u2019ai aim\u00e9 parce qu\u2019il y avait de l\u2019action et de la com\u00e9die. Les histoires \u00e9taient un peu plus vivantes. Les personnages faisaient rire et un peu peur. <\/span><\/span><\/p>\n[\/et_pb_text][\/et_pb_column][\/et_pb_row][et_pb_row _builder_version=\u00a0\u00bb4.27.0&Prime; _module_preset=\u00a0\u00bbdefault\u00a0\u00bb global_colors_info=\u00a0\u00bb{}\u00a0\u00bb][et_pb_column type=\u00a0\u00bb4_4&Prime; _builder_version=\u00a0\u00bb4.27.0&Prime; _module_preset=\u00a0\u00bbdefault\u00a0\u00bb global_colors_info=\u00a0\u00bb{}\u00a0\u00bb][et_pb_divider color=\u00a0\u00bb#178c46&Prime; divider_weight=\u00a0\u00bb52px\u00a0\u00bb _builder_version=\u00a0\u00bb4.27.0&Prime; _module_preset=\u00a0\u00bbdefault\u00a0\u00bb global_colors_info=\u00a0\u00bb{}\u00a0\u00bb][\/et_pb_divider][\/et_pb_column][\/et_pb_row][et_pb_row column_structure=\u00a0\u00bb2_5,3_5&Prime; _builder_version=\u00a0\u00bb4.25.0&Prime; _module_preset=\u00a0\u00bbdefault\u00a0\u00bb global_colors_info=\u00a0\u00bb{}\u00a0\u00bb][et_pb_column type=\u00a0\u00bb2_5&Prime; _builder_version=\u00a0\u00bb4.25.0&Prime; _module_preset=\u00a0\u00bbdefault\u00a0\u00bb global_colors_info=\u00a0\u00bb{}\u00a0\u00bb][et_pb_text _builder_version=\u00a0\u00bb4.25.0&Prime; _module_preset=\u00a0\u00bbdefault\u00a0\u00bb global_colors_info=\u00a0\u00bb{}\u00a0\u00bb]\n<p align=\"center\"><span style=\"color: #ff3333\"><span style=\"font-family: Comic Sans MS, cursive\"><span style=\"font-size: x-large\"><b>D\u00c9NONCER LES TRAVERS DE LA SOCI\u00c9T\u00c9<\/b><\/span><\/span><\/span><\/p>\n<p align=\"left\" style=\"text-align: center\"><span style=\"color: #579d1c\"><span style=\"font-family: Comic Sans MS, cursive\"><span style=\"font-size: x-large\"><u><b>LA PROMESSE VERTE<\/b><\/u><\/span><\/span><\/span><\/p>\n<p align=\"left\" style=\"text-align: justify\"><span style=\"color: #6666ff\"><span style=\"font-family: Comic Sans MS, cursive\"><span style=\"font-size: medium\">Ce Vendredi 3 Mai 2024, les \u00e9l\u00e8ves de 3\u00e8me se sont <\/span><\/span><\/span><span style=\"color: #6666ff\"><span style=\"font-family: Comic Sans MS, cursive\"><span style=\"font-size: medium\">rendus au Cin\u00e9Palmes de Ste-Marie pour assister \u00e0 u<\/span><\/span><\/span><span style=\"color: #6666ff\"><span style=\"font-family: Comic Sans MS, cursive\"><span style=\"font-size: medium\">ne projection priv\u00e9e du film \u201cLa Promesse verte\u201d. <\/span><\/span><\/span><span style=\"color: #6666ff\"><span style=\"font-family: Comic Sans MS, cursive\"><span style=\"font-size: medium\">Cette sortie p\u00e9dagogique \u00e9tait une opportunit\u00e9 pour l<\/span><\/span><\/span><span style=\"color: #6666ff\"><span style=\"font-family: Comic Sans MS, cursive\"><span style=\"font-size: medium\">es \u00e9l\u00e8ves de d\u00e9veopper leurs connaissances et <\/span><\/span><\/span><span style=\"color: #6666ff\"><span style=\"font-family: Comic Sans MS, cursive\"><span style=\"font-size: medium\">d&rsquo;avoir une ouverture culturelle sur le monde <\/span><\/span><\/span><span style=\"color: #6666ff\"><span style=\"font-family: Comic Sans MS, cursive\"><span style=\"font-size: medium\">cin\u00e9matographique. Les th\u00e9matiques abord\u00e9es <\/span><\/span><\/span><span style=\"color: #6666ff\"><span style=\"font-family: Comic Sans MS, cursive\"><span style=\"font-size: medium\">par ce film permettaient d&rsquo;\u00e9veiller les consciences <\/span><\/span><\/span><span style=\"color: #6666ff\"><span style=\"font-family: Comic Sans MS, cursive\"><span style=\"font-size: medium\">sur les d\u00e9rives et travers de la soci\u00e9t\u00e9 ; notions\u00a0<\/span><\/span><\/span><span style=\"color: #6666ff\"><span style=\"font-family: Comic Sans MS, cursive\"><span style=\"font-size: medium\">\u00e9tudi\u00e9es dans plusieurs disciplines. Le parcours artistique et culturel a \u00e9t\u00e9 entrem\u00eal\u00e9 avec le parcours citoyen.<\/span><\/span><\/span><\/p>\n<p align=\"right\" style=\"text-align: center\"><span style=\"color: #000000\"><span style=\"font-family: Comic Sans MS, cursive\"><span style=\"font-size: medium\"><b>Un grand merci <\/b><\/span><\/span><\/span><\/p>\n<p align=\"right\" style=\"text-align: center\"><span style=\"color: #000000\"><span style=\"font-family: Comic Sans MS, cursive\"><span style=\"font-size: medium\"><b>aux professeurs accompagnateurs :\u00a0<\/b><\/span><\/span><\/span><\/p>\n<p align=\"right\" style=\"text-align: center\"><em><span style=\"color: #000000\"><span style=\"font-family: Comic Sans MS, cursive\"><span style=\"font-size: medium\"><b>Messieurs BRIANDY et BRUN<\/b><\/span><\/span><\/span><\/em><\/p>\n<p align=\"right\" style=\"text-align: center\"><em><span style=\"color: #000000\"><span style=\"font-family: Comic Sans MS, cursive\"><span style=\"font-size: medium\"><b>Mesdames DUCHEMANN, EMMANUEL, GOPAL PANON, MONDON,TECHER R. et VIGNE S.<\/b><\/span><\/span><\/span><\/em><\/p>\n[\/et_pb_text][\/et_pb_column][et_pb_column type=\u00a0\u00bb3_5&Prime; _builder_version=\u00a0\u00bb4.25.0&Prime; _module_preset=\u00a0\u00bbdefault\u00a0\u00bb global_colors_info=\u00a0\u00bb{}\u00a0\u00bb][et_pb_image src=\u00a0\u00bbhttps:\/\/etab.ac-reunion.fr\/clg-chemin-morin\/wp-content\/uploads\/sites\/38\/2024\/05\/0470969.jpeg\u00a0\u00bb _builder_version=\u00a0\u00bb4.25.0&Prime; _module_preset=\u00a0\u00bbdefault\u00a0\u00bb global_colors_info=\u00a0\u00bb{}\u00a0\u00bb][\/et_pb_image][\/et_pb_column][\/et_pb_row][et_pb_row _builder_version=\u00a0\u00bb4.25.0&Prime; _module_preset=\u00a0\u00bbdefault\u00a0\u00bb global_colors_info=\u00a0\u00bb{}\u00a0\u00bb][et_pb_column type=\u00a0\u00bb4_4&Prime; _builder_version=\u00a0\u00bb4.25.0&Prime; _module_preset=\u00a0\u00bbdefault\u00a0\u00bb global_colors_info=\u00a0\u00bb{}\u00a0\u00bb][et_pb_divider color=\u00a0\u00bb#268917&Prime; divider_weight=\u00a0\u00bb63px\u00a0\u00bb _builder_version=\u00a0\u00bb4.25.0&Prime; _module_preset=\u00a0\u00bbdefault\u00a0\u00bb global_colors_info=\u00a0\u00bb{}\u00a0\u00bb][\/et_pb_divider][\/et_pb_column][\/et_pb_row][et_pb_row column_structure=\u00a0\u00bb3_5,2_5&Prime; _builder_version=\u00a0\u00bb4.24.3&Prime; _module_preset=\u00a0\u00bbdefault\u00a0\u00bb global_colors_info=\u00a0\u00bb{}\u00a0\u00bb][et_pb_column type=\u00a0\u00bb3_5&Prime; _builder_version=\u00a0\u00bb4.24.3&Prime; _module_preset=\u00a0\u00bbdefault\u00a0\u00bb global_colors_info=\u00a0\u00bb{}\u00a0\u00bb][et_pb_text _builder_version=\u00a0\u00bb4.24.3&Prime; _module_preset=\u00a0\u00bbdefault\u00a0\u00bb global_colors_info=\u00a0\u00bb{}\u00a0\u00bb]\n<p align=\"justify\" style=\"text-align: center\"><span style=\"color: #784b04\"><span style=\"font-size: large\"><b>C<\/b><\/span><\/span><span style=\"color: #ff00cc\">r\u00e9meux<\/span><\/p>\n<p align=\"justify\" style=\"text-align: center\"><span style=\"color: #ff00cc\"><span style=\"color: #784b04\"><span style=\"font-size: large\"><b>H<\/b><\/span><\/span>orriblement bon<\/span><\/p>\n<p align=\"justify\" style=\"text-align: center\"><span style=\"color: #ff00cc\"><span style=\"color: #784b04\"><span style=\"font-size: large\"><b>O<\/b><\/span><\/span>nctueux<\/span><\/p>\n<p align=\"justify\" style=\"text-align: center\"><span style=\"color: #ff00cc\"><span style=\"color: #784b04\"><span style=\"font-size: large\"><b>C<\/b><\/span><\/span>raquant<\/span><\/p>\n<p align=\"justify\" style=\"text-align: center\"><span style=\"color: #ff00cc\"><span style=\"color: #784b04\"><span style=\"font-size: large\"><b>O<\/b><\/span><\/span>dorant<\/span><\/p>\n<p align=\"justify\" style=\"text-align: center\"><span style=\"color: #ff00cc\"><span style=\"color: #784b04\"><span style=\"font-size: large\"><b>L<\/b><\/span><\/span>uxueux<\/span><\/p>\n<p align=\"justify\" style=\"text-align: center\"><span style=\"color: #ff00cc\"><span style=\"color: #784b04\"><span style=\"font-size: large\"><b>A<\/b><\/span><\/span>ddictif<\/span><\/p>\n<p align=\"justify\" style=\"text-align: center\"><span style=\"color: #ff00cc\"><span style=\"color: #784b04\"><span style=\"font-size: large\"><b>T<\/b><\/span><\/span>endre<\/span><\/p>\n<p align=\"justify\" style=\"text-align: justify\"><span style=\"color: #6666ff\"><span style=\"font-size: large\">Ce jeudi 28 mars 2024, les 601 et 608 ont plong\u00e9 dans l&rsquo;univers magique, cr\u00e9atif et gourmand de l&rsquo;extraordinaire WILLY WONKA, personnage cl\u00e9 de Charlie et la Chocolaterie. Apr\u00e8s avoir parcouru l&rsquo;oeuvre en Anglais comme en Fran\u00e7ais, un autre domaine artistique s&rsquo;offrait \u00e0 eux sur un plateau en &#8230; chocolat, c&rsquo;est le moins que l&rsquo;on puisse dire\u00a0!<\/span><\/span><\/p>\n<p align=\"justify\" style=\"text-align: justify\"><span style=\"color: #6666ff\"><span style=\"font-size: large\">L&rsquo;histoire \u00e9mouvante d&rsquo;un petit gar\u00e7on \u00e0 qui l&rsquo;on r\u00e9p\u00e9tait qu&rsquo;il fallait croire en ses r\u00eaves qui se concr\u00e9tiseront un jour.<\/span><\/span><\/p>\n<p align=\"justify\" style=\"text-align: justify\"><span style=\"color: #6666ff\"><span style=\"font-size: large\">Celle d&rsquo;un petit gar\u00e7on devenant adulte qui apprendra que le partage est la cl\u00e9 m\u00eame de la r\u00e9ussite et du bonheur.<\/span><\/span><\/p>\n<p align=\"justify\" style=\"text-align: justify\"><span style=\"color: #6666ff\"><span style=\"font-size: large\">Celle d&rsquo;un petit gar\u00e7on qui, en grandissant, fera du chocolat une source de qui\u00e9tude et d&rsquo;\u00e9vasion pour ceux qui le d\u00e9gusteront.<\/span><\/span><\/p>\n<p align=\"justify\" style=\"text-align: justify\"><span style=\"color: #6666ff\"><span style=\"font-size: large\">Le temps d&rsquo;une projection, \u00e0 l&rsquo;instar des histoires type Hansel et Gretel, le spectateur s&rsquo;est laiss\u00e9 tenter par une abondance de sucreries all\u00e9chant les papilles et faisant du bien au moral.<\/span><\/span><\/p>\n<p align=\"justify\" style=\"text-align: justify\"><span style=\"color: #6666ff\"><span style=\"font-size: large\">Pour WILLY WONKA, le chocolat n&rsquo;a aucune limite, il en produit \u00e0 profusion\u00a0! Mais gardez en t\u00eate qu&rsquo;il ne faut pas non plus en abuser pour notre sant\u00e9\u00a0!<\/span><\/span><\/p>\n<p align=\"justify\" style=\"text-align: center\"><strong><span style=\"color: #6666ff\"><span style=\"font-size: large\">N&rsquo;est-ce pas Monsieur le m\u00e9chant policier\u00a0? <\/span><\/span><\/strong><\/p>\n<p align=\"center\"><em><span style=\"color: #6666ff\"><span style=\"font-size: large\">Suite de notre exp\u00e9dition chocolat\u00e9e au prochain \u00e9pisode\u00a0!<\/span><\/span><\/em><\/p>\n<p align=\"center\"><span style=\"color: #6666ff\"><span style=\"font-size: large\">Merci \u00e0 Madame BABET, Madame GOPAL PANON, Mme MARIANNE, Monsieur Romain et Monsieur BOYER pour leur accompagnement.<\/span><\/span><\/p>\n<p align=\"center\"><span style=\"color: #6666ff\"><span style=\"font-size: large\">Merci \u00e0 l&rsquo;\u00e9quipe du Cin\u00e9Palmes de Ste-Marie<\/span><\/span><\/p>\n[\/et_pb_text][\/et_pb_column][et_pb_column type=\u00a0\u00bb2_5&Prime; _builder_version=\u00a0\u00bb4.24.3&Prime; _module_preset=\u00a0\u00bbdefault\u00a0\u00bb global_colors_info=\u00a0\u00bb{}\u00a0\u00bb][et_pb_gallery gallery_ids=\u00a0\u00bb3663,3662&Prime; _builder_version=\u00a0\u00bb4.24.3&Prime; _module_preset=\u00a0\u00bbdefault\u00a0\u00bb global_colors_info=\u00a0\u00bb{}\u00a0\u00bb][\/et_pb_gallery][\/et_pb_column][\/et_pb_row][et_pb_row _builder_version=\u00a0\u00bb4.24.3&Prime; _module_preset=\u00a0\u00bbdefault\u00a0\u00bb global_colors_info=\u00a0\u00bb{}\u00a0\u00bb][et_pb_column type=\u00a0\u00bb4_4&Prime; _builder_version=\u00a0\u00bb4.24.3&Prime; _module_preset=\u00a0\u00bbdefault\u00a0\u00bb global_colors_info=\u00a0\u00bb{}\u00a0\u00bb][et_pb_divider divider_weight=\u00a0\u00bb77px\u00a0\u00bb _builder_version=\u00a0\u00bb4.24.3&Prime; _module_preset=\u00a0\u00bbdefault\u00a0\u00bb global_colors_info=\u00a0\u00bb{}\u00a0\u00bb][\/et_pb_divider][\/et_pb_column][\/et_pb_row][et_pb_row column_structure=\u00a0\u00bb2_3,1_3&Prime; _builder_version=\u00a0\u00bb4.20.4&Prime; _module_preset=\u00a0\u00bbdefault\u00a0\u00bb global_colors_info=\u00a0\u00bb{}\u00a0\u00bb][et_pb_column type=\u00a0\u00bb2_3&Prime; _builder_version=\u00a0\u00bb4.20.4&Prime; _module_preset=\u00a0\u00bbdefault\u00a0\u00bb global_colors_info=\u00a0\u00bb{}\u00a0\u00bb][et_pb_text _builder_version=\u00a0\u00bb4.20.4&Prime; _module_preset=\u00a0\u00bbdefault\u00a0\u00bb global_colors_info=\u00a0\u00bb{}\u00a0\u00bb]\n<h1 style=\"text-align: center\"><strong>LE TH\u00c9\u00c2TRE FAIT SON CIN\u00c9MA !<\/strong><\/h1>\n[\/et_pb_text][\/et_pb_column][et_pb_column type=\u00a0\u00bb1_3&Prime; _builder_version=\u00a0\u00bb4.20.4&Prime; _module_preset=\u00a0\u00bbdefault\u00a0\u00bb global_colors_info=\u00a0\u00bb{}\u00a0\u00bb][et_pb_button button_url=\u00a0\u00bbhttps:\/\/etab.ac-reunion.fr\/clg-chemin-morin\/le-theatre-fait-son-cinema\/\u00a0\u00bb button_text=\u00a0\u00bbLire l&rsquo;article\u00a0\u00bb _builder_version=\u00a0\u00bb4.20.4&Prime; _module_preset=\u00a0\u00bbdefault\u00a0\u00bb custom_button=\u00a0\u00bbon\u00a0\u00bb button_text_color=\u00a0\u00bb#E02B20&Prime; button_border_width=\u00a0\u00bb15px\u00a0\u00bb button_border_radius=\u00a0\u00bb18px\u00a0\u00bb custom_margin=\u00a0\u00bb|||40px|false|false\u00a0\u00bb global_colors_info=\u00a0\u00bb{}\u00a0\u00bb][\/et_pb_button][\/et_pb_column][\/et_pb_row][\/et_pb_section]\n","protected":false},"excerpt":{"rendered":"<p>PARCOURS ARTISTIQUE ET CULTURELFestival du Film Scientifique 2025La 25\u00e8me \u00e9dition du Festival du Film Scientifique de La R\u00e9union s\u2019est d\u00e9roul\u00e9e du 11 au 25 avril 2025.En partenariat avec la DAAC [&hellip;]<\/p>\n","protected":false},"author":32292,"featured_media":0,"parent":0,"menu_order":0,"comment_status":"closed","ping_status":"closed","template":"","meta":{"_et_pb_use_builder":"on","_et_pb_old_content":"","_et_gb_content_width":"","_EventAllDay":false,"_EventTimezone":"","_EventStartDate":"","_EventEndDate":"","_EventStartDateUTC":"","_EventEndDateUTC":"","_EventShowMap":false,"_EventShowMapLink":false,"_EventURL":"","_EventCost":"","_EventCostDescription":"","_EventCurrencySymbol":"","_EventCurrencyCode":"","_EventCurrencyPosition":"","_EventDateTimeSeparator":"","_EventTimeRangeSeparator":"","_EventOrganizerID":[],"_EventVenueID":[0],"_OrganizerEmail":"","_OrganizerPhone":"","_OrganizerWebsite":"","_VenueAddress":"","_VenueCity":"","_VenueCountry":"","_VenueProvince":"","_VenueState":"","_VenueZip":"","_VenuePhone":"","_VenueURL":"","_VenueStateProvince":"","_VenueLat":"","_VenueLng":"","_VenueShowMap":false,"_VenueShowMapLink":false,"footnotes":"","_links_to":"","_links_to_target":""},"class_list":["post-3190","page","type-page","status-publish","hentry"],"_links":{"self":[{"href":"https:\/\/etab.ac-reunion.fr\/clg-chemin-morin\/wp-json\/wp\/v2\/pages\/3190","targetHints":{"allow":["GET"]}}],"collection":[{"href":"https:\/\/etab.ac-reunion.fr\/clg-chemin-morin\/wp-json\/wp\/v2\/pages"}],"about":[{"href":"https:\/\/etab.ac-reunion.fr\/clg-chemin-morin\/wp-json\/wp\/v2\/types\/page"}],"author":[{"embeddable":true,"href":"https:\/\/etab.ac-reunion.fr\/clg-chemin-morin\/wp-json\/wp\/v2\/users\/32292"}],"replies":[{"embeddable":true,"href":"https:\/\/etab.ac-reunion.fr\/clg-chemin-morin\/wp-json\/wp\/v2\/comments?post=3190"}],"version-history":[{"count":10,"href":"https:\/\/etab.ac-reunion.fr\/clg-chemin-morin\/wp-json\/wp\/v2\/pages\/3190\/revisions"}],"predecessor-version":[{"id":4067,"href":"https:\/\/etab.ac-reunion.fr\/clg-chemin-morin\/wp-json\/wp\/v2\/pages\/3190\/revisions\/4067"}],"wp:attachment":[{"href":"https:\/\/etab.ac-reunion.fr\/clg-chemin-morin\/wp-json\/wp\/v2\/media?parent=3190"}],"curies":[{"name":"wp","href":"https:\/\/api.w.org\/{rel}","templated":true}]}}