{"id":3413,"date":"2023-08-21T11:54:54","date_gmt":"2023-08-21T07:54:54","guid":{"rendered":"https:\/\/etab.ac-reunion.fr\/clg-chemin-morin\/?page_id=3413"},"modified":"2024-04-19T08:46:45","modified_gmt":"2024-04-19T04:46:45","slug":"cadets-de-la-securite-civile","status":"publish","type":"page","link":"https:\/\/etab.ac-reunion.fr\/clg-chemin-morin\/cadets-de-la-securite-civile\/","title":{"rendered":"Cadets de la S\u00e9curit\u00e9 Civile"},"content":{"rendered":"[et_pb_section fb_built=\u00a0\u00bb1&Prime; _builder_version=\u00a0\u00bb4.22.1&Prime; _module_preset=\u00a0\u00bbdefault\u00a0\u00bb global_colors_info=\u00a0\u00bb{}\u00a0\u00bb][et_pb_row _builder_version=\u00a0\u00bb4.23.1&Prime; _module_preset=\u00a0\u00bbdefault\u00a0\u00bb global_colors_info=\u00a0\u00bb{}\u00a0\u00bb][et_pb_column type=\u00a0\u00bb4_4&Prime; _builder_version=\u00a0\u00bb4.23.1&Prime; _module_preset=\u00a0\u00bbdefault\u00a0\u00bb global_colors_info=\u00a0\u00bb{}\u00a0\u00bb][et_pb_text _builder_version=\u00a0\u00bb4.23.1&Prime; _module_preset=\u00a0\u00bbdefault\u00a0\u00bb text_font_size=\u00a0\u00bb44px\u00a0\u00bb text_line_height=\u00a0\u00bb1.9em\u00a0\u00bb text_text_shadow_style=\u00a0\u00bbpreset1&Prime; global_colors_info=\u00a0\u00bb{}\u00a0\u00bb]\n<h1 style=\"text-align: center\"><strong>Cadets de la S\u00e9curit\u00e9 Civile<\/strong><\/h1>\n[\/et_pb_text][et_pb_text _builder_version=\u00a0\u00bb4.23.1&Prime; _module_preset=\u00a0\u00bbdefault\u00a0\u00bb global_colors_info=\u00a0\u00bb{}\u00a0\u00bb]\n<h1 style=\"text-align: center\"><em><span style=\"color: #008080\"><strong>Vous \u00eates ici sur l&rsquo;espace d\u00e9di\u00e9 aux Cadets de la S\u00e9curit\u00e9\u00a0 Civile. Retrouvez ici, pour l&rsquo;ann\u00e9e scolaire 2023-2024, les informations et actions men\u00e9es par les \u00e9l\u00e8ves de 308 .<\/strong><\/span><\/em><\/h1>\n[\/et_pb_text][\/et_pb_column][\/et_pb_row][et_pb_row _builder_version=\u00a0\u00bb4.23.1&Prime; _module_preset=\u00a0\u00bbdefault\u00a0\u00bb global_colors_info=\u00a0\u00bb{}\u00a0\u00bb][et_pb_column type=\u00a0\u00bb4_4&Prime; _builder_version=\u00a0\u00bb4.23.1&Prime; _module_preset=\u00a0\u00bbdefault\u00a0\u00bb global_colors_info=\u00a0\u00bb{}\u00a0\u00bb][et_pb_divider divider_weight=\u00a0\u00bb0px\u00a0\u00bb _builder_version=\u00a0\u00bb4.23.1&Prime; _module_preset=\u00a0\u00bbdefault\u00a0\u00bb background_enable_mask_style=\u00a0\u00bbon\u00a0\u00bb background_mask_style=\u00a0\u00bbchevrons\u00a0\u00bb background_mask_color=\u00a0\u00bb#189163&Prime; global_colors_info=\u00a0\u00bb{}\u00a0\u00bb][\/et_pb_divider][\/et_pb_column][\/et_pb_row][et_pb_row _builder_version=\u00a0\u00bb4.24.3&Prime; _module_preset=\u00a0\u00bbdefault\u00a0\u00bb][et_pb_column _builder_version=\u00a0\u00bb4.24.3&Prime; _module_preset=\u00a0\u00bbdefault\u00a0\u00bb type=\u00a0\u00bb4_4&Prime;][et_pb_text _builder_version=\u00a0\u00bb4.24.3&Prime; _module_preset=\u00a0\u00bbdefault\u00a0\u00bb hover_enabled=\u00a0\u00bb0&Prime; sticky_enabled=\u00a0\u00bb0&Prime;]\n<h1 style=\"text-align: center\">Mont\u00e9e des eaux pour les Cadets de la S\u00e9curit\u00e9 Civile !<\/h1>\n[\/et_pb_text][\/et_pb_column][\/et_pb_row][et_pb_row _builder_version=\u00a0\u00bb4.24.3&Prime; _module_preset=\u00a0\u00bbdefault\u00a0\u00bb column_structure=\u00a0\u00bb3_5,2_5&Prime;][et_pb_column _builder_version=\u00a0\u00bb4.24.3&Prime; _module_preset=\u00a0\u00bbdefault\u00a0\u00bb type=\u00a0\u00bb3_5&Prime;][et_pb_gallery _builder_version=\u00a0\u00bb4.24.3&Prime; _module_preset=\u00a0\u00bbdefault\u00a0\u00bb gallery_ids=\u00a0\u00bb3678,3679,3680&Prime; hover_enabled=\u00a0\u00bb0&Prime; sticky_enabled=\u00a0\u00bb0&Prime;][\/et_pb_gallery][\/et_pb_column][et_pb_column _builder_version=\u00a0\u00bb4.24.3&Prime; _module_preset=\u00a0\u00bbdefault\u00a0\u00bb type=\u00a0\u00bb2_5&Prime;][et_pb_text _builder_version=\u00a0\u00bb4.24.3&Prime; _module_preset=\u00a0\u00bbdefault\u00a0\u00bb hover_enabled=\u00a0\u00bb0&Prime; sticky_enabled=\u00a0\u00bb0&Prime;]\n<p>Jeudi 18 Avril, les 308 , Cadets de la S\u00e9curit\u00e9 Civile ont particip\u00e9 \u00e0 la formation \u00ab\u00a0Milieu inond\u00e9 et gestes qui sauvent\u00a0\u00bb <span style=\"color: #008000\">(MIGS)<\/span> pour renforcer leurs connaissances sur les risques naturels. En effet, \u00a0par sa position g\u00e9ographique, sa g\u00e9ologie et son relief tr\u00e8s accident\u00e9, l\u2019\u00eele de La R\u00e9union est le d\u00e9partement fran\u00e7ais le plus expos\u00e9 aux risques d&rsquo;inondation. \u00a0Dans le cadre du projet MIGS, la <span style=\"color: #008000\"><strong>PIROI<\/strong><\/span> en partenariat avec <span style=\"color: #008080\"><strong>RANDO AQUA REUNION<\/strong><\/span>, ont permis aux \u00e9l\u00e8ves d&rsquo;apprendre les gestes et les comportements \u00e0 adopter en cas de mont\u00e9e des eaux.\u00a0<\/p>\n<p>Apr\u00e8s une formation th\u00e9orique, les \u00e9l\u00e8ves ont effectu\u00e9 des ateliers dans la rivi\u00e8re des Marsouins. <em>Mme MONDON<\/em> les a suivie dans cette aventure mouvement\u00e9e mais tr\u00e8s enrichissante!<\/p>\n<p><em>Mme BRUN<\/em><\/p>\n[\/et_pb_text][\/et_pb_column][\/et_pb_row][et_pb_row column_structure=\u00a0\u00bb2_5,3_5&Prime; _builder_version=\u00a0\u00bb4.24.3&Prime; _module_preset=\u00a0\u00bbdefault\u00a0\u00bb global_colors_info=\u00a0\u00bb{}\u00a0\u00bb][et_pb_column type=\u00a0\u00bb2_5&Prime; _builder_version=\u00a0\u00bb4.24.3&Prime; _module_preset=\u00a0\u00bbdefault\u00a0\u00bb global_colors_info=\u00a0\u00bb{}\u00a0\u00bb][et_pb_text _builder_version=\u00a0\u00bb4.24.3&Prime; _module_preset=\u00a0\u00bbdefault\u00a0\u00bb global_colors_info=\u00a0\u00bb{}\u00a0\u00bb]\n<h1 style=\"text-align: center\"><strong><\/strong><\/h1>\n<h1 style=\"text-align: center\"><strong><\/strong><\/h1>\n<h1 style=\"text-align: center\"><strong><\/strong><\/h1>\n<h1 style=\"text-align: center\"><strong>Sortie au <\/strong><\/h1>\n<h1 style=\"text-align: center\"><strong>Pas de Bellecombe-Jacob<\/strong><\/h1>\n<p>&nbsp;<\/p>\n<p style=\"text-align: justify\">Les \u00e9le\u0300ves de la 308 se sont rendus, le jeudi 28 mars, sur le site du Pas de\u00a0Bellecombe-Jacob situe\u0301 au c\u0153ur du parc naturel et national de la Re\u0301union encadr\u00e9 par M. Cologny, guide de haute montagne. Les Cadets ont ainsi confort\u00e9 leurs connaissances sur le volcanisme et la gestion de ce risque majeur \u00e0 la R\u00e9union.<\/p>\n[\/et_pb_text][\/et_pb_column][et_pb_column type=\u00a0\u00bb3_5&Prime; _builder_version=\u00a0\u00bb4.24.3&Prime; _module_preset=\u00a0\u00bbdefault\u00a0\u00bb global_colors_info=\u00a0\u00bb{}\u00a0\u00bb][et_pb_gallery gallery_ids=\u00a0\u00bb3655,3654,3653,3652&Prime; _builder_version=\u00a0\u00bb4.24.3&Prime; _module_preset=\u00a0\u00bbdefault\u00a0\u00bb global_colors_info=\u00a0\u00bb{}\u00a0\u00bb][\/et_pb_gallery][\/et_pb_column][\/et_pb_row][et_pb_row _builder_version=\u00a0\u00bb4.24.3&Prime; _module_preset=\u00a0\u00bbdefault\u00a0\u00bb global_colors_info=\u00a0\u00bb{}\u00a0\u00bb][et_pb_column type=\u00a0\u00bb4_4&Prime; _builder_version=\u00a0\u00bb4.24.3&Prime; _module_preset=\u00a0\u00bbdefault\u00a0\u00bb global_colors_info=\u00a0\u00bb{}\u00a0\u00bb][et_pb_divider divider_weight=\u00a0\u00bb57px\u00a0\u00bb _builder_version=\u00a0\u00bb4.24.3&Prime; _module_preset=\u00a0\u00bbdefault\u00a0\u00bb global_colors_info=\u00a0\u00bb{}\u00a0\u00bb][\/et_pb_divider][\/et_pb_column][\/et_pb_row][et_pb_row column_structure=\u00a0\u00bb3_5,2_5&Prime; _builder_version=\u00a0\u00bb4.23.1&Prime; _module_preset=\u00a0\u00bbdefault\u00a0\u00bb global_colors_info=\u00a0\u00bb{}\u00a0\u00bb][et_pb_column type=\u00a0\u00bb3_5&Prime; _builder_version=\u00a0\u00bb4.23.1&Prime; _module_preset=\u00a0\u00bbdefault\u00a0\u00bb global_colors_info=\u00a0\u00bb{}\u00a0\u00bb][et_pb_text _builder_version=\u00a0\u00bb4.23.1&Prime; _module_preset=\u00a0\u00bbdefault\u00a0\u00bb global_colors_info=\u00a0\u00bb{}\u00a0\u00bb]\n<div>\n<div class=\"mimetype-multipart-mixed\">\n<h2 style=\"text-align: center\">Visite de la caserne de Saint-Andr\u00e9.<\/h2>\n<div style=\"text-align: justify\"><\/div>\n<div style=\"text-align: justify\">Mercredi 29 novembre, les \u00e9l\u00e8ves de la 308 , ont \u00e9t\u00e9 re\u00e7us par le Capitaine Vally, chef du Centre Incendie et Secours, \u00e0 la caserne de Saint-Andr\u00e9. La brigade cynophile \u00e9tait pr\u00e9sente et les \u00e9l\u00e8ves ont pu voir certains NAC (Nouveaux Animaux de Compagnie) que les sapeurs-pompiers doivent aujourd&rsquo;hui prendre en charge lorsqu&rsquo;ils sont retrouv\u00e9s dans la nature, abandonn\u00e9s par leur propri\u00e9taire. La visite s&rsquo;est poursuivie par la pr\u00e9sentation des v\u00e9hicules d&rsquo;intervention et par le mat\u00e9riel utilis\u00e9 par les sapeurs-pompiers.\u00a0<\/div>\n<\/div>\n<\/div>\n<div class=\"MailMessagePane-inlineContainer\">\n<fieldset class=\"attachmentSeparator\" id=\"mimepart_4_start\"><\/fieldset>\n<\/div>\n[\/et_pb_text][et_pb_gallery gallery_ids=\u00a0\u00bb3587,3588,3589,3590&Prime; _builder_version=\u00a0\u00bb4.23.1&Prime; _module_preset=\u00a0\u00bbdefault\u00a0\u00bb global_colors_info=\u00a0\u00bb{}\u00a0\u00bb][\/et_pb_gallery][\/et_pb_column][et_pb_column type=\u00a0\u00bb2_5&Prime; _builder_version=\u00a0\u00bb4.23.1&Prime; _module_preset=\u00a0\u00bbdefault\u00a0\u00bb global_colors_info=\u00a0\u00bb{}\u00a0\u00bb][et_pb_image src=\u00a0\u00bbhttps:\/\/etab.ac-reunion.fr\/clg-chemin-morin\/wp-content\/uploads\/sites\/38\/2023\/12\/C1604558-7D39-411F-A5C2-201C3155E849-scaled.jpeg\u00a0\u00bb _builder_version=\u00a0\u00bb4.23.1&Prime; _module_preset=\u00a0\u00bbdefault\u00a0\u00bb global_colors_info=\u00a0\u00bb{}\u00a0\u00bb][\/et_pb_image][\/et_pb_column][\/et_pb_row][et_pb_row _builder_version=\u00a0\u00bb4.23.1&Prime; _module_preset=\u00a0\u00bbdefault\u00a0\u00bb global_colors_info=\u00a0\u00bb{}\u00a0\u00bb][et_pb_column type=\u00a0\u00bb4_4&Prime; _builder_version=\u00a0\u00bb4.23.1&Prime; _module_preset=\u00a0\u00bbdefault\u00a0\u00bb global_colors_info=\u00a0\u00bb{}\u00a0\u00bb][et_pb_divider divider_weight=\u00a0\u00bb30px\u00a0\u00bb _builder_version=\u00a0\u00bb4.23.1&Prime; _module_preset=\u00a0\u00bbdefault\u00a0\u00bb global_colors_info=\u00a0\u00bb{}\u00a0\u00bb][\/et_pb_divider][\/et_pb_column][\/et_pb_row][et_pb_row _builder_version=\u00a0\u00bb4.23.1&Prime; _module_preset=\u00a0\u00bbdefault\u00a0\u00bb global_colors_info=\u00a0\u00bb{}\u00a0\u00bb][et_pb_column type=\u00a0\u00bb4_4&Prime; _builder_version=\u00a0\u00bb4.23.1&Prime; _module_preset=\u00a0\u00bbdefault\u00a0\u00bb global_colors_info=\u00a0\u00bb{}\u00a0\u00bb][et_pb_text _builder_version=\u00a0\u00bb4.23.1&Prime; _module_preset=\u00a0\u00bbdefault\u00a0\u00bb global_colors_info=\u00a0\u00bb{}\u00a0\u00bb]\n<h1 style=\"text-align: center\"><span style=\"color: #339966\">Un Escape Game avec la Croix Rouge !<\/span><\/h1>\n[\/et_pb_text][\/et_pb_column][\/et_pb_row][et_pb_row column_structure=\u00a0\u00bb2_5,3_5&Prime; _builder_version=\u00a0\u00bb4.23.1&Prime; _module_preset=\u00a0\u00bbdefault\u00a0\u00bb global_colors_info=\u00a0\u00bb{}\u00a0\u00bb][et_pb_column type=\u00a0\u00bb2_5&Prime; _builder_version=\u00a0\u00bb4.23.1&Prime; _module_preset=\u00a0\u00bbdefault\u00a0\u00bb global_colors_info=\u00a0\u00bb{}\u00a0\u00bb][et_pb_gallery gallery_ids=\u00a0\u00bb3581,3579&Prime; _builder_version=\u00a0\u00bb4.23.1&Prime; _module_preset=\u00a0\u00bbdefault\u00a0\u00bb global_colors_info=\u00a0\u00bb{}\u00a0\u00bb][\/et_pb_gallery][\/et_pb_column][et_pb_column type=\u00a0\u00bb3_5&Prime; _builder_version=\u00a0\u00bb4.23.1&Prime; _module_preset=\u00a0\u00bbdefault\u00a0\u00bb global_colors_info=\u00a0\u00bb{}\u00a0\u00bb][et_pb_text _builder_version=\u00a0\u00bb4.23.1&Prime; _module_preset=\u00a0\u00bbdefault\u00a0\u00bb global_colors_info=\u00a0\u00bb{}\u00a0\u00bb]\n<div style=\"text-align: justify\">Vendredi 1er d\u00e9cembre 2023, les 308, Cadets de la S\u00e9curit\u00e9 Civile, ont accueilli 4 b\u00e9n\u00e9voles de La Croix Rouge. Ils ont pu particip\u00e9 \u00e0 un escape game sur le th\u00e8me des inondations \u00e0 la R\u00e9union. Sous la forme d&rsquo;un jeu en \u00e9quipe, ils ont appris comment r\u00e9agir en cas d&rsquo;inondation : s&rsquo;informer, agir , r\u00e9aliser un kit d&rsquo;urgence.\u00a0<\/div>\n<div><\/div>\n[\/et_pb_text][et_pb_gallery gallery_ids=\u00a0\u00bb3591,3592,3593,3580&Prime; _builder_version=\u00a0\u00bb4.23.1&Prime; _module_preset=\u00a0\u00bbdefault\u00a0\u00bb global_colors_info=\u00a0\u00bb{}\u00a0\u00bb][\/et_pb_gallery][\/et_pb_column][\/et_pb_row][et_pb_row _builder_version=\u00a0\u00bb4.22.1&Prime; _module_preset=\u00a0\u00bbdefault\u00a0\u00bb global_colors_info=\u00a0\u00bb{}\u00a0\u00bb][et_pb_column type=\u00a0\u00bb4_4&Prime; _builder_version=\u00a0\u00bb4.22.1&Prime; _module_preset=\u00a0\u00bbdefault\u00a0\u00bb global_colors_info=\u00a0\u00bb{}\u00a0\u00bb][et_pb_text _builder_version=\u00a0\u00bb4.22.2&Prime; _module_preset=\u00a0\u00bbdefault\u00a0\u00bb text_font_size=\u00a0\u00bb41px\u00a0\u00bb text_letter_spacing=\u00a0\u00bb9px\u00a0\u00bb header_text_color=\u00a0\u00bb#0C71C3&Prime; header_font_size=\u00a0\u00bb49px\u00a0\u00bb text_text_shadow_style=\u00a0\u00bbpreset1&Prime; global_colors_info=\u00a0\u00bb{}\u00a0\u00bb]\n<h1 style=\"text-align: center\"><span style=\"color: #008080\">Eco-citoyennet\u00e9 avec les Cadets <\/span><\/h1>\n<h1 style=\"text-align: center\"><span style=\"color: #008080\">de la S\u00e9curit\u00e9 Civile<\/span><\/h1>\n[\/et_pb_text][et_pb_text _builder_version=\u00a0\u00bb4.22.2&Prime; _module_preset=\u00a0\u00bbdefault\u00a0\u00bb global_colors_info=\u00a0\u00bb{}\u00a0\u00bb]\n<div style=\"text-align: justify\"><span style=\"font-size: medium\">Dans le cadre de l&rsquo;\u00e9cocitoyennet\u00e9, ce mercredi matin, les cadets de la S\u00e9curit\u00e9 Civile ont d\u00e9couvert le site de DIORE pour parfaire leurs connaissances sur les esp\u00e8ces v\u00e9g\u00e9tales end\u00e9miques et envahissantes qui caract\u00e9risent notre environnement local. L&rsquo;activit\u00e9 s&rsquo;est accompagn\u00e9e de l&rsquo;observation des oiseaux \u00e0 prot\u00e9ger tels que le Tec- Tec, le merle p\u00e9i le zozio \u00e0 lunette&#8230;.Cette sortie leur a permis de comprendre l&rsquo;engagement des membres de l&rsquo;association de DIOR\u00c9 qui veillent \u00e0 la conservation de la biodiversit\u00e9 de cette for\u00eat sensible. Sous la direction de Mme BEGUE, animatrice culturelle de l&rsquo;association, ils ont appris \u00e0 identifier les arbres et ils ont m\u00eame plant\u00e9 quelques esp\u00e8ces end\u00e9miques comme le Takamaka, le bois de raisin ou encore le bois Mahot.<\/span><\/div>\n<div style=\"text-align: justify\"><span style=\"font-size: medium\">Antenne R\u00e9union les a accompagn\u00e9s et pr\u00e9pare un reportage qui sera diffus\u00e9 tr\u00e8s prochainement!<\/span><\/div>\n[\/et_pb_text][et_pb_gallery gallery_ids=\u00a0\u00bb3511,3512,3513,3514,3515,3516&Prime; _builder_version=\u00a0\u00bb4.22.2&Prime; _module_preset=\u00a0\u00bbdefault\u00a0\u00bb global_colors_info=\u00a0\u00bb{}\u00a0\u00bb][\/et_pb_gallery][\/et_pb_column][\/et_pb_row][et_pb_row _builder_version=\u00a0\u00bb4.22.1&Prime; _module_preset=\u00a0\u00bbdefault\u00a0\u00bb global_colors_info=\u00a0\u00bb{}\u00a0\u00bb][et_pb_column type=\u00a0\u00bb4_4&Prime; _builder_version=\u00a0\u00bb4.22.1&Prime; _module_preset=\u00a0\u00bbdefault\u00a0\u00bb global_colors_info=\u00a0\u00bb{}\u00a0\u00bb][et_pb_text _builder_version=\u00a0\u00bb4.22.1&Prime; _module_preset=\u00a0\u00bbdefault\u00a0\u00bb text_font_size=\u00a0\u00bb41px\u00a0\u00bb text_letter_spacing=\u00a0\u00bb9px\u00a0\u00bb header_text_color=\u00a0\u00bb#0C71C3&Prime; header_font_size=\u00a0\u00bb49px\u00a0\u00bb text_text_shadow_style=\u00a0\u00bbpreset1&Prime; global_colors_info=\u00a0\u00bb{}\u00a0\u00bb]\n<h1 style=\"text-align: center\"><strong>Cadets de la S\u00e9curit\u00e9 Civile<\/strong><\/h1>\n[\/et_pb_text][et_pb_text _builder_version=\u00a0\u00bb4.22.1&Prime; _module_preset=\u00a0\u00bbdefault\u00a0\u00bb global_colors_info=\u00a0\u00bb{}\u00a0\u00bb]\n<h1 style=\"text-align: center\"><strong>Vous \u00eates ici sur l&rsquo;espace d\u00e9di\u00e9 aux Cadets de la S\u00e9curit\u00e9\u00a0 Civile. Retrouvez ici, pour l&rsquo;ann\u00e9e scolaire 2023-2024, les informations et actions men\u00e9es par les \u00e9l\u00e8ves de 308 .<\/strong><\/h1>\n[\/et_pb_text][\/et_pb_column][\/et_pb_row][et_pb_row _builder_version=\u00a0\u00bb4.22.1&Prime; _module_preset=\u00a0\u00bbdefault\u00a0\u00bb global_colors_info=\u00a0\u00bb{}\u00a0\u00bb][et_pb_column type=\u00a0\u00bb4_4&Prime; _builder_version=\u00a0\u00bb4.22.1&Prime; _module_preset=\u00a0\u00bbdefault\u00a0\u00bb global_colors_info=\u00a0\u00bb{}\u00a0\u00bb][et_pb_divider color=\u00a0\u00bb#7CDA24&Prime; divider_style=\u00a0\u00bbdouble\u00a0\u00bb divider_weight=\u00a0\u00bb35px\u00a0\u00bb _builder_version=\u00a0\u00bb4.22.1&Prime; _module_preset=\u00a0\u00bbdefault\u00a0\u00bb global_colors_info=\u00a0\u00bb{}\u00a0\u00bb][\/et_pb_divider][\/et_pb_column][\/et_pb_row][et_pb_row column_structure=\u00a0\u00bb2_3,1_3&Prime; _builder_version=\u00a0\u00bb4.22.1&Prime; _module_preset=\u00a0\u00bbdefault\u00a0\u00bb global_colors_info=\u00a0\u00bb{}\u00a0\u00bb][et_pb_column type=\u00a0\u00bb2_3&Prime; _builder_version=\u00a0\u00bb4.22.1&Prime; _module_preset=\u00a0\u00bbdefault\u00a0\u00bb global_colors_info=\u00a0\u00bb{}\u00a0\u00bb][et_pb_text _builder_version=\u00a0\u00bb4.22.1&Prime; _module_preset=\u00a0\u00bbdefault\u00a0\u00bb background_color=\u00a0\u00bbrgba(124,218,36,0.36)\u00a0\u00bb global_colors_info=\u00a0\u00bb{}\u00a0\u00bb]\n<h1 style=\"text-align: center\"><span style=\"color: #008000\">Rencontre avec une \u00e9lue<\/span><\/h1>\n[\/et_pb_text][et_pb_gallery gallery_ids=\u00a0\u00bb3491,3489&Prime; _builder_version=\u00a0\u00bb4.22.1&Prime; _module_preset=\u00a0\u00bbdefault\u00a0\u00bb global_colors_info=\u00a0\u00bb{}\u00a0\u00bb][\/et_pb_gallery][\/et_pb_column][et_pb_column type=\u00a0\u00bb1_3&Prime; _builder_version=\u00a0\u00bb4.22.1&Prime; _module_preset=\u00a0\u00bbdefault\u00a0\u00bb global_colors_info=\u00a0\u00bb{}\u00a0\u00bb][et_pb_text _builder_version=\u00a0\u00bb4.22.1&Prime; _module_preset=\u00a0\u00bbdefault\u00a0\u00bb global_colors_info=\u00a0\u00bb{}\u00a0\u00bb]\n<div style=\"text-align: justify\"><span>Aujourd&rsquo;hui, mercredi 20 septembre , les 308 ont pu approfondir leurs connaissances sur le fonctionnement du conseil d\u00e9partemental en recevant une \u00e9lue politique locale, <span style=\"color: #008000\"><strong>Mme PAYET-BEN HAMIDA<\/strong><\/span> ,qui a expliqu\u00e9 son engagement politique et l&rsquo;importance du r\u00f4le du citoyen au sein de la vie locale. Les 308 ont pu ainsi mesurer le sens des responsabilit\u00e9s politiques \u00e0 travers un \u00e9change dynamique. La classe a \u00e9galement la chance d&rsquo;avoir , parmi eux, 2 repr\u00e9sentants du conseil d\u00e9partemental des jeunes, <strong><span style=\"color: #008000\">HOAREAU D\u00e9bora<\/span><\/strong> et <span style=\"color: #008000\"><strong>PAINIAYE Mathieu<\/strong><\/span>.<\/span><\/div>\n<div style=\"text-align: justify\"><em><span style=\"color: #2c363a;font-family: monospace\">Mme BRUN<\/span><\/em><\/div>\n[\/et_pb_text][\/et_pb_column][\/et_pb_row][et_pb_row _builder_version=\u00a0\u00bb4.22.1&Prime; _module_preset=\u00a0\u00bbdefault\u00a0\u00bb global_colors_info=\u00a0\u00bb{}\u00a0\u00bb][et_pb_column type=\u00a0\u00bb4_4&Prime; _builder_version=\u00a0\u00bb4.22.1&Prime; _module_preset=\u00a0\u00bbdefault\u00a0\u00bb global_colors_info=\u00a0\u00bb{}\u00a0\u00bb][et_pb_divider color=\u00a0\u00bb#7CDA24&Prime; divider_style=\u00a0\u00bbdashed\u00a0\u00bb divider_weight=\u00a0\u00bb18px\u00a0\u00bb _builder_version=\u00a0\u00bb4.22.1&Prime; _module_preset=\u00a0\u00bbdefault\u00a0\u00bb global_colors_info=\u00a0\u00bb{}\u00a0\u00bb][\/et_pb_divider][\/et_pb_column][\/et_pb_row][et_pb_row column_structure=\u00a0\u00bb2_5,3_5&Prime; _builder_version=\u00a0\u00bb4.22.1&Prime; _module_preset=\u00a0\u00bbdefault\u00a0\u00bb global_colors_info=\u00a0\u00bb{}\u00a0\u00bb][et_pb_column type=\u00a0\u00bb2_5&Prime; _builder_version=\u00a0\u00bb4.22.1&Prime; _module_preset=\u00a0\u00bbdefault\u00a0\u00bb global_colors_info=\u00a0\u00bb{}\u00a0\u00bb][et_pb_text _builder_version=\u00a0\u00bb4.22.1&Prime; _module_preset=\u00a0\u00bbdefault\u00a0\u00bb text_text_color=\u00a0\u00bb#0C71C3&Prime; text_letter_spacing=\u00a0\u00bb5px\u00a0\u00bb text_line_height=\u00a0\u00bb2em\u00a0\u00bb text_text_shadow_style=\u00a0\u00bbpreset1&Prime; text_text_shadow_horizontal_length=\u00a0\u00bb0.04em\u00a0\u00bb text_text_shadow_color=\u00a0\u00bb#0C71C3&Prime; global_colors_info=\u00a0\u00bb{}\u00a0\u00bb]\n<h1 style=\"text-align: center\">Visite au Conseil D\u00e9partemantal<\/h1>\n[\/et_pb_text][et_pb_text _builder_version=\u00a0\u00bb4.22.1&Prime; _module_preset=\u00a0\u00bbdefault\u00a0\u00bb global_colors_info=\u00a0\u00bb{}\u00a0\u00bb]\n<h5 style=\"text-align: justify\"><strong><span style=\"color: #000000\">Jeudi 14 septembre, les classes de 301 et 308 sont partis visiter <span style=\"color: #0000ff\">le conseil d\u00e9partemental<\/span> \u00e0 Saint Denis. Nous avons \u00e9t\u00e9 re\u00e7u dans l&rsquo;h\u00e9micycle de l&rsquo;assembl\u00e9e du conseil d\u00e9partemental o\u00f9 nous avons d\u00e9couvert le fonctionnement et les actions de cette institution politique locale. Nous avons \u00e9galement appris que nous pouvons agir et participer au sein du conseil d\u00e9partemental des Jeunes malgr\u00e9 notre \u00e2ge.\u00a0<\/span><\/strong><\/h5>\n<h5 style=\"text-align: justify\"><strong><span style=\"color: #000000\"><em>Amine (301), Laetitia et Cl\u00e9mence (308)<\/em><\/span><\/strong><\/h5>\n[\/et_pb_text][\/et_pb_column][et_pb_column type=\u00a0\u00bb3_5&Prime; _builder_version=\u00a0\u00bb4.22.1&Prime; _module_preset=\u00a0\u00bbdefault\u00a0\u00bb global_colors_info=\u00a0\u00bb{}\u00a0\u00bb][et_pb_gallery gallery_ids=\u00a0\u00bb3487,3488&Prime; _builder_version=\u00a0\u00bb4.22.1&Prime; _module_preset=\u00a0\u00bbdefault\u00a0\u00bb custom_margin=\u00a0\u00bb||0px||false|false\u00a0\u00bb custom_padding=\u00a0\u00bb||0px||false|false\u00a0\u00bb global_colors_info=\u00a0\u00bb{}\u00a0\u00bb][\/et_pb_gallery][et_pb_image src=\u00a0\u00bbhttps:\/\/etab.ac-reunion.fr\/clg-chemin-morin\/wp-content\/uploads\/sites\/38\/2023\/09\/Reunion_974_logo.svg_.png\u00a0\u00bb url=\u00a0\u00bbhttps:\/\/www.departement974.fr\/conseil-des-jeunes-cdj\u00a0\u00bb _builder_version=\u00a0\u00bb4.22.1&Prime; _module_preset=\u00a0\u00bbdefault\u00a0\u00bb width=\u00a0\u00bb21%\u00a0\u00bb custom_margin=\u00a0\u00bb|||247px|false|false\u00a0\u00bb animation_style=\u00a0\u00bbbounce\u00a0\u00bb global_colors_info=\u00a0\u00bb{}\u00a0\u00bb][\/et_pb_image][\/et_pb_column][\/et_pb_row][et_pb_row _builder_version=\u00a0\u00bb4.22.1&Prime; _module_preset=\u00a0\u00bbdefault\u00a0\u00bb global_colors_info=\u00a0\u00bb{}\u00a0\u00bb][et_pb_column type=\u00a0\u00bb4_4&Prime; _builder_version=\u00a0\u00bb4.22.1&Prime; _module_preset=\u00a0\u00bbdefault\u00a0\u00bb global_colors_info=\u00a0\u00bb{}\u00a0\u00bb][et_pb_divider divider_style=\u00a0\u00bbdouble\u00a0\u00bb divider_weight=\u00a0\u00bb37px\u00a0\u00bb _builder_version=\u00a0\u00bb4.22.1&Prime; _module_preset=\u00a0\u00bbdefault\u00a0\u00bb global_colors_info=\u00a0\u00bb{}\u00a0\u00bb][\/et_pb_divider][\/et_pb_column][\/et_pb_row][et_pb_row _builder_version=\u00a0\u00bb4.22.1&Prime; _module_preset=\u00a0\u00bbdefault\u00a0\u00bb global_colors_info=\u00a0\u00bb{}\u00a0\u00bb][et_pb_column type=\u00a0\u00bb4_4&Prime; _builder_version=\u00a0\u00bb4.22.1&Prime; _module_preset=\u00a0\u00bbdefault\u00a0\u00bb global_colors_info=\u00a0\u00bb{}\u00a0\u00bb][et_pb_image src=\u00a0\u00bbhttps:\/\/etab.ac-reunion.fr\/clg-chemin-morin\/wp-content\/uploads\/sites\/38\/2023\/09\/B571D913-0190-4120-9312-DF98DC9AB634-scaled.jpeg\u00a0\u00bb _builder_version=\u00a0\u00bb4.22.1&Prime; _module_preset=\u00a0\u00bbdefault\u00a0\u00bb global_colors_info=\u00a0\u00bb{}\u00a0\u00bb][\/et_pb_image][et_pb_text _builder_version=\u00a0\u00bb4.22.1&Prime; _module_preset=\u00a0\u00bbdefault\u00a0\u00bb global_colors_info=\u00a0\u00bb{}\u00a0\u00bb]\n<p style=\"text-align: center\"><strong><em>Les 308 pr\u00e9sentent leur photo officielle en pr\u00e9sence de Mme Grondin, professeure tr\u00e8s investie dans le projet.<\/em><\/strong><\/p>\n[\/et_pb_text][\/et_pb_column][\/et_pb_row][et_pb_row _builder_version=\u00a0\u00bb4.22.1&Prime; _module_preset=\u00a0\u00bbdefault\u00a0\u00bb global_colors_info=\u00a0\u00bb{}\u00a0\u00bb][et_pb_column type=\u00a0\u00bb4_4&Prime; _builder_version=\u00a0\u00bb4.22.1&Prime; _module_preset=\u00a0\u00bbdefault\u00a0\u00bb global_colors_info=\u00a0\u00bb{}\u00a0\u00bb][et_pb_divider divider_style=\u00a0\u00bbdouble\u00a0\u00bb divider_weight=\u00a0\u00bb37px\u00a0\u00bb _builder_version=\u00a0\u00bb4.22.1&Prime; _module_preset=\u00a0\u00bbdefault\u00a0\u00bb global_colors_info=\u00a0\u00bb{}\u00a0\u00bb][\/et_pb_divider][\/et_pb_column][\/et_pb_row][et_pb_row column_structure=\u00a0\u00bb1_2,1_2&Prime; _builder_version=\u00a0\u00bb4.22.1&Prime; _module_preset=\u00a0\u00bbdefault\u00a0\u00bb global_colors_info=\u00a0\u00bb{}\u00a0\u00bb][et_pb_column type=\u00a0\u00bb1_2&Prime; _builder_version=\u00a0\u00bb4.22.1&Prime; _module_preset=\u00a0\u00bbdefault\u00a0\u00bb global_colors_info=\u00a0\u00bb{}\u00a0\u00bb][et_pb_gallery gallery_ids=\u00a0\u00bb3432,3433,3434,3435&Prime; _builder_version=\u00a0\u00bb4.22.1&Prime; _module_preset=\u00a0\u00bbdefault\u00a0\u00bb title_font_size=\u00a0\u00bb1px\u00a0\u00bb global_colors_info=\u00a0\u00bb{}\u00a0\u00bb][\/et_pb_gallery][\/et_pb_column][et_pb_column type=\u00a0\u00bb1_2&Prime; _builder_version=\u00a0\u00bb4.22.1&Prime; _module_preset=\u00a0\u00bbdefault\u00a0\u00bb global_colors_info=\u00a0\u00bb{}\u00a0\u00bb][et_pb_text _builder_version=\u00a0\u00bb4.22.1&Prime; _module_preset=\u00a0\u00bbdefault\u00a0\u00bb global_colors_info=\u00a0\u00bb{}\u00a0\u00bb]\n<div>\n<div class=\"mimetype-multipart-mixed\">\n<div style=\"text-align: justify\"><span><\/span><\/div>\n<div><span><\/span><\/div>\n<div style=\"text-align: justify\"><span>Mercredi 28 ao\u00fbt 2023, les Cadets de la S\u00e9curit\u00e9 Civile se sont rendus \u00e0 pied, sous un ciel charg\u00e9 de pluie, au centre-ville de St-Andr\u00e9, pour d\u00e9couvrir le monument aux morts de leur commune. R\u00e9partis en \u00e9quipe, ils ont pu observer et r\u00e9aliser un sch\u00e9ma descriptif de cet \u00e9difice public \u00e0 la fois familier mais aussi inconnu. Ce travail comporte une forte dimension civique. En effet, les \u00e9l\u00e8ves ont pu r\u00e9fl\u00e9chir \u00e0 l\u2019implication de la R\u00e9union dans ce conflit mondial et \u00e0 la place de la m\u00e9moire dans notre soci\u00e9t\u00e9.<\/span><\/div>\n<p style=\"text-align: justify\"><span><\/span><\/p>\n<\/div>\n<\/div>\n<div class=\"MailMessagePane-inlineContainer\" style=\"text-align: justify\">\n<fieldset class=\"attachmentSeparator\" id=\"mimepart_4_start\">\n<legend>\u00a0<\/legend>\n<\/fieldset>\n<\/div>\n[\/et_pb_text][et_pb_icon font_icon=\u00a0\u00bb&#xe0c7;||divi||400&Prime; url=\u00a0\u00bbhttps:\/\/fr.wikipedia.org\/wiki\/Monument_aux_morts_de_Saint-Andr%C3%A9#:~:text=Il%20s&rsquo;agit%20d&rsquo;un,depuis%20le%204%20ao%C3%BBt%202021.\u00a0\u00bb _builder_version=\u00a0\u00bb4.22.1&Prime; _module_preset=\u00a0\u00bbdefault\u00a0\u00bb animation_style=\u00a0\u00bbroll\u00a0\u00bb global_colors_info=\u00a0\u00bb{}\u00a0\u00bb][\/et_pb_icon][\/et_pb_column][\/et_pb_row][et_pb_row _builder_version=\u00a0\u00bb4.22.1&Prime; _module_preset=\u00a0\u00bbdefault\u00a0\u00bb global_colors_info=\u00a0\u00bb{}\u00a0\u00bb][et_pb_column type=\u00a0\u00bb4_4&Prime; _builder_version=\u00a0\u00bb4.22.1&Prime; _module_preset=\u00a0\u00bbdefault\u00a0\u00bb global_colors_info=\u00a0\u00bb{}\u00a0\u00bb][et_pb_divider divider_style=\u00a0\u00bbdouble\u00a0\u00bb divider_weight=\u00a0\u00bb35px\u00a0\u00bb _builder_version=\u00a0\u00bb4.22.1&Prime; _module_preset=\u00a0\u00bbdefault\u00a0\u00bb global_colors_info=\u00a0\u00bb{}\u00a0\u00bb][\/et_pb_divider][\/et_pb_column][\/et_pb_row][et_pb_row _builder_version=\u00a0\u00bb4.22.1&Prime; _module_preset=\u00a0\u00bbdefault\u00a0\u00bb global_colors_info=\u00a0\u00bb{}\u00a0\u00bb][et_pb_column type=\u00a0\u00bb4_4&Prime; _builder_version=\u00a0\u00bb4.22.1&Prime; _module_preset=\u00a0\u00bbdefault\u00a0\u00bb global_colors_info=\u00a0\u00bb{}\u00a0\u00bb][et_pb_image src=\u00a0\u00bbhttps:\/\/etab.ac-reunion.fr\/clg-chemin-morin\/wp-content\/uploads\/sites\/38\/2023\/08\/Cadet-flyer.jpg\u00a0\u00bb align=\u00a0\u00bbcenter\u00a0\u00bb _builder_version=\u00a0\u00bb4.22.1&Prime; _module_preset=\u00a0\u00bbdefault\u00a0\u00bb border_radii=\u00a0\u00bbon|7px|7px|7px|7px\u00a0\u00bb border_width_all=\u00a0\u00bb9px\u00a0\u00bb border_color_all=\u00a0\u00bb#E02B20&Prime; global_colors_info=\u00a0\u00bb{}\u00a0\u00bb][\/et_pb_image][\/et_pb_column][\/et_pb_row][\/et_pb_section]\n","protected":false},"excerpt":{"rendered":"<p>Cadets de la S\u00e9curit\u00e9 CivileVous \u00eates ici sur l&rsquo;espace d\u00e9di\u00e9 aux Cadets de la S\u00e9curit\u00e9\u00a0 Civile. Retrouvez ici, pour l&rsquo;ann\u00e9e scolaire 2023-2024, les informations et actions men\u00e9es par les \u00e9l\u00e8ves [&hellip;]<\/p>\n","protected":false},"author":32292,"featured_media":0,"parent":0,"menu_order":0,"comment_status":"closed","ping_status":"closed","template":"","meta":{"_et_pb_use_builder":"on","_et_pb_old_content":"","_et_gb_content_width":"","_EventAllDay":false,"_EventTimezone":"","_EventStartDate":"","_EventEndDate":"","_EventStartDateUTC":"","_EventEndDateUTC":"","_EventShowMap":false,"_EventShowMapLink":false,"_EventURL":"","_EventCost":"","_EventCostDescription":"","_EventCurrencySymbol":"","_EventCurrencyCode":"","_EventCurrencyPosition":"","_EventDateTimeSeparator":"","_EventTimeRangeSeparator":"","_EventOrganizerID":[],"_EventVenueID":[0],"_OrganizerEmail":"","_OrganizerPhone":"","_OrganizerWebsite":"","_VenueAddress":"","_VenueCity":"","_VenueCountry":"","_VenueProvince":"","_VenueState":"","_VenueZip":"","_VenuePhone":"","_VenueURL":"","_VenueStateProvince":"","_VenueLat":"","_VenueLng":"","_VenueShowMap":false,"_VenueShowMapLink":false,"footnotes":"","_links_to":"","_links_to_target":""},"class_list":["post-3413","page","type-page","status-publish","hentry"],"_links":{"self":[{"href":"https:\/\/etab.ac-reunion.fr\/clg-chemin-morin\/wp-json\/wp\/v2\/pages\/3413","targetHints":{"allow":["GET"]}}],"collection":[{"href":"https:\/\/etab.ac-reunion.fr\/clg-chemin-morin\/wp-json\/wp\/v2\/pages"}],"about":[{"href":"https:\/\/etab.ac-reunion.fr\/clg-chemin-morin\/wp-json\/wp\/v2\/types\/page"}],"author":[{"embeddable":true,"href":"https:\/\/etab.ac-reunion.fr\/clg-chemin-morin\/wp-json\/wp\/v2\/users\/32292"}],"replies":[{"embeddable":true,"href":"https:\/\/etab.ac-reunion.fr\/clg-chemin-morin\/wp-json\/wp\/v2\/comments?post=3413"}],"version-history":[{"count":16,"href":"https:\/\/etab.ac-reunion.fr\/clg-chemin-morin\/wp-json\/wp\/v2\/pages\/3413\/revisions"}],"predecessor-version":[{"id":3681,"href":"https:\/\/etab.ac-reunion.fr\/clg-chemin-morin\/wp-json\/wp\/v2\/pages\/3413\/revisions\/3681"}],"wp:attachment":[{"href":"https:\/\/etab.ac-reunion.fr\/clg-chemin-morin\/wp-json\/wp\/v2\/media?parent=3413"}],"curies":[{"name":"wp","href":"https:\/\/api.w.org\/{rel}","templated":true}]}}