{"id":3537,"date":"2023-11-23T09:26:13","date_gmt":"2023-11-23T05:26:13","guid":{"rendered":"https:\/\/etab.ac-reunion.fr\/clg-chemin-morin\/?page_id=3537"},"modified":"2025-07-05T09:54:08","modified_gmt":"2025-07-05T05:54:08","slug":"pysiques-chimie","status":"publish","type":"page","link":"https:\/\/etab.ac-reunion.fr\/clg-chemin-morin\/pysiques-chimie\/","title":{"rendered":"PHYSIQUES CHIMIE"},"content":{"rendered":"[et_pb_section fb_built=\u00a0\u00bb1&Prime; _builder_version=\u00a0\u00bb4.23.1&Prime; _module_preset=\u00a0\u00bbdefault\u00a0\u00bb global_colors_info=\u00a0\u00bb{}\u00a0\u00bb][et_pb_row _builder_version=\u00a0\u00bb4.23.1&Prime; _module_preset=\u00a0\u00bbdefault\u00a0\u00bb global_colors_info=\u00a0\u00bb{}\u00a0\u00bb][et_pb_column type=\u00a0\u00bb4_4&Prime; _builder_version=\u00a0\u00bb4.23.1&Prime; _module_preset=\u00a0\u00bbdefault\u00a0\u00bb global_colors_info=\u00a0\u00bb{}\u00a0\u00bb][et_pb_text _builder_version=\u00a0\u00bb4.23.1&Prime; _module_preset=\u00a0\u00bbdefault\u00a0\u00bb background_color=\u00a0\u00bbrgba(12,113,195,0.3)\u00a0\u00bb background_enable_mask_style=\u00a0\u00bbon\u00a0\u00bb global_colors_info=\u00a0\u00bb{}\u00a0\u00bb]\n<h1><span style=\"color: #339966\">SCIENCES PHYSIQUE &amp; CHIMIE<\/span><\/h1>\n[\/et_pb_text][\/et_pb_column][\/et_pb_row][et_pb_row _builder_version=\u00a0\u00bb4.27.4&Prime; _module_preset=\u00a0\u00bbdefault\u00a0\u00bb][et_pb_column _builder_version=\u00a0\u00bb4.27.4&Prime; _module_preset=\u00a0\u00bbdefault\u00a0\u00bb type=\u00a0\u00bb4_4&Prime;][et_pb_text _builder_version=\u00a0\u00bb4.27.4&Prime; _module_preset=\u00a0\u00bbdefault\u00a0\u00bb hover_enabled=\u00a0\u00bb0&Prime; sticky_enabled=\u00a0\u00bb0&Prime;]\n<h1 style=\"text-align: center\"><span style=\"color: #800080\">Expositions au CDI et en permanence <\/span><\/h1>\n<h1 style=\"text-align: center\"><span style=\"color: #800080\">2024-2025<\/span><\/h1>\n[\/et_pb_text][\/et_pb_column][\/et_pb_row][et_pb_row _builder_version=\u00a0\u00bb4.27.4&Prime; _module_preset=\u00a0\u00bbdefault\u00a0\u00bb column_structure=\u00a0\u00bb1_2,1_2&Prime;][et_pb_column _builder_version=\u00a0\u00bb4.27.4&Prime; _module_preset=\u00a0\u00bbdefault\u00a0\u00bb type=\u00a0\u00bb1_2&Prime;][et_pb_text _builder_version=\u00a0\u00bb4.27.4&Prime; _module_preset=\u00a0\u00bbdefault\u00a0\u00bb hover_enabled=\u00a0\u00bb0&Prime; sticky_enabled=\u00a0\u00bb0&Prime;]\n<p style=\"text-align: justify\">Cette ann\u00e9e, tous les \u00e9l\u00e8ves du coll\u00e8ge ont pu travailler au CDI sur 4 expositions en lien avec le programme de Physique Chimie. Pour chacune d\u2019elle, ils devaient compl\u00e9ter des mots crois\u00e9s avec les informations trouv\u00e9es sur les affiches, puis reconstituer un mot myst\u00e8re et enfin trouver la solution d\u2019un exercice en lien avec le th\u00e8me.<\/p>\n<p style=\"text-align: justify\">En 6\u00e8me l\u2019exposition portait sur \u00ab Trop de d\u00e9chets dans nos poubelles \u00bb, en 5\u00e8me \u00ab Vive l\u2019eau ! \u00bb, en 4\u00e8me \u00ab Chimie, symphonie de la mati\u00e8re \u00bb et en 3\u00e8me \u00ab Energies renouvelables, le bouquet gagnant \u00bb.<\/p>\n<p style=\"text-align: justify\">Les \u00e9l\u00e8ves ayant termin\u00e9 toutes les \u00e9preuves ont particip\u00e9 \u00e0 un tirage au sort, qui a permis \u00e0 un \u00e9l\u00e8ve par niveau de remporter un lot.<\/p>\n<p style=\"text-align: justify\">Les grands gagnants de cette ann\u00e9e sont : MORON DOLPHUS Matt\u00e9o 507 (\u00e9couteurs), OUSSENI Ouma\u00efra 405 (cl\u00e9 USB), GLAMPORT Hamza 307 (cl\u00e9 USB).<\/p>\n<p style=\"text-align: justify\">En lien avec la th\u00e9matique \u00ab Oc\u00e9an de savoirs \u00bb, l\u2019exposition \u00ab Regards sous la mer \u00bb a \u00e9t\u00e9 install\u00e9e en permanence afin qu\u2019un maximum d\u2019\u00e9l\u00e8ves et de coll\u00e8gues puissent observer de belles images sur les fonds marins.<\/p>\n<p style=\"text-align: justify\"><span>Ces expositions ont pu se faire en partenariat avec Sciences R\u00e9union : <\/span><span><a href=\"https:\/\/sciences-reunion.net\/\">https:\/\/sciences-reunion.net\/<\/a><\/span><\/p>\n<p style=\"text-align: justify\">\u00a0<span style=\"color: #800080\"><em>L\u2019\u00e9quipe de Physique Chimie.<\/em><\/span><\/p>\n[\/et_pb_text][\/et_pb_column][et_pb_column _builder_version=\u00a0\u00bb4.27.4&Prime; _module_preset=\u00a0\u00bbdefault\u00a0\u00bb type=\u00a0\u00bb1_2&Prime;][et_pb_gallery _builder_version=\u00a0\u00bb4.27.4&Prime; _module_preset=\u00a0\u00bbdefault\u00a0\u00bb gallery_ids=\u00a0\u00bb4061,4062,4063,4064&Prime; hover_enabled=\u00a0\u00bb0&Prime; sticky_enabled=\u00a0\u00bb0&Prime;][\/et_pb_gallery][\/et_pb_column][\/et_pb_row][et_pb_row _builder_version=\u00a0\u00bb4.27.4&Prime; _module_preset=\u00a0\u00bbdefault\u00a0\u00bb][et_pb_column _builder_version=\u00a0\u00bb4.27.4&Prime; _module_preset=\u00a0\u00bbdefault\u00a0\u00bb type=\u00a0\u00bb4_4&Prime;][et_pb_divider _builder_version=\u00a0\u00bb4.27.4&Prime; _module_preset=\u00a0\u00bbdefault\u00a0\u00bb color=\u00a0\u00bb#8300E9&Prime; divider_weight=\u00a0\u00bb46px\u00a0\u00bb hover_enabled=\u00a0\u00bb0&Prime; sticky_enabled=\u00a0\u00bb0&Prime;][\/et_pb_divider][\/et_pb_column][\/et_pb_row][et_pb_row column_structure=\u00a0\u00bb2_5,3_5&Prime; _builder_version=\u00a0\u00bb4.27.2&Prime; _module_preset=\u00a0\u00bbdefault\u00a0\u00bb global_colors_info=\u00a0\u00bb{}\u00a0\u00bb][et_pb_column type=\u00a0\u00bb2_5&Prime; _builder_version=\u00a0\u00bb4.27.2&Prime; _module_preset=\u00a0\u00bbdefault\u00a0\u00bb global_colors_info=\u00a0\u00bb{}\u00a0\u00bb][et_pb_text _builder_version=\u00a0\u00bb4.27.2&Prime; _module_preset=\u00a0\u00bbdefault\u00a0\u00bb global_colors_info=\u00a0\u00bb{}\u00a0\u00bb]\n<h1 style=\"text-align: center\"><span style=\"color: #3366ff\"><strong>F\u00eate de la science 2024-2025<\/strong><\/span><\/h1>\n<p>&nbsp;<\/p>\n<p style=\"text-align: center\"><strong>Cette ann\u00e9e, la th\u00e9matique de la F\u00eate de la Science \u00e9tait \u00ab\u00a0Oc\u00e9ans de savoirs\u00a0\u00bb.<\/strong><\/p>\n<p style=\"text-align: justify\">Pour l\u2019occasion, Mme GOPAL-PANON Ana\u00efs, ing\u00e9nieure conseil en agroalimentaire au CRITT (Centre R\u00e9gional d\u2019Innovation &amp; de Transfert de Technologie) est venue \u00e0 la rencontre d\u2019un petit groupe d\u2019\u00e9l\u00e8ves volontaires sur la pause m\u00e9ridienne le mardi 8 octobre.<\/p>\n<p style=\"text-align: justify\">Elle leur a pr\u00e9sent\u00e9 son m\u00e9tier \u00e0 travers des ateliers ludiques. Ils ont pu lui poser des questions sur les \u00e9tudes qu\u2019elle a faites et son parcours professionnel.<\/p>\n<p style=\"text-align: justify\">\u00a0<span style=\"color: #3366ff\"><strong>M\u00e9lissa 603 :<\/strong><\/span> \u00ab\u00a0Tr\u00e8s sympathique, un accueil incroyable et des activit\u00e9s magiques !\u00a0\u00bb<\/p>\n<p style=\"text-align: justify\"><span style=\"color: #3366ff\"><strong>Florencia 603 :<\/strong> <\/span>\u00ab\u00a0J\u2019ai bien aim\u00e9. J\u2019adore \u00e9tudier les poissons.\u00a0\u00bb<\/p>\n<p style=\"text-align: justify\"><span style=\"color: #3366ff\"><strong>Kyara 508 :<\/strong> <\/span>\u00ab\u00a0J\u2019ai beaucoup aim\u00e9, \u00e7a me donne des id\u00e9es pour mon m\u00e9tier plus tard.\u00a0\u00bb<\/p>\n<p style=\"text-align: justify\"><span style=\"color: #3366ff\"><strong>R\u00e9han 603 :<\/strong> <\/span>\u00ab\u00a0J\u2019ai aim\u00e9 les activit\u00e9s\u00a0\u00bb.<\/p>\n<p style=\"text-align: justify\"><span style=\"color: #3366ff\"><strong>L\u00e9onel 604 :<\/strong> <\/span>\u00ab\u00a0C\u2019\u00e9tait trop bien, on a appris de nouvelles esp\u00e8ces de poissons.\u00a0\u00bb<\/p>\n<p style=\"text-align: justify\">\u00a0<span style=\"color: #3366ff\"><strong>Les impressions de notre invit\u00e9e :<\/strong><\/span> \u00ab\u00a0En tant qu\u2019ing\u00e9nieure agroalimentaire, j\u2019ai r\u00e9alis\u00e9 des ateliers p\u00e9dagogiques ax\u00e9s sur la th\u00e9matique Oc\u00e9ans de savoirs : la d\u00e9couverte des esp\u00e8ces de poissons dans l\u2019Oc\u00e9an Indien, les m\u00e9thodes de conservation et transformation des produits de la mer. Ce fut un v\u00e9ritable plaisir d\u2019\u00e9changer avec les \u00e9l\u00e8ves\u00a0! J\u2019ai pu partager avec eux mon exp\u00e9rience professionnelle. Ils \u00e9taient tous motiv\u00e9s, curieux et se sont bien amus\u00e9s\u00a0\ud83d\ude0a\u00a0Merci pour le moment partag\u00e9 avec les \u00e9l\u00e8ves c\u2019\u00e9tait top\u00a0!\u00a0\u00bb<\/p>\n[\/et_pb_text][\/et_pb_column][et_pb_column type=\u00a0\u00bb3_5&Prime; _builder_version=\u00a0\u00bb4.27.2&Prime; _module_preset=\u00a0\u00bbdefault\u00a0\u00bb global_colors_info=\u00a0\u00bb{}\u00a0\u00bb][et_pb_gallery gallery_ids=\u00a0\u00bb3851,3852,3853,3854,3855&Prime; _builder_version=\u00a0\u00bb4.27.2&Prime; _module_preset=\u00a0\u00bbdefault\u00a0\u00bb global_colors_info=\u00a0\u00bb{}\u00a0\u00bb][\/et_pb_gallery][\/et_pb_column][\/et_pb_row][et_pb_row _builder_version=\u00a0\u00bb4.27.2&Prime; _module_preset=\u00a0\u00bbdefault\u00a0\u00bb global_colors_info=\u00a0\u00bb{}\u00a0\u00bb][et_pb_column type=\u00a0\u00bb4_4&Prime; _builder_version=\u00a0\u00bb4.27.2&Prime; _module_preset=\u00a0\u00bbdefault\u00a0\u00bb global_colors_info=\u00a0\u00bb{}\u00a0\u00bb][et_pb_divider color=\u00a0\u00bb#0db4e2&Prime; divider_weight=\u00a0\u00bb38px\u00a0\u00bb _builder_version=\u00a0\u00bb4.27.2&Prime; _module_preset=\u00a0\u00bbdefault\u00a0\u00bb global_colors_info=\u00a0\u00bb{}\u00a0\u00bb][\/et_pb_divider][\/et_pb_column][\/et_pb_row][et_pb_row column_structure=\u00a0\u00bb1_3,2_3&Prime; _builder_version=\u00a0\u00bb4.23.1&Prime; _module_preset=\u00a0\u00bbdefault\u00a0\u00bb global_colors_info=\u00a0\u00bb{}\u00a0\u00bb][et_pb_column type=\u00a0\u00bb1_3&Prime; _builder_version=\u00a0\u00bb4.23.1&Prime; _module_preset=\u00a0\u00bbdefault\u00a0\u00bb global_colors_info=\u00a0\u00bb{}\u00a0\u00bb][et_pb_image src=\u00a0\u00bbhttps:\/\/etab.ac-reunion.fr\/clg-chemin-morin\/wp-content\/uploads\/sites\/38\/2023\/11\/Annee-de-la-Physique-1.jpeg\u00a0\u00bb _builder_version=\u00a0\u00bb4.23.1&Prime; _module_preset=\u00a0\u00bbdefault\u00a0\u00bb global_colors_info=\u00a0\u00bb{}\u00a0\u00bb][\/et_pb_image][\/et_pb_column][et_pb_column type=\u00a0\u00bb2_3&Prime; _builder_version=\u00a0\u00bb4.23.1&Prime; _module_preset=\u00a0\u00bbdefault\u00a0\u00bb global_colors_info=\u00a0\u00bb{}\u00a0\u00bb][et_pb_text _builder_version=\u00a0\u00bb4.23.1&Prime; _module_preset=\u00a0\u00bbdefault\u00a0\u00bb global_colors_info=\u00a0\u00bb{}\u00a0\u00bb]\n<h2 style=\"text-align: center\"><strong>Ann<\/strong><strong>\u00e9e de la Physique <\/strong><\/h2>\n<h2 style=\"text-align: center\"><strong>2023-2024<\/strong><\/h2>\n<p>&nbsp;<\/p>\n<p style=\"text-align: center\"><span style=\"color: #008080\"><strong>Laissez la recherche vous surprendre !<\/strong><\/span><\/p>\n<p>\u00a0Le minist\u00e8re de l\u2019\u00c9ducation nationale et de la Jeunesse et le minist\u00e8re de l\u2019Enseignement sup\u00e9rieur et de la Recherche se mobilisent pour l\u2019ann\u00e9e de la physique 2023-2024, en partenariat avec le Centre national de la recherche scientifique (CNRS), le CEA, la Soci\u00e9t\u00e9 Fran\u00e7aise de Physique, et France Universit\u00e9. Tout au long de l\u2019ann\u00e9e scolaire, l\u2019Ann\u00e9e de la physique rapproche les mondes de l\u2019enseignement et de la recherche pour mettre en lumi\u00e8re les grandes avanc\u00e9es et les enjeux de la recherche en physique au 21e si\u00e8cle. D\u00e9couvrez comment les recherches en physique permettent de comprendre le monde qui nous entoure et contribuent \u00e0 r\u00e9pondre aux grands enjeux soci\u00e9taux. Pour en savoir plus sur les actions men\u00e9es toute l\u2019ann\u00e9e, lire des articles, regarder des vid\u00e9os sur le sujet, rendez-vous sur les liens suivants :<\/p>\n<p style=\"text-align: justify\">\u00a0<span><a href=\"https:\/\/eduscol.education.fr\/2754\/annee-de-la-physique-2023-2024#:~:text=Le%20minist%C3%A8re%20de%20l'%C3%89ducation,de%20Physique%2C%20et%20France%20Universit%C3%A9.\">https:\/\/eduscol.education.fr\/2754\/annee-de-la-physique-2023-2024#:~:text=Le%20minist%C3%A8re%20de%20l&rsquo;%C3%89ducation,de%20Physique%2C%20et%20France%20Universit%C3%A9.<\/a><\/span><\/p>\n<p style=\"text-align: justify\">\u00a0<span><a href=\"https:\/\/anneedelaphysique.cnrs.fr\/\">https:\/\/anneedelaphysique.cnrs.fr\/<\/a><\/span><\/p>\n[\/et_pb_text][\/et_pb_column][\/et_pb_row][et_pb_row _builder_version=\u00a0\u00bb4.23.1&Prime; _module_preset=\u00a0\u00bbdefault\u00a0\u00bb global_colors_info=\u00a0\u00bb{}\u00a0\u00bb][et_pb_column type=\u00a0\u00bb4_4&Prime; _builder_version=\u00a0\u00bb4.23.1&Prime; _module_preset=\u00a0\u00bbdefault\u00a0\u00bb global_colors_info=\u00a0\u00bb{}\u00a0\u00bb][et_pb_divider _builder_version=\u00a0\u00bb4.23.1&Prime; _module_preset=\u00a0\u00bbdefault\u00a0\u00bb background_color=\u00a0\u00bb#7CDA24&Prime; global_colors_info=\u00a0\u00bb{}\u00a0\u00bb][\/et_pb_divider][\/et_pb_column][\/et_pb_row][et_pb_row column_structure=\u00a0\u00bb2_3,1_3&Prime; _builder_version=\u00a0\u00bb4.23.1&Prime; _module_preset=\u00a0\u00bbdefault\u00a0\u00bb global_colors_info=\u00a0\u00bb{}\u00a0\u00bb][et_pb_column type=\u00a0\u00bb2_3&Prime; _builder_version=\u00a0\u00bb4.23.1&Prime; _module_preset=\u00a0\u00bbdefault\u00a0\u00bb global_colors_info=\u00a0\u00bb{}\u00a0\u00bb][et_pb_text _builder_version=\u00a0\u00bb4.23.1&Prime; _module_preset=\u00a0\u00bbdefault\u00a0\u00bb global_colors_info=\u00a0\u00bb{}\u00a0\u00bb]\n<h1 style=\"text-align: center\"><strong>Exposition \u00ab\u00a0Chimie, symphonie de la mati<\/strong><strong>\u00e8<\/strong><strong>re\u00a0\u00bb<\/strong><\/h1>\n<p style=\"text-align: center\">\u00a0Pour la 2\u00e8me ann\u00e9e cons\u00e9cutive, le coll\u00e8ge a accueilli l\u2019exposition \u00ab\u00a0Chimie, symphonie de la mati\u00e8re\u00a0\u00bb au CDI du 6 au 10 novembre 2023.<\/p>\n<p style=\"text-align: center\">\u00a0Cette exposition, \u00e0 destination de tous les \u00e9l\u00e8ves de 4\u00e8me, a pu se faire gr\u00e2ce au financement du Pass Culture, en partenariat avec Sciences R\u00e9union.<\/p>\n<p style=\"text-align: center\">\u00a0Les \u00e9l\u00e8ves devaient compl\u00e9ter une grille de mots crois\u00e9s gr\u00e2ce aux informations trouv\u00e9es sur les affiches. Puis d\u00e9couvrir un mot myst\u00e8re qui leur donnait acc\u00e8s \u00e0 une derni\u00e8re \u00e9nigme : d\u00e9chiffrer un code couleur pour trouver un code \u00e0 4 chiffres.<\/p>\n<p style=\"text-align: center\">\u00a0Tous ceux qui ont valid\u00e9 cette derni\u00e8re \u00e9preuve ont \u00e9t\u00e9 s\u00e9lectionn\u00e9s pour un tirage au sort pour tenter de gagner un lot d\u2019une valeur de 20\u20ac.<\/p>\n<p style=\"text-align: center\">\u00a0Le grand gagnant de cette ann\u00e9e est El-Yasser en 404. F\u00e9licitations \u00e0 lui !<\/p>\n[\/et_pb_text][\/et_pb_column][et_pb_column type=\u00a0\u00bb1_3&Prime; _builder_version=\u00a0\u00bb4.23.1&Prime; _module_preset=\u00a0\u00bbdefault\u00a0\u00bb global_colors_info=\u00a0\u00bb{}\u00a0\u00bb][et_pb_gallery gallery_ids=\u00a0\u00bb3542,3541,3540&Prime; _builder_version=\u00a0\u00bb4.23.1&Prime; _module_preset=\u00a0\u00bbdefault\u00a0\u00bb global_colors_info=\u00a0\u00bb{}\u00a0\u00bb][\/et_pb_gallery][\/et_pb_column][\/et_pb_row][\/et_pb_section]\n","protected":false},"excerpt":{"rendered":"<p>SCIENCES PHYSIQUE &amp; CHIMIEExpositions au CDI et en permanence 2024-2025Cette ann\u00e9e, tous les \u00e9l\u00e8ves du coll\u00e8ge ont pu travailler au CDI sur 4 expositions en lien avec le programme de [&hellip;]<\/p>\n","protected":false},"author":32292,"featured_media":0,"parent":0,"menu_order":0,"comment_status":"closed","ping_status":"closed","template":"","meta":{"_et_pb_use_builder":"on","_et_pb_old_content":"","_et_gb_content_width":"","_EventAllDay":false,"_EventTimezone":"","_EventStartDate":"","_EventEndDate":"","_EventStartDateUTC":"","_EventEndDateUTC":"","_EventShowMap":false,"_EventShowMapLink":false,"_EventURL":"","_EventCost":"","_EventCostDescription":"","_EventCurrencySymbol":"","_EventCurrencyCode":"","_EventCurrencyPosition":"","_EventDateTimeSeparator":"","_EventTimeRangeSeparator":"","_EventOrganizerID":[],"_EventVenueID":[0],"_OrganizerEmail":"","_OrganizerPhone":"","_OrganizerWebsite":"","_VenueAddress":"","_VenueCity":"","_VenueCountry":"","_VenueProvince":"","_VenueState":"","_VenueZip":"","_VenuePhone":"","_VenueURL":"","_VenueStateProvince":"","_VenueLat":"","_VenueLng":"","_VenueShowMap":false,"_VenueShowMapLink":false,"footnotes":"","_links_to":"","_links_to_target":""},"class_list":["post-3537","page","type-page","status-publish","hentry"],"_links":{"self":[{"href":"https:\/\/etab.ac-reunion.fr\/clg-chemin-morin\/wp-json\/wp\/v2\/pages\/3537","targetHints":{"allow":["GET"]}}],"collection":[{"href":"https:\/\/etab.ac-reunion.fr\/clg-chemin-morin\/wp-json\/wp\/v2\/pages"}],"about":[{"href":"https:\/\/etab.ac-reunion.fr\/clg-chemin-morin\/wp-json\/wp\/v2\/types\/page"}],"author":[{"embeddable":true,"href":"https:\/\/etab.ac-reunion.fr\/clg-chemin-morin\/wp-json\/wp\/v2\/users\/32292"}],"replies":[{"embeddable":true,"href":"https:\/\/etab.ac-reunion.fr\/clg-chemin-morin\/wp-json\/wp\/v2\/comments?post=3537"}],"version-history":[{"count":8,"href":"https:\/\/etab.ac-reunion.fr\/clg-chemin-morin\/wp-json\/wp\/v2\/pages\/3537\/revisions"}],"predecessor-version":[{"id":4065,"href":"https:\/\/etab.ac-reunion.fr\/clg-chemin-morin\/wp-json\/wp\/v2\/pages\/3537\/revisions\/4065"}],"wp:attachment":[{"href":"https:\/\/etab.ac-reunion.fr\/clg-chemin-morin\/wp-json\/wp\/v2\/media?parent=3537"}],"curies":[{"name":"wp","href":"https:\/\/api.w.org\/{rel}","templated":true}]}}