{"id":2968,"date":"2025-04-24T16:51:51","date_gmt":"2025-04-24T13:51:51","guid":{"rendered":"https:\/\/etab.ac-reunion.fr\/clg-gaston-crochet\/?page_id=2968"},"modified":"2025-05-20T15:32:03","modified_gmt":"2025-05-20T12:32:03","slug":"la-segpa","status":"publish","type":"page","link":"https:\/\/etab.ac-reunion.fr\/clg-gaston-crochet\/la-segpa\/","title":{"rendered":"La Segpa : Une scolarit\u00e9 adapt\u00e9e pour r\u00e9ussir autrement"},"content":{"rendered":"\n<p class=\"has-accent-2-color has-text-color has-link-color has-large-font-size wp-elements-ac0e1c424676ff8c4662cf75e4dac581\">Une nouvelle section pour accompagner les \u00e9l\u00e8ves vers la r\u00e9ussite<\/p>\n\n\n\n<p class=\"has-large-font-size\">\u00c0 la rentr\u00e9e 2025, le coll\u00e8ge Gaston Crochet ouvre une <strong>Section d\u2019Enseignement G\u00e9n\u00e9ral et Professionnel Adapt\u00e9 (SEGPA)<\/strong>. Cette structure est destin\u00e9e aux \u00e9l\u00e8ves pr\u00e9sentant des difficult\u00e9s scolaires importantes et persistantes, malgr\u00e9 les aides et les accompagnements propos\u00e9s.<\/p>\n\n\n\n<p class=\"has-accent-1-color has-text-color has-link-color has-large-font-size wp-elements-3ed129fe858a359cfb1dd6ea7b4fb6d3\">Objectifs de la SEGPA<\/p>\n\n\n\n<p class=\"has-large-font-size\">Permettre aux \u00e9l\u00e8ves d&rsquo;acqu\u00e9rir les comp\u00e9tences du <strong>socle commun de connaissances, de comp\u00e9tences et de culture<\/strong>.<\/p>\n\n\n\n<p class=\"has-large-font-size\">Favoriser l&rsquo;acc\u00e8s \u00e0 une <strong>formation professionnelle qualifiante<\/strong>, notamment le <strong>Certificat d&rsquo;Aptitude Professionnelle (CAP)<\/strong>.<\/p>\n\n\n\n<p class=\"has-large-font-size\">Offrir un <strong>accompagnement individualis\u00e9<\/strong> dans un cadre bienveillant et structurant.<\/p>\n\n\n\n<p class=\"has-accent-1-color has-text-color has-link-color has-large-font-size wp-elements-5b0f6a32fa2c541715f3afcbf74579a7\">Organisation des enseignements<\/p>\n\n\n\n<p class=\"has-large-font-size\">Les \u00e9l\u00e8ves de la SEGPA suivent des enseignements g\u00e9n\u00e9raux (de la 6\u00e8me \u00e0 la 3\u00e8me) au coll\u00e8ge Gaston Crochet, dans des classes \u00e0 effectif r\u00e9duit (maximum 16 \u00e9l\u00e8ves), afin de b\u00e9n\u00e9ficier d&rsquo;un suivi personnalis\u00e9.  \u00c0 partir de la classe de 4e, les \u00e9l\u00e8ves b\u00e9n\u00e9ficient d&rsquo;un enseignement de <strong>d\u00e9couverte professionnelle<\/strong>(4h en 4\u00e8me et 6h en 3\u00e8me). Ces cours d&rsquo;enseignement professionnel seront dispens\u00e9s sur les <strong>plateaux techniques du coll\u00e8ge Hubert Delisle \u00e0 Saint-Beno\u00eet<\/strong>, permettant ainsi aux \u00e9l\u00e8ves de d\u00e9couvrir diff\u00e9rents champs professionnels et de construire leur projet d&rsquo;orientation.<\/p>\n\n\n\n<p class=\"has-accent-1-color has-text-color has-link-color has-large-font-size wp-elements-101885ad57d1cb39d2de8ea5423fe463\">Orientation et dipl\u00f4mes<\/p>\n\n\n\n<p class=\"has-large-font-size\">En fin de parcours, les \u00e9l\u00e8ves de SEGPA peuvent pr\u00e9senter le <strong>Certificat de Formation G\u00e9n\u00e9rale (CFG)<\/strong> et, selon leur progression, le <strong>Dipl\u00f4me National du Brevet (DNB), s\u00e9rie professionnelle<\/strong>. Ces dipl\u00f4mes facilitent l&rsquo;acc\u00e8s \u00e0 une formation professionnelle qualifiante, comme le CAP.<\/p>\n\n\n\n<h3 class=\"wp-block-heading has-large-font-size\">Pour en savoir plus<\/h3>\n\n\n\n<ul class=\"wp-block-list\">\n<li class=\"has-large-font-size\"><a href=\"https:\/\/www.service-public.fr\/particuliers\/vosdroits\/F32752\">Service-Public.fr \u2013 Qu&rsquo;est-ce qu&rsquo;une classe Segpa ?<\/a><\/li>\n\n\n\n<li class=\"has-large-font-size\"><a href=\"https:\/\/eduscol.education.fr\/1184\/sections-d-enseignement-general-et-professionnel-adapte\">Eduscol \u2013 Sections d&rsquo;enseignement g\u00e9n\u00e9ral et professionnel adapt\u00e9<\/a><\/li>\n<\/ul>\n","protected":false},"excerpt":{"rendered":"<p>Une nouvelle section pour accompagner les \u00e9l\u00e8ves vers la r\u00e9ussite \u00c0 la rentr\u00e9e 2025, le coll\u00e8ge Gaston Crochet ouvre une Section d\u2019Enseignement G\u00e9n\u00e9ral et Professionnel Adapt\u00e9 (SEGPA). Cette structure est destin\u00e9e aux \u00e9l\u00e8ves pr\u00e9sentant des difficult\u00e9s scolaires importantes et persistantes, malgr\u00e9 les aides et les accompagnements propos\u00e9s. Objectifs de la &hellip;<\/p>\n","protected":false},"author":14734,"featured_media":0,"parent":0,"menu_order":0,"comment_status":"closed","ping_status":"closed","template":"","meta":{"footnotes":""},"class_list":["post-2968","page","type-page","status-publish","hentry"],"_links":{"self":[{"href":"https:\/\/etab.ac-reunion.fr\/clg-gaston-crochet\/wp-json\/wp\/v2\/pages\/2968","targetHints":{"allow":["GET"]}}],"collection":[{"href":"https:\/\/etab.ac-reunion.fr\/clg-gaston-crochet\/wp-json\/wp\/v2\/pages"}],"about":[{"href":"https:\/\/etab.ac-reunion.fr\/clg-gaston-crochet\/wp-json\/wp\/v2\/types\/page"}],"author":[{"embeddable":true,"href":"https:\/\/etab.ac-reunion.fr\/clg-gaston-crochet\/wp-json\/wp\/v2\/users\/14734"}],"replies":[{"embeddable":true,"href":"https:\/\/etab.ac-reunion.fr\/clg-gaston-crochet\/wp-json\/wp\/v2\/comments?post=2968"}],"version-history":[{"count":2,"href":"https:\/\/etab.ac-reunion.fr\/clg-gaston-crochet\/wp-json\/wp\/v2\/pages\/2968\/revisions"}],"predecessor-version":[{"id":3300,"href":"https:\/\/etab.ac-reunion.fr\/clg-gaston-crochet\/wp-json\/wp\/v2\/pages\/2968\/revisions\/3300"}],"wp:attachment":[{"href":"https:\/\/etab.ac-reunion.fr\/clg-gaston-crochet\/wp-json\/wp\/v2\/media?parent=2968"}],"curies":[{"name":"wp","href":"https:\/\/api.w.org\/{rel}","templated":true}]}}