{"id":3608,"date":"2025-08-13T15:26:53","date_gmt":"2025-08-13T12:26:53","guid":{"rendered":"https:\/\/etab.ac-reunion.fr\/clg-gaston-crochet\/?page_id=3608"},"modified":"2025-08-13T15:31:24","modified_gmt":"2025-08-13T12:31:24","slug":"qui-etait-gaston-crochet","status":"publish","type":"page","link":"https:\/\/etab.ac-reunion.fr\/clg-gaston-crochet\/qui-etait-gaston-crochet\/","title":{"rendered":"Qui \u00e9tait Gaston\u202fCrochet ?\u202f"},"content":{"rendered":"\n<p class=\"has-large-font-size\"><strong>Gaston\u202fCrochet \u2013 Un b\u00e2tisseur pour sa commune, un nom pour notre coll\u00e8ge<\/strong><\/p>\n\n\n\n<p class=\"has-accent-2-color has-text-color has-link-color has-large-font-size wp-elements-3f634fa33223b953f43fdf55eeddee50\"><strong>Gaston Crochet<\/strong> (1896\u20131973), originaire de La Plaine des Palmistes, fut avant tout <strong>enseignant<\/strong>, puis <strong>maire<\/strong> (1953\u20131971) et <strong>\u00e9lu du Conseil G\u00e9n\u00e9ral<\/strong> en 1951. Il est reconnu comme un <strong>visionnaire engag\u00e9<\/strong> pour le d\u00e9veloppement local. Il a pilot\u00e9 des projets fondamentaux, comme :<\/p>\n\n\n\n<ul class=\"wp-block-list\">\n<li class=\"has-accent-1-color has-text-color has-link-color has-large-font-size wp-elements-73581b210065d86e58a155a62df72586\">L\u2019\u00e9lectrification des villages,<\/li>\n\n\n\n<li class=\"has-accent-2-color has-text-color has-link-color has-large-font-size wp-elements-9cb163a93f36c65fcc4b82601a99d4ee\">L\u2019acc\u00e8s \u00e0 l\u2019eau potable via des captages de sources,<\/li>\n\n\n\n<li class=\"has-accent-1-color has-text-color has-link-color has-large-font-size wp-elements-8e9c3a5215b2dbe702853c0713360e8d\">Le d\u00e9senclavement de la Petite Plaine,<\/li>\n\n\n\n<li class=\"has-accent-2-color has-text-color has-link-color has-large-font-size wp-elements-e7c7dcffdffa60adf733a01d05f46d05\">La construction de b\u00e2timents publics locaux,<\/li>\n\n\n\n<li class=\"has-accent-1-color has-text-color has-link-color has-large-font-size wp-elements-6a8f6f2d9e6e2daa9893dbd16f9af587\">La modernisation agricole, notamment l\u2019instauration du <strong>th\u00e9 cultiv\u00e9 dans la r\u00e9gion<\/strong> \u2014 valoris\u00e9 par une st\u00e8le inaugur\u00e9e en son honneur.<a href=\"https:\/\/justinepayetl3fle.wordpress.com\/portrait\/?utm_source=chatgpt.com\" target=\"_blank\" rel=\"noreferrer noopener\">Une R\u00e9union, un regard&#8230;+10Inforeunion+10<\/a><\/li>\n<\/ul>\n\n\n\n<p class=\"has-headings-color has-text-color has-link-color has-large-font-size wp-elements-21f4eaa1a6ca52f00123d69e3b4505c3\">Son action est incarn\u00e9e dans la m\u00e9moire collective, comme lors de l\u2019hommage rendu par les \u00e9l\u00e8ves du coll\u00e8ge\u202f: une st\u00e8le a \u00e9t\u00e9 d\u00e9voil\u00e9e et des plants de th\u00e9 ont \u00e9t\u00e9 symboliquement mis en terre par les coll\u00e9giens.<a href=\"https:\/\/www.linfo.re\/la-reunion\/societe\/hommage-a-gaston-crochet-a-la-plaine-des-palmistes?utm_source=chatgpt.com\" target=\"_blank\" rel=\"noreferrer noopener\">Linfo.re+1<\/a> <\/p>\n\n\n\n<p class=\"has-accent-2-color has-text-color has-link-color has-large-font-size wp-elements-85d29f67f99be6ec08c9c09d31b63f8d\">Le coll\u00e8ge, qui porte son nom, perp\u00e9tue l\u2019esprit d\u2019excellence, d\u2019engagement et d&rsquo;ambition qu\u2019il incarnait.<\/p>\n\n\n\n<figure class=\"wp-block-image size-full\"><img loading=\"lazy\" decoding=\"async\" width=\"860\" height=\"600\" src=\"https:\/\/etab.ac-reunion.fr\/clg-gaston-crochet\/wp-content\/uploads\/sites\/97\/2025\/08\/photo-de-Gaston-CROCHET-1.jpg\" alt=\"\" class=\"wp-image-3614\" srcset=\"https:\/\/etab.ac-reunion.fr\/clg-gaston-crochet\/wp-content\/uploads\/sites\/97\/2025\/08\/photo-de-Gaston-CROCHET-1.jpg 860w, https:\/\/etab.ac-reunion.fr\/clg-gaston-crochet\/wp-content\/uploads\/sites\/97\/2025\/08\/photo-de-Gaston-CROCHET-1-300x209.jpg 300w, https:\/\/etab.ac-reunion.fr\/clg-gaston-crochet\/wp-content\/uploads\/sites\/97\/2025\/08\/photo-de-Gaston-CROCHET-1-768x536.jpg 768w, https:\/\/etab.ac-reunion.fr\/clg-gaston-crochet\/wp-content\/uploads\/sites\/97\/2025\/08\/photo-de-Gaston-CROCHET-1-287x200.jpg 287w\" sizes=\"auto, (max-width: 860px) 100vw, 860px\" \/><\/figure>\n","protected":false},"excerpt":{"rendered":"<p>Gaston\u202fCrochet \u2013 Un b\u00e2tisseur pour sa commune, un nom pour notre coll\u00e8ge Gaston Crochet (1896\u20131973), originaire de La Plaine des Palmistes, fut avant tout enseignant, puis maire (1953\u20131971) et \u00e9lu du Conseil G\u00e9n\u00e9ral en 1951. Il est reconnu comme un visionnaire engag\u00e9 pour le d\u00e9veloppement local. Il a pilot\u00e9 des &hellip;<\/p>\n","protected":false},"author":6403,"featured_media":3609,"parent":0,"menu_order":0,"comment_status":"closed","ping_status":"closed","template":"","meta":{"footnotes":""},"class_list":["post-3608","page","type-page","status-publish","has-post-thumbnail","hentry"],"_links":{"self":[{"href":"https:\/\/etab.ac-reunion.fr\/clg-gaston-crochet\/wp-json\/wp\/v2\/pages\/3608","targetHints":{"allow":["GET"]}}],"collection":[{"href":"https:\/\/etab.ac-reunion.fr\/clg-gaston-crochet\/wp-json\/wp\/v2\/pages"}],"about":[{"href":"https:\/\/etab.ac-reunion.fr\/clg-gaston-crochet\/wp-json\/wp\/v2\/types\/page"}],"author":[{"embeddable":true,"href":"https:\/\/etab.ac-reunion.fr\/clg-gaston-crochet\/wp-json\/wp\/v2\/users\/6403"}],"replies":[{"embeddable":true,"href":"https:\/\/etab.ac-reunion.fr\/clg-gaston-crochet\/wp-json\/wp\/v2\/comments?post=3608"}],"version-history":[{"count":4,"href":"https:\/\/etab.ac-reunion.fr\/clg-gaston-crochet\/wp-json\/wp\/v2\/pages\/3608\/revisions"}],"predecessor-version":[{"id":3616,"href":"https:\/\/etab.ac-reunion.fr\/clg-gaston-crochet\/wp-json\/wp\/v2\/pages\/3608\/revisions\/3616"}],"wp:featuredmedia":[{"embeddable":true,"href":"https:\/\/etab.ac-reunion.fr\/clg-gaston-crochet\/wp-json\/wp\/v2\/media\/3609"}],"wp:attachment":[{"href":"https:\/\/etab.ac-reunion.fr\/clg-gaston-crochet\/wp-json\/wp\/v2\/media?parent=3608"}],"curies":[{"name":"wp","href":"https:\/\/api.w.org\/{rel}","templated":true}]}}