{"id":796,"date":"2016-12-18T06:39:28","date_gmt":"2016-12-18T05:39:28","guid":{"rendered":"http:\/\/college-jules-solesse.ac-reunion.fr\/?page_id=796"},"modified":"2026-04-27T10:12:33","modified_gmt":"2026-04-27T06:12:33","slug":"page-daccueil","status":"publish","type":"page","link":"https:\/\/etab.ac-reunion.fr\/clg-jules-solesse\/","title":{"rendered":"Bienvenue sur le site du coll\u00e8ge Jules Solesse"},"content":{"rendered":"\r\n<p style=\"text-align: left\"><span style=\"font-size: 28pt;color: #990b0b\"><strong><span style=\"font-family: trebuchet ms, geneva, sans-serif\"><span style=\"font-size: 32pt\">CA BOUGE A SOLESSE<\/span><\/span><\/strong><\/span><\/p>\r\n<hr \/>\r\n<p><img loading=\"lazy\" decoding=\"async\" class=\"alignnone  wp-image-19661\" src=\"https:\/\/etab.ac-reunion.fr\/clg-jules-solesse\/wp-content\/uploads\/sites\/151\/2026\/04\/Affiche-Alkindi-eleves-sans-entete.jpg\" alt=\"\" width=\"939\" height=\"602\" srcset=\"https:\/\/etab.ac-reunion.fr\/clg-jules-solesse\/wp-content\/uploads\/sites\/151\/2026\/04\/Affiche-Alkindi-eleves-sans-entete.jpg 1500w, https:\/\/etab.ac-reunion.fr\/clg-jules-solesse\/wp-content\/uploads\/sites\/151\/2026\/04\/Affiche-Alkindi-eleves-sans-entete-300x192.jpg 300w, https:\/\/etab.ac-reunion.fr\/clg-jules-solesse\/wp-content\/uploads\/sites\/151\/2026\/04\/Affiche-Alkindi-eleves-sans-entete-1024x657.jpg 1024w, https:\/\/etab.ac-reunion.fr\/clg-jules-solesse\/wp-content\/uploads\/sites\/151\/2026\/04\/Affiche-Alkindi-eleves-sans-entete-768x493.jpg 768w, https:\/\/etab.ac-reunion.fr\/clg-jules-solesse\/wp-content\/uploads\/sites\/151\/2026\/04\/Affiche-Alkindi-eleves-sans-entete-150x96.jpg 150w\" sizes=\"auto, (max-width: 939px) 100vw, 939px\" \/> \u00a0 \u00a0 \u00a0 \u00a0 \u00a0 \u00a0 \u00a0 \u00a0 \u00a0 \u00a0 \u00a0 \u00a0 \u00a0 \u00a0 \u00a0 \u00a0 \u00a0 <a href=\"https:\/\/www.leetchi.com\/fr\/c\/alkindi-des-eleves-reunionnais-parmi-les-20-meilleures-equipes-de-france-2085236?utm_source=copylink&amp;utm_medium=social_sharing\"><img loading=\"lazy\" decoding=\"async\" class=\"size-full wp-image-19675 alignright\" src=\"https:\/\/etab.ac-reunion.fr\/clg-jules-solesse\/wp-content\/uploads\/sites\/151\/2026\/04\/cagnotte2.jpg\" alt=\"\" width=\"268\" height=\"260\" srcset=\"https:\/\/etab.ac-reunion.fr\/clg-jules-solesse\/wp-content\/uploads\/sites\/151\/2026\/04\/cagnotte2.jpg 268w, https:\/\/etab.ac-reunion.fr\/clg-jules-solesse\/wp-content\/uploads\/sites\/151\/2026\/04\/cagnotte2-150x146.jpg 150w\" sizes=\"auto, (max-width: 268px) 100vw, 268px\" \/><\/a>\u00a0 \u00a0 \u00a0 \u00a0 \u00a0 \u00a0 \u00a0 \u00a0 \u00a0 \u00a0 \u00a0 \u00a0 \u00a0\u00a0<\/p>\r\n<hr \/>\r\n<p>\u00a0<strong style=\"font-size: 32px\"><span style=\"color: #990b0b\">ACTUALIT\u00c9\u00a0<\/span><\/strong><\/p>\r\n\n\n<div class=\"su-posts su-posts-default-loop \">\n\n\t\n\t\t\t\t\t\n\t\t\t\n\t\t\t<div id=\"su-post-19602\" class=\"su-post \">\n\n\t\t\t\t\t\t\t\t\t<a class=\"su-post-thumbnail\" href=\"https:\/\/etab.ac-reunion.fr\/clg-jules-solesse\/william-logoras-notre-chef-de-maintenance-a-couru-le-marathon-de-paris\/\"><a href=\"https:\/\/etab.ac-reunion.fr\/clg-jules-solesse\/william-logoras-notre-chef-de-maintenance-a-couru-le-marathon-de-paris\/\" title=\"William Logoras notre chef de maintenance a couru le Marathon de Paris !\"><img loading=\"lazy\" decoding=\"async\" width=\"113\" height=\"150\" src=\"https:\/\/etab.ac-reunion.fr\/clg-jules-solesse\/wp-content\/uploads\/sites\/151\/2026\/04\/marathon-william-113x150.jpg\" class=\"attachment-post-thumbnail size-post-thumbnail wp-post-image\" alt=\"\" srcset=\"https:\/\/etab.ac-reunion.fr\/clg-jules-solesse\/wp-content\/uploads\/sites\/151\/2026\/04\/marathon-william-113x150.jpg 113w, https:\/\/etab.ac-reunion.fr\/clg-jules-solesse\/wp-content\/uploads\/sites\/151\/2026\/04\/marathon-william-225x300.jpg 225w, https:\/\/etab.ac-reunion.fr\/clg-jules-solesse\/wp-content\/uploads\/sites\/151\/2026\/04\/marathon-william-768x1024.jpg 768w, https:\/\/etab.ac-reunion.fr\/clg-jules-solesse\/wp-content\/uploads\/sites\/151\/2026\/04\/marathon-william-1152x1536.jpg 1152w, https:\/\/etab.ac-reunion.fr\/clg-jules-solesse\/wp-content\/uploads\/sites\/151\/2026\/04\/marathon-william.jpg 1536w\" sizes=\"auto, (max-width: 113px) 100vw, 113px\" \/><\/a><\/a>\n\t\t\t\t\n\t\t\t\t<h2 class=\"su-post-title\"><a href=\"https:\/\/etab.ac-reunion.fr\/clg-jules-solesse\/william-logoras-notre-chef-de-maintenance-a-couru-le-marathon-de-paris\/\">William Logoras notre chef de maintenance a couru le Marathon de Paris !<\/a><\/h2>\n\n\t\t\t\t<div class=\"su-post-meta\">\n\t\t\t\t\tPubli\u00e9: 20 avril 2026\t\t\t\t<\/div>\n\n\t\t\t\t<div class=\"su-post-excerpt\">\n\t\t\t\t\t<p>BRAVO \u00e0 William et \u00e0 son \u00e9pouse qui ont couru et termin\u00e9 le Marathon de Paris !<\/p>\n<p class=\"continue-reading-button\"> <a class=\"continue-reading-link\" href=\"https:\/\/etab.ac-reunion.fr\/clg-jules-solesse\/william-logoras-notre-chef-de-maintenance-a-couru-le-marathon-de-paris\/\">Continue reading<i class=\"crycon-right-dir\"><\/i><\/a><\/p>\n\t\t\t\t<\/div>\n\n\t\t\t\t\n\t\t\t<\/div>\n\n\t\t\n\t\n<\/div>\n\r\n<hr \/>\r\n<p style=\"text-align: left\"><span style=\"font-size: 24pt;font-family: trebuchet ms, geneva, sans-serif\"><strong><span style=\"color: #990b0b\">PRODUCTIONS D&rsquo;\u00c9L\u00c8VES A LA UNE<\/span><\/strong><\/span><\/p>\r\n<p><span style=\"font-size: 12pt;font-family: 'trebuchet ms', geneva, sans-serif\"><strong><span style=\"color: #990b0b\"><div class=\"su-custom-gallery su-custom-gallery-align-left su-custom-gallery-title-never\"><div class=\"su-custom-gallery-slide\" style=\"width:290px;height:200px\"><a href=\"https:\/\/etab.ac-reunion.fr\/clg-jules-solesse\/nouvelles-fantastiques-concours-amopa-2025-26\/\" target=\"_blank\" title=\"Concours AMOPA 2025-26 : Nouvelles fantastiques\"><img loading=\"lazy\" decoding=\"async\" src=\"https:\/\/etab.ac-reunion.fr\/clg-jules-solesse\/wp-content\/uploads\/sites\/151\/2026\/04\/concours-AMOPA.jpg\" alt=\"Concours AMOPA 2025-26 : Nouvelles fantastiques\" width=\"290\" height=\"200\" \/><span class=\"su-custom-gallery-title\">Concours AMOPA 2025-26 : Nouvelles fantastiques<\/span><\/a><\/div><div class=\"su-custom-gallery-slide\" style=\"width:290px;height:200px\"><a href=\"https:\/\/etab.ac-reunion.fr\/clg-jules-solesse\/la-404-au-lazaret\/\" target=\"_blank\" title=\"La 404 au Lazaret\"><img loading=\"lazy\" decoding=\"async\" src=\"https:\/\/etab.ac-reunion.fr\/clg-jules-solesse\/wp-content\/uploads\/sites\/151\/2026\/03\/lazaret-3.jpg\" alt=\"La 404 au Lazaret\" width=\"290\" height=\"200\" \/><span class=\"su-custom-gallery-title\">La 404 au Lazaret<\/span><\/a><\/div><div class=\"su-custom-gallery-slide\" style=\"width:290px;height:200px\"><a href=\"https:\/\/etab.ac-reunion.fr\/clg-jules-solesse\/19233-2\/\" target=\"_blank\" title=\"The Addams Family par les 609 et les 610\"><img loading=\"lazy\" decoding=\"async\" src=\"https:\/\/etab.ac-reunion.fr\/clg-jules-solesse\/wp-content\/uploads\/sites\/151\/2026\/03\/addams-a-la-une-1.jpg\" alt=\"The Addams Family par les 609 et les 610\" width=\"290\" height=\"200\" \/><span class=\"su-custom-gallery-title\">The Addams Family par les 609 et les 610<\/span><\/a><\/div><div class=\"su-custom-gallery-slide\" style=\"width:290px;height:200px\"><a href=\"https:\/\/etab.ac-reunion.fr\/clg-jules-solesse\/les-fleurs-litteraires-des-eleves-de-404\/\" target=\"_blank\" title=\"Les fleurs litt\u00e9raires des \u00e9l\u00e8ves de 404\"><img loading=\"lazy\" decoding=\"async\" src=\"https:\/\/etab.ac-reunion.fr\/clg-jules-solesse\/wp-content\/uploads\/sites\/151\/2025\/11\/fleure-liit-scaled.jpg\" alt=\"Les fleurs litt\u00e9raires des \u00e9l\u00e8ves de 404\" width=\"290\" height=\"200\" \/><span class=\"su-custom-gallery-title\">Les fleurs litt\u00e9raires des \u00e9l\u00e8ves de 404<\/span><\/a><\/div><div class=\"su-clear\"><\/div><\/div><\/span><\/strong><\/span><span style=\"font-size: 28pt;color: #ff0000\"><strong><span style=\"font-family: trebuchet ms, geneva, sans-serif\">\u00a0 <\/span><\/strong><\/span>\u00a0 \u00a0 \u00a0 \u00a0 \u00a0 \u00a0 \u00a0 \u00a0 \u00a0\u00a0<\/p>\r\n<hr \/>\r\n<p><span style=\"font-size: 24pt;font-family: trebuchet ms, geneva, sans-serif\"><strong>LA VIE SPORTIVE DU COLL\u00c8GE\u00a0 \u00a0\u00a0<\/strong><\/span><\/p>\r\n<p><span style=\"font-size: 12pt;font-family: trebuchet ms, geneva, sans-serif\"><div class=\"su-custom-gallery su-custom-gallery-align-left su-custom-gallery-title-never\"><div class=\"su-custom-gallery-slide\" style=\"width:290px;height:200px\"><a href=\"https:\/\/etab.ac-reunion.fr\/clg-jules-solesse\/championnats-academiques-unss-trail-de-la-reunion\/\" target=\"_blank\" title=\"Championnats acad\u00e9miques UNSS : trail de la r\u00e9union\"><img loading=\"lazy\" decoding=\"async\" src=\"https:\/\/etab.ac-reunion.fr\/clg-jules-solesse\/wp-content\/uploads\/sites\/151\/2026\/04\/trail-volcan-2026-3.jpg\" alt=\"Championnats acad\u00e9miques UNSS : trail de la r\u00e9union\" width=\"290\" height=\"200\" \/><span class=\"su-custom-gallery-title\">Championnats acad\u00e9miques UNSS : trail de la r\u00e9union<\/span><\/a><\/div><div class=\"su-custom-gallery-slide\" style=\"width:290px;height:200px\"><a href=\"https:\/\/etab.ac-reunion.fr\/clg-jules-solesse\/mais-quel-match\/\" target=\"_blank\" title=\"MAIS QUEL MATCH!!!!!!!\"><img loading=\"lazy\" decoding=\"async\" src=\"https:\/\/etab.ac-reunion.fr\/clg-jules-solesse\/wp-content\/uploads\/sites\/151\/2026\/04\/unss-hand2.jpg\" alt=\"MAIS QUEL MATCH!!!!!!!\" width=\"290\" height=\"200\" \/><span class=\"su-custom-gallery-title\">MAIS QUEL MATCH!!!!!!!<\/span><\/a><\/div><div class=\"su-custom-gallery-slide\" style=\"width:290px;height:200px\"><a href=\"https:\/\/etab.ac-reunion.fr\/clg-jules-solesse\/raid-academique-2026\/\" target=\"_blank\" title=\"Raid acad\u00e9mique 2026\"><img loading=\"lazy\" decoding=\"async\" src=\"https:\/\/etab.ac-reunion.fr\/clg-jules-solesse\/wp-content\/uploads\/sites\/151\/2026\/04\/Raid-academique-2026-a-la-une.jpg\" alt=\"Raid acad\u00e9mique 2026\" width=\"290\" height=\"200\" \/><span class=\"su-custom-gallery-title\">Raid acad\u00e9mique 2026<\/span><\/a><\/div><div class=\"su-custom-gallery-slide\" style=\"width:290px;height:200px\"><a href=\"https:\/\/etab.ac-reunion.fr\/clg-jules-solesse\/badminton-unss-une-finale-district-intense-et-prometteuse\/\" target=\"_blank\" title=\"Badminton UNSS : une finale district intense et prometteuse\"><img loading=\"lazy\" decoding=\"async\" src=\"https:\/\/etab.ac-reunion.fr\/clg-jules-solesse\/wp-content\/uploads\/sites\/151\/2026\/03\/unss-badminton-finale-district.jpg\" alt=\"Badminton UNSS : une finale district intense et prometteuse\" width=\"290\" height=\"200\" \/><span class=\"su-custom-gallery-title\">Badminton UNSS : une finale district intense et prometteuse<\/span><\/a><\/div><div class=\"su-clear\"><\/div><\/div><\/span><\/p>\r\n<hr \/>\r\n<p style=\"text-align: left\"><strong><span style=\"font-size: 24pt;font-family: trebuchet ms, geneva, sans-serif\">\u00a0<\/span><\/strong><span style=\"font-size: 24pt;font-family: trebuchet ms, geneva, sans-serif;color: #ab0505\"><strong>LE COIN DES \u00c9CO-D\u00c9L\u00c9GUES<a href=\"https:\/\/etab.ac-reunion.fr\/clg-jules-solesse\/environnement-et-developpement-durable-au-college\/\"><img loading=\"lazy\" decoding=\"async\" class=\"wp-image-15459 alignright\" src=\"https:\/\/etab.ac-reunion.fr\/clg-jules-solesse\/wp-content\/uploads\/sites\/151\/2023\/09\/EDD-annonce.png\" alt=\"\" width=\"114\" height=\"168\" srcset=\"https:\/\/etab.ac-reunion.fr\/clg-jules-solesse\/wp-content\/uploads\/sites\/151\/2023\/09\/EDD-annonce.png 494w, https:\/\/etab.ac-reunion.fr\/clg-jules-solesse\/wp-content\/uploads\/sites\/151\/2023\/09\/EDD-annonce-204x300.png 204w, https:\/\/etab.ac-reunion.fr\/clg-jules-solesse\/wp-content\/uploads\/sites\/151\/2023\/09\/EDD-annonce-102x150.png 102w\" sizes=\"auto, (max-width: 114px) 100vw, 114px\" \/><\/a><\/strong><\/span><\/p>\r\n<p><span style=\"font-size: 12pt;font-family: trebuchet ms, geneva, sans-serif\"><div class=\"su-custom-gallery su-custom-gallery-align-left su-custom-gallery-title-never\"><div class=\"su-custom-gallery-slide\" style=\"width:290px;height:200px\"><a href=\"https:\/\/etab.ac-reunion.fr\/clg-jules-solesse\/19411-2\/\" target=\"_blank\" title=\"Prix de l&rsquo;action \u00e9co-d\u00e9l\u00e9gu\u00e9e 2026\"><img loading=\"lazy\" decoding=\"async\" src=\"https:\/\/etab.ac-reunion.fr\/clg-jules-solesse\/wp-content\/uploads\/sites\/151\/2026\/04\/Prix-de-laction-eco-deleguee-2026.jpg\" alt=\"Prix de l&rsquo;action \u00e9co-d\u00e9l\u00e9gu\u00e9e 2026\" width=\"290\" height=\"200\" \/><span class=\"su-custom-gallery-title\">Prix de l&rsquo;action \u00e9co-d\u00e9l\u00e9gu\u00e9e 2026<\/span><\/a><\/div><div class=\"su-custom-gallery-slide\" style=\"width:290px;height:200px\"><a href=\"https:\/\/etab.ac-reunion.fr\/clg-jules-solesse\/eco-delegues-la-collecte-pour-lapeba\/\" target=\"_blank\" title=\"Eco-d\u00e9l\u00e9gu\u00e9s la collecte pour l&rsquo;APEBA\"><img loading=\"lazy\" decoding=\"async\" src=\"https:\/\/etab.ac-reunion.fr\/clg-jules-solesse\/wp-content\/uploads\/sites\/151\/2026\/03\/eco-delegue-apeba-collecte2.jpg\" alt=\"Eco-d\u00e9l\u00e9gu\u00e9s la collecte pour l&rsquo;APEBA\" width=\"290\" height=\"200\" \/><span class=\"su-custom-gallery-title\">Eco-d\u00e9l\u00e9gu\u00e9s la collecte pour l&rsquo;APEBA<\/span><\/a><\/div><div class=\"su-custom-gallery-slide\" style=\"width:290px;height:200px\"><a href=\"https:\/\/etab.ac-reunion.fr\/clg-jules-solesse\/forum-developpement-durable-au-lycee-paul-verges-dec-2025-mardi-16-12-202\/\" target=\"_blank\" title=\"Forum D\u00e9veloppement Durable au Lyc\u00e9e Paul Verg\u00e9s D\u00e9c. 2025 Mardi 16\/12\/202\"><img loading=\"lazy\" decoding=\"async\" src=\"https:\/\/etab.ac-reunion.fr\/clg-jules-solesse\/wp-content\/uploads\/sites\/151\/2026\/02\/Forum-dev-durabl.png\" alt=\"Forum D\u00e9veloppement Durable au Lyc\u00e9e Paul Verg\u00e9s D\u00e9c. 2025 Mardi 16\/12\/202\" width=\"290\" height=\"200\" \/><span class=\"su-custom-gallery-title\">Forum D\u00e9veloppement Durable au Lyc\u00e9e Paul Verg\u00e9s D\u00e9c. 2025 Mardi 16\/12\/202<\/span><\/a><\/div><div class=\"su-custom-gallery-slide\" style=\"width:290px;height:200px\"><a href=\"https:\/\/etab.ac-reunion.fr\/clg-jules-solesse\/intervention-de-lapeba-avec-les-eco-delegues\/\" target=\"_blank\" title=\"Intervention de l&rsquo;APEBA avec les \u00e9co-d\u00e9l\u00e9gu\u00e9s\"><img loading=\"lazy\" decoding=\"async\" src=\"https:\/\/etab.ac-reunion.fr\/clg-jules-solesse\/wp-content\/uploads\/sites\/151\/2026\/02\/APEBA-eco-delegues-avec-clic.jpg\" alt=\"Intervention de l&rsquo;APEBA avec les \u00e9co-d\u00e9l\u00e9gu\u00e9s\" width=\"290\" height=\"200\" \/><span class=\"su-custom-gallery-title\">Intervention de l&rsquo;APEBA avec les \u00e9co-d\u00e9l\u00e9gu\u00e9s<\/span><\/a><\/div><div class=\"su-clear\"><\/div><\/div><\/span><\/p>\r\n<hr \/>\r\n<p><span style=\"font-size: 24pt;font-family: trebuchet ms, geneva, sans-serif\"><strong><span style=\"color: #990b0b\">\u00a0<\/span><\/strong><\/span><strong><span style=\"font-size: 24pt;font-family: trebuchet ms, geneva, sans-serif\"><a href=\"https:\/\/etab.ac-reunion.fr\/clg-jules-solesse\/les-eleves-du-cvc-se-mobilisent\/\">Le coin du CVC<\/a> <\/span>(Conseil de la Vie Coll\u00e9gienne)<br \/><\/strong><\/p>\r\n<p><img loading=\"lazy\" decoding=\"async\" class=\"wp-image-14057 alignleft\" src=\"https:\/\/etab.ac-reunion.fr\/clg-jules-solesse\/wp-content\/uploads\/sites\/151\/2022\/11\/affiche-harcelement-1.jpg\" alt=\"\" width=\"282\" height=\"398\" srcset=\"https:\/\/etab.ac-reunion.fr\/clg-jules-solesse\/wp-content\/uploads\/sites\/151\/2022\/11\/affiche-harcelement-1.jpg 686w, https:\/\/etab.ac-reunion.fr\/clg-jules-solesse\/wp-content\/uploads\/sites\/151\/2022\/11\/affiche-harcelement-1-212x300.jpg 212w, https:\/\/etab.ac-reunion.fr\/clg-jules-solesse\/wp-content\/uploads\/sites\/151\/2022\/11\/affiche-harcelement-1-106x150.jpg 106w\" sizes=\"auto, (max-width: 282px) 100vw, 282px\" \/> <img loading=\"lazy\" decoding=\"async\" class=\"wp-image-14058 alignleft\" src=\"https:\/\/etab.ac-reunion.fr\/clg-jules-solesse\/wp-content\/uploads\/sites\/151\/2022\/11\/affiche-harcelement-2.jpg\" alt=\"\" width=\"280\" height=\"397\" srcset=\"https:\/\/etab.ac-reunion.fr\/clg-jules-solesse\/wp-content\/uploads\/sites\/151\/2022\/11\/affiche-harcelement-2.jpg 685w, https:\/\/etab.ac-reunion.fr\/clg-jules-solesse\/wp-content\/uploads\/sites\/151\/2022\/11\/affiche-harcelement-2-211x300.jpg 211w, https:\/\/etab.ac-reunion.fr\/clg-jules-solesse\/wp-content\/uploads\/sites\/151\/2022\/11\/affiche-harcelement-2-106x150.jpg 106w\" sizes=\"auto, (max-width: 280px) 100vw, 280px\" \/> <img loading=\"lazy\" decoding=\"async\" class=\"wp-image-14059 alignleft\" src=\"https:\/\/etab.ac-reunion.fr\/clg-jules-solesse\/wp-content\/uploads\/sites\/151\/2022\/11\/affiche-harcelement-3.jpg\" alt=\"\" width=\"281\" height=\"396\" srcset=\"https:\/\/etab.ac-reunion.fr\/clg-jules-solesse\/wp-content\/uploads\/sites\/151\/2022\/11\/affiche-harcelement-3.jpg 691w, https:\/\/etab.ac-reunion.fr\/clg-jules-solesse\/wp-content\/uploads\/sites\/151\/2022\/11\/affiche-harcelement-3-213x300.jpg 213w, https:\/\/etab.ac-reunion.fr\/clg-jules-solesse\/wp-content\/uploads\/sites\/151\/2022\/11\/affiche-harcelement-3-106x150.jpg 106w\" sizes=\"auto, (max-width: 281px) 100vw, 281px\" \/><\/p>\r\n<p><img loading=\"lazy\" decoding=\"async\" class=\"alignnone size-full wp-image-19450\" src=\"https:\/\/etab.ac-reunion.fr\/clg-jules-solesse\/wp-content\/uploads\/sites\/151\/2026\/04\/harcelement-tel.jpg\" alt=\"\" width=\"373\" height=\"369\" srcset=\"https:\/\/etab.ac-reunion.fr\/clg-jules-solesse\/wp-content\/uploads\/sites\/151\/2026\/04\/harcelement-tel.jpg 373w, https:\/\/etab.ac-reunion.fr\/clg-jules-solesse\/wp-content\/uploads\/sites\/151\/2026\/04\/harcelement-tel-300x297.jpg 300w, https:\/\/etab.ac-reunion.fr\/clg-jules-solesse\/wp-content\/uploads\/sites\/151\/2026\/04\/harcelement-tel-150x148.jpg 150w\" sizes=\"auto, (max-width: 373px) 100vw, 373px\" \/><\/p>\r\n<hr \/><hr \/>\r\n<p style=\"text-align: left\"><span style=\"font-family: 'trebuchet ms', geneva, sans-serif;color: #000080\"><strong><span style=\"font-size: 24pt\"><span style=\"color: #ab0505\">LA VIE DU\u00a0 <\/span><\/span><\/strong><\/span><span style=\"font-family: 'trebuchet ms', geneva, sans-serif;color: #000080\"><strong><span style=\"font-size: 24pt\"><span style=\"color: #ab0505\">COLL\u00c8GE\u00a0<\/span><\/span><\/strong><\/span><span style=\"font-family: 'trebuchet ms', geneva, sans-serif;color: #000080\"><strong><span style=\"font-size: 24pt\"><span style=\"color: #ab0505\">\u00a0<\/span><\/span><\/strong><\/span><\/p>\r\n<p style=\"text-align: left\"><a href=\"https:\/\/radiosoleil.re\/\"><img loading=\"lazy\" decoding=\"async\" class=\"alignnone  wp-image-6652\" src=\"https:\/\/etab.ac-reunion.fr\/clg-jules-solesse\/wp-content\/uploads\/sites\/151\/2018\/11\/radio-soleil-logo-e1566208538536.jpg\" alt=\"\" width=\"157\" height=\"156\" \/><\/a><a href=\"https:\/\/etab.ac-reunion.fr\/clg-jules-solesse\/silence-on-lit-au-college-3\/\"><img loading=\"lazy\" decoding=\"async\" class=\"alignright\" src=\"https:\/\/etab.ac-reunion.fr\/clg-jules-solesse\/wp-content\/uploads\/sites\/151\/2018\/12\/1-Silence-on-lit1.jpg\" width=\"469\" height=\"324\" \/><\/a><img loading=\"lazy\" decoding=\"async\" class=\"wp-image-15589 alignright\" src=\"https:\/\/etab.ac-reunion.fr\/clg-jules-solesse\/wp-content\/uploads\/sites\/151\/2023\/10\/Labelissation-2023.jpg\" alt=\"\" width=\"399\" height=\"319\" srcset=\"https:\/\/etab.ac-reunion.fr\/clg-jules-solesse\/wp-content\/uploads\/sites\/151\/2023\/10\/Labelissation-2023.jpg 800w, https:\/\/etab.ac-reunion.fr\/clg-jules-solesse\/wp-content\/uploads\/sites\/151\/2023\/10\/Labelissation-2023-300x240.jpg 300w, https:\/\/etab.ac-reunion.fr\/clg-jules-solesse\/wp-content\/uploads\/sites\/151\/2023\/10\/Labelissation-2023-768x614.jpg 768w, https:\/\/etab.ac-reunion.fr\/clg-jules-solesse\/wp-content\/uploads\/sites\/151\/2023\/10\/Labelissation-2023-150x120.jpg 150w\" sizes=\"auto, (max-width: 399px) 100vw, 399px\" \/><\/p>\r\n<hr \/>\r\n<p><span style=\"font-family: 'trebuchet ms', geneva, sans-serif;color: #000080\"><strong><span style=\"font-size: 24pt\"><span style=\"color: #ab0505\">\u00a0LES CLUBS ET LES ACTIVIT\u00c9S P\u00c9RI-SCOLAIRES <\/span><\/span><\/strong><\/span><a href=\"https:\/\/etab.ac-reunion.fr\/clg-jules-solesse\/la-vie-du-college\/laccompagnement-educatif\/\"><img loading=\"lazy\" decoding=\"async\" class=\"wp-image-13563 alignleft\" src=\"https:\/\/etab.ac-reunion.fr\/clg-jules-solesse\/wp-content\/uploads\/sites\/151\/2022\/08\/clubs-2023.jpg\" alt=\"\" width=\"702\" height=\"224\" srcset=\"https:\/\/etab.ac-reunion.fr\/clg-jules-solesse\/wp-content\/uploads\/sites\/151\/2022\/08\/clubs-2023.jpg 1775w, https:\/\/etab.ac-reunion.fr\/clg-jules-solesse\/wp-content\/uploads\/sites\/151\/2022\/08\/clubs-2023-300x96.jpg 300w, https:\/\/etab.ac-reunion.fr\/clg-jules-solesse\/wp-content\/uploads\/sites\/151\/2022\/08\/clubs-2023-1024x327.jpg 1024w, https:\/\/etab.ac-reunion.fr\/clg-jules-solesse\/wp-content\/uploads\/sites\/151\/2022\/08\/clubs-2023-768x245.jpg 768w, https:\/\/etab.ac-reunion.fr\/clg-jules-solesse\/wp-content\/uploads\/sites\/151\/2022\/08\/clubs-2023-1536x490.jpg 1536w, https:\/\/etab.ac-reunion.fr\/clg-jules-solesse\/wp-content\/uploads\/sites\/151\/2022\/08\/clubs-2023-150x48.jpg 150w\" sizes=\"auto, (max-width: 702px) 100vw, 702px\" \/><\/a><\/p>\r\n<p><img loading=\"lazy\" decoding=\"async\" class=\"wp-image-11684 alignright\" src=\"https:\/\/etab.ac-reunion.fr\/clg-jules-solesse\/wp-content\/uploads\/sites\/151\/2021\/06\/flamboyant.jpg\" alt=\"\" width=\"210\" height=\"180\" srcset=\"https:\/\/etab.ac-reunion.fr\/clg-jules-solesse\/wp-content\/uploads\/sites\/151\/2021\/06\/flamboyant.jpg 471w, https:\/\/etab.ac-reunion.fr\/clg-jules-solesse\/wp-content\/uploads\/sites\/151\/2021\/06\/flamboyant-300x257.jpg 300w, https:\/\/etab.ac-reunion.fr\/clg-jules-solesse\/wp-content\/uploads\/sites\/151\/2021\/06\/flamboyant-150x128.jpg 150w\" sizes=\"auto, (max-width: 210px) 100vw, 210px\" \/><\/p>\r\n<p>&nbsp;<\/p>\r\n<hr \/>\r\n<p><span style=\"font-family: 'trebuchet ms', geneva, sans-serif;color: #000080\"><strong><span style=\"font-size: 24pt\"><span style=\"color: #ab0505\">DU COT\u00c9 DES ENSEIGNEMENTS SP\u00c9CIALIS\u00c9S\u00a0<\/span><\/span><\/strong><\/span><\/p>\r\n<p><a href=\"https:\/\/etab.ac-reunion.fr\/clg-jules-solesse\/13384-2\/\"><img loading=\"lazy\" decoding=\"async\" class=\" wp-image-13403 alignleft\" src=\"https:\/\/etab.ac-reunion.fr\/clg-jules-solesse\/wp-content\/uploads\/sites\/151\/2022\/06\/zebre-differents-logo-a-la-une-2.jpg\" alt=\"\" width=\"698\" height=\"172\" srcset=\"https:\/\/etab.ac-reunion.fr\/clg-jules-solesse\/wp-content\/uploads\/sites\/151\/2022\/06\/zebre-differents-logo-a-la-une-2.jpg 828w, https:\/\/etab.ac-reunion.fr\/clg-jules-solesse\/wp-content\/uploads\/sites\/151\/2022\/06\/zebre-differents-logo-a-la-une-2-300x74.jpg 300w, https:\/\/etab.ac-reunion.fr\/clg-jules-solesse\/wp-content\/uploads\/sites\/151\/2022\/06\/zebre-differents-logo-a-la-une-2-768x189.jpg 768w, https:\/\/etab.ac-reunion.fr\/clg-jules-solesse\/wp-content\/uploads\/sites\/151\/2022\/06\/zebre-differents-logo-a-la-une-2-150x37.jpg 150w\" sizes=\"auto, (max-width: 698px) 100vw, 698px\" \/><\/a><\/p>\r\n<hr \/>\r\n<p><span style=\"font-family: 'trebuchet ms', geneva, sans-serif;color: #000080\"><strong><span style=\"font-size: 24pt\"><span style=\"color: #ab0505\"> POUR PROGRESSER<a href=\"https:\/\/etab.ac-reunion.fr\/clg-jules-solesse\/procedure-pour-se-connecter-a-la-certification-pix\/\"><img loading=\"lazy\" decoding=\"async\" class=\"alignright\" src=\"https:\/\/etab.ac-reunion.fr\/clg-jules-solesse\/wp-content\/uploads\/sites\/151\/2022\/02\/procedure-PIX4.jpg\" width=\"362\" height=\"110\" \/><\/a><\/span><\/span><\/strong><\/span><\/p>\r\n<p><strong>\u00a0<\/strong><a href=\"https:\/\/e-assr.education-securite-routiere.fr\/preparer\/assr\/1\/ASSR1\"><img loading=\"lazy\" decoding=\"async\" class=\"wp-image-13758 alignnone\" src=\"https:\/\/etab.ac-reunion.fr\/clg-jules-solesse\/wp-content\/uploads\/sites\/151\/2022\/10\/assr1-5e.jpg\" alt=\"\" width=\"391\" height=\"54\" srcset=\"https:\/\/etab.ac-reunion.fr\/clg-jules-solesse\/wp-content\/uploads\/sites\/151\/2022\/10\/assr1-5e.jpg 868w, https:\/\/etab.ac-reunion.fr\/clg-jules-solesse\/wp-content\/uploads\/sites\/151\/2022\/10\/assr1-5e-300x41.jpg 300w, https:\/\/etab.ac-reunion.fr\/clg-jules-solesse\/wp-content\/uploads\/sites\/151\/2022\/10\/assr1-5e-768x106.jpg 768w, https:\/\/etab.ac-reunion.fr\/clg-jules-solesse\/wp-content\/uploads\/sites\/151\/2022\/10\/assr1-5e-150x21.jpg 150w\" sizes=\"auto, (max-width: 391px) 100vw, 391px\" \/><\/a><\/p>\r\n<p><a href=\"https:\/\/e-assr.education-securite-routiere.fr\/preparer\/assr\/2\/ASSR2\"><img loading=\"lazy\" decoding=\"async\" class=\"wp-image-13759 alignnone\" src=\"https:\/\/etab.ac-reunion.fr\/clg-jules-solesse\/wp-content\/uploads\/sites\/151\/2022\/10\/assr2-3e.jpg\" alt=\"\" width=\"409\" height=\"60\" srcset=\"https:\/\/etab.ac-reunion.fr\/clg-jules-solesse\/wp-content\/uploads\/sites\/151\/2022\/10\/assr2-3e.jpg 928w, https:\/\/etab.ac-reunion.fr\/clg-jules-solesse\/wp-content\/uploads\/sites\/151\/2022\/10\/assr2-3e-300x44.jpg 300w, https:\/\/etab.ac-reunion.fr\/clg-jules-solesse\/wp-content\/uploads\/sites\/151\/2022\/10\/assr2-3e-768x113.jpg 768w, https:\/\/etab.ac-reunion.fr\/clg-jules-solesse\/wp-content\/uploads\/sites\/151\/2022\/10\/assr2-3e-150x22.jpg 150w\" sizes=\"auto, (max-width: 409px) 100vw, 409px\" \/>\u00a0\u00a0<\/a><\/p>\r\n<p>&nbsp;<\/p>\r\n<hr \/>\r\n<p><span style=\"font-family: 'trebuchet ms', geneva, sans-serif;color: #000080\"><strong><span style=\"font-size: 24pt\"><span style=\"color: #ab0505\">\u00a0ET TOUJOURS &#8230;LES BONUS DE LA DOC.\u00a0 \u00a0 \u00a0\u00a0 \u00a0\u00a0 \u00a0\u00a0 \u00a0\u00a0 <span style=\"font-size: 24pt;font-family: trebuchet ms, geneva, sans-serif\"><span style=\"color: #990b0b\"><a href=\"https:\/\/9740093h.esidoc.fr\/\"><img loading=\"lazy\" decoding=\"async\" class=\"wp-image-10314 alignright\" src=\"https:\/\/etab.ac-reunion.fr\/clg-jules-solesse\/wp-content\/uploads\/sites\/151\/2020\/06\/e-sidoc-bouton.jpg\" alt=\"\" width=\"316\" height=\"153\" srcset=\"https:\/\/etab.ac-reunion.fr\/clg-jules-solesse\/wp-content\/uploads\/sites\/151\/2020\/06\/e-sidoc-bouton.jpg 672w, https:\/\/etab.ac-reunion.fr\/clg-jules-solesse\/wp-content\/uploads\/sites\/151\/2020\/06\/e-sidoc-bouton-300x145.jpg 300w, https:\/\/etab.ac-reunion.fr\/clg-jules-solesse\/wp-content\/uploads\/sites\/151\/2020\/06\/e-sidoc-bouton-150x73.jpg 150w\" sizes=\"auto, (max-width: 316px) 100vw, 316px\" \/><\/a><\/span><\/span><\/span><\/span><\/strong><\/span><a href=\"https:\/\/etab.ac-reunion.fr\/clg-jules-solesse\/central-perles\/\"><span style=\"font-family: 'trebuchet ms', geneva, sans-serif;color: #000080\"><strong><span style=\"font-size: 24pt\"><span style=\"color: #ab0505\"><img loading=\"lazy\" decoding=\"async\" class=\"wp-image-17880 alignleft\" src=\"https:\/\/etab.ac-reunion.fr\/clg-jules-solesse\/wp-content\/uploads\/sites\/151\/2025\/06\/friends.png\" alt=\"\" width=\"211\" height=\"148\" srcset=\"https:\/\/etab.ac-reunion.fr\/clg-jules-solesse\/wp-content\/uploads\/sites\/151\/2025\/06\/friends.png 1019w, https:\/\/etab.ac-reunion.fr\/clg-jules-solesse\/wp-content\/uploads\/sites\/151\/2025\/06\/friends-300x210.png 300w, https:\/\/etab.ac-reunion.fr\/clg-jules-solesse\/wp-content\/uploads\/sites\/151\/2025\/06\/friends-768x537.png 768w, https:\/\/etab.ac-reunion.fr\/clg-jules-solesse\/wp-content\/uploads\/sites\/151\/2025\/06\/friends-150x105.png 150w\" sizes=\"auto, (max-width: 211px) 100vw, 211px\" \/><\/span><\/span><\/strong><\/span><\/a><\/p>\r\n<p><span style=\"font-family: 'trebuchet ms', geneva, sans-serif;color: #000080\"><strong><span style=\"font-size: 24pt\">\u00a0<\/span><\/strong><\/span><\/p>\r\n<p>&nbsp;<\/p>\r\n<p><a href=\"https:\/\/etab.ac-reunion.fr\/clg-jules-solesse\/la-visite-virtuelle-du-college\/\"><img loading=\"lazy\" decoding=\"async\" class=\"wp-image-10459 alignleft\" src=\"https:\/\/etab.ac-reunion.fr\/clg-jules-solesse\/wp-content\/uploads\/sites\/151\/2020\/06\/presentation-cm2-2.jpg\" alt=\"\" width=\"350\" height=\"239\" srcset=\"https:\/\/etab.ac-reunion.fr\/clg-jules-solesse\/wp-content\/uploads\/sites\/151\/2020\/06\/presentation-cm2-2.jpg 1068w, https:\/\/etab.ac-reunion.fr\/clg-jules-solesse\/wp-content\/uploads\/sites\/151\/2020\/06\/presentation-cm2-2-300x205.jpg 300w, https:\/\/etab.ac-reunion.fr\/clg-jules-solesse\/wp-content\/uploads\/sites\/151\/2020\/06\/presentation-cm2-2-1024x700.jpg 1024w, https:\/\/etab.ac-reunion.fr\/clg-jules-solesse\/wp-content\/uploads\/sites\/151\/2020\/06\/presentation-cm2-2-768x525.jpg 768w, https:\/\/etab.ac-reunion.fr\/clg-jules-solesse\/wp-content\/uploads\/sites\/151\/2020\/06\/presentation-cm2-2-150x103.jpg 150w\" sizes=\"auto, (max-width: 350px) 100vw, 350px\" \/><\/a><a href=\"https:\/\/etab.ac-reunion.fr\/clg-jules-solesse\/central-perles\/\"><img loading=\"lazy\" decoding=\"async\" class=\"wp-image-12899 alignleft\" src=\"https:\/\/etab.ac-reunion.fr\/clg-jules-solesse\/wp-content\/uploads\/sites\/151\/2022\/03\/perles.jpg\" alt=\"\" width=\"346\" height=\"129\" srcset=\"https:\/\/etab.ac-reunion.fr\/clg-jules-solesse\/wp-content\/uploads\/sites\/151\/2022\/03\/perles.jpg 365w, https:\/\/etab.ac-reunion.fr\/clg-jules-solesse\/wp-content\/uploads\/sites\/151\/2022\/03\/perles-300x112.jpg 300w, https:\/\/etab.ac-reunion.fr\/clg-jules-solesse\/wp-content\/uploads\/sites\/151\/2022\/03\/perles-150x56.jpg 150w\" sizes=\"auto, (max-width: 346px) 100vw, 346px\" \/><\/a><\/p>\r\n<p><a href=\"https:\/\/etab.ac-reunion.fr\/clg-jules-solesse\/le-cdi\/les-propositions-lecture-de-la-doc\/\"><img loading=\"lazy\" decoding=\"async\" class=\"wp-image-3771 alignright\" src=\"https:\/\/etab.ac-reunion.fr\/clg-jules-solesse\/wp-content\/uploads\/sites\/151\/2017\/11\/doc-logo-avec-titre.jpg\" alt=\"\" width=\"315\" height=\"225\" srcset=\"https:\/\/etab.ac-reunion.fr\/clg-jules-solesse\/wp-content\/uploads\/sites\/151\/2017\/11\/doc-logo-avec-titre.jpg 1017w, https:\/\/etab.ac-reunion.fr\/clg-jules-solesse\/wp-content\/uploads\/sites\/151\/2017\/11\/doc-logo-avec-titre-300x214.jpg 300w, https:\/\/etab.ac-reunion.fr\/clg-jules-solesse\/wp-content\/uploads\/sites\/151\/2017\/11\/doc-logo-avec-titre-768x547.jpg 768w, https:\/\/etab.ac-reunion.fr\/clg-jules-solesse\/wp-content\/uploads\/sites\/151\/2017\/11\/doc-logo-avec-titre-150x107.jpg 150w\" sizes=\"auto, (max-width: 315px) 100vw, 315px\" \/><\/a><\/p>\r\n<hr \/>\r\n<p><span style=\"font-family: 'trebuchet ms', geneva, sans-serif\"><strong><span style=\"font-size: 16pt\">INCONNUE ET POURTANT <br \/><\/span><\/strong><\/span><\/p>\r\n<p><img loading=\"lazy\" decoding=\"async\" class=\"wp-image-19407 alignleft\" src=\"https:\/\/etab.ac-reunion.fr\/clg-jules-solesse\/wp-content\/uploads\/sites\/151\/2026\/04\/RBG.jpg\" alt=\"\" width=\"134\" height=\"195\" srcset=\"https:\/\/etab.ac-reunion.fr\/clg-jules-solesse\/wp-content\/uploads\/sites\/151\/2026\/04\/RBG.jpg 553w, https:\/\/etab.ac-reunion.fr\/clg-jules-solesse\/wp-content\/uploads\/sites\/151\/2026\/04\/RBG-206x300.jpg 206w, https:\/\/etab.ac-reunion.fr\/clg-jules-solesse\/wp-content\/uploads\/sites\/151\/2026\/04\/RBG-103x150.jpg 103w\" sizes=\"auto, (max-width: 134px) 100vw, 134px\" \/>\u00a0 \u00a0 \u00a0 \u00a0 \u00a0 \u00a0 \u00a0 \u00a0 \u00a0 \u00a0 \u00a0 \u00a0 \u00a0 \u00a0 \u00a0 \u00a0 \u00a0 \u00a0 \u00a0 \u00a0 \u00a0 \u00a0 \u00a0 \u00a0 \u00a0 \u00a0 \u00a0<\/p>\r\n<p><span style=\"font-family: trebuchet ms, geneva, sans-serif;font-size: 14pt\"><strong>Ruth Bader Ginsburg<\/strong> 1933-2020. Avocate, juriste, universitaire et juge \u00e9tat-unienne, elle a \u00e9t\u00e9 membre de la Cour supr\u00eame des \u00c9tats-Unis de 1993 \u00e0 2020. En 1970, elle co-fonde le \u00ab\u00a0Women&rsquo;s Rights Law Reporter\u00a0\u00bb, premier journal am\u00e9ricain qui se concentre exclusivement sur les droits des femmes . Elle est nomm\u00e9e \u00e0 la Cour supr\u00eame en 1993 par le pr\u00e9sident Bill Clinton. Elle est alors la deuxi\u00e8me femme \u00e0 si\u00e9ger \u00e0 la Cour supr\u00eame apr\u00e8s Sandra Day O&rsquo;Connor. Alli\u00e9e des D\u00e9mocrates, elle est connue pour ses prises de position progressistes notamment en faveur des femmes et des minorit\u00e9s.\u00a0 <a href=\"https:\/\/etab.ac-reunion.fr\/clg-jules-solesse\/wp-content\/uploads\/sites\/151\/2026\/04\/Inconnue-et-pourtant-Ruth-Bader-Ginsburg.pdf\"><span style=\"font-size: 18pt\"><strong><span style=\"font-size: 16pt\">Pour en savoir+<\/span><\/strong><\/span><\/a><\/span><\/p>\r\n<hr \/>\r\n<p><span style=\"font-size: 16pt\"><strong>LES CITATIONS<\/strong><\/span><\/p>\r\n<p><span style=\"font-size: 16pt;font-family: trebuchet ms, geneva, sans-serif\">\u00ab\u00a0Battez-vous pour les choses qui vous tiennent \u00e0 coeur, mais faites-le d&rsquo;une mani\u00e8re qui incitera les autres \u00e0 vous rejoindre.\u00a0\u00bb\u00a0 \u00a0 \u00a0 \u00a0 \u00a0 \u00a0 \u00a0 \u00a0 \u00a0 \u00a0 \u00a0 \u00a0 \u00a0Ruth Bader Ginsburg\u00a0<\/span><\/p>\r\n<hr \/>\r\n<p><a href=\"https:\/\/etab.ac-reunion.fr\/clg-jules-solesse\/les-zinfos-culturelles\/\"><img loading=\"lazy\" decoding=\"async\" class=\" wp-image-7212 alignleft\" src=\"https:\/\/etab.ac-reunion.fr\/clg-jules-solesse\/wp-content\/uploads\/sites\/151\/2019\/02\/zinfos.jpg\" alt=\"\" width=\"261\" height=\"134\" srcset=\"https:\/\/etab.ac-reunion.fr\/clg-jules-solesse\/wp-content\/uploads\/sites\/151\/2019\/02\/zinfos.jpg 444w, https:\/\/etab.ac-reunion.fr\/clg-jules-solesse\/wp-content\/uploads\/sites\/151\/2019\/02\/zinfos-300x154.jpg 300w, https:\/\/etab.ac-reunion.fr\/clg-jules-solesse\/wp-content\/uploads\/sites\/151\/2019\/02\/zinfos-150x77.jpg 150w\" sizes=\"auto, (max-width: 261px) 100vw, 261px\" \/><\/a><a href=\"https:\/\/etab.ac-reunion.fr\/clg-jules-solesse\/inconnues-et-pourtant-portraits-de-femmes-oubliees-de-lhistoire\/\"><img loading=\"lazy\" decoding=\"async\" class=\"wp-image-9261 alignleft\" src=\"https:\/\/etab.ac-reunion.fr\/clg-jules-solesse\/wp-content\/uploads\/sites\/151\/2020\/03\/logo-archives-inconnues3.jpg\" alt=\"\" width=\"227\" height=\"237\" srcset=\"https:\/\/etab.ac-reunion.fr\/clg-jules-solesse\/wp-content\/uploads\/sites\/151\/2020\/03\/logo-archives-inconnues3.jpg 493w, https:\/\/etab.ac-reunion.fr\/clg-jules-solesse\/wp-content\/uploads\/sites\/151\/2020\/03\/logo-archives-inconnues3-288x300.jpg 288w, https:\/\/etab.ac-reunion.fr\/clg-jules-solesse\/wp-content\/uploads\/sites\/151\/2020\/03\/logo-archives-inconnues3-144x150.jpg 144w\" sizes=\"auto, (max-width: 227px) 100vw, 227px\" \/> <\/a><a href=\"https:\/\/etab.ac-reunion.fr\/clg-jules-solesse\/solesse-et-sacs-a-dos-2\/\"><img loading=\"lazy\" decoding=\"async\" class=\"wp-image-7240 alignright\" src=\"https:\/\/etab.ac-reunion.fr\/clg-jules-solesse\/wp-content\/uploads\/sites\/151\/2019\/02\/solesse-sac-dos.jpg\" alt=\"\" width=\"315\" height=\"95\" srcset=\"https:\/\/etab.ac-reunion.fr\/clg-jules-solesse\/wp-content\/uploads\/sites\/151\/2019\/02\/solesse-sac-dos.jpg 981w, https:\/\/etab.ac-reunion.fr\/clg-jules-solesse\/wp-content\/uploads\/sites\/151\/2019\/02\/solesse-sac-dos-300x91.jpg 300w, https:\/\/etab.ac-reunion.fr\/clg-jules-solesse\/wp-content\/uploads\/sites\/151\/2019\/02\/solesse-sac-dos-768x232.jpg 768w, https:\/\/etab.ac-reunion.fr\/clg-jules-solesse\/wp-content\/uploads\/sites\/151\/2019\/02\/solesse-sac-dos-150x45.jpg 150w\" sizes=\"auto, (max-width: 315px) 100vw, 315px\" \/><\/a><\/p>\r\n\r\n<p>&nbsp;<\/p>\r\n\r\n<p><a href=\"https:\/\/etab.ac-reunion.fr\/clg-jules-solesse\/les-citations\/\"><img loading=\"lazy\" decoding=\"async\" class=\"size-full wp-image-1226 alignleft\" src=\"https:\/\/etab.ac-reunion.fr\/clg-jules-solesse\/wp-content\/uploads\/sites\/151\/2016\/12\/ardoisecitation3.jpg\" alt=\"\" width=\"134\" height=\"143\" \/><\/a><\/p>\r\n<p>&nbsp;<\/p>\r\n<p>&nbsp;<\/p>\r\n<p><span style=\"font-size: 16pt;font-family: impact, sans-serif\">ARCHIVES <\/span><\/p>\r\n<p>&nbsp;<\/p>\r\n<p>&nbsp;<\/p>\r\n<p>&nbsp;<\/p>\r\n<p>&nbsp;<\/p>\r\n<p>&nbsp;<\/p>\r\n<hr \/>\r\n<p>&nbsp;<\/p>\r\n","protected":false},"excerpt":{"rendered":"<p>CA BOUGE A SOLESSE \u00a0 \u00a0 \u00a0 \u00a0 \u00a0 \u00a0 \u00a0 \u00a0 \u00a0 \u00a0 \u00a0 \u00a0 \u00a0 \u00a0 \u00a0 \u00a0 \u00a0 \u00a0 \u00a0 \u00a0 \u00a0 \u00a0 \u00a0 \u00a0 \u00a0 \u00a0 \u00a0 \u00a0 \u00a0 \u00a0\u00a0 \u00a0ACTUALIT\u00c9\u00a0 PRODUCTIONS D&rsquo;\u00c9L\u00c8VES A LA UNE \u00a0 \u00a0 \u00a0 \u00a0 \u00a0 \u00a0 \u00a0 \u00a0 \u00a0 \u00a0\u00a0\u2026<\/p>\n<p class=\"continue-reading-button\"> <a class=\"continue-reading-link\" href=\"https:\/\/etab.ac-reunion.fr\/clg-jules-solesse\/william-logoras-notre-chef-de-maintenance-a-couru-le-marathon-de-paris\/\">Continue reading<i class=\"crycon-right-dir\"><\/i><\/a><\/p>\n","protected":false},"author":13197,"featured_media":0,"parent":0,"menu_order":0,"comment_status":"closed","ping_status":"closed","template":"templates\/template-threecolumns-right.php","meta":{"footnotes":""},"class_list":["post-796","page","type-page","status-publish","hentry"],"_links":{"self":[{"href":"https:\/\/etab.ac-reunion.fr\/clg-jules-solesse\/wp-json\/wp\/v2\/pages\/796","targetHints":{"allow":["GET"]}}],"collection":[{"href":"https:\/\/etab.ac-reunion.fr\/clg-jules-solesse\/wp-json\/wp\/v2\/pages"}],"about":[{"href":"https:\/\/etab.ac-reunion.fr\/clg-jules-solesse\/wp-json\/wp\/v2\/types\/page"}],"author":[{"embeddable":true,"href":"https:\/\/etab.ac-reunion.fr\/clg-jules-solesse\/wp-json\/wp\/v2\/users\/13197"}],"replies":[{"embeddable":true,"href":"https:\/\/etab.ac-reunion.fr\/clg-jules-solesse\/wp-json\/wp\/v2\/comments?post=796"}],"version-history":[{"count":2389,"href":"https:\/\/etab.ac-reunion.fr\/clg-jules-solesse\/wp-json\/wp\/v2\/pages\/796\/revisions"}],"predecessor-version":[{"id":19730,"href":"https:\/\/etab.ac-reunion.fr\/clg-jules-solesse\/wp-json\/wp\/v2\/pages\/796\/revisions\/19730"}],"wp:attachment":[{"href":"https:\/\/etab.ac-reunion.fr\/clg-jules-solesse\/wp-json\/wp\/v2\/media?parent=796"}],"curies":[{"name":"wp","href":"https:\/\/api.w.org\/{rel}","templated":true}]}}