{"id":18692,"date":"2022-01-28T14:12:31","date_gmt":"2022-01-28T10:12:31","guid":{"rendered":"http:\/\/college-lamontagne.ac-reunion.fr\/?page_id=18692"},"modified":"2025-12-01T08:05:47","modified_gmt":"2025-12-01T04:05:47","slug":"lorientation-apres-la-troisieme","status":"publish","type":"page","link":"https:\/\/etab.ac-reunion.fr\/clg-la-montagne\/lorientation-apres-la-troisieme\/","title":{"rendered":"Orientation apr\u00e8s la troisi\u00e8me"},"content":{"rendered":"<p style=\"text-align: left\"><strong>\u00a0 \u00a0 \u00a0 \u00a0 \u00a0 \u00a0\u00a0<\/strong>Mesdames, Messieurs, Chers Parents,<\/p>\n<p style=\"text-align: left\">Si votre enfant est en classe de 3\u00e8me, vous pouvez \u00e0 compter du 1er D\u00e9cembre 2025, et<strong> avant le 27 F\u00e9vrier 2025<\/strong>, renseigner le choix d\u2019orientation pour l\u2019ann\u00e9e scolaire prochaine.<\/p>\n<p style=\"text-align: left\">Connectez-vous avec votre compte EDUCONNECT ou avec FranceCONNECT sur <a href=\"http:\/\/teleservices.education.gouv.fr\">teleservices.education.gouv.fr<\/a> en cliquant sur \u00ab Repr\u00e9sentant l\u00e9gal \u00bb.<br \/>\nVous avez la possibilit\u00e9 de faire jusqu\u2019\u00e0 trois choix d\u2019orientation :<br \/>\n\u2022 2nde g\u00e9n\u00e9rale ou technologique<br \/>\n\u2022 2nde professionnelle<br \/>\n\u2022 1\u00e8re ann\u00e9e de CAP<br \/>\nPour toute question, n\u2019h\u00e9sitez pas \u00e0 vous rapprocher du professeur principal de la classe concern\u00e9e.<\/p>\n<p style=\"text-align: left\">\u00a0 \u00a0 \u00a0Convaincu de tout l\u2019int\u00e9r\u00eat que vous portez \u00e0 la scolarit\u00e9 de votre enfant, je vous prie de croire, Madame, Monsieur, \u00e0 l\u2019expression de ma haute consid\u00e9ration.<br \/>\nLe Principal<br \/>\nEdouard GOKALSING<\/p>\n<p>&nbsp;<\/p>\n<p>Pour utiliser EDUCONNECT, vous trouverez un tutoriel ici: <a href=\"https:\/\/etab.ac-reunion.fr\/clg-la-montagne\/educonnect-2\/\">https:\/\/etab.ac-reunion.fr\/clg-la-montagne\/educonnect-2\/<\/a><\/p>\n<p>Vous pouvez activer ou r\u00e9activer votre compte Educonnect en utilisant le num\u00e9ro de t\u00e9l\u00e9phone donn\u00e9 \u00e0 l\u2019inscription.<br \/>\nM. Bastien PAILLARD AED TICE ( Informaticien ) se tient \u00e0 votre disposition pour vous accompagner en cas de probl\u00e8me.<br \/>\nMail : <a href=\"mailto:bastien.paillard@ac-reunion.fr\">bastien.paillard@ac-reunion.fr<\/a><\/p>\n<a href=\"https:\/\/etab.ac-reunion.fr\/clg-la-montagne\/wp-content\/uploads\/sites\/74\/2025\/12\/Note-aux-parents-deleves-Orientation-3e.pdf\" class=\"pdfemb-viewer\" style=\"\" data-width=\"max\" data-height=\"max\" data-toolbar=\"bottom\" data-toolbar-fixed=\"off\">Note aux parents d&#039;\u00e9l\u00e8ves - Orientation 3e<\/a>\n<a href=\"https:\/\/etab.ac-reunion.fr\/clg-la-montagne\/wp-content\/uploads\/sites\/74\/2025\/12\/draio-2025-flyer-tso-3e-47916.pdf\" class=\"pdfemb-viewer\" style=\"\" data-width=\"max\" data-height=\"max\" data-toolbar=\"bottom\" data-toolbar-fixed=\"off\">draio---2025-flyer-tso-3e-47916<\/a>\n<p>Consultez le tutoriel complet des \u00e9tapes \u00e0 suivre pour demander une voie d&rsquo;orientation apr\u00e8s la 3\u00e8me:<\/p>\n<p>&nbsp;<\/p>\n<p><a href=\"https:\/\/etab.ac-reunion.fr\/clg-la-montagne\/wp-content\/uploads\/sites\/74\/2025\/03\/presentation_orientation_affectationlycee_3e_2025.pdf\">Orientation phase d\u00e9finitive 3e 2024-2025.pdf<\/a><\/p>\n<a href=\"https:\/\/etab.ac-reunion.fr\/clg-la-montagne\/wp-content\/uploads\/sites\/74\/2025\/03\/presentation_orientation_affectationlycee_3e_2025.pdf\" class=\"pdfemb-viewer\" style=\"\" data-width=\"max\" data-height=\"max\" data-toolbar=\"bottom\" data-toolbar-fixed=\"off\">presentation_orientation_affectationlycee_3e_2025<\/a>\n<p>&nbsp;<\/p>\n<p><a href=\"https:\/\/regionreunion.com\/IMG\/pdf\/web-ma_voie_apres_la_3e_-_2025-region_reunion.pdf\">Orient&rsquo;A Nou 2025.pdf<\/a><\/p>\n<a href=\"https:\/\/etab.ac-reunion.fr\/clg-la-montagne\/wp-content\/uploads\/sites\/74\/2025\/04\/BROCHURE-Ma-voie-apres-la-3e-2025_compressed.pdf\" class=\"pdfemb-viewer\" style=\"\" data-width=\"max\" data-height=\"max\" data-toolbar=\"bottom\" data-toolbar-fixed=\"off\">BROCHURE - Ma voie apres la 3e - 2025_compressed<\/a>\n","protected":false},"excerpt":{"rendered":"<p>\u00a0 \u00a0 \u00a0 \u00a0 \u00a0 \u00a0\u00a0Mesdames, Messieurs, Chers Parents, Si votre enfant est en classe de 3\u00e8me, vous pouvez \u00e0 compter du 1er D\u00e9cembre 2025, et avant le 27 F\u00e9vrier 2025, renseigner le choix d\u2019orientation pour l\u2019ann\u00e9e scolaire prochaine. Connectez-vous avec votre compte EDUCONNECT ou avec FranceCONNECT sur teleservices.education.gouv.fr en&#8230;<\/p>\n<p> <a class=\"continue-reading-link\" href=\"https:\/\/etab.ac-reunion.fr\/clg-la-montagne\/lorientation-apres-la-troisieme\/\"><span>Lire plus<\/span><i class=\"crycon-right-dir\"><\/i><\/a> <\/p>\n","protected":false},"author":28689,"featured_media":0,"parent":0,"menu_order":0,"comment_status":"closed","ping_status":"closed","template":"","meta":{"footnotes":""},"class_list":["post-18692","page","type-page","status-publish","hentry"],"_links":{"self":[{"href":"https:\/\/etab.ac-reunion.fr\/clg-la-montagne\/wp-json\/wp\/v2\/pages\/18692","targetHints":{"allow":["GET"]}}],"collection":[{"href":"https:\/\/etab.ac-reunion.fr\/clg-la-montagne\/wp-json\/wp\/v2\/pages"}],"about":[{"href":"https:\/\/etab.ac-reunion.fr\/clg-la-montagne\/wp-json\/wp\/v2\/types\/page"}],"author":[{"embeddable":true,"href":"https:\/\/etab.ac-reunion.fr\/clg-la-montagne\/wp-json\/wp\/v2\/users\/28689"}],"replies":[{"embeddable":true,"href":"https:\/\/etab.ac-reunion.fr\/clg-la-montagne\/wp-json\/wp\/v2\/comments?post=18692"}],"version-history":[{"count":15,"href":"https:\/\/etab.ac-reunion.fr\/clg-la-montagne\/wp-json\/wp\/v2\/pages\/18692\/revisions"}],"predecessor-version":[{"id":19749,"href":"https:\/\/etab.ac-reunion.fr\/clg-la-montagne\/wp-json\/wp\/v2\/pages\/18692\/revisions\/19749"}],"wp:attachment":[{"href":"https:\/\/etab.ac-reunion.fr\/clg-la-montagne\/wp-json\/wp\/v2\/media?parent=18692"}],"curies":[{"name":"wp","href":"https:\/\/api.w.org\/{rel}","templated":true}]}}