{"id":949,"date":"2014-06-09T10:55:03","date_gmt":"2014-06-09T06:55:03","guid":{"rendered":"http:\/\/wpetab.ac-reunion.fr\/les-mascareignes\/wp-content\/uploads\/sites\/21\/2014\/06\/images.jpg"},"modified":"2014-06-09T10:55:03","modified_gmt":"2014-06-09T06:55:03","slug":"images","status":"inherit","type":"attachment","link":"https:\/\/etab.ac-reunion.fr\/clg-les-mascareignes\/images\/","title":{"rendered":"Frida KAHLO, une autre vision de la maternit\u00e9&#8230;"},"author":1916,"featured_media":0,"comment_status":"open","ping_status":"open","template":"","meta":[],"class_list":["post-949","attachment","type-attachment","status-inherit","hentry"],"description":{"rendered":"<p class=\"attachment\"><a href='https:\/\/etab.ac-reunion.fr\/clg-les-mascareignes\/wp-content\/uploads\/sites\/21\/2014\/06\/images.jpg'><img loading=\"lazy\" decoding=\"async\" width=\"194\" height=\"259\" src=\"https:\/\/etab.ac-reunion.fr\/clg-les-mascareignes\/wp-content\/uploads\/sites\/21\/2014\/06\/images.jpg\" class=\"attachment-medium size-medium\" alt=\"Cette phot en gro splan de Frida KAHLO r\u00e9sume parfaitement l&#039;image de la mexicaine type qu&#039;a cherch\u00e9 \u00e0 toujours v\u00e9hiculer cette artiste pour affirmer son attachement au folklore de son pays : couronne de tresses, bijoux exotiques, robes fleuries et sourcils \u00e9pais, marque de fabrique incontournable de ce peintre \u00e0 l&#039;univers si unique...\" \/><\/a><\/p>\n"},"caption":{"rendered":"<p> <a class=\"continue-reading-link\" href=\"https:\/\/etab.ac-reunion.fr\/clg-les-mascareignes\/images\/\"><span>Lire la suite<\/span><i class=\"crycon-right-dir\"><\/i><\/a> <\/p>\n"},"alt_text":"Cette phot en gro splan de Frida KAHLO r\u00e9sume parfaitement l'image de la mexicaine type qu'a cherch\u00e9 \u00e0 toujours v\u00e9hiculer cette artiste pour affirmer son attachement au folklore de son pays : couronne de tresses, bijoux exotiques, robes fleuries et sourcils \u00e9pais, marque de fabrique incontournable de ce peintre \u00e0 l'univers si unique...","media_type":"image","mime_type":"image\/jpeg","media_details":{"width":194,"height":259,"file":"2014\/06\/images.jpg","sizes":{"thumbnail":{"file":"images-150x150.jpg","width":150,"height":150,"mime_type":"image\/jpeg","source_url":"https:\/\/etab.ac-reunion.fr\/clg-les-mascareignes\/wp-content\/uploads\/sites\/21\/2014\/06\/images-150x150.jpg"},"et-blog-thumb":{"file":"images-194x210.jpg","width":194,"height":210,"mime_type":"image\/jpeg","source_url":"https:\/\/etab.ac-reunion.fr\/clg-les-mascareignes\/wp-content\/uploads\/sites\/21\/2014\/06\/images-194x210.jpg"},"et-widget-fromblog-thumb":{"file":"images-37x37.jpg","width":37,"height":37,"mime_type":"image\/jpeg","source_url":"https:\/\/etab.ac-reunion.fr\/clg-les-mascareignes\/wp-content\/uploads\/sites\/21\/2014\/06\/images-37x37.jpg"},"et-video-slider-thumb":{"file":"images-136x77.jpg","width":136,"height":77,"mime_type":"image\/jpeg","source_url":"https:\/\/etab.ac-reunion.fr\/clg-les-mascareignes\/wp-content\/uploads\/sites\/21\/2014\/06\/images-136x77.jpg"},"et-home-image-thumb":{"file":"images-128x128.jpg","width":128,"height":128,"mime_type":"image\/jpeg","source_url":"https:\/\/etab.ac-reunion.fr\/clg-les-mascareignes\/wp-content\/uploads\/sites\/21\/2014\/06\/images-128x128.jpg"},"et-blog-page-thumb":{"file":"images-184x184.jpg","width":184,"height":184,"mime_type":"image\/jpeg","source_url":"https:\/\/etab.ac-reunion.fr\/clg-les-mascareignes\/wp-content\/uploads\/sites\/21\/2014\/06\/images-184x184.jpg"},"et-gallery-page-thumb":{"file":"images-194x136.jpg","width":194,"height":136,"mime_type":"image\/jpeg","source_url":"https:\/\/etab.ac-reunion.fr\/clg-les-mascareignes\/wp-content\/uploads\/sites\/21\/2014\/06\/images-194x136.jpg"},"et-portfolio-medium-page-thumb":{"file":"images-194x170.jpg","width":194,"height":170,"mime_type":"image\/jpeg","source_url":"https:\/\/etab.ac-reunion.fr\/clg-les-mascareignes\/wp-content\/uploads\/sites\/21\/2014\/06\/images-194x170.jpg"},"et-portfolio-small-page-thumb":{"file":"images-140x94.jpg","width":140,"height":94,"mime_type":"image\/jpeg","source_url":"https:\/\/etab.ac-reunion.fr\/clg-les-mascareignes\/wp-content\/uploads\/sites\/21\/2014\/06\/images-140x94.jpg"},"et-portfolio-small-portrait-page-thumb":{"file":"images-140x170.jpg","width":140,"height":170,"mime_type":"image\/jpeg","source_url":"https:\/\/etab.ac-reunion.fr\/clg-les-mascareignes\/wp-content\/uploads\/sites\/21\/2014\/06\/images-140x170.jpg"},"full":{"file":"images.jpg","width":194,"height":259,"mime_type":"image\/jpeg","source_url":"https:\/\/etab.ac-reunion.fr\/clg-les-mascareignes\/wp-content\/uploads\/sites\/21\/2014\/06\/images.jpg"}},"image_meta":{"aperture":0,"credit":"","camera":"","caption":"","created_timestamp":0,"copyright":"","focal_length":0,"iso":0,"shutter_speed":0,"title":""}},"post":null,"source_url":"https:\/\/etab.ac-reunion.fr\/clg-les-mascareignes\/wp-content\/uploads\/sites\/21\/2014\/06\/images.jpg","_links":{"self":[{"href":"https:\/\/etab.ac-reunion.fr\/clg-les-mascareignes\/wp-json\/wp\/v2\/media\/949","targetHints":{"allow":["GET"]}}],"collection":[{"href":"https:\/\/etab.ac-reunion.fr\/clg-les-mascareignes\/wp-json\/wp\/v2\/media"}],"about":[{"href":"https:\/\/etab.ac-reunion.fr\/clg-les-mascareignes\/wp-json\/wp\/v2\/types\/attachment"}],"author":[{"embeddable":true,"href":"https:\/\/etab.ac-reunion.fr\/clg-les-mascareignes\/wp-json\/wp\/v2\/users\/1916"}]}}