{"id":4913,"date":"2022-11-03T04:58:27","date_gmt":"2022-11-03T04:58:27","guid":{"rendered":"https:\/\/etab.ac-reunion.fr\/clg-paul-hermann\/?page_id=4913"},"modified":"2022-11-03T05:28:28","modified_gmt":"2022-11-03T05:28:28","slug":"presentation","status":"publish","type":"page","link":"https:\/\/etab.ac-reunion.fr\/clg-paul-hermann\/yoga-au-college\/presentation\/","title":{"rendered":"Pr\u00e9sentation du Yoga"},"content":{"rendered":"<p><span style=\"color: #000000\"><span style=\"font-family: Times-Roman, serif\"><span style=\"font-size: x-large\">Cette ann\u00e9e encore, le coll\u00e8ge Paul Hermann &#8211; sous l&rsquo;impulsion de son principal Lionel Mailfert &#8211; a mis en place des s\u00e9ances de yoga-relaxation pour les \u00e9l\u00e8ves et le personnel.<\/span><\/span><\/span><\/p>\n<p><span style=\"color: #000000\"><span style=\"font-family: Times-Roman, serif\"><span style=\"font-size: x-large\">Elle re\u00e7oivent un grand succ\u00e8s. En effet, pas moins de 7 heures hebdomadaires sont d\u00e9j\u00e0 dispens\u00e9es par les deux enseignantes de yoga, Elisabeth Hoarau et Tiphaine Poulain, toutes deux professeures dipl\u00f4m\u00e9es de l\u2019Association R\u00e9unionnaise de Yoga &#8211; <\/span><\/span><\/span><a href=\"http:\/\/www.yogary.fr\/\"><span style=\"color: #094fd1\"><span style=\"font-family: Times-Roman, serif\"><span style=\"font-size: x-large\"><u>www.yogary.fr<\/u><\/span><\/span><\/span><\/a><\/p>\n<p><span style=\"color: #000000\"><span style=\"font-family: Times-Roman, serif\"><span style=\"font-size: x-large\">Sont concern\u00e9s les \u00e9l\u00e8ves de la section Ulis, diff\u00e9rentes classes de Segpa et d\u2019autres classes qui prennent ce temps sur l\u2019heure de vie de classe. En effet, l\u2019impact de cette activit\u00e9 est prouv\u00e9e et permet aux \u00e9l\u00e8ves d\u2019\u00eatre plus \u00e0 l\u2019aise dans leur corps, de s\u2019apaiser dans une ambiance calme et sereine, de mieux se conna\u00eetre et mieux se sentir,<\/span><\/span><\/span> <span style=\"color: #000000\"><span style=\"font-family: Times-Roman, serif\"><span style=\"font-size: x-large\">de se concentrer davantage et de mieux vivre ensemble.<\/span><\/span><\/span><\/p>\n<p><span style=\"color: #000000\"><span style=\"font-family: Times-Roman, serif\"><span style=\"font-size: x-large\">De plus, cette ann\u00e9e, des s\u00e9ances sont ouvertes aux \u00e9l\u00e8ves volontaires s\u2019ils n\u2019ont pas cours sur ces cr\u00e9neaux propos\u00e9s ou si un professeur est absent.<\/span><\/span><\/span><\/p>\n<p><span style=\"color: #000000\"><span style=\"font-family: Times-Roman, serif\"><span style=\"font-size: x-large\">Pour cette rentr\u00e9e, les \u00e9l\u00e8ves de la nouvelle section internationale britannique 6\u00e8me SIB b\u00e9n\u00e9ficie d\u2019un enseignement de yoga en anglais. Une classe de 3\u00e8me re\u00e7oit \u00e9galement des s\u00e9ances de yoga en anglais.<\/span><\/span><\/span><\/p>\n\n\t\t<style type=\"text\/css\">\n\t\t\t#gallery-1 {\n\t\t\t\tmargin: auto;\n\t\t\t}\n\t\t\t#gallery-1 .gallery-item {\n\t\t\t\tfloat: left;\n\t\t\t\tmargin-top: 10px;\n\t\t\t\ttext-align: center;\n\t\t\t\twidth: 25%;\n\t\t\t}\n\t\t\t#gallery-1 img {\n\t\t\t\tborder: 2px solid #cfcfcf;\n\t\t\t}\n\t\t\t#gallery-1 .gallery-caption {\n\t\t\t\tmargin-left: 0;\n\t\t\t}\n\t\t\t\/* see gallery_shortcode() in wp-includes\/media.php *\/\n\t\t<\/style>\n\t\t<div id='gallery-1' class='gallery galleryid-4913 gallery-columns-4 gallery-size-thumbnail'><dl class='gallery-item'>\n\t\t\t<dt class='gallery-icon portrait'>\n\t\t\t\t<a href='https:\/\/etab.ac-reunion.fr\/clg-paul-hermann\/wp-content\/uploads\/sites\/120\/2022\/11\/Candle-pose-SIB-scaled.jpg'><img loading=\"lazy\" decoding=\"async\" width=\"150\" height=\"150\" src=\"https:\/\/etab.ac-reunion.fr\/clg-paul-hermann\/wp-content\/uploads\/sites\/120\/2022\/11\/Candle-pose-SIB-150x150.jpg\" class=\"attachment-thumbnail size-thumbnail\" alt=\"\" srcset=\"https:\/\/etab.ac-reunion.fr\/clg-paul-hermann\/wp-content\/uploads\/sites\/120\/2022\/11\/Candle-pose-SIB-150x150.jpg 150w, https:\/\/etab.ac-reunion.fr\/clg-paul-hermann\/wp-content\/uploads\/sites\/120\/2022\/11\/Candle-pose-SIB-400x400.jpg 400w\" sizes=\"auto, (max-width: 150px) 100vw, 150px\" \/><\/a>\n\t\t\t<\/dt><\/dl><dl class='gallery-item'>\n\t\t\t<dt class='gallery-icon landscape'>\n\t\t\t\t<a href='https:\/\/etab.ac-reunion.fr\/clg-paul-hermann\/wp-content\/uploads\/sites\/120\/2022\/11\/coeur-ciel.png'><img loading=\"lazy\" decoding=\"async\" width=\"150\" height=\"150\" src=\"https:\/\/etab.ac-reunion.fr\/clg-paul-hermann\/wp-content\/uploads\/sites\/120\/2022\/11\/coeur-ciel-150x150.png\" class=\"attachment-thumbnail size-thumbnail\" alt=\"\" srcset=\"https:\/\/etab.ac-reunion.fr\/clg-paul-hermann\/wp-content\/uploads\/sites\/120\/2022\/11\/coeur-ciel-150x150.png 150w, https:\/\/etab.ac-reunion.fr\/clg-paul-hermann\/wp-content\/uploads\/sites\/120\/2022\/11\/coeur-ciel-400x400.png 400w\" sizes=\"auto, (max-width: 150px) 100vw, 150px\" \/><\/a>\n\t\t\t<\/dt><\/dl><dl class='gallery-item'>\n\t\t\t<dt class='gallery-icon landscape'>\n\t\t\t\t<a href='https:\/\/etab.ac-reunion.fr\/clg-paul-hermann\/wp-content\/uploads\/sites\/120\/2022\/11\/Infos-yoga-college3.png'><img loading=\"lazy\" decoding=\"async\" width=\"150\" height=\"150\" src=\"https:\/\/etab.ac-reunion.fr\/clg-paul-hermann\/wp-content\/uploads\/sites\/120\/2022\/11\/Infos-yoga-college3-150x150.png\" class=\"attachment-thumbnail size-thumbnail\" alt=\"\" srcset=\"https:\/\/etab.ac-reunion.fr\/clg-paul-hermann\/wp-content\/uploads\/sites\/120\/2022\/11\/Infos-yoga-college3-150x150.png 150w, https:\/\/etab.ac-reunion.fr\/clg-paul-hermann\/wp-content\/uploads\/sites\/120\/2022\/11\/Infos-yoga-college3-400x400.png 400w\" sizes=\"auto, (max-width: 150px) 100vw, 150px\" \/><\/a>\n\t\t\t<\/dt><\/dl><dl class='gallery-item'>\n\t\t\t<dt class='gallery-icon landscape'>\n\t\t\t\t<a href='https:\/\/etab.ac-reunion.fr\/clg-paul-hermann\/wp-content\/uploads\/sites\/120\/2022\/11\/Yama.png'><img loading=\"lazy\" decoding=\"async\" width=\"150\" height=\"150\" src=\"https:\/\/etab.ac-reunion.fr\/clg-paul-hermann\/wp-content\/uploads\/sites\/120\/2022\/11\/Yama-150x150.png\" class=\"attachment-thumbnail size-thumbnail\" alt=\"\" srcset=\"https:\/\/etab.ac-reunion.fr\/clg-paul-hermann\/wp-content\/uploads\/sites\/120\/2022\/11\/Yama-150x150.png 150w, https:\/\/etab.ac-reunion.fr\/clg-paul-hermann\/wp-content\/uploads\/sites\/120\/2022\/11\/Yama-400x400.png 400w\" sizes=\"auto, (max-width: 150px) 100vw, 150px\" \/><\/a>\n\t\t\t<\/dt><\/dl><br style=\"clear: both\" \/><dl class='gallery-item'>\n\t\t\t<dt class='gallery-icon landscape'>\n\t\t\t\t<a href='https:\/\/etab.ac-reunion.fr\/clg-paul-hermann\/wp-content\/uploads\/sites\/120\/2022\/11\/Yoga-no-stress.png'><img loading=\"lazy\" decoding=\"async\" width=\"150\" height=\"150\" src=\"https:\/\/etab.ac-reunion.fr\/clg-paul-hermann\/wp-content\/uploads\/sites\/120\/2022\/11\/Yoga-no-stress-150x150.png\" class=\"attachment-thumbnail size-thumbnail\" alt=\"\" srcset=\"https:\/\/etab.ac-reunion.fr\/clg-paul-hermann\/wp-content\/uploads\/sites\/120\/2022\/11\/Yoga-no-stress-150x150.png 150w, https:\/\/etab.ac-reunion.fr\/clg-paul-hermann\/wp-content\/uploads\/sites\/120\/2022\/11\/Yoga-no-stress-400x400.png 400w\" sizes=\"auto, (max-width: 150px) 100vw, 150px\" \/><\/a>\n\t\t\t<\/dt><\/dl>\n\t\t\t<br style='clear: both' \/>\n\t\t<\/div>\n\n","protected":false},"excerpt":{"rendered":"<p>Cette ann\u00e9e encore, le coll\u00e8ge Paul Hermann &#8211; sous l&rsquo;impulsion de son principal Lionel Mailfert &#8211; a mis en place des s\u00e9ances de yoga-relaxation pour les \u00e9l\u00e8ves et le personnel. Elle re\u00e7oivent un grand succ\u00e8s. En effet, pas moins de 7 heures hebdomadaires sont d\u00e9j\u00e0 dispens\u00e9es par les deux enseignantes&#8230;<\/p>\n<p> <a class=\"continue-reading-link\" href=\"https:\/\/etab.ac-reunion.fr\/clg-paul-hermann\/yoga-au-college\/presentation\/\"><span>Continue reading<\/span><i class=\"crycon-right-dir\"><\/i><\/a> <\/p>\n","protected":false},"author":5737,"featured_media":4928,"parent":4916,"menu_order":0,"comment_status":"closed","ping_status":"closed","template":"","meta":{"footnotes":""},"class_list":["post-4913","page","type-page","status-publish","has-post-thumbnail","hentry"],"_links":{"self":[{"href":"https:\/\/etab.ac-reunion.fr\/clg-paul-hermann\/wp-json\/wp\/v2\/pages\/4913","targetHints":{"allow":["GET"]}}],"collection":[{"href":"https:\/\/etab.ac-reunion.fr\/clg-paul-hermann\/wp-json\/wp\/v2\/pages"}],"about":[{"href":"https:\/\/etab.ac-reunion.fr\/clg-paul-hermann\/wp-json\/wp\/v2\/types\/page"}],"author":[{"embeddable":true,"href":"https:\/\/etab.ac-reunion.fr\/clg-paul-hermann\/wp-json\/wp\/v2\/users\/5737"}],"replies":[{"embeddable":true,"href":"https:\/\/etab.ac-reunion.fr\/clg-paul-hermann\/wp-json\/wp\/v2\/comments?post=4913"}],"version-history":[{"count":6,"href":"https:\/\/etab.ac-reunion.fr\/clg-paul-hermann\/wp-json\/wp\/v2\/pages\/4913\/revisions"}],"predecessor-version":[{"id":4932,"href":"https:\/\/etab.ac-reunion.fr\/clg-paul-hermann\/wp-json\/wp\/v2\/pages\/4913\/revisions\/4932"}],"up":[{"embeddable":true,"href":"https:\/\/etab.ac-reunion.fr\/clg-paul-hermann\/wp-json\/wp\/v2\/pages\/4916"}],"wp:featuredmedia":[{"embeddable":true,"href":"https:\/\/etab.ac-reunion.fr\/clg-paul-hermann\/wp-json\/wp\/v2\/media\/4928"}],"wp:attachment":[{"href":"https:\/\/etab.ac-reunion.fr\/clg-paul-hermann\/wp-json\/wp\/v2\/media?parent=4913"}],"curies":[{"name":"wp","href":"https:\/\/api.w.org\/{rel}","templated":true}]}}