{"id":4588,"date":"2025-12-16T15:18:25","date_gmt":"2025-12-16T14:18:25","guid":{"rendered":"https:\/\/etab.ac-reunion.fr\/clg-ravine-des-cabris\/?page_id=4588"},"modified":"2025-12-16T15:19:42","modified_gmt":"2025-12-16T14:19:42","slug":"accueil","status":"publish","type":"page","link":"https:\/\/etab.ac-reunion.fr\/clg-ravine-des-cabris\/","title":{"rendered":"Accueil"},"content":{"rendered":"<!-- This slideshow output is generated with Advanced post slider a multipurpose responsive WordPress slideshow plugin - http:\/\/www.wpcue.com\/wordpress-plugins\/advanced-post-slider\/ -->\r\n<style>\r\n#advps_container8 .bx-wrapper .bx-viewport {\r\n\t\t-moz-box-shadow: 0px 1px 4px #000000;\r\n\t-webkit-box-shadow: 0px 1px 4px #000000;\r\n\tbox-shadow: 0px 1px 4px #000000;\r\n\t\tborder: 1px solid #444444;\r\n\t\tbackground:#FFFFFF;\r\n}\r\n#advps_container8 .bx-wrapper .bx-pager{\r\n\ttext-align: center;\r\n\t;\r\n}\r\n#advps_container8 .bx-wrapper .bx-pager\r\n{\r\n\tbottom:-35px;\r\n\tz-index:999;\r\n}\r\n#advps_container8 .bx-wrapper .bx-controls-auto\r\n{\r\n\tbottom:6px;\r\n}\r\n#advps_container8 .bx-wrapper .bx-controls.bx-has-controls-auto.bx-has-pager .bx-pager {\r\n\ttext-align: center;\r\n}\r\n#advps_container8 .bx-wrapper .bx-controls-auto {\r\n\tz-index:99999;\r\n\ttext-align:center;width:100%;}\r\n\r\n#advps_container8 .bx-wrapper .bx-pager.bx-default-pager a {\r\n\tbackground: #666;\r\n\ttext-indent: -9999px;\r\n\tdisplay: block;\r\n\twidth: 10px;\r\n\theight: 10px;\r\n\tmargin: 0 5px;\r\n\toutline: 0;\r\n\t-moz-border-radius: 5px;\r\n\t-webkit-border-radius: 5px;\r\n\tborder-radius: 5px;\r\n\ttext-align:left;\r\n}\r\n#advps_container8 .bx-wrapper .bx-pager.bx-default-pager a:hover,\r\n#advps_container8 .bx-wrapper .bx-pager.bx-default-pager a.active {\r\n\tbackground: #000;\r\n}\r\n\r\n\/* thumbnail pager*\/\r\n#advps_container8 #bx-pager\r\n{\r\n\twidth:100%;\r\n\tposition:absolute;\r\n\tbottom:-35px;\r\n    text-align: center;\r\n\tz-index: 9999;\r\n}\r\n#advps_container8 #bx-pager a img\r\n{\r\n\tborder: 1px solid #CCCCCC;\r\n    padding: 3px;\r\n}\r\n#advps_container8 #bx-pager a:hover img, #advps_container8 #bx-pager a.active img\r\n{\r\n\tborder: 1px solid #666666;\r\n}\r\n\/* medai queries *\/\r\n#advps_container8 .advs-title,#advps_container8 .advs-title a\r\n{\r\n\tfont-size:20px;\r\n\tline-height:20px;\r\n}\r\n#advps_container8 .advps-slide p\r\n{\r\n\tfont-size:14px;\r\n\tline-height:14px;\r\n}\r\n@media screen and (max-width: 1024px){\r\n\t#advps_container8 .advs-title,#advps_container8 .advs-title a\r\n\t{\r\n\t\tfont-size:18px;\r\n\t\tline-height:18px;\r\n\t}\r\n\t#advps_container8 .advps-slide p\r\n\t{\r\n\t\tfont-size:12px;\r\n\t\tline-height:12px;\r\n\t}\r\n}\r\n@media screen and (max-width: 768px){\r\n\t#advps_container8 h2.advs-title, #advps_container8 h2.advs-title a\r\n\t{\r\n\t\tfont-size:16px;\r\n\t\tline-height:16px;\r\n\t}\r\n\t#advps_container8 .advps-slide p\r\n\t{\r\n\t\tfont-size:12px;\r\n\t\tline-height:12px;\r\n\t}\r\n}\r\n@media screen and (max-width: 650px){\r\n\t#advps_container8 h2.advs-title, #advps_container8 h2.advs-title a\r\n\t{\r\n\t\tfont-size:15px;\r\n\t\tline-height:15px;\r\n\t}\r\n\t#advps_container8 .advps-slide p\r\n\t{\r\n\t\tfont-size:12px;\r\n\t\tline-height:12px;\r\n\t}\r\n}\r\n@media screen and (max-width: 480px){\r\n\t#advps_container8 h2.advs-title, #advps_container8 h2.advs-title a\r\n\t{\r\n\t\tfont-size:15px;\r\n\t\tline-height:15px;\r\n\t}\r\n\t#advps_container8 .advps-slide p\r\n\t{\r\n\t\tfont-size:12px;\r\n\t\tline-height:12px;\r\n\t}\r\n}\r\n@media screen and (max-width: 320px){\r\n\t#advps_container8 h2.advs-title, #advps_container8 h2.advs-title a\r\n\t{\r\n\t\tfont-size:15px;\r\n\t\tline-height:15px;\r\n\t}\r\n\t#advps_container8 .advps-slide p\r\n\t{\r\n\t\tfont-size:12px;\r\n\t\tline-height:12px;\r\n\t}\r\n}\r\n<\/style>\r\n<script type=\"text\/javascript\">\r\n\t\tjQuery(document).ready(function($){\r\n\t\t\t$('#advpsslideshow_8').bxSlider({\r\n\t\t\t\tuseCSS:1,\r\n\t\t\t\tslideMargin: 0,\r\n\t\t\t\tspeed: 2000,\t\t\t\t\r\n\t\t\t\t\t\t\t\tminSlides: 3,\r\n  \t\t\t\tmaxSlides: 3,\r\n  \t\t\t\tslideWidth: 180,\r\n\t\t\t\t\t\t\t\t\t\t\t\tauto: 1,\r\n\t\t\t\tautoHover: 1,\r\n\t\t\t\tpause: 3000,\r\n\t\t\t\teasing: 'linear',\r\n\t\t\t\tcontrols: 1,\r\n\t\t\t\tpager: 1,\r\n  \t\t\t\tautoControls: 1\t\t\t\t\t\t\t});\r\n\t\t\t\t\t\t\t$(\"#advpsslideshow_8 .advs-title a\").hover(function(){\r\n\t\t\t\t\t$(this).css('color','#c9c9c9');\r\n\t\t\t\t},function(){\r\n\t\t\t\t\t$(this).css('color','#FFFFFF');\r\n\t\t\t\t});\r\n\t\t\t\t\t\t$(\"#advpsslideshow_8 .advps-slide\").hover(function(){\r\n\t\t\t\t  \t\t\t},function(){\r\n\t\t\t\t\t\t\t});\r\n\t\t});\r\n\t<\/script>\r\n<div id=\"advps_container8\" class=\"advps-slide-container\" style=\"overflow:hidden;max-width:600px;\">\r\n \r\n  <div id=\"advpsslideshow_8\">\r\n        <div class=\"advps-slide\">\r\n\t<a target=\"_self\" href=\"https:\/\/etab.ac-reunion.fr\/clg-ravine-des-cabris\/2021\/10\/31\/1182\/\" >      <img loading=\"lazy\" decoding=\"async\" src=\"https:\/\/etab.ac-reunion.fr\/clg-ravine-des-cabris\/wp-content\/uploads\/sites\/158\/2021\/10\/IMG_9188-2-600x220.jpeg\" width=\"600\" height=\"220\" alt=\"4\u00b0 Christie et Novalis au mus\u00e8e Vill\u00e8le \u2013 octobre 2021\" \/>      <\/a>       \r\n      <div class=\"advps-excerpt-one\" style=\"width:30%;height:100%;top:0; left:0;\">\r\n      \t<div class=\"advps-overlay-one\" style=\"background-color:#000000; -moz-opacity:0.6;filter:alpha(opacity=60);opacity:0.6;\"><\/div>\r\n        <div class=\"advps-excerpt-block-one\" style=\"text-align:left;color:#FFFFFF;-moz-opacity:1;filter:alpha(opacity=100);opacity:1;\">        \r\n        <h2 class=\"advs-title\" style=\"margin:5px 0px 10px 0px;color:#FFFFFF\"><a target=\"_self\" href=\"https:\/\/etab.ac-reunion.fr\/clg-ravine-des-cabris\/2021\/10\/31\/1182\/\" style=\"margin:5px 0px 10px 0px;color:#FFFFFF\" >4\u00b0 Christie et Novalis au mus\u00e8e Vill\u00e8le \u2013 octobre 2021<\/a><\/h2>\r\n          \r\n            <p>Les \u00e9l\u00e8ves de la 4\u00b0 Christie et de la Novalis sont all\u00e9s visiter le mus\u00e9e Vill\u00e8le ancienne habitation pendant la p\u00e9riode de l\u2019esclavage. Les mauvaises<\/p>\n        <\/div>\r\n      <\/div>\r\n    <\/div>\r\n        <div class=\"advps-slide\">\r\n\t<a target=\"_self\" href=\"https:\/\/etab.ac-reunion.fr\/clg-ravine-des-cabris\/2022\/08\/31\/1965\/\" >      <img loading=\"lazy\" decoding=\"async\" src=\"https:\/\/etab.ac-reunion.fr\/clg-ravine-des-cabris\/wp-content\/uploads\/sites\/158\/2022\/08\/Photo-te\u0302te-600x220.png\" width=\"600\" height=\"220\" alt=\"<strong><em>Das fliegende Klassenzimmer \u2013 Erich K\u00e4stner<\/em><\/strong>\" \/>      <\/a>       \r\n      <div class=\"advps-excerpt-one\" style=\"width:30%;height:100%;top:0; left:0;\">\r\n      \t<div class=\"advps-overlay-one\" style=\"background-color:#000000; -moz-opacity:0.6;filter:alpha(opacity=60);opacity:0.6;\"><\/div>\r\n        <div class=\"advps-excerpt-block-one\" style=\"text-align:left;color:#FFFFFF;-moz-opacity:1;filter:alpha(opacity=100);opacity:1;\">        \r\n        <h2 class=\"advs-title\" style=\"margin:5px 0px 10px 0px;color:#FFFFFF\"><a target=\"_self\" href=\"https:\/\/etab.ac-reunion.fr\/clg-ravine-des-cabris\/2022\/08\/31\/1965\/\" style=\"margin:5px 0px 10px 0px;color:#FFFFFF\" ><strong><em>Das fliegende Klassenzimmer \u2013 Erich K\u00e4stner<\/em><\/strong><\/a><\/h2>\r\n          \r\n            <p>A l\u2019occasion de la semaine des langues et dans le cadre des Parcours Avenir et d\u2019Education Artistique et Culturelle, les \u00e9l\u00e8ves germanistes de 3\u00e8meLCE ont<\/p>\n        <\/div>\r\n      <\/div>\r\n    <\/div>\r\n        <div class=\"advps-slide\">\r\n\t<a target=\"_self\" href=\"https:\/\/etab.ac-reunion.fr\/clg-ravine-des-cabris\/2025\/08\/19\/3-lce-anglais-diner-dansant\/\" >      <img loading=\"lazy\" decoding=\"async\" src=\"https:\/\/etab.ac-reunion.fr\/clg-ravine-des-cabris\/wp-content\/uploads\/sites\/158\/2025\/08\/Capture-decran-2025-08-19-a-07.46.01-600x220.png\" width=\"600\" height=\"220\" alt=\"3\u00b0 LCE Anglais &#8211; d\u00eener dansant\" \/>      <\/a>       \r\n      <div class=\"advps-excerpt-one\" style=\"width:30%;height:100%;top:0; left:0;\">\r\n      \t<div class=\"advps-overlay-one\" style=\"background-color:#000000; -moz-opacity:0.6;filter:alpha(opacity=60);opacity:0.6;\"><\/div>\r\n        <div class=\"advps-excerpt-block-one\" style=\"text-align:left;color:#FFFFFF;-moz-opacity:1;filter:alpha(opacity=100);opacity:1;\">        \r\n        <h2 class=\"advs-title\" style=\"margin:5px 0px 10px 0px;color:#FFFFFF\"><a target=\"_self\" href=\"https:\/\/etab.ac-reunion.fr\/clg-ravine-des-cabris\/2025\/08\/19\/3-lce-anglais-diner-dansant\/\" style=\"margin:5px 0px 10px 0px;color:#FFFFFF\" >3\u00b0 LCE Anglais &#8211; d\u00eener dansant<\/a><\/h2>\r\n          \r\n            <p>\u00ab\u00a0Dans le cadre d&rsquo;un voyage p\u00e9dagogique, linguistique et culturel, du 21 f\u00e9vrier au 5 mars 2026, un groupe d&rsquo;\u00e9l\u00e8ves de 3\u00e8me s&rsquo;envolera pour le Royaume-Uni.&nbsp;<\/p>\n        <\/div>\r\n      <\/div>\r\n    <\/div>\r\n        <div class=\"advps-slide\">\r\n\t<a target=\"_self\" href=\"https:\/\/etab.ac-reunion.fr\/clg-ravine-des-cabris\/2023\/02\/02\/4-lce-se-presentent-a-leurs-correspondants\/\" >      <img loading=\"lazy\" decoding=\"async\" src=\"https:\/\/etab.ac-reunion.fr\/clg-ravine-des-cabris\/wp-content\/uploads\/sites\/158\/2023\/02\/Capture-decran-2023-02-02-a-13.27.09-600x220.png\" width=\"600\" height=\"220\" alt=\"Les 4\u00b0 LCE se pr\u00e9sentent \u00e0 leurs correspondants irlandais !\" \/>      <\/a>       \r\n      <div class=\"advps-excerpt-one\" style=\"width:30%;height:100%;top:0; left:0;\">\r\n      \t<div class=\"advps-overlay-one\" style=\"background-color:#000000; -moz-opacity:0.6;filter:alpha(opacity=60);opacity:0.6;\"><\/div>\r\n        <div class=\"advps-excerpt-block-one\" style=\"text-align:left;color:#FFFFFF;-moz-opacity:1;filter:alpha(opacity=100);opacity:1;\">        \r\n        <h2 class=\"advs-title\" style=\"margin:5px 0px 10px 0px;color:#FFFFFF\"><a target=\"_self\" href=\"https:\/\/etab.ac-reunion.fr\/clg-ravine-des-cabris\/2023\/02\/02\/4-lce-se-presentent-a-leurs-correspondants\/\" style=\"margin:5px 0px 10px 0px;color:#FFFFFF\" >Les 4\u00b0 LCE se pr\u00e9sentent \u00e0 leurs correspondants irlandais !<\/a><\/h2>\r\n          \r\n            <p>En fin d\u2019ann\u00e9e 2022, les \u00e9l\u00e8ves de la 4\u00e8me LCE ont r\u00e9alis\u00e9 une vid\u00e9o pour leurs correspondants irlandais. L\u2019occasion pour eux de se pr\u00e9senter et<\/p>\n        <\/div>\r\n      <\/div>\r\n    <\/div>\r\n        <div class=\"advps-slide\">\r\n\t<a target=\"_self\" href=\"https:\/\/etab.ac-reunion.fr\/clg-ravine-des-cabris\/2026\/02\/24\/4832\/\" >      <img loading=\"lazy\" decoding=\"async\" src=\"https:\/\/etab.ac-reunion.fr\/clg-ravine-des-cabris\/wp-content\/uploads\/sites\/158\/2026\/02\/Capture-decran-2026-02-25-a-21.28.17-600x220.png\" width=\"600\" height=\"220\" alt=\"Le 14 juillet en tweets\" \/>      <\/a>       \r\n      <div class=\"advps-excerpt-one\" style=\"width:30%;height:100%;top:0; left:0;\">\r\n      \t<div class=\"advps-overlay-one\" style=\"background-color:#000000; -moz-opacity:0.6;filter:alpha(opacity=60);opacity:0.6;\"><\/div>\r\n        <div class=\"advps-excerpt-block-one\" style=\"text-align:left;color:#FFFFFF;-moz-opacity:1;filter:alpha(opacity=100);opacity:1;\">        \r\n        <h2 class=\"advs-title\" style=\"margin:5px 0px 10px 0px;color:#FFFFFF\"><a target=\"_self\" href=\"https:\/\/etab.ac-reunion.fr\/clg-ravine-des-cabris\/2026\/02\/24\/4832\/\" style=\"margin:5px 0px 10px 0px;color:#FFFFFF\" >Le 14 juillet en tweets<\/a><\/h2>\r\n          \r\n            <p>Les \u00e9l\u00e8ves de 4\u00e8mes Christie ont d\u00fb \u00ab\u00a0faire vivre la R\u00e9volution fran\u00e7aise\u00a0\u00bb en cr\u00e9ant un fil de plusieurs tweets racontant comment les acteurs de l&rsquo;\u00e9poque<\/p>\n        <\/div>\r\n      <\/div>\r\n    <\/div>\r\n        <div class=\"advps-slide\">\r\n\t<a target=\"_self\" href=\"https:\/\/etab.ac-reunion.fr\/clg-ravine-des-cabris\/2022\/03\/08\/8-mars-2022-des-femmes-qui-ont-marque-lhistoire%ef%bf%bc\/\" >      <img loading=\"lazy\" decoding=\"async\" src=\"https:\/\/etab.ac-reunion.fr\/clg-ravine-des-cabris\/wp-content\/uploads\/sites\/158\/2022\/03\/IMG_9707-600x220.jpeg\" width=\"600\" height=\"220\" alt=\"8 mars 2022\u00a0: Des femmes qui ont marqu\u00e9 l\u2019Histoire\ufffc\" \/>      <\/a>       \r\n      <div class=\"advps-excerpt-one\" style=\"width:30%;height:100%;top:0; left:0;\">\r\n      \t<div class=\"advps-overlay-one\" style=\"background-color:#000000; -moz-opacity:0.6;filter:alpha(opacity=60);opacity:0.6;\"><\/div>\r\n        <div class=\"advps-excerpt-block-one\" style=\"text-align:left;color:#FFFFFF;-moz-opacity:1;filter:alpha(opacity=100);opacity:1;\">        \r\n        <h2 class=\"advs-title\" style=\"margin:5px 0px 10px 0px;color:#FFFFFF\"><a target=\"_self\" href=\"https:\/\/etab.ac-reunion.fr\/clg-ravine-des-cabris\/2022\/03\/08\/8-mars-2022-des-femmes-qui-ont-marque-lhistoire%ef%bf%bc\/\" style=\"margin:5px 0px 10px 0px;color:#FFFFFF\" >8 mars 2022\u00a0: Des femmes qui ont marqu\u00e9 l\u2019Histoire\ufffc<\/a><\/h2>\r\n          \r\n            <p>La Journ\u00e9e internationale des droits des femmes, officialis\u00e9e par les Nations unies en 1977 et c\u00e9l\u00e9br\u00e9e dans de nombreux pays \u00e0 travers le monde le<\/p>\n        <\/div>\r\n      <\/div>\r\n    <\/div>\r\n        <div class=\"advps-slide\">\r\n\t<a target=\"_self\" href=\"https:\/\/etab.ac-reunion.fr\/clg-ravine-des-cabris\/2023\/12\/19\/a-la-decouverte-des-jeux-lontan\/\" >      <img loading=\"lazy\" decoding=\"async\" src=\"https:\/\/etab.ac-reunion.fr\/clg-ravine-des-cabris\/wp-content\/uploads\/sites\/158\/2023\/12\/Capture-decran-2023-12-19-a-12.34.20-600x220.png\" width=\"600\" height=\"220\" alt=\"A LA DECOUVERTE DES \u201cJEUX LONTAN\u201d\" \/>      <\/a>       \r\n      <div class=\"advps-excerpt-one\" style=\"width:30%;height:100%;top:0; left:0;\">\r\n      \t<div class=\"advps-overlay-one\" style=\"background-color:#000000; -moz-opacity:0.6;filter:alpha(opacity=60);opacity:0.6;\"><\/div>\r\n        <div class=\"advps-excerpt-block-one\" style=\"text-align:left;color:#FFFFFF;-moz-opacity:1;filter:alpha(opacity=100);opacity:1;\">        \r\n        <h2 class=\"advs-title\" style=\"margin:5px 0px 10px 0px;color:#FFFFFF\"><a target=\"_self\" href=\"https:\/\/etab.ac-reunion.fr\/clg-ravine-des-cabris\/2023\/12\/19\/a-la-decouverte-des-jeux-lontan\/\" style=\"margin:5px 0px 10px 0px;color:#FFFFFF\" >A LA DECOUVERTE DES \u201cJEUX LONTAN\u201d<\/a><\/h2>\r\n          \r\n            <p>Lancement du projet \u00ab&nbsp;jeu lontan&nbsp;\u00bb au coll\u00e8ge le mardi 14 et le jeudi 17 novembre 2023. Les \u00e9l\u00e8ves de 4\u00e8me et 3\u00e8me des options LCR<\/p>\n        <\/div>\r\n      <\/div>\r\n    <\/div>\r\n        <div class=\"advps-slide\">\r\n\t<a target=\"_self\" href=\"https:\/\/etab.ac-reunion.fr\/clg-ravine-des-cabris\/2024\/09\/24\/abecedaire-du-vieux-domaine\/\" >      <img loading=\"lazy\" decoding=\"async\" src=\"https:\/\/etab.ac-reunion.fr\/clg-ravine-des-cabris\/wp-content\/uploads\/sites\/158\/2024\/09\/Capture-decran-2024-09-24-a-19.49.35-600x220.png\" width=\"600\" height=\"220\" alt=\"Ab\u00e9c\u00e9daire du Vieux Domaine\" \/>      <\/a>       \r\n      <div class=\"advps-excerpt-one\" style=\"width:30%;height:100%;top:0; left:0;\">\r\n      \t<div class=\"advps-overlay-one\" style=\"background-color:#000000; -moz-opacity:0.6;filter:alpha(opacity=60);opacity:0.6;\"><\/div>\r\n        <div class=\"advps-excerpt-block-one\" style=\"text-align:left;color:#FFFFFF;-moz-opacity:1;filter:alpha(opacity=100);opacity:1;\">        \r\n        <h2 class=\"advs-title\" style=\"margin:5px 0px 10px 0px;color:#FFFFFF\"><a target=\"_self\" href=\"https:\/\/etab.ac-reunion.fr\/clg-ravine-des-cabris\/2024\/09\/24\/abecedaire-du-vieux-domaine\/\" style=\"margin:5px 0px 10px 0px;color:#FFFFFF\" >Ab\u00e9c\u00e9daire du Vieux Domaine<\/a><\/h2>\r\n          \r\n            <p>Les \u00e9l\u00e8ves de 4\u00b0 Aristote ont r\u00e9alis\u00e9 un ab\u00e9c\u00e9daire \u00e0 partir de leur sortie p\u00e9dagogique au &nbsp;Vieux Domaine. Cet ab\u00e9c\u00e9daire illustr\u00e9 est r\u00e9alis\u00e9 en fran\u00e7ais<\/p>\n        <\/div>\r\n      <\/div>\r\n    <\/div>\r\n        <div class=\"advps-slide\">\r\n\t<a target=\"_self\" href=\"https:\/\/etab.ac-reunion.fr\/clg-ravine-des-cabris\/2025\/04\/11\/accueil-des-irlandais\/\" >      <img loading=\"lazy\" decoding=\"async\" src=\"https:\/\/etab.ac-reunion.fr\/clg-ravine-des-cabris\/wp-content\/uploads\/sites\/158\/2025\/02\/Capture-decran-2025-02-24-a-19.47.33-600x220.png\" width=\"600\" height=\"220\" alt=\"ACCUEIL DES IRLANDAIS\" \/>      <\/a>       \r\n      <div class=\"advps-excerpt-one\" style=\"width:30%;height:100%;top:0; left:0;\">\r\n      \t<div class=\"advps-overlay-one\" style=\"background-color:#000000; -moz-opacity:0.6;filter:alpha(opacity=60);opacity:0.6;\"><\/div>\r\n        <div class=\"advps-excerpt-block-one\" style=\"text-align:left;color:#FFFFFF;-moz-opacity:1;filter:alpha(opacity=100);opacity:1;\">        \r\n        <h2 class=\"advs-title\" style=\"margin:5px 0px 10px 0px;color:#FFFFFF\"><a target=\"_self\" href=\"https:\/\/etab.ac-reunion.fr\/clg-ravine-des-cabris\/2025\/04\/11\/accueil-des-irlandais\/\" style=\"margin:5px 0px 10px 0px;color:#FFFFFF\" >ACCUEIL DES IRLANDAIS<\/a><\/h2>\r\n          \r\n            <p>ERASMUS PROJECT MARS 2025 Welcome&nbsp;to&nbsp;Reunion island!Our Irish pen pals arrived on Monday 24th March 2025. They were 9 students accompanied by their French professor (Mrs<\/p>\n        <\/div>\r\n      <\/div>\r\n    <\/div>\r\n        <div class=\"advps-slide\">\r\n\t<a target=\"_self\" href=\"https:\/\/etab.ac-reunion.fr\/clg-ravine-des-cabris\/2026\/02\/25\/actions-des-4emes-lce-pour-leur-voyage-en-irlande\/\" >      <img loading=\"lazy\" decoding=\"async\" src=\"https:\/\/etab.ac-reunion.fr\/clg-ravine-des-cabris\/wp-content\/uploads\/sites\/158\/2026\/02\/Capture-decran-2026-02-25-a-21.21.25-600x220.png\" width=\"600\" height=\"220\" alt=\"Actions des 4\u00e8mes LCE pour leur voyage en Irlande\" \/>      <\/a>       \r\n      <div class=\"advps-excerpt-one\" style=\"width:30%;height:100%;top:0; left:0;\">\r\n      \t<div class=\"advps-overlay-one\" style=\"background-color:#000000; -moz-opacity:0.6;filter:alpha(opacity=60);opacity:0.6;\"><\/div>\r\n        <div class=\"advps-excerpt-block-one\" style=\"text-align:left;color:#FFFFFF;-moz-opacity:1;filter:alpha(opacity=100);opacity:1;\">        \r\n        <h2 class=\"advs-title\" style=\"margin:5px 0px 10px 0px;color:#FFFFFF\"><a target=\"_self\" href=\"https:\/\/etab.ac-reunion.fr\/clg-ravine-des-cabris\/2026\/02\/25\/actions-des-4emes-lce-pour-leur-voyage-en-irlande\/\" style=\"margin:5px 0px 10px 0px;color:#FFFFFF\" >Actions des 4\u00e8mes LCE pour leur voyage en Irlande<\/a><\/h2>\r\n          \r\n                    <\/div>\r\n      <\/div>\r\n    <\/div>\r\n        <div class=\"advps-slide\">\r\n\t<a target=\"_self\" href=\"https:\/\/etab.ac-reunion.fr\/clg-ravine-des-cabris\/2025\/09\/15\/actions-pour-la-semaine-deducation-et-dactions-contre-le-racisme\/\" >      <img loading=\"lazy\" decoding=\"async\" src=\"https:\/\/etab.ac-reunion.fr\/clg-ravine-des-cabris\/wp-content\/uploads\/sites\/158\/2025\/09\/Capture-decran-2025-09-15-a-16.50.37-600x220.png\" width=\"600\" height=\"220\" alt=\"Actions pour la Semaine d\u2019\u00e9ducation et d\u2019actions contre le racisme\" \/>      <\/a>       \r\n      <div class=\"advps-excerpt-one\" style=\"width:30%;height:100%;top:0; left:0;\">\r\n      \t<div class=\"advps-overlay-one\" style=\"background-color:#000000; -moz-opacity:0.6;filter:alpha(opacity=60);opacity:0.6;\"><\/div>\r\n        <div class=\"advps-excerpt-block-one\" style=\"text-align:left;color:#FFFFFF;-moz-opacity:1;filter:alpha(opacity=100);opacity:1;\">        \r\n        <h2 class=\"advs-title\" style=\"margin:5px 0px 10px 0px;color:#FFFFFF\"><a target=\"_self\" href=\"https:\/\/etab.ac-reunion.fr\/clg-ravine-des-cabris\/2025\/09\/15\/actions-pour-la-semaine-deducation-et-dactions-contre-le-racisme\/\" style=\"margin:5px 0px 10px 0px;color:#FFFFFF\" >Actions pour la Semaine d\u2019\u00e9ducation et d\u2019actions contre le racisme<\/a><\/h2>\r\n          \r\n            <p>Le&nbsp;21 mars&nbsp;a \u00e9t\u00e9 proclam\u00e9 \u00ab\u00a0Journ\u00e9e internationale pour l&rsquo;\u00e9limination de la discrimination raciale\u00a0\u00bb en 1966 par l&rsquo;Assembl\u00e9e g\u00e9n\u00e9rale des Nations Unies.En pr\u00e9vision de&nbsp;la&nbsp;Semaine d&rsquo;\u00e9ducation contre le<\/p>\n        <\/div>\r\n      <\/div>\r\n    <\/div>\r\n        <div class=\"advps-slide\">\r\n\t<a target=\"_self\" href=\"https:\/\/etab.ac-reunion.fr\/clg-ravine-des-cabris\/2025\/04\/11\/allemand-concert-zweierpasch-du-27-mars\/\" >      <img loading=\"lazy\" decoding=\"async\" src=\"https:\/\/etab.ac-reunion.fr\/clg-ravine-des-cabris\/wp-content\/uploads\/sites\/158\/2025\/04\/Capture-decran-2025-04-11-a-18.57.09-600x220.png\" width=\"600\" height=\"220\" alt=\"ALLEMAND &#8211; Concert ZWEIERPASCH du 27 mars\" \/>      <\/a>       \r\n      <div class=\"advps-excerpt-one\" style=\"width:30%;height:100%;top:0; left:0;\">\r\n      \t<div class=\"advps-overlay-one\" style=\"background-color:#000000; -moz-opacity:0.6;filter:alpha(opacity=60);opacity:0.6;\"><\/div>\r\n        <div class=\"advps-excerpt-block-one\" style=\"text-align:left;color:#FFFFFF;-moz-opacity:1;filter:alpha(opacity=100);opacity:1;\">        \r\n        <h2 class=\"advs-title\" style=\"margin:5px 0px 10px 0px;color:#FFFFFF\"><a target=\"_self\" href=\"https:\/\/etab.ac-reunion.fr\/clg-ravine-des-cabris\/2025\/04\/11\/allemand-concert-zweierpasch-du-27-mars\/\" style=\"margin:5px 0px 10px 0px;color:#FFFFFF\" >ALLEMAND &#8211; Concert ZWEIERPASCH du 27 mars<\/a><\/h2>\r\n          \r\n            <p>ZWEIERPASCH en concert au Kerveguen Les \u00e9l\u00e8ves germanistes de 3\u00e8meLCE ont pu vivre l\u2019exp\u00e9rience d\u2019un concert en live des ZWEIERPASCH le 27 mars 2025. Beaucoup<\/p>\n        <\/div>\r\n      <\/div>\r\n    <\/div>\r\n        <div class=\"advps-slide\">\r\n\t<a target=\"_self\" href=\"https:\/\/etab.ac-reunion.fr\/clg-ravine-des-cabris\/2022\/07\/01\/appel-doffres\/\" >      <img loading=\"lazy\" decoding=\"async\" src=\"https:\/\/etab.ac-reunion.fr\/clg-ravine-des-cabris\/wp-content\/uploads\/sites\/158\/2022\/07\/te\u0301le\u0301chargement-600x220.png\" width=\"600\" height=\"220\" alt=\"Appel d&rsquo;offres\" \/>      <\/a>       \r\n      <div class=\"advps-excerpt-one\" style=\"width:30%;height:100%;top:0; left:0;\">\r\n      \t<div class=\"advps-overlay-one\" style=\"background-color:#000000; -moz-opacity:0.6;filter:alpha(opacity=60);opacity:0.6;\"><\/div>\r\n        <div class=\"advps-excerpt-block-one\" style=\"text-align:left;color:#FFFFFF;-moz-opacity:1;filter:alpha(opacity=100);opacity:1;\">        \r\n        <h2 class=\"advs-title\" style=\"margin:5px 0px 10px 0px;color:#FFFFFF\"><a target=\"_self\" href=\"https:\/\/etab.ac-reunion.fr\/clg-ravine-des-cabris\/2022\/07\/01\/appel-doffres\/\" style=\"margin:5px 0px 10px 0px;color:#FFFFFF\" >Appel d&rsquo;offres<\/a><\/h2>\r\n          \r\n            <p>Le coll\u00e8ge de la Ravine des Cabris consulte des entreprises pour l&rsquo;acquisition d&rsquo;\u00e9quipements de restauration scolaire.Un MAPA est publi\u00e9 et est consultable ce site ou&nbsp;sur<\/p>\n        <\/div>\r\n      <\/div>\r\n    <\/div>\r\n        <div class=\"advps-slide\">\r\n\t<a target=\"_self\" href=\"https:\/\/etab.ac-reunion.fr\/clg-ravine-des-cabris\/2020\/04\/16\/atelier-de-creation-vocale-avec-bastien-picot\/\" >      <img loading=\"lazy\" decoding=\"async\" src=\"https:\/\/etab.ac-reunion.fr\/clg-ravine-des-cabris\/wp-content\/uploads\/sites\/158\/2020\/11\/atelier@2x-600x220.jpg\" width=\"600\" height=\"220\" alt=\"Atelier de cr\u00e9ation vocale avec Bastien Picot\" \/>      <\/a>       \r\n      <div class=\"advps-excerpt-one\" style=\"width:30%;height:100%;top:0; left:0;\">\r\n      \t<div class=\"advps-overlay-one\" style=\"background-color:#000000; -moz-opacity:0.6;filter:alpha(opacity=60);opacity:0.6;\"><\/div>\r\n        <div class=\"advps-excerpt-block-one\" style=\"text-align:left;color:#FFFFFF;-moz-opacity:1;filter:alpha(opacity=100);opacity:1;\">        \r\n        <h2 class=\"advs-title\" style=\"margin:5px 0px 10px 0px;color:#FFFFFF\"><a target=\"_self\" href=\"https:\/\/etab.ac-reunion.fr\/clg-ravine-des-cabris\/2020\/04\/16\/atelier-de-creation-vocale-avec-bastien-picot\/\" style=\"margin:5px 0px 10px 0px;color:#FFFFFF\" >Atelier de cr\u00e9ation vocale avec Bastien Picot<\/a><\/h2>\r\n          \r\n            <p>\u201cDans la cadre des FrancoFolies de La R\u00e9union 2020, Bastien Picot du groupe \u201cAURUS\u201d est intervenu \u00e0 plusieurs reprises au sein de la Classe Orchestre<\/p>\n        <\/div>\r\n      <\/div>\r\n    <\/div>\r\n        <div class=\"advps-slide\">\r\n\t<a target=\"_self\" href=\"https:\/\/etab.ac-reunion.fr\/clg-ravine-des-cabris\/2016\/05\/28\/atelier-graff-avec-meo\/\" >            <\/a>       \r\n      <div class=\"advps-excerpt-one\" style=\"width:30%;height:100%;top:0; left:0;\">\r\n      \t<div class=\"advps-overlay-one\" style=\"background-color:#000000; -moz-opacity:0.6;filter:alpha(opacity=60);opacity:0.6;\"><\/div>\r\n        <div class=\"advps-excerpt-block-one\" style=\"text-align:left;color:#FFFFFF;-moz-opacity:1;filter:alpha(opacity=100);opacity:1;\">        \r\n        <h2 class=\"advs-title\" style=\"margin:5px 0px 10px 0px;color:#FFFFFF\"><a target=\"_self\" href=\"https:\/\/etab.ac-reunion.fr\/clg-ravine-des-cabris\/2016\/05\/28\/atelier-graff-avec-meo\/\" style=\"margin:5px 0px 10px 0px;color:#FFFFFF\" >Atelier graff avec M\u00e9o<\/a><\/h2>\r\n          \r\n            <p>Des \u00e9l\u00e8ves de la 3\u00b0 Marie Curie et Pasteur se sont initi\u00e9s&nbsp;aux diff\u00e9rentes techniques de graff avec l\u2019artiste&nbsp;M\u00e9o. Ils d\u00e9couvrent pour la plupart cet art,<\/p>\n        <\/div>\r\n      <\/div>\r\n    <\/div>\r\n        <div class=\"advps-slide\">\r\n\t<a target=\"_self\" href=\"https:\/\/etab.ac-reunion.fr\/clg-ravine-des-cabris\/2024\/04\/20\/audiences-au-tribunal-correctionnel\/\" >      <img loading=\"lazy\" decoding=\"async\" src=\"https:\/\/etab.ac-reunion.fr\/clg-ravine-des-cabris\/wp-content\/uploads\/sites\/158\/2024\/04\/Capture-decran-2024-04-20-a-20.19.15-600x220.png\" width=\"600\" height=\"220\" alt=\"Audiences au tribunal correctionnel\" \/>      <\/a>       \r\n      <div class=\"advps-excerpt-one\" style=\"width:30%;height:100%;top:0; left:0;\">\r\n      \t<div class=\"advps-overlay-one\" style=\"background-color:#000000; -moz-opacity:0.6;filter:alpha(opacity=60);opacity:0.6;\"><\/div>\r\n        <div class=\"advps-excerpt-block-one\" style=\"text-align:left;color:#FFFFFF;-moz-opacity:1;filter:alpha(opacity=100);opacity:1;\">        \r\n        <h2 class=\"advs-title\" style=\"margin:5px 0px 10px 0px;color:#FFFFFF\"><a target=\"_self\" href=\"https:\/\/etab.ac-reunion.fr\/clg-ravine-des-cabris\/2024\/04\/20\/audiences-au-tribunal-correctionnel\/\" style=\"margin:5px 0px 10px 0px;color:#FFFFFF\" >Audiences au tribunal correctionnel<\/a><\/h2>\r\n          \r\n            <p>Les \u00e9l\u00e8ves de 4\u00e8me &nbsp;Frank ont assist\u00e9 \u00e0 des audiences du tribunal correctionnel de Saint Pierre le jeudi 11 avril. Ils ont pu assister \u00e0<\/p>\n        <\/div>\r\n      <\/div>\r\n    <\/div>\r\n        <div class=\"advps-slide\">\r\n\t<a target=\"_self\" href=\"https:\/\/etab.ac-reunion.fr\/clg-ravine-des-cabris\/2020\/10\/30\/avenant-au-projet-de-reseau\/\" >      <img loading=\"lazy\" decoding=\"async\" src=\"https:\/\/etab.ac-reunion.fr\/clg-ravine-des-cabris\/wp-content\/uploads\/sites\/158\/2020\/10\/replogo-600x220.jpg\" width=\"600\" height=\"220\" alt=\"Programmation 2021-2022\" \/>      <\/a>       \r\n      <div class=\"advps-excerpt-one\" style=\"width:30%;height:100%;top:0; left:0;\">\r\n      \t<div class=\"advps-overlay-one\" style=\"background-color:#000000; -moz-opacity:0.6;filter:alpha(opacity=60);opacity:0.6;\"><\/div>\r\n        <div class=\"advps-excerpt-block-one\" style=\"text-align:left;color:#FFFFFF;-moz-opacity:1;filter:alpha(opacity=100);opacity:1;\">        \r\n        <h2 class=\"advs-title\" style=\"margin:5px 0px 10px 0px;color:#FFFFFF\"><a target=\"_self\" href=\"https:\/\/etab.ac-reunion.fr\/clg-ravine-des-cabris\/2020\/10\/30\/avenant-au-projet-de-reseau\/\" style=\"margin:5px 0px 10px 0px;color:#FFFFFF\" >Programmation 2021-2022<\/a><\/h2>\r\n          \r\n                    <\/div>\r\n      <\/div>\r\n    <\/div>\r\n        <div class=\"advps-slide\">\r\n\t<a target=\"_self\" href=\"https:\/\/etab.ac-reunion.fr\/clg-ravine-des-cabris\/2021\/08\/29\/calendrier-previsionnel-2020-2021\/\" >      <img loading=\"lazy\" decoding=\"async\" src=\"https:\/\/etab.ac-reunion.fr\/clg-ravine-des-cabris\/wp-content\/uploads\/sites\/158\/2020\/11\/Infos-600x220.jpg\" width=\"600\" height=\"220\" alt=\"Calendrier pr\u00e9visionnel 2021-2022\" \/>      <\/a>       \r\n      <div class=\"advps-excerpt-one\" style=\"width:30%;height:100%;top:0; left:0;\">\r\n      \t<div class=\"advps-overlay-one\" style=\"background-color:#000000; -moz-opacity:0.6;filter:alpha(opacity=60);opacity:0.6;\"><\/div>\r\n        <div class=\"advps-excerpt-block-one\" style=\"text-align:left;color:#FFFFFF;-moz-opacity:1;filter:alpha(opacity=100);opacity:1;\">        \r\n        <h2 class=\"advs-title\" style=\"margin:5px 0px 10px 0px;color:#FFFFFF\"><a target=\"_self\" href=\"https:\/\/etab.ac-reunion.fr\/clg-ravine-des-cabris\/2021\/08\/29\/calendrier-previsionnel-2020-2021\/\" style=\"margin:5px 0px 10px 0px;color:#FFFFFF\" >Calendrier pr\u00e9visionnel 2021-2022<\/a><\/h2>\r\n          \r\n            <p>Mise \u00e0 jour: septembre 2021<\/p>\n        <\/div>\r\n      <\/div>\r\n    <\/div>\r\n        <div class=\"advps-slide\">\r\n\t<a target=\"_self\" href=\"https:\/\/etab.ac-reunion.fr\/clg-ravine-des-cabris\/2024\/11\/21\/ceremonie-de-remise-des-diplomes-du-brevet-2024\/\" >      <img loading=\"lazy\" decoding=\"async\" src=\"https:\/\/etab.ac-reunion.fr\/clg-ravine-des-cabris\/wp-content\/uploads\/sites\/158\/2024\/11\/Capture-decran-2024-11-21-a-21.52.55-600x220.png\" width=\"600\" height=\"220\" alt=\"C\u00c9R\u00c9MONIE DE REMISE DES DIPL\u00d4MES DU BREVET 2024\" \/>      <\/a>       \r\n      <div class=\"advps-excerpt-one\" style=\"width:30%;height:100%;top:0; left:0;\">\r\n      \t<div class=\"advps-overlay-one\" style=\"background-color:#000000; -moz-opacity:0.6;filter:alpha(opacity=60);opacity:0.6;\"><\/div>\r\n        <div class=\"advps-excerpt-block-one\" style=\"text-align:left;color:#FFFFFF;-moz-opacity:1;filter:alpha(opacity=100);opacity:1;\">        \r\n        <h2 class=\"advs-title\" style=\"margin:5px 0px 10px 0px;color:#FFFFFF\"><a target=\"_self\" href=\"https:\/\/etab.ac-reunion.fr\/clg-ravine-des-cabris\/2024\/11\/21\/ceremonie-de-remise-des-diplomes-du-brevet-2024\/\" style=\"margin:5px 0px 10px 0px;color:#FFFFFF\" >C\u00c9R\u00c9MONIE DE REMISE DES DIPL\u00d4MES DU BREVET 2024<\/a><\/h2>\r\n          \r\n            <p>La c\u00e9r\u00e9monie de remise des dipl\u00f4mes du DNB session 2024 aura lieu le jeudi 28 novembre 2024 \u00e0 17h30 au coll\u00e8ge. A l&rsquo;issue de la<\/p>\n        <\/div>\r\n      <\/div>\r\n    <\/div>\r\n        <div class=\"advps-slide\">\r\n\t<a target=\"_self\" href=\"https:\/\/etab.ac-reunion.fr\/clg-ravine-des-cabris\/2024\/12\/05\/ceremonie-republicaine-pour-les-diplomes-du-dnb-2024\/\" >      <img loading=\"lazy\" decoding=\"async\" src=\"https:\/\/etab.ac-reunion.fr\/clg-ravine-des-cabris\/wp-content\/uploads\/sites\/158\/2024\/11\/Capture-decran-2024-11-21-a-21.52.55-600x220.png\" width=\"600\" height=\"220\" alt=\"La c\u00e9r\u00e9monie r\u00e9publicaine pour les dipl\u00f4mes du DNB 2024 en images\" \/>      <\/a>       \r\n      <div class=\"advps-excerpt-one\" style=\"width:30%;height:100%;top:0; left:0;\">\r\n      \t<div class=\"advps-overlay-one\" style=\"background-color:#000000; -moz-opacity:0.6;filter:alpha(opacity=60);opacity:0.6;\"><\/div>\r\n        <div class=\"advps-excerpt-block-one\" style=\"text-align:left;color:#FFFFFF;-moz-opacity:1;filter:alpha(opacity=100);opacity:1;\">        \r\n        <h2 class=\"advs-title\" style=\"margin:5px 0px 10px 0px;color:#FFFFFF\"><a target=\"_self\" href=\"https:\/\/etab.ac-reunion.fr\/clg-ravine-des-cabris\/2024\/12\/05\/ceremonie-republicaine-pour-les-diplomes-du-dnb-2024\/\" style=\"margin:5px 0px 10px 0px;color:#FFFFFF\" >La c\u00e9r\u00e9monie r\u00e9publicaine pour les dipl\u00f4mes du DNB 2024 en images<\/a><\/h2>\r\n          \r\n            <p>Jeudi 28 Novembre a eu lieu la remise des dipl\u00f4mes du Brevet pour nos anciens \u00e9l\u00e8ves de 3\u00e8me.Une c\u00e9r\u00e9monie d\u00e9but\u00e9e par une prise de parole<\/p>\n        <\/div>\r\n      <\/div>\r\n    <\/div>\r\n        <div class=\"advps-slide\">\r\n\t<a target=\"_self\" href=\"https:\/\/etab.ac-reunion.fr\/clg-ravine-des-cabris\/2021\/02\/22\/cest-quoi-lautisme\/\" >      <img loading=\"lazy\" decoding=\"async\" src=\"https:\/\/etab.ac-reunion.fr\/clg-ravine-des-cabris\/wp-content\/uploads\/sites\/158\/2021\/02\/autisme-600x220.jpg\" width=\"600\" height=\"220\" alt=\"C&rsquo;est quoi l&rsquo;autisme?\" \/>      <\/a>       \r\n      <div class=\"advps-excerpt-one\" style=\"width:30%;height:100%;top:0; left:0;\">\r\n      \t<div class=\"advps-overlay-one\" style=\"background-color:#000000; -moz-opacity:0.6;filter:alpha(opacity=60);opacity:0.6;\"><\/div>\r\n        <div class=\"advps-excerpt-block-one\" style=\"text-align:left;color:#FFFFFF;-moz-opacity:1;filter:alpha(opacity=100);opacity:1;\">        \r\n        <h2 class=\"advs-title\" style=\"margin:5px 0px 10px 0px;color:#FFFFFF\"><a target=\"_self\" href=\"https:\/\/etab.ac-reunion.fr\/clg-ravine-des-cabris\/2021\/02\/22\/cest-quoi-lautisme\/\" style=\"margin:5px 0px 10px 0px;color:#FFFFFF\" >C&rsquo;est quoi l&rsquo;autisme?<\/a><\/h2>\r\n          \r\n            <p>Des \u00e9l\u00e8ves au coll\u00e8ge de la Ravine des Cabris sont atteints du spectre du trouble autistique (TSA). Pour une meilleure connaissance de ce handicap voici<\/p>\n        <\/div>\r\n      <\/div>\r\n    <\/div>\r\n        <div class=\"advps-slide\">\r\n\t<a target=\"_self\" href=\"https:\/\/etab.ac-reunion.fr\/clg-ravine-des-cabris\/2020\/02\/16\/cest-quoi-le-developpement-durable\/\" >      <img loading=\"lazy\" decoding=\"async\" src=\"https:\/\/etab.ac-reunion.fr\/clg-ravine-des-cabris\/wp-content\/uploads\/sites\/158\/2020\/12\/logoChangeonsEns-600x220.jpg\" width=\"600\" height=\"220\" alt=\"C\u2019est quoi le d\u00e9veloppement durable ?\" \/>      <\/a>       \r\n      <div class=\"advps-excerpt-one\" style=\"width:30%;height:100%;top:0; left:0;\">\r\n      \t<div class=\"advps-overlay-one\" style=\"background-color:#000000; -moz-opacity:0.6;filter:alpha(opacity=60);opacity:0.6;\"><\/div>\r\n        <div class=\"advps-excerpt-block-one\" style=\"text-align:left;color:#FFFFFF;-moz-opacity:1;filter:alpha(opacity=100);opacity:1;\">        \r\n        <h2 class=\"advs-title\" style=\"margin:5px 0px 10px 0px;color:#FFFFFF\"><a target=\"_self\" href=\"https:\/\/etab.ac-reunion.fr\/clg-ravine-des-cabris\/2020\/02\/16\/cest-quoi-le-developpement-durable\/\" style=\"margin:5px 0px 10px 0px;color:#FFFFFF\" >C\u2019est quoi le d\u00e9veloppement durable ?<\/a><\/h2>\r\n          \r\n                    <\/div>\r\n      <\/div>\r\n    <\/div>\r\n        <div class=\"advps-slide\">\r\n\t<a target=\"_self\" href=\"https:\/\/etab.ac-reunion.fr\/clg-ravine-des-cabris\/2026\/04\/22\/championnat-academique-unss-de-randonnee-sportive-a-trous-blancs\/\" >      <img loading=\"lazy\" decoding=\"async\" src=\"https:\/\/etab.ac-reunion.fr\/clg-ravine-des-cabris\/wp-content\/uploads\/sites\/158\/2026\/04\/PHOTO-2026-04-22-14-14-46-1-600x220.jpg\" width=\"600\" height=\"220\" alt=\"Championnat acad\u00e9mique UNSS de randonn\u00e9e sportive \u00e0 Trous Blancs\" \/>      <\/a>       \r\n      <div class=\"advps-excerpt-one\" style=\"width:30%;height:100%;top:0; left:0;\">\r\n      \t<div class=\"advps-overlay-one\" style=\"background-color:#000000; -moz-opacity:0.6;filter:alpha(opacity=60);opacity:0.6;\"><\/div>\r\n        <div class=\"advps-excerpt-block-one\" style=\"text-align:left;color:#FFFFFF;-moz-opacity:1;filter:alpha(opacity=100);opacity:1;\">        \r\n        <h2 class=\"advs-title\" style=\"margin:5px 0px 10px 0px;color:#FFFFFF\"><a target=\"_self\" href=\"https:\/\/etab.ac-reunion.fr\/clg-ravine-des-cabris\/2026\/04\/22\/championnat-academique-unss-de-randonnee-sportive-a-trous-blancs\/\" style=\"margin:5px 0px 10px 0px;color:#FFFFFF\" >Championnat acad\u00e9mique UNSS de randonn\u00e9e sportive \u00e0 Trous Blancs<\/a><\/h2>\r\n          \r\n            <p>Championnat acad\u00e9mique UNSS de randonn\u00e9e sportive \u00e0 Trous blancs avec Mme Bellon 2\u00e8mes minimes mixtes 1\u00e8res minimes filles<\/p>\n        <\/div>\r\n      <\/div>\r\n    <\/div>\r\n        <div class=\"advps-slide\">\r\n\t<a target=\"_self\" href=\"https:\/\/etab.ac-reunion.fr\/clg-ravine-des-cabris\/2023\/04\/19\/championnat-de-la-reunion-de-course-en-montagne\/\" >      <img loading=\"lazy\" decoding=\"async\" src=\"https:\/\/etab.ac-reunion.fr\/clg-ravine-des-cabris\/wp-content\/uploads\/sites\/158\/2023\/04\/Capture-decran-2023-04-19-a-21.40.04-600x220.png\" width=\"600\" height=\"220\" alt=\"Championnat de la R\u00e9union de course en montagne\" \/>      <\/a>       \r\n      <div class=\"advps-excerpt-one\" style=\"width:30%;height:100%;top:0; left:0;\">\r\n      \t<div class=\"advps-overlay-one\" style=\"background-color:#000000; -moz-opacity:0.6;filter:alpha(opacity=60);opacity:0.6;\"><\/div>\r\n        <div class=\"advps-excerpt-block-one\" style=\"text-align:left;color:#FFFFFF;-moz-opacity:1;filter:alpha(opacity=100);opacity:1;\">        \r\n        <h2 class=\"advs-title\" style=\"margin:5px 0px 10px 0px;color:#FFFFFF\"><a target=\"_self\" href=\"https:\/\/etab.ac-reunion.fr\/clg-ravine-des-cabris\/2023\/04\/19\/championnat-de-la-reunion-de-course-en-montagne\/\" style=\"margin:5px 0px 10px 0px;color:#FFFFFF\" >Championnat de la R\u00e9union de course en montagne<\/a><\/h2>\r\n          \r\n                    <\/div>\r\n      <\/div>\r\n    <\/div>\r\n        <div class=\"advps-slide\">\r\n\t<a target=\"_self\" href=\"https:\/\/etab.ac-reunion.fr\/clg-ravine-des-cabris\/2019\/12\/16\/changeons-ensemble\/\" >      <img loading=\"lazy\" decoding=\"async\" src=\"https:\/\/etab.ac-reunion.fr\/clg-ravine-des-cabris\/wp-content\/uploads\/sites\/158\/2020\/12\/logoChangeonsEns-600x220.jpg\" width=\"600\" height=\"220\" alt=\"Changeons ensemble !\" \/>      <\/a>       \r\n      <div class=\"advps-excerpt-one\" style=\"width:30%;height:100%;top:0; left:0;\">\r\n      \t<div class=\"advps-overlay-one\" style=\"background-color:#000000; -moz-opacity:0.6;filter:alpha(opacity=60);opacity:0.6;\"><\/div>\r\n        <div class=\"advps-excerpt-block-one\" style=\"text-align:left;color:#FFFFFF;-moz-opacity:1;filter:alpha(opacity=100);opacity:1;\">        \r\n        <h2 class=\"advs-title\" style=\"margin:5px 0px 10px 0px;color:#FFFFFF\"><a target=\"_self\" href=\"https:\/\/etab.ac-reunion.fr\/clg-ravine-des-cabris\/2019\/12\/16\/changeons-ensemble\/\" style=\"margin:5px 0px 10px 0px;color:#FFFFFF\" >Changeons ensemble !<\/a><\/h2>\r\n          \r\n                    <\/div>\r\n      <\/div>\r\n    <\/div>\r\n        <div class=\"advps-slide\">\r\n\t<a target=\"_self\" href=\"https:\/\/etab.ac-reunion.fr\/clg-ravine-des-cabris\/2022\/08\/31\/cineallemand\/\" >      <img loading=\"lazy\" decoding=\"async\" src=\"https:\/\/etab.ac-reunion.fr\/clg-ravine-des-cabris\/wp-content\/uploads\/sites\/158\/2022\/08\/Capture-de\u0301cran-2022-08-31-a\u0300-19.58.57-600x220.png\" width=\"600\" height=\"220\" alt=\"CINE ALLEMAND &#8211; Cin\u00e9ma le Plaza \u00e0 Saint Louis &#8211; 13 Juin 2022\" \/>      <\/a>       \r\n      <div class=\"advps-excerpt-one\" style=\"width:30%;height:100%;top:0; left:0;\">\r\n      \t<div class=\"advps-overlay-one\" style=\"background-color:#000000; -moz-opacity:0.6;filter:alpha(opacity=60);opacity:0.6;\"><\/div>\r\n        <div class=\"advps-excerpt-block-one\" style=\"text-align:left;color:#FFFFFF;-moz-opacity:1;filter:alpha(opacity=100);opacity:1;\">        \r\n        <h2 class=\"advs-title\" style=\"margin:5px 0px 10px 0px;color:#FFFFFF\"><a target=\"_self\" href=\"https:\/\/etab.ac-reunion.fr\/clg-ravine-des-cabris\/2022\/08\/31\/cineallemand\/\" style=\"margin:5px 0px 10px 0px;color:#FFFFFF\" >CINE ALLEMAND &#8211; Cin\u00e9ma le Plaza \u00e0 Saint Louis &#8211; 13 Juin 2022<\/a><\/h2>\r\n          \r\n            <p>Les \u00e9l\u00e8ves germanistes de 5\u00e8me, dans le cadre des Parcours Citoyen et d\u2019Education Artistique et Culturelle ont pu assister \u00e0 la projection de Zu weit<\/p>\n        <\/div>\r\n      <\/div>\r\n    <\/div>\r\n        <div class=\"advps-slide\">\r\n\t<a target=\"_self\" href=\"https:\/\/etab.ac-reunion.fr\/clg-ravine-des-cabris\/2025\/06\/11\/club-danglais-2025\/\" >      <img loading=\"lazy\" decoding=\"async\" src=\"https:\/\/etab.ac-reunion.fr\/clg-ravine-des-cabris\/wp-content\/uploads\/sites\/158\/2025\/06\/Capture-decran-2025-06-11-a-14.31.08-600x220.png\" width=\"600\" height=\"220\" alt=\"Club d&rsquo;anglais 2025\" \/>      <\/a>       \r\n      <div class=\"advps-excerpt-one\" style=\"width:30%;height:100%;top:0; left:0;\">\r\n      \t<div class=\"advps-overlay-one\" style=\"background-color:#000000; -moz-opacity:0.6;filter:alpha(opacity=60);opacity:0.6;\"><\/div>\r\n        <div class=\"advps-excerpt-block-one\" style=\"text-align:left;color:#FFFFFF;-moz-opacity:1;filter:alpha(opacity=100);opacity:1;\">        \r\n        <h2 class=\"advs-title\" style=\"margin:5px 0px 10px 0px;color:#FFFFFF\"><a target=\"_self\" href=\"https:\/\/etab.ac-reunion.fr\/clg-ravine-des-cabris\/2025\/06\/11\/club-danglais-2025\/\" style=\"margin:5px 0px 10px 0px;color:#FFFFFF\" >Club d&rsquo;anglais 2025<\/a><\/h2>\r\n          \r\n                    <\/div>\r\n      <\/div>\r\n    <\/div>\r\n        <div class=\"advps-slide\">\r\n\t<a target=\"_self\" href=\"https:\/\/etab.ac-reunion.fr\/clg-ravine-des-cabris\/2021\/11\/09\/commemoration-premiere-guerre-mondiale\/\" >      <img loading=\"lazy\" decoding=\"async\" src=\"https:\/\/etab.ac-reunion.fr\/clg-ravine-des-cabris\/wp-content\/uploads\/sites\/158\/2021\/11\/IMG_9237-rotated-600x220.jpg\" width=\"600\" height=\"220\" alt=\"Comm\u00e9moration de la Premi\u00e8re Guerre mondiale\" \/>      <\/a>       \r\n      <div class=\"advps-excerpt-one\" style=\"width:30%;height:100%;top:0; left:0;\">\r\n      \t<div class=\"advps-overlay-one\" style=\"background-color:#000000; -moz-opacity:0.6;filter:alpha(opacity=60);opacity:0.6;\"><\/div>\r\n        <div class=\"advps-excerpt-block-one\" style=\"text-align:left;color:#FFFFFF;-moz-opacity:1;filter:alpha(opacity=100);opacity:1;\">        \r\n        <h2 class=\"advs-title\" style=\"margin:5px 0px 10px 0px;color:#FFFFFF\"><a target=\"_self\" href=\"https:\/\/etab.ac-reunion.fr\/clg-ravine-des-cabris\/2021\/11\/09\/commemoration-premiere-guerre-mondiale\/\" style=\"margin:5px 0px 10px 0px;color:#FFFFFF\" >Comm\u00e9moration de la Premi\u00e8re Guerre mondiale<\/a><\/h2>\r\n          \r\n            <p>Les 8 classes de 3\u00b0 du coll\u00e8ge ont assist\u00e9 \u00e0 une intervention mardi 9 novembre de l\u2019association \u00ab&nbsp;Mi aim mon mus\u00e9e&nbsp;\u00bbsur les armes de la<\/p>\n        <\/div>\r\n      <\/div>\r\n    <\/div>\r\n        <div class=\"advps-slide\">\r\n\t<a target=\"_self\" href=\"https:\/\/etab.ac-reunion.fr\/clg-ravine-des-cabris\/2018\/12\/16\/comment-trier-nos-dechets\/\" >      <img loading=\"lazy\" decoding=\"async\" src=\"https:\/\/etab.ac-reunion.fr\/clg-ravine-des-cabris\/wp-content\/uploads\/sites\/158\/2020\/12\/logoChangeonsEns-600x220.jpg\" width=\"600\" height=\"220\" alt=\"Comment trier nos d\u00e9chets ?\" \/>      <\/a>       \r\n      <div class=\"advps-excerpt-one\" style=\"width:30%;height:100%;top:0; left:0;\">\r\n      \t<div class=\"advps-overlay-one\" style=\"background-color:#000000; -moz-opacity:0.6;filter:alpha(opacity=60);opacity:0.6;\"><\/div>\r\n        <div class=\"advps-excerpt-block-one\" style=\"text-align:left;color:#FFFFFF;-moz-opacity:1;filter:alpha(opacity=100);opacity:1;\">        \r\n        <h2 class=\"advs-title\" style=\"margin:5px 0px 10px 0px;color:#FFFFFF\"><a target=\"_self\" href=\"https:\/\/etab.ac-reunion.fr\/clg-ravine-des-cabris\/2018\/12\/16\/comment-trier-nos-dechets\/\" style=\"margin:5px 0px 10px 0px;color:#FFFFFF\" >Comment trier nos d\u00e9chets ?<\/a><\/h2>\r\n          \r\n                    <\/div>\r\n      <\/div>\r\n    <\/div>\r\n        <div class=\"advps-slide\">\r\n\t<a target=\"_self\" href=\"https:\/\/etab.ac-reunion.fr\/clg-ravine-des-cabris\/2021\/11\/02\/compte-rendu-du-comite-de-pilotage\/\" >      <img loading=\"lazy\" decoding=\"async\" src=\"https:\/\/etab.ac-reunion.fr\/clg-ravine-des-cabris\/wp-content\/uploads\/sites\/158\/2020\/10\/replogo-600x220.jpg\" width=\"600\" height=\"220\" alt=\"Compte-rendu du comit\u00e9 de pilotage\" \/>      <\/a>       \r\n      <div class=\"advps-excerpt-one\" style=\"width:30%;height:100%;top:0; left:0;\">\r\n      \t<div class=\"advps-overlay-one\" style=\"background-color:#000000; -moz-opacity:0.6;filter:alpha(opacity=60);opacity:0.6;\"><\/div>\r\n        <div class=\"advps-excerpt-block-one\" style=\"text-align:left;color:#FFFFFF;-moz-opacity:1;filter:alpha(opacity=100);opacity:1;\">        \r\n        <h2 class=\"advs-title\" style=\"margin:5px 0px 10px 0px;color:#FFFFFF\"><a target=\"_self\" href=\"https:\/\/etab.ac-reunion.fr\/clg-ravine-des-cabris\/2021\/11\/02\/compte-rendu-du-comite-de-pilotage\/\" style=\"margin:5px 0px 10px 0px;color:#FFFFFF\" >Compte-rendu du comit\u00e9 de pilotage<\/a><\/h2>\r\n          \r\n                    <\/div>\r\n      <\/div>\r\n    <\/div>\r\n        <div class=\"advps-slide\">\r\n\t<a target=\"_self\" href=\"https:\/\/etab.ac-reunion.fr\/clg-ravine-des-cabris\/2025\/06\/26\/concert-au-kerveguen-mai-2025\/\" >      <img loading=\"lazy\" decoding=\"async\" src=\"https:\/\/etab.ac-reunion.fr\/clg-ravine-des-cabris\/wp-content\/uploads\/sites\/158\/2025\/06\/classe-orchestre-600x220.png\" width=\"600\" height=\"220\" alt=\"concert au Kerveguen mai 2025\" \/>      <\/a>       \r\n      <div class=\"advps-excerpt-one\" style=\"width:30%;height:100%;top:0; left:0;\">\r\n      \t<div class=\"advps-overlay-one\" style=\"background-color:#000000; -moz-opacity:0.6;filter:alpha(opacity=60);opacity:0.6;\"><\/div>\r\n        <div class=\"advps-excerpt-block-one\" style=\"text-align:left;color:#FFFFFF;-moz-opacity:1;filter:alpha(opacity=100);opacity:1;\">        \r\n        <h2 class=\"advs-title\" style=\"margin:5px 0px 10px 0px;color:#FFFFFF\"><a target=\"_self\" href=\"https:\/\/etab.ac-reunion.fr\/clg-ravine-des-cabris\/2025\/06\/26\/concert-au-kerveguen-mai-2025\/\" style=\"margin:5px 0px 10px 0px;color:#FFFFFF\" >concert au Kerveguen mai 2025<\/a><\/h2>\r\n          \r\n            <p>John Williams par l&rsquo;O.A.E. du coll\u00e8ge de la Ravine des Cabris Concert de restitution devant les parents film\u00e9 en mai 2025 dans la salle du<\/p>\n        <\/div>\r\n      <\/div>\r\n    <\/div>\r\n        <div class=\"advps-slide\">\r\n\t<a target=\"_self\" href=\"https:\/\/etab.ac-reunion.fr\/clg-ravine-des-cabris\/2024\/05\/21\/concert-avril-2024-oae-du-college-de-la-rdc\/\" >      <img loading=\"lazy\" decoding=\"async\" src=\"https:\/\/etab.ac-reunion.fr\/clg-ravine-des-cabris\/wp-content\/uploads\/sites\/158\/2023\/04\/Capture-decran-2023-04-10-a-20.12.37-600x220.png\" width=\"600\" height=\"220\" alt=\"Concert avril 2024 OAE du coll\u00e8ge de la RDC\" \/>      <\/a>       \r\n      <div class=\"advps-excerpt-one\" style=\"width:30%;height:100%;top:0; left:0;\">\r\n      \t<div class=\"advps-overlay-one\" style=\"background-color:#000000; -moz-opacity:0.6;filter:alpha(opacity=60);opacity:0.6;\"><\/div>\r\n        <div class=\"advps-excerpt-block-one\" style=\"text-align:left;color:#FFFFFF;-moz-opacity:1;filter:alpha(opacity=100);opacity:1;\">        \r\n        <h2 class=\"advs-title\" style=\"margin:5px 0px 10px 0px;color:#FFFFFF\"><a target=\"_self\" href=\"https:\/\/etab.ac-reunion.fr\/clg-ravine-des-cabris\/2024\/05\/21\/concert-avril-2024-oae-du-college-de-la-rdc\/\" style=\"margin:5px 0px 10px 0px;color:#FFFFFF\" >Concert avril 2024 OAE du coll\u00e8ge de la RDC<\/a><\/h2>\r\n          \r\n            <p>Dans le cadre d&rsquo;un \u00e9change culturel franco-allemand, l&rsquo;Orchestre \u00c0 l&rsquo;\u00c9cole du coll\u00e8ge de la Ravine des Cabris (Acad\u00e9mie de la R\u00e9union) s&rsquo;est produit dans le<\/p>\n        <\/div>\r\n      <\/div>\r\n    <\/div>\r\n        <div class=\"advps-slide\">\r\n\t<a target=\"_self\" href=\"https:\/\/etab.ac-reunion.fr\/clg-ravine-des-cabris\/2021\/03\/08\/concert-virtuel-munich-supercrew\/\" >      <img loading=\"lazy\" decoding=\"async\" src=\"https:\/\/etab.ac-reunion.fr\/clg-ravine-des-cabris\/wp-content\/uploads\/sites\/158\/2021\/03\/Concert2-600x220.jpg\" width=\"600\" height=\"220\" alt=\"Concert virtuel &#8211; Munich SuperCrew\" \/>      <\/a>       \r\n      <div class=\"advps-excerpt-one\" style=\"width:30%;height:100%;top:0; left:0;\">\r\n      \t<div class=\"advps-overlay-one\" style=\"background-color:#000000; -moz-opacity:0.6;filter:alpha(opacity=60);opacity:0.6;\"><\/div>\r\n        <div class=\"advps-excerpt-block-one\" style=\"text-align:left;color:#FFFFFF;-moz-opacity:1;filter:alpha(opacity=100);opacity:1;\">        \r\n        <h2 class=\"advs-title\" style=\"margin:5px 0px 10px 0px;color:#FFFFFF\"><a target=\"_self\" href=\"https:\/\/etab.ac-reunion.fr\/clg-ravine-des-cabris\/2021\/03\/08\/concert-virtuel-munich-supercrew\/\" style=\"margin:5px 0px 10px 0px;color:#FFFFFF\" >Concert virtuel &#8211; Munich SuperCrew<\/a><\/h2>\r\n          \r\n            <p>Le 30 janvier 2021 \u00e0 18h, le groupe allemand MUNICH SUPERCREW nous a donn\u00e9 rendez-vous pour un concert live derri\u00e8re nos \u00e9crans, un super moment\u00a0!<\/p>\n        <\/div>\r\n      <\/div>\r\n    <\/div>\r\n        <div class=\"advps-slide\">\r\n\t<a target=\"_self\" href=\"https:\/\/etab.ac-reunion.fr\/clg-ravine-des-cabris\/2023\/10\/11\/concours-daffiches-ti-train-luchronie\/\" >      <img loading=\"lazy\" decoding=\"async\" src=\"https:\/\/etab.ac-reunion.fr\/clg-ravine-des-cabris\/wp-content\/uploads\/sites\/158\/2023\/10\/IMG_2402-scaled-600x220.jpeg\" width=\"600\" height=\"220\" alt=\"Concours d&rsquo;affiches Ti Train l&rsquo;Uchronie\" \/>      <\/a>       \r\n      <div class=\"advps-excerpt-one\" style=\"width:30%;height:100%;top:0; left:0;\">\r\n      \t<div class=\"advps-overlay-one\" style=\"background-color:#000000; -moz-opacity:0.6;filter:alpha(opacity=60);opacity:0.6;\"><\/div>\r\n        <div class=\"advps-excerpt-block-one\" style=\"text-align:left;color:#FFFFFF;-moz-opacity:1;filter:alpha(opacity=100);opacity:1;\">        \r\n        <h2 class=\"advs-title\" style=\"margin:5px 0px 10px 0px;color:#FFFFFF\"><a target=\"_self\" href=\"https:\/\/etab.ac-reunion.fr\/clg-ravine-des-cabris\/2023\/10\/11\/concours-daffiches-ti-train-luchronie\/\" style=\"margin:5px 0px 10px 0px;color:#FFFFFF\" >Concours d&rsquo;affiches Ti Train l&rsquo;Uchronie<\/a><\/h2>\r\n          \r\n            <p>Les \u00e9l\u00e8ves de la classe 4\u00b0 Aristote ont termin\u00e9 leur projet sur le concours d\u2019affiches Ti train lontan l\u2019Uchronie.&nbsp; Les dessins r\u00e9alis\u00e9s sont partis aux<\/p>\n        <\/div>\r\n      <\/div>\r\n    <\/div>\r\n        <div class=\"advps-slide\">\r\n\t<a target=\"_self\" href=\"https:\/\/etab.ac-reunion.fr\/clg-ravine-des-cabris\/2025\/03\/15\/concours-jeunesse-pour-legalite\/\" >      <img loading=\"lazy\" decoding=\"async\" src=\"https:\/\/etab.ac-reunion.fr\/clg-ravine-des-cabris\/wp-content\/uploads\/sites\/158\/2025\/03\/Capture-decran-2025-03-15-a-18.17.23-600x220.png\" width=\"600\" height=\"220\" alt=\"Concours Jeunesse pour l&rsquo;\u00e9galit\u00e9\" \/>      <\/a>       \r\n      <div class=\"advps-excerpt-one\" style=\"width:30%;height:100%;top:0; left:0;\">\r\n      \t<div class=\"advps-overlay-one\" style=\"background-color:#000000; -moz-opacity:0.6;filter:alpha(opacity=60);opacity:0.6;\"><\/div>\r\n        <div class=\"advps-excerpt-block-one\" style=\"text-align:left;color:#FFFFFF;-moz-opacity:1;filter:alpha(opacity=100);opacity:1;\">        \r\n        <h2 class=\"advs-title\" style=\"margin:5px 0px 10px 0px;color:#FFFFFF\"><a target=\"_self\" href=\"https:\/\/etab.ac-reunion.fr\/clg-ravine-des-cabris\/2025\/03\/15\/concours-jeunesse-pour-legalite\/\" style=\"margin:5px 0px 10px 0px;color:#FFFFFF\" >Concours Jeunesse pour l&rsquo;\u00e9galit\u00e9<\/a><\/h2>\r\n          \r\n            <p>Les \u00e9l\u00e8ves de 4\u00e8me Aristote ont particip\u00e9 \u00e0 un concours lanc\u00e9 par l\u2019observatoire des in\u00e9galit\u00e9s. Cette douzi\u00e8me \u00e9dition avait pour th\u00e8me&nbsp;\u00ab D\u00e9passons les pr\u00e9jug\u00e9s !<\/p>\n        <\/div>\r\n      <\/div>\r\n    <\/div>\r\n        <div class=\"advps-slide\">\r\n\t<a target=\"_self\" href=\"https:\/\/etab.ac-reunion.fr\/clg-ravine-des-cabris\/2023\/04\/12\/concours-junk-kouture\/\" >      <img loading=\"lazy\" decoding=\"async\" src=\"https:\/\/etab.ac-reunion.fr\/clg-ravine-des-cabris\/wp-content\/uploads\/sites\/158\/2022\/12\/images-600x220.png\" width=\"600\" height=\"220\" alt=\"Concours Junk Kouture\" \/>      <\/a>       \r\n      <div class=\"advps-excerpt-one\" style=\"width:30%;height:100%;top:0; left:0;\">\r\n      \t<div class=\"advps-overlay-one\" style=\"background-color:#000000; -moz-opacity:0.6;filter:alpha(opacity=60);opacity:0.6;\"><\/div>\r\n        <div class=\"advps-excerpt-block-one\" style=\"text-align:left;color:#FFFFFF;-moz-opacity:1;filter:alpha(opacity=100);opacity:1;\">        \r\n        <h2 class=\"advs-title\" style=\"margin:5px 0px 10px 0px;color:#FFFFFF\"><a target=\"_self\" href=\"https:\/\/etab.ac-reunion.fr\/clg-ravine-des-cabris\/2023\/04\/12\/concours-junk-kouture\/\" style=\"margin:5px 0px 10px 0px;color:#FFFFFF\" >Concours Junk Kouture<\/a><\/h2>\r\n          \r\n            <p>Les \u00e9l\u00e8ves de l\u2019atelier d\u2019art portable de Mme Ch\u00e9neau-Ziegler ont particip\u00e9 au concours Junk Kouture 2023 en pr\u00e9sentant cette ann\u00e9e quatre tenues cr\u00e9\u00e9es en mat\u00e9riaux<\/p>\n        <\/div>\r\n      <\/div>\r\n    <\/div>\r\n        <div class=\"advps-slide\">\r\n\t<a target=\"_self\" href=\"https:\/\/etab.ac-reunion.fr\/clg-ravine-des-cabris\/2025\/11\/11\/concurso-de-la-portada-mas-chula-de-4eme\/\" >      <img loading=\"lazy\" decoding=\"async\" src=\"https:\/\/etab.ac-reunion.fr\/clg-ravine-des-cabris\/wp-content\/uploads\/sites\/158\/2025\/11\/Capture-decran-2025-11-11-a-20.46.42-600x220.png\" width=\"600\" height=\"220\" alt=\"CONCURSO DE LA PORTADA M\u00c1S CHULA\u00a0 DE 4\u00e9me\" \/>      <\/a>       \r\n      <div class=\"advps-excerpt-one\" style=\"width:30%;height:100%;top:0; left:0;\">\r\n      \t<div class=\"advps-overlay-one\" style=\"background-color:#000000; -moz-opacity:0.6;filter:alpha(opacity=60);opacity:0.6;\"><\/div>\r\n        <div class=\"advps-excerpt-block-one\" style=\"text-align:left;color:#FFFFFF;-moz-opacity:1;filter:alpha(opacity=100);opacity:1;\">        \r\n        <h2 class=\"advs-title\" style=\"margin:5px 0px 10px 0px;color:#FFFFFF\"><a target=\"_self\" href=\"https:\/\/etab.ac-reunion.fr\/clg-ravine-des-cabris\/2025\/11\/11\/concurso-de-la-portada-mas-chula-de-4eme\/\" style=\"margin:5px 0px 10px 0px;color:#FFFFFF\" >CONCURSO DE LA PORTADA M\u00c1S CHULA\u00a0 DE 4\u00e9me<\/a><\/h2>\r\n          \r\n            <p>Dans le cadre du concours des pages de garde en espagnol organis\u00e9 dans les classes de 4\u00e8me, les \u00e9l\u00e8ves ont imagin\u00e9 des pages de garde<\/p>\n        <\/div>\r\n      <\/div>\r\n    <\/div>\r\n        <div class=\"advps-slide\">\r\n\t<a target=\"_self\" href=\"https:\/\/etab.ac-reunion.fr\/clg-ravine-des-cabris\/2019\/11\/16\/consignes-devacuation-incendie\/\" >      <img loading=\"lazy\" decoding=\"async\" src=\"https:\/\/etab.ac-reunion.fr\/clg-ravine-des-cabris\/wp-content\/uploads\/sites\/158\/2020\/11\/Infos-600x220.jpg\" width=\"600\" height=\"220\" alt=\"Consignes d\u2019\u00e9vacuation incendie\" \/>      <\/a>       \r\n      <div class=\"advps-excerpt-one\" style=\"width:30%;height:100%;top:0; left:0;\">\r\n      \t<div class=\"advps-overlay-one\" style=\"background-color:#000000; -moz-opacity:0.6;filter:alpha(opacity=60);opacity:0.6;\"><\/div>\r\n        <div class=\"advps-excerpt-block-one\" style=\"text-align:left;color:#FFFFFF;-moz-opacity:1;filter:alpha(opacity=100);opacity:1;\">        \r\n        <h2 class=\"advs-title\" style=\"margin:5px 0px 10px 0px;color:#FFFFFF\"><a target=\"_self\" href=\"https:\/\/etab.ac-reunion.fr\/clg-ravine-des-cabris\/2019\/11\/16\/consignes-devacuation-incendie\/\" style=\"margin:5px 0px 10px 0px;color:#FFFFFF\" >Consignes d\u2019\u00e9vacuation incendie<\/a><\/h2>\r\n          \r\n            <p>Vous trouverez ci-joint la proc\u00e9dure en cas d\u2019alerte incendie\u00a0\u00e0 mettre en \u0153uvre lors du prochain exercice!<\/p>\n        <\/div>\r\n      <\/div>\r\n    <\/div>\r\n        <div class=\"advps-slide\">\r\n\t<a target=\"_self\" href=\"https:\/\/etab.ac-reunion.fr\/clg-ravine-des-cabris\/2017\/05\/21\/dans-le-sillage-des-baleines\/\" >      <img loading=\"lazy\" decoding=\"async\" src=\"https:\/\/etab.ac-reunion.fr\/clg-ravine-des-cabris\/wp-content\/uploads\/sites\/158\/2020\/12\/sillage-baleines-600x220.jpg\" width=\"600\" height=\"220\" alt=\"Dans le sillage des baleines\" \/>      <\/a>       \r\n      <div class=\"advps-excerpt-one\" style=\"width:30%;height:100%;top:0; left:0;\">\r\n      \t<div class=\"advps-overlay-one\" style=\"background-color:#000000; -moz-opacity:0.6;filter:alpha(opacity=60);opacity:0.6;\"><\/div>\r\n        <div class=\"advps-excerpt-block-one\" style=\"text-align:left;color:#FFFFFF;-moz-opacity:1;filter:alpha(opacity=100);opacity:1;\">        \r\n        <h2 class=\"advs-title\" style=\"margin:5px 0px 10px 0px;color:#FFFFFF\"><a target=\"_self\" href=\"https:\/\/etab.ac-reunion.fr\/clg-ravine-des-cabris\/2017\/05\/21\/dans-le-sillage-des-baleines\/\" style=\"margin:5px 0px 10px 0px;color:#FFFFFF\" >Dans le sillage des baleines<\/a><\/h2>\r\n          \r\n            <p>Au mois de juin 2017 le 2\u00e8me Congr\u00e8s international sur la Baleine \u00e0 bosse se d\u00e9roulera \u00e0 La R\u00e9union. Dans ce contexte, le mus\u00e9e Stella<\/p>\n        <\/div>\r\n      <\/div>\r\n    <\/div>\r\n        <div class=\"advps-slide\">\r\n\t<a target=\"_self\" href=\"https:\/\/etab.ac-reunion.fr\/clg-ravine-des-cabris\/2022\/05\/08\/defile-mode-des-eleves-de-4-et-3-concours-junk-kouture\/\" >      <img loading=\"lazy\" decoding=\"async\" src=\"https:\/\/etab.ac-reunion.fr\/clg-ravine-des-cabris\/wp-content\/uploads\/sites\/158\/2022\/05\/Grand-Final-Banners-02-1-600x220.jpeg\" width=\"600\" height=\"220\" alt=\"D\u00e9fil\u00e9 mode des \u00e9l\u00e8ves  de 4\u00b0 et 3\u00b0 &#8211; concours \u00ab\u00a0Junk Kouture\u00a0\u00bb\" \/>      <\/a>       \r\n      <div class=\"advps-excerpt-one\" style=\"width:30%;height:100%;top:0; left:0;\">\r\n      \t<div class=\"advps-overlay-one\" style=\"background-color:#000000; -moz-opacity:0.6;filter:alpha(opacity=60);opacity:0.6;\"><\/div>\r\n        <div class=\"advps-excerpt-block-one\" style=\"text-align:left;color:#FFFFFF;-moz-opacity:1;filter:alpha(opacity=100);opacity:1;\">        \r\n        <h2 class=\"advs-title\" style=\"margin:5px 0px 10px 0px;color:#FFFFFF\"><a target=\"_self\" href=\"https:\/\/etab.ac-reunion.fr\/clg-ravine-des-cabris\/2022\/05\/08\/defile-mode-des-eleves-de-4-et-3-concours-junk-kouture\/\" style=\"margin:5px 0px 10px 0px;color:#FFFFFF\" >D\u00e9fil\u00e9 mode des \u00e9l\u00e8ves  de 4\u00b0 et 3\u00b0 &#8211; concours \u00ab\u00a0Junk Kouture\u00a0\u00bb<\/a><\/h2>\r\n          \r\n            <p>Mme Ferreira, professeur d\u2019Arts plastiques, a particip\u00e9 avec ses \u00e9l\u00e8ves de 3\u00e8me et de 4\u00e8me au c\u00e9l\u00e8bre concours international \u00ab JUNK KOUTURE 2022 \u00bb honor\u00e9<\/p>\n        <\/div>\r\n      <\/div>\r\n    <\/div>\r\n        <div class=\"advps-slide\">\r\n\t<a target=\"_self\" href=\"https:\/\/etab.ac-reunion.fr\/clg-ravine-des-cabris\/2021\/02\/07\/des-activites-de-developpement-durable-en-2020\/\" >            <\/a>       \r\n      <div class=\"advps-excerpt-one\" style=\"width:30%;height:100%;top:0; left:0;\">\r\n      \t<div class=\"advps-overlay-one\" style=\"background-color:#000000; -moz-opacity:0.6;filter:alpha(opacity=60);opacity:0.6;\"><\/div>\r\n        <div class=\"advps-excerpt-block-one\" style=\"text-align:left;color:#FFFFFF;-moz-opacity:1;filter:alpha(opacity=100);opacity:1;\">        \r\n        <h2 class=\"advs-title\" style=\"margin:5px 0px 10px 0px;color:#FFFFFF\"><a target=\"_self\" href=\"https:\/\/etab.ac-reunion.fr\/clg-ravine-des-cabris\/2021\/02\/07\/des-activites-de-developpement-durable-en-2020\/\" style=\"margin:5px 0px 10px 0px;color:#FFFFFF\" >Des activit\u00e9s de d\u00e9veloppement durable en 2020<\/a><\/h2>\r\n          \r\n            <p>Depuis la rentr\u00e9e, lors de l\u2019atelier d\u00e9veloppement durable et de la semaine \u00e9cole-ouverte, nous avons remis en \u00e9tat le potager, r\u00e9alis\u00e9 un arbre de No\u00ebl<\/p>\n        <\/div>\r\n      <\/div>\r\n    <\/div>\r\n        <div class=\"advps-slide\">\r\n\t<a target=\"_self\" href=\"https:\/\/etab.ac-reunion.fr\/clg-ravine-des-cabris\/2023\/04\/12\/des-ecossaises-chez-nous\/\" >      <img loading=\"lazy\" decoding=\"async\" src=\"https:\/\/etab.ac-reunion.fr\/clg-ravine-des-cabris\/wp-content\/uploads\/sites\/158\/2023\/04\/Capture-decran-2023-04-12-a-18.49.09-600x220.png\" width=\"600\" height=\"220\" alt=\"<strong>Des \u00c9cossaises chez nous\u00a0!<\/strong>\" \/>      <\/a>       \r\n      <div class=\"advps-excerpt-one\" style=\"width:30%;height:100%;top:0; left:0;\">\r\n      \t<div class=\"advps-overlay-one\" style=\"background-color:#000000; -moz-opacity:0.6;filter:alpha(opacity=60);opacity:0.6;\"><\/div>\r\n        <div class=\"advps-excerpt-block-one\" style=\"text-align:left;color:#FFFFFF;-moz-opacity:1;filter:alpha(opacity=100);opacity:1;\">        \r\n        <h2 class=\"advs-title\" style=\"margin:5px 0px 10px 0px;color:#FFFFFF\"><a target=\"_self\" href=\"https:\/\/etab.ac-reunion.fr\/clg-ravine-des-cabris\/2023\/04\/12\/des-ecossaises-chez-nous\/\" style=\"margin:5px 0px 10px 0px;color:#FFFFFF\" ><strong>Des \u00c9cossaises chez nous\u00a0!<\/strong><\/a><\/h2>\r\n          \r\n            <p>Nous avons la chance d\u2019accueillir au sein du coll\u00e8ge 3 professeures \u00e9cossaises. Elles sont venues observer le syst\u00e8me \u00e9ducatif fran\u00e7ais. A travers leur voyage, elles<\/p>\n        <\/div>\r\n      <\/div>\r\n    <\/div>\r\n        <div class=\"advps-slide\">\r\n\t<a target=\"_self\" href=\"https:\/\/etab.ac-reunion.fr\/clg-ravine-des-cabris\/2020\/11\/02\/des-paillettes-pour-hannah\/\" >      <img loading=\"lazy\" decoding=\"async\" src=\"https:\/\/etab.ac-reunion.fr\/clg-ravine-des-cabris\/wp-content\/uploads\/sites\/158\/2020\/11\/Hannah-Arendt-600x220.jpg\" width=\"600\" height=\"220\" alt=\"Des paillettes pour Hannah \u2026\" \/>      <\/a>       \r\n      <div class=\"advps-excerpt-one\" style=\"width:30%;height:100%;top:0; left:0;\">\r\n      \t<div class=\"advps-overlay-one\" style=\"background-color:#000000; -moz-opacity:0.6;filter:alpha(opacity=60);opacity:0.6;\"><\/div>\r\n        <div class=\"advps-excerpt-block-one\" style=\"text-align:left;color:#FFFFFF;-moz-opacity:1;filter:alpha(opacity=100);opacity:1;\">        \r\n        <h2 class=\"advs-title\" style=\"margin:5px 0px 10px 0px;color:#FFFFFF\"><a target=\"_self\" href=\"https:\/\/etab.ac-reunion.fr\/clg-ravine-des-cabris\/2020\/11\/02\/des-paillettes-pour-hannah\/\" style=\"margin:5px 0px 10px 0px;color:#FFFFFF\" >Des paillettes pour Hannah \u2026<\/a><\/h2>\r\n          \r\n            <p>Les \u00e9l\u00e8ves germanistes de 6\u00e8me ont fait la connaissance de personnalit\u00e9s de langue allemande&nbsp;; parmi celles-ci, Hannah Arendt et Sophie Scholl. Ils en ont propos\u00e9<\/p>\n        <\/div>\r\n      <\/div>\r\n    <\/div>\r\n        <div class=\"advps-slide\">\r\n\t<a target=\"_self\" href=\"https:\/\/etab.ac-reunion.fr\/clg-ravine-des-cabris\/2025\/05\/26\/dossier-dinscription-classe-de-6eme-rentree-2025\/\" >      <img loading=\"lazy\" decoding=\"async\" src=\"https:\/\/etab.ac-reunion.fr\/clg-ravine-des-cabris\/wp-content\/uploads\/sites\/158\/2025\/05\/Capture-decran-2025-05-26-a-22.23.22-600x220.png\" width=\"600\" height=\"220\" alt=\"Dossier d&rsquo;inscription classe de 6\u00e8me &#8211; rentr\u00e9e 2025\" \/>      <\/a>       \r\n      <div class=\"advps-excerpt-one\" style=\"width:30%;height:100%;top:0; left:0;\">\r\n      \t<div class=\"advps-overlay-one\" style=\"background-color:#000000; -moz-opacity:0.6;filter:alpha(opacity=60);opacity:0.6;\"><\/div>\r\n        <div class=\"advps-excerpt-block-one\" style=\"text-align:left;color:#FFFFFF;-moz-opacity:1;filter:alpha(opacity=100);opacity:1;\">        \r\n        <h2 class=\"advs-title\" style=\"margin:5px 0px 10px 0px;color:#FFFFFF\"><a target=\"_self\" href=\"https:\/\/etab.ac-reunion.fr\/clg-ravine-des-cabris\/2025\/05\/26\/dossier-dinscription-classe-de-6eme-rentree-2025\/\" style=\"margin:5px 0px 10px 0px;color:#FFFFFF\" >Dossier d&rsquo;inscription classe de 6\u00e8me &#8211; rentr\u00e9e 2025<\/a><\/h2>\r\n          \r\n            <p>Vous trouverez ci dessous les\u00a0documents d&rsquo;information \u00e0 consulter et \u00e0 remplir pour l&rsquo;inscription au Coll\u00e8ge. Les d\u00e9marches d&rsquo;inscription\u00a0sont \u00e0 faire directement aupr\u00e8s du coll\u00e8ge concern\u00e9<\/p>\n        <\/div>\r\n      <\/div>\r\n    <\/div>\r\n        <div class=\"advps-slide\">\r\n\t<a target=\"_self\" href=\"https:\/\/etab.ac-reunion.fr\/clg-ravine-des-cabris\/2024\/06\/03\/dossiers-dinscription-en-6eme\/\" >      <img loading=\"lazy\" decoding=\"async\" src=\"https:\/\/etab.ac-reunion.fr\/clg-ravine-des-cabris\/wp-content\/uploads\/sites\/158\/2023\/06\/unnamed_1-600x220.jpg\" width=\"600\" height=\"220\" alt=\"Dossier d&rsquo;inscription en 6\u00e8me\" \/>      <\/a>       \r\n      <div class=\"advps-excerpt-one\" style=\"width:30%;height:100%;top:0; left:0;\">\r\n      \t<div class=\"advps-overlay-one\" style=\"background-color:#000000; -moz-opacity:0.6;filter:alpha(opacity=60);opacity:0.6;\"><\/div>\r\n        <div class=\"advps-excerpt-block-one\" style=\"text-align:left;color:#FFFFFF;-moz-opacity:1;filter:alpha(opacity=100);opacity:1;\">        \r\n        <h2 class=\"advs-title\" style=\"margin:5px 0px 10px 0px;color:#FFFFFF\"><a target=\"_self\" href=\"https:\/\/etab.ac-reunion.fr\/clg-ravine-des-cabris\/2024\/06\/03\/dossiers-dinscription-en-6eme\/\" style=\"margin:5px 0px 10px 0px;color:#FFFFFF\" >Dossier d&rsquo;inscription en 6\u00e8me<\/a><\/h2>\r\n          \r\n            <p>A l\u2019attention des parents d\u2019\u00e9l\u00e8ves pour l&rsquo;inscription de leur enfant en 6e. Vous trouverez ci-dessous l\u2019ensemble des documents \u00e0 compl\u00e9ter pour l\u2019inscription\u00a0en classe de 6\u00b0\u00a0\u00e0<\/p>\n        <\/div>\r\n      <\/div>\r\n    <\/div>\r\n        <div class=\"advps-slide\">\r\n\t<a target=\"_self\" href=\"https:\/\/etab.ac-reunion.fr\/clg-ravine-des-cabris\/2018\/04\/13\/echange-ravine-des-cabris-reunion-duisburg-allemagne-9-23-mars-2018-4eme-et-3eme-arendt-scholl\/\" >      <img loading=\"lazy\" decoding=\"async\" src=\"https:\/\/etab.ac-reunion.fr\/clg-ravine-des-cabris\/wp-content\/uploads\/sites\/158\/2020\/10\/drapeau-600x220.jpg\" width=\"600\" height=\"220\" alt=\"Echange  Ravine des Cabris\/REUNION-Duisburg\/ALLEMAGNE 9-23 mars 2018 4\u00e8me et 3\u00e8me Arendt\/Scholl\" \/>      <\/a>       \r\n      <div class=\"advps-excerpt-one\" style=\"width:30%;height:100%;top:0; left:0;\">\r\n      \t<div class=\"advps-overlay-one\" style=\"background-color:#000000; -moz-opacity:0.6;filter:alpha(opacity=60);opacity:0.6;\"><\/div>\r\n        <div class=\"advps-excerpt-block-one\" style=\"text-align:left;color:#FFFFFF;-moz-opacity:1;filter:alpha(opacity=100);opacity:1;\">        \r\n        <h2 class=\"advs-title\" style=\"margin:5px 0px 10px 0px;color:#FFFFFF\"><a target=\"_self\" href=\"https:\/\/etab.ac-reunion.fr\/clg-ravine-des-cabris\/2018\/04\/13\/echange-ravine-des-cabris-reunion-duisburg-allemagne-9-23-mars-2018-4eme-et-3eme-arendt-scholl\/\" style=\"margin:5px 0px 10px 0px;color:#FFFFFF\" >Echange  Ravine des Cabris\/REUNION-Duisburg\/ALLEMAGNE 9-23 mars 2018 4\u00e8me et 3\u00e8me Arendt\/Scholl<\/a><\/h2>\r\n          \r\n            <p>Mirkos Rap \u2026 12 Tage ist es her da haben wir uns gesehen Es war wie ein Zufall und nun ist es geschehen Ihr standet<\/p>\n        <\/div>\r\n      <\/div>\r\n    <\/div>\r\n        <div class=\"advps-slide\">\r\n\t<a target=\"_self\" href=\"https:\/\/etab.ac-reunion.fr\/clg-ravine-des-cabris\/2017\/04\/13\/echange-realschule-duisburg-hamborn-ii-college-ravine-des-cabris-8-21-mars-2017\/\" >      <img loading=\"lazy\" decoding=\"async\" src=\"https:\/\/etab.ac-reunion.fr\/clg-ravine-des-cabris\/wp-content\/uploads\/sites\/158\/2020\/11\/Voyage-Allemagne-01-600x220.jpg\" width=\"600\" height=\"220\" alt=\"Echange Realschule Duisburg Hamborn II \u2013 Coll\u00e8ge Ravine des Cabris (8-21 mars 2017)\" \/>      <\/a>       \r\n      <div class=\"advps-excerpt-one\" style=\"width:30%;height:100%;top:0; left:0;\">\r\n      \t<div class=\"advps-overlay-one\" style=\"background-color:#000000; -moz-opacity:0.6;filter:alpha(opacity=60);opacity:0.6;\"><\/div>\r\n        <div class=\"advps-excerpt-block-one\" style=\"text-align:left;color:#FFFFFF;-moz-opacity:1;filter:alpha(opacity=100);opacity:1;\">        \r\n        <h2 class=\"advs-title\" style=\"margin:5px 0px 10px 0px;color:#FFFFFF\"><a target=\"_self\" href=\"https:\/\/etab.ac-reunion.fr\/clg-ravine-des-cabris\/2017\/04\/13\/echange-realschule-duisburg-hamborn-ii-college-ravine-des-cabris-8-21-mars-2017\/\" style=\"margin:5px 0px 10px 0px;color:#FFFFFF\" >Echange Realschule Duisburg Hamborn II \u2013 Coll\u00e8ge Ravine des Cabris (8-21 mars 2017)<\/a><\/h2>\r\n          \r\n            <p>Mercredi 8 mars 2017 : \u00ab Nous avons quitt\u00e9 le coll\u00e8ge \u00e0 16h pour nous diriger vers l\u2019a\u00e9roport de Roland Garros \u00e0 Saint Denis. Nous<\/p>\n        <\/div>\r\n      <\/div>\r\n    <\/div>\r\n        <div class=\"advps-slide\">\r\n\t<a target=\"_self\" href=\"https:\/\/etab.ac-reunion.fr\/clg-ravine-des-cabris\/2024\/04\/07\/education-aux-medias\/\" >      <img loading=\"lazy\" decoding=\"async\" src=\"https:\/\/etab.ac-reunion.fr\/clg-ravine-des-cabris\/wp-content\/uploads\/sites\/158\/2024\/04\/Capture-decran-2024-04-07-a-19.22.33-600x220.png\" width=\"600\" height=\"220\" alt=\"S\u00e9ances d&rsquo;\u00e9ducation aux m\u00e9dias pour les 4\u00e8mes\" \/>      <\/a>       \r\n      <div class=\"advps-excerpt-one\" style=\"width:30%;height:100%;top:0; left:0;\">\r\n      \t<div class=\"advps-overlay-one\" style=\"background-color:#000000; -moz-opacity:0.6;filter:alpha(opacity=60);opacity:0.6;\"><\/div>\r\n        <div class=\"advps-excerpt-block-one\" style=\"text-align:left;color:#FFFFFF;-moz-opacity:1;filter:alpha(opacity=100);opacity:1;\">        \r\n        <h2 class=\"advs-title\" style=\"margin:5px 0px 10px 0px;color:#FFFFFF\"><a target=\"_self\" href=\"https:\/\/etab.ac-reunion.fr\/clg-ravine-des-cabris\/2024\/04\/07\/education-aux-medias\/\" style=\"margin:5px 0px 10px 0px;color:#FFFFFF\" >S\u00e9ances d&rsquo;\u00e9ducation aux m\u00e9dias pour les 4\u00e8mes<\/a><\/h2>\r\n          \r\n            <p>Les \u00e9l\u00e8ves de 4\u00b0 ont pu b\u00e9n\u00e9ficier de s\u00e9ances participatives d&rsquo;\u00e9ducation aux m\u00e9dias et \u00e0 l\u2019information&nbsp;abordant&nbsp;diff\u00e9rents th\u00e8mes :&nbsp; &#8211; Qu&rsquo;est-ce qu&rsquo;une information et \u00e0 quoi<\/p>\n        <\/div>\r\n      <\/div>\r\n    <\/div>\r\n        <div class=\"advps-slide\">\r\n\t<a target=\"_self\" href=\"https:\/\/etab.ac-reunion.fr\/clg-ravine-des-cabris\/2022\/06\/30\/english-club-2021-2022\/\" >      <img loading=\"lazy\" decoding=\"async\" src=\"https:\/\/etab.ac-reunion.fr\/clg-ravine-des-cabris\/wp-content\/uploads\/sites\/158\/2022\/06\/English-club-600x220.png\" width=\"600\" height=\"220\" alt=\"English Club 2021-2022\" \/>      <\/a>       \r\n      <div class=\"advps-excerpt-one\" style=\"width:30%;height:100%;top:0; left:0;\">\r\n      \t<div class=\"advps-overlay-one\" style=\"background-color:#000000; -moz-opacity:0.6;filter:alpha(opacity=60);opacity:0.6;\"><\/div>\r\n        <div class=\"advps-excerpt-block-one\" style=\"text-align:left;color:#FFFFFF;-moz-opacity:1;filter:alpha(opacity=100);opacity:1;\">        \r\n        <h2 class=\"advs-title\" style=\"margin:5px 0px 10px 0px;color:#FFFFFF\"><a target=\"_self\" href=\"https:\/\/etab.ac-reunion.fr\/clg-ravine-des-cabris\/2022\/06\/30\/english-club-2021-2022\/\" style=\"margin:5px 0px 10px 0px;color:#FFFFFF\" >English Club 2021-2022<\/a><\/h2>\r\n          \r\n            <p>Tous les lundis, mardis et jeudis, les membres du club d&rsquo;anglais se sont retrouv\u00e9s pour un moment de d\u00e9tente autour d&rsquo;activit\u00e9s ludiques en anglais (jeux<\/p>\n        <\/div>\r\n      <\/div>\r\n    <\/div>\r\n        <div class=\"advps-slide\">\r\n\t<a target=\"_self\" href=\"https:\/\/etab.ac-reunion.fr\/clg-ravine-des-cabris\/2023\/04\/30\/espagnol-semaine-des-langues\/\" >      <img loading=\"lazy\" decoding=\"async\" src=\"https:\/\/etab.ac-reunion.fr\/clg-ravine-des-cabris\/wp-content\/uploads\/sites\/158\/2023\/02\/Capture-decran-2023-03-02-a-15.54.16-600x220.png\" width=\"600\" height=\"220\" alt=\"Espagnol : semaine des langues\" \/>      <\/a>       \r\n      <div class=\"advps-excerpt-one\" style=\"width:30%;height:100%;top:0; left:0;\">\r\n      \t<div class=\"advps-overlay-one\" style=\"background-color:#000000; -moz-opacity:0.6;filter:alpha(opacity=60);opacity:0.6;\"><\/div>\r\n        <div class=\"advps-excerpt-block-one\" style=\"text-align:left;color:#FFFFFF;-moz-opacity:1;filter:alpha(opacity=100);opacity:1;\">        \r\n        <h2 class=\"advs-title\" style=\"margin:5px 0px 10px 0px;color:#FFFFFF\"><a target=\"_self\" href=\"https:\/\/etab.ac-reunion.fr\/clg-ravine-des-cabris\/2023\/04\/30\/espagnol-semaine-des-langues\/\" style=\"margin:5px 0px 10px 0px;color:#FFFFFF\" >Espagnol : semaine des langues<\/a><\/h2>\r\n          \r\n                    <\/div>\r\n      <\/div>\r\n    <\/div>\r\n        <div class=\"advps-slide\">\r\n\t<a target=\"_self\" href=\"https:\/\/etab.ac-reunion.fr\/clg-ravine-des-cabris\/2024\/11\/15\/exposition-au-cdi\/\" >      <img loading=\"lazy\" decoding=\"async\" src=\"https:\/\/etab.ac-reunion.fr\/clg-ravine-des-cabris\/wp-content\/uploads\/sites\/158\/2024\/11\/Capture-decran-2024-11-15-a-13.09.06-600x220.png\" width=\"600\" height=\"220\" alt=\"Exposition au CDI\" \/>      <\/a>       \r\n      <div class=\"advps-excerpt-one\" style=\"width:30%;height:100%;top:0; left:0;\">\r\n      \t<div class=\"advps-overlay-one\" style=\"background-color:#000000; -moz-opacity:0.6;filter:alpha(opacity=60);opacity:0.6;\"><\/div>\r\n        <div class=\"advps-excerpt-block-one\" style=\"text-align:left;color:#FFFFFF;-moz-opacity:1;filter:alpha(opacity=100);opacity:1;\">        \r\n        <h2 class=\"advs-title\" style=\"margin:5px 0px 10px 0px;color:#FFFFFF\"><a target=\"_self\" href=\"https:\/\/etab.ac-reunion.fr\/clg-ravine-des-cabris\/2024\/11\/15\/exposition-au-cdi\/\" style=\"margin:5px 0px 10px 0px;color:#FFFFFF\" >Exposition au CDI<\/a><\/h2>\r\n          \r\n                    <\/div>\r\n      <\/div>\r\n    <\/div>\r\n        <div class=\"advps-slide\">\r\n\t<a target=\"_self\" href=\"https:\/\/etab.ac-reunion.fr\/clg-ravine-des-cabris\/2020\/10\/02\/femmes-puissantes\/\" >      <img loading=\"lazy\" decoding=\"async\" src=\"https:\/\/etab.ac-reunion.fr\/clg-ravine-des-cabris\/wp-content\/uploads\/sites\/158\/2020\/11\/femmes-puissantes-600x220.jpg\" width=\"600\" height=\"220\" alt=\"\u201cFemmes puissantes\u2026\u201d\" \/>      <\/a>       \r\n      <div class=\"advps-excerpt-one\" style=\"width:30%;height:100%;top:0; left:0;\">\r\n      \t<div class=\"advps-overlay-one\" style=\"background-color:#000000; -moz-opacity:0.6;filter:alpha(opacity=60);opacity:0.6;\"><\/div>\r\n        <div class=\"advps-excerpt-block-one\" style=\"text-align:left;color:#FFFFFF;-moz-opacity:1;filter:alpha(opacity=100);opacity:1;\">        \r\n        <h2 class=\"advs-title\" style=\"margin:5px 0px 10px 0px;color:#FFFFFF\"><a target=\"_self\" href=\"https:\/\/etab.ac-reunion.fr\/clg-ravine-des-cabris\/2020\/10\/02\/femmes-puissantes\/\" style=\"margin:5px 0px 10px 0px;color:#FFFFFF\" >\u201cFemmes puissantes\u2026\u201d<\/a><\/h2>\r\n          \r\n            <p>Les \u00e9l\u00e8ves germanistes de 3\u00e8me&nbsp;ont choisi quelques personnalit\u00e9s f\u00e9minines hors-norme de divers continents, diverses \u00e9poques et nous les pr\u00e9sentent. Une mise en perspective du combat<\/p>\n        <\/div>\r\n      <\/div>\r\n    <\/div>\r\n        <div class=\"advps-slide\">\r\n\t<a target=\"_self\" href=\"https:\/\/etab.ac-reunion.fr\/clg-ravine-des-cabris\/2023\/12\/04\/festival-ecran-jeunes\/\" >      <img loading=\"lazy\" decoding=\"async\" src=\"https:\/\/etab.ac-reunion.fr\/clg-ravine-des-cabris\/wp-content\/uploads\/sites\/158\/2023\/12\/Capture-decran-2023-12-04-a-22.36.20-600x220.png\" width=\"600\" height=\"220\" alt=\"FESTIVAL ECRAN JEUNES\" \/>      <\/a>       \r\n      <div class=\"advps-excerpt-one\" style=\"width:30%;height:100%;top:0; left:0;\">\r\n      \t<div class=\"advps-overlay-one\" style=\"background-color:#000000; -moz-opacity:0.6;filter:alpha(opacity=60);opacity:0.6;\"><\/div>\r\n        <div class=\"advps-excerpt-block-one\" style=\"text-align:left;color:#FFFFFF;-moz-opacity:1;filter:alpha(opacity=100);opacity:1;\">        \r\n        <h2 class=\"advs-title\" style=\"margin:5px 0px 10px 0px;color:#FFFFFF\"><a target=\"_self\" href=\"https:\/\/etab.ac-reunion.fr\/clg-ravine-des-cabris\/2023\/12\/04\/festival-ecran-jeunes\/\" style=\"margin:5px 0px 10px 0px;color:#FFFFFF\" >FESTIVAL ECRAN JEUNES<\/a><\/h2>\r\n          \r\n            <p>Comme chaque ann\u00e9e, les \u00e9l\u00e8ves germanistes de 6\u00e8me et 5\u00e8me ont pu profiter le 15 novembre 2023 de la programmation du Festival Ecran Jeunes et<\/p>\n        <\/div>\r\n      <\/div>\r\n    <\/div>\r\n        <div class=\"advps-slide\">\r\n\t<a target=\"_self\" href=\"https:\/\/etab.ac-reunion.fr\/clg-ravine-des-cabris\/2024\/12\/17\/fet-kaf\/\" >      <img loading=\"lazy\" decoding=\"async\" src=\"https:\/\/etab.ac-reunion.fr\/clg-ravine-des-cabris\/wp-content\/uploads\/sites\/158\/2024\/12\/Capture-decran-2024-12-17-a-14.36.30-600x220.png\" width=\"600\" height=\"220\" alt=\"\u00ab\u00a0F\u00eat Kaf\u00a0\u00bb\" \/>      <\/a>       \r\n      <div class=\"advps-excerpt-one\" style=\"width:30%;height:100%;top:0; left:0;\">\r\n      \t<div class=\"advps-overlay-one\" style=\"background-color:#000000; -moz-opacity:0.6;filter:alpha(opacity=60);opacity:0.6;\"><\/div>\r\n        <div class=\"advps-excerpt-block-one\" style=\"text-align:left;color:#FFFFFF;-moz-opacity:1;filter:alpha(opacity=100);opacity:1;\">        \r\n        <h2 class=\"advs-title\" style=\"margin:5px 0px 10px 0px;color:#FFFFFF\"><a target=\"_self\" href=\"https:\/\/etab.ac-reunion.fr\/clg-ravine-des-cabris\/2024\/12\/17\/fet-kaf\/\" style=\"margin:5px 0px 10px 0px;color:#FFFFFF\" >\u00ab\u00a0F\u00eat Kaf\u00a0\u00bb<\/a><\/h2>\r\n          \r\n            <p>Ce jeudi 19 d\u00e9cembre 2024 aura lieu notre traditionnelle \u00ab\u00a0F\u00caT KAF\u00a0\u00bb qui cl\u00f4turera cette ann\u00e9e 2024. La f\u00eat kaf commencera&nbsp; \u00e0 14h selon l&rsquo;organisation suivante<\/p>\n        <\/div>\r\n      <\/div>\r\n    <\/div>\r\n        <div class=\"advps-slide\">\r\n\t<a target=\"_self\" href=\"https:\/\/etab.ac-reunion.fr\/clg-ravine-des-cabris\/2024\/01\/26\/fet-kaf-au-college\/\" >      <img loading=\"lazy\" decoding=\"async\" src=\"https:\/\/etab.ac-reunion.fr\/clg-ravine-des-cabris\/wp-content\/uploads\/sites\/158\/2024\/01\/Capture-decran-2024-01-26-a-13.59.55-600x220.png\" width=\"600\" height=\"220\" alt=\"F\u00e8t Kaf au coll\u00e8ge\" \/>      <\/a>       \r\n      <div class=\"advps-excerpt-one\" style=\"width:30%;height:100%;top:0; left:0;\">\r\n      \t<div class=\"advps-overlay-one\" style=\"background-color:#000000; -moz-opacity:0.6;filter:alpha(opacity=60);opacity:0.6;\"><\/div>\r\n        <div class=\"advps-excerpt-block-one\" style=\"text-align:left;color:#FFFFFF;-moz-opacity:1;filter:alpha(opacity=100);opacity:1;\">        \r\n        <h2 class=\"advs-title\" style=\"margin:5px 0px 10px 0px;color:#FFFFFF\"><a target=\"_self\" href=\"https:\/\/etab.ac-reunion.fr\/clg-ravine-des-cabris\/2024\/01\/26\/fet-kaf-au-college\/\" style=\"margin:5px 0px 10px 0px;color:#FFFFFF\" >F\u00e8t Kaf au coll\u00e8ge<\/a><\/h2>\r\n          \r\n            <p>Le 19 d\u00e9cembre 2023, au coll\u00e8ge de la Ravine des Cabris de la R\u00e9union, l&rsquo;Orchestre \u00c0 l&rsquo;\u00c9cole du coll\u00e8ge a bien voulu participer \u00e0 la<\/p>\n        <\/div>\r\n      <\/div>\r\n    <\/div>\r\n        <div class=\"advps-slide\">\r\n\t<a target=\"_self\" href=\"https:\/\/etab.ac-reunion.fr\/clg-ravine-des-cabris\/2022\/07\/11\/fete-de-la-musique-21-juin-2022\/\" >      <img loading=\"lazy\" decoding=\"async\" src=\"https:\/\/etab.ac-reunion.fr\/clg-ravine-des-cabris\/wp-content\/uploads\/sites\/158\/2022\/07\/19-06-2020-FE\u0302TE-de-la-MUSIQUE-2020-600x220.jpeg\" width=\"600\" height=\"220\" alt=\"F\u00eate de la musique 21 juin 2022\" \/>      <\/a>       \r\n      <div class=\"advps-excerpt-one\" style=\"width:30%;height:100%;top:0; left:0;\">\r\n      \t<div class=\"advps-overlay-one\" style=\"background-color:#000000; -moz-opacity:0.6;filter:alpha(opacity=60);opacity:0.6;\"><\/div>\r\n        <div class=\"advps-excerpt-block-one\" style=\"text-align:left;color:#FFFFFF;-moz-opacity:1;filter:alpha(opacity=100);opacity:1;\">        \r\n        <h2 class=\"advs-title\" style=\"margin:5px 0px 10px 0px;color:#FFFFFF\"><a target=\"_self\" href=\"https:\/\/etab.ac-reunion.fr\/clg-ravine-des-cabris\/2022\/07\/11\/fete-de-la-musique-21-juin-2022\/\" style=\"margin:5px 0px 10px 0px;color:#FFFFFF\" >F\u00eate de la musique 21 juin 2022<\/a><\/h2>\r\n          \r\n            <p>Au coll\u00e8ge de la Ravine des Cabris de la R\u00e9union, le jour de la f\u00eate de la musique 2022, 9 classes de 6\u00e8me ont travaill\u00e9<\/p>\n        <\/div>\r\n      <\/div>\r\n    <\/div>\r\n        <div class=\"advps-slide\">\r\n\t<a target=\"_self\" href=\"https:\/\/etab.ac-reunion.fr\/clg-ravine-des-cabris\/2023\/12\/19\/fete-de-la-science\/\" >      <img loading=\"lazy\" decoding=\"async\" src=\"https:\/\/etab.ac-reunion.fr\/clg-ravine-des-cabris\/wp-content\/uploads\/sites\/158\/2023\/12\/Capture-decran-2023-12-19-a-12.30.07-600x220.png\" width=\"600\" height=\"220\" alt=\"F\u00eate de la science\" \/>      <\/a>       \r\n      <div class=\"advps-excerpt-one\" style=\"width:30%;height:100%;top:0; left:0;\">\r\n      \t<div class=\"advps-overlay-one\" style=\"background-color:#000000; -moz-opacity:0.6;filter:alpha(opacity=60);opacity:0.6;\"><\/div>\r\n        <div class=\"advps-excerpt-block-one\" style=\"text-align:left;color:#FFFFFF;-moz-opacity:1;filter:alpha(opacity=100);opacity:1;\">        \r\n        <h2 class=\"advs-title\" style=\"margin:5px 0px 10px 0px;color:#FFFFFF\"><a target=\"_self\" href=\"https:\/\/etab.ac-reunion.fr\/clg-ravine-des-cabris\/2023\/12\/19\/fete-de-la-science\/\" style=\"margin:5px 0px 10px 0px;color:#FFFFFF\" >F\u00eate de la science<\/a><\/h2>\r\n          \r\n            <p>\u00a0\u00bb A l&rsquo;occasion de la f\u00eate de la science, un concours de sciences a \u00e9t\u00e9 organis\u00e9 au coll\u00e8ge le mardi 28 novembre sur la pause<\/p>\n        <\/div>\r\n      <\/div>\r\n    <\/div>\r\n        <div class=\"advps-slide\">\r\n\t<a target=\"_self\" href=\"https:\/\/etab.ac-reunion.fr\/clg-ravine-des-cabris\/2023\/01\/24\/finale-junk-kouture-2023\/\" >      <img loading=\"lazy\" decoding=\"async\" src=\"https:\/\/etab.ac-reunion.fr\/clg-ravine-des-cabris\/wp-content\/uploads\/sites\/158\/2023\/01\/Junk-Kouture_Hana-Jess-and-Sandra-2-1024x683-1-600x220.jpg\" width=\"600\" height=\"220\" alt=\"Finale Junk Kouture 2022\" \/>      <\/a>       \r\n      <div class=\"advps-excerpt-one\" style=\"width:30%;height:100%;top:0; left:0;\">\r\n      \t<div class=\"advps-overlay-one\" style=\"background-color:#000000; -moz-opacity:0.6;filter:alpha(opacity=60);opacity:0.6;\"><\/div>\r\n        <div class=\"advps-excerpt-block-one\" style=\"text-align:left;color:#FFFFFF;-moz-opacity:1;filter:alpha(opacity=100);opacity:1;\">        \r\n        <h2 class=\"advs-title\" style=\"margin:5px 0px 10px 0px;color:#FFFFFF\"><a target=\"_self\" href=\"https:\/\/etab.ac-reunion.fr\/clg-ravine-des-cabris\/2023\/01\/24\/finale-junk-kouture-2023\/\" style=\"margin:5px 0px 10px 0px;color:#FFFFFF\" >Finale Junk Kouture 2022<\/a><\/h2>\r\n          \r\n                    <\/div>\r\n      <\/div>\r\n    <\/div>\r\n        <div class=\"advps-slide\">\r\n\t<a target=\"_self\" href=\"https:\/\/etab.ac-reunion.fr\/clg-ravine-des-cabris\/2024\/06\/13\/flamme-olympique\/\" >      <img loading=\"lazy\" decoding=\"async\" src=\"https:\/\/etab.ac-reunion.fr\/clg-ravine-des-cabris\/wp-content\/uploads\/sites\/158\/2024\/06\/Capture-decran-2024-06-13-a-18.44.03-600x220.png\" width=\"600\" height=\"220\" alt=\"Flamme olympique\" \/>      <\/a>       \r\n      <div class=\"advps-excerpt-one\" style=\"width:30%;height:100%;top:0; left:0;\">\r\n      \t<div class=\"advps-overlay-one\" style=\"background-color:#000000; -moz-opacity:0.6;filter:alpha(opacity=60);opacity:0.6;\"><\/div>\r\n        <div class=\"advps-excerpt-block-one\" style=\"text-align:left;color:#FFFFFF;-moz-opacity:1;filter:alpha(opacity=100);opacity:1;\">        \r\n        <h2 class=\"advs-title\" style=\"margin:5px 0px 10px 0px;color:#FFFFFF\"><a target=\"_self\" href=\"https:\/\/etab.ac-reunion.fr\/clg-ravine-des-cabris\/2024\/06\/13\/flamme-olympique\/\" style=\"margin:5px 0px 10px 0px;color:#FFFFFF\" >Flamme olympique<\/a><\/h2>\r\n          \r\n            <p>Les 5\u00e8mes Tabarly et les 4\u00e8mes Aristote ont eu la chance de pouvoir assister au relais de la flamme \u00e0 Saint-Pierre le 1\u00e9 juin 2024.<\/p>\n        <\/div>\r\n      <\/div>\r\n    <\/div>\r\n        <div class=\"advps-slide\">\r\n\t<a target=\"_self\" href=\"https:\/\/etab.ac-reunion.fr\/clg-ravine-des-cabris\/2021\/02\/07\/formation-des-eco-delegues\/\" >            <\/a>       \r\n      <div class=\"advps-excerpt-one\" style=\"width:30%;height:100%;top:0; left:0;\">\r\n      \t<div class=\"advps-overlay-one\" style=\"background-color:#000000; -moz-opacity:0.6;filter:alpha(opacity=60);opacity:0.6;\"><\/div>\r\n        <div class=\"advps-excerpt-block-one\" style=\"text-align:left;color:#FFFFFF;-moz-opacity:1;filter:alpha(opacity=100);opacity:1;\">        \r\n        <h2 class=\"advs-title\" style=\"margin:5px 0px 10px 0px;color:#FFFFFF\"><a target=\"_self\" href=\"https:\/\/etab.ac-reunion.fr\/clg-ravine-des-cabris\/2021\/02\/07\/formation-des-eco-delegues\/\" style=\"margin:5px 0px 10px 0px;color:#FFFFFF\" >Formation des \u00e9co-d\u00e9l\u00e9gu\u00e9s<\/a><\/h2>\r\n          \r\n            <p>Les \u00e9co-d\u00e9l\u00e9gu\u00e9s \u00e9lus ont re\u00e7u une formation au cours de laquelle ils ont travaill\u00e9 sur les objectifs de d\u00e9veloppement durable ( ODD) de l\u2019agenda 2030<\/p>\n        <\/div>\r\n      <\/div>\r\n    <\/div>\r\n        <div class=\"advps-slide\">\r\n\t<a target=\"_self\" href=\"https:\/\/etab.ac-reunion.fr\/clg-ravine-des-cabris\/2023\/11\/26\/formation-erasmus-en-croatie\/\" >      <img loading=\"lazy\" decoding=\"async\" src=\"https:\/\/etab.ac-reunion.fr\/clg-ravine-des-cabris\/wp-content\/uploads\/sites\/158\/2023\/11\/Capture-decran-2023-11-26-a-18.21.44-600x220.png\" width=\"600\" height=\"220\" alt=\"Formation Erasmus+ en Croatie\" \/>      <\/a>       \r\n      <div class=\"advps-excerpt-one\" style=\"width:30%;height:100%;top:0; left:0;\">\r\n      \t<div class=\"advps-overlay-one\" style=\"background-color:#000000; -moz-opacity:0.6;filter:alpha(opacity=60);opacity:0.6;\"><\/div>\r\n        <div class=\"advps-excerpt-block-one\" style=\"text-align:left;color:#FFFFFF;-moz-opacity:1;filter:alpha(opacity=100);opacity:1;\">        \r\n        <h2 class=\"advs-title\" style=\"margin:5px 0px 10px 0px;color:#FFFFFF\"><a target=\"_self\" href=\"https:\/\/etab.ac-reunion.fr\/clg-ravine-des-cabris\/2023\/11\/26\/formation-erasmus-en-croatie\/\" style=\"margin:5px 0px 10px 0px;color:#FFFFFF\" >Formation Erasmus+ en Croatie<\/a><\/h2>\r\n          \r\n            <p>Dans le cadre du projet de consortium r\u00e9seau de la Ravine-des-Cabris SMILE (Sustainable Motivating Inclusive Ludic Educative Project), notre coordonnatrice REP, accompagn\u00e9e de trois professeurs<\/p>\n        <\/div>\r\n      <\/div>\r\n    <\/div>\r\n        <div class=\"advps-slide\">\r\n\t<a target=\"_self\" href=\"https:\/\/etab.ac-reunion.fr\/clg-ravine-des-cabris\/2023\/03\/04\/forum-des-metiers\/\" >      <img loading=\"lazy\" decoding=\"async\" src=\"https:\/\/etab.ac-reunion.fr\/clg-ravine-des-cabris\/wp-content\/uploads\/sites\/158\/2023\/03\/Capture-decran-2023-03-04-a-14.02.22-600x220.png\" width=\"600\" height=\"220\" alt=\"FORUM DES M\u00c9TIERS\" \/>      <\/a>       \r\n      <div class=\"advps-excerpt-one\" style=\"width:30%;height:100%;top:0; left:0;\">\r\n      \t<div class=\"advps-overlay-one\" style=\"background-color:#000000; -moz-opacity:0.6;filter:alpha(opacity=60);opacity:0.6;\"><\/div>\r\n        <div class=\"advps-excerpt-block-one\" style=\"text-align:left;color:#FFFFFF;-moz-opacity:1;filter:alpha(opacity=100);opacity:1;\">        \r\n        <h2 class=\"advs-title\" style=\"margin:5px 0px 10px 0px;color:#FFFFFF\"><a target=\"_self\" href=\"https:\/\/etab.ac-reunion.fr\/clg-ravine-des-cabris\/2023\/03\/04\/forum-des-metiers\/\" style=\"margin:5px 0px 10px 0px;color:#FFFFFF\" >FORUM DES M\u00c9TIERS<\/a><\/h2>\r\n          \r\n            <p>&nbsp;Le samedi 04 mars a eu lieu le forum des m\u00e9tiers et des formations au coll\u00e8ge. Cette matin\u00e9e est consacr\u00e9e \u00e0 la construction du parcours<\/p>\n        <\/div>\r\n      <\/div>\r\n    <\/div>\r\n        <div class=\"advps-slide\">\r\n\t<a target=\"_self\" href=\"https:\/\/etab.ac-reunion.fr\/clg-ravine-des-cabris\/2024\/03\/26\/forum-des-metiers-et-des-formations-au-college-pour-les-3emes\/\" >      <img loading=\"lazy\" decoding=\"async\" src=\"https:\/\/etab.ac-reunion.fr\/clg-ravine-des-cabris\/wp-content\/uploads\/sites\/158\/2024\/03\/Capture-decran-2024-03-26-a-17.49.29-600x220.png\" width=\"600\" height=\"220\" alt=\"Forum des M\u00e9tiers et des formations au coll\u00e8ge pour les 3\u00e8mes\" \/>      <\/a>       \r\n      <div class=\"advps-excerpt-one\" style=\"width:30%;height:100%;top:0; left:0;\">\r\n      \t<div class=\"advps-overlay-one\" style=\"background-color:#000000; -moz-opacity:0.6;filter:alpha(opacity=60);opacity:0.6;\"><\/div>\r\n        <div class=\"advps-excerpt-block-one\" style=\"text-align:left;color:#FFFFFF;-moz-opacity:1;filter:alpha(opacity=100);opacity:1;\">        \r\n        <h2 class=\"advs-title\" style=\"margin:5px 0px 10px 0px;color:#FFFFFF\"><a target=\"_self\" href=\"https:\/\/etab.ac-reunion.fr\/clg-ravine-des-cabris\/2024\/03\/26\/forum-des-metiers-et-des-formations-au-college-pour-les-3emes\/\" style=\"margin:5px 0px 10px 0px;color:#FFFFFF\" >Forum des M\u00e9tiers et des formations au coll\u00e8ge pour les 3\u00e8mes<\/a><\/h2>\r\n          \r\n            <p>Samedi 23 mars un&nbsp;Forum des m\u00e9tiers&nbsp;a \u00e9t\u00e9 organis\u00e9 dans le cadre du parcours avenir au coll\u00e8ge. La pr\u00e9sence de 7 lyc\u00e9es a permis de pr\u00e9senter<\/p>\n        <\/div>\r\n      <\/div>\r\n    <\/div>\r\n        <div class=\"advps-slide\">\r\n\t<a target=\"_self\" href=\"https:\/\/etab.ac-reunion.fr\/clg-ravine-des-cabris\/2023\/06\/07\/fournitures-scolaires\/\" >      <img loading=\"lazy\" decoding=\"async\" src=\"https:\/\/etab.ac-reunion.fr\/clg-ravine-des-cabris\/wp-content\/uploads\/sites\/158\/2023\/06\/fournitures-scolaires_0-600x220.jpg\" width=\"600\" height=\"220\" alt=\"Fournitures scolaires rentr\u00e9es 2023\" \/>      <\/a>       \r\n      <div class=\"advps-excerpt-one\" style=\"width:30%;height:100%;top:0; left:0;\">\r\n      \t<div class=\"advps-overlay-one\" style=\"background-color:#000000; -moz-opacity:0.6;filter:alpha(opacity=60);opacity:0.6;\"><\/div>\r\n        <div class=\"advps-excerpt-block-one\" style=\"text-align:left;color:#FFFFFF;-moz-opacity:1;filter:alpha(opacity=100);opacity:1;\">        \r\n        <h2 class=\"advs-title\" style=\"margin:5px 0px 10px 0px;color:#FFFFFF\"><a target=\"_self\" href=\"https:\/\/etab.ac-reunion.fr\/clg-ravine-des-cabris\/2023\/06\/07\/fournitures-scolaires\/\" style=\"margin:5px 0px 10px 0px;color:#FFFFFF\" >Fournitures scolaires rentr\u00e9es 2023<\/a><\/h2>\r\n          \r\n            <p>La liste des fournitures scolaires pour la rentr\u00e9e 2023 est t\u00e9l\u00e9chargeable ci-dessous.<\/p>\n        <\/div>\r\n      <\/div>\r\n    <\/div>\r\n        <div class=\"advps-slide\">\r\n\t<a target=\"_self\" href=\"https:\/\/etab.ac-reunion.fr\/clg-ravine-des-cabris\/2024\/05\/21\/hommage-a\/\" >      <img loading=\"lazy\" decoding=\"async\" src=\"https:\/\/etab.ac-reunion.fr\/clg-ravine-des-cabris\/wp-content\/uploads\/sites\/158\/2024\/05\/Capture-decran-2024-05-21-a-17.34.58-600x220.png\" width=\"600\" height=\"220\" alt=\"Hommage \u00e0 &#8230;\" \/>      <\/a>       \r\n      <div class=\"advps-excerpt-one\" style=\"width:30%;height:100%;top:0; left:0;\">\r\n      \t<div class=\"advps-overlay-one\" style=\"background-color:#000000; -moz-opacity:0.6;filter:alpha(opacity=60);opacity:0.6;\"><\/div>\r\n        <div class=\"advps-excerpt-block-one\" style=\"text-align:left;color:#FFFFFF;-moz-opacity:1;filter:alpha(opacity=100);opacity:1;\">        \r\n        <h2 class=\"advs-title\" style=\"margin:5px 0px 10px 0px;color:#FFFFFF\"><a target=\"_self\" href=\"https:\/\/etab.ac-reunion.fr\/clg-ravine-des-cabris\/2024\/05\/21\/hommage-a\/\" style=\"margin:5px 0px 10px 0px;color:#FFFFFF\" >Hommage \u00e0 &#8230;<\/a><\/h2>\r\n          \r\n                    <\/div>\r\n      <\/div>\r\n    <\/div>\r\n        <div class=\"advps-slide\">\r\n\t<a target=\"_self\" href=\"https:\/\/etab.ac-reunion.fr\/clg-ravine-des-cabris\/2020\/10\/08\/il-etait-une-fois-la-muse-de-trois-bassins-au-college-ravine-des-cabris\/\" >      <img loading=\"lazy\" decoding=\"async\" src=\"https:\/\/etab.ac-reunion.fr\/clg-ravine-des-cabris\/wp-content\/uploads\/sites\/158\/2020\/10\/CelimeneT2-600x220.jpg\" width=\"600\" height=\"220\" alt=\"Il \u00e9tait une fois la muse de Trois-Bassins au coll\u00e8ge Ravine des cabris \u2026\" \/>      <\/a>       \r\n      <div class=\"advps-excerpt-one\" style=\"width:30%;height:100%;top:0; left:0;\">\r\n      \t<div class=\"advps-overlay-one\" style=\"background-color:#000000; -moz-opacity:0.6;filter:alpha(opacity=60);opacity:0.6;\"><\/div>\r\n        <div class=\"advps-excerpt-block-one\" style=\"text-align:left;color:#FFFFFF;-moz-opacity:1;filter:alpha(opacity=100);opacity:1;\">        \r\n        <h2 class=\"advs-title\" style=\"margin:5px 0px 10px 0px;color:#FFFFFF\"><a target=\"_self\" href=\"https:\/\/etab.ac-reunion.fr\/clg-ravine-des-cabris\/2020\/10\/08\/il-etait-une-fois-la-muse-de-trois-bassins-au-college-ravine-des-cabris\/\" style=\"margin:5px 0px 10px 0px;color:#FFFFFF\" >Il \u00e9tait une fois la muse de Trois-Bassins au coll\u00e8ge Ravine des cabris \u2026<\/a><\/h2>\r\n          \r\n            <p>Dans le cadre de la Comm\u00e9moration de l\u2019abolition de l\u2019esclavage du 20 d\u00e9cembre 2018, les \u00e9l\u00e8ves de 5\u00e8me La Bourdonnais ont r\u00e9alis\u00e9 en cours d\u2019EMC<\/p>\n        <\/div>\r\n      <\/div>\r\n    <\/div>\r\n        <div class=\"advps-slide\">\r\n\t<a target=\"_self\" href=\"https:\/\/etab.ac-reunion.fr\/clg-ravine-des-cabris\/2023\/04\/14\/information-festival-komidi\/\" >      <img loading=\"lazy\" decoding=\"async\" src=\"https:\/\/etab.ac-reunion.fr\/clg-ravine-des-cabris\/wp-content\/uploads\/sites\/158\/2023\/04\/Capture-decran-2023-04-14-a-16.39.14-600x220.png\" width=\"600\" height=\"220\" alt=\"information festival KOMIDI\" \/>      <\/a>       \r\n      <div class=\"advps-excerpt-one\" style=\"width:30%;height:100%;top:0; left:0;\">\r\n      \t<div class=\"advps-overlay-one\" style=\"background-color:#000000; -moz-opacity:0.6;filter:alpha(opacity=60);opacity:0.6;\"><\/div>\r\n        <div class=\"advps-excerpt-block-one\" style=\"text-align:left;color:#FFFFFF;-moz-opacity:1;filter:alpha(opacity=100);opacity:1;\">        \r\n        <h2 class=\"advs-title\" style=\"margin:5px 0px 10px 0px;color:#FFFFFF\"><a target=\"_self\" href=\"https:\/\/etab.ac-reunion.fr\/clg-ravine-des-cabris\/2023\/04\/14\/information-festival-komidi\/\" style=\"margin:5px 0px 10px 0px;color:#FFFFFF\" >information festival KOMIDI<\/a><\/h2>\r\n          \r\n            <p>Cette ann\u00e9e l\u2019association Komidi f\u00eate sa 15\u00e8me&nbsp;\u00e9dition.\u200bLe but de ce festival est de proposer des spectacles de th\u00e9\u00e2tre r\u00e9unionnais, m\u00e9tropolitains et internationaux (cette ann\u00e9e Belgique<\/p>\n        <\/div>\r\n      <\/div>\r\n    <\/div>\r\n        <div class=\"advps-slide\">\r\n\t<a target=\"_self\" href=\"https:\/\/etab.ac-reunion.fr\/clg-ravine-des-cabris\/2020\/08\/16\/informations-generales\/\" >      <img loading=\"lazy\" decoding=\"async\" src=\"https:\/\/etab.ac-reunion.fr\/clg-ravine-des-cabris\/wp-content\/uploads\/sites\/158\/2020\/10\/iconeart345x132-600x220.jpg\" width=\"600\" height=\"220\" alt=\"Informations g\u00e9n\u00e9rales et organisation\" \/>      <\/a>       \r\n      <div class=\"advps-excerpt-one\" style=\"width:30%;height:100%;top:0; left:0;\">\r\n      \t<div class=\"advps-overlay-one\" style=\"background-color:#000000; -moz-opacity:0.6;filter:alpha(opacity=60);opacity:0.6;\"><\/div>\r\n        <div class=\"advps-excerpt-block-one\" style=\"text-align:left;color:#FFFFFF;-moz-opacity:1;filter:alpha(opacity=100);opacity:1;\">        \r\n        <h2 class=\"advs-title\" style=\"margin:5px 0px 10px 0px;color:#FFFFFF\"><a target=\"_self\" href=\"https:\/\/etab.ac-reunion.fr\/clg-ravine-des-cabris\/2020\/08\/16\/informations-generales\/\" style=\"margin:5px 0px 10px 0px;color:#FFFFFF\" >Informations g\u00e9n\u00e9rales et organisation<\/a><\/h2>\r\n          \r\n            <p>Voici un espace de communication pour toute la communaut\u00e9 du coll\u00e8ge Ravine des Cabris. Ce site, compl\u00e9mentaire de l\u2019ENT de l\u2019\u00e9tablissement, a pour but de<\/p>\n        <\/div>\r\n      <\/div>\r\n    <\/div>\r\n        <div class=\"advps-slide\">\r\n\t<a target=\"_self\" href=\"https:\/\/etab.ac-reunion.fr\/clg-ravine-des-cabris\/2023\/06\/09\/inscription-6-rentree-2023\/\" >      <img loading=\"lazy\" decoding=\"async\" src=\"https:\/\/etab.ac-reunion.fr\/clg-ravine-des-cabris\/wp-content\/uploads\/sites\/158\/2023\/06\/unnamed_1-600x220.jpg\" width=\"600\" height=\"220\" alt=\"Inscription 6\u00b0 &#8211; Rentr\u00e9e 2023\" \/>      <\/a>       \r\n      <div class=\"advps-excerpt-one\" style=\"width:30%;height:100%;top:0; left:0;\">\r\n      \t<div class=\"advps-overlay-one\" style=\"background-color:#000000; -moz-opacity:0.6;filter:alpha(opacity=60);opacity:0.6;\"><\/div>\r\n        <div class=\"advps-excerpt-block-one\" style=\"text-align:left;color:#FFFFFF;-moz-opacity:1;filter:alpha(opacity=100);opacity:1;\">        \r\n        <h2 class=\"advs-title\" style=\"margin:5px 0px 10px 0px;color:#FFFFFF\"><a target=\"_self\" href=\"https:\/\/etab.ac-reunion.fr\/clg-ravine-des-cabris\/2023\/06\/09\/inscription-6-rentree-2023\/\" style=\"margin:5px 0px 10px 0px;color:#FFFFFF\" >Inscription 6\u00b0 &#8211; Rentr\u00e9e 2023<\/a><\/h2>\r\n          \r\n            <p>Veuillez trouver ci-dessous le dossier d\u2019inscription pour la prochaine rentr\u00e9e 2023-2024 au coll\u00e8ge Ravine des Cabris.<\/p>\n        <\/div>\r\n      <\/div>\r\n    <\/div>\r\n        <div class=\"advps-slide\">\r\n\t<a target=\"_self\" href=\"https:\/\/etab.ac-reunion.fr\/clg-ravine-des-cabris\/2022\/06\/12\/inscription-des-eleves-en-6eme-pour-la-rentree-scolaire-2022-2023\/\" >            <\/a>       \r\n      <div class=\"advps-excerpt-one\" style=\"width:30%;height:100%;top:0; left:0;\">\r\n      \t<div class=\"advps-overlay-one\" style=\"background-color:#000000; -moz-opacity:0.6;filter:alpha(opacity=60);opacity:0.6;\"><\/div>\r\n        <div class=\"advps-excerpt-block-one\" style=\"text-align:left;color:#FFFFFF;-moz-opacity:1;filter:alpha(opacity=100);opacity:1;\">        \r\n        <h2 class=\"advs-title\" style=\"margin:5px 0px 10px 0px;color:#FFFFFF\"><a target=\"_self\" href=\"https:\/\/etab.ac-reunion.fr\/clg-ravine-des-cabris\/2022\/06\/12\/inscription-des-eleves-en-6eme-pour-la-rentree-scolaire-2022-2023\/\" style=\"margin:5px 0px 10px 0px;color:#FFFFFF\" >Inscription des \u00e9l\u00e8ves en 6\u00e8me pour la Rentr\u00e9e Scolaire 2022-2023<\/a><\/h2>\r\n          \r\n                    <\/div>\r\n      <\/div>\r\n    <\/div>\r\n        <div class=\"advps-slide\">\r\n\t<a target=\"_self\" href=\"https:\/\/etab.ac-reunion.fr\/clg-ravine-des-cabris\/2023\/03\/09\/internationaler-frauentag\/\" >      <img loading=\"lazy\" decoding=\"async\" src=\"https:\/\/etab.ac-reunion.fr\/clg-ravine-des-cabris\/wp-content\/uploads\/sites\/158\/2023\/03\/Capture-decran-2023-03-09-a-21.51.25-600x220.png\" width=\"600\" height=\"220\" alt=\"<strong>Internationaler Frauentag<\/strong>\" \/>      <\/a>       \r\n      <div class=\"advps-excerpt-one\" style=\"width:30%;height:100%;top:0; left:0;\">\r\n      \t<div class=\"advps-overlay-one\" style=\"background-color:#000000; -moz-opacity:0.6;filter:alpha(opacity=60);opacity:0.6;\"><\/div>\r\n        <div class=\"advps-excerpt-block-one\" style=\"text-align:left;color:#FFFFFF;-moz-opacity:1;filter:alpha(opacity=100);opacity:1;\">        \r\n        <h2 class=\"advs-title\" style=\"margin:5px 0px 10px 0px;color:#FFFFFF\"><a target=\"_self\" href=\"https:\/\/etab.ac-reunion.fr\/clg-ravine-des-cabris\/2023\/03\/09\/internationaler-frauentag\/\" style=\"margin:5px 0px 10px 0px;color:#FFFFFF\" ><strong>Internationaler Frauentag<\/strong><\/a><\/h2>\r\n          \r\n            <p>La Journ\u00e9e internationale des droits des femmes trouve son origine dans&nbsp;les manifestations de femmes au d\u00e9but du XXe si\u00e8cle, en Europe et aux \u00c9tats-Unis, r\u00e9clamant&nbsp;de<\/p>\n        <\/div>\r\n      <\/div>\r\n    <\/div>\r\n        <div class=\"advps-slide\">\r\n\t<a target=\"_self\" href=\"https:\/\/etab.ac-reunion.fr\/clg-ravine-des-cabris\/2024\/05\/22\/jacob-unser-deutschassistent\/\" >      <img loading=\"lazy\" decoding=\"async\" src=\"https:\/\/etab.ac-reunion.fr\/clg-ravine-des-cabris\/wp-content\/uploads\/sites\/158\/2024\/05\/Capture-decran-2024-05-22-a-13.57.07-600x220.png\" width=\"600\" height=\"220\" alt=\"\u00a0\u00ab\u00a0Jacob, unser Deutschassistent\u00a0\u00bb\" \/>      <\/a>       \r\n      <div class=\"advps-excerpt-one\" style=\"width:30%;height:100%;top:0; left:0;\">\r\n      \t<div class=\"advps-overlay-one\" style=\"background-color:#000000; -moz-opacity:0.6;filter:alpha(opacity=60);opacity:0.6;\"><\/div>\r\n        <div class=\"advps-excerpt-block-one\" style=\"text-align:left;color:#FFFFFF;-moz-opacity:1;filter:alpha(opacity=100);opacity:1;\">        \r\n        <h2 class=\"advs-title\" style=\"margin:5px 0px 10px 0px;color:#FFFFFF\"><a target=\"_self\" href=\"https:\/\/etab.ac-reunion.fr\/clg-ravine-des-cabris\/2024\/05\/22\/jacob-unser-deutschassistent\/\" style=\"margin:5px 0px 10px 0px;color:#FFFFFF\" >\u00a0\u00ab\u00a0Jacob, unser Deutschassistent\u00a0\u00bb<\/a><\/h2>\r\n          \r\n                    <\/div>\r\n      <\/div>\r\n    <\/div>\r\n        <div class=\"advps-slide\">\r\n\t<a target=\"_self\" href=\"https:\/\/etab.ac-reunion.fr\/clg-ravine-des-cabris\/2023\/05\/09\/journee-des-cordees-de-la-reussite\/\" >      <img loading=\"lazy\" decoding=\"async\" src=\"https:\/\/etab.ac-reunion.fr\/clg-ravine-des-cabris\/wp-content\/uploads\/sites\/158\/2023\/05\/Capture-decran-2023-05-09-a-22.35.56-600x220.png\" width=\"600\" height=\"220\" alt=\"<strong>Journ\u00e9e des cord\u00e9es de la R\u00e9ussite<\/strong>\" \/>      <\/a>       \r\n      <div class=\"advps-excerpt-one\" style=\"width:30%;height:100%;top:0; left:0;\">\r\n      \t<div class=\"advps-overlay-one\" style=\"background-color:#000000; -moz-opacity:0.6;filter:alpha(opacity=60);opacity:0.6;\"><\/div>\r\n        <div class=\"advps-excerpt-block-one\" style=\"text-align:left;color:#FFFFFF;-moz-opacity:1;filter:alpha(opacity=100);opacity:1;\">        \r\n        <h2 class=\"advs-title\" style=\"margin:5px 0px 10px 0px;color:#FFFFFF\"><a target=\"_self\" href=\"https:\/\/etab.ac-reunion.fr\/clg-ravine-des-cabris\/2023\/05\/09\/journee-des-cordees-de-la-reussite\/\" style=\"margin:5px 0px 10px 0px;color:#FFFFFF\" ><strong>Journ\u00e9e des cord\u00e9es de la R\u00e9ussite<\/strong><\/a><\/h2>\r\n          \r\n            <p>Le jeudi 13 avril, les 18 \u00e9l\u00e8ves de 3\u00e8me de la cord\u00e9e de la r\u00e9ussite \u00ab&nbsp;Avenir ing\u00e9nieur&nbsp;\u00bb, se sont rendus au lyc\u00e9e Lislet Geoffroy \u00e0<\/p>\n        <\/div>\r\n      <\/div>\r\n    <\/div>\r\n        <div class=\"advps-slide\">\r\n\t<a target=\"_self\" href=\"https:\/\/etab.ac-reunion.fr\/clg-ravine-des-cabris\/2022\/09\/22\/journee-europeenne-des-langues-lets-have-some-fun\/\" >      <img loading=\"lazy\" decoding=\"async\" src=\"https:\/\/etab.ac-reunion.fr\/clg-ravine-des-cabris\/wp-content\/uploads\/sites\/158\/2022\/09\/Capture-de\u0301cran-2022-09-22-a\u0300-13.59.54-600x220.png\" width=\"600\" height=\"220\" alt=\"Journ\u00e9e europ\u00e9enne des langues \u00ab\u00a0Let&rsquo;s have some fun!\u00a0\" \/>      <\/a>       \r\n      <div class=\"advps-excerpt-one\" style=\"width:30%;height:100%;top:0; left:0;\">\r\n      \t<div class=\"advps-overlay-one\" style=\"background-color:#000000; -moz-opacity:0.6;filter:alpha(opacity=60);opacity:0.6;\"><\/div>\r\n        <div class=\"advps-excerpt-block-one\" style=\"text-align:left;color:#FFFFFF;-moz-opacity:1;filter:alpha(opacity=100);opacity:1;\">        \r\n        <h2 class=\"advs-title\" style=\"margin:5px 0px 10px 0px;color:#FFFFFF\"><a target=\"_self\" href=\"https:\/\/etab.ac-reunion.fr\/clg-ravine-des-cabris\/2022\/09\/22\/journee-europeenne-des-langues-lets-have-some-fun\/\" style=\"margin:5px 0px 10px 0px;color:#FFFFFF\" >Journ\u00e9e europ\u00e9enne des langues \u00ab\u00a0Let&rsquo;s have some fun!\u00a0<\/a><\/h2>\r\n          \r\n            <p>La journ\u00e9e europ\u00e9enne des langues a lieu chaque ann\u00e9e le 26 septembre. C&rsquo;est l&rsquo;occasion pour nos \u00e9l\u00e8ves de mettre en valeur les langues vivantes. Dans<\/p>\n        <\/div>\r\n      <\/div>\r\n    <\/div>\r\n        <div class=\"advps-slide\">\r\n\t<a target=\"_self\" href=\"https:\/\/etab.ac-reunion.fr\/clg-ravine-des-cabris\/2023\/07\/03\/journee-portes-ouvertes-du-reseau\/\" >      <img loading=\"lazy\" decoding=\"async\" src=\"https:\/\/etab.ac-reunion.fr\/clg-ravine-des-cabris\/wp-content\/uploads\/sites\/158\/2023\/06\/Capture-decran-2023-06-23-a-15.21.59-600x220.png\" width=\"600\" height=\"220\" alt=\"Journ\u00e9e Portes Ouvertes du r\u00e9seau\" \/>      <\/a>       \r\n      <div class=\"advps-excerpt-one\" style=\"width:30%;height:100%;top:0; left:0;\">\r\n      \t<div class=\"advps-overlay-one\" style=\"background-color:#000000; -moz-opacity:0.6;filter:alpha(opacity=60);opacity:0.6;\"><\/div>\r\n        <div class=\"advps-excerpt-block-one\" style=\"text-align:left;color:#FFFFFF;-moz-opacity:1;filter:alpha(opacity=100);opacity:1;\">        \r\n        <h2 class=\"advs-title\" style=\"margin:5px 0px 10px 0px;color:#FFFFFF\"><a target=\"_self\" href=\"https:\/\/etab.ac-reunion.fr\/clg-ravine-des-cabris\/2023\/07\/03\/journee-portes-ouvertes-du-reseau\/\" style=\"margin:5px 0px 10px 0px;color:#FFFFFF\" >Journ\u00e9e Portes Ouvertes du r\u00e9seau<\/a><\/h2>\r\n          \r\n            <p>Une vid\u00e9o illustrant quelques uns des projets r\u00e9alis\u00e9s par les \u00e9coles et les \u00e9quipes du coll\u00e8ge tout au long de cette ann\u00e9e scolaire 2022-2023<\/p>\n        <\/div>\r\n      <\/div>\r\n    <\/div>\r\n        <div class=\"advps-slide\">\r\n\t<a target=\"_self\" href=\"https:\/\/etab.ac-reunion.fr\/clg-ravine-des-cabris\/2024\/05\/02\/journee-portes-ouvertes-du-reseau-2\/\" >      <img loading=\"lazy\" decoding=\"async\" src=\"https:\/\/etab.ac-reunion.fr\/clg-ravine-des-cabris\/wp-content\/uploads\/sites\/158\/2023\/06\/Capture-decran-2023-06-23-a-15.21.59-600x220.png\" width=\"600\" height=\"220\" alt=\"Journ\u00e9e portes ouvertes du r\u00e9seau\" \/>      <\/a>       \r\n      <div class=\"advps-excerpt-one\" style=\"width:30%;height:100%;top:0; left:0;\">\r\n      \t<div class=\"advps-overlay-one\" style=\"background-color:#000000; -moz-opacity:0.6;filter:alpha(opacity=60);opacity:0.6;\"><\/div>\r\n        <div class=\"advps-excerpt-block-one\" style=\"text-align:left;color:#FFFFFF;-moz-opacity:1;filter:alpha(opacity=100);opacity:1;\">        \r\n        <h2 class=\"advs-title\" style=\"margin:5px 0px 10px 0px;color:#FFFFFF\"><a target=\"_self\" href=\"https:\/\/etab.ac-reunion.fr\/clg-ravine-des-cabris\/2024\/05\/02\/journee-portes-ouvertes-du-reseau-2\/\" style=\"margin:5px 0px 10px 0px;color:#FFFFFF\" >Journ\u00e9e portes ouvertes du r\u00e9seau<\/a><\/h2>\r\n          \r\n            <p>En pi\u00e8ce jointe vous trouverez le flyer pour les journ\u00e9es portes ouvertes du r\u00e9seau de la Ravine des Cabris du mercredi 5 juin 2024, ainsi<\/p>\n        <\/div>\r\n      <\/div>\r\n    <\/div>\r\n        <div class=\"advps-slide\">\r\n\t<a target=\"_self\" href=\"https:\/\/etab.ac-reunion.fr\/clg-ravine-des-cabris\/2023\/06\/23\/journees-portes-ouvertes-du-college-et-du-reseau\/\" >      <img loading=\"lazy\" decoding=\"async\" src=\"https:\/\/etab.ac-reunion.fr\/clg-ravine-des-cabris\/wp-content\/uploads\/sites\/158\/2023\/06\/Capture-decran-2023-06-23-a-15.21.59-600x220.png\" width=\"600\" height=\"220\" alt=\"JOURNEES PORTES OUVERTES DU COLLEGE ET DU RESEAU\" \/>      <\/a>       \r\n      <div class=\"advps-excerpt-one\" style=\"width:30%;height:100%;top:0; left:0;\">\r\n      \t<div class=\"advps-overlay-one\" style=\"background-color:#000000; -moz-opacity:0.6;filter:alpha(opacity=60);opacity:0.6;\"><\/div>\r\n        <div class=\"advps-excerpt-block-one\" style=\"text-align:left;color:#FFFFFF;-moz-opacity:1;filter:alpha(opacity=100);opacity:1;\">        \r\n        <h2 class=\"advs-title\" style=\"margin:5px 0px 10px 0px;color:#FFFFFF\"><a target=\"_self\" href=\"https:\/\/etab.ac-reunion.fr\/clg-ravine-des-cabris\/2023\/06\/23\/journees-portes-ouvertes-du-college-et-du-reseau\/\" style=\"margin:5px 0px 10px 0px;color:#FFFFFF\" >JOURNEES PORTES OUVERTES DU COLLEGE ET DU RESEAU<\/a><\/h2>\r\n          \r\n            <p>La journ\u00e9e portes ouvertes du r\u00e9seau de la ravine des Cabris se d\u00e9roulera : le mercredi 28\/06\/2023 de 9h00 \u00e0 12h00 au coll\u00e8ge de la<\/p>\n        <\/div>\r\n      <\/div>\r\n    <\/div>\r\n        <div class=\"advps-slide\">\r\n\t<a target=\"_self\" href=\"https:\/\/etab.ac-reunion.fr\/clg-ravine-des-cabris\/2022\/12\/15\/junk-couture-deux-eleves-du-college-en-finale-a-dubai\/\" >      <img loading=\"lazy\" decoding=\"async\" src=\"https:\/\/etab.ac-reunion.fr\/clg-ravine-des-cabris\/wp-content\/uploads\/sites\/158\/2022\/12\/images-600x220.png\" width=\"600\" height=\"220\" alt=\"Junk Couture : deux \u00e9l\u00e8ves du coll\u00e8ge en finale \u00e0 Duba\u00ef\" \/>      <\/a>       \r\n      <div class=\"advps-excerpt-one\" style=\"width:30%;height:100%;top:0; left:0;\">\r\n      \t<div class=\"advps-overlay-one\" style=\"background-color:#000000; -moz-opacity:0.6;filter:alpha(opacity=60);opacity:0.6;\"><\/div>\r\n        <div class=\"advps-excerpt-block-one\" style=\"text-align:left;color:#FFFFFF;-moz-opacity:1;filter:alpha(opacity=100);opacity:1;\">        \r\n        <h2 class=\"advs-title\" style=\"margin:5px 0px 10px 0px;color:#FFFFFF\"><a target=\"_self\" href=\"https:\/\/etab.ac-reunion.fr\/clg-ravine-des-cabris\/2022\/12\/15\/junk-couture-deux-eleves-du-college-en-finale-a-dubai\/\" style=\"margin:5px 0px 10px 0px;color:#FFFFFF\" >Junk Couture : deux \u00e9l\u00e8ves du coll\u00e8ge en finale \u00e0 Duba\u00ef<\/a><\/h2>\r\n          \r\n                    <\/div>\r\n      <\/div>\r\n    <\/div>\r\n        <div class=\"advps-slide\">\r\n\t<a target=\"_self\" href=\"https:\/\/etab.ac-reunion.fr\/clg-ravine-des-cabris\/2023\/06\/14\/junk-kouture-au-college-ravine-des-cabris\/\" >      <img loading=\"lazy\" decoding=\"async\" src=\"https:\/\/etab.ac-reunion.fr\/clg-ravine-des-cabris\/wp-content\/uploads\/sites\/158\/2022\/12\/images-600x220.png\" width=\"600\" height=\"220\" alt=\"Junk Kouture au coll\u00e8ge Ravine des Cabris\" \/>      <\/a>       \r\n      <div class=\"advps-excerpt-one\" style=\"width:30%;height:100%;top:0; left:0;\">\r\n      \t<div class=\"advps-overlay-one\" style=\"background-color:#000000; -moz-opacity:0.6;filter:alpha(opacity=60);opacity:0.6;\"><\/div>\r\n        <div class=\"advps-excerpt-block-one\" style=\"text-align:left;color:#FFFFFF;-moz-opacity:1;filter:alpha(opacity=100);opacity:1;\">        \r\n        <h2 class=\"advs-title\" style=\"margin:5px 0px 10px 0px;color:#FFFFFF\"><a target=\"_self\" href=\"https:\/\/etab.ac-reunion.fr\/clg-ravine-des-cabris\/2023\/06\/14\/junk-kouture-au-college-ravine-des-cabris\/\" style=\"margin:5px 0px 10px 0px;color:#FFFFFF\" >Junk Kouture au coll\u00e8ge Ravine des Cabris<\/a><\/h2>\r\n          \r\n            <p>Junk Kouture est un concours cr\u00e9atif liant la mode et la durabilit\u00e9. Il met les jeunes de 13 \u00e0 18 ans au d\u00e9fi de concevoir,<\/p>\n        <\/div>\r\n      <\/div>\r\n    <\/div>\r\n        <div class=\"advps-slide\">\r\n\t<a target=\"_self\" href=\"https:\/\/etab.ac-reunion.fr\/clg-ravine-des-cabris\/2021\/02\/18\/justyna-unsere-assistentin\/\" >      <img loading=\"lazy\" decoding=\"async\" src=\"https:\/\/etab.ac-reunion.fr\/clg-ravine-des-cabris\/wp-content\/uploads\/sites\/158\/2021\/02\/Logo-Allemand-600x220.jpg\" width=\"600\" height=\"220\" alt=\"Justyna, unsere Assistentin\u2026\" \/>      <\/a>       \r\n      <div class=\"advps-excerpt-one\" style=\"width:30%;height:100%;top:0; left:0;\">\r\n      \t<div class=\"advps-overlay-one\" style=\"background-color:#000000; -moz-opacity:0.6;filter:alpha(opacity=60);opacity:0.6;\"><\/div>\r\n        <div class=\"advps-excerpt-block-one\" style=\"text-align:left;color:#FFFFFF;-moz-opacity:1;filter:alpha(opacity=100);opacity:1;\">        \r\n        <h2 class=\"advs-title\" style=\"margin:5px 0px 10px 0px;color:#FFFFFF\"><a target=\"_self\" href=\"https:\/\/etab.ac-reunion.fr\/clg-ravine-des-cabris\/2021\/02\/18\/justyna-unsere-assistentin\/\" style=\"margin:5px 0px 10px 0px;color:#FFFFFF\" >Justyna, unsere Assistentin\u2026<\/a><\/h2>\r\n          \r\n            <p>Les \u00e9l\u00e8ves germanistes de 4\u00e8me ont r\u00e9alis\u00e9 une interview de Justyna pour en savoir un peu plus sur cette jeune \u00e9tudiante allemande qui sera leur<\/p>\n        <\/div>\r\n      <\/div>\r\n    <\/div>\r\n        <div class=\"advps-slide\">\r\n\t<a target=\"_self\" href=\"https:\/\/etab.ac-reunion.fr\/clg-ravine-des-cabris\/2020\/11\/05\/la-geographie-grandeur-nature\/\" >      <img loading=\"lazy\" decoding=\"async\" src=\"https:\/\/etab.ac-reunion.fr\/clg-ravine-des-cabris\/wp-content\/uploads\/sites\/158\/2020\/11\/Makes-2020IMG_8090-600x220.jpg\" width=\"600\" height=\"220\" alt=\"La g\u00e9ographie grandeur nature pour les 3\u00b0 Furcy et Lacaussade\" \/>      <\/a>       \r\n      <div class=\"advps-excerpt-one\" style=\"width:30%;height:100%;top:0; left:0;\">\r\n      \t<div class=\"advps-overlay-one\" style=\"background-color:#000000; -moz-opacity:0.6;filter:alpha(opacity=60);opacity:0.6;\"><\/div>\r\n        <div class=\"advps-excerpt-block-one\" style=\"text-align:left;color:#FFFFFF;-moz-opacity:1;filter:alpha(opacity=100);opacity:1;\">        \r\n        <h2 class=\"advs-title\" style=\"margin:5px 0px 10px 0px;color:#FFFFFF\"><a target=\"_self\" href=\"https:\/\/etab.ac-reunion.fr\/clg-ravine-des-cabris\/2020\/11\/05\/la-geographie-grandeur-nature\/\" style=\"margin:5px 0px 10px 0px;color:#FFFFFF\" >La g\u00e9ographie grandeur nature pour les 3\u00b0 Furcy et Lacaussade<\/a><\/h2>\r\n          \r\n            <p>Les \u00e9l\u00e8ves de 3\u00b0 Furcy et 3\u00b0 Lacaussade ont d\u00e9couvert un espace de faible densit\u00e9 en partant en randonn\u00e9e au Piton Cabris.&nbsp;Ils savaient que les<\/p>\n        <\/div>\r\n      <\/div>\r\n    <\/div>\r\n        <div class=\"advps-slide\">\r\n\t<a target=\"_self\" href=\"https:\/\/etab.ac-reunion.fr\/clg-ravine-des-cabris\/2022\/01\/27\/la-nouvelle-hannah-est-arrivee\/\" >      <img loading=\"lazy\" decoding=\"async\" src=\"https:\/\/etab.ac-reunion.fr\/clg-ravine-des-cabris\/wp-content\/uploads\/sites\/158\/2022\/01\/Accroche-600x220.png\" width=\"600\" height=\"220\" alt=\"La nouvelle Hannah est arriv\u00e9e \u2026\" \/>      <\/a>       \r\n      <div class=\"advps-excerpt-one\" style=\"width:30%;height:100%;top:0; left:0;\">\r\n      \t<div class=\"advps-overlay-one\" style=\"background-color:#000000; -moz-opacity:0.6;filter:alpha(opacity=60);opacity:0.6;\"><\/div>\r\n        <div class=\"advps-excerpt-block-one\" style=\"text-align:left;color:#FFFFFF;-moz-opacity:1;filter:alpha(opacity=100);opacity:1;\">        \r\n        <h2 class=\"advs-title\" style=\"margin:5px 0px 10px 0px;color:#FFFFFF\"><a target=\"_self\" href=\"https:\/\/etab.ac-reunion.fr\/clg-ravine-des-cabris\/2022\/01\/27\/la-nouvelle-hannah-est-arrivee\/\" style=\"margin:5px 0px 10px 0px;color:#FFFFFF\" >La nouvelle Hannah est arriv\u00e9e \u2026<\/a><\/h2>\r\n          \r\n            <p>Apr\u00e8s avoir fait connaissance avec Hannah Arendt, les \u00e9l\u00e8ves germanistes de 6\u00e8me vous proposent une galerie de portraits tr\u00e8s personnels et r\u00e9jouissants\u00a0!<\/p>\n        <\/div>\r\n      <\/div>\r\n    <\/div>\r\n        <div class=\"advps-slide\">\r\n\t<a target=\"_self\" href=\"https:\/\/etab.ac-reunion.fr\/clg-ravine-des-cabris\/2020\/10\/29\/la-reunion-ma-reunion-au-temps-du-confinement\/\" >      <img loading=\"lazy\" decoding=\"async\" src=\"https:\/\/etab.ac-reunion.fr\/clg-ravine-des-cabris\/wp-content\/uploads\/sites\/158\/2020\/10\/pailleenqueue-600x220.jpg\" width=\"600\" height=\"220\" alt=\"La R\u00e9union, ma R\u00e9union au temps du confinement\" \/>      <\/a>       \r\n      <div class=\"advps-excerpt-one\" style=\"width:30%;height:100%;top:0; left:0;\">\r\n      \t<div class=\"advps-overlay-one\" style=\"background-color:#000000; -moz-opacity:0.6;filter:alpha(opacity=60);opacity:0.6;\"><\/div>\r\n        <div class=\"advps-excerpt-block-one\" style=\"text-align:left;color:#FFFFFF;-moz-opacity:1;filter:alpha(opacity=100);opacity:1;\">        \r\n        <h2 class=\"advs-title\" style=\"margin:5px 0px 10px 0px;color:#FFFFFF\"><a target=\"_self\" href=\"https:\/\/etab.ac-reunion.fr\/clg-ravine-des-cabris\/2020\/10\/29\/la-reunion-ma-reunion-au-temps-du-confinement\/\" style=\"margin:5px 0px 10px 0px;color:#FFFFFF\" >La R\u00e9union, ma R\u00e9union au temps du confinement<\/a><\/h2>\r\n          \r\n            <p>Pendant le confinement, les \u00e9l\u00e8ves\u00a0 de tout niveau (cycle 3-4 et lyc\u00e9e) ont \u00e9t\u00e9 invit\u00e9s \u00e0 participer \u00e0 un projet d\u2019\u00e9criture intitul\u00e9 -\u00ab La R\u00e9union-<\/p>\n        <\/div>\r\n      <\/div>\r\n    <\/div>\r\n        <div class=\"advps-slide\">\r\n\t<a target=\"_self\" href=\"https:\/\/etab.ac-reunion.fr\/clg-ravine-des-cabris\/2021\/06\/10\/labellisation-e3d\/\" >            <\/a>       \r\n      <div class=\"advps-excerpt-one\" style=\"width:30%;height:100%;top:0; left:0;\">\r\n      \t<div class=\"advps-overlay-one\" style=\"background-color:#000000; -moz-opacity:0.6;filter:alpha(opacity=60);opacity:0.6;\"><\/div>\r\n        <div class=\"advps-excerpt-block-one\" style=\"text-align:left;color:#FFFFFF;-moz-opacity:1;filter:alpha(opacity=100);opacity:1;\">        \r\n        <h2 class=\"advs-title\" style=\"margin:5px 0px 10px 0px;color:#FFFFFF\"><a target=\"_self\" href=\"https:\/\/etab.ac-reunion.fr\/clg-ravine-des-cabris\/2021\/06\/10\/labellisation-e3d\/\" style=\"margin:5px 0px 10px 0px;color:#FFFFFF\" >Labellisation E3D<\/a><\/h2>\r\n          \r\n            <p>L&rsquo;investissement des \u00e9l\u00e8ves et du personnel en faveur du d\u00e9veloppement durable a \u00e9t\u00e9 reconnu par l&rsquo;obtention d&rsquo;une labellisation de niveau 3. F\u00e9licitations \u00e0 tous !<\/p>\n        <\/div>\r\n      <\/div>\r\n    <\/div>\r\n        <div class=\"advps-slide\">\r\n\t<a target=\"_self\" href=\"https:\/\/etab.ac-reunion.fr\/clg-ravine-des-cabris\/2017\/07\/16\/labellisation-e3d-du-college\/\" >      <img loading=\"lazy\" decoding=\"async\" src=\"https:\/\/etab.ac-reunion.fr\/clg-ravine-des-cabris\/wp-content\/uploads\/sites\/158\/2020\/12\/LabelE3D-600x220.jpg\" width=\"600\" height=\"220\" alt=\"Labellisation E3D du coll\u00e8ge\" \/>      <\/a>       \r\n      <div class=\"advps-excerpt-one\" style=\"width:30%;height:100%;top:0; left:0;\">\r\n      \t<div class=\"advps-overlay-one\" style=\"background-color:#000000; -moz-opacity:0.6;filter:alpha(opacity=60);opacity:0.6;\"><\/div>\r\n        <div class=\"advps-excerpt-block-one\" style=\"text-align:left;color:#FFFFFF;-moz-opacity:1;filter:alpha(opacity=100);opacity:1;\">        \r\n        <h2 class=\"advs-title\" style=\"margin:5px 0px 10px 0px;color:#FFFFFF\"><a target=\"_self\" href=\"https:\/\/etab.ac-reunion.fr\/clg-ravine-des-cabris\/2017\/07\/16\/labellisation-e3d-du-college\/\" style=\"margin:5px 0px 10px 0px;color:#FFFFFF\" >Labellisation E3D du coll\u00e8ge<\/a><\/h2>\r\n          \r\n            <p>Le 7 juin, le coll\u00e8ge a obtenu le label E3D au niveau 3 qui r\u00e9compense les \u00e9tablissements qui s\u2019engagent de mani\u00e8re durable et quotidienne dans<\/p>\n        <\/div>\r\n      <\/div>\r\n    <\/div>\r\n        <div class=\"advps-slide\">\r\n\t<a target=\"_self\" href=\"https:\/\/etab.ac-reunion.fr\/clg-ravine-des-cabris\/2023\/05\/31\/lappel-des-poles-par-les-5emes-moliere\/\" >      <img loading=\"lazy\" decoding=\"async\" src=\"https:\/\/etab.ac-reunion.fr\/clg-ravine-des-cabris\/wp-content\/uploads\/sites\/158\/2023\/06\/Capture-decran-2023-06-01-a-15.01.31-600x220.png\" width=\"600\" height=\"220\" alt=\"L&rsquo;appel des P\u00f4les par les 5\u00e8mes Moli\u00e8re\" \/>      <\/a>       \r\n      <div class=\"advps-excerpt-one\" style=\"width:30%;height:100%;top:0; left:0;\">\r\n      \t<div class=\"advps-overlay-one\" style=\"background-color:#000000; -moz-opacity:0.6;filter:alpha(opacity=60);opacity:0.6;\"><\/div>\r\n        <div class=\"advps-excerpt-block-one\" style=\"text-align:left;color:#FFFFFF;-moz-opacity:1;filter:alpha(opacity=100);opacity:1;\">        \r\n        <h2 class=\"advs-title\" style=\"margin:5px 0px 10px 0px;color:#FFFFFF\"><a target=\"_self\" href=\"https:\/\/etab.ac-reunion.fr\/clg-ravine-des-cabris\/2023\/05\/31\/lappel-des-poles-par-les-5emes-moliere\/\" style=\"margin:5px 0px 10px 0px;color:#FFFFFF\" >L&rsquo;appel des P\u00f4les par les 5\u00e8mes Moli\u00e8re<\/a><\/h2>\r\n          \r\n            <p>Les 5\u00e8mes Moli\u00e8re participent au projet national &lsquo;l&rsquo;appel des p\u00f4les&rsquo; qui vise \u00e0 sensibiliser les \u00e9l\u00e8ves aux enjeux en zone polaire. Ils ont choisi de<\/p>\n        <\/div>\r\n      <\/div>\r\n    <\/div>\r\n        <div class=\"advps-slide\">\r\n\t<a target=\"_self\" href=\"https:\/\/etab.ac-reunion.fr\/clg-ravine-des-cabris\/2023\/02\/15\/lce-anglais-we-interviewed-stogie-t\/\" >      <img loading=\"lazy\" decoding=\"async\" src=\"https:\/\/etab.ac-reunion.fr\/clg-ravine-des-cabris\/wp-content\/uploads\/sites\/158\/2023\/02\/Concert-Sete-750x375-1-600x220.jpg\" width=\"600\" height=\"220\" alt=\"LCE Anglais : We interviewed Stogie T !\" \/>      <\/a>       \r\n      <div class=\"advps-excerpt-one\" style=\"width:30%;height:100%;top:0; left:0;\">\r\n      \t<div class=\"advps-overlay-one\" style=\"background-color:#000000; -moz-opacity:0.6;filter:alpha(opacity=60);opacity:0.6;\"><\/div>\r\n        <div class=\"advps-excerpt-block-one\" style=\"text-align:left;color:#FFFFFF;-moz-opacity:1;filter:alpha(opacity=100);opacity:1;\">        \r\n        <h2 class=\"advs-title\" style=\"margin:5px 0px 10px 0px;color:#FFFFFF\"><a target=\"_self\" href=\"https:\/\/etab.ac-reunion.fr\/clg-ravine-des-cabris\/2023\/02\/15\/lce-anglais-we-interviewed-stogie-t\/\" style=\"margin:5px 0px 10px 0px;color:#FFFFFF\" >LCE Anglais : We interviewed Stogie T !<\/a><\/h2>\r\n          \r\n            <p>Les \u00e9l\u00e8ves de 4\u00e8me et de 3\u00e8me LCE anglais ont eu la chance d&rsquo;assister au concert de Stogie T et de ses musiciens et choristes<\/p>\n        <\/div>\r\n      <\/div>\r\n    <\/div>\r\n        <div class=\"advps-slide\">\r\n\t<a target=\"_self\" href=\"https:\/\/etab.ac-reunion.fr\/clg-ravine-des-cabris\/2024\/04\/29\/le-club-danglais-se-met-en-scene\/\" >      <img loading=\"lazy\" decoding=\"async\" src=\"https:\/\/etab.ac-reunion.fr\/clg-ravine-des-cabris\/wp-content\/uploads\/sites\/158\/2024\/04\/Capture-decran-2024-04-29-a-22.01.13-600x220.png\" width=\"600\" height=\"220\" alt=\"Le club d\u2019anglais se met en sc\u00e8ne !\" \/>      <\/a>       \r\n      <div class=\"advps-excerpt-one\" style=\"width:30%;height:100%;top:0; left:0;\">\r\n      \t<div class=\"advps-overlay-one\" style=\"background-color:#000000; -moz-opacity:0.6;filter:alpha(opacity=60);opacity:0.6;\"><\/div>\r\n        <div class=\"advps-excerpt-block-one\" style=\"text-align:left;color:#FFFFFF;-moz-opacity:1;filter:alpha(opacity=100);opacity:1;\">        \r\n        <h2 class=\"advs-title\" style=\"margin:5px 0px 10px 0px;color:#FFFFFF\"><a target=\"_self\" href=\"https:\/\/etab.ac-reunion.fr\/clg-ravine-des-cabris\/2024\/04\/29\/le-club-danglais-se-met-en-scene\/\" style=\"margin:5px 0px 10px 0px;color:#FFFFFF\" >Le club d\u2019anglais se met en sc\u00e8ne !<\/a><\/h2>\r\n          \r\n            <p>Bonjour, Nous repr\u00e9sentons le club d\u2019anglais constitu\u00e9 de 8 \u00e9l\u00e8ves du Coll\u00e8ge de la Ravine des Cabris :&nbsp;&nbsp;L\u00e9na, Daphn\u00e9, Lou-ann, Joachim, S\u00e9bastien, Jean-Baptiste, Sacha et<\/p>\n        <\/div>\r\n      <\/div>\r\n    <\/div>\r\n        <div class=\"advps-slide\">\r\n\t<a target=\"_self\" href=\"https:\/\/etab.ac-reunion.fr\/clg-ravine-des-cabris\/2023\/03\/09\/le-coin-des-ambassadeurs\/\" >      <img loading=\"lazy\" decoding=\"async\" src=\"https:\/\/etab.ac-reunion.fr\/clg-ravine-des-cabris\/wp-content\/uploads\/sites\/158\/2023\/03\/Capture-decran-2023-03-09-a-21.02.14-600x220.png\" width=\"600\" height=\"220\" alt=\"<strong>LE COIN DES AMBASSADEURS &#8230;<\/strong>\" \/>      <\/a>       \r\n      <div class=\"advps-excerpt-one\" style=\"width:30%;height:100%;top:0; left:0;\">\r\n      \t<div class=\"advps-overlay-one\" style=\"background-color:#000000; -moz-opacity:0.6;filter:alpha(opacity=60);opacity:0.6;\"><\/div>\r\n        <div class=\"advps-excerpt-block-one\" style=\"text-align:left;color:#FFFFFF;-moz-opacity:1;filter:alpha(opacity=100);opacity:1;\">        \r\n        <h2 class=\"advs-title\" style=\"margin:5px 0px 10px 0px;color:#FFFFFF\"><a target=\"_self\" href=\"https:\/\/etab.ac-reunion.fr\/clg-ravine-des-cabris\/2023\/03\/09\/le-coin-des-ambassadeurs\/\" style=\"margin:5px 0px 10px 0px;color:#FFFFFF\" ><strong>LE COIN DES AMBASSADEURS &#8230;<\/strong><\/a><\/h2>\r\n          \r\n            <p>Dans le cadre de la liaison Coll\u00e8ge-Lyc\u00e9e et du Parcours Avenir, au mois de novembre 2022, les anciens \u00e9l\u00e8ves du coll\u00e8ge ayant int\u00e9gr\u00e9 la section<\/p>\n        <\/div>\r\n      <\/div>\r\n    <\/div>\r\n        <div class=\"advps-slide\">\r\n\t<a target=\"_self\" href=\"https:\/\/etab.ac-reunion.fr\/clg-ravine-des-cabris\/2025\/03\/19\/le-coin-des-ambassadeurs-2\/\" >      <img loading=\"lazy\" decoding=\"async\" src=\"https:\/\/etab.ac-reunion.fr\/clg-ravine-des-cabris\/wp-content\/uploads\/sites\/158\/2025\/03\/Capture-decran-2025-03-19-a-22.30.55-600x220.png\" width=\"600\" height=\"220\" alt=\"Le coin des ambassadeurs \u2026\" \/>      <\/a>       \r\n      <div class=\"advps-excerpt-one\" style=\"width:30%;height:100%;top:0; left:0;\">\r\n      \t<div class=\"advps-overlay-one\" style=\"background-color:#000000; -moz-opacity:0.6;filter:alpha(opacity=60);opacity:0.6;\"><\/div>\r\n        <div class=\"advps-excerpt-block-one\" style=\"text-align:left;color:#FFFFFF;-moz-opacity:1;filter:alpha(opacity=100);opacity:1;\">        \r\n        <h2 class=\"advs-title\" style=\"margin:5px 0px 10px 0px;color:#FFFFFF\"><a target=\"_self\" href=\"https:\/\/etab.ac-reunion.fr\/clg-ravine-des-cabris\/2025\/03\/19\/le-coin-des-ambassadeurs-2\/\" style=\"margin:5px 0px 10px 0px;color:#FFFFFF\" >Le coin des ambassadeurs \u2026<\/a><\/h2>\r\n          \r\n            <p>Julie est \u00e9l\u00e8ve en classe de seconde Abibac au Lyc\u00e9e Roland Garros. Dans le cadre du parcours AVENIR et en lien avec le travail sur<\/p>\n        <\/div>\r\n      <\/div>\r\n    <\/div>\r\n        <div class=\"advps-slide\">\r\n\t<a target=\"_self\" href=\"https:\/\/etab.ac-reunion.fr\/clg-ravine-des-cabris\/2026\/02\/26\/le-college-celebre-la-fete-de-la-science-avec-un-concours-scientifique\/\" >      <img loading=\"lazy\" decoding=\"async\" src=\"https:\/\/etab.ac-reunion.fr\/clg-ravine-des-cabris\/wp-content\/uploads\/sites\/158\/2026\/02\/Capture-decran-2026-02-26-a-21.05.47-600x220.png\" width=\"600\" height=\"220\" alt=\"Le coll\u00e8ge c\u00e9l\u00e8bre la f\u00eate de la science\" \/>      <\/a>       \r\n      <div class=\"advps-excerpt-one\" style=\"width:30%;height:100%;top:0; left:0;\">\r\n      \t<div class=\"advps-overlay-one\" style=\"background-color:#000000; -moz-opacity:0.6;filter:alpha(opacity=60);opacity:0.6;\"><\/div>\r\n        <div class=\"advps-excerpt-block-one\" style=\"text-align:left;color:#FFFFFF;-moz-opacity:1;filter:alpha(opacity=100);opacity:1;\">        \r\n        <h2 class=\"advs-title\" style=\"margin:5px 0px 10px 0px;color:#FFFFFF\"><a target=\"_self\" href=\"https:\/\/etab.ac-reunion.fr\/clg-ravine-des-cabris\/2026\/02\/26\/le-college-celebre-la-fete-de-la-science-avec-un-concours-scientifique\/\" style=\"margin:5px 0px 10px 0px;color:#FFFFFF\" >Le coll\u00e8ge c\u00e9l\u00e8bre la f\u00eate de la science<\/a><\/h2>\r\n          \r\n            <p>Le coll\u00e8ge c\u00e9l\u00e8bre la f\u00eate de la science avec un concours scientifique \u00c0 l&rsquo;occasion de la f\u00eate de la Science, le coll\u00e8ge de la Ravine<\/p>\n        <\/div>\r\n      <\/div>\r\n    <\/div>\r\n        <div class=\"advps-slide\">\r\n\t<a target=\"_self\" href=\"https:\/\/etab.ac-reunion.fr\/clg-ravine-des-cabris\/2020\/10\/27\/le-francais-autrement\/\" >      <img loading=\"lazy\" decoding=\"async\" src=\"https:\/\/etab.ac-reunion.fr\/clg-ravine-des-cabris\/wp-content\/uploads\/sites\/158\/2020\/10\/Paul-Klee-nile-600x220.jpg\" width=\"600\" height=\"220\" alt=\"Le fran\u00e7ais autrement\" \/>      <\/a>       \r\n      <div class=\"advps-excerpt-one\" style=\"width:30%;height:100%;top:0; left:0;\">\r\n      \t<div class=\"advps-overlay-one\" style=\"background-color:#000000; -moz-opacity:0.6;filter:alpha(opacity=60);opacity:0.6;\"><\/div>\r\n        <div class=\"advps-excerpt-block-one\" style=\"text-align:left;color:#FFFFFF;-moz-opacity:1;filter:alpha(opacity=100);opacity:1;\">        \r\n        <h2 class=\"advs-title\" style=\"margin:5px 0px 10px 0px;color:#FFFFFF\"><a target=\"_self\" href=\"https:\/\/etab.ac-reunion.fr\/clg-ravine-des-cabris\/2020\/10\/27\/le-francais-autrement\/\" style=\"margin:5px 0px 10px 0px;color:#FFFFFF\" >Le fran\u00e7ais autrement<\/a><\/h2>\r\n          \r\n            <p>Nous avons r\u00e9fl\u00e9chi \u00e0 un moyen ludique et simple qui proposerait aux coll\u00e9giens (tous niveaux) des activit\u00e9s construites en filigrane sur des comp\u00e9tences fondamentales (lire,<\/p>\n        <\/div>\r\n      <\/div>\r\n    <\/div>\r\n        <div class=\"advps-slide\">\r\n\t<a target=\"_self\" href=\"https:\/\/etab.ac-reunion.fr\/clg-ravine-des-cabris\/2026\/03\/27\/le-mexique-sinvite-au-college\/\" >      <img loading=\"lazy\" decoding=\"async\" src=\"https:\/\/etab.ac-reunion.fr\/clg-ravine-des-cabris\/wp-content\/uploads\/sites\/158\/2026\/03\/Capture-decran-2026-03-27-a-18.06.14-600x220.png\" width=\"600\" height=\"220\" alt=\"Le Mexique s\u2019invite au coll\u00e8ge !\u00a0\" \/>      <\/a>       \r\n      <div class=\"advps-excerpt-one\" style=\"width:30%;height:100%;top:0; left:0;\">\r\n      \t<div class=\"advps-overlay-one\" style=\"background-color:#000000; -moz-opacity:0.6;filter:alpha(opacity=60);opacity:0.6;\"><\/div>\r\n        <div class=\"advps-excerpt-block-one\" style=\"text-align:left;color:#FFFFFF;-moz-opacity:1;filter:alpha(opacity=100);opacity:1;\">        \r\n        <h2 class=\"advs-title\" style=\"margin:5px 0px 10px 0px;color:#FFFFFF\"><a target=\"_self\" href=\"https:\/\/etab.ac-reunion.fr\/clg-ravine-des-cabris\/2026\/03\/27\/le-mexique-sinvite-au-college\/\" style=\"margin:5px 0px 10px 0px;color:#FFFFFF\" >Le Mexique s\u2019invite au coll\u00e8ge !\u00a0<\/a><\/h2>\r\n          \r\n            <p>Au cours du premier trimestre, les classes de 5\u00e8 de M. MARTIN RUIZ etMme PICARD ont travaill\u00e9 avec enthousiasme sur la c\u00e9l\u00e8bre f\u00eate d\u2019El D\u00eda<\/p>\n        <\/div>\r\n      <\/div>\r\n    <\/div>\r\n        <div class=\"advps-slide\">\r\n\t<a target=\"_self\" href=\"https:\/\/etab.ac-reunion.fr\/clg-ravine-des-cabris\/2017\/06\/26\/le-seigneur-de-leau\/\" >      <img loading=\"lazy\" decoding=\"async\" src=\"https:\/\/etab.ac-reunion.fr\/clg-ravine-des-cabris\/wp-content\/uploads\/sites\/158\/2020\/12\/seigneur-de-l-eau-600x220.jpg\" width=\"600\" height=\"220\" alt=\"Le Seigneur de l&rsquo;Eau\" \/>      <\/a>       \r\n      <div class=\"advps-excerpt-one\" style=\"width:30%;height:100%;top:0; left:0;\">\r\n      \t<div class=\"advps-overlay-one\" style=\"background-color:#000000; -moz-opacity:0.6;filter:alpha(opacity=60);opacity:0.6;\"><\/div>\r\n        <div class=\"advps-excerpt-block-one\" style=\"text-align:left;color:#FFFFFF;-moz-opacity:1;filter:alpha(opacity=100);opacity:1;\">        \r\n        <h2 class=\"advs-title\" style=\"margin:5px 0px 10px 0px;color:#FFFFFF\"><a target=\"_self\" href=\"https:\/\/etab.ac-reunion.fr\/clg-ravine-des-cabris\/2017\/06\/26\/le-seigneur-de-leau\/\" style=\"margin:5px 0px 10px 0px;color:#FFFFFF\" >Le Seigneur de l&rsquo;Eau<\/a><\/h2>\r\n          \r\n            <p>Cette pi\u00e8ce mettant en avant la n\u00e9cessit\u00e9 de&nbsp;prot\u00e9ger notre environnement&nbsp;en luttant contre la pollution a \u00e9t\u00e9 mise en sc\u00e8ne par Gilliane Gigant, l\u2019organisation de l\u2019\u00e9v\u00e8nement<\/p>\n        <\/div>\r\n      <\/div>\r\n    <\/div>\r\n        <div class=\"advps-slide\">\r\n\t<a target=\"_self\" href=\"https:\/\/etab.ac-reunion.fr\/clg-ravine-des-cabris\/2025\/06\/02\/le-tourisme-en-affiches\/\" >      <img loading=\"lazy\" decoding=\"async\" src=\"https:\/\/etab.ac-reunion.fr\/clg-ravine-des-cabris\/wp-content\/uploads\/sites\/158\/2025\/06\/Capture-decran-2025-06-02-a-16.34.57-600x220.png\" width=\"600\" height=\"220\" alt=\"Le tourisme en affiches\" \/>      <\/a>       \r\n      <div class=\"advps-excerpt-one\" style=\"width:30%;height:100%;top:0; left:0;\">\r\n      \t<div class=\"advps-overlay-one\" style=\"background-color:#000000; -moz-opacity:0.6;filter:alpha(opacity=60);opacity:0.6;\"><\/div>\r\n        <div class=\"advps-excerpt-block-one\" style=\"text-align:left;color:#FFFFFF;-moz-opacity:1;filter:alpha(opacity=100);opacity:1;\">        \r\n        <h2 class=\"advs-title\" style=\"margin:5px 0px 10px 0px;color:#FFFFFF\"><a target=\"_self\" href=\"https:\/\/etab.ac-reunion.fr\/clg-ravine-des-cabris\/2025\/06\/02\/le-tourisme-en-affiches\/\" style=\"margin:5px 0px 10px 0px;color:#FFFFFF\" >Le tourisme en affiches<\/a><\/h2>\r\n          \r\n            <p>Les \u00e9l\u00e8ves ont travaill\u00e9 sur le th\u00e8me le tourisme et les espaces en \u00e9tudiant les transformations spatiales, \u00e9conomiques, sociales, environnementales dans les espaces touristiques. L\u2019\u00e9tude<\/p>\n        <\/div>\r\n      <\/div>\r\n    <\/div>\r\n        <div class=\"advps-slide\">\r\n\t<a target=\"_self\" href=\"https:\/\/etab.ac-reunion.fr\/clg-ravine-des-cabris\/2018\/07\/16\/leducation-eco-citoyenne-pour-preserver-notre-biodiversite\/\" >      <img loading=\"lazy\" decoding=\"async\" src=\"https:\/\/etab.ac-reunion.fr\/clg-ravine-des-cabris\/wp-content\/uploads\/sites\/158\/2020\/12\/sillage-baleines-600x220.jpg\" width=\"600\" height=\"220\" alt=\"L\u2019\u00e9ducation \u00e9co-citoyenne pour pr\u00e9server notre biodiversit\u00e9\" \/>      <\/a>       \r\n      <div class=\"advps-excerpt-one\" style=\"width:30%;height:100%;top:0; left:0;\">\r\n      \t<div class=\"advps-overlay-one\" style=\"background-color:#000000; -moz-opacity:0.6;filter:alpha(opacity=60);opacity:0.6;\"><\/div>\r\n        <div class=\"advps-excerpt-block-one\" style=\"text-align:left;color:#FFFFFF;-moz-opacity:1;filter:alpha(opacity=100);opacity:1;\">        \r\n        <h2 class=\"advs-title\" style=\"margin:5px 0px 10px 0px;color:#FFFFFF\"><a target=\"_self\" href=\"https:\/\/etab.ac-reunion.fr\/clg-ravine-des-cabris\/2018\/07\/16\/leducation-eco-citoyenne-pour-preserver-notre-biodiversite\/\" style=\"margin:5px 0px 10px 0px;color:#FFFFFF\" >L\u2019\u00e9ducation \u00e9co-citoyenne pour pr\u00e9server notre biodiversit\u00e9<\/a><\/h2>\r\n          \r\n            <p>2017-18&nbsp;: notre partenaire est&nbsp;Savoirs, Sciences et Nature&nbsp;&nbsp;St\u00e9phanie Lebonniec, biologiste marin est intervenue 5 fois aupr\u00e8s de la classe pour les sensibiliser \u00e0 l\u2019impact des d\u00e9chets&nbsp;<\/p>\n        <\/div>\r\n      <\/div>\r\n    <\/div>\r\n        <div class=\"advps-slide\">\r\n\t<a target=\"_self\" href=\"https:\/\/etab.ac-reunion.fr\/clg-ravine-des-cabris\/2025\/12\/13\/les-120-ans-de-la-laicite\/\" >      <img loading=\"lazy\" decoding=\"async\" src=\"https:\/\/etab.ac-reunion.fr\/clg-ravine-des-cabris\/wp-content\/uploads\/sites\/158\/2025\/12\/Capture-decran-2025-12-13-a-18.37.27-600x220.png\" width=\"600\" height=\"220\" alt=\"Les 120 ans de la la\u00efcit\u00e9\" \/>      <\/a>       \r\n      <div class=\"advps-excerpt-one\" style=\"width:30%;height:100%;top:0; left:0;\">\r\n      \t<div class=\"advps-overlay-one\" style=\"background-color:#000000; -moz-opacity:0.6;filter:alpha(opacity=60);opacity:0.6;\"><\/div>\r\n        <div class=\"advps-excerpt-block-one\" style=\"text-align:left;color:#FFFFFF;-moz-opacity:1;filter:alpha(opacity=100);opacity:1;\">        \r\n        <h2 class=\"advs-title\" style=\"margin:5px 0px 10px 0px;color:#FFFFFF\"><a target=\"_self\" href=\"https:\/\/etab.ac-reunion.fr\/clg-ravine-des-cabris\/2025\/12\/13\/les-120-ans-de-la-laicite\/\" style=\"margin:5px 0px 10px 0px;color:#FFFFFF\" >Les 120 ans de la la\u00efcit\u00e9<\/a><\/h2>\r\n          \r\n            <p>Les \u00e9l\u00e8ves du coll\u00e8ge ont r\u00e9alis\u00e9 une multitude d&rsquo;initiatives pour c\u00e9l\u00e9brer les 120 ans de la la\u00efcit\u00e9. Leur engagement s&rsquo;est manifest\u00e9 par : Leur cr\u00e9ativit\u00e9<\/p>\n        <\/div>\r\n      <\/div>\r\n    <\/div>\r\n        <div class=\"advps-slide\">\r\n\t<a target=\"_self\" href=\"https:\/\/etab.ac-reunion.fr\/clg-ravine-des-cabris\/2021\/11\/16\/les-3-chaplin-et-mandela-decouvrent-un-espace-de-faible-densite\/\" >      <img loading=\"lazy\" decoding=\"async\" src=\"https:\/\/etab.ac-reunion.fr\/clg-ravine-des-cabris\/wp-content\/uploads\/sites\/158\/2021\/11\/IMG_2484-600x220.jpeg\" width=\"600\" height=\"220\" alt=\"Les 3\u00b0 Chaplin et Mandela d\u00e9couvrent un espace de faible densit\u00e9\" \/>      <\/a>       \r\n      <div class=\"advps-excerpt-one\" style=\"width:30%;height:100%;top:0; left:0;\">\r\n      \t<div class=\"advps-overlay-one\" style=\"background-color:#000000; -moz-opacity:0.6;filter:alpha(opacity=60);opacity:0.6;\"><\/div>\r\n        <div class=\"advps-excerpt-block-one\" style=\"text-align:left;color:#FFFFFF;-moz-opacity:1;filter:alpha(opacity=100);opacity:1;\">        \r\n        <h2 class=\"advs-title\" style=\"margin:5px 0px 10px 0px;color:#FFFFFF\"><a target=\"_self\" href=\"https:\/\/etab.ac-reunion.fr\/clg-ravine-des-cabris\/2021\/11\/16\/les-3-chaplin-et-mandela-decouvrent-un-espace-de-faible-densite\/\" style=\"margin:5px 0px 10px 0px;color:#FFFFFF\" >Les 3\u00b0 Chaplin et Mandela d\u00e9couvrent un espace de faible densit\u00e9<\/a><\/h2>\r\n          \r\n            <p>Les \u00e9l\u00e8ves de 3\u00b0 Chaplin et 3\u00b0 Mandela sont partis en randonn\u00e9e mardi 16 novembre d\u00e9couvrir un espace de faible densit\u00e9 \u00e0 l\u2019int\u00e9rieur du parc<\/p>\n        <\/div>\r\n      <\/div>\r\n    <\/div>\r\n        <div class=\"advps-slide\">\r\n\t<a target=\"_self\" href=\"https:\/\/etab.ac-reunion.fr\/clg-ravine-des-cabris\/2022\/11\/10\/les-3-gandhi-et-les-3-morrison-a-la-decouverte-dun-espace-de-faible-densite\/\" >      <img loading=\"lazy\" decoding=\"async\" src=\"https:\/\/etab.ac-reunion.fr\/clg-ravine-des-cabris\/wp-content\/uploads\/sites\/158\/2022\/11\/IMG_5867-600x220.jpeg\" width=\"600\" height=\"220\" alt=\"Les 3\u00b0 Gandhi et les 3\u00b0 Morrison \u00e0 la d\u00e9couverte d&rsquo;un espace de faible densit\u00e9\" \/>      <\/a>       \r\n      <div class=\"advps-excerpt-one\" style=\"width:30%;height:100%;top:0; left:0;\">\r\n      \t<div class=\"advps-overlay-one\" style=\"background-color:#000000; -moz-opacity:0.6;filter:alpha(opacity=60);opacity:0.6;\"><\/div>\r\n        <div class=\"advps-excerpt-block-one\" style=\"text-align:left;color:#FFFFFF;-moz-opacity:1;filter:alpha(opacity=100);opacity:1;\">        \r\n        <h2 class=\"advs-title\" style=\"margin:5px 0px 10px 0px;color:#FFFFFF\"><a target=\"_self\" href=\"https:\/\/etab.ac-reunion.fr\/clg-ravine-des-cabris\/2022\/11\/10\/les-3-gandhi-et-les-3-morrison-a-la-decouverte-dun-espace-de-faible-densite\/\" style=\"margin:5px 0px 10px 0px;color:#FFFFFF\" >Les 3\u00b0 Gandhi et les 3\u00b0 Morrison \u00e0 la d\u00e9couverte d&rsquo;un espace de faible densit\u00e9<\/a><\/h2>\r\n          \r\n            <p>Les Hauts de la R\u00e9union sont peu dens\u00e9ment peupl\u00e9s. Mais ils disposent d&rsquo;atouts comme ses paysages naturels qui sont sauvegard\u00e9s gr\u00e2ce \u00e0 la cr\u00e9ation d\u2019un<\/p>\n        <\/div>\r\n      <\/div>\r\n    <\/div>\r\n      <\/div>\r\n  <\/div><!-- end advps-slide-container -->\r\n<!-- \/ Advanced post slider a multipurpose responsive slideshow plugin -->\r\n\n","protected":false},"excerpt":{"rendered":"","protected":false},"author":28090,"featured_media":0,"parent":0,"menu_order":0,"comment_status":"closed","ping_status":"closed","template":"","meta":{"footnotes":"","_links_to":"","_links_to_target":""},"class_list":["post-4588","page","type-page","status-publish","hentry"],"_links":{"self":[{"href":"https:\/\/etab.ac-reunion.fr\/clg-ravine-des-cabris\/wp-json\/wp\/v2\/pages\/4588","targetHints":{"allow":["GET"]}}],"collection":[{"href":"https:\/\/etab.ac-reunion.fr\/clg-ravine-des-cabris\/wp-json\/wp\/v2\/pages"}],"about":[{"href":"https:\/\/etab.ac-reunion.fr\/clg-ravine-des-cabris\/wp-json\/wp\/v2\/types\/page"}],"author":[{"embeddable":true,"href":"https:\/\/etab.ac-reunion.fr\/clg-ravine-des-cabris\/wp-json\/wp\/v2\/users\/28090"}],"replies":[{"embeddable":true,"href":"https:\/\/etab.ac-reunion.fr\/clg-ravine-des-cabris\/wp-json\/wp\/v2\/comments?post=4588"}],"version-history":[{"count":2,"href":"https:\/\/etab.ac-reunion.fr\/clg-ravine-des-cabris\/wp-json\/wp\/v2\/pages\/4588\/revisions"}],"predecessor-version":[{"id":4590,"href":"https:\/\/etab.ac-reunion.fr\/clg-ravine-des-cabris\/wp-json\/wp\/v2\/pages\/4588\/revisions\/4590"}],"wp:attachment":[{"href":"https:\/\/etab.ac-reunion.fr\/clg-ravine-des-cabris\/wp-json\/wp\/v2\/media?parent=4588"}],"curies":[{"name":"wp","href":"https:\/\/api.w.org\/{rel}","templated":true}]}}