{"id":4742,"date":"2016-12-10T00:14:48","date_gmt":"2016-12-09T20:14:48","guid":{"rendered":"http:\/\/college-les-tamarins.ac-reunion.fr\/?page_id=4742"},"modified":"2016-12-17T17:24:35","modified_gmt":"2016-12-17T13:24:35","slug":"lorganisation-de-la-vie-scolaire","status":"publish","type":"page","link":"https:\/\/etab.ac-reunion.fr\/clg-tamarins\/lorganisation-de-la-vie-scolaire\/","title":{"rendered":"L&rsquo;organisation de la vie scolaire"},"content":{"rendered":"<p><strong><em><span style=\"color: #0000ff\">1\u00b0 &#8211; PR\u00c9SENCE ET MOUVEMENTS DES \u00c9L\u00c8VES<\/span><br \/>\n<\/em><\/strong><\/p>\n<ol>\n<li><span style=\"color: #ff0000\"><strong>A) Pr\u00e9sence des \u00e9l\u00e8ves<\/strong><\/span><\/li>\n<\/ol>\n<p>La pr\u00e9sence des \u00e9l\u00e8ves est obligatoire \u00e0 tous les cours et activit\u00e9s port\u00e9s \u00e0 l\u2019emploi du temps ; les modifications temporaires ou d\u00e9finitives de celui-ci seront port\u00e9es \u00e0 la connaissance des parents par l\u2019interm\u00e9diaire du carnet de liaison.<\/p>\n<p>Les \u00e9l\u00e8ves libres entre deux heures de cours doivent se rendre soit en permanence, soit au CDI, soit encore participer \u00e0 des activit\u00e9s socio-\u00e9ducatives.<\/p>\n<ol>\n<li><span style=\"color: #ff0000\"><strong>B) R\u00e9cr\u00e9ations, interclasses<\/strong><\/span><\/li>\n<\/ol>\n<p>A la fin de chaque r\u00e9cr\u00e9ation, les \u00e9l\u00e8ves rejoignent l\u2019emplacement de leur future salle o\u00f9 ils attendent dans le calme d\u2019\u00eatre pris en charge par leur professeur. <strong>Les \u00e9l\u00e8ves ne doivent pas tra\u00eener dans<\/strong> <strong>les couloirs ou dans les salles en dehors des heures de cours ou d\u2019activit\u00e9s encadr\u00e9es par un<\/strong> <strong>adulte<\/strong>.<\/p>\n<p>Les professeurs veillent de leur c\u00f4t\u00e9 \u00e0 lib\u00e9rer les \u00e9l\u00e8ves d\u00e8s la sonnerie, pour \u00e9viter les retards au cours suivant ; ils s\u2019assureront avant de quitter leur salle de cours qu\u2019aucun \u00e9l\u00e8ve n\u2019y est rest\u00e9. La salle devra rest\u00e9e propre et dans sa disposition habituelle.<\/p>\n<ol>\n<li><span style=\"color: #ff0000\"><strong>C) Demi-pension<\/strong><\/span><\/li>\n<\/ol>\n<p>L&rsquo;inscription \u00e0 la demi-pension vaut pour l&rsquo;ann\u00e9e scolaire (sauf cas de force majeur). Tout changement ne sera accept\u00e9 qu\u2019en d\u00e9but de trimestre. Une facture sera adress\u00e9e au responsable de l\u2019\u00e9l\u00e8ve demi-pensionnaire au d\u00e9but de chaque trimestre. Tout trimestre commenc\u00e9 est d\u00fb pour la totalit\u00e9.<\/p>\n<p><span style=\"color: #0000ff\"><strong><em>2\u00b0 &#8211; AUTORISATION DE SORTIE<\/em><\/strong><\/span><\/p>\n<p><span style=\"color: #ff0000\"><strong>Les externes <\/strong><\/span>: Ces \u00e9l\u00e8ves entrent au coll\u00e8ge pour le premier cours et ressortent apr\u00e8s le dernier cours chaque matin et chaque apr\u00e8s-midi. (Voir autorisation de sortie en d\u00e9but de carnet page 1) En cas d&rsquo;absence d&rsquo;un professeur en fin de demi-journ\u00e9e (matin et soir), l&rsquo;externe peut rentrer chez lui, si sa famille l&rsquo;y autorise.<strong><br \/>\n<\/strong><\/p>\n<p><span style=\"color: #ff0000\"><strong>Les Demi-pensionnaires <\/strong><\/span>: Ces \u00e9l\u00e8ves entrent au coll\u00e8ge pour le premier cours du matin et en sortent apr\u00e8s le dernier cours de l&rsquo;apr\u00e8s-midi.<\/p>\n<p>L&rsquo;\u00e9l\u00e8ve est tenu de manger \u00e0 la cantine m\u00eame s&rsquo;il n&rsquo;a pas cours l&rsquo;apr\u00e8s-midi.<\/p>\n<p>Tout \u00e9l\u00e8ve qui quitterait le coll\u00e8ge sans respecter les r\u00e8gles s\u2019expose \u00e0 des sanctions ; il est consid\u00e9r\u00e9 comme rendu \u00e0 la responsabilit\u00e9 de ses parents, et ne sera \u00e0 nouveau accept\u00e9 qu\u2019accompagn\u00e9 de ceux-ci. (Voir autorisation de sortie en d\u00e9but de carnet page 1)<strong><em><br \/>\n<\/em><\/strong><\/p>\n<p><span style=\"color: #0000ff\"><strong><em>3\u00b0 &#8211; ABSENCES ET RETARDS<\/em><\/strong><\/span><\/p>\n<ol>\n<li><span style=\"color: #ff0000\"><strong>A) Les absences<\/strong><\/span><\/li>\n<\/ol>\n<p>Les parents sont invit\u00e9s, d\u00e8s le premier jour de l\u2019absence, \u00e0 avertir le service de la Vie Scolaire : 0262 25 86 91 si leur enfant est absent pour des raisons de sant\u00e9 ou tout autre motif.<\/p>\n<p><strong>A la reprise des cours, l\u2019\u00e9l\u00e8ve doit se pr\u00e9senter obligatoirement au bureau de la Vie Scolaire, quelle que soit la dur\u00e9e de son absence, avec son carnet de liaison d\u00fbment rempli et sign\u00e9 par les parents (partie bulletin d\u2019absence) et le cas \u00e9ch\u00e9ant, d\u2019un certificat m\u00e9dical.<\/strong><\/p>\n<p>Le service Vie Scolaire tient les familles inform\u00e9es des absences injustifi\u00e9es de leurs enfants ; audel\u00e0 de 4 demi-journ\u00e9es par mois, celles-ci sont signal\u00e9es \u00e0 l\u2019inspection acad\u00e9mique pour sanctions financi\u00e8res voire p\u00e9nales.<\/p>\n<ol>\n<li><span style=\"color: #ff0000\"><strong>B) Retards<\/strong><\/span><\/li>\n<\/ol>\n<p>Tout \u00e9l\u00e8ve qui arrive en retard doit passer par le bureau de la Vie Scolaire avant son entr\u00e9e en cours. Ces retards ne pourront qu\u2019\u00eatre exceptionnels et justifi\u00e9s ; en cas de r\u00e9cidive, les familles seront alert\u00e9es et l\u2019\u00e9l\u00e8ve pourra \u00eatre sanctionn\u00e9.<\/p>\n<p>Le portail sera ferm\u00e9 10 minutes apr\u00e8s la premi\u00e8re sonnerie du d\u00e9but des cours et les \u00e9l\u00e8ves retardataires seront dirig\u00e9s vers la salle de permanence. Des sanctions seront prises pour les multi-retardataires.<\/p>\n<p><span style=\"color: #0000ff\"><strong><em>4\u00b0 &#8211; ASSIDUIT\u00c9 SCOLAIRE<\/em><\/strong><\/span><\/p>\n<ol>\n<li><span style=\"color: #ff0000\"><strong>A) ABSENCES ET RETARDS<\/strong><\/span><\/li>\n<\/ol>\n<p>Toute absence ou retard doit \u00eatre justifi\u00e9 et sera relev\u00e9 par le professeur pour \u00eatre transmis \u00e0 la Vie Scolaire d\u00e8s le d\u00e9but du cours.<\/p>\n<ol>\n<li><span style=\"color: #ff0000\"><strong>B) \u00c9DUCATION PHYSIQUE ET SPORTIVE<\/strong><\/span><\/li>\n<\/ol>\n<p>L\u2019EPS est obligatoire au m\u00eame titre que les autres enseignements dispens\u00e9s au coll\u00e8ge (mati\u00e8re sanctionn\u00e9e par une note au BREVET). <strong>Pour des raison d\u2019hygi\u00e8ne et de s\u00e9curit\u00e9<\/strong>, la tenue d\u2019EPS est exig\u00e9e \u00e0 chaque s\u00e9ance (d\u00e9finie par l\u2019enseignant selon le type d\u2019activit\u00e9). Elle est obligatoire pour tout \u00e9l\u00e8ve pr\u00e9sent au cours.<\/p>\n<p>L\u2019\u00e9quipe d\u2019EPS permet \u00e0 chacun de participer aux apprentissages quel que soit les difficult\u00e9s qu\u2019il rencontre. En aucun cas, il ne revient \u00e0 l\u2019\u00e9l\u00e8ve <strong>ou \u00e0 sa famille de d\u00e9cider <\/strong>de sa participation ou non au cours. Elle reste obligatoire.<\/p>\n<p>En cas de certificat m\u00e9dical, le m\u00e9decin doit pr\u00e9ciser s\u2019il s\u2019agit d\u2019<strong>une inaptitude partielle <\/strong>ou totale (un formulaire type peut \u00eatre donn\u00e9).<\/p>\n<p><strong>Cas d\u2019inaptitude partielle <\/strong>: en cas de certificat m\u00e9dical, le m\u00e9decin doit pr\u00e9ciser le type d\u2019action oud\u2019effort que l\u2019\u00e9l\u00e8ve ne peut pas faire. C\u2019est l\u2019enseignant qui d\u00e9cide du type d\u2019activit\u00e9 \u00e0 proposer \u00e0 l\u2019\u00e9l\u00e8ve en fonction des informations \u00e0 sa disposition.<\/p>\n<p><strong>Cas d\u2019inaptitude totale <\/strong>: l\u2019\u00e9l\u00e8ve pourra \u00eatre re\u00e7u par le m\u00e9decin scolaire qui \u00e9tablira si effectivement l\u2019\u00e9l\u00e8ve n\u2019a aucune possibilit\u00e9 motrice. C\u2019est obligatoire pour tout certificat sup\u00e9rieur \u00e0 3 mois.<\/p>\n<p><strong>Excuse exceptionnelle <\/strong>: si l\u2019\u00e9l\u00e8ve a un mot des parents concernant une g\u00eane, une douleur, une difficult\u00e9 passag\u00e8re, <strong>l\u2019enseignant d\u00e9cidera du type d\u2019activit\u00e9 <\/strong>\u00e0 proposer \u00e0 l\u2019\u00e9l\u00e8ve.<\/p>\n<p>D\u00e9placements \u00e0 casabona ou \u00e0 la piscine : dans de rares cas, si l\u2019\u00e9l\u00e8ve a des difficult\u00e9s pour se rendre sur <strong>les installations <\/strong>ou, si des <strong>probl\u00e8mes graves <\/strong>de discipline surviennent, l\u2019\u00e9l\u00e8ve restera en <strong>permanence avec un devoir \u00e0 faire<\/strong>, en accord avec l\u2019administration et la \u201cVie scolaire\u201d.En aucun cas un \u00e9l\u00e8ve n\u2019est \u201cdispens\u00e9\u201d de cours.<\/p>\n<p><strong>Piscine : <\/strong>Pour des raisons de s\u00e9curit\u00e9 interne aux piscines, les \u00e9l\u00e8ves sans tenue ne pouvant pas rester sur le bord du bassin, seront envoy\u00e9s en permanence, avec un devoir not\u00e9 et les parents seront avertis.<\/p>\n<p><strong>Trajets : <\/strong>Les \u00e9l\u00e8ves sont syst\u00e9matiquement pris en charge et ramen\u00e9s au coll\u00e8ge par leur professeur au d\u00e9but et \u00e0 la fin de chaque s\u00e9ance ; ils ne sont pas autoris\u00e9s \u00e0 se rendre directement sur les installations sportives ext\u00e9rieures au coll\u00e8ge, ni \u00e0 les quitter.<\/p>\n","protected":false},"excerpt":{"rendered":"<p>1\u00b0 &#8211; PR\u00c9SENCE ET MOUVEMENTS DES \u00c9L\u00c8VES A) Pr\u00e9sence des \u00e9l\u00e8ves La pr\u00e9sence des \u00e9l\u00e8ves est obligatoire \u00e0 tous les cours et activit\u00e9s port\u00e9s \u00e0 l\u2019emploi du temps ; les modifications temporaires ou d\u00e9finitives de celui-ci seront port\u00e9es \u00e0 la connaissance des parents par l\u2019interm\u00e9diaire du carnet de liaison. Les\u2026<\/p>\n<p class=\"continue-reading-button\"> <a class=\"continue-reading-link\" href=\"https:\/\/etab.ac-reunion.fr\/clg-tamarins\/lorganisation-de-la-vie-scolaire\/\">Continuer \u00e0 lire<i class=\"crycon-right-dir\"><\/i><\/a><\/p>\n","protected":false},"author":13730,"featured_media":0,"parent":0,"menu_order":0,"comment_status":"closed","ping_status":"closed","template":"","meta":{"footnotes":""},"class_list":["post-4742","page","type-page","status-publish","hentry"],"_links":{"self":[{"href":"https:\/\/etab.ac-reunion.fr\/clg-tamarins\/wp-json\/wp\/v2\/pages\/4742","targetHints":{"allow":["GET"]}}],"collection":[{"href":"https:\/\/etab.ac-reunion.fr\/clg-tamarins\/wp-json\/wp\/v2\/pages"}],"about":[{"href":"https:\/\/etab.ac-reunion.fr\/clg-tamarins\/wp-json\/wp\/v2\/types\/page"}],"author":[{"embeddable":true,"href":"https:\/\/etab.ac-reunion.fr\/clg-tamarins\/wp-json\/wp\/v2\/users\/13730"}],"replies":[{"embeddable":true,"href":"https:\/\/etab.ac-reunion.fr\/clg-tamarins\/wp-json\/wp\/v2\/comments?post=4742"}],"version-history":[{"count":10,"href":"https:\/\/etab.ac-reunion.fr\/clg-tamarins\/wp-json\/wp\/v2\/pages\/4742\/revisions"}],"predecessor-version":[{"id":5465,"href":"https:\/\/etab.ac-reunion.fr\/clg-tamarins\/wp-json\/wp\/v2\/pages\/4742\/revisions\/5465"}],"wp:attachment":[{"href":"https:\/\/etab.ac-reunion.fr\/clg-tamarins\/wp-json\/wp\/v2\/media?parent=4742"}],"curies":[{"name":"wp","href":"https:\/\/api.w.org\/{rel}","templated":true}]}}