{"id":4744,"date":"2016-12-10T00:15:10","date_gmt":"2016-12-09T20:15:10","guid":{"rendered":"http:\/\/college-les-tamarins.ac-reunion.fr\/?page_id=4744"},"modified":"2016-12-11T15:45:18","modified_gmt":"2016-12-11T11:45:18","slug":"les-droits-et-obligation-des-eleves","status":"publish","type":"page","link":"https:\/\/etab.ac-reunion.fr\/clg-tamarins\/les-droits-et-obligation-des-eleves\/","title":{"rendered":"Les droits et obligation des \u00e9l\u00e8ves"},"content":{"rendered":"<p><strong><em><span style=\"color: #0000ff\">1\u00b0 &#8211; LES DROITS DE L\u2019\u00c9L\u00c8VE<\/span><br \/>\n<\/em><\/strong><\/p>\n<p>En qualit\u00e9 de membre de la communaut\u00e9 \u00e9ducative, les \u00e9l\u00e8ves disposent de droits individuels et de droits collectifs.<\/p>\n<ol>\n<li><span style=\"color: #ff0000\"><strong>A) Droits individuels<\/strong><\/span><\/li>\n<\/ol>\n<p>Tout \u00e9l\u00e8ve a droit au respect de son int\u00e9grit\u00e9 physique et de sa libert\u00e9 de conscience. Il a \u00e9galement droit au respect de son travail et de ses biens.<\/p>\n<p>Tout \u00e9l\u00e8ve dispose de la libert\u00e9 d\u2019exprimer son opinion \u00e0 l\u2019int\u00e9rieur de l\u2019\u00e9tablissement ; il en use dans un esprit de tol\u00e9rance et de respect d\u2019autrui.<\/p>\n<p>Tout \u00e9l\u00e8ve a droit \u00e0 une formation de qualit\u00e9, lui permettant, selon ses possibilit\u00e9s scolaires, de mener \u00e0 bien un projet de poursuite d\u2019\u00e9tudes ou d\u2019insertion.<\/p>\n<ol>\n<li><span style=\"color: #ff0000\"><strong>B) Droits collectifs<\/strong><\/span><\/li>\n<\/ol>\n<ol>\n<li><span style=\"color: #00ff00\">Droit d\u2019expression collective<\/span><\/li>\n<\/ol>\n<p>Il s\u2019exerce par l\u2019interm\u00e9diaire des d\u00e9l\u00e9gu\u00e9s des \u00e9l\u00e8ves. Les d\u00e9l\u00e9gu\u00e9s de classe peuvent recueillir les avis et propositions des \u00e9l\u00e8ves et les exprimer aupr\u00e8s du Chef d\u2019\u00e9tablissement et, le cas \u00e9ch\u00e9ant aupr\u00e8s du Conseil d\u2019Administration.<\/p>\n<p>Tout document faisant l\u2019objet d\u2019un affichage doit avoir \u00e9t\u00e9 communiqu\u00e9 au pr\u00e9alable au Chef d\u2019\u00e9tablissement ou \u00e0 son adjoint. L\u2019affichage ne peut en aucun cas \u00eatre anonyme.<\/p>\n<ol start=\"2\">\n<li><span style=\"color: #00ff00\">Droit de r\u00e9union<\/span><\/li>\n<\/ol>\n<p>Seuls les d\u00e9l\u00e9gu\u00e9s des \u00e9l\u00e8ves peuvent en prendre l\u2019initiative dans l\u2019exercice de leur mandat. Ce droit s\u2019exerce en dehors des heures de cours.<\/p>\n<p><span style=\"color: #0000ff\"><strong><em>2\u00b0 &#8211; LES OBLIGATIONS DE L\u2019ELEVE<\/em><\/strong><\/span><\/p>\n<p>Elles s\u2019imposent \u00e0 tous les \u00e9l\u00e8ves et impliquent le respect des r\u00e8gles de vie de l\u2019\u00e9tablissement, telles qu\u2019elles sont d\u00e9finies au chapitre 2.<\/p>\n<p><strong>Les \u00e9l\u00e8ves doivent se mettre en rang aux sonneries dans la cour.<\/strong><\/p>\n<p><strong>L&rsquo;\u00e9l\u00e8ve doit se pr\u00e9senter en cours avec son mat\u00e9riel scolaire, sous peine de<\/strong><\/p>\n<p><strong>sanction. (voir chapitre 3 \u00ab\u00a0R\u00e9compenses et Sanctions\u00a0\u00bb)<\/strong><\/p>\n<ol>\n<li><span style=\"color: #ff0000\"><strong>A) Neutralit\u00e9 et la\u00efcit\u00e9<\/strong><\/span><\/li>\n<\/ol>\n<p>Comme tous les membres de la communaut\u00e9 scolaire, les \u00e9l\u00e8ves sont soumis au strict respect des deux principes fondamentaux de neutralit\u00e9 et la\u00efcit\u00e9.<\/p>\n<p>Sur ce dernier point, le droit actuel est rappel\u00e9 par la d\u00e9lib\u00e9ration du Conseil d\u2019Etat du 27 novembre 1989 : \u00ab Aux termes de la d\u00e9claration des Droits de l\u2019Homme et du Citoyen (26 ao\u00fbt 1789), nul ne doit \u00eatre inqui\u00e9t\u00e9 pour ses opinions, m\u00eames religieuses, pourvu que leur manifestation ne trouble pas l\u2019ordre public \u00e9tabli par la loi. \u00bb<\/p>\n<p>En d\u2019autres termes, les \u00e9l\u00e8ves doivent s\u2019abstenir de toute forme de propagande ou de pros\u00e9lytisme d\u2019ordre politique, religieux, philosophique ou ethnique par respect pour soi et par respect pour autrui.<\/p>\n<p>Conform\u00e9ment aux dispositions de l\u2019article L.141-5-1 du code de l\u2019\u00e9ducation, le port de signe et tenues par lesquels les \u00e9l\u00e8ves manifestent ostensiblement une appartenance religieuse est interdit.<\/p>\n<p>Lorsqu\u2019un \u00e9l\u00e8ve m\u00e9conna\u00eet l\u2019interdiction pos\u00e9e \u00e0 l\u2019alin\u00e9a pr\u00e9c\u00e9dent, le chef d\u2019\u00e9tablissement organise un dialogue avec cet \u00e9l\u00e8ve avant l\u2019engagement de toute proc\u00e9dure disciplinaire.<\/p>\n<ol>\n<li><span style=\"color: #ff0000\"><strong>B) Assiduit\u00e9, ponctualit\u00e9 et travail scolaire<\/strong><\/span><\/li>\n<\/ol>\n<p>La pr\u00e9sence r\u00e9guli\u00e8re de l\u2019\u00e9l\u00e8ve \u00e0 tous les cours et activit\u00e9s inscrits \u00e0 son emploi du temps est essentielle pour sa r\u00e9ussite professionnelle.<\/p>\n<p>Cette assiduit\u00e9 implique par l\u00e0 m\u00eame la ponctualit\u00e9, c\u2019est-\u00e0-dire la pr\u00e9sence \u00e0 l\u2019heure \u00e0 chaque cours ; <strong>arriver \u00e0 l\u2019heure est un acte de politesse et une r\u00e8gle de vie commune \u00e0 laquelle il faut<\/strong> <strong>savoir se plier imp\u00e9rativement<\/strong>.<\/p>\n<p><strong>L\u2019\u00e9l\u00e8ve \u00e0 l\u2019obligation particip\u00e9 aux activit\u00e9s et travaux scolaires propos\u00e9s par l\u2019ensemble des professeurs<\/strong>.<\/p>\n","protected":false},"excerpt":{"rendered":"<p>1\u00b0 &#8211; LES DROITS DE L\u2019\u00c9L\u00c8VE En qualit\u00e9 de membre de la communaut\u00e9 \u00e9ducative, les \u00e9l\u00e8ves disposent de droits individuels et de droits collectifs. A) Droits individuels Tout \u00e9l\u00e8ve a droit au respect de son int\u00e9grit\u00e9 physique et de sa libert\u00e9 de conscience. Il a \u00e9galement droit au respect de\u2026<\/p>\n<p class=\"continue-reading-button\"> <a class=\"continue-reading-link\" href=\"https:\/\/etab.ac-reunion.fr\/clg-tamarins\/les-droits-et-obligation-des-eleves\/\">Continuer \u00e0 lire<i class=\"crycon-right-dir\"><\/i><\/a><\/p>\n","protected":false},"author":13730,"featured_media":0,"parent":0,"menu_order":0,"comment_status":"closed","ping_status":"closed","template":"","meta":{"footnotes":""},"class_list":["post-4744","page","type-page","status-publish","hentry"],"_links":{"self":[{"href":"https:\/\/etab.ac-reunion.fr\/clg-tamarins\/wp-json\/wp\/v2\/pages\/4744","targetHints":{"allow":["GET"]}}],"collection":[{"href":"https:\/\/etab.ac-reunion.fr\/clg-tamarins\/wp-json\/wp\/v2\/pages"}],"about":[{"href":"https:\/\/etab.ac-reunion.fr\/clg-tamarins\/wp-json\/wp\/v2\/types\/page"}],"author":[{"embeddable":true,"href":"https:\/\/etab.ac-reunion.fr\/clg-tamarins\/wp-json\/wp\/v2\/users\/13730"}],"replies":[{"embeddable":true,"href":"https:\/\/etab.ac-reunion.fr\/clg-tamarins\/wp-json\/wp\/v2\/comments?post=4744"}],"version-history":[{"count":3,"href":"https:\/\/etab.ac-reunion.fr\/clg-tamarins\/wp-json\/wp\/v2\/pages\/4744\/revisions"}],"predecessor-version":[{"id":4910,"href":"https:\/\/etab.ac-reunion.fr\/clg-tamarins\/wp-json\/wp\/v2\/pages\/4744\/revisions\/4910"}],"wp:attachment":[{"href":"https:\/\/etab.ac-reunion.fr\/clg-tamarins\/wp-json\/wp\/v2\/media?parent=4744"}],"curies":[{"name":"wp","href":"https:\/\/api.w.org\/{rel}","templated":true}]}}