{"id":5210,"date":"2016-12-14T09:33:34","date_gmt":"2016-12-14T05:33:34","guid":{"rendered":"http:\/\/college-les-tamarins.ac-reunion.fr\/?page_id=5210"},"modified":"2026-03-16T12:30:34","modified_gmt":"2026-03-16T08:30:34","slug":"upe2a","status":"publish","type":"page","link":"https:\/\/etab.ac-reunion.fr\/clg-tamarins\/upe2a\/","title":{"rendered":"UPE2A"},"content":{"rendered":"<p style=\"text-align: center\"><span style=\"color: #0000ff\"><em><strong>L&rsquo;UPE2A ?<\/strong><\/em><\/span><\/p>\n<p id=\"bio\" class=\"description\" style=\"text-align: center\"><span style=\"color: #ff0000\">Unit\u00e9 P\u00e9dagogique pour \u00c9l\u00e8ves Allophones* Arrivants (UPE2A)<\/span><\/p>\n<p class=\"description\" style=\"text-align: center\">Zone CASNAV Sud de l\u2019Acad\u00e9mie de La R\u00e9union<\/p>\n<p class=\"description\" style=\"text-align: center\">Bases p\u00e9dagogiques au Coll\u00e8ge Les Tamarins (Saint-Pierre) et au Coll\u00e8ge Joseph Hubert (Saint-Joseph)<\/p>\n<p>&nbsp;<\/p>\n<p style=\"text-align: center\"><a href=\"https:\/\/upe2asud974.files.wordpress.com\/2014\/02\/logo-upe2a.jpeg?w=474\" target=\"_blank\" rel=\"noopener\"><img loading=\"lazy\" decoding=\"async\" class=\"aligncenter wp-image-217 size-full\" src=\"https:\/\/upe2asud974.files.wordpress.com\/2014\/02\/logo-upe2a.jpeg?w=474\" width=\"80\" height=\"80\" \/><\/a><\/p>\n<p style=\"text-align: center\"><span style=\"color: #0000ff\"><em><strong>\u00a0Une UPE2A, qu\u2019est-ce que c\u2019est ?<\/strong><\/em><\/span><\/p>\n<p style=\"text-align: center\">C\u2019est un dispositif p\u00e9dagogique d\u2019inclusion pour une remise \u00e0 niveau rapide en Fran\u00e7ais Langue Etrang\u00e8re (FLE), Fran\u00e7ais Langue Seconde (FLS) et Fran\u00e7ais Langue de Scolarisation (FLSco) pour des \u00e9l\u00e8ves allophones arrivants.<\/p>\n<p style=\"text-align: center\">Cette structure d\u00e9pend du CASNAV mais elle est implant\u00e9e dans un \u00e9tablissement scolaire. Les \u00e9l\u00e8ves qui b\u00e9n\u00e9ficient de ce dispositif viennent d\u2019arriver sur l\u2019\u00eele de La R\u00e9union depuis moins de deux ans.<\/p>\n<p style=\"text-align: center\">\u00catre <a href=\"https:\/\/fr.wikipedia.org\/wiki\/Allophone_%28sociolinguistique%29\" target=\"_blank\" rel=\"noopener\">allophones<\/a>, qu\u2019est-ce que cela veut dire ?<\/p>\n<p style=\"text-align: center\">\u00catre<strong> allophones<\/strong> signifie que l\u2019on parle une autre langue que la ou les langue(s) parl\u00e9e(s) dans le territoire o\u00f9 l\u2019on vit.<\/p>\n<p style=\"text-align: center\">Ici, sur l\u2019\u00eele de La R\u00e9union, nous parlons le fran\u00e7ais et le <a href=\"https:\/\/fr.wikipedia.org\/wiki\/Cr%C3%A9ole_r%C3%A9unionnais\" target=\"_blank\" rel=\"noopener\">cr\u00e9ole r\u00e9unionnais<\/a>.<\/p>\n<p style=\"text-align: center\">Nous, \u00e9l\u00e8ves de l\u2019UPE2A, nous parlons aussi le <a href=\"https:\/\/fr.wikipedia.org\/wiki\/Mahorais\" target=\"_blank\" rel=\"noopener\">shimahor\u00e9<\/a>, ou bien le <a href=\"https:\/\/fr.wikipedia.org\/wiki\/Shibushi\" target=\"_blank\" rel=\"noopener\">shibushi<\/a>, ou encore le <a href=\"https:\/\/fr.wikipedia.org\/wiki\/Malgache\" target=\"_blank\" rel=\"noopener\">malgache<\/a>, le <a href=\"https:\/\/fr.wikipedia.org\/wiki\/Cr%C3%A9ole_mauricien\" target=\"_blank\" rel=\"noopener\">cr\u00e9ole mauricien<\/a>, le <a href=\"https:\/\/fr.wikipedia.org\/wiki\/Comorien\" target=\"_blank\" rel=\"noopener\">shikomori ou comorien<\/a>, le <a href=\"https:\/\/fr.wikipedia.org\/wiki\/Langues_chinoises\" target=\"_blank\" rel=\"noopener\">chinois<\/a>, le <a href=\"https:\/\/fr.wikipedia.org\/wiki\/Russe\" target=\"_blank\" rel=\"noopener\">russe<\/a>, l\u2019<a href=\"https:\/\/fr.wikipedia.org\/wiki\/Allemand\" target=\"_blank\" rel=\"noopener\">allemand<\/a>, etc\u2026<\/p>\n<p style=\"text-align: center\">sign\u00e9 par les \u00e9l\u00e8ves de l\u2019UPE2A<\/p>\n<p style=\"text-align: center\">\n","protected":false},"excerpt":{"rendered":"<p>L&rsquo;UPE2A ? Unit\u00e9 P\u00e9dagogique pour \u00c9l\u00e8ves Allophones* Arrivants (UPE2A) Zone CASNAV Sud de l\u2019Acad\u00e9mie de La R\u00e9union Bases p\u00e9dagogiques au Coll\u00e8ge Les Tamarins (Saint-Pierre) et au Coll\u00e8ge Joseph Hubert (Saint-Joseph) &nbsp; \u00a0Une UPE2A, qu\u2019est-ce que c\u2019est ? C\u2019est un dispositif p\u00e9dagogique d\u2019inclusion pour une remise \u00e0 niveau rapide en Fran\u00e7ais\u2026<\/p>\n<p class=\"continue-reading-button\"> <a class=\"continue-reading-link\" href=\"https:\/\/etab.ac-reunion.fr\/clg-tamarins\/upe2a\/\">Continuer \u00e0 lire<i class=\"crycon-right-dir\"><\/i><\/a><\/p>\n","protected":false},"author":13730,"featured_media":0,"parent":0,"menu_order":0,"comment_status":"closed","ping_status":"closed","template":"","meta":{"footnotes":""},"class_list":["post-5210","page","type-page","status-publish","hentry"],"_links":{"self":[{"href":"https:\/\/etab.ac-reunion.fr\/clg-tamarins\/wp-json\/wp\/v2\/pages\/5210","targetHints":{"allow":["GET"]}}],"collection":[{"href":"https:\/\/etab.ac-reunion.fr\/clg-tamarins\/wp-json\/wp\/v2\/pages"}],"about":[{"href":"https:\/\/etab.ac-reunion.fr\/clg-tamarins\/wp-json\/wp\/v2\/types\/page"}],"author":[{"embeddable":true,"href":"https:\/\/etab.ac-reunion.fr\/clg-tamarins\/wp-json\/wp\/v2\/users\/13730"}],"replies":[{"embeddable":true,"href":"https:\/\/etab.ac-reunion.fr\/clg-tamarins\/wp-json\/wp\/v2\/comments?post=5210"}],"version-history":[{"count":8,"href":"https:\/\/etab.ac-reunion.fr\/clg-tamarins\/wp-json\/wp\/v2\/pages\/5210\/revisions"}],"predecessor-version":[{"id":9829,"href":"https:\/\/etab.ac-reunion.fr\/clg-tamarins\/wp-json\/wp\/v2\/pages\/5210\/revisions\/9829"}],"wp:attachment":[{"href":"https:\/\/etab.ac-reunion.fr\/clg-tamarins\/wp-json\/wp\/v2\/media?parent=5210"}],"curies":[{"name":"wp","href":"https:\/\/api.w.org\/{rel}","templated":true}]}}