{"id":7091,"date":"2018-06-18T08:28:11","date_gmt":"2018-06-18T04:28:11","guid":{"rendered":"http:\/\/college-les-tamarins.ac-reunion.fr\/?page_id=7091"},"modified":"2018-06-18T08:28:11","modified_gmt":"2018-06-18T04:28:11","slug":"tous-nos-articles","status":"publish","type":"page","link":"https:\/\/etab.ac-reunion.fr\/clg-tamarins\/tous-nos-articles\/","title":{"rendered":"Tous nos articles"},"content":{"rendered":"\n\n<ul class=\"su-posts su-posts-list-loop \">\n\n\t\t\t\t\t\t\n\t\t\t\n\t\t\t<li id=\"su-post-8830\" class=\"su-post \">\n\t\t\t\t<a href=\"https:\/\/etab.ac-reunion.fr\/clg-tamarins\/presentation-de-la-section-sportive-scolaire-judo-college-les-tamarins\/\">Pr\u00e9sentation de la Section Sportive Scolaire Judo &#8211; Coll\u00e8ge Les Tamarins<\/a>\n\t\t\t<\/li>\n\n\t\t\t\t\t\n\t\t\t\n\t\t\t<li id=\"su-post-7750\" class=\"su-post \">\n\t\t\t\t<a href=\"https:\/\/etab.ac-reunion.fr\/clg-tamarins\/exposition-des-travaux-artistiques-de-nos-eleves-a-la-galerie-hangart-du-27-mai-au-19-juin-2021\/\">EXPOSITION DES TRAVAUX ARTISTIQUES DE NOS ELEVES A LA GALERIE HANGART DU 27 MAI AU 19 JUIN 2021<\/a>\n\t\t\t<\/li>\n\n\t\t\t\t\t\n\t\t\t\n\t\t\t<li id=\"su-post-9844\" class=\"su-post \">\n\t\t\t\t<a href=\"https:\/\/etab.ac-reunion.fr\/clg-tamarins\/presentation-classe-5eme-sports-etudes-multisports-2026-2027\/\">Pr\u00e9sentation Classe 5\u00e8me Sports-\u00c9tudes Multisports 2026\/2027<\/a>\n\t\t\t<\/li>\n\n\t\t\t\t\t\n\t\t\t\n\t\t\t<li id=\"su-post-9835\" class=\"su-post \">\n\t\t\t\t<a href=\"https:\/\/etab.ac-reunion.fr\/clg-tamarins\/webinaire-des-eco-delegues-27-mars-2026\/\">Webinaire des \u00e9co-d\u00e9l\u00e9gu\u00e9s (27 mars 2026)<\/a>\n\t\t\t<\/li>\n\n\t\t\t\t\t\n\t\t\t\n\t\t\t<li id=\"su-post-9830\" class=\"su-post \">\n\t\t\t\t<a href=\"https:\/\/etab.ac-reunion.fr\/clg-tamarins\/semaine-des-langues-2026\/\">Semaine Des Langues 2026<\/a>\n\t\t\t<\/li>\n\n\t\t\t\t\t\n\t\t\t\n\t\t\t<li id=\"su-post-9776\" class=\"su-post \">\n\t\t\t\t<a href=\"https:\/\/etab.ac-reunion.fr\/clg-tamarins\/orientation-3e-que-faire-apres-le-college\/\">Orientation 3e: Que faire apr\u00e8s le coll\u00e8ge?<\/a>\n\t\t\t<\/li>\n\n\t\t\t\t\t\n\t\t\t\n\t\t\t<li id=\"su-post-9763\" class=\"su-post \">\n\t\t\t\t<a href=\"https:\/\/etab.ac-reunion.fr\/clg-tamarins\/visite-du-2e-rpima-classe-defense\/\">Visite du 2e RPIMa &#8211; Classe D\u00e9fense<\/a>\n\t\t\t<\/li>\n\n\t\t\t\t\t\n\t\t\t\n\t\t\t<li id=\"su-post-9755\" class=\"su-post \">\n\t\t\t\t<a href=\"https:\/\/etab.ac-reunion.fr\/clg-tamarins\/flyer-harcelement-en-milieu-scolaire-a-destination-des-parents\/\">Flyer harc\u00e8lement en milieu scolaire \u00e0 destination des parents<\/a>\n\t\t\t<\/li>\n\n\t\t\t\t\t\n\t\t\t\n\t\t\t<li id=\"su-post-9750\" class=\"su-post \">\n\t\t\t\t<a href=\"https:\/\/etab.ac-reunion.fr\/clg-tamarins\/jeunes-en-librairie-college-les-tamarins\/\">JEUNES EN LIBRAIRIE &#8211; Coll\u00e8ge Les Tamarins<\/a>\n\t\t\t<\/li>\n\n\t\t\t\t\t\n\t\t\t\n\t\t\t<li id=\"su-post-9735\" class=\"su-post \">\n\t\t\t\t<a href=\"https:\/\/etab.ac-reunion.fr\/clg-tamarins\/nouveau-dispositif-pour-aider-les-familles-p-a-s\/\">Nouveau dispositif pour aider les familles: P.A.S<\/a>\n\t\t\t<\/li>\n\n\t\t\t\t\t\n\t\t\t\n\t\t\t<li id=\"su-post-9733\" class=\"su-post \">\n\t\t\t\t<a href=\"https:\/\/etab.ac-reunion.fr\/clg-tamarins\/forum-des-metiers-du-college-les-tamarins\/\">forum des m\u00e9tiers du coll\u00e8ge Les Tamarins<\/a>\n\t\t\t<\/li>\n\n\t\t\t\t\t\n\t\t\t\n\t\t\t<li id=\"su-post-9727\" class=\"su-post \">\n\t\t\t\t<a href=\"https:\/\/etab.ac-reunion.fr\/clg-tamarins\/expo-arpentisaz\/\">expo arpentisaz<\/a>\n\t\t\t<\/li>\n\n\t\t\t\t\t\n\t\t\t\n\t\t\t<li id=\"su-post-9700\" class=\"su-post \">\n\t\t\t\t<a href=\"https:\/\/etab.ac-reunion.fr\/clg-tamarins\/comment-preparer-son-orientation-apres-la-3eme\/\">Comment pr\u00e9parer son orientation apr\u00e8s la 3\u00e8me<\/a>\n\t\t\t<\/li>\n\n\t\t\t\t\t\n\t\t\t\n\t\t\t<li id=\"su-post-9694\" class=\"su-post \">\n\t\t\t\t<a href=\"https:\/\/etab.ac-reunion.fr\/clg-tamarins\/ceremonie-du-11-novembre-classe-defense\/\">C\u00e9r\u00e9monie du 11 Novembre &#8211; Classe D\u00e9fense<\/a>\n\t\t\t<\/li>\n\n\t\t\t\t\t\n\t\t\t\n\t\t\t<li id=\"su-post-9682\" class=\"su-post \">\n\t\t\t\t<a href=\"https:\/\/etab.ac-reunion.fr\/clg-tamarins\/preparation-a-la-commemoration-du-11-novembre-grande-guerre\/\">Pr\u00e9paration \u00e0 la comm\u00e9moration du 11 novembre #Grande Guerre#<\/a>\n\t\t\t<\/li>\n\n\t\t\t\t\t\n\t\t\t\n\t\t\t<li id=\"su-post-9691\" class=\"su-post \">\n\t\t\t\t<a href=\"https:\/\/etab.ac-reunion.fr\/clg-tamarins\/informations-sur-le-harcelement-en-milieu-scolaire\/\">Informations sur le harc\u00e8lement en milieu scolaire<\/a>\n\t\t\t<\/li>\n\n\t\t\t\t\t\n\t\t\t\n\t\t\t<li id=\"su-post-9657\" class=\"su-post \">\n\t\t\t\t<a href=\"https:\/\/etab.ac-reunion.fr\/clg-tamarins\/9657-2\/\">Programme d&rsquo;\u00e9ducation \u00e0 la vie affective et relationnelle, et \u00e0 la sexualit\u00e9<\/a>\n\t\t\t<\/li>\n\n\t\t\t\t\t\n\t\t\t\n\t\t\t<li id=\"su-post-9577\" class=\"su-post \">\n\t\t\t\t<a href=\"https:\/\/etab.ac-reunion.fr\/clg-tamarins\/rentree-2025-2026\/\">Rentr\u00e9e 2025-2026<\/a>\n\t\t\t<\/li>\n\n\t\t\t\t\t\n\t\t\t\n\t\t\t<li id=\"su-post-9569\" class=\"su-post \">\n\t\t\t\t<a href=\"https:\/\/etab.ac-reunion.fr\/clg-tamarins\/liste-des-effets-scolaires-rentree-2025-2026\/\">Liste des effets scolaires &#8211; Rentr\u00e9e 2025\/2026<\/a>\n\t\t\t<\/li>\n\n\t\t\t\t\t\n\t\t\t\n\t\t\t<li id=\"su-post-9525\" class=\"su-post \">\n\t\t\t\t<a href=\"https:\/\/etab.ac-reunion.fr\/clg-tamarins\/projet-arts-du-spectacle-de-la-4eme-hortensia\/\">Projet arts du spectacle de la 4\u00e8me Hortensia<\/a>\n\t\t\t<\/li>\n\n\t\t\t\t\t\n\t\t\t\n\t\t\t<li id=\"su-post-9541\" class=\"su-post \">\n\t\t\t\t<a href=\"https:\/\/etab.ac-reunion.fr\/clg-tamarins\/campus-pro-jpo-urma-cite-des-metiers-2024-2025\/\">Campus Pro, JPO URMA &#8211; Cit\u00e9 des M\u00e9tiers 2024-2025<\/a>\n\t\t\t<\/li>\n\n\t\t\t\t\t\n\t\t\t\n\t\t\t<li id=\"su-post-9562\" class=\"su-post \">\n\t\t\t\t<a href=\"https:\/\/etab.ac-reunion.fr\/clg-tamarins\/actualite-des-cordees-de-la-reussite-2024-2025\/\">Actualit\u00e9 des Cord\u00e9es de la R\u00e9ussite 2024\/2025<\/a>\n\t\t\t<\/li>\n\n\t\t\t\t\t\n\t\t\t\n\t\t\t<li id=\"su-post-9559\" class=\"su-post \">\n\t\t\t\t<a href=\"https:\/\/etab.ac-reunion.fr\/clg-tamarins\/a-la-rencontre-des-especes-marines-de-lile-6eme-safran\/\">\u00c0 la rencontre des esp\u00e8ces marines de l&rsquo;\u00eele &#8211; 6\u00e8me Safran<\/a>\n\t\t\t<\/li>\n\n\t\t\t\t\t\n\t\t\t\n\t\t\t<li id=\"su-post-9555\" class=\"su-post \">\n\t\t\t\t<a href=\"https:\/\/etab.ac-reunion.fr\/clg-tamarins\/visite-du-lycee-hotelier-2025\/\">Visite du lyc\u00e9e h\u00f4telier 2025<\/a>\n\t\t\t<\/li>\n\n\t\t\t\t\t\n\t\t\t\n\t\t\t<li id=\"su-post-9550\" class=\"su-post \">\n\t\t\t\t<a href=\"https:\/\/etab.ac-reunion.fr\/clg-tamarins\/concours-academique-de-technologie-2025\/\">Concours Acad\u00e9mique de Technologie 2025<\/a>\n\t\t\t<\/li>\n\n\t\t\t\t\t\n\t\t\t\n\t\t\t<li id=\"su-post-9878\" class=\"su-post \">\n\t\t\t\t<a href=\"https:\/\/etab.ac-reunion.fr\/clg-tamarins\/bilan-section-sportive-judo-2024-2025\/\">Bilan Section Sportive Judo 2024-2025<\/a>\n\t\t\t<\/li>\n\n\t\t\t\t\t\n\t\t\t\n\t\t\t<li id=\"su-post-9519\" class=\"su-post \">\n\t\t\t\t<a href=\"https:\/\/etab.ac-reunion.fr\/clg-tamarins\/resultats-et-bilan-des-championnats-de-france-%f0%9f%87%ab%f0%9f%87%b7-unss-de-judo\/\">R\u00e9sultats et bilan des championnats de France \ud83c\uddeb\ud83c\uddf7 UNSS de judo<\/a>\n\t\t\t<\/li>\n\n\t\t\t\t\t\n\t\t\t\n\t\t\t<li id=\"su-post-9509\" class=\"su-post \">\n\t\t\t\t<a href=\"https:\/\/etab.ac-reunion.fr\/clg-tamarins\/9eme-rallye-citoyen-le-15-avril-2025-%f0%9f%87%ab%f0%9f%87%b7-au-2eme-rpima-caserne-dupuis-sous-un-ciel-bleu\/\">9\u00e8me Rallye citoyen le 15 avril 2025 \ud83c\uddeb\ud83c\uddf7 au 2\u00e8me RPIMa Caserne Dupuis sous un ciel bleu\u2026<\/a>\n\t\t\t<\/li>\n\n\t\t\t\t\t\n\t\t\t\n\t\t\t<li id=\"su-post-9499\" class=\"su-post \">\n\t\t\t\t<a href=\"https:\/\/etab.ac-reunion.fr\/clg-tamarins\/journee-du-sport-college-les-tamarins\/\">Journ\u00e9e du sport &#8211; Coll\u00e8ge Les Tamarins<\/a>\n\t\t\t<\/li>\n\n\t\t\t\t\t\n\t\t\t\n\t\t\t<li id=\"su-post-9486\" class=\"su-post \">\n\t\t\t\t<a href=\"https:\/\/etab.ac-reunion.fr\/clg-tamarins\/jeudi-13-fevrier-visite-du-2e-rpima\/\">Jeudi 13 f\u00e9vrier : Visite du 2e RPIMa<\/a>\n\t\t\t<\/li>\n\n\t\t\t\t\t\n\t\t\t\n\t\t\t<li id=\"su-post-9418\" class=\"su-post \">\n\t\t\t\t<a href=\"https:\/\/etab.ac-reunion.fr\/clg-tamarins\/lutte-contre-le-harcelement-scolaire-au-college\/\">Lutte contre le harc\u00e8lement scolaire au coll\u00e8ge<\/a>\n\t\t\t<\/li>\n\n\t\t\t\t\t\n\t\t\t\n\t\t\t<li id=\"su-post-9360\" class=\"su-post \">\n\t\t\t\t<a href=\"https:\/\/etab.ac-reunion.fr\/clg-tamarins\/projet-appn-2024-2025-college-les-tamarins\/\">Projet APPN 2024\/2025 &#8211; Coll\u00e8ge Les Tamarins<\/a>\n\t\t\t<\/li>\n\n\t\t\t\t\t\n\t\t\t\n\t\t\t<li id=\"su-post-9394\" class=\"su-post \">\n\t\t\t\t<a href=\"https:\/\/etab.ac-reunion.fr\/clg-tamarins\/preparation-de-la-ceremonie-du-11-novembre-college-les-tamarins\/\">Pr\u00e9paration de la c\u00e9r\u00e9monie du 11 novembre &#8211; Coll\u00e8ge Les Tamarins<\/a>\n\t\t\t<\/li>\n\n\t\t\t\t\t\n\t\t\t\n\t\t\t<li id=\"su-post-9388\" class=\"su-post \">\n\t\t\t\t<a href=\"https:\/\/etab.ac-reunion.fr\/clg-tamarins\/intervention-du-csnj-au-college-les-tamarins-2\/\">Intervention du CSNJ au coll\u00e8ge Les Tamarins<\/a>\n\t\t\t<\/li>\n\n\t\t\t\t\t\n\t\t\t\n\t\t\t<li id=\"su-post-9379\" class=\"su-post \">\n\t\t\t\t<a href=\"https:\/\/etab.ac-reunion.fr\/clg-tamarins\/atelier-decriture-au-musee-de-villele-4eme-hortensia\/\">Atelier d&rsquo;\u00e9criture au Mus\u00e9e de Vill\u00e8le &#8211; 4\u00e8me Hortensia<\/a>\n\t\t\t<\/li>\n\n\t\t\t\t\t\n\t\t\t\n\t\t\t<li id=\"su-post-9335\" class=\"su-post \">\n\t\t\t\t<a href=\"https:\/\/etab.ac-reunion.fr\/clg-tamarins\/sortie-aux-taaf-terres-australes-et-antarctiques-francaises\/\">Sortie aux TAAF ( Terres australes et antarctiques fran\u00e7aises)<\/a>\n\t\t\t<\/li>\n\n\t\t\t\t\t\n\t\t\t\n\t\t\t<li id=\"su-post-9344\" class=\"su-post \">\n\t\t\t\t<a href=\"https:\/\/etab.ac-reunion.fr\/clg-tamarins\/classe-defense-renouvellement-de-notre-convention\/\">Classe D\u00e9fense: renouvellement de notre convention<\/a>\n\t\t\t<\/li>\n\n\t\t\t\t\t\n\t\t\t\n\t\t\t<li id=\"su-post-9398\" class=\"su-post \">\n\t\t\t\t<a href=\"https:\/\/etab.ac-reunion.fr\/clg-tamarins\/action-telethon-des-eleves-de-la-classe-defense-college-les-tamarins\/\">Action T\u00e9l\u00e9thon des \u00e9l\u00e8ves de la classe D\u00e9fense &#8211; Coll\u00e8ge Les Tamarins<\/a>\n\t\t\t<\/li>\n\n\t\t\t\t\t\n\t\t\t\n\t\t\t<li id=\"su-post-9351\" class=\"su-post \">\n\t\t\t\t<a href=\"https:\/\/etab.ac-reunion.fr\/clg-tamarins\/resultats-du-cross-district-sud-09-10-2024\/\">R\u00e9sultats du cross district sud &#8211; 09\/10\/2024<\/a>\n\t\t\t<\/li>\n\n\t\t\t\t\t\n\t\t\t\n\t\t\t<li id=\"su-post-9225\" class=\"su-post \">\n\t\t\t\t<a href=\"https:\/\/etab.ac-reunion.fr\/clg-tamarins\/bilan-section-sportive-judo-2023-2024\/\">Bilan Section Sportive Judo 2023-2024<\/a>\n\t\t\t<\/li>\n\n\t\t\t\t\t\n\t\t\t\n\t\t\t<li id=\"su-post-9292\" class=\"su-post \">\n\t\t\t\t<a href=\"https:\/\/etab.ac-reunion.fr\/clg-tamarins\/actualite-des-cordees-de-la-reussite-2023-2024\/\">Actualit\u00e9 des Cord\u00e9es de la R\u00e9ussite 2023\/2024<\/a>\n\t\t\t<\/li>\n\n\t\t\t\t\t\n\t\t\t\n\t\t\t<li id=\"su-post-9298\" class=\"su-post \">\n\t\t\t\t<a href=\"https:\/\/etab.ac-reunion.fr\/clg-tamarins\/rentree-2024-2025\/\">Rentr\u00e9e scolaire 2024-2025<\/a>\n\t\t\t<\/li>\n\n\t\t\t\t\t\n\t\t\t\n\t\t\t<li id=\"su-post-9268\" class=\"su-post \">\n\t\t\t\t<a href=\"https:\/\/etab.ac-reunion.fr\/clg-tamarins\/liste-des-effets-scolaires-6eme-2024-2025\/\">Liste des effets scolaires 6\u00e8me 2024-2025<\/a>\n\t\t\t<\/li>\n\n\t\t\t\t\t\n\t\t\t\n\t\t\t<li id=\"su-post-9265\" class=\"su-post \">\n\t\t\t\t<a href=\"https:\/\/etab.ac-reunion.fr\/clg-tamarins\/liste-des-effets-scolaires-5eme-2024-2025\/\">Liste des effets scolaires 5\u00e8me 2024-2025<\/a>\n\t\t\t<\/li>\n\n\t\t\t\t\t\n\t\t\t\n\t\t\t<li id=\"su-post-9262\" class=\"su-post \">\n\t\t\t\t<a href=\"https:\/\/etab.ac-reunion.fr\/clg-tamarins\/liste-des-effets-scolaires-4eme-2024-2025\/\">Liste des effets scolaires 4\u00e8me 2024-2025<\/a>\n\t\t\t<\/li>\n\n\t\t\t\t\t\n\t\t\t\n\t\t\t<li id=\"su-post-9258\" class=\"su-post \">\n\t\t\t\t<a href=\"https:\/\/etab.ac-reunion.fr\/clg-tamarins\/liste-des-effets-scolaires-3eme-2024-2025\/\">Liste des effets scolaires 3\u00e8me 2024-2025<\/a>\n\t\t\t<\/li>\n\n\t\t\t\t\t\n\t\t\t\n\t\t\t<li id=\"su-post-9256\" class=\"su-post \">\n\t\t\t\t<a href=\"https:\/\/etab.ac-reunion.fr\/clg-tamarins\/liste-des-effets-scolaires-3eme-prepa-metiers-2024-2025\/\">Liste des effets scolaires 3\u00e8me Pr\u00e9pa M\u00e9tiers 2024-2025<\/a>\n\t\t\t<\/li>\n\n\t\t\t\t\t\n\t\t\t\n\t\t\t<li id=\"su-post-9243\" class=\"su-post \">\n\t\t\t\t<a href=\"https:\/\/etab.ac-reunion.fr\/clg-tamarins\/retrospective-ses-judo-les-tamarins-2023-2024\/\">R\u00e9trospective SES Judo Les Tamarins 2023 2024<\/a>\n\t\t\t<\/li>\n\n\t\t\t\t\t\n\t\t\t\n\t\t\t<li id=\"su-post-9186\" class=\"su-post \">\n\t\t\t\t<a href=\"https:\/\/etab.ac-reunion.fr\/clg-tamarins\/visite-du-lycee-hotelier\/\">Visite du lyc\u00e9e h\u00f4telier<\/a>\n\t\t\t<\/li>\n\n\t\t\t\t\t\n\t\t\t\n\t\t\t<li id=\"su-post-9184\" class=\"su-post \">\n\t\t\t\t<a href=\"https:\/\/etab.ac-reunion.fr\/clg-tamarins\/journee-portes-ouvertes-urma-de-saint-pierre\/\">Journ\u00e9e portes ouvertes: URMA de Saint-Pierre<\/a>\n\t\t\t<\/li>\n\n\t\t\t\t\t\n\t\t\t\n\t\t\t<li id=\"su-post-9162\" class=\"su-post \">\n\t\t\t\t<a href=\"https:\/\/etab.ac-reunion.fr\/clg-tamarins\/concours-academique-de-technologie-2024\/\">Concours Acad\u00e9mique de Technologie 2024<\/a>\n\t\t\t<\/li>\n\n\t\t\t\t\t\n\t\t\t\n\t\t\t<li id=\"su-post-9215\" class=\"su-post \">\n\t\t\t\t<a href=\"https:\/\/etab.ac-reunion.fr\/clg-tamarins\/concert-au-kerveguen\/\">CONCERT AU KERVEGUEN<\/a>\n\t\t\t<\/li>\n\n\t\t\t\t\t\n\t\t\t\n\t\t\t<li id=\"su-post-9208\" class=\"su-post \">\n\t\t\t\t<a href=\"https:\/\/etab.ac-reunion.fr\/clg-tamarins\/__trashed-3\/\">Championnat de France  UNSS de Judo 2024 &#8211; Coll\u00e8ge Les Tamarins<\/a>\n\t\t\t<\/li>\n\n\t\t\t\t\t\n\t\t\t\n\t\t\t<li id=\"su-post-9138\" class=\"su-post \">\n\t\t\t\t<a href=\"https:\/\/etab.ac-reunion.fr\/clg-tamarins\/le-parcours-de-la-flamme-olympique-a-saint-pierre-a-la-reunion-paris2024-college-les-tamarins\/\">Le parcours de la flamme olympique \u00e0 Saint-Pierre \u00e0 la R\u00e9union #Paris2024 &#8211; Coll\u00e8ge Les Tamarins<\/a>\n\t\t\t<\/li>\n\n\t\t\t\t\t\n\t\t\t\n\t\t\t<li id=\"su-post-9134\" class=\"su-post \">\n\t\t\t\t<a href=\"https:\/\/etab.ac-reunion.fr\/clg-tamarins\/nouveau-consentir-a-letude-automatique-de-son-droit-a-bourse\/\">[Nouveau]\u00a0Consentir \u00e0 l\u2019\u00e9tude automatique de son droit \u00e0 bourse<\/a>\n\t\t\t<\/li>\n\n\t\t\t\t\t\n\t\t\t\n\t\t\t<li id=\"su-post-9128\" class=\"su-post \">\n\t\t\t\t<a href=\"https:\/\/etab.ac-reunion.fr\/clg-tamarins\/les-options-et-projets-educatifs-du-college-les-tamarins-proposes-en-6eme-a-la-rentree-2024\/\">Les options et projets \u00e9ducatifs du coll\u00e8ge Les Tamarins propos\u00e9s en 6\u00e8me \u00e0 la rentr\u00e9e 2024<\/a>\n\t\t\t<\/li>\n\n\t\t\t\t\t\n\t\t\t\n\t\t\t<li id=\"su-post-9100\" class=\"su-post \">\n\t\t\t\t<a href=\"https:\/\/etab.ac-reunion.fr\/clg-tamarins\/presentation-de-lepi-theatre-college-les-tamarins\/\">Pr\u00e9sentation de l&rsquo;EPI Th\u00e9\u00e2tre &#8211; Coll\u00e8ge Les Tamarins<\/a>\n\t\t\t<\/li>\n\n\t\t\t\t\t\n\t\t\t\n\t\t\t<li id=\"su-post-9046\" class=\"su-post \">\n\t\t\t\t<a href=\"https:\/\/etab.ac-reunion.fr\/clg-tamarins\/journee-du-sport\/\">Journ\u00e9e du sport<\/a>\n\t\t\t<\/li>\n\n\t\t\t\t\t\n\t\t\t\n\t\t\t<li id=\"su-post-8985\" class=\"su-post \">\n\t\t\t\t<a href=\"https:\/\/etab.ac-reunion.fr\/clg-tamarins\/sensibilisation-a-un-environnement-sensible-naturel-ens-le-lagon\/\">Sensibilisation \u00e0 un Environnement Sensible Naturel (ENS)\u00a0: le lagon<\/a>\n\t\t\t<\/li>\n\n\t\t\t\t\t\n\t\t\t\n\t\t\t<li id=\"su-post-8998\" class=\"su-post \">\n\t\t\t\t<a href=\"https:\/\/etab.ac-reunion.fr\/clg-tamarins\/comite-edd-et-inauguration-de-larboretum-du-college-les-tamarins\/\">Comit\u00e9 EDD et inauguration de l&rsquo;arboretum du coll\u00e8ge Les Tamarins<\/a>\n\t\t\t<\/li>\n\n\t\t\t\t\t\n\t\t\t\n\t\t\t<li id=\"su-post-9068\" class=\"su-post \">\n\t\t\t\t<a href=\"https:\/\/etab.ac-reunion.fr\/clg-tamarins\/presentation-de-loption-theatre-college-les-tamarins\/\">Pr\u00e9sentation de l&rsquo;Option Th\u00e9\u00e2tre &#8211; Coll\u00e8ge Les Tamarins<\/a>\n\t\t\t<\/li>\n\n\t\t\t\t\t\n\t\t\t\n\t\t\t<li id=\"su-post-8964\" class=\"su-post \">\n\t\t\t\t<a href=\"https:\/\/etab.ac-reunion.fr\/clg-tamarins\/decouverte-dun-environnement-sensible-naturel-ens-le-domaine-archambaud\/\">D\u00e9couverte d&rsquo;un Environnement Sensible Naturel (ENS)\u00a0: le domaine Archambaud<\/a>\n\t\t\t<\/li>\n\n\t\t\t\t\t\n\t\t\t\n\t\t\t<li id=\"su-post-9034\" class=\"su-post \">\n\t\t\t\t<a href=\"https:\/\/etab.ac-reunion.fr\/clg-tamarins\/la-commemoration-de-la-fin-de-la-guerre-dalgerie\/\">La comm\u00e9moration de la fin de la guerre d\u2019Alg\u00e9rie<\/a>\n\t\t\t<\/li>\n\n\t\t\t\t\t\n\t\t\t\n\t\t\t<li id=\"su-post-8978\" class=\"su-post \">\n\t\t\t\t<a href=\"https:\/\/etab.ac-reunion.fr\/clg-tamarins\/webinaire-des-ecodelegues\/\">Webinaire des \u00e9cod\u00e9l\u00e9gu\u00e9s<\/a>\n\t\t\t<\/li>\n\n\t\t\t\t\t\n\t\t\t\n\t\t\t<li id=\"su-post-8951\" class=\"su-post \">\n\t\t\t\t<a href=\"https:\/\/etab.ac-reunion.fr\/clg-tamarins\/tests-de-la-section-sportive-scolaire-judo\/\">Tests de la Section Sportive Scolaire Judo<\/a>\n\t\t\t<\/li>\n\n\t\t\t\t\t\n\t\t\t\n\t\t\t<li id=\"su-post-8849\" class=\"su-post \">\n\t\t\t\t<a href=\"https:\/\/etab.ac-reunion.fr\/clg-tamarins\/presentation-arboretum-college-les-tamarins\/\">Pr\u00e9sentation Arboretum &#8211; Coll\u00e8ge Les Tamarins<\/a>\n\t\t\t<\/li>\n\n\t\t\t\t\t\n\t\t\t\n\t\t\t<li id=\"su-post-8896\" class=\"su-post \">\n\t\t\t\t<a href=\"https:\/\/etab.ac-reunion.fr\/clg-tamarins\/conference-sur-la-guerre-dalgerie-destine-a-la-classe-de-defense\/\">Conf\u00e9rence sur la guerre d&rsquo;Alg\u00e9rie destin\u00e9 \u00e0 la classe de D\u00e9fense<\/a>\n\t\t\t<\/li>\n\n\t\t\t\t\t\n\t\t\t\n\t\t\t<li id=\"su-post-8893\" class=\"su-post \">\n\t\t\t\t<a href=\"https:\/\/etab.ac-reunion.fr\/clg-tamarins\/semaine-des-langues-2024-college-les-tamarins\/\">Semaine des langues 2024 &#8211; Coll\u00e8ge Les Tamarins<\/a>\n\t\t\t<\/li>\n\n\t\t\t\t\t\n\t\t\t\n\t\t\t<li id=\"su-post-8826\" class=\"su-post \">\n\t\t\t\t<a href=\"https:\/\/etab.ac-reunion.fr\/clg-tamarins\/2024-sous-le-signe-du-dragon-college-les-tamarins\/\">2024 sous le signe du Dragon<\/a>\n\t\t\t<\/li>\n\n\t\t\t\t\t\n\t\t\t\n\t\t\t<li id=\"su-post-8807\" class=\"su-post \">\n\t\t\t\t<a href=\"https:\/\/etab.ac-reunion.fr\/clg-tamarins\/commemoration-du-105e-anniversaire-de-larmistice-de-la-premiere-guerre-mondiale-et-les-100-ans-de-la-flamme-classe-defense\/\">Comm\u00e9moration du 105e anniversaire de l&rsquo;armistice de la Premi\u00e8re Guerre mondiale et les 100 ans de la Flamme &#8211; Classe D\u00e9fense<\/a>\n\t\t\t<\/li>\n\n\t\t\t\t\t\n\t\t\t\n\t\t\t<li id=\"su-post-8803\" class=\"su-post \">\n\t\t\t\t<a href=\"https:\/\/etab.ac-reunion.fr\/clg-tamarins\/intervention-du-2eme-rpima-classe-defense\/\">Intervention du 2\u00e8me RPIMa &#8211; Classe D\u00e9fense<\/a>\n\t\t\t<\/li>\n\n\t\t\t\t\t\n\t\t\t\n\t\t\t<li id=\"su-post-8799\" class=\"su-post \">\n\t\t\t\t<a href=\"https:\/\/etab.ac-reunion.fr\/clg-tamarins\/mobilite-erasmus-stage-de-formation-en-grece-consortium-academique\/\">Mobilit\u00e9 Erasmus + : Stage de formation en Gr\u00e8ce (Consortium acad\u00e9mique)<\/a>\n\t\t\t<\/li>\n\n\t\t\t\t\t\n\t\t\t\n\t\t\t<li id=\"su-post-8760\" class=\"su-post \">\n\t\t\t\t<a href=\"https:\/\/etab.ac-reunion.fr\/clg-tamarins\/intervention-du-csnj-au-college-les-tamarins\/\">Intervention du CSNJ au coll\u00e8ge Les Tamarins<\/a>\n\t\t\t<\/li>\n\n\t\t\t\t\t\n\t\t\t\n\t\t\t<li id=\"su-post-8771\" class=\"su-post \">\n\t\t\t\t<a href=\"https:\/\/etab.ac-reunion.fr\/clg-tamarins\/sortie-au-sentier-botanique-de-notre-dame-de-la-paix-classe-de-defense\/\">Sortie au sentier botanique de Notre Dame de la Paix &#8211; Classe de D\u00e9fense<\/a>\n\t\t\t<\/li>\n\n\t\t\t\t\t\n\t\t\t\n\t\t\t<li id=\"su-post-8763\" class=\"su-post \">\n\t\t\t\t<a href=\"https:\/\/etab.ac-reunion.fr\/clg-tamarins\/premiere-sortie-de-la-classe-de-defense-promotion-2023-2024\/\">Premi\u00e8re sortie de la Classe de D\u00e9fense, promotion 2023-2024<\/a>\n\t\t\t<\/li>\n\n\t\t\t\t\t\n\t\t\t\n\t\t\t<li id=\"su-post-8789\" class=\"su-post \">\n\t\t\t\t<a href=\"https:\/\/etab.ac-reunion.fr\/clg-tamarins\/resultats-concours-departement-jop-2024\/\">R\u00e9sultats concours d\u00e9partement JOP 2024<\/a>\n\t\t\t<\/li>\n\n\t\t\t\t\t\n\t\t\t\n\t\t\t<li id=\"su-post-8750\" class=\"su-post \">\n\t\t\t\t<a href=\"https:\/\/etab.ac-reunion.fr\/clg-tamarins\/realisation-dune-peinture-murale-pour-le-projet-mindset-go-2-0\/\">R\u00e9alisation d&rsquo;une peinture murale pour le projet MINDSET GO! 2.0<\/a>\n\t\t\t<\/li>\n\n\t\t\t\t\t\n\t\t\t\n\t\t\t<li id=\"su-post-8739\" class=\"su-post \">\n\t\t\t\t<a href=\"https:\/\/etab.ac-reunion.fr\/clg-tamarins\/les-cordees-de-la-reussite-ansamb\/\">Les Cord\u00e9es de la R\u00e9ussite : ANSAMB<\/a>\n\t\t\t<\/li>\n\n\t\t\t\t\t\n\t\t\t\n\t\t\t<li id=\"su-post-8727\" class=\"su-post \">\n\t\t\t\t<a href=\"https:\/\/etab.ac-reunion.fr\/clg-tamarins\/demande-de-bourse-pour-lannee-2023-2024\/\">Demande de bourse pour l&rsquo;ann\u00e9e 2023-2024<\/a>\n\t\t\t<\/li>\n\n\t\t\t\t\t\n\t\t\t\n\t\t\t<li id=\"su-post-8717\" class=\"su-post \">\n\t\t\t\t<a href=\"https:\/\/etab.ac-reunion.fr\/clg-tamarins\/liste-des-effets-scolaires-3eme-prepa-metiers-2023-2024\/\">Liste des effets scolaires 3\u00e8me Pr\u00e9pa M\u00e9tiers 2023-2024<\/a>\n\t\t\t<\/li>\n\n\t\t\t\t\t\n\t\t\t\n\t\t\t<li id=\"su-post-8713\" class=\"su-post \">\n\t\t\t\t<a href=\"https:\/\/etab.ac-reunion.fr\/clg-tamarins\/liste-des-effets-scolaires-3eme-2023-2024\/\">Liste des effets scolaires 3\u00e8me 2023-2024<\/a>\n\t\t\t<\/li>\n\n\t\t\t\t\t\n\t\t\t\n\t\t\t<li id=\"su-post-8709\" class=\"su-post \">\n\t\t\t\t<a href=\"https:\/\/etab.ac-reunion.fr\/clg-tamarins\/liste-des-effets-scolaires-4eme-2023-2024\/\">Liste des effets scolaires 4\u00e8me 2023-2024<\/a>\n\t\t\t<\/li>\n\n\t\t\t\t\t\n\t\t\t\n\t\t\t<li id=\"su-post-8705\" class=\"su-post \">\n\t\t\t\t<a href=\"https:\/\/etab.ac-reunion.fr\/clg-tamarins\/liste-des-effets-scolaires-5eme-2023-2024\/\">Liste des effets scolaires 5\u00e8me 2023-2024<\/a>\n\t\t\t<\/li>\n\n\t\t\t\t\t\n\t\t\t\n\t\t\t<li id=\"su-post-8721\" class=\"su-post \">\n\t\t\t\t<a href=\"https:\/\/etab.ac-reunion.fr\/clg-tamarins\/rentree-2023-2024\/\">RENTREE 2023-2024<\/a>\n\t\t\t<\/li>\n\n\t\t\t\t\t\n\t\t\t\n\t\t\t<li id=\"su-post-8699\" class=\"su-post \">\n\t\t\t\t<a href=\"https:\/\/etab.ac-reunion.fr\/clg-tamarins\/liste-des-effets-scolaires-6eme-2023-2024\/\">Liste des effets scolaires 6\u00e8me 2023-2024<\/a>\n\t\t\t<\/li>\n\n\t\t\t\t\t\n\t\t\t\n\t\t\t<li id=\"su-post-8667\" class=\"su-post \">\n\t\t\t\t<a href=\"https:\/\/etab.ac-reunion.fr\/clg-tamarins\/option-theatre-6eme-rocknbaby\/\">OPTION th\u00e9\u00e2tre 6\u00e8me &#8211; \u00ab ROCK\u2019N\u2019BABY \u00bb<\/a>\n\t\t\t<\/li>\n\n\t\t\t\t\t\n\t\t\t\n\t\t\t<li id=\"su-post-8682\" class=\"su-post \">\n\t\t\t\t<a href=\"https:\/\/etab.ac-reunion.fr\/clg-tamarins\/option-theatre-5eme-la-couleur-du-ble\/\">OPTION th\u00e9\u00e2tre 5\u00e8me &#8211; \u00ab LA COULEUR DU BL\u00c9 \u00bb<\/a>\n\t\t\t<\/li>\n\n\t\t\t\t\t\n\t\t\t\n\t\t\t<li id=\"su-post-8658\" class=\"su-post \">\n\t\t\t\t<a href=\"https:\/\/etab.ac-reunion.fr\/clg-tamarins\/mindset-go-2-0\/\">MindSet Go! 2.0<\/a>\n\t\t\t<\/li>\n\n\t\t\t\t\t\n\t\t\t\n\t\t\t<li id=\"su-post-8630\" class=\"su-post \">\n\t\t\t\t<a href=\"https:\/\/etab.ac-reunion.fr\/clg-tamarins\/las-danse-du-du-college\/\">L&rsquo;AS Danse du du coll\u00e8ge<\/a>\n\t\t\t<\/li>\n\n\t\t\t\t\t\n\t\t\t\n\t\t\t<li id=\"su-post-8621\" class=\"su-post \">\n\t\t\t\t<a href=\"https:\/\/etab.ac-reunion.fr\/clg-tamarins\/demande-de-bourse-de-lycee-rentree-2023-en-ligne-pour-les-eleves-de-3eme\/\">Demande de Bourse de lyc\u00e9e rentr\u00e9e 2023 en ligne  pour les \u00e9l\u00e8ves de 3\u00e8me<\/a>\n\t\t\t<\/li>\n\n\t\t\t\t\t\n\t\t\t\n\t\t\t<li id=\"su-post-8611\" class=\"su-post \">\n\t\t\t\t<a href=\"https:\/\/etab.ac-reunion.fr\/clg-tamarins\/bilan-du-championnat-de-france-unss-de-judo-2023\/\">Bilan du Championnat de France UNSS de Judo 2023<\/a>\n\t\t\t<\/li>\n\n\t\t\t\t\t\n\t\t\t\n\t\t\t<li id=\"su-post-8587\" class=\"su-post \">\n\t\t\t\t<a href=\"https:\/\/etab.ac-reunion.fr\/clg-tamarins\/sejour-en-metropole\/\">S\u00e9jour en M\u00e9tropole<\/a>\n\t\t\t<\/li>\n\n\t\t\t\t\t\n\t\t\t\n\t\t\t<li id=\"su-post-8512\" class=\"su-post \">\n\t\t\t\t<a href=\"https:\/\/etab.ac-reunion.fr\/clg-tamarins\/world-clean-up-day-2022\/\">World Clean Up Day 2022<\/a>\n\t\t\t<\/li>\n\n\t\t\t\t\t\n\t\t\t\n\t\t\t<li id=\"su-post-8521\" class=\"su-post \">\n\t\t\t\t<a href=\"https:\/\/etab.ac-reunion.fr\/clg-tamarins\/une-sortie-pedagogique-en-foret\/\">Une sortie p\u00e9dagogique en for\u00eat<\/a>\n\t\t\t<\/li>\n\n\t\t\t\t\t\n\t\t\t\n\t\t\t<li id=\"su-post-8551\" class=\"su-post \">\n\t\t\t\t<a href=\"https:\/\/etab.ac-reunion.fr\/clg-tamarins\/les-activites-de-la-classe-defense\/\">Les activit\u00e9s de la classe D\u00e9fense<\/a>\n\t\t\t<\/li>\n\n\t\t\t\t\t\n\t\t\t\n\t\t\t<li id=\"su-post-8565\" class=\"su-post \">\n\t\t\t\t<a href=\"https:\/\/etab.ac-reunion.fr\/clg-tamarins\/evaluation-de-letablissement\/\">\u00c9valuation de l\u2019\u00c9tablissement<\/a>\n\t\t\t<\/li>\n\n\t\t\t\t\t\n\t\t\t\n\t\t\t<li id=\"su-post-8473\" class=\"su-post \">\n\t\t\t\t<a href=\"https:\/\/etab.ac-reunion.fr\/clg-tamarins\/itineraire-des-champions-section-sportive-du-college-les-tamarins\/\">Itin\u00e9raire des champions &#8211; Section Sportive du coll\u00e8ge Les Tamarins<\/a>\n\t\t\t<\/li>\n\n\t\t\t\t\t\n\t\t\t\n\t\t\t<li id=\"su-post-8452\" class=\"su-post \">\n\t\t\t\t<a href=\"https:\/\/etab.ac-reunion.fr\/clg-tamarins\/rentree-2022-2023\/\">RENTR\u00c9E 2022-2023<\/a>\n\t\t\t<\/li>\n\n\t\t\t\t\t\n\t\t\t\n\t\t\t<li id=\"su-post-8442\" class=\"su-post \">\n\t\t\t\t<a href=\"https:\/\/etab.ac-reunion.fr\/clg-tamarins\/liste-des-effets-scolaires-4eme-2022-2023\/\">Liste des effets scolaires 4\u00e8me 2022-2023<\/a>\n\t\t\t<\/li>\n\n\t\t\t\t\t\n\t\t\t\n\t\t\t<li id=\"su-post-8444\" class=\"su-post \">\n\t\t\t\t<a href=\"https:\/\/etab.ac-reunion.fr\/clg-tamarins\/liste-des-effets-scolaires-5eme-2022-2023\/\">Liste des effets scolaires 5\u00e8me 2022-2023<\/a>\n\t\t\t<\/li>\n\n\t\t\t\t\t\n\t\t\t\n\t\t\t<li id=\"su-post-8445\" class=\"su-post \">\n\t\t\t\t<a href=\"https:\/\/etab.ac-reunion.fr\/clg-tamarins\/liste-des-effets-scolaires-6eme-2022-2023\/\">Liste des effets scolaires 6\u00e8me 2022-2023<\/a>\n\t\t\t<\/li>\n\n\t\t\t\t\t\n\t\t\t\n\t\t\t<li id=\"su-post-8429\" class=\"su-post \">\n\t\t\t\t<a href=\"https:\/\/etab.ac-reunion.fr\/clg-tamarins\/liste-des-effets-scolaires-3eme-2022-2023\/\">Liste des effets scolaires 3\u00e8me 2022-2023<\/a>\n\t\t\t<\/li>\n\n\t\t\t\t\t\n\t\t\t\n\t\t\t<li id=\"su-post-8324\" class=\"su-post \">\n\t\t\t\t<a href=\"https:\/\/etab.ac-reunion.fr\/clg-tamarins\/representation-fete-de-la-musique-lorkes-tamarins\/\">Repr\u00e9sentation F\u00eate de la musique: LORKES TAMARINS<\/a>\n\t\t\t<\/li>\n\n\t\t\t\t\t\n\t\t\t\n\t\t\t<li id=\"su-post-8312\" class=\"su-post \">\n\t\t\t\t<a href=\"https:\/\/etab.ac-reunion.fr\/clg-tamarins\/resultats-competition-unss-benjamin-15-juin-2022\/\">R\u00e9sultats Comp\u00e9tition UNSS Benjamin 15 Juin 2022<\/a>\n\t\t\t<\/li>\n\n\t\t\t\t\t\n\t\t\t\n\t\t\t<li id=\"su-post-8079\" class=\"su-post \">\n\t\t\t\t<a href=\"https:\/\/etab.ac-reunion.fr\/clg-tamarins\/sortie-5eme-pitaya\/\">Sortie 5\u00e8me Pitaya<\/a>\n\t\t\t<\/li>\n\n\t\t\t\t\t\n\t\t\t\n\t\t\t<li id=\"su-post-8294\" class=\"su-post \">\n\t\t\t\t<a href=\"https:\/\/etab.ac-reunion.fr\/clg-tamarins\/ramasser-des-dechets-un-acte-citoyen\/\">Ramasser des d\u00e9chets, un acte citoyen !<\/a>\n\t\t\t<\/li>\n\n\t\t\t\t\t\n\t\t\t\n\t\t\t<li id=\"su-post-8276\" class=\"su-post \">\n\t\t\t\t<a href=\"https:\/\/etab.ac-reunion.fr\/clg-tamarins\/a-la-decouverte-dun-environnement-naturel-sensible-ens-le-lagon-de-lermitage\/\">A la d\u00e9couverte d\u2019un Environnement Naturel Sensible (ENS) : le lagon de l\u2019Ermitage.<\/a>\n\t\t\t<\/li>\n\n\t\t\t\t\t\n\t\t\t\n\t\t\t<li id=\"su-post-8264\" class=\"su-post \">\n\t\t\t\t<a href=\"https:\/\/etab.ac-reunion.fr\/clg-tamarins\/journee-academique-de-ledd\/\">Journ\u00e9e acad\u00e9mique de l&rsquo;EDD.<\/a>\n\t\t\t<\/li>\n\n\t\t\t\t\t\n\t\t\t\n\t\t\t<li id=\"su-post-8250\" class=\"su-post \">\n\t\t\t\t<a href=\"https:\/\/etab.ac-reunion.fr\/clg-tamarins\/le-traitement-de-nos-dechets\/\">Le traitement de nos d\u00e9chets !<\/a>\n\t\t\t<\/li>\n\n\t\t\t\t\t\n\t\t\t\n\t\t\t<li id=\"su-post-8234\" class=\"su-post \">\n\t\t\t\t<a href=\"https:\/\/etab.ac-reunion.fr\/clg-tamarins\/nouvelle-plantation-dans-larboretum-du-college-les-tamarins\/\">Nouvelle plantation dans l\u2019arboretum du Coll\u00e8ge Les Tamarins.<\/a>\n\t\t\t<\/li>\n\n\t\t\t\t\t\n\t\t\t\n\t\t\t<li id=\"su-post-8201\" class=\"su-post \">\n\t\t\t\t<a href=\"https:\/\/etab.ac-reunion.fr\/clg-tamarins\/projet-arts-du-spectacle-concert-de-la-4eme-vanille\/\">Projet arts du spectacle, concert de la 4\u00e8me Vanille !<\/a>\n\t\t\t<\/li>\n\n\t\t\t\t\t\n\t\t\t\n\t\t\t<li id=\"su-post-8344\" class=\"su-post \">\n\t\t\t\t<a href=\"https:\/\/etab.ac-reunion.fr\/clg-tamarins\/sortie-sur-une-exploitation-agricole-de-letang-sale-avec-les-6emes-safran\/\">Sortie sur une exploitation agricole de l\u2019Etang-Sale avec les 6\u00e8mes SAFRAN<\/a>\n\t\t\t<\/li>\n\n\t\t\t\t\t\n\t\t\t\n\t\t\t<li id=\"su-post-8157\" class=\"su-post \">\n\t\t\t\t<a href=\"https:\/\/etab.ac-reunion.fr\/clg-tamarins\/projet-plouha\/\">Projet Plouha<\/a>\n\t\t\t<\/li>\n\n\t\t\t\t\t\n\t\t\t\n\t\t\t<li id=\"su-post-8170\" class=\"su-post \">\n\t\t\t\t<a href=\"https:\/\/etab.ac-reunion.fr\/clg-tamarins\/le-groupe-plouha-et-les-cerfs-volants\/\">Le groupe PLOUHA et les cerfs volants<\/a>\n\t\t\t<\/li>\n\n\t\t\t\t\t\n\t\t\t\n\t\t\t<li id=\"su-post-8179\" class=\"su-post \">\n\t\t\t\t<a href=\"https:\/\/etab.ac-reunion.fr\/clg-tamarins\/info-parents-telepaiement-sur-le-site-du-college\/\">Info parents t\u00e9l\u00e9paiement sur le site du coll\u00e8ge<\/a>\n\t\t\t<\/li>\n\n\t\t\t\t\t\n\t\t\t\n\t\t\t<li id=\"su-post-8129\" class=\"su-post \">\n\t\t\t\t<a href=\"https:\/\/etab.ac-reunion.fr\/clg-tamarins\/allon-bat-care-a-la-decouverte-de-lile-mafate\/\">Allon bat&rsquo; car\u00e9, \u00e0 la d\u00e9couverte de l&rsquo;\u00cele : Mafate<\/a>\n\t\t\t<\/li>\n\n\t\t\t\t\t\n\t\t\t\n\t\t\t<li id=\"su-post-8030\" class=\"su-post \">\n\t\t\t\t<a href=\"https:\/\/etab.ac-reunion.fr\/clg-tamarins\/projet-bann-fruit-ek-legim-pei-anler-dan-nout-kolez-2\/\">\u00a0Projet\u00a0: Bann fruit \u00e8k l\u00e9gim p\u00e9i anl\u00e8r dan nout kol\u00e8z\u00a0<\/a>\n\t\t\t<\/li>\n\n\t\t\t\t\t\n\t\t\t\n\t\t\t<li id=\"su-post-7957\" class=\"su-post \">\n\t\t\t\t<a href=\"https:\/\/etab.ac-reunion.fr\/clg-tamarins\/une-visite-memorable-musee-de-villele\/\">Une visite m\u00e9morable &#8211; mus\u00e9e de Vill\u00e8le<\/a>\n\t\t\t<\/li>\n\n\t\t\t\t\t\n\t\t\t\n\t\t\t<li id=\"su-post-7949\" class=\"su-post \">\n\t\t\t\t<a href=\"https:\/\/etab.ac-reunion.fr\/clg-tamarins\/forum-des-metiers-2021\/\">Forum des m\u00e9tiers 2021<\/a>\n\t\t\t<\/li>\n\n\t\t\t\t\t\n\t\t\t\n\t\t\t<li id=\"su-post-7968\" class=\"su-post \">\n\t\t\t\t<a href=\"https:\/\/etab.ac-reunion.fr\/clg-tamarins\/visite-des-hemicycles-a-saint-denis\/\">VISITE DES HEMICYCLES A SAINT DENIS<\/a>\n\t\t\t<\/li>\n\n\t\t\t\t\t\n\t\t\t\n\t\t\t<li id=\"su-post-7925\" class=\"su-post \">\n\t\t\t\t<a href=\"https:\/\/etab.ac-reunion.fr\/clg-tamarins\/projet-bann-fruit-ek-legim-pei-anler-dan-nout-kolez\/\">Projet : Bann fruit \u00e8k l\u00e9gim p\u00e9i anl\u00e8r dan nout kol\u00e8z<\/a>\n\t\t\t<\/li>\n\n\t\t\t\t\t\n\t\t\t\n\t\t\t<li id=\"su-post-7878\" class=\"su-post \">\n\t\t\t\t<a href=\"https:\/\/etab.ac-reunion.fr\/clg-tamarins\/arboretum-des-tamarins\/\">Arboretum des Tamarins<\/a>\n\t\t\t<\/li>\n\n\t\t\t\t\t\n\t\t\t\n\t\t\t<li id=\"su-post-7852\" class=\"su-post \">\n\t\t\t\t<a href=\"https:\/\/etab.ac-reunion.fr\/clg-tamarins\/bilan-des-actions-liees-aux-edd-du-college-les-tamarins-annee-scolaire-2020-2021\/\">Bilan des actions li\u00e9es aux EDD du coll\u00e8ge les Tamarins (ann\u00e9e scolaire 2020-2021)<\/a>\n\t\t\t<\/li>\n\n\t\t\t\t\t\n\t\t\t\n\t\t\t<li id=\"su-post-7815\" class=\"su-post \">\n\t\t\t\t<a href=\"https:\/\/etab.ac-reunion.fr\/clg-tamarins\/se-connecter-a-educonnect\/\">Se connecter \u00e0 Educonnect (Parents)<\/a>\n\t\t\t<\/li>\n\n\t\t\t\t\t\n\t\t\t\n\t\t\t<li id=\"su-post-7755\" class=\"su-post \">\n\t\t\t\t<a href=\"https:\/\/etab.ac-reunion.fr\/clg-tamarins\/calligraphie-latine-chinoise\/\">CALLIGRAPHIE Latine \/ Chinoise<\/a>\n\t\t\t<\/li>\n\n\t\t\t\t\t\n\t\t\t\n\t\t\t<li id=\"su-post-7745\" class=\"su-post \">\n\t\t\t\t<a href=\"https:\/\/etab.ac-reunion.fr\/clg-tamarins\/note-a-lattention-des-responsables-des-eleves\/\">Note \u00e0 l&rsquo;attention des responsables des \u00e9l\u00e8ves<\/a>\n\t\t\t<\/li>\n\n\t\t\t\t\t\n\t\t\t\n\t\t\t<li id=\"su-post-7729\" class=\"su-post \">\n\t\t\t\t<a href=\"https:\/\/etab.ac-reunion.fr\/clg-tamarins\/concours-la-flamme-de-legalite\/\">Concours, La Flamme de l&rsquo;\u00e9galit\u00e9<\/a>\n\t\t\t<\/li>\n\n\t\t\t\t\t\n\t\t\t\n\t\t\t<li id=\"su-post-7715\" class=\"su-post \">\n\t\t\t\t<a href=\"https:\/\/etab.ac-reunion.fr\/clg-tamarins\/continuite-pedagogique\/\">Continuit\u00e9 p\u00e9dagogique<\/a>\n\t\t\t<\/li>\n\n\t\t\t\t\t\n\t\t\t\n\t\t\t<li id=\"su-post-7580\" class=\"su-post \">\n\t\t\t\t<a href=\"https:\/\/etab.ac-reunion.fr\/clg-tamarins\/resultats-defi-dcol\/\">R\u00e9sultats d\u00e9fi D&rsquo;COL<\/a>\n\t\t\t<\/li>\n\n\t\t\t\t\t\n\t\t\t\n\t\t\t<li id=\"su-post-7555\" class=\"su-post \">\n\t\t\t\t<a href=\"https:\/\/etab.ac-reunion.fr\/clg-tamarins\/sortie-au-2eme-rpima\/\">Sortie au 2\u00e8me RPIMa<\/a>\n\t\t\t<\/li>\n\n\t\t\t\t\t\n\t\t\t\n\t\t\t<li id=\"su-post-7551\" class=\"su-post \">\n\t\t\t\t<a href=\"https:\/\/etab.ac-reunion.fr\/clg-tamarins\/intervention-de-la-classe-defense\/\">Intervention de la classe D\u00e9fense<\/a>\n\t\t\t<\/li>\n\n\t\t\t\t\t\n\t\t\t\n\t\t\t<li id=\"su-post-7544\" class=\"su-post \">\n\t\t\t\t<a href=\"https:\/\/etab.ac-reunion.fr\/clg-tamarins\/commemoration-de-larmistice-du-11-novembre-2019\/\">Comm\u00e9moration de l\u2019Armistice du 11 novembre 2019<\/a>\n\t\t\t<\/li>\n\n\t\t\t\t\t\n\t\t\t\n\t\t\t<li id=\"su-post-7534\" class=\"su-post \">\n\t\t\t\t<a href=\"https:\/\/etab.ac-reunion.fr\/clg-tamarins\/nos-jeunes-de-la-section-a-lhonneur\/\">Nos jeunes de la section \u00e0 l\u2019honneur<\/a>\n\t\t\t<\/li>\n\n\t\t\t\t\t\n\t\t\t\n\t\t\t<li id=\"su-post-7524\" class=\"su-post \">\n\t\t\t\t<a href=\"https:\/\/etab.ac-reunion.fr\/clg-tamarins\/2-e-sortie-appn-les-3e-jacaranda-et-banian-se-jettent-a-leau\/\">2\u00e8me sortie appn, les 3\u00e8mes Jacaranda et Banian se jettent \u00e0 l\u2019eau !!!<\/a>\n\t\t\t<\/li>\n\n\t\t\t\t\t\n\t\t\t\n\t\t\t<li id=\"su-post-7521\" class=\"su-post \">\n\t\t\t\t<a href=\"https:\/\/etab.ac-reunion.fr\/clg-tamarins\/la-section-des-tamarins-aux-championnats-inter-district\/\">La section des tamarins aux championnats inter district.<\/a>\n\t\t\t<\/li>\n\n\t\t\t\t\t\n\t\t\t\n\t\t\t<li id=\"su-post-7512\" class=\"su-post \">\n\t\t\t\t<a href=\"https:\/\/etab.ac-reunion.fr\/clg-tamarins\/une-visite-memorielle-a-villele\/\">Une visite m\u00e9morielle \u00e0 Vill\u00e8le.<\/a>\n\t\t\t<\/li>\n\n\t\t\t\t\t\n\t\t\t\n\t\t\t<li id=\"su-post-7505\" class=\"su-post \">\n\t\t\t\t<a href=\"https:\/\/etab.ac-reunion.fr\/clg-tamarins\/sortie-volcan\/\">Sortie Volcan.<\/a>\n\t\t\t<\/li>\n\n\t\t\t\t\t\n\t\t\t\n\t\t\t<li id=\"su-post-7498\" class=\"su-post \">\n\t\t\t\t<a href=\"https:\/\/etab.ac-reunion.fr\/clg-tamarins\/sortie-salon-du-livre-athena-le-10-octobre-2019-jardins-de-la-plage\/\">SORTIE SALON DU LIVRE ATHENA : le 10 octobre 2019, Jardins de la plage<\/a>\n\t\t\t<\/li>\n\n\t\t\t\t\t\n\t\t\t\n\t\t\t<li id=\"su-post-7483\" class=\"su-post \">\n\t\t\t\t<a href=\"https:\/\/etab.ac-reunion.fr\/clg-tamarins\/sortie-a-la-riviere-dabord\/\">Sortie \u00e0 la Rivi\u00e8re d\u2019Abord.<\/a>\n\t\t\t<\/li>\n\n\t\t\t\t\t\n\t\t\t\n\t\t\t<li id=\"su-post-7462\" class=\"su-post \">\n\t\t\t\t<a href=\"https:\/\/etab.ac-reunion.fr\/clg-tamarins\/journee-au-campus-olympique-du-tampon\/\">Journ\u00e9e au campus olympique du Tampon<\/a>\n\t\t\t<\/li>\n\n\t\t\t\t\t\n\t\t\t\n\t\t\t<li id=\"su-post-7457\" class=\"su-post \">\n\t\t\t\t<a href=\"https:\/\/etab.ac-reunion.fr\/clg-tamarins\/connecte-toi-a-dcol\/\">Connecte toi \u00e0 D&rsquo;COL<\/a>\n\t\t\t<\/li>\n\n\t\t\t\t\t\n\t\t\t\n\t\t\t<li id=\"su-post-7451\" class=\"su-post \">\n\t\t\t\t<a href=\"https:\/\/etab.ac-reunion.fr\/clg-tamarins\/inter-district-minimes-au-port\/\">Inter-District minimes au Port.<\/a>\n\t\t\t<\/li>\n\n\t\t\t\t\t\n\t\t\t\n\t\t\t<li id=\"su-post-7439\" class=\"su-post \">\n\t\t\t\t<a href=\"https:\/\/etab.ac-reunion.fr\/clg-tamarins\/journee-nationale-du-sport-scolaire-au-college\/\">Journ\u00e9e nationale du Sport scolaire au coll\u00e8ge<\/a>\n\t\t\t<\/li>\n\n\t\t\t\t\t\n\t\t\t\n\t\t\t<li id=\"su-post-7429\" class=\"su-post \">\n\t\t\t\t<a href=\"https:\/\/etab.ac-reunion.fr\/clg-tamarins\/lunss-judo-au-dojo-de-casabona\/\">L&rsquo;UNSS JUDO au Dojo de Casabona !<\/a>\n\t\t\t<\/li>\n\n\t\t\t\t\t\n\t\t\t\n\t\t\t<li id=\"su-post-7325\" class=\"su-post \">\n\t\t\t\t<a href=\"https:\/\/etab.ac-reunion.fr\/clg-tamarins\/6eme-cannelle-sortie-sur-le-littoral-de-saint-pierre-pour-conclure-la-sequence-sur-les-espaces-littoraux\/\">\u00ab\u00a06\u00e8me Cannelle\u00a0\u00bb : Sortie sur le littoral de Saint-Pierre pour conclure la s\u00e9quence sur les espaces littoraux.<\/a>\n\t\t\t<\/li>\n\n\t\t\t\t\t\n\t\t\t\n\t\t\t<li id=\"su-post-7312\" class=\"su-post \">\n\t\t\t\t<a href=\"https:\/\/etab.ac-reunion.fr\/clg-tamarins\/championnat-open-des-college-unss-judo\/\">Championnat Open des Coll\u00e8ge Unss JUDO<\/a>\n\t\t\t<\/li>\n\n\t\t\t\t\t\n\t\t\t\n\t\t\t<li id=\"su-post-7292\" class=\"su-post \">\n\t\t\t\t<a href=\"https:\/\/etab.ac-reunion.fr\/clg-tamarins\/semaine-de-lolympisme-et-du-paralympisme-dans-le-cadre-de-la-promotion-de-paris-2024\/\">Semaine de l\u2019Olympisme et du Paralympisme dans le cadre de la promotion de Paris 2024.<\/a>\n\t\t\t<\/li>\n\n\t\t\t\t\t\n\t\t\t\n\t\t\t<li id=\"su-post-7275\" class=\"su-post \">\n\t\t\t\t<a href=\"https:\/\/etab.ac-reunion.fr\/clg-tamarins\/2eme-des-3-sorties-appn-a-letang-sale-avec-les-3emes-filaos-et-jacaranda\/\">2\u00e8me des 3 sorties APPN \u00e0 l\u2019\u00e9tang sale avec les 3\u00e8mes FILAOS et JACARANDA.<\/a>\n\t\t\t<\/li>\n\n\t\t\t\t\t\n\t\t\t\n\t\t\t<li id=\"su-post-7269\" class=\"su-post \">\n\t\t\t\t<a href=\"https:\/\/etab.ac-reunion.fr\/clg-tamarins\/1ere-des-3-sorties-appn-a-letang-sale-avec-les-3emes-filaos-et-jacaranda\/\">1\u00e8re des 3 sorties APPN \u00e0 l\u2019\u00e9tang sale avec les 3\u00e8mes FILAOS et JACARANDA.<\/a>\n\t\t\t<\/li>\n\n\t\t\t\t\t\n\t\t\t\n\t\t\t<li id=\"su-post-7257\" class=\"su-post \">\n\t\t\t\t<a href=\"https:\/\/etab.ac-reunion.fr\/clg-tamarins\/conseillere-departementale-des-jeunes-4eme-au-conseil-departementa\/\">Conseill\u00e8re d\u00e9partementale des jeunes 4\u00e8me au conseil d\u00e9partementale<\/a>\n\t\t\t<\/li>\n\n\t\t\t\t\t\n\t\t\t\n\t\t\t<li id=\"su-post-7207\" class=\"su-post \">\n\t\t\t\t<a href=\"https:\/\/etab.ac-reunion.fr\/clg-tamarins\/cloture-du-festival-la-grande-guerre-et-les-outre-mer-par-la-venue-du-sous-prefet-lucien-giudicelli\/\">Cl\u00f4ture du festival la Grande Guerre et les outre-mer par la venue du Sous-pr\u00e9fet Lucien Giudicelli.<\/a>\n\t\t\t<\/li>\n\n\t\t\t\t\t\n\t\t\t\n\t\t\t<li id=\"su-post-7117\" class=\"su-post \">\n\t\t\t\t<a href=\"https:\/\/etab.ac-reunion.fr\/clg-tamarins\/hibiscus-et-frangipane-en-terre-sud-africaines\/\">HIBISCUS ET FRANGIPANE EN TERRES SUD AFRICAINES<\/a>\n\t\t\t<\/li>\n\n\t\t\t\t\t\n\t\t\t\n\t\t\t<li id=\"su-post-7109\" class=\"su-post \">\n\t\t\t\t<a href=\"https:\/\/etab.ac-reunion.fr\/clg-tamarins\/information-parents-tenue-rentree-2018\/\">Informations parents- Tenue rentr\u00e9e 2018<\/a>\n\t\t\t<\/li>\n\n\t\t\t\t\t\n\t\t\t\n\t\t\t<li id=\"su-post-7101\" class=\"su-post \">\n\t\t\t\t<a href=\"https:\/\/etab.ac-reunion.fr\/clg-tamarins\/informations-aux-parents\/\">Informations aux parents &#8211; juin 2018<\/a>\n\t\t\t<\/li>\n\n\t\t\t\t\t\n\t\t\t\n\t\t\t<li id=\"su-post-7083\" class=\"su-post \">\n\t\t\t\t<a href=\"https:\/\/etab.ac-reunion.fr\/clg-tamarins\/sortie-front-de-mer-de-saint-pierre\/\">Sortie Front de mer de Saint-Pierre.<\/a>\n\t\t\t<\/li>\n\n\t\t\t\t\t\n\t\t\t\n\t\t\t<li id=\"su-post-7075\" class=\"su-post \">\n\t\t\t\t<a href=\"https:\/\/etab.ac-reunion.fr\/clg-tamarins\/planning-oral-blanc-dnb-3eme-lundi-30-avril-2018\/\">Planning Oral Blanc DNB 3\u00e8me &#8211; LUNDI 30 AVRIL 2018<\/a>\n\t\t\t<\/li>\n\n\t\t\t\t\t\n\t\t\t\n\t\t\t<li id=\"su-post-7055\" class=\"su-post \">\n\t\t\t\t<a href=\"https:\/\/etab.ac-reunion.fr\/clg-tamarins\/demandes-de-bourses-ouvertes\/\">Demandes de bourses de lyc\u00e9e ouvertes<\/a>\n\t\t\t<\/li>\n\n\t\t\t\t\t\n\t\t\t\n\t\t\t<li id=\"su-post-7048\" class=\"su-post \">\n\t\t\t\t<a href=\"https:\/\/etab.ac-reunion.fr\/clg-tamarins\/championnat-academique-minimes-a-saint-denis-2018\/\">Championnat acad\u00e9mique UNSS Judo minimes  2018<\/a>\n\t\t\t<\/li>\n\n\t\t\t\t\t\n\t\t\t\n\t\t\t<li id=\"su-post-6862\" class=\"su-post \">\n\t\t\t\t<a href=\"https:\/\/etab.ac-reunion.fr\/clg-tamarins\/a-vos-agendas\/\">A vos agendas !<\/a>\n\t\t\t<\/li>\n\n\t\t\t\t\t\n\t\t\t\n\t\t\t<li id=\"su-post-6987\" class=\"su-post \">\n\t\t\t\t<a href=\"https:\/\/etab.ac-reunion.fr\/clg-tamarins\/planning-assr-2018\/\">Planning ASSR 2018<\/a>\n\t\t\t<\/li>\n\n\t\t\t\t\t\n\t\t\t\n\t\t\t<li id=\"su-post-6906\" class=\"su-post \">\n\t\t\t\t<a href=\"https:\/\/etab.ac-reunion.fr\/clg-tamarins\/excellence-2018\/\">Le parcours d\u2019excellence en visite \u00e0 R\u00e9union 1\u00e8re  le 16 f\u00e9vrier 2018<\/a>\n\t\t\t<\/li>\n\n\t\t\t\t\t\n\t\t\t\n\t\t\t<li id=\"su-post-6832\" class=\"su-post \">\n\t\t\t\t<a href=\"https:\/\/etab.ac-reunion.fr\/clg-tamarins\/rencontre-entre-street-art-et-tamarins\/\">Rencontre entre Street Art et Tamarins<\/a>\n\t\t\t<\/li>\n\n\t\t\t\t\t\n\t\t\t\n\t\t\t<li id=\"su-post-6802\" class=\"su-post \">\n\t\t\t\t<a href=\"https:\/\/etab.ac-reunion.fr\/clg-tamarins\/entre-tradition-et-modernite\/\">Entre tradition et modernit\u00e9<\/a>\n\t\t\t<\/li>\n\n\t\t\t\t\t\n\t\t\t\n\t\t\t<li id=\"su-post-6767\" class=\"su-post \">\n\t\t\t\t<a href=\"https:\/\/etab.ac-reunion.fr\/clg-tamarins\/6767\/\">Prestation donn\u00e9e par la section Orchestre A l\u2019\u00c9cole de la 5\u00e8me pitaya<\/a>\n\t\t\t<\/li>\n\n\t\t\t\t\t\n\t\t\t\n\t\t\t<li id=\"su-post-6740\" class=\"su-post \">\n\t\t\t\t<a href=\"https:\/\/etab.ac-reunion.fr\/clg-tamarins\/la-tete-et-les-jambes\/\">LA T\u00caTE ET LES JAMBES<\/a>\n\t\t\t<\/li>\n\n\t\t\t\t\t\n\t\t\t\n\t\t\t<li id=\"su-post-6715\" class=\"su-post \">\n\t\t\t\t<a href=\"https:\/\/etab.ac-reunion.fr\/clg-tamarins\/les-dangers-dinternet\/\">Les dangers d&rsquo;internet<\/a>\n\t\t\t<\/li>\n\n\t\t\t\t\t\n\t\t\t\n\t\t\t<li id=\"su-post-6679\" class=\"su-post \">\n\t\t\t\t<a href=\"https:\/\/etab.ac-reunion.fr\/clg-tamarins\/alon-bat-care-a-la-decouverte-de-lile-episode-2\/\">\u00ab Alon bat\u2019 car\u00e9 \u00e0 la d\u00e9couverte de l\u2019\u00eele \u00bb &#8211; \u00c9pisode 2<\/a>\n\t\t\t<\/li>\n\n\t\t\t\t\t\n\t\t\t\n\t\t\t<li id=\"su-post-6569\" class=\"su-post \">\n\t\t\t\t<a href=\"https:\/\/etab.ac-reunion.fr\/clg-tamarins\/reunion-parents-professeurs\/\">Rencontre Parents professeurs 19D\u00e9c<\/a>\n\t\t\t<\/li>\n\n\t\t\t\t\t\n\t\t\t\n\t\t\t<li id=\"su-post-6669\" class=\"su-post \">\n\t\t\t\t<a href=\"https:\/\/etab.ac-reunion.fr\/clg-tamarins\/competitions-unss-judo-2017\/\">Comp\u00e9titions UNSS JUDO 2017<\/a>\n\t\t\t<\/li>\n\n\t\t\t\t\t\n\t\t\t\n\t\t\t<li id=\"su-post-6658\" class=\"su-post \">\n\t\t\t\t<a href=\"https:\/\/etab.ac-reunion.fr\/clg-tamarins\/6658\/\">Conseil D\u00e9partemental des Jeunes<\/a>\n\t\t\t<\/li>\n\n\t\t\t\t\t\n\t\t\t\n\t\t\t<li id=\"su-post-6648\" class=\"su-post \">\n\t\t\t\t<a href=\"https:\/\/etab.ac-reunion.fr\/clg-tamarins\/celebration-de-larmistice-le-11-novembre-2017\/\">C\u00e9l\u00e9bration de l&rsquo;armistice le 11 Novembre 2017<\/a>\n\t\t\t<\/li>\n\n\t\t\t\t\t\n\t\t\t\n\t\t\t<li id=\"su-post-6588\" class=\"su-post \">\n\t\t\t\t<a href=\"https:\/\/etab.ac-reunion.fr\/clg-tamarins\/cross-2017-les-vainqueurs-du-cross\/\">CROSS 2017 : Stade Casabona Saint-Pierre<\/a>\n\t\t\t<\/li>\n\n\t\t\t\t\t\n\t\t\t\n\t\t\t<li id=\"su-post-6560\" class=\"su-post \">\n\t\t\t\t<a href=\"https:\/\/etab.ac-reunion.fr\/clg-tamarins\/dnb-blanc\/\">DNB BLANC 2017 30Nov-1D\u00e9c<\/a>\n\t\t\t<\/li>\n\n\t\t\t\t\t\n\t\t\t\n\t\t\t<li id=\"su-post-6551\" class=\"su-post \">\n\t\t\t\t<a href=\"https:\/\/etab.ac-reunion.fr\/clg-tamarins\/le-yoga-relaxation-bien-etre-en-ulis\/\">LE YOGA, RELAXATION, BIEN -\u00caTRE  EN ULIS<\/a>\n\t\t\t<\/li>\n\n\t\t\t\t\t\n\t\t\t\n\t\t\t<li id=\"su-post-6539\" class=\"su-post \">\n\t\t\t\t<a href=\"https:\/\/etab.ac-reunion.fr\/clg-tamarins\/sortie-etang-sale-3eme-projet-alon-bat-care-a-la-decouverte-de-lile\/\">Sortie  Etang-Sal\u00e9 3\u00e8me &#8211; Projet \u00ab\u00a0Alon bat&rsquo; car\u00e9, \u00e0 la d\u00e9couverte de l&rsquo;\u00eele\u00a0\u00bb<\/a>\n\t\t\t<\/li>\n\n\t\t\t\t\t\n\t\t\t\n\t\t\t<li id=\"su-post-6531\" class=\"su-post \">\n\t\t\t\t<a href=\"https:\/\/etab.ac-reunion.fr\/clg-tamarins\/journee-nationale-des-dys-2017\/\">Journ\u00e9e nationale des DYS 2017<\/a>\n\t\t\t<\/li>\n\n\t\t\t\t\t\n\t\t\t\n\t\t\t<li id=\"su-post-6511\" class=\"su-post \">\n\t\t\t\t<a href=\"https:\/\/etab.ac-reunion.fr\/clg-tamarins\/informations\/\">INFORMATIONS<\/a>\n\t\t\t<\/li>\n\n\t\t\t\t\t\n\t\t\t\n\t\t\t<li id=\"su-post-6294\" class=\"su-post \">\n\t\t\t\t<a href=\"https:\/\/etab.ac-reunion.fr\/clg-tamarins\/formation-aux-premiers-secours-au-college\/\">Formation aux premiers secours au coll\u00e8ge<\/a>\n\t\t\t<\/li>\n\n\t\t\t\t\t\n\t\t\t\n\t\t\t<li id=\"su-post-6163\" class=\"su-post \">\n\t\t\t\t<a href=\"https:\/\/etab.ac-reunion.fr\/clg-tamarins\/parcours-dexcellence-a-cilaos\/\">Parcours d&rsquo;excellence \u00e0 Cilaos<\/a>\n\t\t\t<\/li>\n\n\t\t\t\t\t\n\t\t\t\n\t\t\t<li id=\"su-post-6022\" class=\"su-post \">\n\t\t\t\t<a href=\"https:\/\/etab.ac-reunion.fr\/clg-tamarins\/visite-de-madame-riviere-au-college\/\">Visite de Madame Rivi\u00e8re au coll\u00e8ge<\/a>\n\t\t\t<\/li>\n\n\t\t\t\t\t\n\t\t\t\n\t\t\t<li id=\"su-post-5999\" class=\"su-post \">\n\t\t\t\t<a href=\"https:\/\/etab.ac-reunion.fr\/clg-tamarins\/spectacles-un-clown-peut-en-cacher-un-autre\/\">Spectacle du 15 juin 2017<\/a>\n\t\t\t<\/li>\n\n\t\t\t\t\t\n\t\t\t\n\t\t\t<li id=\"su-post-5968\" class=\"su-post \">\n\t\t\t\t<a href=\"https:\/\/etab.ac-reunion.fr\/clg-tamarins\/projet-jardin-lontan-2\/\">PROJET: Jardin Lontan<\/a>\n\t\t\t<\/li>\n\n\t\t\t\t\t\n\t\t\t\n\t\t\t<li id=\"su-post-5942\" class=\"su-post \">\n\t\t\t\t<a href=\"https:\/\/etab.ac-reunion.fr\/clg-tamarins\/rencontres-rencontres-cycle-3-en-geographie\/\">RENCONTRES : Rencontres cycle 3 en g\u00e9ographie<\/a>\n\t\t\t<\/li>\n\n\t\t\t\t\t\n\t\t\t\n\t\t\t<li id=\"su-post-5932\" class=\"su-post \">\n\t\t\t\t<a href=\"https:\/\/etab.ac-reunion.fr\/clg-tamarins\/sortie-sortie-au-laser-game\/\">SORTIE : Sortie au laser game<\/a>\n\t\t\t<\/li>\n\n\t\t\t\t\t\n\t\t\t\n\t\t\t<li id=\"su-post-5921\" class=\"su-post \">\n\t\t\t\t<a href=\"https:\/\/etab.ac-reunion.fr\/clg-tamarins\/exposition-exposition-sur-limpressionnisme\/\">EXPOSITION : Exposition sur l&rsquo;impressionnisme<\/a>\n\t\t\t<\/li>\n\n\t\t\t\t\t\n\t\t\t\n\t\t\t<li id=\"su-post-5912\" class=\"su-post \">\n\t\t\t\t<a href=\"https:\/\/etab.ac-reunion.fr\/clg-tamarins\/forum-le-forum-des-metiers\/\">FORUM : Le forum des m\u00e9tiers<\/a>\n\t\t\t<\/li>\n\n\t\t\t\t\t\n\t\t\t\n\t\t\t<li id=\"su-post-5898\" class=\"su-post \">\n\t\t\t\t<a href=\"https:\/\/etab.ac-reunion.fr\/clg-tamarins\/planning-des-conseils\/\">PLANNING DES CONSEILS DE CLASSE SEMESTRE 2<\/a>\n\t\t\t<\/li>\n\n\t\t\t\t\t\n\t\t\t\n\t\t\t<li id=\"su-post-5882\" class=\"su-post \">\n\t\t\t\t<a href=\"https:\/\/etab.ac-reunion.fr\/clg-tamarins\/projet-jardin-lontan\/\">PROJET : Jardin Lontan<\/a>\n\t\t\t<\/li>\n\n\t\t\t\t\t\n\t\t\t\n\t\t\t<li id=\"su-post-5871\" class=\"su-post \">\n\t\t\t\t<a href=\"https:\/\/etab.ac-reunion.fr\/clg-tamarins\/viste-de-m-tobeli-et-m-planque\/\">Visite de M. TOBELI et M. PLANQUE<\/a>\n\t\t\t<\/li>\n\n\t\t\t\t\t\n\t\t\t\n\t\t\t<li id=\"su-post-5851\" class=\"su-post \">\n\t\t\t\t<a href=\"https:\/\/etab.ac-reunion.fr\/clg-tamarins\/presse-la-semaine-de-la-presse\/\">PRESSE : La semaine de la presse<\/a>\n\t\t\t<\/li>\n\n\t\t\t\t\t\n\t\t\t\n\t\t\t<li id=\"su-post-5847\" class=\"su-post \">\n\t\t\t\t<a href=\"https:\/\/etab.ac-reunion.fr\/clg-tamarins\/parcours-parcours-dexcellence-au-college\/\">PARCOURS : Parcours d&rsquo;excellence au coll\u00e8ge<\/a>\n\t\t\t<\/li>\n\n\t\t\t\t\t\n\t\t\t\n\t\t\t<li id=\"su-post-5837\" class=\"su-post \">\n\t\t\t\t<a href=\"https:\/\/etab.ac-reunion.fr\/clg-tamarins\/les-contes-les-contes-calumets-au-college\/\">LES CONTES : Les contes calumets au coll\u00e8ge<\/a>\n\t\t\t<\/li>\n\n\t\t\t\t\t\n\t\t\t\n\t\t\t<li id=\"su-post-5806\" class=\"su-post \">\n\t\t\t\t<a href=\"https:\/\/etab.ac-reunion.fr\/clg-tamarins\/5806\/\">CLOWN : L&rsquo;Atelier Clown les Tamarins<\/a>\n\t\t\t<\/li>\n\n\t\t\t\t\t\n\t\t\t\n\t\t\t<li id=\"su-post-5716\" class=\"su-post \">\n\t\t\t\t<a href=\"https:\/\/etab.ac-reunion.fr\/clg-tamarins\/carnaval-le-carnaval-des-tamarins\/\">CARNAVAL : Le carnaval des Tamarins<\/a>\n\t\t\t<\/li>\n\n\t\t\t\t\t\n\t\t\t\n\t\t\t<li id=\"su-post-5345\" class=\"su-post \">\n\t\t\t\t<a href=\"https:\/\/etab.ac-reunion.fr\/clg-tamarins\/journees-citoyennes-des-citoyens-aux-tamarins\/\">JOURN\u00c9ES CITOYENNES : Des Citoyens Aux Tamarins<\/a>\n\t\t\t<\/li>\n\n\t\t\t\t\t\n\t\t\t\n\t\t\t<li id=\"su-post-5300\" class=\"su-post \">\n\t\t\t\t<a href=\"https:\/\/etab.ac-reunion.fr\/clg-tamarins\/projet-roman-photo-sortie-notre-dame-de-la-paix\/\">PROJET ROMAN PHOTO : Sortie Notre Dame de la Paix<\/a>\n\t\t\t<\/li>\n\n\t\t\t\t\t\n\t\t\t\n\t\t\t<li id=\"su-post-4642\" class=\"su-post \">\n\t\t\t\t<a href=\"https:\/\/etab.ac-reunion.fr\/clg-tamarins\/leclipse-du-1er-septembre-2016\/\">L&rsquo;Eclipse du 1er septembre 2016<\/a>\n\t\t\t<\/li>\n\n\t\t\t\t\t\n\t\t\t\n\t\t\t<li id=\"su-post-4656\" class=\"su-post \">\n\t\t\t\t<a href=\"https:\/\/etab.ac-reunion.fr\/clg-tamarins\/information-delegues-eleves-titulaires\/\">Information: d\u00e9l\u00e9gu\u00e9s \u00e9l\u00e8ves titulaires<\/a>\n\t\t\t<\/li>\n\n\t\t\t\t\t\n\t\t\t\n\t\t\t<li id=\"su-post-4607\" class=\"su-post \">\n\t\t\t\t<a href=\"https:\/\/etab.ac-reunion.fr\/clg-tamarins\/rentree-pour-loption-chinoise-lv2\/\">Rentr\u00e9e pour l&rsquo;option chinoise LV2<\/a>\n\t\t\t<\/li>\n\n\t\t\t\t\t\n\t\t\t\n\t\t\t<li id=\"su-post-4596\" class=\"su-post \">\n\t\t\t\t<a href=\"https:\/\/etab.ac-reunion.fr\/clg-tamarins\/important-eclipse-1er-septembre-2016\/\">IMPORTANT : ECLIPSE 1er SEPTEMBRE 2016<\/a>\n\t\t\t<\/li>\n\n\t\t\t\n<\/ul>\n\n","protected":false},"excerpt":{"rendered":"<p class=\"continue-reading-button\"> <a class=\"continue-reading-link\" href=\"https:\/\/etab.ac-reunion.fr\/clg-tamarins\/important-eclipse-1er-septembre-2016\/\">Continuer \u00e0 lire<i class=\"crycon-right-dir\"><\/i><\/a><\/p>\n","protected":false},"author":14176,"featured_media":0,"parent":0,"menu_order":0,"comment_status":"closed","ping_status":"closed","template":"","meta":{"footnotes":""},"class_list":["post-7091","page","type-page","status-publish","hentry"],"_links":{"self":[{"href":"https:\/\/etab.ac-reunion.fr\/clg-tamarins\/wp-json\/wp\/v2\/pages\/7091","targetHints":{"allow":["GET"]}}],"collection":[{"href":"https:\/\/etab.ac-reunion.fr\/clg-tamarins\/wp-json\/wp\/v2\/pages"}],"about":[{"href":"https:\/\/etab.ac-reunion.fr\/clg-tamarins\/wp-json\/wp\/v2\/types\/page"}],"author":[{"embeddable":true,"href":"https:\/\/etab.ac-reunion.fr\/clg-tamarins\/wp-json\/wp\/v2\/users\/14176"}],"replies":[{"embeddable":true,"href":"https:\/\/etab.ac-reunion.fr\/clg-tamarins\/wp-json\/wp\/v2\/comments?post=7091"}],"version-history":[{"count":8,"href":"https:\/\/etab.ac-reunion.fr\/clg-tamarins\/wp-json\/wp\/v2\/pages\/7091\/revisions"}],"predecessor-version":[{"id":7100,"href":"https:\/\/etab.ac-reunion.fr\/clg-tamarins\/wp-json\/wp\/v2\/pages\/7091\/revisions\/7100"}],"wp:attachment":[{"href":"https:\/\/etab.ac-reunion.fr\/clg-tamarins\/wp-json\/wp\/v2\/media?parent=7091"}],"curies":[{"name":"wp","href":"https:\/\/api.w.org\/{rel}","templated":true}]}}