{"id":7843,"date":"2021-10-05T08:35:46","date_gmt":"2021-10-05T04:35:46","guid":{"rendered":"http:\/\/college-les-tamarins.ac-reunion.fr\/?page_id=7843"},"modified":"2021-11-25T15:01:14","modified_gmt":"2021-11-25T11:01:14","slug":"edd","status":"publish","type":"page","link":"https:\/\/etab.ac-reunion.fr\/clg-tamarins\/edd\/","title":{"rendered":"Education au D\u00e9veloppement Durable"},"content":{"rendered":"\n\n<div class=\"su-posts su-posts-default-loop \">\n\n\t\n\t\t\t\t\t\n\t\t\t\n\t\t\t<div id=\"su-post-9835\" class=\"su-post \">\n\n\t\t\t\t\t\t\t\t\t<a class=\"su-post-thumbnail\" href=\"https:\/\/etab.ac-reunion.fr\/clg-tamarins\/webinaire-des-eco-delegues-27-mars-2026\/\"><a href=\"https:\/\/etab.ac-reunion.fr\/clg-tamarins\/webinaire-des-eco-delegues-27-mars-2026\/\" title=\"Webinaire des \u00e9co-d\u00e9l\u00e9gu\u00e9s (27 mars 2026)\"><img loading=\"lazy\" decoding=\"async\" width=\"150\" height=\"113\" src=\"https:\/\/etab.ac-reunion.fr\/clg-tamarins\/wp-content\/uploads\/sites\/56\/2026\/03\/Design-sans-titre-150x113.jpg\" class=\"attachment-post-thumbnail size-post-thumbnail wp-post-image\" alt=\"\" srcset=\"https:\/\/etab.ac-reunion.fr\/clg-tamarins\/wp-content\/uploads\/sites\/56\/2026\/03\/Design-sans-titre-150x113.jpg 150w, https:\/\/etab.ac-reunion.fr\/clg-tamarins\/wp-content\/uploads\/sites\/56\/2026\/03\/Design-sans-titre-300x225.jpg 300w, https:\/\/etab.ac-reunion.fr\/clg-tamarins\/wp-content\/uploads\/sites\/56\/2026\/03\/Design-sans-titre-768x576.jpg 768w, https:\/\/etab.ac-reunion.fr\/clg-tamarins\/wp-content\/uploads\/sites\/56\/2026\/03\/Design-sans-titre.jpg 1024w\" sizes=\"auto, (max-width: 150px) 100vw, 150px\" \/><\/a><\/a>\n\t\t\t\t\n\t\t\t\t<h2 class=\"su-post-title\"><a href=\"https:\/\/etab.ac-reunion.fr\/clg-tamarins\/webinaire-des-eco-delegues-27-mars-2026\/\">Webinaire des \u00e9co-d\u00e9l\u00e9gu\u00e9s (27 mars 2026)<\/a><\/h2>\n\n\t\t\t\t<div class=\"su-post-meta\">\n\t\t\t\t\tPubli\u00e9: 30 mars 2026\t\t\t\t<\/div>\n\n\t\t\t\t<div class=\"su-post-excerpt\">\n\t\t\t\t\t<p>Comme chaque ann\u00e9e depuis 4 ans, les \u00e9co-d\u00e9l\u00e9gu\u00e9s du coll\u00e8ge ont particip\u00e9 au Webinaire du D\u00e9veloppement Durable, qui r\u00e9unissait plus d\u2019une soixantaine d\u2019\u00e9tablissements autour de la pr\u00e9sentation de 20 projets innovants : lutte contre les esp\u00e8ces envahissantes, r\u00e9utilisation des mat\u00e9riaux, mise en place d\u2019arboretums, boutique solidaire anti-gaspillage\u2026 Les initiatives ont\u2026<\/p>\n<p class=\"continue-reading-button\"> <a class=\"continue-reading-link\" href=\"https:\/\/etab.ac-reunion.fr\/clg-tamarins\/webinaire-des-eco-delegues-27-mars-2026\/\">Continuer \u00e0 lire<i class=\"crycon-right-dir\"><\/i><\/a><\/p>\n\t\t\t\t<\/div>\n\n\t\t\t\t\n\t\t\t<\/div>\n\n\t\t\t\t\t\n\t\t\t\n\t\t\t<div id=\"su-post-8985\" class=\"su-post \">\n\n\t\t\t\t\t\t\t\t\t<a class=\"su-post-thumbnail\" href=\"https:\/\/etab.ac-reunion.fr\/clg-tamarins\/sensibilisation-a-un-environnement-sensible-naturel-ens-le-lagon\/\"><a href=\"https:\/\/etab.ac-reunion.fr\/clg-tamarins\/sensibilisation-a-un-environnement-sensible-naturel-ens-le-lagon\/\" title=\"Sensibilisation \u00e0 un Environnement Sensible Naturel (ENS)\u00a0: le lagon\"><img loading=\"lazy\" decoding=\"async\" width=\"150\" height=\"113\" src=\"https:\/\/etab.ac-reunion.fr\/clg-tamarins\/wp-content\/uploads\/sites\/56\/2024\/03\/20231128_091739-150x113.jpg\" class=\"attachment-post-thumbnail size-post-thumbnail wp-post-image\" alt=\"\" srcset=\"https:\/\/etab.ac-reunion.fr\/clg-tamarins\/wp-content\/uploads\/sites\/56\/2024\/03\/20231128_091739-150x113.jpg 150w, https:\/\/etab.ac-reunion.fr\/clg-tamarins\/wp-content\/uploads\/sites\/56\/2024\/03\/20231128_091739-300x225.jpg 300w, https:\/\/etab.ac-reunion.fr\/clg-tamarins\/wp-content\/uploads\/sites\/56\/2024\/03\/20231128_091739-1024x768.jpg 1024w, https:\/\/etab.ac-reunion.fr\/clg-tamarins\/wp-content\/uploads\/sites\/56\/2024\/03\/20231128_091739-768x576.jpg 768w, https:\/\/etab.ac-reunion.fr\/clg-tamarins\/wp-content\/uploads\/sites\/56\/2024\/03\/20231128_091739-1536x1152.jpg 1536w, https:\/\/etab.ac-reunion.fr\/clg-tamarins\/wp-content\/uploads\/sites\/56\/2024\/03\/20231128_091739-2048x1536.jpg 2048w\" sizes=\"auto, (max-width: 150px) 100vw, 150px\" \/><\/a><\/a>\n\t\t\t\t\n\t\t\t\t<h2 class=\"su-post-title\"><a href=\"https:\/\/etab.ac-reunion.fr\/clg-tamarins\/sensibilisation-a-un-environnement-sensible-naturel-ens-le-lagon\/\">Sensibilisation \u00e0 un Environnement Sensible Naturel (ENS)\u00a0: le lagon<\/a><\/h2>\n\n\t\t\t\t<div class=\"su-post-meta\">\n\t\t\t\t\tPubli\u00e9: 16 avril 2024\t\t\t\t<\/div>\n\n\t\t\t\t<div class=\"su-post-excerpt\">\n\t\t\t\t\t<p>Comme les 2 ann\u00e9es pr\u00e9c\u00e9dentes, tous les \u00e9l\u00e8ves de 6\u00e8me ont \u00e9t\u00e9 sensibilis\u00e9s \u00e0 un ENS\u00a0: le lagon. Apr\u00e8s leur pr\u00e9paration en classe sur diff\u00e9rents th\u00e8mes (d\u00e9couverte de la vie d&rsquo;un corail, biodiversit\u00e9 du lagon, actions de l&rsquo;Homme sur l&rsquo;\u00e9cosyst\u00e8me r\u00e9cifal), les 5 classes de 6\u00e8me ont fait, avec leurs\u2026<\/p>\n<p class=\"continue-reading-button\"> <a class=\"continue-reading-link\" href=\"https:\/\/etab.ac-reunion.fr\/clg-tamarins\/sensibilisation-a-un-environnement-sensible-naturel-ens-le-lagon\/\">Continuer \u00e0 lire<i class=\"crycon-right-dir\"><\/i><\/a><\/p>\n\t\t\t\t<\/div>\n\n\t\t\t\t\n\t\t\t<\/div>\n\n\t\t\t\t\t\n\t\t\t\n\t\t\t<div id=\"su-post-8998\" class=\"su-post \">\n\n\t\t\t\t\t\t\t\t\t<a class=\"su-post-thumbnail\" href=\"https:\/\/etab.ac-reunion.fr\/clg-tamarins\/comite-edd-et-inauguration-de-larboretum-du-college-les-tamarins\/\"><a href=\"https:\/\/etab.ac-reunion.fr\/clg-tamarins\/comite-edd-et-inauguration-de-larboretum-du-college-les-tamarins\/\" title=\"Comit\u00e9 EDD et inauguration de l&#039;arboretum du coll\u00e8ge Les Tamarins\"><img loading=\"lazy\" decoding=\"async\" width=\"150\" height=\"113\" src=\"https:\/\/etab.ac-reunion.fr\/clg-tamarins\/wp-content\/uploads\/sites\/56\/2024\/03\/20240321_110153-150x113.jpg\" class=\"attachment-post-thumbnail size-post-thumbnail wp-post-image\" alt=\"\" srcset=\"https:\/\/etab.ac-reunion.fr\/clg-tamarins\/wp-content\/uploads\/sites\/56\/2024\/03\/20240321_110153-150x113.jpg 150w, https:\/\/etab.ac-reunion.fr\/clg-tamarins\/wp-content\/uploads\/sites\/56\/2024\/03\/20240321_110153-300x225.jpg 300w, https:\/\/etab.ac-reunion.fr\/clg-tamarins\/wp-content\/uploads\/sites\/56\/2024\/03\/20240321_110153-1024x768.jpg 1024w, https:\/\/etab.ac-reunion.fr\/clg-tamarins\/wp-content\/uploads\/sites\/56\/2024\/03\/20240321_110153-768x576.jpg 768w, https:\/\/etab.ac-reunion.fr\/clg-tamarins\/wp-content\/uploads\/sites\/56\/2024\/03\/20240321_110153-1536x1152.jpg 1536w, https:\/\/etab.ac-reunion.fr\/clg-tamarins\/wp-content\/uploads\/sites\/56\/2024\/03\/20240321_110153-2048x1536.jpg 2048w\" sizes=\"auto, (max-width: 150px) 100vw, 150px\" \/><\/a><\/a>\n\t\t\t\t\n\t\t\t\t<h2 class=\"su-post-title\"><a href=\"https:\/\/etab.ac-reunion.fr\/clg-tamarins\/comite-edd-et-inauguration-de-larboretum-du-college-les-tamarins\/\">Comit\u00e9 EDD et inauguration de l&rsquo;arboretum du coll\u00e8ge Les Tamarins<\/a><\/h2>\n\n\t\t\t\t<div class=\"su-post-meta\">\n\t\t\t\t\tPubli\u00e9: 16 avril 2024\t\t\t\t<\/div>\n\n\t\t\t\t<div class=\"su-post-excerpt\">\n\t\t\t\t\t<p>Le jeudi 21 mars 2024, f\u00eate internationale des for\u00eats, l&rsquo;occasion pour nous au coll\u00e8ge de r\u00e9unir le comit\u00e9 de r\u00e9seau REP+ Les Tamarins et d&rsquo;inaugurer notre arboretum. Invit\u00e9s ce jour, Mme SIGISMEAU et Mr ALASTOR (D\u00e9partement de la R\u00e9union), Mr RIOU du COPIL acad\u00e9mique EDD, Mr SIDA (r\u00e9f\u00e9rent EDD de\u2026<\/p>\n<p class=\"continue-reading-button\"> <a class=\"continue-reading-link\" href=\"https:\/\/etab.ac-reunion.fr\/clg-tamarins\/comite-edd-et-inauguration-de-larboretum-du-college-les-tamarins\/\">Continuer \u00e0 lire<i class=\"crycon-right-dir\"><\/i><\/a><\/p>\n\t\t\t\t<\/div>\n\n\t\t\t\t\n\t\t\t<\/div>\n\n\t\t\t\t\t\n\t\t\t\n\t\t\t<div id=\"su-post-8964\" class=\"su-post \">\n\n\t\t\t\t\t\t\t\t\t<a class=\"su-post-thumbnail\" href=\"https:\/\/etab.ac-reunion.fr\/clg-tamarins\/decouverte-dun-environnement-sensible-naturel-ens-le-domaine-archambaud\/\"><a href=\"https:\/\/etab.ac-reunion.fr\/clg-tamarins\/decouverte-dun-environnement-sensible-naturel-ens-le-domaine-archambaud\/\" title=\"D\u00e9couverte d&#039;un Environnement Sensible Naturel (ENS)\u00a0: le domaine Archambaud\"><img loading=\"lazy\" decoding=\"async\" width=\"113\" height=\"150\" src=\"https:\/\/etab.ac-reunion.fr\/clg-tamarins\/wp-content\/uploads\/sites\/56\/2024\/03\/20231107_085137-113x150.jpg\" class=\"attachment-post-thumbnail size-post-thumbnail wp-post-image\" alt=\"\" srcset=\"https:\/\/etab.ac-reunion.fr\/clg-tamarins\/wp-content\/uploads\/sites\/56\/2024\/03\/20231107_085137-113x150.jpg 113w, https:\/\/etab.ac-reunion.fr\/clg-tamarins\/wp-content\/uploads\/sites\/56\/2024\/03\/20231107_085137-225x300.jpg 225w, https:\/\/etab.ac-reunion.fr\/clg-tamarins\/wp-content\/uploads\/sites\/56\/2024\/03\/20231107_085137-768x1024.jpg 768w, https:\/\/etab.ac-reunion.fr\/clg-tamarins\/wp-content\/uploads\/sites\/56\/2024\/03\/20231107_085137-1152x1536.jpg 1152w, https:\/\/etab.ac-reunion.fr\/clg-tamarins\/wp-content\/uploads\/sites\/56\/2024\/03\/20231107_085137-1536x2048.jpg 1536w, https:\/\/etab.ac-reunion.fr\/clg-tamarins\/wp-content\/uploads\/sites\/56\/2024\/03\/20231107_085137-scaled.jpg 1920w\" sizes=\"auto, (max-width: 113px) 100vw, 113px\" \/><\/a><\/a>\n\t\t\t\t\n\t\t\t\t<h2 class=\"su-post-title\"><a href=\"https:\/\/etab.ac-reunion.fr\/clg-tamarins\/decouverte-dun-environnement-sensible-naturel-ens-le-domaine-archambaud\/\">D\u00e9couverte d&rsquo;un Environnement Sensible Naturel (ENS)\u00a0: le domaine Archambaud<\/a><\/h2>\n\n\t\t\t\t<div class=\"su-post-meta\">\n\t\t\t\t\tPubli\u00e9: 29 mars 2024\t\t\t\t<\/div>\n\n\t\t\t\t<div class=\"su-post-excerpt\">\n\t\t\t\t\t<p>Le 07 novembre 2023, les \u00e9l\u00e8ves de 5\u00e8me Carambole sont all\u00e9s visit\u00e9s le domaine Archambaud \u00e0 la Plaine des Cafres. Les animateurs de la SPL EDDEN leur ont pr\u00e9sent\u00e9 l&rsquo;histoire du domaine, l&rsquo;architecture de la maison et la for\u00eat attenante. Ils ont pu visiter les serres du domaine qui permettent\u2026<\/p>\n<p class=\"continue-reading-button\"> <a class=\"continue-reading-link\" href=\"https:\/\/etab.ac-reunion.fr\/clg-tamarins\/decouverte-dun-environnement-sensible-naturel-ens-le-domaine-archambaud\/\">Continuer \u00e0 lire<i class=\"crycon-right-dir\"><\/i><\/a><\/p>\n\t\t\t\t<\/div>\n\n\t\t\t\t\n\t\t\t<\/div>\n\n\t\t\t\t\t\n\t\t\t\n\t\t\t<div id=\"su-post-8978\" class=\"su-post \">\n\n\t\t\t\t\t\t\t\t\t<a class=\"su-post-thumbnail\" href=\"https:\/\/etab.ac-reunion.fr\/clg-tamarins\/webinaire-des-ecodelegues\/\"><a href=\"https:\/\/etab.ac-reunion.fr\/clg-tamarins\/webinaire-des-ecodelegues\/\" title=\"Webinaire des \u00e9cod\u00e9l\u00e9gu\u00e9s\"><img loading=\"lazy\" decoding=\"async\" width=\"150\" height=\"113\" src=\"https:\/\/etab.ac-reunion.fr\/clg-tamarins\/wp-content\/uploads\/sites\/56\/2024\/03\/20240319_104800-150x113.jpg\" class=\"attachment-post-thumbnail size-post-thumbnail wp-post-image\" alt=\"\" srcset=\"https:\/\/etab.ac-reunion.fr\/clg-tamarins\/wp-content\/uploads\/sites\/56\/2024\/03\/20240319_104800-150x113.jpg 150w, https:\/\/etab.ac-reunion.fr\/clg-tamarins\/wp-content\/uploads\/sites\/56\/2024\/03\/20240319_104800-300x225.jpg 300w, https:\/\/etab.ac-reunion.fr\/clg-tamarins\/wp-content\/uploads\/sites\/56\/2024\/03\/20240319_104800-1024x768.jpg 1024w, https:\/\/etab.ac-reunion.fr\/clg-tamarins\/wp-content\/uploads\/sites\/56\/2024\/03\/20240319_104800-768x576.jpg 768w, https:\/\/etab.ac-reunion.fr\/clg-tamarins\/wp-content\/uploads\/sites\/56\/2024\/03\/20240319_104800-1536x1152.jpg 1536w, https:\/\/etab.ac-reunion.fr\/clg-tamarins\/wp-content\/uploads\/sites\/56\/2024\/03\/20240319_104800-2048x1536.jpg 2048w\" sizes=\"auto, (max-width: 150px) 100vw, 150px\" \/><\/a><\/a>\n\t\t\t\t\n\t\t\t\t<h2 class=\"su-post-title\"><a href=\"https:\/\/etab.ac-reunion.fr\/clg-tamarins\/webinaire-des-ecodelegues\/\">Webinaire des \u00e9cod\u00e9l\u00e9gu\u00e9s<\/a><\/h2>\n\n\t\t\t\t<div class=\"su-post-meta\">\n\t\t\t\t\tPubli\u00e9: 26 mars 2024\t\t\t\t<\/div>\n\n\t\t\t\t<div class=\"su-post-excerpt\">\n\t\t\t\t\t<p>Le 19 mars 2024 a eu lieu le webinaire acad\u00e9mique des \u00e9cod\u00e9l\u00e9gu\u00e9s. Tous les \u00e9cod\u00e9l\u00e9gu\u00e9s de notre coll\u00e8ge ont particip\u00e9 \u00e0 cette visioconf\u00e9rence. Introduit par Mr le Recteur de l&rsquo;acad\u00e9mie de la R\u00e9union, la rencontre a permis \u00e0 2 de nos \u00e9cod\u00e9l\u00e9gu\u00e9s (FRISSUR Kendra et SALORT Juliette, 5BIL) de pr\u00e9senter,\u2026<\/p>\n<p class=\"continue-reading-button\"> <a class=\"continue-reading-link\" href=\"https:\/\/etab.ac-reunion.fr\/clg-tamarins\/webinaire-des-ecodelegues\/\">Continuer \u00e0 lire<i class=\"crycon-right-dir\"><\/i><\/a><\/p>\n\t\t\t\t<\/div>\n\n\t\t\t\t\n\t\t\t<\/div>\n\n\t\t\t\t\t\n\t\t\t\n\t\t\t<div id=\"su-post-8849\" class=\"su-post \">\n\n\t\t\t\t\t\t\t\t\t<a class=\"su-post-thumbnail\" href=\"https:\/\/etab.ac-reunion.fr\/clg-tamarins\/presentation-arboretum-college-les-tamarins\/\"><a href=\"https:\/\/etab.ac-reunion.fr\/clg-tamarins\/presentation-arboretum-college-les-tamarins\/\" title=\"Pr\u00e9sentation Arboretum - Coll\u00e8ge Les Tamarins\"><img loading=\"lazy\" decoding=\"async\" width=\"150\" height=\"110\" src=\"https:\/\/etab.ac-reunion.fr\/clg-tamarins\/wp-content\/uploads\/sites\/56\/2024\/02\/arboretum-college-les-tamarins-150x110.png\" class=\"attachment-post-thumbnail size-post-thumbnail wp-post-image\" alt=\"\" srcset=\"https:\/\/etab.ac-reunion.fr\/clg-tamarins\/wp-content\/uploads\/sites\/56\/2024\/02\/arboretum-college-les-tamarins-150x110.png 150w, https:\/\/etab.ac-reunion.fr\/clg-tamarins\/wp-content\/uploads\/sites\/56\/2024\/02\/arboretum-college-les-tamarins-300x221.png 300w, https:\/\/etab.ac-reunion.fr\/clg-tamarins\/wp-content\/uploads\/sites\/56\/2024\/02\/arboretum-college-les-tamarins-1024x754.png 1024w, https:\/\/etab.ac-reunion.fr\/clg-tamarins\/wp-content\/uploads\/sites\/56\/2024\/02\/arboretum-college-les-tamarins-768x565.png 768w, https:\/\/etab.ac-reunion.fr\/clg-tamarins\/wp-content\/uploads\/sites\/56\/2024\/02\/arboretum-college-les-tamarins.png 1202w\" sizes=\"auto, (max-width: 150px) 100vw, 150px\" \/><\/a><\/a>\n\t\t\t\t\n\t\t\t\t<h2 class=\"su-post-title\"><a href=\"https:\/\/etab.ac-reunion.fr\/clg-tamarins\/presentation-arboretum-college-les-tamarins\/\">Pr\u00e9sentation Arboretum &#8211; Coll\u00e8ge Les Tamarins<\/a><\/h2>\n\n\t\t\t\t<div class=\"su-post-meta\">\n\t\t\t\t\tPubli\u00e9: 21 mars 2024\t\t\t\t<\/div>\n\n\t\t\t\t<div class=\"su-post-excerpt\">\n\t\t\t\t\t<p>Plan satellite du coll\u00e8ge Les Tamarins: Zone A: A, B, C : Mahot tantan D, E, F : Bois de senteur blanc G, H, I : Bois de quivi J, K, L : Bois de buis M : Bois de mussard N, O, P : Mazambron Q, R, S :\u2026<\/p>\n<p class=\"continue-reading-button\"> <a class=\"continue-reading-link\" href=\"https:\/\/etab.ac-reunion.fr\/clg-tamarins\/presentation-arboretum-college-les-tamarins\/\">Continuer \u00e0 lire<i class=\"crycon-right-dir\"><\/i><\/a><\/p>\n\t\t\t\t<\/div>\n\n\t\t\t\t\n\t\t\t<\/div>\n\n\t\t\t\t\t\n\t\t\t\n\t\t\t<div id=\"su-post-8512\" class=\"su-post \">\n\n\t\t\t\t\t\t\t\t\t<a class=\"su-post-thumbnail\" href=\"https:\/\/etab.ac-reunion.fr\/clg-tamarins\/world-clean-up-day-2022\/\"><a href=\"https:\/\/etab.ac-reunion.fr\/clg-tamarins\/world-clean-up-day-2022\/\" title=\"World Clean Up Day 2022\"><img loading=\"lazy\" decoding=\"async\" width=\"150\" height=\"113\" src=\"https:\/\/etab.ac-reunion.fr\/clg-tamarins\/wp-content\/uploads\/sites\/56\/2022\/10\/20220919_104337-150x113.jpg\" class=\"attachment-post-thumbnail size-post-thumbnail wp-post-image\" alt=\"\" srcset=\"https:\/\/etab.ac-reunion.fr\/clg-tamarins\/wp-content\/uploads\/sites\/56\/2022\/10\/20220919_104337-150x113.jpg 150w, https:\/\/etab.ac-reunion.fr\/clg-tamarins\/wp-content\/uploads\/sites\/56\/2022\/10\/20220919_104337-300x225.jpg 300w, https:\/\/etab.ac-reunion.fr\/clg-tamarins\/wp-content\/uploads\/sites\/56\/2022\/10\/20220919_104337-1024x768.jpg 1024w, https:\/\/etab.ac-reunion.fr\/clg-tamarins\/wp-content\/uploads\/sites\/56\/2022\/10\/20220919_104337-768x576.jpg 768w, https:\/\/etab.ac-reunion.fr\/clg-tamarins\/wp-content\/uploads\/sites\/56\/2022\/10\/20220919_104337-1536x1152.jpg 1536w, https:\/\/etab.ac-reunion.fr\/clg-tamarins\/wp-content\/uploads\/sites\/56\/2022\/10\/20220919_104337-2048x1536.jpg 2048w\" sizes=\"auto, (max-width: 150px) 100vw, 150px\" \/><\/a><\/a>\n\t\t\t\t\n\t\t\t\t<h2 class=\"su-post-title\"><a href=\"https:\/\/etab.ac-reunion.fr\/clg-tamarins\/world-clean-up-day-2022\/\">World Clean Up Day 2022<\/a><\/h2>\n\n\t\t\t\t<div class=\"su-post-meta\">\n\t\t\t\t\tPubli\u00e9: 22 novembre 2022\t\t\t\t<\/div>\n\n\t\t\t\t<div class=\"su-post-excerpt\">\n\t\t\t\t\t<p>Ce vendredi 16 septembre 2022 a eu lieu la World Clean Up Day\u00a0: un \u00e9v\u00e9nement mondial pendant lequel chacun est invit\u00e9 \u00e0 r\u00e9aliser un geste pour notre environnement en ramassant les d\u00e9chets sauvages. Le mauvais temps ce jour l\u00e0 nous a oblig\u00e9 \u00e0 d\u00e9cal\u00e9 cette action au lundi 19 septembre\u2026<\/p>\n<p class=\"continue-reading-button\"> <a class=\"continue-reading-link\" href=\"https:\/\/etab.ac-reunion.fr\/clg-tamarins\/world-clean-up-day-2022\/\">Continuer \u00e0 lire<i class=\"crycon-right-dir\"><\/i><\/a><\/p>\n\t\t\t\t<\/div>\n\n\t\t\t\t\n\t\t\t<\/div>\n\n\t\t\t\t\t\n\t\t\t\n\t\t\t<div id=\"su-post-8294\" class=\"su-post \">\n\n\t\t\t\t\n\t\t\t\t<h2 class=\"su-post-title\"><a href=\"https:\/\/etab.ac-reunion.fr\/clg-tamarins\/ramasser-des-dechets-un-acte-citoyen\/\">Ramasser des d\u00e9chets, un acte citoyen !<\/a><\/h2>\n\n\t\t\t\t<div class=\"su-post-meta\">\n\t\t\t\t\tPubli\u00e9: 13 juin 2022\t\t\t\t<\/div>\n\n\t\t\t\t<div class=\"su-post-excerpt\">\n\t\t\t\t\t<p>Aujourd\u2019hui, vendredi 25 f\u00e9vrier 2022, les \u00e9cod\u00e9l\u00e9gu\u00e9s du coll\u00e8ge ont men\u00e9 leur 1\u00e8re action conjointe, action d\u00e9cid\u00e9e lors de leur premi\u00e8re r\u00e9union\u00a0: le ramassage des d\u00e9chets dans la cours du coll\u00e8ge apr\u00e8s la premi\u00e8re r\u00e9cr\u00e9ation de la journ\u00e9e. Ils esp\u00e8rent par cette action, qui sera r\u00e9p\u00e9t\u00e9e dans la mesure du\u2026<\/p>\n<p class=\"continue-reading-button\"> <a class=\"continue-reading-link\" href=\"https:\/\/etab.ac-reunion.fr\/clg-tamarins\/ramasser-des-dechets-un-acte-citoyen\/\">Continuer \u00e0 lire<i class=\"crycon-right-dir\"><\/i><\/a><\/p>\n\t\t\t\t<\/div>\n\n\t\t\t\t\n\t\t\t<\/div>\n\n\t\t\t\t\t\n\t\t\t\n\t\t\t<div id=\"su-post-8276\" class=\"su-post \">\n\n\t\t\t\t\n\t\t\t\t<h2 class=\"su-post-title\"><a href=\"https:\/\/etab.ac-reunion.fr\/clg-tamarins\/a-la-decouverte-dun-environnement-naturel-sensible-ens-le-lagon-de-lermitage\/\">A la d\u00e9couverte d\u2019un Environnement Naturel Sensible (ENS) : le lagon de l\u2019Ermitage.<\/a><\/h2>\n\n\t\t\t\t<div class=\"su-post-meta\">\n\t\t\t\t\tPubli\u00e9: 13 juin 2022\t\t\t\t<\/div>\n\n\t\t\t\t<div class=\"su-post-excerpt\">\n\t\t\t\t\t<p>&nbsp; Le mardi 1er mars 2022 et le jeudi 21 avril 2022, les classes de 5\u00e8me letchi et de 5\u00e8me carambole ont d\u00e9couvert un ENS, le lagon de l\u2019Ermitage, avec pour guide des agents de la R\u00e9serve Marine. Accompagn\u00e9s par leurs enseignants (Mme ETHEVE, Mr PEAUDECERF, Mme BENARD et Mme\u2026<\/p>\n<p class=\"continue-reading-button\"> <a class=\"continue-reading-link\" href=\"https:\/\/etab.ac-reunion.fr\/clg-tamarins\/a-la-decouverte-dun-environnement-naturel-sensible-ens-le-lagon-de-lermitage\/\">Continuer \u00e0 lire<i class=\"crycon-right-dir\"><\/i><\/a><\/p>\n\t\t\t\t<\/div>\n\n\t\t\t\t\n\t\t\t<\/div>\n\n\t\t\t\t\t\n\t\t\t\n\t\t\t<div id=\"su-post-8264\" class=\"su-post \">\n\n\t\t\t\t\t\t\t\t\t<a class=\"su-post-thumbnail\" href=\"https:\/\/etab.ac-reunion.fr\/clg-tamarins\/journee-academique-de-ledd\/\"><a href=\"https:\/\/etab.ac-reunion.fr\/clg-tamarins\/journee-academique-de-ledd\/\" title=\"Journ\u00e9e acad\u00e9mique de l&#039;EDD.\"><img loading=\"lazy\" decoding=\"async\" width=\"150\" height=\"113\" src=\"https:\/\/etab.ac-reunion.fr\/clg-tamarins\/wp-content\/uploads\/sites\/56\/2022\/05\/20220530_102913-150x113.jpg\" class=\"attachment-post-thumbnail size-post-thumbnail wp-post-image\" alt=\"\" srcset=\"https:\/\/etab.ac-reunion.fr\/clg-tamarins\/wp-content\/uploads\/sites\/56\/2022\/05\/20220530_102913-150x113.jpg 150w, https:\/\/etab.ac-reunion.fr\/clg-tamarins\/wp-content\/uploads\/sites\/56\/2022\/05\/20220530_102913-300x225.jpg 300w, https:\/\/etab.ac-reunion.fr\/clg-tamarins\/wp-content\/uploads\/sites\/56\/2022\/05\/20220530_102913-1024x768.jpg 1024w, https:\/\/etab.ac-reunion.fr\/clg-tamarins\/wp-content\/uploads\/sites\/56\/2022\/05\/20220530_102913-768x576.jpg 768w, https:\/\/etab.ac-reunion.fr\/clg-tamarins\/wp-content\/uploads\/sites\/56\/2022\/05\/20220530_102913-1536x1152.jpg 1536w, https:\/\/etab.ac-reunion.fr\/clg-tamarins\/wp-content\/uploads\/sites\/56\/2022\/05\/20220530_102913-2048x1536.jpg 2048w\" sizes=\"auto, (max-width: 150px) 100vw, 150px\" \/><\/a><\/a>\n\t\t\t\t\n\t\t\t\t<h2 class=\"su-post-title\"><a href=\"https:\/\/etab.ac-reunion.fr\/clg-tamarins\/journee-academique-de-ledd\/\">Journ\u00e9e acad\u00e9mique de l&rsquo;EDD.<\/a><\/h2>\n\n\t\t\t\t<div class=\"su-post-meta\">\n\t\t\t\t\tPubli\u00e9: 13 juin 2022\t\t\t\t<\/div>\n\n\t\t\t\t<div class=\"su-post-excerpt\">\n\t\t\t\t\t<p>Ce lundi 30 Mai 2022 se tenait la JAEDD (Journ\u00e9e Acad\u00e9mique de l&rsquo;EDD), journ\u00e9e pendant laquelle\u00a0: certains \u00e9tablissements pr\u00e9sentaient leurs projets EDD men\u00e9s cette ann\u00e9e (recyclage, jardin potager, cr\u00e9ation d&rsquo;aire maritime, production de miel&#8230;)\u00a0; les partenaires (ONF, Globice, SREPEN, parc national des hauts&#8230;) accompagnants les \u00e9tablissements pr\u00e9sentaient leurs activit\u00e9s par\u2026<\/p>\n<p class=\"continue-reading-button\"> <a class=\"continue-reading-link\" href=\"https:\/\/etab.ac-reunion.fr\/clg-tamarins\/journee-academique-de-ledd\/\">Continuer \u00e0 lire<i class=\"crycon-right-dir\"><\/i><\/a><\/p>\n\t\t\t\t<\/div>\n\n\t\t\t\t\n\t\t\t<\/div>\n\n\t\t\t\t\t\n\t\t\t\n\t\t\t<div id=\"su-post-8250\" class=\"su-post \">\n\n\t\t\t\t\n\t\t\t\t<h2 class=\"su-post-title\"><a href=\"https:\/\/etab.ac-reunion.fr\/clg-tamarins\/le-traitement-de-nos-dechets\/\">Le traitement de nos d\u00e9chets !<\/a><\/h2>\n\n\t\t\t\t<div class=\"su-post-meta\">\n\t\t\t\t\tPubli\u00e9: 13 juin 2022\t\t\t\t<\/div>\n\n\t\t\t\t<div class=\"su-post-excerpt\">\n\t\t\t\t\t<p>&nbsp; Traiter nos d\u00e9chets (tri, enfouissement, valorisation) est un geste citoyen. En ce sens, la visite du centre d\u2019enfouissement des d\u00e9chets et du centre de tri de Pierrefonds, ce jeudi 14 avril 2022, a permis \u00e0 nos \u00e9l\u00e8ves de 5\u00e8me bilimbi ainsi qu\u2019\u00e0 nos \u00e9cod\u00e9l\u00e9gu\u00e9s de s\u2019informer sur ce th\u00e8me.\u2026<\/p>\n<p class=\"continue-reading-button\"> <a class=\"continue-reading-link\" href=\"https:\/\/etab.ac-reunion.fr\/clg-tamarins\/le-traitement-de-nos-dechets\/\">Continuer \u00e0 lire<i class=\"crycon-right-dir\"><\/i><\/a><\/p>\n\t\t\t\t<\/div>\n\n\t\t\t\t\n\t\t\t<\/div>\n\n\t\t\t\t\t\n\t\t\t\n\t\t\t<div id=\"su-post-8234\" class=\"su-post \">\n\n\t\t\t\t\t\t\t\t\t<a class=\"su-post-thumbnail\" href=\"https:\/\/etab.ac-reunion.fr\/clg-tamarins\/nouvelle-plantation-dans-larboretum-du-college-les-tamarins\/\"><a href=\"https:\/\/etab.ac-reunion.fr\/clg-tamarins\/nouvelle-plantation-dans-larboretum-du-college-les-tamarins\/\" title=\"Nouvelle plantation dans l\u2019arboretum du Coll\u00e8ge Les Tamarins.\"><img loading=\"lazy\" decoding=\"async\" width=\"113\" height=\"150\" src=\"https:\/\/etab.ac-reunion.fr\/clg-tamarins\/wp-content\/uploads\/sites\/56\/2022\/05\/20220419_163912-113x150.jpg\" class=\"attachment-post-thumbnail size-post-thumbnail wp-post-image\" alt=\"\" srcset=\"https:\/\/etab.ac-reunion.fr\/clg-tamarins\/wp-content\/uploads\/sites\/56\/2022\/05\/20220419_163912-113x150.jpg 113w, https:\/\/etab.ac-reunion.fr\/clg-tamarins\/wp-content\/uploads\/sites\/56\/2022\/05\/20220419_163912-225x300.jpg 225w, https:\/\/etab.ac-reunion.fr\/clg-tamarins\/wp-content\/uploads\/sites\/56\/2022\/05\/20220419_163912-768x1024.jpg 768w, https:\/\/etab.ac-reunion.fr\/clg-tamarins\/wp-content\/uploads\/sites\/56\/2022\/05\/20220419_163912-1152x1536.jpg 1152w, https:\/\/etab.ac-reunion.fr\/clg-tamarins\/wp-content\/uploads\/sites\/56\/2022\/05\/20220419_163912-1536x2048.jpg 1536w, https:\/\/etab.ac-reunion.fr\/clg-tamarins\/wp-content\/uploads\/sites\/56\/2022\/05\/20220419_163912-scaled.jpg 1920w\" sizes=\"auto, (max-width: 113px) 100vw, 113px\" \/><\/a><\/a>\n\t\t\t\t\n\t\t\t\t<h2 class=\"su-post-title\"><a href=\"https:\/\/etab.ac-reunion.fr\/clg-tamarins\/nouvelle-plantation-dans-larboretum-du-college-les-tamarins\/\">Nouvelle plantation dans l\u2019arboretum du Coll\u00e8ge Les Tamarins.<\/a><\/h2>\n\n\t\t\t\t<div class=\"su-post-meta\">\n\t\t\t\t\tPubli\u00e9: 13 juin 2022\t\t\t\t<\/div>\n\n\t\t\t\t<div class=\"su-post-excerpt\">\n\t\t\t\t\t<p>&nbsp; Les \u00e9l\u00e8ves de la 6\u00e8me cumin ont plant\u00e9 aujourd\u2019hui mardi 19 avril 2022 de nouvelles plantes dans l\u2019arboretum de notre coll\u00e8ge\u00a0: bois de buis, bois de mussard, bois de quivi, mazambron marron (le tout plant\u00e9 derri\u00e8re le b\u00e2timent A), et bois de gaulette (plant\u00e9 pr\u00e8s du parking \u00e0 motos).\u2026<\/p>\n<p class=\"continue-reading-button\"> <a class=\"continue-reading-link\" href=\"https:\/\/etab.ac-reunion.fr\/clg-tamarins\/nouvelle-plantation-dans-larboretum-du-college-les-tamarins\/\">Continuer \u00e0 lire<i class=\"crycon-right-dir\"><\/i><\/a><\/p>\n\t\t\t\t<\/div>\n\n\t\t\t\t\n\t\t\t<\/div>\n\n\t\t\t\t\t\n\t\t\t\n\t\t\t<div id=\"su-post-8030\" class=\"su-post \">\n\n\t\t\t\t\t\t\t\t\t<a class=\"su-post-thumbnail\" href=\"https:\/\/etab.ac-reunion.fr\/clg-tamarins\/projet-bann-fruit-ek-legim-pei-anler-dan-nout-kolez-2\/\"><a href=\"https:\/\/etab.ac-reunion.fr\/clg-tamarins\/projet-bann-fruit-ek-legim-pei-anler-dan-nout-kolez-2\/\" title=\"\u00a0Projet\u00a0: Bann fruit \u00e8k l\u00e9gim p\u00e9i anl\u00e8r dan nout kol\u00e8z\u00a0\"><img loading=\"lazy\" decoding=\"async\" width=\"150\" height=\"113\" src=\"https:\/\/etab.ac-reunion.fr\/clg-tamarins\/wp-content\/uploads\/sites\/56\/2022\/02\/DSCN0836-150x113.jpg\" class=\"attachment-post-thumbnail size-post-thumbnail wp-post-image\" alt=\"\" srcset=\"https:\/\/etab.ac-reunion.fr\/clg-tamarins\/wp-content\/uploads\/sites\/56\/2022\/02\/DSCN0836-150x113.jpg 150w, https:\/\/etab.ac-reunion.fr\/clg-tamarins\/wp-content\/uploads\/sites\/56\/2022\/02\/DSCN0836-300x225.jpg 300w, https:\/\/etab.ac-reunion.fr\/clg-tamarins\/wp-content\/uploads\/sites\/56\/2022\/02\/DSCN0836-1024x768.jpg 1024w, https:\/\/etab.ac-reunion.fr\/clg-tamarins\/wp-content\/uploads\/sites\/56\/2022\/02\/DSCN0836-768x576.jpg 768w, https:\/\/etab.ac-reunion.fr\/clg-tamarins\/wp-content\/uploads\/sites\/56\/2022\/02\/DSCN0836-1536x1152.jpg 1536w, https:\/\/etab.ac-reunion.fr\/clg-tamarins\/wp-content\/uploads\/sites\/56\/2022\/02\/DSCN0836-2048x1536.jpg 2048w\" sizes=\"auto, (max-width: 150px) 100vw, 150px\" \/><\/a><\/a>\n\t\t\t\t\n\t\t\t\t<h2 class=\"su-post-title\"><a href=\"https:\/\/etab.ac-reunion.fr\/clg-tamarins\/projet-bann-fruit-ek-legim-pei-anler-dan-nout-kolez-2\/\">\u00a0Projet\u00a0: Bann fruit \u00e8k l\u00e9gim p\u00e9i anl\u00e8r dan nout kol\u00e8z\u00a0<\/a><\/h2>\n\n\t\t\t\t<div class=\"su-post-meta\">\n\t\t\t\t\tPubli\u00e9: 16 f\u00e9vrier 2022\t\t\t\t<\/div>\n\n\t\t\t\t<div class=\"su-post-excerpt\">\n\t\t\t\t\t<p>&nbsp; &nbsp; &nbsp; &nbsp; 2\u00e8me partie\u00a0: distribution de fruits et l\u00e9gumes aux \u00e9l\u00e8ves du coll\u00e8ge. Ce mercredi 1er d\u00e9cembre, grande distribution de fruits et l\u00e9gumes pays aux \u00e9l\u00e8ves du coll\u00e8ge\u00a0! C\u2019est avec plaisir et enthousiasme que les \u00e9l\u00e8ves de 5\u00e8me pitaya ont pr\u00e9par\u00e9 pr\u00e8s de 405 paniers de 3 \u00e0\u2026<\/p>\n<p class=\"continue-reading-button\"> <a class=\"continue-reading-link\" href=\"https:\/\/etab.ac-reunion.fr\/clg-tamarins\/projet-bann-fruit-ek-legim-pei-anler-dan-nout-kolez-2\/\">Continuer \u00e0 lire<i class=\"crycon-right-dir\"><\/i><\/a><\/p>\n\t\t\t\t<\/div>\n\n\t\t\t\t\n\t\t\t<\/div>\n\n\t\t\t\t\t\n\t\t\t\n\t\t\t<div id=\"su-post-7925\" class=\"su-post \">\n\n\t\t\t\t\n\t\t\t\t<h2 class=\"su-post-title\"><a href=\"https:\/\/etab.ac-reunion.fr\/clg-tamarins\/projet-bann-fruit-ek-legim-pei-anler-dan-nout-kolez\/\">Projet : Bann fruit \u00e8k l\u00e9gim p\u00e9i anl\u00e8r dan nout kol\u00e8z<\/a><\/h2>\n\n\t\t\t\t<div class=\"su-post-meta\">\n\t\t\t\t\tPubli\u00e9: 29 novembre 2021\t\t\t\t<\/div>\n\n\t\t\t\t<div class=\"su-post-excerpt\">\n\t\t\t\t\t<p>&nbsp; &nbsp; &nbsp; &nbsp; 1\u00e8re partie\u00a0: visite d\u2019une exploitation agricole \u00e0 Grand Bois. La classe de 5\u00e8me Pitaya a visit\u00e9 une exploitation agricole \u00e0 Grand Bois (exploitation de Mr TAILAME), accompagn\u00e9e de Mr SOUBADOU (technicien agricole de la chambre d\u2019agriculture). Les \u00e9l\u00e8ves ont pu visiter une exploitation pr\u00e9sentant une diversification\u2026<\/p>\n<p class=\"continue-reading-button\"> <a class=\"continue-reading-link\" href=\"https:\/\/etab.ac-reunion.fr\/clg-tamarins\/projet-bann-fruit-ek-legim-pei-anler-dan-nout-kolez\/\">Continuer \u00e0 lire<i class=\"crycon-right-dir\"><\/i><\/a><\/p>\n\t\t\t\t<\/div>\n\n\t\t\t\t\n\t\t\t<\/div>\n\n\t\t\t\t\t\n\t\t\t\n\t\t\t<div id=\"su-post-7878\" class=\"su-post \">\n\n\t\t\t\t\n\t\t\t\t<h2 class=\"su-post-title\"><a href=\"https:\/\/etab.ac-reunion.fr\/clg-tamarins\/arboretum-des-tamarins\/\">Arboretum des Tamarins<\/a><\/h2>\n\n\t\t\t\t<div class=\"su-post-meta\">\n\t\t\t\t\tPubli\u00e9: 26 novembre 2021\t\t\t\t<\/div>\n\n\t\t\t\t<div class=\"su-post-excerpt\">\n\t\t\t\t\t<p>Le 22 juin 2021, les \u00e9l\u00e8ves de la classe de 6\u00e8me Cumin (2020-2021) ont particip\u00e9 aux premi\u00e8res plantations des premi\u00e8res esp\u00e8ces v\u00e9g\u00e9tales de l\u2019arboretum de notre coll\u00e8ge\u00a0: 3 Mahots tantans et 3 bois de senteurs blancs. Cet arboretum a pour objectif la pr\u00e9servation et la conservation d\u2019esp\u00e8ces end\u00e9miques de notre\u2026<\/p>\n<p class=\"continue-reading-button\"> <a class=\"continue-reading-link\" href=\"https:\/\/etab.ac-reunion.fr\/clg-tamarins\/arboretum-des-tamarins\/\">Continuer \u00e0 lire<i class=\"crycon-right-dir\"><\/i><\/a><\/p>\n\t\t\t\t<\/div>\n\n\t\t\t\t\n\t\t\t<\/div>\n\n\t\t\t\t\t\n\t\t\t\n\t\t\t<div id=\"su-post-7852\" class=\"su-post \">\n\n\t\t\t\t\n\t\t\t\t<h2 class=\"su-post-title\"><a href=\"https:\/\/etab.ac-reunion.fr\/clg-tamarins\/bilan-des-actions-liees-aux-edd-du-college-les-tamarins-annee-scolaire-2020-2021\/\">Bilan des actions li\u00e9es aux EDD du coll\u00e8ge les Tamarins (ann\u00e9e scolaire 2020-2021)<\/a><\/h2>\n\n\t\t\t\t<div class=\"su-post-meta\">\n\t\t\t\t\tPubli\u00e9: 24 novembre 2021\t\t\t\t<\/div>\n\n\t\t\t\t<div class=\"su-post-excerpt\">\n\t\t\t\t\t<p>C\u2019est \u00e0 la rentr\u00e9e 2020 que notre \u00e9tablissement a organis\u00e9 sa toute premi\u00e8re \u00e9lection d\u2019Ecod\u00e9l\u00e9gu\u00e9s (ED) : 27 ED ont \u00e9t\u00e9 \u00e9lus form\u00e9s de la m\u00eame fa\u00e7on que les d\u00e9l\u00e9gu\u00e9s de classe. Premi\u00e8re action des Ecod\u00e9l\u00e9gu\u00e9s 2020\/2021\u00a0: le ramassage des d\u00e9chets dans le coll\u00e8ge. Le 09 Octobre 2020, nos ED\u2026<\/p>\n<p class=\"continue-reading-button\"> <a class=\"continue-reading-link\" href=\"https:\/\/etab.ac-reunion.fr\/clg-tamarins\/bilan-des-actions-liees-aux-edd-du-college-les-tamarins-annee-scolaire-2020-2021\/\">Continuer \u00e0 lire<i class=\"crycon-right-dir\"><\/i><\/a><\/p>\n\t\t\t\t<\/div>\n\n\t\t\t\t\n\t\t\t<\/div>\n\n\t\t\n\t\n<\/div>\n\n<p>&nbsp;<\/p>\n<p>&nbsp;<\/p>\n<p>&nbsp;<\/p>\n","protected":false},"excerpt":{"rendered":"<p>&nbsp; &nbsp; &nbsp;<\/p>\n<p class=\"continue-reading-button\"> <a class=\"continue-reading-link\" href=\"https:\/\/etab.ac-reunion.fr\/clg-tamarins\/bilan-des-actions-liees-aux-edd-du-college-les-tamarins-annee-scolaire-2020-2021\/\">Continuer \u00e0 lire<i class=\"crycon-right-dir\"><\/i><\/a><\/p>\n","protected":false},"author":30567,"featured_media":0,"parent":0,"menu_order":0,"comment_status":"closed","ping_status":"closed","template":"","meta":{"footnotes":""},"class_list":["post-7843","page","type-page","status-publish","hentry"],"_links":{"self":[{"href":"https:\/\/etab.ac-reunion.fr\/clg-tamarins\/wp-json\/wp\/v2\/pages\/7843","targetHints":{"allow":["GET"]}}],"collection":[{"href":"https:\/\/etab.ac-reunion.fr\/clg-tamarins\/wp-json\/wp\/v2\/pages"}],"about":[{"href":"https:\/\/etab.ac-reunion.fr\/clg-tamarins\/wp-json\/wp\/v2\/types\/page"}],"author":[{"embeddable":true,"href":"https:\/\/etab.ac-reunion.fr\/clg-tamarins\/wp-json\/wp\/v2\/users\/30567"}],"replies":[{"embeddable":true,"href":"https:\/\/etab.ac-reunion.fr\/clg-tamarins\/wp-json\/wp\/v2\/comments?post=7843"}],"version-history":[{"count":21,"href":"https:\/\/etab.ac-reunion.fr\/clg-tamarins\/wp-json\/wp\/v2\/pages\/7843\/revisions"}],"predecessor-version":[{"id":7921,"href":"https:\/\/etab.ac-reunion.fr\/clg-tamarins\/wp-json\/wp\/v2\/pages\/7843\/revisions\/7921"}],"wp:attachment":[{"href":"https:\/\/etab.ac-reunion.fr\/clg-tamarins\/wp-json\/wp\/v2\/media?parent=7843"}],"curies":[{"name":"wp","href":"https:\/\/api.w.org\/{rel}","templated":true}]}}