{"id":7985,"date":"2021-12-02T10:52:20","date_gmt":"2021-12-02T06:52:20","guid":{"rendered":"http:\/\/college-les-tamarins.ac-reunion.fr\/?page_id=7985"},"modified":"2021-12-02T11:13:58","modified_gmt":"2021-12-02T07:13:58","slug":"parcours-dexcellence","status":"publish","type":"page","link":"https:\/\/etab.ac-reunion.fr\/clg-tamarins\/parcours-dexcellence\/","title":{"rendered":"Parcours d&rsquo;Excellence"},"content":{"rendered":"\n\n<div class=\"su-posts su-posts-default-loop \">\n\n\t\n\t\t\t\t\t\n\t\t\t\n\t\t\t<div id=\"su-post-7949\" class=\"su-post \">\n\n\t\t\t\t\n\t\t\t\t<h2 class=\"su-post-title\"><a href=\"https:\/\/etab.ac-reunion.fr\/clg-tamarins\/forum-des-metiers-2021\/\">Forum des m\u00e9tiers 2021<\/a><\/h2>\n\n\t\t\t\t<div class=\"su-post-meta\">\n\t\t\t\t\tPubli\u00e9: 7 d\u00e9cembre 2021\t\t\t\t<\/div>\n\n\t\t\t\t<div class=\"su-post-excerpt\">\n\t\t\t\t\t<p>Nous avions pr\u00e9par\u00e9 cette matin\u00e9e avec nos enseignants : comment accueillir des intervenants qui viennent nous parler de leur m\u00e9tier\u2026 Et c\u2019est le mercredi 24 novembre que les \u00e9l\u00e8ves de 3i\u00e8mes ont pu poser les questions \u00e0 des professionnels sur leurs activit\u00e9s. D\u00e9s leur arriv\u00e9e, nous, Parcours d\u2019Excellence, les avons\u2026<\/p>\n<p class=\"continue-reading-button\"> <a class=\"continue-reading-link\" href=\"https:\/\/etab.ac-reunion.fr\/clg-tamarins\/forum-des-metiers-2021\/\">Continuer \u00e0 lire<i class=\"crycon-right-dir\"><\/i><\/a><\/p>\n\t\t\t\t<\/div>\n\n\t\t\t\t\n\t\t\t<\/div>\n\n\t\t\t\t\t\n\t\t\t\n\t\t\t<div id=\"su-post-7968\" class=\"su-post \">\n\n\t\t\t\t\n\t\t\t\t<h2 class=\"su-post-title\"><a href=\"https:\/\/etab.ac-reunion.fr\/clg-tamarins\/visite-des-hemicycles-a-saint-denis\/\">VISITE DES HEMICYCLES A SAINT DENIS<\/a><\/h2>\n\n\t\t\t\t<div class=\"su-post-meta\">\n\t\t\t\t\tPubli\u00e9: 7 d\u00e9cembre 2021\t\t\t\t<\/div>\n\n\t\t\t\t<div class=\"su-post-excerpt\">\n\t\t\t\t\t<p>Le jeudi, 18 novembre, dans le cadre du Parcours d\u2019Excellence nous avons \u00e9t\u00e9 convi\u00e9s \u00e0 une visite des h\u00e9micycles (D\u00e9partement et R\u00e9gion), mais h\u00e9las le D\u00e9partement n\u2019a pu nous recevoir ! Apr\u00e8s quelques embouteillages sur la route du Littoral nous sommes arriv\u00e9s \u00e0 la R\u00e9gion o\u00f9 une dame de l\u2019accueil,\u2026<\/p>\n<p class=\"continue-reading-button\"> <a class=\"continue-reading-link\" href=\"https:\/\/etab.ac-reunion.fr\/clg-tamarins\/visite-des-hemicycles-a-saint-denis\/\">Continuer \u00e0 lire<i class=\"crycon-right-dir\"><\/i><\/a><\/p>\n\t\t\t\t<\/div>\n\n\t\t\t\t\n\t\t\t<\/div>\n\n\t\t\n\t\n<\/div>\n\n","protected":false},"excerpt":{"rendered":"<p class=\"continue-reading-button\"> <a class=\"continue-reading-link\" href=\"https:\/\/etab.ac-reunion.fr\/clg-tamarins\/visite-des-hemicycles-a-saint-denis\/\">Continuer \u00e0 lire<i class=\"crycon-right-dir\"><\/i><\/a><\/p>\n","protected":false},"author":30567,"featured_media":0,"parent":0,"menu_order":0,"comment_status":"closed","ping_status":"closed","template":"","meta":{"footnotes":""},"class_list":["post-7985","page","type-page","status-publish","hentry"],"_links":{"self":[{"href":"https:\/\/etab.ac-reunion.fr\/clg-tamarins\/wp-json\/wp\/v2\/pages\/7985","targetHints":{"allow":["GET"]}}],"collection":[{"href":"https:\/\/etab.ac-reunion.fr\/clg-tamarins\/wp-json\/wp\/v2\/pages"}],"about":[{"href":"https:\/\/etab.ac-reunion.fr\/clg-tamarins\/wp-json\/wp\/v2\/types\/page"}],"author":[{"embeddable":true,"href":"https:\/\/etab.ac-reunion.fr\/clg-tamarins\/wp-json\/wp\/v2\/users\/30567"}],"replies":[{"embeddable":true,"href":"https:\/\/etab.ac-reunion.fr\/clg-tamarins\/wp-json\/wp\/v2\/comments?post=7985"}],"version-history":[{"count":3,"href":"https:\/\/etab.ac-reunion.fr\/clg-tamarins\/wp-json\/wp\/v2\/pages\/7985\/revisions"}],"predecessor-version":[{"id":7992,"href":"https:\/\/etab.ac-reunion.fr\/clg-tamarins\/wp-json\/wp\/v2\/pages\/7985\/revisions\/7992"}],"wp:attachment":[{"href":"https:\/\/etab.ac-reunion.fr\/clg-tamarins\/wp-json\/wp\/v2\/media?parent=7985"}],"curies":[{"name":"wp","href":"https:\/\/api.w.org\/{rel}","templated":true}]}}