{"id":9648,"date":"2025-11-05T09:06:41","date_gmt":"2025-11-05T05:06:41","guid":{"rendered":"https:\/\/etab.ac-reunion.fr\/clg-tamarins\/?page_id=9648"},"modified":"2025-11-05T09:06:41","modified_gmt":"2025-11-05T05:06:41","slug":"programme-evars","status":"publish","type":"page","link":"https:\/\/etab.ac-reunion.fr\/clg-tamarins\/programme-evars\/","title":{"rendered":"Programme EVARS"},"content":{"rendered":"\n\n<div class=\"su-posts su-posts-default-loop \">\n\n\t\n\t\t\t\t\t\n\t\t\t\n\t\t\t<div id=\"su-post-9657\" class=\"su-post \">\n\n\t\t\t\t\t\t\t\t\t<a class=\"su-post-thumbnail\" href=\"https:\/\/etab.ac-reunion.fr\/clg-tamarins\/9657-2\/\"><a href=\"https:\/\/etab.ac-reunion.fr\/clg-tamarins\/9657-2\/\" title=\"Programme d&#039;\u00e9ducation \u00e0 la vie affective et relationnelle, et \u00e0 la sexualit\u00e9\"><img loading=\"lazy\" decoding=\"async\" width=\"106\" height=\"150\" src=\"https:\/\/etab.ac-reunion.fr\/clg-tamarins\/wp-content\/uploads\/sites\/56\/2025\/09\/D_programme-d-ducation-la-vie-affective-et-relationnelle-et-la-sexualit-au-coll-ge-19959901-106x150.jpg\" class=\"attachment-post-thumbnail size-post-thumbnail wp-post-image\" alt=\"\" srcset=\"https:\/\/etab.ac-reunion.fr\/clg-tamarins\/wp-content\/uploads\/sites\/56\/2025\/09\/D_programme-d-ducation-la-vie-affective-et-relationnelle-et-la-sexualit-au-coll-ge-19959901-106x150.jpg 106w, https:\/\/etab.ac-reunion.fr\/clg-tamarins\/wp-content\/uploads\/sites\/56\/2025\/09\/D_programme-d-ducation-la-vie-affective-et-relationnelle-et-la-sexualit-au-coll-ge-19959901-212x300.jpg 212w, https:\/\/etab.ac-reunion.fr\/clg-tamarins\/wp-content\/uploads\/sites\/56\/2025\/09\/D_programme-d-ducation-la-vie-affective-et-relationnelle-et-la-sexualit-au-coll-ge-19959901-724x1024.jpg 724w, https:\/\/etab.ac-reunion.fr\/clg-tamarins\/wp-content\/uploads\/sites\/56\/2025\/09\/D_programme-d-ducation-la-vie-affective-et-relationnelle-et-la-sexualit-au-coll-ge-19959901-768x1086.jpg 768w, https:\/\/etab.ac-reunion.fr\/clg-tamarins\/wp-content\/uploads\/sites\/56\/2025\/09\/D_programme-d-ducation-la-vie-affective-et-relationnelle-et-la-sexualit-au-coll-ge-19959901-1086x1536.jpg 1086w, https:\/\/etab.ac-reunion.fr\/clg-tamarins\/wp-content\/uploads\/sites\/56\/2025\/09\/D_programme-d-ducation-la-vie-affective-et-relationnelle-et-la-sexualit-au-coll-ge-19959901.jpg 1240w\" sizes=\"auto, (max-width: 106px) 100vw, 106px\" \/><\/a><\/a>\n\t\t\t\t\n\t\t\t\t<h2 class=\"su-post-title\"><a href=\"https:\/\/etab.ac-reunion.fr\/clg-tamarins\/9657-2\/\">Programme d&rsquo;\u00e9ducation \u00e0 la vie affective et relationnelle, et \u00e0 la sexualit\u00e9<\/a><\/h2>\n\n\t\t\t\t<div class=\"su-post-meta\">\n\t\t\t\t\tPubli\u00e9: 5 novembre 2025\t\t\t\t<\/div>\n\n\t\t\t\t<div class=\"su-post-excerpt\">\n\t\t\t\t\t<p>Cliquer sur l&rsquo;image ci-dessous pour lire le document \u2193 Foire aux questions: foire-aux-questions_evars Plus d&rsquo;infos en vid\u00e9o sur le site de l&rsquo;\u00e9ducation: https:\/\/www.education.gouv.fr\/un-programme-ambitieux-eduquer-la-vie-affective-et-relationnelle-et-la-sexualite-416296 &nbsp;<\/p>\n<p class=\"continue-reading-button\"> <a class=\"continue-reading-link\" href=\"https:\/\/etab.ac-reunion.fr\/clg-tamarins\/9657-2\/\">Continuer \u00e0 lire<i class=\"crycon-right-dir\"><\/i><\/a><\/p>\n\t\t\t\t<\/div>\n\n\t\t\t\t\n\t\t\t<\/div>\n\n\t\t\n\t\n<\/div>\n\n","protected":false},"excerpt":{"rendered":"<p class=\"continue-reading-button\"> <a class=\"continue-reading-link\" href=\"https:\/\/etab.ac-reunion.fr\/clg-tamarins\/9657-2\/\">Continuer \u00e0 lire<i class=\"crycon-right-dir\"><\/i><\/a><\/p>\n","protected":false},"author":30567,"featured_media":0,"parent":0,"menu_order":0,"comment_status":"closed","ping_status":"closed","template":"","meta":{"footnotes":""},"class_list":["post-9648","page","type-page","status-publish","hentry"],"_links":{"self":[{"href":"https:\/\/etab.ac-reunion.fr\/clg-tamarins\/wp-json\/wp\/v2\/pages\/9648","targetHints":{"allow":["GET"]}}],"collection":[{"href":"https:\/\/etab.ac-reunion.fr\/clg-tamarins\/wp-json\/wp\/v2\/pages"}],"about":[{"href":"https:\/\/etab.ac-reunion.fr\/clg-tamarins\/wp-json\/wp\/v2\/types\/page"}],"author":[{"embeddable":true,"href":"https:\/\/etab.ac-reunion.fr\/clg-tamarins\/wp-json\/wp\/v2\/users\/30567"}],"replies":[{"embeddable":true,"href":"https:\/\/etab.ac-reunion.fr\/clg-tamarins\/wp-json\/wp\/v2\/comments?post=9648"}],"version-history":[{"count":3,"href":"https:\/\/etab.ac-reunion.fr\/clg-tamarins\/wp-json\/wp\/v2\/pages\/9648\/revisions"}],"predecessor-version":[{"id":9651,"href":"https:\/\/etab.ac-reunion.fr\/clg-tamarins\/wp-json\/wp\/v2\/pages\/9648\/revisions\/9651"}],"wp:attachment":[{"href":"https:\/\/etab.ac-reunion.fr\/clg-tamarins\/wp-json\/wp\/v2\/media?parent=9648"}],"curies":[{"name":"wp","href":"https:\/\/api.w.org\/{rel}","templated":true}]}}