{"id":808,"date":"2019-05-04T14:48:01","date_gmt":"2019-05-04T10:48:01","guid":{"rendered":"http:\/\/college-terrain-fleury.ac-reunion.fr\/?page_id=808"},"modified":"2019-05-05T17:47:37","modified_gmt":"2019-05-05T13:47:37","slug":"lassistante-sociale","status":"publish","type":"page","link":"https:\/\/etab.ac-reunion.fr\/clg-terrain-fleury\/lassistante-sociale\/","title":{"rendered":"L&rsquo;assistante sociale"},"content":{"rendered":"\n<p><em><strong>L\u2019assistant social aide les jeunes scolaris\u00e9s \u00e0 faire face aux probl\u00e8mes qu\u2019ils rencontrent dans leur vie quotidienne (relations, travail, maladie, logement, budget,\u2026) Il en recherche les causes, \u00e9tablit un bilan et propose des solutions pour y rem\u00e9dier. Il informe les jeunes en difficult\u00e9s et leurs familles sur leurs droits, les oriente vers les services comp\u00e9tents, les accompagne dans leurs d\u00e9marches.<\/strong><\/em><\/p>\n\n\n\n<p>L\u2019AS&nbsp;scolaire intervient aupr\u00e8s des jeunes scolaris\u00e9s dans les \u00e9tablissements publics du second degr\u00e9 et \u00e9galement aupr\u00e8s de leurs familles.<\/p>\n\n\n\n<h3 class=\"wp-block-heading\">Au quotidien, le travail de l\u2019AS&nbsp;consiste \u00e0&nbsp;:<\/h3>\n\n\n\n<ul class=\"wp-block-list\"><li>Faire un diagnostic, une analyse de la situation du jeune tant dans le cadre scolaire que son environnement familial ;<\/li><li>Informer les jeunes et leurs familles sur leurs droits ;<\/li><li>Envisager les actions \u00e0 mettre en place pour surmonter les difficult\u00e9s rencontr\u00e9es ;<\/li><li>Faire le lien entre le jeune, sa famille, l\u2019\u00e9quipe \u00e9ducative et les organismes susceptibles de leur apporter une r\u00e9ponse, il joue ainsi un r\u00f4le de m\u00e9diation ;<\/li><li>Il est \u00e9galement conseiller technique de l\u2019\u00e9tablissement pour les questions d\u2019ordre social<\/li><li>&nbsp;Il r\u00e9alise un travail sur mesure adapt\u00e9 au cas de chaque \u00e9l\u00e8ve en lien avec sa famille, l\u2019\u00e9quipe \u00e9ducative et les partenaires ext\u00e9rieurs si besoin.<\/li><\/ul>\n\n\n\n<h3 class=\"wp-block-heading\">Avant tout, un travail relationnel<\/h3>\n\n\n\n<p>L\u2019AS&nbsp;exerce son activit\u00e9 au sein des \u00e9tablissements scolaires du second degr\u00e9. Il entretient tout un r\u00e9seau de relations&nbsp;:<\/p>\n\n\n\n<ul class=\"wp-block-list\"><li>A l\u2019interne avec l\u2019ensemble des personnes des \u00e9tablissements.<\/li><li>A l\u2019externe, l\u2019AS construit des r\u00e9seaux de travail avec les institutions ext\u00e9rieures :<\/li><li>Les travailleurs sociaux intervenants dans les familles ;<\/li><li>Les services de justice, de police et de gendarmerie ;<\/li><li>&nbsp;Les associations pr\u00e9sentes sur le secteur&nbsp;;<\/li><\/ul>\n\n\n\n<p>Il peut participer aux actions sociales communales et d\u00e9partementales&nbsp;;<br>Il repr\u00e9sente le service dans les diff\u00e9rents groupes de travail pluri-professionnels et pluri-institutionnels.<br>Actions collectives<\/p>\n\n\n\n<p>L\u2019action collective s\u2019inscrit dans une d\u00e9marche de pr\u00e9vention globale ou de r\u00e9solutions de probl\u00e8mes et r\u00e9unit autour d\u2019un projet d\u2019\u00e9tablissement divers partenaires&nbsp;: justice, gendarmerie, police, parents d\u2019\u00e9l\u00e8ves, service socio-\u00e9ducatifs. Ces actions peuvent s\u2019adresser aux \u00e9l\u00e8ves, mais aussi aux parents et aux personnels de l\u2019Education Nationale. Le Comit\u00e9 d\u2019Education \u00e0 la Sant\u00e9 et \u00e0 la Citoyennet\u00e9 est le cadre privil\u00e9gi\u00e9 pour ce type d\u2019action<\/p>\n","protected":false},"excerpt":{"rendered":"<p>L\u2019assistant social aide les jeunes scolaris\u00e9s \u00e0 faire face aux probl\u00e8mes qu\u2019ils rencontrent dans leur vie quotidienne (relations, travail, maladie, logement, budget,\u2026) Il en recherche les causes, \u00e9tablit un bilan et propose des solutions pour y rem\u00e9dier. Il informe les jeunes en difficult\u00e9s et leurs familles sur leurs droits, les\u2026<\/p>\n<p class=\"continue-reading-button\"> <a class=\"continue-reading-link\" href=\"https:\/\/etab.ac-reunion.fr\/clg-terrain-fleury\/lassistante-sociale\/\">Lire la suite<i class=\"crycon-right-dir\"><\/i><\/a><\/p>\n","protected":false},"author":21090,"featured_media":0,"parent":0,"menu_order":0,"comment_status":"closed","ping_status":"closed","template":"","meta":{"footnotes":""},"class_list":["post-808","page","type-page","status-publish","hentry"],"_links":{"self":[{"href":"https:\/\/etab.ac-reunion.fr\/clg-terrain-fleury\/wp-json\/wp\/v2\/pages\/808","targetHints":{"allow":["GET"]}}],"collection":[{"href":"https:\/\/etab.ac-reunion.fr\/clg-terrain-fleury\/wp-json\/wp\/v2\/pages"}],"about":[{"href":"https:\/\/etab.ac-reunion.fr\/clg-terrain-fleury\/wp-json\/wp\/v2\/types\/page"}],"author":[{"embeddable":true,"href":"https:\/\/etab.ac-reunion.fr\/clg-terrain-fleury\/wp-json\/wp\/v2\/users\/21090"}],"replies":[{"embeddable":true,"href":"https:\/\/etab.ac-reunion.fr\/clg-terrain-fleury\/wp-json\/wp\/v2\/comments?post=808"}],"version-history":[{"count":2,"href":"https:\/\/etab.ac-reunion.fr\/clg-terrain-fleury\/wp-json\/wp\/v2\/pages\/808\/revisions"}],"predecessor-version":[{"id":918,"href":"https:\/\/etab.ac-reunion.fr\/clg-terrain-fleury\/wp-json\/wp\/v2\/pages\/808\/revisions\/918"}],"wp:attachment":[{"href":"https:\/\/etab.ac-reunion.fr\/clg-terrain-fleury\/wp-json\/wp\/v2\/media?parent=808"}],"curies":[{"name":"wp","href":"https:\/\/api.w.org\/{rel}","templated":true}]}}