{"id":5536,"date":"2020-11-18T11:06:24","date_gmt":"2020-11-18T07:06:24","guid":{"rendered":"http:\/\/lycee-avirons.ac-reunion.fr\/?page_id=5536"},"modified":"2020-11-24T15:19:45","modified_gmt":"2020-11-24T11:19:45","slug":"parcoursup-2021","status":"publish","type":"page","link":"https:\/\/etab.ac-reunion.fr\/lyc-antoine-de-saint-exupery\/parcoursup-2021\/","title":{"rendered":"PARCOURSUP 2021"},"content":{"rendered":"\n<p>Parcoursup : l&rsquo;orientation du lyc\u00e9e vers l&rsquo;enseignement sup\u00e9rieur<\/p>\n\n\n\n<figure class=\"wp-block-gallery columns-1 is-cropped wp-block-gallery-1 is-layout-flex wp-block-gallery-is-layout-flex\"><ul class=\"blocks-gallery-grid\"><li class=\"blocks-gallery-item\"><figure><img loading=\"lazy\" decoding=\"async\" width=\"1024\" height=\"576\" src=\"https:\/\/etab.ac-reunion.fr\/lyc-antoine-de-saint-exupery\/wp-content\/uploads\/sites\/59\/2020\/11\/Visuels-3-etapes-Calendrier-Parcoursup-2021.jpg\" alt=\"\" data-id=\"5541\" data-full-url=\"https:\/\/etab.ac-reunion.fr\/lyc-antoine-de-saint-exupery\/wp-content\/uploads\/sites\/59\/2020\/11\/Visuels-3-etapes-Calendrier-Parcoursup-2021.jpg\" data-link=\"https:\/\/etab.ac-reunion.fr\/lyc-antoine-de-saint-exupery\/parcoursup-2021\/visuels-3-etapes-calendrier-parcoursup-2021\/\" class=\"wp-image-5541\" srcset=\"https:\/\/etab.ac-reunion.fr\/lyc-antoine-de-saint-exupery\/wp-content\/uploads\/sites\/59\/2020\/11\/Visuels-3-etapes-Calendrier-Parcoursup-2021.jpg 1024w, https:\/\/etab.ac-reunion.fr\/lyc-antoine-de-saint-exupery\/wp-content\/uploads\/sites\/59\/2020\/11\/Visuels-3-etapes-Calendrier-Parcoursup-2021-300x169.jpg 300w, https:\/\/etab.ac-reunion.fr\/lyc-antoine-de-saint-exupery\/wp-content\/uploads\/sites\/59\/2020\/11\/Visuels-3-etapes-Calendrier-Parcoursup-2021-768x432.jpg 768w, https:\/\/etab.ac-reunion.fr\/lyc-antoine-de-saint-exupery\/wp-content\/uploads\/sites\/59\/2020\/11\/Visuels-3-etapes-Calendrier-Parcoursup-2021-95x54.jpg 95w\" sizes=\"auto, (max-width: 1024px) 100vw, 1024px\" \/><\/figure><\/li><\/ul><\/figure>\n\n\n\n<p><a href=\"https:\/\/etab.ac-reunion.fr\/lyc-antoine-de-saint-exupery\/wp-content\/uploads\/sites\/59\/2020\/11\/psup20_3etaps_1920x1080_01.pdf\">-calendrier d\u00e9tailler<\/a><br \/><a href=\"https:\/\/etab.ac-reunion.fr\/lyc-antoine-de-saint-exupery\/wp-content\/uploads\/sites\/59\/2020\/11\/Calendrier-Candidats-PARCOURSUP-2021-1.pdf\">-calendrier candidat R\u00e9union &#8211; PARCOURSUP 2021<\/a><\/p>\n\n\n\n<p><\/p>\n\n\n\n<p><strong>Le calendrier Parcoursup 2021 en trois \u00e9tapes<\/strong>:<br \/><br \/><strong>D\u00e9but Novembre 2020 &gt; Janvier 2021 &#8211; Je m\u2019informe &amp; d\u00e9couvre les formations<\/strong><\/p>\n\n\n\n<figure class=\"wp-block-gallery columns-1 is-cropped wp-block-gallery-2 is-layout-flex wp-block-gallery-is-layout-flex\"><ul class=\"blocks-gallery-grid\"><li class=\"blocks-gallery-item\"><figure><img loading=\"lazy\" decoding=\"async\" width=\"1024\" height=\"572\" src=\"https:\/\/etab.ac-reunion.fr\/lyc-antoine-de-saint-exupery\/wp-content\/uploads\/sites\/59\/2020\/11\/1-1-1024x572.jpg\" alt=\"\" data-id=\"5553\" data-full-url=\"https:\/\/etab.ac-reunion.fr\/lyc-antoine-de-saint-exupery\/wp-content\/uploads\/sites\/59\/2020\/11\/1-1.jpg\" data-link=\"https:\/\/etab.ac-reunion.fr\/lyc-antoine-de-saint-exupery\/parcoursup-2021\/1-1-3\/\" class=\"wp-image-5553\" srcset=\"https:\/\/etab.ac-reunion.fr\/lyc-antoine-de-saint-exupery\/wp-content\/uploads\/sites\/59\/2020\/11\/1-1-1024x572.jpg 1024w, https:\/\/etab.ac-reunion.fr\/lyc-antoine-de-saint-exupery\/wp-content\/uploads\/sites\/59\/2020\/11\/1-1-300x168.jpg 300w, https:\/\/etab.ac-reunion.fr\/lyc-antoine-de-saint-exupery\/wp-content\/uploads\/sites\/59\/2020\/11\/1-1-768x429.jpg 768w, https:\/\/etab.ac-reunion.fr\/lyc-antoine-de-saint-exupery\/wp-content\/uploads\/sites\/59\/2020\/11\/1-1-95x54.jpg 95w, https:\/\/etab.ac-reunion.fr\/lyc-antoine-de-saint-exupery\/wp-content\/uploads\/sites\/59\/2020\/11\/1-1.jpg 1212w\" sizes=\"auto, (max-width: 1024px) 100vw, 1024px\" \/><\/figure><\/li><\/ul><\/figure>\n\n\n\n<h5 class=\"wp-block-heading\">D\u00e9but novembre &gt; janvier<\/h5>\n\n\n\n<ul class=\"wp-block-list\"><li>Je pr\u00e9pare mon projet d\u2019orientation : je peux faire mes recherches sur le site <a href=\"http:\/\/www.terminales2020-2021.fr\/\" target=\"_blank\" rel=\"noreferrer noopener\">terminales2020-2021.fr<\/a> et sur <a href=\"https:\/\/www.parcoursup.fr\">parcoursup.fr<\/a> en consultant le moteur de recherche des formations propos\u00e9es en 2020.<br \/>&nbsp;Si je suis un lyc\u00e9en, j&rsquo;\u00e9change avec mon professeur principal et je participe \u00e0 la 1re semaine de l\u2019orientation dans mon lyc\u00e9e.<br \/>&nbsp;Si je suis \u00e9tudiant et que je souhaite me r\u00e9orienter, je me rapproche du service orientation de mon \u00e9tablissement qui peut m\u2019accompagner dans mon projet.<\/li><\/ul>\n\n\n\n<h5 class=\"wp-block-heading\">D\u00e9but d\u00e9cembre<\/h5>\n\n\n\n<p>Si je suis lyc\u00e9en, je renseigne ma fiche de dialogue : le 1er conseil de classe prend connaissance de mon projet d\u2019orientation et formule des recommandations.<\/p>\n\n\n\n<h5 class=\"wp-block-heading\">21 d\u00e9cembre<\/h5>\n\n\n\n<p>Ouverture du site d\u2019information de Parcoursup.fr 2021 :<\/p>\n\n\n\n<ul class=\"wp-block-list\"><li>Je m\u2019informe sur le fonctionnement de la proc\u00e9dure.<\/li><li>Je consulte le moteur de recherche des formations disponibles en 2021. Plus de 17 000 formations sont propos\u00e9es, y compris des formations en apprentissage. Pour chaque formation, une fiche de pr\u00e9sentation d\u00e9taille les enseignements propos\u00e9s, les comp\u00e9tences et les connaissances attendues, des conseils pour les lyc\u00e9ens, les crit\u00e8res g\u00e9n\u00e9raux d\u2019examen des v\u0153ux, les possibilit\u00e9s de poursuite d\u2019\u00e9tude et les d\u00e9bouch\u00e9s professionnels et les \u00e9ventuels frais de formation\u2026<\/li><\/ul>\n\n\n\n<p>Lorsque vous recherchez une formation, le moteur de recherche vous propose \u00e9galement des formations similaires qui peuvent vous int\u00e9resser. N\u2019h\u00e9sitez pas \u00e0 les consulter pour \u00e9largir vos choix.<\/p>\n\n\n\n<p><\/p>\n\n\n\n<p><\/p>\n\n\n\n<p><\/p>\n\n\n\n<p><strong>20 janvier &gt; 11 mars &gt; 8 avril 2021 &#8211; Je m\u2019inscris pour formuler mes v\u0153ux et finalise mon dossier<\/strong><\/p>\n\n\n\n<figure class=\"wp-block-gallery columns-1 is-cropped wp-block-gallery-3 is-layout-flex wp-block-gallery-is-layout-flex\"><ul class=\"blocks-gallery-grid\"><li class=\"blocks-gallery-item\"><figure><img loading=\"lazy\" decoding=\"async\" width=\"1024\" height=\"625\" src=\"https:\/\/etab.ac-reunion.fr\/lyc-antoine-de-saint-exupery\/wp-content\/uploads\/sites\/59\/2020\/11\/2-1-1024x625.jpg\" alt=\"\" data-id=\"5554\" data-full-url=\"https:\/\/etab.ac-reunion.fr\/lyc-antoine-de-saint-exupery\/wp-content\/uploads\/sites\/59\/2020\/11\/2-1.jpg\" data-link=\"https:\/\/etab.ac-reunion.fr\/lyc-antoine-de-saint-exupery\/parcoursup-2021\/2-1-3\/\" class=\"wp-image-5554\" srcset=\"https:\/\/etab.ac-reunion.fr\/lyc-antoine-de-saint-exupery\/wp-content\/uploads\/sites\/59\/2020\/11\/2-1-1024x625.jpg 1024w, https:\/\/etab.ac-reunion.fr\/lyc-antoine-de-saint-exupery\/wp-content\/uploads\/sites\/59\/2020\/11\/2-1-300x183.jpg 300w, https:\/\/etab.ac-reunion.fr\/lyc-antoine-de-saint-exupery\/wp-content\/uploads\/sites\/59\/2020\/11\/2-1-768x468.jpg 768w, https:\/\/etab.ac-reunion.fr\/lyc-antoine-de-saint-exupery\/wp-content\/uploads\/sites\/59\/2020\/11\/2-1.jpg 1200w\" sizes=\"auto, (max-width: 1024px) 100vw, 1024px\" \/><\/figure><\/li><\/ul><\/figure>\n\n\n\n<h5 class=\"wp-block-heading\">Tout au long du 2e trimestre<\/h5>\n\n\n\n<p>Je poursuis ma r\u00e9flexion et je participe aux journ\u00e9es portes ouvertes des \u00e9tablissements d\u2019enseignement sup\u00e9rieur et aux salons d\u2019orientation, organis\u00e9s en pr\u00e9sentiel ou en ligne pour \u00e9changer avec des enseignants et des \u00e9tudiants ambassadeurs<\/p>\n\n\n\n<p>Si je suis lyc\u00e9en, je participe \u00e0 la 2e semaine de l\u2019orientation dans mon lyc\u00e9e.<\/p>\n\n\n\n<h5 class=\"wp-block-heading\">Du 20 janvier au 11 mars<\/h5>\n\n\n\n<ul class=\"wp-block-list\"><li>Je m\u2019inscris sur Parcoursup pour cr\u00e9er mon dossier candidat.<\/li><li>Je formule mes v\u0153ux et j\u2019exprime ma motivation : jusqu\u2019\u00e0 10 v\u0153ux (avec possibilit\u00e9 de sous-v\u0153ux selon les formations). Je peux \u00e9galement formuler 10 v\u0153ux suppl\u00e9mentaires pour des formations en apprentissage.<\/li><\/ul>\n\n\n\n<p>Jeudi 11 mars : dernier jour pour formuler mes v\u0153ux. L\u2019apprentissage vous int\u00e9resse ? : plus de 4 000 formations en apprentissage sont disponibles. Pour beaucoup d\u2019entre elles, vous pouvez formuler des v\u0153ux tout au long de la proc\u00e9dure (pas de date limite). Vous pouvez \u00eatre accompagn\u00e9 pour trouver un employeur et signer un contrat d\u2019apprentissage.<\/p>\n\n\n\n<h5 class=\"wp-block-heading\">F\u00e9vrier-mars<\/h5>\n\n\n\n<p>Si je suis lyc\u00e9en, chaque v\u0153u que je formule fait l\u2019objet d\u2019une fiche Avenir comprenant les appr\u00e9ciations de mes professeurs et l\u2019avis du chef d\u2019\u00e9tablissement dans le cadre du 2e conseil de classe.<\/p>\n\n\n\n<h5 class=\"wp-block-heading\">Jeudi 8 avril<\/h5>\n\n\n\n<p>Dernier jour pour finaliser mon dossier avec les \u00e9l\u00e9ments demand\u00e9s par les formations et pour confirmer chacun de mes v\u0153ux. Des vid\u00e9os tutorielles sont propos\u00e9es sur Parcoursup pour vous guider \u00e0 chaque \u00e9tape.<\/p>\n\n\n\n<h5 class=\"wp-block-heading\">Avril-mai<\/h5>\n\n\n\n<p>Chaque formation que j\u2019ai demand\u00e9e organise une commission pour examiner ma candidature \u00e0 partir des crit\u00e8res g\u00e9n\u00e9raux d\u2019examen des v\u0153ux qu\u2019elle a d\u00e9finis et que j\u2019ai consult\u00e9s sur sa fiche d\u00e9taill\u00e9e via Parcoursup.<\/p>\n\n\n\n<p><\/p>\n\n\n\n<p><\/p>\n\n\n\n<p><\/p>\n\n\n\n<p><strong>27 mai &gt; 16 juillet 2021 &#8211; Je re\u00e7ois les r\u00e9ponses des formations et je d\u00e9cide<\/strong><\/p>\n\n\n\n<figure class=\"wp-block-image size-large\"><img loading=\"lazy\" decoding=\"async\" width=\"956\" height=\"790\" src=\"https:\/\/etab.ac-reunion.fr\/lyc-antoine-de-saint-exupery\/wp-content\/uploads\/sites\/59\/2020\/11\/3-1.jpg\" alt=\"\" class=\"wp-image-5555\" srcset=\"https:\/\/etab.ac-reunion.fr\/lyc-antoine-de-saint-exupery\/wp-content\/uploads\/sites\/59\/2020\/11\/3-1.jpg 956w, https:\/\/etab.ac-reunion.fr\/lyc-antoine-de-saint-exupery\/wp-content\/uploads\/sites\/59\/2020\/11\/3-1-300x248.jpg 300w, https:\/\/etab.ac-reunion.fr\/lyc-antoine-de-saint-exupery\/wp-content\/uploads\/sites\/59\/2020\/11\/3-1-768x635.jpg 768w\" sizes=\"auto, (max-width: 956px) 100vw, 956px\" \/><\/figure>\n\n\n\n<h5 class=\"wp-block-heading\">27 mai &gt; 16 juillet 2021 &#8211; Je re\u00e7ois les r\u00e9ponses des formations et je d\u00e9cide<\/h5>\n\n\n\n<h5 class=\"wp-block-heading\">Jeudi 27 mai<\/h5>\n\n\n\n<p>D\u00e9but de la phase d\u2019admission principale.<br \/><\/p>\n\n\n\n<ul class=\"wp-block-list\"><li>Je consulte dans mon dossier Parcoursup les r\u00e9ponses des formations que j\u2019ai demand\u00e9es.<\/li><li>\u00c0 partir du 27 mai, je re\u00e7ois les propositions d\u2019admission (r\u00e9ponse oui ou oui-si *) au fur et \u00e0 mesure et en continu.<\/li><li>Je dois r\u00e9pondre obligatoirement \u00e0 chaque proposition d\u2019admission dans les d\u00e9lais indiqu\u00e9s dans mon dossier.<\/li><\/ul>\n\n\n\n<h5 class=\"wp-block-heading\">Mercredi 16 juin<\/h5>\n\n\n\n<p>La phase d\u2019admission compl\u00e9mentaire est ouverte.<\/p>\n\n\n\n<h5 class=\"wp-block-heading\">Du 29 juin au 1er juillet<\/h5>\n\n\n\n<p>Point d\u2019\u00e9tape : si j\u2019ai conserv\u00e9 des v\u0153ux pour lesquels je suis en liste d\u2019attente, je me connecte \u00e0 mon dossier pour indiquer ceux qui m\u2019int\u00e9ressent toujours.<\/p>\n\n\n\n<h5 class=\"wp-block-heading\">Mardi 6 juillet<\/h5>\n\n\n\n<p>R\u00e9sultats du baccalaur\u00e9at.<br \/>Apr\u00e8s les r\u00e9sultats du baccalaur\u00e9at, si j\u2019ai d\u00e9finitivement accept\u00e9 une formation, j\u2019effectue mon inscription administrative aupr\u00e8s de l\u2019\u00e9tablissement que j\u2019ai choisi, selon les modalit\u00e9s pr\u00e9cis\u00e9es dans mon dossier.<\/p>\n\n\n\n<h5 class=\"wp-block-heading\">Mercredi 14 juillet<\/h5>\n\n\n\n<p>Les formations envoient les derni\u00e8res propositions d\u2019admission de la phase principale.<\/p>\n\n\n\n<h5 class=\"wp-block-heading\">Vendredi 16 juillet<\/h5>\n\n\n\n<p>Fin de la phase principale.<br \/>Dernier jour pour accepter une proposition d\u2019admission re\u00e7ue lors de cette phase.<\/p>\n\n\n\n<p>Les solutions si je n\u2019ai pas re\u00e7u de proposition d\u2019admission<\/p>\n\n\n\n<h5 class=\"wp-block-heading\">D\u00e8s le 27 mai<\/h5>\n\n\n\n<p>Si je n\u2019ai re\u00e7u que des r\u00e9ponses n\u00e9gatives de la part de formations s\u00e9lectives (BTS, BUT, classe pr\u00e9pa, IFSI, \u00e9coles&#8230;), je peux demander un accompagnement individuel ou collectif dans mon lyc\u00e9e (aupr\u00e8s du service orientation de mon \u00e9tablissement, si je suis un \u00e9tudiant et que je souhaite me r\u00e9orienter) ou dans un CIO pour envisager d\u2019autres choix de formation et pr\u00e9parer la phase compl\u00e9mentaire.<\/p>\n\n\n\n<h5 class=\"wp-block-heading\">Du 16 juin au 16 septembre<\/h5>\n\n\n\n<p>Je peux participer \u00e0 la phase compl\u00e9mentaire et formuler jusqu\u2019\u00e0 10 nouveaux v\u0153ux dans les formations qui disposent de places disponibles. Ces formations seront accessibles depuis le moteur de recherche des formations Parcoursup \u00e0 partir du 16 juin.<\/p>\n\n\n\n<h5 class=\"wp-block-heading\">A partir du 2 juillet<\/h5>\n\n\n\n<p>Je peux solliciter depuis mon dossier un accompagnement personnalis\u00e9 de la commission d\u2019acc\u00e8s \u00e0 l\u2019enseignement sup\u00e9rieur (CAES) de mon acad\u00e9mie.<br \/>Cette commission \u00e9tudie mon dossier et m\u2019aide \u00e0 trouver une formation au plus pr\u00e8s de mon projet et en fonction des places disponibles.<\/p>\n\n\n\n<p>&nbsp;*La r\u00e9ponse \u00ab Oui-si \u00bb signifie que vous \u00eates accept\u00e9 dans la formation \u00e0 condition de suivre un parcours de r\u00e9ussite adapt\u00e9 \u00e0 votre profil (remise \u00e0 niveau, soutien, tutorat\u2026). Ce parcours de r\u00e9ussite vous est propos\u00e9 par la formation afin de consolider ou de renforcer certaines comp\u00e9tences n\u00e9cessaires pour vous permettre de r\u00e9ussir vos \u00e9tudes sup\u00e9rieures.<\/p>\n","protected":false},"excerpt":{"rendered":"<p>Parcoursup : l&rsquo;orientation du lyc\u00e9e vers l&rsquo;enseignement sup\u00e9rieur -calendrier d\u00e9tailler-calendrier candidat R\u00e9union &#8211; PARCOURSUP 2021 Le calendrier Parcoursup 2021 en trois \u00e9tapes: D\u00e9but Novembre 2020 &gt; Janvier 2021 &#8211; Je m\u2019informe &amp; d\u00e9couvre les formations D\u00e9but novembre &gt; janvier Je pr\u00e9pare mon projet d\u2019orientation : je peux faire mes recherches sur le site terminales2020-2021.fr et [&hellip;]<\/p>\n","protected":false},"author":23092,"featured_media":0,"parent":0,"menu_order":0,"comment_status":"closed","ping_status":"closed","template":"","meta":{"footnotes":""},"class_list":["post-5536","page","type-page","status-publish","hentry"],"_links":{"self":[{"href":"https:\/\/etab.ac-reunion.fr\/lyc-antoine-de-saint-exupery\/wp-json\/wp\/v2\/pages\/5536","targetHints":{"allow":["GET"]}}],"collection":[{"href":"https:\/\/etab.ac-reunion.fr\/lyc-antoine-de-saint-exupery\/wp-json\/wp\/v2\/pages"}],"about":[{"href":"https:\/\/etab.ac-reunion.fr\/lyc-antoine-de-saint-exupery\/wp-json\/wp\/v2\/types\/page"}],"author":[{"embeddable":true,"href":"https:\/\/etab.ac-reunion.fr\/lyc-antoine-de-saint-exupery\/wp-json\/wp\/v2\/users\/23092"}],"replies":[{"embeddable":true,"href":"https:\/\/etab.ac-reunion.fr\/lyc-antoine-de-saint-exupery\/wp-json\/wp\/v2\/comments?post=5536"}],"version-history":[{"count":7,"href":"https:\/\/etab.ac-reunion.fr\/lyc-antoine-de-saint-exupery\/wp-json\/wp\/v2\/pages\/5536\/revisions"}],"predecessor-version":[{"id":5596,"href":"https:\/\/etab.ac-reunion.fr\/lyc-antoine-de-saint-exupery\/wp-json\/wp\/v2\/pages\/5536\/revisions\/5596"}],"wp:attachment":[{"href":"https:\/\/etab.ac-reunion.fr\/lyc-antoine-de-saint-exupery\/wp-json\/wp\/v2\/media?parent=5536"}],"curies":[{"name":"wp","href":"https:\/\/api.w.org\/{rel}","templated":true}]}}