{"id":6579,"date":"2019-04-29T05:51:09","date_gmt":"2019-04-29T04:51:09","guid":{"rendered":"http:\/\/lycee-bois-d-olive.ac-reunion.fr\/?page_id=6579"},"modified":"2024-03-21T16:41:02","modified_gmt":"2024-03-21T12:41:02","slug":"brevet-des-metiers-dart-bma","status":"publish","type":"page","link":"https:\/\/etab.ac-reunion.fr\/lyc-bois-d-olive\/brevet-des-metiers-dart-bma\/","title":{"rendered":"BMA &#8211; Brevet des M\u00e9tiers d&rsquo;Art"},"content":{"rendered":"<p>&nbsp;<\/p>\n<p><img loading=\"lazy\" decoding=\"async\" class=\"alignnone wp-image-6106 size-full\" src=\"https:\/\/etab.ac-reunion.fr\/lyc-bois-d-olive\/wp-content\/uploads\/sites\/147\/2019\/04\/Capture-d\u2019e\u0301cran-2019-04-11-a\u0300-11.36.39.png\" alt=\"\" width=\"1018\" height=\"166\" srcset=\"https:\/\/etab.ac-reunion.fr\/lyc-bois-d-olive\/wp-content\/uploads\/sites\/147\/2019\/04\/Capture-d\u2019e\u0301cran-2019-04-11-a\u0300-11.36.39.png 1018w, https:\/\/etab.ac-reunion.fr\/lyc-bois-d-olive\/wp-content\/uploads\/sites\/147\/2019\/04\/Capture-d\u2019e\u0301cran-2019-04-11-a\u0300-11.36.39-300x49.png 300w, https:\/\/etab.ac-reunion.fr\/lyc-bois-d-olive\/wp-content\/uploads\/sites\/147\/2019\/04\/Capture-d\u2019e\u0301cran-2019-04-11-a\u0300-11.36.39-150x24.png 150w\" sizes=\"auto, (max-width: 1018px) 100vw, 1018px\" \/><\/p>\n<p>Le lyc\u00e9e de Bois d&rsquo;Olive propose une formation compl\u00e8te dans les m\u00e9tiers de la signal\u00e9tique et des d\u00e9cors graphiques parmi laquelle figure le BMA Arts Graphiques sur 2 ans, option Signal\u00e9tique.<\/p>\n<p><strong>Objectifs<\/strong><br \/>\nLe titulaire du BMA sera amen\u00e9 \u00e0 travailler comme technicien sp\u00e9cialis\u00e9 dans l\u2019industrie graphique et la communication visuelle ; toutes fonctions relatives au travail de l\u2019image et du graphisme, \u00e0 l\u2019infographie, aux r\u00e9alisations sur diff\u00e9rents supports, publicitaires, informatifs ou d\u00e9coratifs.<br \/>\nLe Brevet des M\u00e9tiers d\u2019art s\u2019adresse \u00e0 des \u00e9l\u00e8ves curieux qui veulent d\u00e9velopper leurs qualit\u00e9s manuelles et r\u00e9flexives et qui sont pr\u00eats \u00e0 s\u2019adapter \u00e0 des contraintes li\u00e9es \u00e0 un projet afin d\u2019apprendre \u00e0 le communiquer graphiquement et oralement.<\/p>\n<p><strong>Admission<\/strong><br \/>\n&#8211; Le lyc\u00e9e de Bois d\u2019Olive propose un acc\u00e8s sp\u00e9cifique aux jeunes titulaires d\u2019un baccalaur\u00e9at d\u00e9j\u00e0 sensibilis\u00e9s \u00e0 la cha\u00eene graphique et aux logiciels d\u2019infographie qui envisagent une formation compl\u00e9mentaire dans les m\u00e9tiers du graphisme et du d\u00e9cor.<br \/>\n&#8211; Accessibilit\u00e9 prioritaire aux titulaires d\u2019un CAP des m\u00e9tiers d\u2019art souhaitant poursuivre dans une formation artistique et cr\u00e9ative.<br \/>\n&#8211; Une commission \u00e9tudie les dossiers scolaires et artistiques de chaque candidat.<\/p>\n<p>&#8211; Il faut <span style=\"text-decoration: underline\"><strong>remplir le dossier de candidature<\/strong><\/span> (t\u00e9l\u00e9chargeable au bas de cette page) et le <span style=\"text-decoration: underline\"><strong>transmettre au lyc\u00e9e avant le mois de juin<\/strong><\/span>.<\/p>\n<p><strong>Aptitudes<\/strong><br \/>\n\u2022 Connaissance des processus de r\u00e9alisation de la cha\u00eene graphique<br \/>\n\u2022 Ouverture d\u2019esprit, rigueur, autonomie, sens de l&rsquo;initiative<br \/>\n\u2022 Bonne condition physique.<\/p>\n<p><strong>R\u00e9partition des enseignements<\/strong><\/p>\n<p><img loading=\"lazy\" decoding=\"async\" class=\"alignnone wp-image-6145 size-full\" src=\"https:\/\/etab.ac-reunion.fr\/lyc-bois-d-olive\/wp-content\/uploads\/sites\/147\/2019\/04\/Capture-d\u2019e\u0301cran-2019-04-12-a\u0300-09.56.53.png\" alt=\"\" width=\"617\" height=\"217\" srcset=\"https:\/\/etab.ac-reunion.fr\/lyc-bois-d-olive\/wp-content\/uploads\/sites\/147\/2019\/04\/Capture-d\u2019e\u0301cran-2019-04-12-a\u0300-09.56.53.png 617w, https:\/\/etab.ac-reunion.fr\/lyc-bois-d-olive\/wp-content\/uploads\/sites\/147\/2019\/04\/Capture-d\u2019e\u0301cran-2019-04-12-a\u0300-09.56.53-300x106.png 300w, https:\/\/etab.ac-reunion.fr\/lyc-bois-d-olive\/wp-content\/uploads\/sites\/147\/2019\/04\/Capture-d\u2019e\u0301cran-2019-04-12-a\u0300-09.56.53-150x53.png 150w\" sizes=\"auto, (max-width: 617px) 100vw, 617px\" \/><\/p>\n<p><strong>Poursuites d\u2019\u00e9tudes<\/strong><\/p>\n<p>\u2022 Dipl\u00f4me des M\u00e9tiers d\u2019Art et du Design, DN MAD<br \/>\n\u2022 Formation compl\u00e9mentaire d\u2019initiative locale<br \/>\n\u2022 Universit\u00e9 (arts plastiques, arts appliqu\u00e9s)<\/p>\n<p>Vous pouvez t\u00e9l\u00e9charger :<\/p>\n<p><a href=\"https:\/\/etab.ac-reunion.fr\/lyc-bois-d-olive\/wp-content\/uploads\/sites\/147\/2021\/04\/Plaquette-de-presentation-du-BMA.pdf\">La plaquette de pr\u00e9sentation du BMA<\/a><\/p>\n<p><a href=\"https:\/\/etab.ac-reunion.fr\/lyc-bois-d-olive\/wp-content\/uploads\/sites\/147\/2024\/03\/Dossier-de-candidature-BMA-rentree-2024.pdf\">Le dossier de candidature en BMA pour la rentr\u00e9e 2024<\/a><\/p>\n<p><a href=\"https:\/\/etab.ac-reunion.fr\/lyc-bois-d-olive\/wp-content\/uploads\/sites\/147\/2024\/02\/BMA-ARTS-GRAPHIQUES-OPTION-SIGNALETIQUE.pdf\">Fiche m\u00e9tier BMA ARTS GRAPHIQUES OPTION SIGNALETIQUE<\/a><\/p>\n","protected":false},"excerpt":{"rendered":"<p>&nbsp; Le lyc\u00e9e de Bois d&rsquo;Olive propose une formation compl\u00e8te dans les m\u00e9tiers de la signal\u00e9tique et des d\u00e9cors graphiques\u2026<\/p>\n<p class=\"continue-reading-button\"> <a class=\"continue-reading-link\" href=\"https:\/\/etab.ac-reunion.fr\/lyc-bois-d-olive\/brevet-des-metiers-dart-bma\/\">Lire la suite<i class=\"crycon-right-dir\"><\/i><\/a><\/p>\n","protected":false},"author":11401,"featured_media":0,"parent":0,"menu_order":0,"comment_status":"closed","ping_status":"closed","template":"","meta":{"footnotes":""},"class_list":["post-6579","page","type-page","status-publish","hentry"],"_links":{"self":[{"href":"https:\/\/etab.ac-reunion.fr\/lyc-bois-d-olive\/wp-json\/wp\/v2\/pages\/6579","targetHints":{"allow":["GET"]}}],"collection":[{"href":"https:\/\/etab.ac-reunion.fr\/lyc-bois-d-olive\/wp-json\/wp\/v2\/pages"}],"about":[{"href":"https:\/\/etab.ac-reunion.fr\/lyc-bois-d-olive\/wp-json\/wp\/v2\/types\/page"}],"author":[{"embeddable":true,"href":"https:\/\/etab.ac-reunion.fr\/lyc-bois-d-olive\/wp-json\/wp\/v2\/users\/11401"}],"replies":[{"embeddable":true,"href":"https:\/\/etab.ac-reunion.fr\/lyc-bois-d-olive\/wp-json\/wp\/v2\/comments?post=6579"}],"version-history":[{"count":15,"href":"https:\/\/etab.ac-reunion.fr\/lyc-bois-d-olive\/wp-json\/wp\/v2\/pages\/6579\/revisions"}],"predecessor-version":[{"id":13906,"href":"https:\/\/etab.ac-reunion.fr\/lyc-bois-d-olive\/wp-json\/wp\/v2\/pages\/6579\/revisions\/13906"}],"wp:attachment":[{"href":"https:\/\/etab.ac-reunion.fr\/lyc-bois-d-olive\/wp-json\/wp\/v2\/media?parent=6579"}],"curies":[{"name":"wp","href":"https:\/\/api.w.org\/{rel}","templated":true}]}}