{"id":6668,"date":"2023-07-04T13:19:05","date_gmt":"2023-07-04T09:19:05","guid":{"rendered":"https:\/\/etab.ac-reunion.fr\/lyc-evariste-de-parny\/?page_id=6668"},"modified":"2024-01-29T14:50:45","modified_gmt":"2024-01-29T10:50:45","slug":"terminale-stidd","status":"publish","type":"page","link":"https:\/\/etab.ac-reunion.fr\/lyc-evariste-de-parny\/terminale-stidd\/","title":{"rendered":"Terminale STIDD"},"content":{"rendered":"<p><strong>En terminale<\/strong>, le programme comprend deux enseignements de sp\u00e9cialit\u00e9s : \u00ab\u00a0<strong>physique-chimie et math\u00e9matiques<\/strong>\u00a0\u00bb\u00a0et\u00a0\u00ab\u00a0<strong>ing\u00e9nierie, innovation et d\u00e9veloppement durable<\/strong>\u00a0\u00bb au sein de laquelle sont propos\u00e9s quatre enseignements sp\u00e9cifiques correspondants \u00e0 des champs d&rsquo;application particuliers. L&rsquo;\u00e9l\u00e8ve choisit un enseignement sp\u00e9cifique parmi ces deux propositions pr\u00e9sentes au lyc\u00e9e :<\/p>\n<ul>\n<li><strong>\u00e9nergies et environnement<\/strong> (EE) tourn\u00e9s sur\u00a0les solutions d&rsquo;am\u00e9lioration de la performance \u00e9nerg\u00e9tique,\u00a0de\u00a0ma\u00eetrise des \u00e9nergies, des technologies dites \u00ab\u00a0intelligentes\u00a0\u00bb de gestion de l&rsquo;\u00e9nergie&#8230; ;<\/li>\n<li><strong>innovation technologique et\u00a0\u00e9co-conception<\/strong>\u00a0(ITEC) tourn\u00e9es sur les solutions de r\u00e9alisation de produits int\u00e9grant une d\u00e9marche de d\u00e9veloppement durable ;<\/li>\n<\/ul>\n<p>C&rsquo;est cet enseignement sp\u00e9cifique qui sera\u00a0mentionn\u00e9 sur le parchemin du bac de la s\u00e9rie STI2D.<\/p>\n<div class=\"ezxmltext-field\">\n<h2 id=\"summary-item-0\">R\u00e8glement d&rsquo;examen et d\u00e9finitions d&rsquo;\u00e9preuves pour le baccalaur\u00e9at de la s\u00e9rie STI2D<\/h2>\n<h2><span style=\"color: #ff0000\">Contr\u00f4le continu<\/span><\/h2>\n<p>Le contr\u00f4le continu est pris en compte \u00e0 hauteur de 40% des r\u00e9sultats pour le baccalaur\u00e9at. Il \u00e9value les enseignements obligatoires qui ne font pas l\u2019objet d\u2019\u00e9preuves<\/p>\n<p>terminales. Les coefficients se r\u00e9partissent comme indiqu\u00e9 dans le tableau ci-dessous.<\/p>\n<div class=\"table-wrapper\">\n<div class=\"webservice-table__parent js-webs-table-scroll\">\n<div class=\"webservices-table-wrapper-block__outside js-webs-table-outside\">\n<table>\n<tbody>\n<tr>\n<th>\n<h4 class=\"title\"><\/h4>\n<\/th>\n<th>\n<h6 class=\"title\">Coefficient classe de premi\u00e8re<\/h6>\n<\/th>\n<th>\n<h6 class=\"title\">Coeffici<\/h6>\n<h6 class=\"title\">ent classe de terminale<\/h6>\n<\/th>\n<th>\n<h6 class=\"title\">Total des coefficients<\/h6>\n<\/th>\n<\/tr>\n<tr>\n<td>Enseignement de sp\u00e9cialit\u00e9 de premi\u00e8re<\/td>\n<td>8<\/td>\n<td><\/td>\n<td>8<\/td>\n<\/tr>\n<tr>\n<td>Histoire-g\u00e9ographie<\/td>\n<td>3<\/td>\n<td>3<\/td>\n<td>6<\/td>\n<\/tr>\n<tr>\n<td>LVA<\/td>\n<td>3<\/td>\n<td>3<\/td>\n<td>6<\/td>\n<\/tr>\n<tr>\n<td>LVB<\/td>\n<td>3<\/td>\n<td>3<\/td>\n<td>6<\/td>\n<\/tr>\n<tr>\n<td>Math\u00e9matiques<\/td>\n<td>3<\/td>\n<td>3<\/td>\n<td>6<\/td>\n<\/tr>\n<tr>\n<td>Education physique et sportive*<\/td>\n<td colspan=\"2\">6<\/td>\n<td>6<\/td>\n<\/tr>\n<tr>\n<td>Enseignement moral et civique<\/td>\n<td>1<\/td>\n<td>1<\/td>\n<td>2<\/td>\n<\/tr>\n<tr>\n<td><\/td>\n<td><\/td>\n<td><\/td>\n<td>40<\/td>\n<\/tr>\n<\/tbody>\n<\/table>\n<\/div>\n<\/div>\n<\/div>\n<p>* Contr\u00f4le en cours de formation (CCF)<\/p>\n<h2 id=\"summary-item-1\"><span style=\"color: #ff0000\">\u00c9preuves terminales de la s\u00e9rie STI2D<\/span><\/h2>\n<div class=\"table-wrapper\">\n<div class=\"webservice-table__parent js-webs-table-scroll\">\n<div class=\"webservices-table-wrapper-block__outside js-webs-table-outside\">\n<table>\n<thead>\n<tr>\n<th colspan=\"4\">\u00c9preuves anticip\u00e9es<\/th>\n<\/tr>\n<tr>\n<th>Intitul\u00e9 de l&rsquo;\u00e9preuve<\/th>\n<th>Coefficients<\/th>\n<th>Nature de l&rsquo;\u00e9preuve<\/th>\n<th>Dur\u00e9e<\/th>\n<\/tr>\n<\/thead>\n<tbody>\n<tr>\n<td>Fran\u00e7ais (\u00e9crit)<\/td>\n<td>5<\/td>\n<td>\u00e9crite<\/td>\n<td>4h<\/td>\n<\/tr>\n<tr>\n<td>Fran\u00e7ais (oral)<\/td>\n<td>5<\/td>\n<td>orale<\/td>\n<td>20 min<\/td>\n<\/tr>\n<tr>\n<th class=\"text-align-center\" colspan=\"4\">\u00c9preuves finales<\/th>\n<\/tr>\n<tr>\n<td>Philosophie<\/td>\n<td>4<\/td>\n<td>\u00e9crite<\/td>\n<td>4h<\/td>\n<\/tr>\n<tr>\n<td>\u00c9preuve orale terminale<\/td>\n<td>14<\/td>\n<td>orale<\/td>\n<td>20 min<\/td>\n<\/tr>\n<tr>\n<td>Physique-Chimie et Math\u00e9matiques<\/td>\n<td>16<\/td>\n<td>\u00e9crite<\/td>\n<td>3h<\/td>\n<\/tr>\n<tr>\n<td>Ing\u00e9nierie, innovation et d\u00e9veloppement durable<\/td>\n<td>16<\/td>\n<td>\u00e9crite<\/td>\n<td>4h<\/td>\n<\/tr>\n<\/tbody>\n<\/table>\n<\/div>\n<\/div>\n<\/div>\n<h2 class=\"ideo-title-block\"><strong>Les poursuites d&rsquo;\u00e9tudes<\/strong><\/h2>\n<div class=\"ezxmltext-field\">\n<p>Le bac STI2D permet \u00e0 son titulaire de poursuivre des \u00e9tudes scientifiques dans l&rsquo;enseignement sup\u00e9rieur : en BTS, en DUT de l&rsquo;industrie et du d\u00e9veloppement durable, en licence<\/p>\n<p>s scientifiques et technologiques, en formations d&rsquo;ing\u00e9nieurs et classes pr\u00e9paratoires aux grandes \u00e9coles, fili\u00e8re technologie et scien<\/p>\n<p>ces industrielles (TSI) &#8230;<\/p>\n<h2 id=\"summary-item-0\"><strong style=\"color: #666666;font-size: 14px\"><img loading=\"lazy\" decoding=\"async\" class=\"alignnone wp-image-6670 size-large\" src=\"https:\/\/etab.ac-reunion.fr\/lyc-evariste-de-parny\/wp-content\/uploads\/sites\/14\/2023\/07\/R-1024x549.png\" alt=\"\" width=\"1024\" height=\"549\" srcset=\"https:\/\/etab.ac-reunion.fr\/lyc-evariste-de-parny\/wp-content\/uploads\/sites\/14\/2023\/07\/R-1024x549.png 1024w, https:\/\/etab.ac-reunion.fr\/lyc-evariste-de-parny\/wp-content\/uploads\/sites\/14\/2023\/07\/R-373x200.png 373w, https:\/\/etab.ac-reunion.fr\/lyc-evariste-de-parny\/wp-content\/uploads\/sites\/14\/2023\/07\/R-300x161.png 300w, https:\/\/etab.ac-reunion.fr\/lyc-evariste-de-parny\/wp-content\/uploads\/sites\/14\/2023\/07\/R-768x412.png 768w, https:\/\/etab.ac-reunion.fr\/lyc-evariste-de-parny\/wp-content\/uploads\/sites\/14\/2023\/07\/R-1080x579.png 1080w, https:\/\/etab.ac-reunion.fr\/lyc-evariste-de-parny\/wp-content\/uploads\/sites\/14\/2023\/07\/R-1280x687.png 1280w, https:\/\/etab.ac-reunion.fr\/lyc-evariste-de-parny\/wp-content\/uploads\/sites\/14\/2023\/07\/R-980x526.png 980w, https:\/\/etab.ac-reunion.fr\/lyc-evariste-de-parny\/wp-content\/uploads\/sites\/14\/2023\/07\/R-480x258.png 480w, https:\/\/etab.ac-reunion.fr\/lyc-evariste-de-parny\/wp-content\/uploads\/sites\/14\/2023\/07\/R.png 1383w\" sizes=\"auto, (max-width: 1024px) 100vw, 1024px\" \/><\/strong><\/h2>\n<\/div>\n<\/div>\n<p><em>Source: ONISEP<\/em><\/p>\n","protected":false},"excerpt":{"rendered":"<p>En terminale, le programme comprend deux enseignements de sp\u00e9cialit\u00e9s : \u00ab\u00a0physique-chimie et math\u00e9matiques\u00a0\u00bb\u00a0et\u00a0\u00ab\u00a0ing\u00e9nierie, innovation et d\u00e9veloppement durable\u00a0\u00bb au sein de laquelle sont propos\u00e9s quatre enseignements sp\u00e9cifiques correspondants \u00e0 des champs d&rsquo;application particuliers. L&rsquo;\u00e9l\u00e8ve choisit un enseignement sp\u00e9cifique parmi ces deux propositions pr\u00e9sentes au lyc\u00e9e : \u00e9nergies et environnement (EE) tourn\u00e9s &hellip;<\/p>\n","protected":false},"author":12975,"featured_media":0,"parent":0,"menu_order":0,"comment_status":"closed","ping_status":"closed","template":"","meta":{"footnotes":""},"class_list":["post-6668","page","type-page","status-publish","hentry"],"_links":{"self":[{"href":"https:\/\/etab.ac-reunion.fr\/lyc-evariste-de-parny\/wp-json\/wp\/v2\/pages\/6668","targetHints":{"allow":["GET"]}}],"collection":[{"href":"https:\/\/etab.ac-reunion.fr\/lyc-evariste-de-parny\/wp-json\/wp\/v2\/pages"}],"about":[{"href":"https:\/\/etab.ac-reunion.fr\/lyc-evariste-de-parny\/wp-json\/wp\/v2\/types\/page"}],"author":[{"embeddable":true,"href":"https:\/\/etab.ac-reunion.fr\/lyc-evariste-de-parny\/wp-json\/wp\/v2\/users\/12975"}],"replies":[{"embeddable":true,"href":"https:\/\/etab.ac-reunion.fr\/lyc-evariste-de-parny\/wp-json\/wp\/v2\/comments?post=6668"}],"version-history":[{"count":4,"href":"https:\/\/etab.ac-reunion.fr\/lyc-evariste-de-parny\/wp-json\/wp\/v2\/pages\/6668\/revisions"}],"predecessor-version":[{"id":7303,"href":"https:\/\/etab.ac-reunion.fr\/lyc-evariste-de-parny\/wp-json\/wp\/v2\/pages\/6668\/revisions\/7303"}],"wp:attachment":[{"href":"https:\/\/etab.ac-reunion.fr\/lyc-evariste-de-parny\/wp-json\/wp\/v2\/media?parent=6668"}],"curies":[{"name":"wp","href":"https:\/\/api.w.org\/{rel}","templated":true}]}}