{"id":27068,"date":"2024-07-01T14:53:08","date_gmt":"2024-07-01T10:53:08","guid":{"rendered":"https:\/\/etab.ac-reunion.fr\/lyc-francois-de-mahy\/?page_id=27068"},"modified":"2025-11-19T14:22:53","modified_gmt":"2025-11-19T10:22:53","slug":"partenariats-ecole-entreprises","status":"publish","type":"page","link":"https:\/\/etab.ac-reunion.fr\/lyc-francois-de-mahy\/partenariats-ecole-entreprises\/","title":{"rendered":"Partenariats \u00c9cole-Entreprises"},"content":{"rendered":"\n<figure class=\"wp-block-embed is-type-wp-embed is-provider-lyc-e-professionnel-fran-ois-de-mahy-saint-pierre-la-r-union wp-block-embed-lyc-e-professionnel-fran-ois-de-mahy-saint-pierre-la-r-union\"><div class=\"wp-block-embed__wrapper\">\n<blockquote class=\"wp-embedded-content\" data-secret=\"9uM5jSSj65\"><a href=\"https:\/\/etab.ac-reunion.fr\/lyc-francois-de-mahy\/retour-sur-les-rencontres-sud-2025-des-metiers-du-commerce\/\">Retour sur les rencontres Sud 2025 des M\u00e9tiers du Commerce au LP Fran\u00e7ois de Mahy<\/a><\/blockquote><iframe loading=\"lazy\" class=\"wp-embedded-content\" sandbox=\"allow-scripts\" security=\"restricted\" style=\"position: absolute; visibility: hidden;\" title=\"\u00ab\u00a0Retour sur les rencontres Sud 2025 des M\u00e9tiers du Commerce au LP Fran\u00e7ois de Mahy\u00a0\u00bb &#8212; Lyc\u00e9e professionnel Fran\u00e7ois de Mahy, Saint-Pierre, La R\u00e9union\" src=\"https:\/\/etab.ac-reunion.fr\/lyc-francois-de-mahy\/retour-sur-les-rencontres-sud-2025-des-metiers-du-commerce\/embed\/#?secret=D89o2cPU1R#?secret=9uM5jSSj65\" data-secret=\"9uM5jSSj65\" width=\"600\" height=\"338\" frameborder=\"0\" marginwidth=\"0\" marginheight=\"0\" scrolling=\"no\"><\/iframe>\n<\/div><\/figure>\n\n\n\n<figure class=\"wp-block-embed is-type-wp-embed is-provider-lyc-e-professionnel-fran-ois-de-mahy-saint-pierre-la-r-union wp-block-embed-lyc-e-professionnel-fran-ois-de-mahy-saint-pierre-la-r-union\"><div class=\"wp-block-embed__wrapper\">\n<blockquote class=\"wp-embedded-content\" data-secret=\"6PUeNuxB4x\"><a href=\"https:\/\/etab.ac-reunion.fr\/lyc-francois-de-mahy\/un-don-bien-utile-de-la-region-reunion\/\">Un don bien utile de la R\u00c9GION R\u00c9UNION<\/a><\/blockquote><iframe loading=\"lazy\" class=\"wp-embedded-content\" sandbox=\"allow-scripts\" security=\"restricted\" style=\"position: absolute; visibility: hidden;\" title=\"\u00ab\u00a0Un don bien utile de la R\u00c9GION R\u00c9UNION\u00a0\u00bb &#8212; Lyc\u00e9e professionnel Fran\u00e7ois de Mahy, Saint-Pierre, La R\u00e9union\" src=\"https:\/\/etab.ac-reunion.fr\/lyc-francois-de-mahy\/un-don-bien-utile-de-la-region-reunion\/embed\/#?secret=VPUI3W1yJP#?secret=6PUeNuxB4x\" data-secret=\"6PUeNuxB4x\" width=\"600\" height=\"338\" frameborder=\"0\" marginwidth=\"0\" marginheight=\"0\" scrolling=\"no\"><\/iframe>\n<\/div><\/figure>\n\n\n\n<figure class=\"wp-block-embed is-type-wp-embed is-provider-lyc-e-professionnel-fran-ois-de-mahy-saint-pierre-la-r-union wp-block-embed-lyc-e-professionnel-fran-ois-de-mahy-saint-pierre-la-r-union\"><div class=\"wp-block-embed__wrapper\">\n<blockquote class=\"wp-embedded-content\" data-secret=\"jZgZEuxmac\"><a href=\"https:\/\/etab.ac-reunion.fr\/lyc-francois-de-mahy\/des-conseils-precieux-des-recruteurs-du-gbh-aux-eleves\/\">Des conseils pr\u00e9cieux des recruteurs du GBH aux \u00e9l\u00e8ves<\/a><\/blockquote><iframe loading=\"lazy\" class=\"wp-embedded-content\" sandbox=\"allow-scripts\" security=\"restricted\" style=\"position: absolute; visibility: hidden;\" title=\"\u00ab\u00a0Des conseils pr\u00e9cieux des recruteurs du GBH aux \u00e9l\u00e8ves\u00a0\u00bb &#8212; Lyc\u00e9e professionnel Fran\u00e7ois de Mahy, Saint-Pierre, La R\u00e9union\" src=\"https:\/\/etab.ac-reunion.fr\/lyc-francois-de-mahy\/des-conseils-precieux-des-recruteurs-du-gbh-aux-eleves\/embed\/#?secret=Bz39S5E1vS#?secret=jZgZEuxmac\" data-secret=\"jZgZEuxmac\" width=\"600\" height=\"338\" frameborder=\"0\" marginwidth=\"0\" marginheight=\"0\" scrolling=\"no\"><\/iframe>\n<\/div><\/figure>\n\n\n\n<figure class=\"wp-block-embed is-type-wp-embed is-provider-lyc-e-professionnel-fran-ois-de-mahy-saint-pierre-la-r-union wp-block-embed-lyc-e-professionnel-fran-ois-de-mahy-saint-pierre-la-r-union\"><div class=\"wp-block-embed__wrapper\">\n<blockquote class=\"wp-embedded-content\" data-secret=\"GBq1bZ8M9p\"><a href=\"https:\/\/etab.ac-reunion.fr\/lyc-francois-de-mahy\/la-section-marchandisage-visuel-au-magasin-centrakor-de-st-pierre\/\">La section Marchandisage visuel au magasin CENTRAKOR de St-Pierre<\/a><\/blockquote><iframe loading=\"lazy\" class=\"wp-embedded-content\" sandbox=\"allow-scripts\" security=\"restricted\" style=\"position: absolute; visibility: hidden;\" title=\"\u00ab\u00a0La section Marchandisage visuel au magasin CENTRAKOR de St-Pierre\u00a0\u00bb &#8212; Lyc\u00e9e professionnel Fran\u00e7ois de Mahy, Saint-Pierre, La R\u00e9union\" src=\"https:\/\/etab.ac-reunion.fr\/lyc-francois-de-mahy\/la-section-marchandisage-visuel-au-magasin-centrakor-de-st-pierre\/embed\/#?secret=Uc9jvHp35S#?secret=GBq1bZ8M9p\" data-secret=\"GBq1bZ8M9p\" width=\"600\" height=\"338\" frameborder=\"0\" marginwidth=\"0\" marginheight=\"0\" scrolling=\"no\"><\/iframe>\n<\/div><\/figure>\n\n\n\n<figure class=\"wp-block-embed is-type-wp-embed is-provider-lyc-e-professionnel-fran-ois-de-mahy-saint-pierre-la-r-union wp-block-embed-lyc-e-professionnel-fran-ois-de-mahy-saint-pierre-la-r-union\"><div class=\"wp-block-embed__wrapper\">\n<blockquote class=\"wp-embedded-content\" data-secret=\"Og3RZyivOi\"><a href=\"https:\/\/etab.ac-reunion.fr\/lyc-francois-de-mahy\/cotrans-et-sud-automobiles-accueillent-la-c1-ool\/\">COTRANS ET AUTOMOBILES R\u00c9UNION ACCUEILLENT LA C1 OOL<\/a><\/blockquote><iframe loading=\"lazy\" class=\"wp-embedded-content\" sandbox=\"allow-scripts\" security=\"restricted\" style=\"position: absolute; visibility: hidden;\" title=\"\u00ab\u00a0COTRANS ET AUTOMOBILES R\u00c9UNION ACCUEILLENT LA C1 OOL\u00a0\u00bb &#8212; Lyc\u00e9e professionnel Fran\u00e7ois de Mahy, Saint-Pierre, La R\u00e9union\" src=\"https:\/\/etab.ac-reunion.fr\/lyc-francois-de-mahy\/cotrans-et-sud-automobiles-accueillent-la-c1-ool\/embed\/#?secret=S8uduxyxXf#?secret=Og3RZyivOi\" data-secret=\"Og3RZyivOi\" width=\"600\" height=\"338\" frameborder=\"0\" marginwidth=\"0\" marginheight=\"0\" scrolling=\"no\"><\/iframe>\n<\/div><\/figure>\n\n\n\n<figure class=\"wp-block-embed is-type-wp-embed is-provider-lyc-e-professionnel-fran-ois-de-mahy-saint-pierre-la-r-union wp-block-embed-lyc-e-professionnel-fran-ois-de-mahy-saint-pierre-la-r-union\"><div class=\"wp-block-embed__wrapper\">\n<blockquote class=\"wp-embedded-content\" data-secret=\"WNkTegP061\"><a href=\"https:\/\/etab.ac-reunion.fr\/lyc-francois-de-mahy\/seance-changement-de-pare-brise-et-reparation-chez-carglass-pour-des-professeurs-du-lycee\/\">S\u00e9ance changement de pare-brise et r\u00e9paration chez CARGLASS pour des professeurs du lyc\u00e9e<\/a><\/blockquote><iframe loading=\"lazy\" class=\"wp-embedded-content\" sandbox=\"allow-scripts\" security=\"restricted\" style=\"position: absolute; visibility: hidden;\" title=\"\u00ab\u00a0S\u00e9ance changement de pare-brise et r\u00e9paration chez CARGLASS pour des professeurs du lyc\u00e9e\u00a0\u00bb &#8212; Lyc\u00e9e professionnel Fran\u00e7ois de Mahy, Saint-Pierre, La R\u00e9union\" src=\"https:\/\/etab.ac-reunion.fr\/lyc-francois-de-mahy\/seance-changement-de-pare-brise-et-reparation-chez-carglass-pour-des-professeurs-du-lycee\/embed\/#?secret=wSAfm4WhVe#?secret=WNkTegP061\" data-secret=\"WNkTegP061\" width=\"600\" height=\"338\" frameborder=\"0\" marginwidth=\"0\" marginheight=\"0\" scrolling=\"no\"><\/iframe>\n<\/div><\/figure>\n\n\n\n<figure class=\"wp-block-embed is-type-wp-embed is-provider-lyc-e-professionnel-fran-ois-de-mahy-saint-pierre-la-r-union wp-block-embed-lyc-e-professionnel-fran-ois-de-mahy-saint-pierre-la-r-union\"><div class=\"wp-block-embed__wrapper\">\n<blockquote class=\"wp-embedded-content\" data-secret=\"LU94SVljVo\"><a href=\"https:\/\/etab.ac-reunion.fr\/lyc-francois-de-mahy\/stage-job-dating-de-gbh-au-lycee-francois-de-mahy\/\">STAGE &amp; JOB DATING DE GBH AU LYC\u00c9E FRAN\u00c7OIS DE MAHY<\/a><\/blockquote><iframe loading=\"lazy\" class=\"wp-embedded-content\" sandbox=\"allow-scripts\" security=\"restricted\" style=\"position: absolute; visibility: hidden;\" title=\"\u00ab\u00a0STAGE &amp; JOB DATING DE GBH AU LYC\u00c9E FRAN\u00c7OIS DE MAHY\u00a0\u00bb &#8212; Lyc\u00e9e professionnel Fran\u00e7ois de Mahy, Saint-Pierre, La R\u00e9union\" src=\"https:\/\/etab.ac-reunion.fr\/lyc-francois-de-mahy\/stage-job-dating-de-gbh-au-lycee-francois-de-mahy\/embed\/#?secret=uEgkHVzn1Y#?secret=LU94SVljVo\" data-secret=\"LU94SVljVo\" width=\"600\" height=\"338\" frameborder=\"0\" marginwidth=\"0\" marginheight=\"0\" scrolling=\"no\"><\/iframe>\n<\/div><\/figure>\n\n\n\n<figure class=\"wp-block-embed is-type-wp-embed is-provider-lyc-e-professionnel-fran-ois-de-mahy-saint-pierre-la-r-union wp-block-embed-lyc-e-professionnel-fran-ois-de-mahy-saint-pierre-la-r-union\"><div class=\"wp-block-embed__wrapper\">\n<blockquote class=\"wp-embedded-content\" data-secret=\"JCUWog4OPQ\"><a href=\"https:\/\/etab.ac-reunion.fr\/lyc-francois-de-mahy\/journee-de-la-mixite-decouverte-des-metiers-de-la-concession-peugeot-canabady-jeudi-24-avril-2025\/\">JOURN\u00c9E DE LA MIXIT\u00c9 \u2013 D\u00e9couverte des m\u00e9tiers de la concession PEUGEOT CANABADY \u2013 Jeudi 24 avril<\/a><\/blockquote><iframe loading=\"lazy\" class=\"wp-embedded-content\" sandbox=\"allow-scripts\" security=\"restricted\" style=\"position: absolute; visibility: hidden;\" title=\"\u00ab\u00a0JOURN\u00c9E DE LA MIXIT\u00c9 \u2013 D\u00e9couverte des m\u00e9tiers de la concession PEUGEOT CANABADY \u2013 Jeudi 24 avril\u00a0\u00bb &#8212; Lyc\u00e9e professionnel Fran\u00e7ois de Mahy, Saint-Pierre, La R\u00e9union\" src=\"https:\/\/etab.ac-reunion.fr\/lyc-francois-de-mahy\/journee-de-la-mixite-decouverte-des-metiers-de-la-concession-peugeot-canabady-jeudi-24-avril-2025\/embed\/#?secret=j6f7NBC8mT#?secret=JCUWog4OPQ\" data-secret=\"JCUWog4OPQ\" width=\"600\" height=\"338\" frameborder=\"0\" marginwidth=\"0\" marginheight=\"0\" scrolling=\"no\"><\/iframe>\n<\/div><\/figure>\n\n\n\n<figure class=\"wp-block-embed is-type-wp-embed is-provider-lyc-e-professionnel-fran-ois-de-mahy-saint-pierre-la-r-union wp-block-embed-lyc-e-professionnel-fran-ois-de-mahy-saint-pierre-la-r-union\"><div class=\"wp-block-embed__wrapper\">\n<blockquote class=\"wp-embedded-content\" data-secret=\"2L9AC0qSft\"><a href=\"https:\/\/etab.ac-reunion.fr\/lyc-francois-de-mahy\/visite-des-ateliers-auto-du-rsma-mardi-29-avril-2025\/\">VISITE DES ATELIERS AUTO DU RSMA \u2013 Mardi 29 avril 2025<\/a><\/blockquote><iframe loading=\"lazy\" class=\"wp-embedded-content\" sandbox=\"allow-scripts\" security=\"restricted\" style=\"position: absolute; visibility: hidden;\" title=\"\u00ab\u00a0VISITE DES ATELIERS AUTO DU RSMA \u2013 Mardi 29 avril 2025\u00a0\u00bb &#8212; Lyc\u00e9e professionnel Fran\u00e7ois de Mahy, Saint-Pierre, La R\u00e9union\" src=\"https:\/\/etab.ac-reunion.fr\/lyc-francois-de-mahy\/visite-des-ateliers-auto-du-rsma-mardi-29-avril-2025\/embed\/#?secret=TDWvP4X4Zb#?secret=2L9AC0qSft\" data-secret=\"2L9AC0qSft\" width=\"600\" height=\"338\" frameborder=\"0\" marginwidth=\"0\" marginheight=\"0\" scrolling=\"no\"><\/iframe>\n<\/div><\/figure>\n\n\n\n<figure class=\"wp-block-embed is-type-wp-embed is-provider-lyc-e-professionnel-fran-ois-de-mahy-saint-pierre-la-r-union wp-block-embed-lyc-e-professionnel-fran-ois-de-mahy-saint-pierre-la-r-union\"><div class=\"wp-block-embed__wrapper\">\n<blockquote class=\"wp-embedded-content\" data-secret=\"D7pEapc3IO\"><a href=\"https:\/\/etab.ac-reunion.fr\/lyc-francois-de-mahy\/atelier-et-entretien-dembauche-au-lycee-le-3-avril\/\">Atelier CV et entretien d&#8217;embauche au lyc\u00e9e<\/a><\/blockquote><iframe loading=\"lazy\" class=\"wp-embedded-content\" sandbox=\"allow-scripts\" security=\"restricted\" style=\"position: absolute; visibility: hidden;\" title=\"\u00ab\u00a0Atelier CV et entretien d&#8217;embauche au lyc\u00e9e\u00a0\u00bb &#8212; Lyc\u00e9e professionnel Fran\u00e7ois de Mahy, Saint-Pierre, La R\u00e9union\" src=\"https:\/\/etab.ac-reunion.fr\/lyc-francois-de-mahy\/atelier-et-entretien-dembauche-au-lycee-le-3-avril\/embed\/#?secret=MdWa2WtRGt#?secret=D7pEapc3IO\" data-secret=\"D7pEapc3IO\" width=\"600\" height=\"338\" frameborder=\"0\" marginwidth=\"0\" marginheight=\"0\" scrolling=\"no\"><\/iframe>\n<\/div><\/figure>\n\n\n\n<figure class=\"wp-block-embed is-type-wp-embed is-provider-lyc-e-professionnel-fran-ois-de-mahy-saint-pierre-la-r-union wp-block-embed-lyc-e-professionnel-fran-ois-de-mahy-saint-pierre-la-r-union\"><div class=\"wp-block-embed__wrapper\">\n<blockquote class=\"wp-embedded-content\" data-secret=\"wvvaHswLTF\"><a href=\"https:\/\/etab.ac-reunion.fr\/lyc-francois-de-mahy\/visite-de-fibres-industries-bois-avec-la-classe-vendeur-conseil-en-produits-techniques-de-lhabitat\/\">Visite de FIBRES Industries bois avec la classe  VCPTH<\/a><\/blockquote><iframe loading=\"lazy\" class=\"wp-embedded-content\" sandbox=\"allow-scripts\" security=\"restricted\" style=\"position: absolute; visibility: hidden;\" title=\"\u00ab\u00a0Visite de FIBRES Industries bois avec la classe  VCPTH\u00a0\u00bb &#8212; Lyc\u00e9e professionnel Fran\u00e7ois de Mahy, Saint-Pierre, La R\u00e9union\" src=\"https:\/\/etab.ac-reunion.fr\/lyc-francois-de-mahy\/visite-de-fibres-industries-bois-avec-la-classe-vendeur-conseil-en-produits-techniques-de-lhabitat\/embed\/#?secret=mWXfwCV8hN#?secret=wvvaHswLTF\" data-secret=\"wvvaHswLTF\" width=\"600\" height=\"338\" frameborder=\"0\" marginwidth=\"0\" marginheight=\"0\" scrolling=\"no\"><\/iframe>\n<\/div><\/figure>\n\n\n\n<figure class=\"wp-block-embed is-type-wp-embed is-provider-lyc-e-professionnel-fran-ois-de-mahy-saint-pierre-la-r-union wp-block-embed-lyc-e-professionnel-fran-ois-de-mahy-saint-pierre-la-r-union\"><div class=\"wp-block-embed__wrapper\">\n<blockquote class=\"wp-embedded-content\" data-secret=\"VfZ83Mk9B6\"><a href=\"https:\/\/etab.ac-reunion.fr\/lyc-francois-de-mahy\/visite-de-la-nouvelle-cuisine-centrale-de-grand-bois\/\">VISITE DE LA NOUVELLE CUISINE CENTRALE DE GRAND BOIS<\/a><\/blockquote><iframe loading=\"lazy\" class=\"wp-embedded-content\" sandbox=\"allow-scripts\" security=\"restricted\" style=\"position: absolute; visibility: hidden;\" title=\"\u00ab\u00a0VISITE DE LA NOUVELLE CUISINE CENTRALE DE GRAND BOIS\u00a0\u00bb &#8212; Lyc\u00e9e professionnel Fran\u00e7ois de Mahy, Saint-Pierre, La R\u00e9union\" src=\"https:\/\/etab.ac-reunion.fr\/lyc-francois-de-mahy\/visite-de-la-nouvelle-cuisine-centrale-de-grand-bois\/embed\/#?secret=htavtD3brl#?secret=VfZ83Mk9B6\" data-secret=\"VfZ83Mk9B6\" width=\"600\" height=\"338\" frameborder=\"0\" marginwidth=\"0\" marginheight=\"0\" scrolling=\"no\"><\/iframe>\n<\/div><\/figure>\n\n\n\n<div style=\"height:10px\" aria-hidden=\"true\" class=\"wp-block-spacer\"><\/div>\n\n\n\n<figure class=\"wp-block-embed is-type-wp-embed is-provider-lyc-e-professionnel-fran-ois-de-mahy-saint-pierre-la-r-union wp-block-embed-lyc-e-professionnel-fran-ois-de-mahy-saint-pierre-la-r-union\"><div class=\"wp-block-embed__wrapper\">\n<blockquote class=\"wp-embedded-content\" data-secret=\"PqMU8ep6T5\"><a href=\"https:\/\/etab.ac-reunion.fr\/lyc-francois-de-mahy\/taxe-dapprentissage-soutenez-notre-lycee\/\">Soutenez notre lyc\u00e9e avec la taxe d&rsquo;apprentissage<\/a><\/blockquote><iframe loading=\"lazy\" class=\"wp-embedded-content\" sandbox=\"allow-scripts\" security=\"restricted\" style=\"position: absolute; visibility: hidden;\" title=\"\u00ab\u00a0Soutenez notre lyc\u00e9e avec la taxe d&rsquo;apprentissage\u00a0\u00bb &#8212; Lyc\u00e9e professionnel Fran\u00e7ois de Mahy, Saint-Pierre, La R\u00e9union\" src=\"https:\/\/etab.ac-reunion.fr\/lyc-francois-de-mahy\/taxe-dapprentissage-soutenez-notre-lycee\/embed\/#?secret=rzpsisZs1H#?secret=PqMU8ep6T5\" data-secret=\"PqMU8ep6T5\" width=\"600\" height=\"338\" frameborder=\"0\" marginwidth=\"0\" marginheight=\"0\" scrolling=\"no\"><\/iframe>\n<\/div><\/figure>\n","protected":false},"excerpt":{"rendered":"","protected":false},"author":19067,"featured_media":26155,"parent":0,"menu_order":0,"comment_status":"closed","ping_status":"closed","template":"","meta":{"footnotes":""},"class_list":["post-27068","page","type-page","status-publish","has-post-thumbnail","hentry"],"_links":{"self":[{"href":"https:\/\/etab.ac-reunion.fr\/lyc-francois-de-mahy\/wp-json\/wp\/v2\/pages\/27068","targetHints":{"allow":["GET"]}}],"collection":[{"href":"https:\/\/etab.ac-reunion.fr\/lyc-francois-de-mahy\/wp-json\/wp\/v2\/pages"}],"about":[{"href":"https:\/\/etab.ac-reunion.fr\/lyc-francois-de-mahy\/wp-json\/wp\/v2\/types\/page"}],"author":[{"embeddable":true,"href":"https:\/\/etab.ac-reunion.fr\/lyc-francois-de-mahy\/wp-json\/wp\/v2\/users\/19067"}],"replies":[{"embeddable":true,"href":"https:\/\/etab.ac-reunion.fr\/lyc-francois-de-mahy\/wp-json\/wp\/v2\/comments?post=27068"}],"version-history":[{"count":20,"href":"https:\/\/etab.ac-reunion.fr\/lyc-francois-de-mahy\/wp-json\/wp\/v2\/pages\/27068\/revisions"}],"predecessor-version":[{"id":30972,"href":"https:\/\/etab.ac-reunion.fr\/lyc-francois-de-mahy\/wp-json\/wp\/v2\/pages\/27068\/revisions\/30972"}],"wp:featuredmedia":[{"embeddable":true,"href":"https:\/\/etab.ac-reunion.fr\/lyc-francois-de-mahy\/wp-json\/wp\/v2\/media\/26155"}],"wp:attachment":[{"href":"https:\/\/etab.ac-reunion.fr\/lyc-francois-de-mahy\/wp-json\/wp\/v2\/media?parent=27068"}],"curies":[{"name":"wp","href":"https:\/\/api.w.org\/{rel}","templated":true}]}}