{"id":8053,"date":"2019-05-05T20:35:51","date_gmt":"2019-05-05T16:35:51","guid":{"rendered":"http:\/\/lycee-isnelle-amelin.ac-reunion.fr\/?page_id=8053"},"modified":"2019-06-01T18:59:03","modified_gmt":"2019-06-01T14:59:03","slug":"focus-actu-1","status":"publish","type":"page","link":"https:\/\/etab.ac-reunion.fr\/lyc-isnelle-amelin\/focus-actu-1","title":{"rendered":"Focus Actu #1"},"content":{"rendered":"[et_pb_section fb_built=\u00a0\u00bb1&Prime; custom_padding_last_edited=\u00a0\u00bbon|desktop\u00a0\u00bb _builder_version=\u00a0\u00bb3.23.3&Prime; custom_margin_tablet=\u00a0\u00bb0px||0px\u00a0\u00bb custom_margin_phone=\u00a0\u00bb0px||0px\u00a0\u00bb custom_margin_last_edited=\u00a0\u00bbon|desktop\u00a0\u00bb custom_padding_tablet=\u00a0\u00bb0px||0px\u00a0\u00bb custom_padding_phone=\u00a0\u00bb0px||0px\u00a0\u00bb][et_pb_row custom_padding=\u00a0\u00bb10px||\u00a0\u00bb _builder_version=\u00a0\u00bb3.22.7&Prime;][et_pb_column type=\u00a0\u00bb4_4&Prime; _builder_version=\u00a0\u00bb3.22.7&Prime;][et_pb_image src=\u00a0\u00bbhttps:\/\/etab.ac-reunion.fr\/lyc-isnelle-amelin\/wp-content\/uploads\/sites\/43\/2019\/05\/Titre-2.jpg\u00a0\u00bb force_fullwidth=\u00a0\u00bbon\u00a0\u00bb align_tablet=\u00a0\u00bbcenter\u00a0\u00bb align_last_edited=\u00a0\u00bbon|desktop\u00a0\u00bb _builder_version=\u00a0\u00bb3.23&Prime;][\/et_pb_image][\/et_pb_column][\/et_pb_row][et_pb_row custom_padding=\u00a0\u00bb0px||0px\u00a0\u00bb custom_margin=\u00a0\u00bb15px||15px\u00a0\u00bb _builder_version=\u00a0\u00bb3.23.3&Prime; custom_margin_phone=\u00a0\u00bb-40px||-50px\u00a0\u00bb custom_margin_last_edited=\u00a0\u00bbon|desktop\u00a0\u00bb][et_pb_column type=\u00a0\u00bb4_4&Prime; _builder_version=\u00a0\u00bb3.22.7&Prime;][et_pb_text _builder_version=\u00a0\u00bb3.23.3&Prime; text_font=\u00a0\u00bb|||on|||||\u00a0\u00bb text_font_size=\u00a0\u00bb48px\u00a0\u00bb text_line_height=\u00a0\u00bb1em\u00a0\u00bb width_phone=\u00a0\u00bb100%\u00a0\u00bb width_last_edited=\u00a0\u00bbon|desktop\u00a0\u00bb custom_margin=\u00a0\u00bb||20px\u00a0\u00bb text_font_size_tablet=\u00a0\u00bb33px\u00a0\u00bb text_font_size_phone=\u00a0\u00bb20px\u00a0\u00bb text_font_size_last_edited=\u00a0\u00bbon|tablet\u00a0\u00bb]\n<p style=\"text-align: center\">TENDONS LA MAIN AUX PLUS DEMUNIS<\/p>\n[\/et_pb_text][\/et_pb_column][\/et_pb_row][et_pb_row use_custom_gutter=\u00a0\u00bbon\u00a0\u00bb gutter_width=\u00a0\u00bb2&Prime; custom_margin=\u00a0\u00bb-30px|auto||auto||\u00a0\u00bb disabled_on=\u00a0\u00bboff|off|on\u00a0\u00bb _builder_version=\u00a0\u00bb3.22.7&Prime;][et_pb_column type=\u00a0\u00bb4_4&Prime; _builder_version=\u00a0\u00bb3.22.7&Prime;][et_pb_text _builder_version=\u00a0\u00bb3.23.3&Prime; text_font=\u00a0\u00bb||||||||\u00a0\u00bb text_font_size=\u00a0\u00bb15px\u00a0\u00bb border_width_top=\u00a0\u00bb2px\u00a0\u00bb border_width_bottom=\u00a0\u00bb2px\u00a0\u00bb text_orientation=\u00a0\u00bbcenter\u00a0\u00bb]\n<p>Par les \u00e9l\u00e8ves du Conseil de Vie Lyc\u00e9enne et de la MDL<\/p>\n[\/et_pb_text][et_pb_text _builder_version=\u00a0\u00bb3.23.3&Prime; text_font=\u00a0\u00bb||||||||\u00a0\u00bb text_font_size=\u00a0\u00bb13px\u00a0\u00bb text_orientation=\u00a0\u00bbjustified\u00a0\u00bb custom_margin=\u00a0\u00bb20px||\u00a0\u00bb]\n<p><strong>Dans le cadre de notre Parcours Citoyen nous, membres du <a href=\"https:\/\/www.education.gouv.fr\/cid73077\/le-conseil-des-delegues-pour-la-vie-lyceenne.html\">CVL<\/a> et la <a href=\"https:\/\/www.education.gouv.fr\/cid73323\/maison-des-lyceens.html\">MDL<\/a>, avons souhait\u00e9 nous engager dans un projet de solidarit\u00e9. De ce fait, nous avons voulu venir en aide aux accueillis de la <a href=\"https:\/\/www.fondation-abbe-pierre.fr\/\">Fondation Abb\u00e9 Pierre<\/a>. C\u2019est une fondation qui regroupe des acteurs sociaux. Ces derniers accueillent des personnes d\u00e9munies et les aident dans les diverses d\u00e9marches administratives.<\/strong><\/p>\n[\/et_pb_text][et_pb_image src=\u00a0\u00bbhttps:\/\/etab.ac-reunion.fr\/lyc-isnelle-amelin\/wp-content\/uploads\/sites\/43\/2019\/05\/photo-1.jpg\u00a0\u00bb force_fullwidth=\u00a0\u00bbon\u00a0\u00bb align_tablet=\u00a0\u00bbcenter\u00a0\u00bb align_last_edited=\u00a0\u00bbon|desktop\u00a0\u00bb _builder_version=\u00a0\u00bb3.23.3&Prime; custom_margin=\u00a0\u00bb20px||\u00a0\u00bb][\/et_pb_image][et_pb_text _builder_version=\u00a0\u00bb3.23.3&Prime; text_font=\u00a0\u00bb||||||||\u00a0\u00bb text_font_size=\u00a0\u00bb16px\u00a0\u00bb border_width_bottom=\u00a0\u00bb2px\u00a0\u00bb custom_margin=\u00a0\u00bb20px||\u00a0\u00bb]\n<p style=\"text-align: left\"><strong>Mise en place du projet<\/strong><\/p>\n[\/et_pb_text][et_pb_text _builder_version=\u00a0\u00bb3.23.3&Prime; text_font=\u00a0\u00bb||||||||\u00a0\u00bb text_font_size=\u00a0\u00bb13px\u00a0\u00bb text_orientation=\u00a0\u00bbjustified\u00a0\u00bb custom_margin=\u00a0\u00bb10px||\u00a0\u00bb]\n<p>Durant le mois d\u2019avril, nous avons travaill\u00e9 sur la mise en place du projet\u00a0; sur l\u2019organisation d\u2019une collecte alimentaire. Pour ce faire, nous avons effectu\u00e9 des r\u00e9unions pour d\u00e9finir le r\u00f4le de chacun, les d\u00e9lais de la collecte, le lieu ainsi que les diverses d\u00e9marches administratives\u00a0 \u00e0 effectuer pour pouvoir mener au mieux ce projet.\u00a0Apr\u00e8s des formalit\u00e9s administratives et avec l\u2019accord du chef d\u2019\u00e9tablissement M B\u00e9nard, nous avons pu effectuer des <a href=\"https:\/\/etab.ac-reunion.fr\/lyc-isnelle-amelin\/wp-content\/uploads\/sites\/43\/2019\/04\/Re%CC%81colte-alimentaire.jpg\">affiches<\/a> et nous rendre pendant trois jours aux entr\u00e9es du centre\u00a0commercial\u00a0et deux jours\u00a0au sein du lyc\u00e9e Isnelle Amelin pour la collecte alimentaire.<\/p>\n[\/et_pb_text][et_pb_image src=\u00a0\u00bbhttps:\/\/etab.ac-reunion.fr\/lyc-isnelle-amelin\/wp-content\/uploads\/sites\/43\/2019\/05\/photo-10-3.jpg\u00a0\u00bb force_fullwidth=\u00a0\u00bbon\u00a0\u00bb _builder_version=\u00a0\u00bb3.23.3&Prime; custom_margin=\u00a0\u00bb20px||20px\u00a0\u00bb][\/et_pb_image][et_pb_text disabled_on=\u00a0\u00bboff|off|off\u00a0\u00bb admin_label=\u00a0\u00bbsur le terrain &#8211; titre\u00a0\u00bb _builder_version=\u00a0\u00bb3.23.3&Prime; text_font=\u00a0\u00bb||||||||\u00a0\u00bb text_font_size=\u00a0\u00bb16px\u00a0\u00bb border_width_bottom=\u00a0\u00bb2px\u00a0\u00bb custom_margin=\u00a0\u00bb10px||\u00a0\u00bb]\n<p style=\"text-align: left\"><strong>La collecte alimentaire au centre commercial Duparc et au LP Isnelle Amelin<\/strong><\/p>\n[\/et_pb_text][et_pb_text disabled_on=\u00a0\u00bboff|off|off\u00a0\u00bb admin_label=\u00a0\u00bbsur le terrain suite\u00a0\u00bb _builder_version=\u00a0\u00bb3.23.3&Prime; text_font=\u00a0\u00bb||||||||\u00a0\u00bb text_font_size=\u00a0\u00bb13px\u00a0\u00bb text_orientation=\u00a0\u00bbjustified\u00a0\u00bb custom_margin=\u00a0\u00bb10px||\u00a0\u00bb custom_padding=\u00a0\u00bb||0px|||\u00a0\u00bb]\n<p>Durant notre intervention, nous sommes partis \u00e0 la rencontre des usagers pour leur faire part de cette collecte alimentaire et leur pr\u00e9senter ce qu\u2019est la Fondation Abb\u00e9 Pierre ainsi que son r\u00f4le humanitaire.<\/p>\n[\/et_pb_text][et_pb_image src=\u00a0\u00bbhttps:\/\/etab.ac-reunion.fr\/lyc-isnelle-amelin\/wp-content\/uploads\/sites\/43\/2019\/05\/photo-2-copie-1.jpg\u00a0\u00bb _builder_version=\u00a0\u00bb3.23.3&Prime; custom_margin=\u00a0\u00bb20px||20px\u00a0\u00bb][\/et_pb_image][et_pb_text _builder_version=\u00a0\u00bb3.23.3&Prime; text_font=\u00a0\u00bb||||||||\u00a0\u00bb text_font_size=\u00a0\u00bb15px\u00a0\u00bb border_width_bottom=\u00a0\u00bb2px\u00a0\u00bb custom_margin=\u00a0\u00bb15px||\u00a0\u00bb custom_padding=\u00a0\u00bb5px||5px\u00a0\u00bb]\n<p style=\"text-align: left\"><strong>Rencontre entre \u00e9l\u00e8ves et accueillis<\/strong><\/p>\n[\/et_pb_text][et_pb_text _builder_version=\u00a0\u00bb3.23.3&Prime; text_font=\u00a0\u00bb||||||||\u00a0\u00bb text_font_size=\u00a0\u00bb13px\u00a0\u00bb text_orientation=\u00a0\u00bbjustified\u00a0\u00bb custom_margin=\u00a0\u00bb20px||\u00a0\u00bb]\n<p>Une fois la collecte termin\u00e9e, le 22 mai, nous avons eu l\u2019occasion de faire la rencontre de M.St\u00e9phane, le responsable d\u2019accueil de la <a href=\"https:\/\/www.fondation-abbe-pierre.fr\/nos-actions\/accueillir-et-loger\/les-boutiques-solidarite-de-la-fondation-abbe-pierre\">boutique de solidarit\u00e9<\/a> de la fondation ABBE PIERRE de Saint-Denis et quatre accueillis qui ont pu nous expliquer leurs parcours autour d\u2019un petit d\u00e9jeuner offert\u00a0par le lyc\u00e9e. Quelques jours plus tard, le 24 mai\u00a0nous sommes partis \u00e0 \u00a0la rencontre de plusieurs accueillis \u00e0 la boutique de solidarit\u00e9 de Saint-Denis pour\u00a0 distribuer les colis alimentaires.\u00a0<span>Durant cette matin\u00e9e, nous avons appris le fonctionnement de l&rsquo;organisation,\u00a0nous avons partag\u00e9 un d\u00e9jeuner en leur compagnie et avons pu communiquer avec eux\u00a0pour comprendre leur chemin de\u00a0vie. Nous sommes conscients que la vie peut basculer pour n\u2019importe qui, car il n\u2019y a pas d\u2019\u00e2ge pour cela.\u00a0<\/span><\/p>\n[\/et_pb_text][et_pb_image src=\u00a0\u00bbhttps:\/\/etab.ac-reunion.fr\/lyc-isnelle-amelin\/wp-content\/uploads\/sites\/43\/2019\/05\/photo-4-copie.jpg\u00a0\u00bb force_fullwidth=\u00a0\u00bbon\u00a0\u00bb _builder_version=\u00a0\u00bb3.23.3&Prime; custom_margin=\u00a0\u00bb20px||20px\u00a0\u00bb][\/et_pb_image][et_pb_text _builder_version=\u00a0\u00bb3.23.3&Prime; text_font=\u00a0\u00bb||||||||\u00a0\u00bb text_font_size=\u00a0\u00bb13px\u00a0\u00bb text_orientation=\u00a0\u00bbjustified\u00a0\u00bb custom_margin=\u00a0\u00bb20px||\u00a0\u00bb]\n<p><span>Les personnes que nous avons rencontr\u00e9es sont d\u2019\u00e2ges diff\u00e9rents, d\u2019origines diff\u00e9rentes, et exercent ou exer\u00e7aient diff\u00e9rents m\u00e9tiers.\u00a0Certains d\u2019entre nous ont rencontr\u00e9 des anciens professeurs d\u2019\u00e9coles, des anciens chefs de chantier, des jeunes qui ont quitt\u00e9 l\u2019Ecole\u2026\u00a0Nous voyons aujourd\u2019hui, que certaines personnes que nous avons rencontr\u00e9es ne savent m\u00eame plus depuis combien de temps ils sont dans cette gal\u00e8re et certains ne savent plus\u00a0formuler une phrase correcte.\u00a0Au fil du temps la majorit\u00e9 des abris se cr\u00e9ent \u00a0une \u00ab\u00a0fausse r\u00e9alit\u00e9\u00a0\u00bb pour en quelque sorte \u00e9chapper \u00e0 leur\u00a0 \u00ab\u00a0ancienne vie ou \u00e0 leur gal\u00e8re actuelle\u00bb. Il ne faut pas croire que tous les d\u00e9munis sont l\u00e0 \u00e0 attendre un miracle, non\u00a0! Ils sont constamment \u00e0 la recherche d\u2019un abri, en appelant tous les jours le 115 qui est un num\u00e9ro vert pour r\u00e9server une place pour dormir mais malheureusement, ils n\u2019ont pas tous cette chance.<\/span><\/p>\n[\/et_pb_text][et_pb_image src=\u00a0\u00bbhttps:\/\/etab.ac-reunion.fr\/lyc-isnelle-amelin\/wp-content\/uploads\/sites\/43\/2019\/05\/photo-6-copie.jpg\u00a0\u00bb force_fullwidth=\u00a0\u00bbon\u00a0\u00bb align_tablet=\u00a0\u00bbcenter\u00a0\u00bb align_last_edited=\u00a0\u00bbon|desktop\u00a0\u00bb _builder_version=\u00a0\u00bb3.23.3&Prime; custom_margin=\u00a0\u00bb20px||20px\u00a0\u00bb custom_margin_phone=\u00a0\u00bb20px||\u00a0\u00bb custom_margin_last_edited=\u00a0\u00bbon|desktop\u00a0\u00bb][\/et_pb_image][et_pb_text _builder_version=\u00a0\u00bb3.23.3&Prime; text_font=\u00a0\u00bb||||||||\u00a0\u00bb text_font_size=\u00a0\u00bb13px\u00a0\u00bb text_orientation=\u00a0\u00bbjustified\u00a0\u00bb custom_margin=\u00a0\u00bb20px||\u00a0\u00bb]\n<p><span>Les accueillis sont constamment en train de faire leurs papiers,\u00a0 essayer de trouver une solution pour sortir de la rue, mais certains tombent rapidement dans la violence, la drogue ou encore l\u2019alcool.\u00a0Soyez humains, comme\u00a0nous l\u2019avons fait dans le cadre du CVL et de la MDL, aidez votre prochain, demain vous pourriez \u00eatre \u00e0 leur place, ceux ne sont pas personnes mauvaises elles ont juste besoin que quelqu\u2019un leur tende la main.\u00a0Ces accueillis sont des humains comme nous tous et ont aussi un v\u00e9cu.\u00a0<\/span><\/p>\n<p>Aidons-les, nous avons tous le droit \u00e0 un repas et \u00e0 un toit sous lequel s\u2019abriter.\u00a0<span>Ils essayent de trouver une solution pour sortir de la rue et ont tous besoin qu\u2019on les aide. Ces personnes ont besoin d\u2019une oreille pour les \u00e9couter, ils ont besoin qu\u2019on leur tende la main, qu\u2019on les aide dans leur d\u00e9marche, car la solitude est un sentiment atroce au fil des ann\u00e9es sur le point physique que mental.<\/span><\/p>\n[\/et_pb_text][\/et_pb_column][\/et_pb_row][et_pb_row use_custom_gutter=\u00a0\u00bbon\u00a0\u00bb gutter_width=\u00a0\u00bb2&Prime; disabled_on=\u00a0\u00bbon|on|off\u00a0\u00bb _builder_version=\u00a0\u00bb3.23.3&Prime;][et_pb_column type=\u00a0\u00bb1_4&Prime; _builder_version=\u00a0\u00bb3.22.7&Prime;][et_pb_text _builder_version=\u00a0\u00bb3.23.3&Prime; text_font=\u00a0\u00bb||||||||\u00a0\u00bb text_font_size=\u00a0\u00bb15px\u00a0\u00bb border_width_top=\u00a0\u00bb2px\u00a0\u00bb border_width_bottom=\u00a0\u00bb2px\u00a0\u00bb text_orientation=\u00a0\u00bbcenter\u00a0\u00bb]\n<p>Par les \u00e9l\u00e8ves du Conseil de Vie Lyc\u00e9enne et de la MDL<\/p>\n[\/et_pb_text][et_pb_text _builder_version=\u00a0\u00bb3.23.3&Prime; text_font=\u00a0\u00bb||||||||\u00a0\u00bb text_font_size=\u00a0\u00bb13px\u00a0\u00bb text_orientation=\u00a0\u00bbjustified\u00a0\u00bb]\n<p><strong>Dans le cadre de notre Parcours Citoyen nous, membres du <a href=\"https:\/\/www.education.gouv.fr\/cid73077\/le-conseil-des-delegues-pour-la-vie-lyceenne.html\">CVL<\/a> et la <a href=\"https:\/\/www.education.gouv.fr\/cid73323\/maison-des-lyceens.html\">MDL<\/a>, avons souhait\u00e9 nous engager dans un projet de solidarit\u00e9. De ce fait, nous avons voulu venir en aide aux accueillis de la <a href=\"https:\/\/www.fondation-abbe-pierre.fr\/\">Fondation Abb\u00e9 Pierre<\/a>. C\u2019est une fondation qui regroupe des acteurs sociaux. Ces derniers accueillent des personnes d\u00e9munies et les aident dans les diverses d\u00e9marches administratives.<\/strong><\/p>\n[\/et_pb_text][et_pb_text _builder_version=\u00a0\u00bb3.23.3&Prime; text_font=\u00a0\u00bb||||||||\u00a0\u00bb text_font_size=\u00a0\u00bb18px\u00a0\u00bb]\n<p style=\"text-align: center\"><strong>Mise en place du projet<\/strong><\/p>\n[\/et_pb_text][et_pb_text _builder_version=\u00a0\u00bb3.23.3&Prime; text_font=\u00a0\u00bb||||||||\u00a0\u00bb text_font_size=\u00a0\u00bb13px\u00a0\u00bb text_orientation=\u00a0\u00bbjustified\u00a0\u00bb]\n<p>Durant le mois d\u2019avril, nous avons travaill\u00e9 sur la mise en place du projet\u00a0; sur l\u2019organisation d\u2019une collecte alimentaire<\/p>\n<p>Pour ce faire, nous avons effectu\u00e9 des r\u00e9unions pour d\u00e9finir le r\u00f4le de chacun, les d\u00e9lais de la collecte, le lieu ainsi que les diverses d\u00e9marches administratives\u00a0 \u00e0 effectuer pour pouvoir mener au mieux ce projet.<\/p>\n[\/et_pb_text][\/et_pb_column][et_pb_column type=\u00a0\u00bb3_4&Prime; _builder_version=\u00a0\u00bb3.22.7&Prime;][et_pb_image src=\u00a0\u00bbhttps:\/\/etab.ac-reunion.fr\/lyc-isnelle-amelin\/wp-content\/uploads\/sites\/43\/2019\/05\/photo-1.jpg\u00a0\u00bb force_fullwidth=\u00a0\u00bbon\u00a0\u00bb align_tablet=\u00a0\u00bbcenter\u00a0\u00bb align_last_edited=\u00a0\u00bbon|desktop\u00a0\u00bb _builder_version=\u00a0\u00bb3.23.3&Prime;][\/et_pb_image][\/et_pb_column][\/et_pb_row][et_pb_row use_custom_gutter=\u00a0\u00bbon\u00a0\u00bb gutter_width=\u00a0\u00bb2&Prime; custom_padding=\u00a0\u00bb||0px|||\u00a0\u00bb custom_margin=\u00a0\u00bb40px||\u00a0\u00bb disabled_on=\u00a0\u00bbon|on|off\u00a0\u00bb _builder_version=\u00a0\u00bb3.23.3&Prime;][et_pb_column type=\u00a0\u00bb1_4&Prime; _builder_version=\u00a0\u00bb3.22.7&Prime;][et_pb_image src=\u00a0\u00bbhttps:\/\/etab.ac-reunion.fr\/lyc-isnelle-amelin\/wp-content\/uploads\/sites\/43\/2019\/05\/photo-10-3.jpg\u00a0\u00bb _builder_version=\u00a0\u00bb3.23.3&Prime; custom_margin=\u00a0\u00bb||\u00a0\u00bb][\/et_pb_image][et_pb_text disabled_on=\u00a0\u00bboff|off|off\u00a0\u00bb _builder_version=\u00a0\u00bb3.23.3&Prime; text_font=\u00a0\u00bb||||||||\u00a0\u00bb text_font_size=\u00a0\u00bb13px\u00a0\u00bb text_orientation=\u00a0\u00bbjustified\u00a0\u00bb custom_margin=\u00a0\u00bb20px||\u00a0\u00bb custom_margin_phone=\u00a0\u00bb-30px||\u00a0\u00bb custom_margin_last_edited=\u00a0\u00bbon|phone\u00a0\u00bb custom_padding=\u00a0\u00bb||0px|||\u00a0\u00bb]\n<p>Apr\u00e8s des formalit\u00e9s administratives et avec l\u2019accord du chef d\u2019\u00e9tablissement M B\u00e9nard, nous avons pu effectuer des <a href=\"https:\/\/etab.ac-reunion.fr\/lyc-isnelle-amelin\/wp-content\/uploads\/sites\/43\/2019\/04\/Re%CC%81colte-alimentaire.jpg\">affiches<\/a> et nous rendre pendant trois jours aux entr\u00e9es du centre\u00a0commercial\u00a0<\/p>\n[\/et_pb_text][\/et_pb_column][et_pb_column type=\u00a0\u00bb1_4&Prime; _builder_version=\u00a0\u00bb3.22.7&Prime;][et_pb_text disabled_on=\u00a0\u00bboff|off|off\u00a0\u00bb _builder_version=\u00a0\u00bb3.23.3&Prime; text_font=\u00a0\u00bb||||||||\u00a0\u00bb text_font_size=\u00a0\u00bb13px\u00a0\u00bb text_orientation=\u00a0\u00bbjustified\u00a0\u00bb custom_margin=\u00a0\u00bb-5px||\u00a0\u00bb custom_margin_phone=\u00a0\u00bb-30px||\u00a0\u00bb custom_margin_last_edited=\u00a0\u00bbon|phone\u00a0\u00bb]\n<p>et deux jours\u00a0au sein du lyc\u00e9e Isnelle Amelin pour la collecte alimentaire.<\/p>\n[\/et_pb_text][et_pb_text disabled_on=\u00a0\u00bboff|off|off\u00a0\u00bb _builder_version=\u00a0\u00bb3.23.3&Prime; text_font=\u00a0\u00bb||||||||\u00a0\u00bb text_font_size=\u00a0\u00bb18px\u00a0\u00bb custom_margin=\u00a0\u00bb||\u00a0\u00bb]\n<p style=\"text-align: center\"><strong>La collecte alimentaire au centre commercial Duparc et au LP Isnelle Amelin<\/strong><\/p>\n[\/et_pb_text][et_pb_text disabled_on=\u00a0\u00bboff|off|off\u00a0\u00bb _builder_version=\u00a0\u00bb3.23.3&Prime; text_font=\u00a0\u00bb||||||||\u00a0\u00bb text_font_size=\u00a0\u00bb13px\u00a0\u00bb text_orientation=\u00a0\u00bbjustified\u00a0\u00bb custom_margin=\u00a0\u00bb-5px||\u00a0\u00bb custom_padding=\u00a0\u00bb||0px|||\u00a0\u00bb]\n<p>Durant notre intervention, nous sommes partis \u00e0 la rencontre des usagers pour leur faire part de cette collecte alimentaire et leur pr\u00e9senter ce qu\u2019est la Fondation Abb\u00e9 Pierre ainsi que son r\u00f4le humanitaire.<\/p>\n[\/et_pb_text][\/et_pb_column][et_pb_column type=\u00a0\u00bb1_2&Prime; _builder_version=\u00a0\u00bb3.22.7&Prime;][et_pb_image src=\u00a0\u00bbhttps:\/\/etab.ac-reunion.fr\/lyc-isnelle-amelin\/wp-content\/uploads\/sites\/43\/2019\/05\/photo-2-copie-1.jpg\u00a0\u00bb _builder_version=\u00a0\u00bb3.23.3&Prime; custom_margin=\u00a0\u00bb||\u00a0\u00bb][\/et_pb_image][\/et_pb_column][\/et_pb_row][et_pb_row use_custom_gutter=\u00a0\u00bbon\u00a0\u00bb gutter_width=\u00a0\u00bb2&Prime; custom_padding=\u00a0\u00bb||0px|||\u00a0\u00bb custom_margin=\u00a0\u00bb35px||\u00a0\u00bb disabled_on=\u00a0\u00bbon|on|off\u00a0\u00bb _builder_version=\u00a0\u00bb3.23.3&Prime;][et_pb_column type=\u00a0\u00bb1_2&Prime; _builder_version=\u00a0\u00bb3.22.7&Prime;][et_pb_image src=\u00a0\u00bbhttps:\/\/etab.ac-reunion.fr\/lyc-isnelle-amelin\/wp-content\/uploads\/sites\/43\/2019\/05\/photo-4-copie.jpg\u00a0\u00bb _builder_version=\u00a0\u00bb3.23.3&Prime;][\/et_pb_image][\/et_pb_column][et_pb_column type=\u00a0\u00bb1_4&Prime; _builder_version=\u00a0\u00bb3.22.7&Prime;][et_pb_text disabled_on=\u00a0\u00bboff|off|off\u00a0\u00bb _builder_version=\u00a0\u00bb3.23.3&Prime; text_font=\u00a0\u00bb||||||||\u00a0\u00bb text_font_size=\u00a0\u00bb18px\u00a0\u00bb custom_margin=\u00a0\u00bb||\u00a0\u00bb]\n<p style=\"text-align: center\"><strong>Rencontre entre \u00e9l\u00e8ves et accueillis<\/strong><\/p>\n[\/et_pb_text][et_pb_text _builder_version=\u00a0\u00bb3.23.3&Prime; text_font=\u00a0\u00bb||||||||\u00a0\u00bb text_font_size=\u00a0\u00bb13px\u00a0\u00bb text_orientation=\u00a0\u00bbjustified\u00a0\u00bb custom_margin=\u00a0\u00bb20px||\u00a0\u00bb]\n<p>Une fois la collecte termin\u00e9e, le 22 mai, nous avons eu l\u2019occasion de faire la rencontre de M.St\u00e9phane, le responsable d\u2019accueil de la <a href=\"https:\/\/www.fondation-abbe-pierre.fr\/nos-actions\/accueillir-et-loger\/les-boutiques-solidarite-de-la-fondation-abbe-pierre\">boutique de solidarit\u00e9<\/a> de la fondation ABBE PIERRE de Saint-Denis et quatre accueillis qui ont pu nous expliquer leurs parcours autour d\u2019un petit d\u00e9jeuner offert\u00a0par le lyc\u00e9e. Quelques\u00a0 jours\u00a0 plus\u00a0 tard,\u00a0 le\u00a0 24\u00a0<\/p>\n[\/et_pb_text][\/et_pb_column][et_pb_column type=\u00a0\u00bb1_4&Prime; _builder_version=\u00a0\u00bb3.22.7&Prime;][et_pb_text _builder_version=\u00a0\u00bb3.23.3&Prime; text_font=\u00a0\u00bb||||||||\u00a0\u00bb text_font_size=\u00a0\u00bb13px\u00a0\u00bb text_orientation=\u00a0\u00bbjustified\u00a0\u00bb]\n<p>Mai nous sommes partis \u00e0 \u00a0la rencontre de plusieurs accueillis \u00e0 la boutique de solidarit\u00e9 de Saint-Denis pour\u00a0 distribuer les colis alimentaires.\u00a0<span>Durant cette matin\u00e9e, nous avons appris le fonctionnement de l&rsquo;organisation,\u00a0nous avons partag\u00e9 un d\u00e9jeuner en leur compagnie et avons pu communiquer avec eux\u00a0pour comprendre leur chemin de\u00a0vie. Nous sommes conscients que la vie peut basculer pour n\u2019importe qui, car il n\u2019y a pas d\u2019\u00e2ge pour cela.\u00a0<\/span><\/p>\n[\/et_pb_text][\/et_pb_column][\/et_pb_row][et_pb_row use_custom_gutter=\u00a0\u00bbon\u00a0\u00bb gutter_width=\u00a0\u00bb2&Prime; custom_padding=\u00a0\u00bb||0px|||\u00a0\u00bb custom_margin=\u00a0\u00bb40px||\u00a0\u00bb disabled_on=\u00a0\u00bbon|on|off\u00a0\u00bb _builder_version=\u00a0\u00bb3.23.3&Prime;][et_pb_column type=\u00a0\u00bb1_4&Prime; _builder_version=\u00a0\u00bb3.22.7&Prime;][et_pb_text _builder_version=\u00a0\u00bb3.23.3&Prime; text_font=\u00a0\u00bb||||||||\u00a0\u00bb text_font_size=\u00a0\u00bb13px\u00a0\u00bb text_orientation=\u00a0\u00bbjustified\u00a0\u00bb custom_margin=\u00a0\u00bb||\u00a0\u00bb]\n<p><span style=\"font-size: 13px\">Les personnes que nous avons rencontr\u00e9es sont d\u2019\u00e2ges diff\u00e9rents, d\u2019origines diff\u00e9rentes, et exercent ou exer\u00e7aient diff\u00e9rents m\u00e9tiers.\u00a0Certains d\u2019entre nous ont rencontr\u00e9 des anciens professeurs d\u2019\u00e9coles, des anciens chefs de chantier, des jeunes qui ont quitt\u00e9 l\u2019Ecole\u2026\u00a0Nous voyons aujourd\u2019hui, car certaines personnes que nous avons rencontr\u00e9es ne savent m\u00eame plus depuis combien de temps ils sont dans cette gal\u00e8re et certains ne savent plus\u00a0<\/span><\/p>\n<p>&nbsp;<\/p>\n[\/et_pb_text][\/et_pb_column][et_pb_column type=\u00a0\u00bb1_4&Prime; _builder_version=\u00a0\u00bb3.22.7&Prime;][et_pb_text _builder_version=\u00a0\u00bb3.23.3&Prime; text_font=\u00a0\u00bb||||||||\u00a0\u00bb text_font_size=\u00a0\u00bb13px\u00a0\u00bb text_orientation=\u00a0\u00bbjustified\u00a0\u00bb]\n<p><span>formuler une phrase correcte.\u00a0<\/span>Au fil du temps la majorit\u00e9 des abris se cr\u00e9ent \u00a0une \u00ab\u00a0fausse r\u00e9alit\u00e9\u00a0\u00bb pour en quelque sorte \u00e9chapper \u00e0 leur\u00a0 \u00ab\u00a0ancienne vie ou \u00e0 leur gal\u00e8re actuelle\u00bb. Il ne faut pas croire que tous les d\u00e9munis sont l\u00e0 \u00e0 attendre un miracle, non\u00a0! Ils sont constamment \u00e0 la recherche d\u2019un abri, en appelant tous les jours le 115 qui est un num\u00e9ro vert pour r\u00e9server une place pour dormir mais malheureusement, ils n\u2019ont pas tous cette chance.<\/p>\n[\/et_pb_text][\/et_pb_column][et_pb_column type=\u00a0\u00bb1_2&Prime; _builder_version=\u00a0\u00bb3.22.7&Prime;][et_pb_image src=\u00a0\u00bbhttps:\/\/etab.ac-reunion.fr\/lyc-isnelle-amelin\/wp-content\/uploads\/sites\/43\/2019\/05\/photo-3-copie.jpg\u00a0\u00bb align_tablet=\u00a0\u00bbcenter\u00a0\u00bb align_last_edited=\u00a0\u00bbon|desktop\u00a0\u00bb _builder_version=\u00a0\u00bb3.23.3&Prime; width=\u00a0\u00bb99%\u00a0\u00bb custom_margin_phone=\u00a0\u00bb20px||\u00a0\u00bb custom_margin_last_edited=\u00a0\u00bbon|desktop\u00a0\u00bb][\/et_pb_image][\/et_pb_column][\/et_pb_row][et_pb_row use_custom_gutter=\u00a0\u00bbon\u00a0\u00bb gutter_width=\u00a0\u00bb2&Prime; custom_padding=\u00a0\u00bb||0px|||\u00a0\u00bb custom_margin=\u00a0\u00bb||\u00a0\u00bb disabled_on=\u00a0\u00bbon|on|off\u00a0\u00bb _builder_version=\u00a0\u00bb3.23.3&Prime;][et_pb_column type=\u00a0\u00bb1_2&Prime; _builder_version=\u00a0\u00bb3.22.7&Prime;][et_pb_image src=\u00a0\u00bbhttps:\/\/etab.ac-reunion.fr\/lyc-isnelle-amelin\/wp-content\/uploads\/sites\/43\/2019\/05\/photo-6-copie.jpg\u00a0\u00bb align_tablet=\u00a0\u00bbcenter\u00a0\u00bb align_last_edited=\u00a0\u00bbon|desktop\u00a0\u00bb _builder_version=\u00a0\u00bb3.23.3&Prime; width=\u00a0\u00bb99%\u00a0\u00bb custom_margin_phone=\u00a0\u00bb20px||\u00a0\u00bb custom_margin_last_edited=\u00a0\u00bbon|desktop\u00a0\u00bb][\/et_pb_image][\/et_pb_column][et_pb_column type=\u00a0\u00bb1_4&Prime; _builder_version=\u00a0\u00bb3.22.7&Prime;][et_pb_text _builder_version=\u00a0\u00bb3.23.3&Prime; text_font=\u00a0\u00bb||||||||\u00a0\u00bb text_font_size=\u00a0\u00bb13px\u00a0\u00bb text_orientation=\u00a0\u00bbjustified\u00a0\u00bb]\n<p><span style=\"font-size: 13px\">Les accueillis sont constamment en train de faire leurs papiers,\u00a0 essayer de trouver une solution pour sortir de la rue, mais certains tombent rapidement dans la violence, la drogue ou encore l\u2019alcool.\u00a0Soyez humains, comme\u00a0nous l\u2019avons fait dans le cadre du CVL et de la MDL, aidez votre prochain, demain vous pourriez \u00eatre \u00e0 leur place, ceux ne sont pas personnes mauvaises elles ont juste besoin que quelqu\u2019un leur tende la main.\u00a0Ces accueillis sont des humains comme nous tous et ont aussi un v\u00e9cu.\u00a0<\/span><\/p>\n<p>&nbsp;<\/p>\n[\/et_pb_text][\/et_pb_column][et_pb_column type=\u00a0\u00bb1_4&Prime; _builder_version=\u00a0\u00bb3.22.7&Prime;][et_pb_text _builder_version=\u00a0\u00bb3.23.3&Prime; text_font=\u00a0\u00bb||||||||\u00a0\u00bb text_font_size=\u00a0\u00bb13px\u00a0\u00bb text_orientation=\u00a0\u00bbjustified\u00a0\u00bb]\n<p>Aidons-les, nous avons tous le droit \u00e0 un repas et \u00e0 un toit sous lequel s\u2019abriter.\u00a0<span>Ils essayent de trouver une solution pour sortir de la rue et ont tous besoin qu\u2019on les aide. Ces personnes ont besoin d\u2019une oreille pour les \u00e9couter, ils ont besoin qu\u2019on leur tende la main, qu\u2019on les aide dans leur d\u00e9marche, car la solitude est un sentiment atroce au fil des ann\u00e9es sur le point physique que mental.<\/span><\/p>\n<p>&nbsp;<\/p>\n[\/et_pb_text][\/et_pb_column][\/et_pb_row][et_pb_row use_custom_gutter=\u00a0\u00bbon\u00a0\u00bb gutter_width=\u00a0\u00bb2&Prime; custom_padding=\u00a0\u00bb||40px\u00a0\u00bb custom_margin=\u00a0\u00bb20px||\u00a0\u00bb _builder_version=\u00a0\u00bb3.23.3&Prime;][et_pb_column type=\u00a0\u00bb4_4&Prime; _builder_version=\u00a0\u00bb3.22.7&Prime;][et_pb_text _builder_version=\u00a0\u00bb3.23.3&Prime; text_font=\u00a0\u00bb||||||||\u00a0\u00bb text_font_size=\u00a0\u00bb18px\u00a0\u00bb border_width_top=\u00a0\u00bb3px\u00a0\u00bb border_width_bottom=\u00a0\u00bb3px\u00a0\u00bb custom_margin=\u00a0\u00bb15px||30px\u00a0\u00bb custom_padding=\u00a0\u00bb5px||5px\u00a0\u00bb]\n<p style=\"text-align: center\"><strong>Le parcours citoyen k\u00e9zako ?<\/strong><\/p>\n[\/et_pb_text][et_pb_image src=\u00a0\u00bbhttps:\/\/etab.ac-reunion.fr\/lyc-isnelle-amelin\/wp-content\/uploads\/sites\/43\/2019\/05\/photo-8-1.jpg\u00a0\u00bb align=\u00a0\u00bbcenter\u00a0\u00bb force_fullwidth=\u00a0\u00bbon\u00a0\u00bb align_tablet=\u00a0\u00bbcenter\u00a0\u00bb align_last_edited=\u00a0\u00bbon|desktop\u00a0\u00bb _builder_version=\u00a0\u00bb3.23.3&Prime;][\/et_pb_image][\/et_pb_column][\/et_pb_row][\/et_pb_section]\n<!-- AddThis Advanced Settings generic via filter on the_content --><!-- AddThis Share Buttons generic via filter on the_content -->","protected":false},"excerpt":{"rendered":"<p><!-- AddThis Advanced Settings generic via filter on the_excerpt --><!-- AddThis Share Buttons generic via filter on the_excerpt --><\/p>\n","protected":false},"author":8646,"featured_media":0,"parent":0,"menu_order":0,"comment_status":"closed","ping_status":"closed","template":"","meta":{"_et_pb_use_builder":"on","_et_pb_old_content":"","_et_gb_content_width":"","footnotes":"","_links_to":"","_links_to_target":""},"class_list":["post-8053","page","type-page","status-publish","hentry"],"_links":{"self":[{"href":"https:\/\/etab.ac-reunion.fr\/lyc-isnelle-amelin\/wp-json\/wp\/v2\/pages\/8053","targetHints":{"allow":["GET"]}}],"collection":[{"href":"https:\/\/etab.ac-reunion.fr\/lyc-isnelle-amelin\/wp-json\/wp\/v2\/pages"}],"about":[{"href":"https:\/\/etab.ac-reunion.fr\/lyc-isnelle-amelin\/wp-json\/wp\/v2\/types\/page"}],"author":[{"embeddable":true,"href":"https:\/\/etab.ac-reunion.fr\/lyc-isnelle-amelin\/wp-json\/wp\/v2\/users\/8646"}],"replies":[{"embeddable":true,"href":"https:\/\/etab.ac-reunion.fr\/lyc-isnelle-amelin\/wp-json\/wp\/v2\/comments?post=8053"}],"version-history":[{"count":160,"href":"https:\/\/etab.ac-reunion.fr\/lyc-isnelle-amelin\/wp-json\/wp\/v2\/pages\/8053\/revisions"}],"predecessor-version":[{"id":9004,"href":"https:\/\/etab.ac-reunion.fr\/lyc-isnelle-amelin\/wp-json\/wp\/v2\/pages\/8053\/revisions\/9004"}],"wp:attachment":[{"href":"https:\/\/etab.ac-reunion.fr\/lyc-isnelle-amelin\/wp-json\/wp\/v2\/media?parent=8053"}],"curies":[{"name":"wp","href":"https:\/\/api.w.org\/{rel}","templated":true}]}}