{"id":3695,"date":"2020-06-25T23:43:06","date_gmt":"2020-06-25T19:43:06","guid":{"rendered":"http:\/\/lycee-jeanjoly.ac-reunion.fr\/?page_id=3695"},"modified":"2025-06-23T09:47:38","modified_gmt":"2025-06-23T05:47:38","slug":"inscription-et-reinscription-des-eleves-en-premieres-technologiques-st2s-et-sti2d","status":"publish","type":"page","link":"https:\/\/etab.ac-reunion.fr\/lyc-jean-joly\/inscription-et-reinscription-des-eleves-en-premieres-technologiques-st2s-et-sti2d\/","title":{"rendered":"Inscriptions &#8211; Terminale G\u00e9n\u00e9rale ou Technologique (ST2S &#8211; STI2D)"},"content":{"rendered":"\n<p class=\"has-vivid-red-color has-text-color has-link-color wp-elements-e37ee2a6a0de96b9c306e1942730c329\"><strong>HORS AFFECTATION<\/strong><\/p>\n\n\n\n<p><strong>Aux parents :<\/strong><\/p>\n\n\n\n<p>Vous souhaitez inscrire votre enfant en Terminale G\u00e9n\u00e9rale ou Technologique ( ST2S &#8211; STI2D) au lyc\u00e9e Jean Joly, prenez contact avec un CPE du lyc\u00e9e, Mme BOYER ou M. DIJOUX pour voir les modalit\u00e9s d&rsquo;inscription en fonction des places disponibles  et si validation par le SAIO.<\/p>\n\n\n\n<p>0262 39 75 00\/ 0693 51 21 55<\/p>\n\n\n\n<p><strong>Le REPRESENTANT LEGAL devra venir au lyc\u00e9e avec son enfant, muni des documents suivants<\/strong> :<\/p>\n\n\n\n<ul class=\"wp-block-list\">\n<li><strong>Fiche EDUCONNECT<\/strong> : \u00e0 lire et conserver, pour l\u2019utilisation des outils num\u00e9riques et le <strong>suivi de la scolarit\u00e9<\/strong> de votre enfant<\/li>\n\n\n\n<li><strong>Fiche RAPPELS VIE SCOLAIRE<\/strong> : \u00e0 lire <strong>attentivement<\/strong>, \u00e0 compl\u00e9ter et \u00e0 signer<\/li>\n\n\n\n<li><strong>Fiche de gestion<\/strong> \u00e0 compl\u00e9ter et \u00e0 signer (pour tous les \u00e9l\u00e8ves internes ou Demi-Pensionnaires) ;<\/li>\n\n\n\n<li><strong>Fiche infirmerie<\/strong> \u00e0 compl\u00e9ter et \u00e0 signer (+ photocopie des vaccinations) ;<\/li>\n\n\n\n<li><strong>Fiche pour \u00e9l\u00e8ves \u00e0 besoins \u00e9ducatifs particuliers<\/strong> (PAP)<\/li>\n\n\n\n<li><strong>Fiche d\u2019\u00e9vacuation<\/strong> \u00e0 compl\u00e9ter et \u00e0 signer ;<\/li>\n\n\n\n<li><strong>Fiche scolarit\u00e9<\/strong> (Langues et Options facultatives) \u00e0 compl\u00e9ter et \u00e0 signer UNIQUEMENT pour les Tales G\u00e9n\u00e9rales ;<\/li>\n\n\n\n<li><strong>Fiche d\u2019adh\u00e9sion facultative <\/strong>\u00e0 la Maison Des Lyc\u00e9ens (MDL)<\/li>\n\n\n\n<li><strong>Copie de l\u2019attestation d\u2019assurance en responsabilit\u00e9 civile<\/strong> (\u00e0 transmettre au plus tard le jour de la rentr\u00e9e scolaire)<\/li>\n\n\n\n<li>Si + de 16 ans, <strong>copie de l\u2019attestation de recensement<\/strong> ou de la journ\u00e9e d\u2019appel ;<\/li>\n\n\n\n<li><strong>Copie des 3 derniers bulletins<\/strong><\/li>\n<\/ul>\n\n\n\n<p class=\"has-luminous-vivid-orange-color has-text-color has-link-color wp-elements-9b3b61e0c2a427bebdfbd8f6b4e37602\"><strong>Les 8 documents \u00e0 compl\u00e9ter sont \u00e0 t\u00e9l\u00e9charger ci-dessous :<\/strong><\/p>\n\n\n\n<div class=\"wp-block-file\"><a id=\"wp-block-file--media-169d5583-85ff-42f6-b19e-b9990346c7c6\" href=\"https:\/\/etab.ac-reunion.fr\/lyc-jean-joly\/wp-content\/uploads\/sites\/114\/2022\/06\/Doc-educonnect-1.pdf\">1) Document educonnect<\/a><a href=\"https:\/\/etab.ac-reunion.fr\/lyc-jean-joly\/wp-content\/uploads\/sites\/114\/2022\/06\/Doc-educonnect-1.pdf\" class=\"wp-block-file__button wp-element-button\" download aria-describedby=\"wp-block-file--media-169d5583-85ff-42f6-b19e-b9990346c7c6\">T\u00e9l\u00e9charger<\/a><\/div>\n\n\n\n<div class=\"wp-block-file\"><a id=\"wp-block-file--media-080764d7-b16e-4bc7-b062-167a8b835e0e\" href=\"https:\/\/etab.ac-reunion.fr\/lyc-jean-joly\/wp-content\/uploads\/sites\/114\/2025\/06\/Fiche-rappel-vie-scolaire-1-2.pdf\">2) Fiche rappel vie scolaire<\/a><a href=\"https:\/\/etab.ac-reunion.fr\/lyc-jean-joly\/wp-content\/uploads\/sites\/114\/2025\/06\/Fiche-rappel-vie-scolaire-1-2.pdf\" class=\"wp-block-file__button wp-element-button\" download aria-describedby=\"wp-block-file--media-080764d7-b16e-4bc7-b062-167a8b835e0e\">T\u00e9l\u00e9charger<\/a><\/div>\n\n\n\n<div class=\"wp-block-file\"><a id=\"wp-block-file--media-16674490-9ec6-4a6c-bcfc-d43e687bd116\" href=\"https:\/\/etab.ac-reunion.fr\/lyc-jean-joly\/wp-content\/uploads\/sites\/114\/2025\/06\/fiche-de-gestion-resena-2025-2026-2.pdf\">3) Fiche de gestion resena 2025 2026<\/a><a href=\"https:\/\/etab.ac-reunion.fr\/lyc-jean-joly\/wp-content\/uploads\/sites\/114\/2025\/06\/fiche-de-gestion-resena-2025-2026-2.pdf\" class=\"wp-block-file__button wp-element-button\" download aria-describedby=\"wp-block-file--media-16674490-9ec6-4a6c-bcfc-d43e687bd116\">T\u00e9l\u00e9charger<\/a><\/div>\n\n\n\n<div class=\"wp-block-file\"><a id=\"wp-block-file--media-6aef8ee1-3f5b-450b-8f8b-7d482dea8d3a\" href=\"https:\/\/etab.ac-reunion.fr\/lyc-jean-joly\/wp-content\/uploads\/sites\/114\/2025\/06\/fiche-infirmerie-2.pdf\">4) Fiche infirmerie<\/a><a href=\"https:\/\/etab.ac-reunion.fr\/lyc-jean-joly\/wp-content\/uploads\/sites\/114\/2025\/06\/fiche-infirmerie-2.pdf\" class=\"wp-block-file__button wp-element-button\" download aria-describedby=\"wp-block-file--media-6aef8ee1-3f5b-450b-8f8b-7d482dea8d3a\">T\u00e9l\u00e9charger<\/a><\/div>\n\n\n\n<div class=\"wp-block-file\"><a id=\"wp-block-file--media-1c256519-5877-480f-8fc3-25a838e65461\" href=\"https:\/\/etab.ac-reunion.fr\/lyc-jean-joly\/wp-content\/uploads\/sites\/114\/2025\/06\/Fiche-PAP-TERM-2025-2026-Copie.pdf\">5) Fiche PAP TERM 2025-2026 <\/a><a href=\"https:\/\/etab.ac-reunion.fr\/lyc-jean-joly\/wp-content\/uploads\/sites\/114\/2025\/06\/Fiche-PAP-TERM-2025-2026-Copie.pdf\" class=\"wp-block-file__button wp-element-button\" download aria-describedby=\"wp-block-file--media-1c256519-5877-480f-8fc3-25a838e65461\">T\u00e9l\u00e9charger<\/a><\/div>\n\n\n\n<div class=\"wp-block-file\"><a id=\"wp-block-file--media-dcec888b-75d5-44e7-9d74-e461ffb1afab\" href=\"https:\/\/etab.ac-reunion.fr\/lyc-jean-joly\/wp-content\/uploads\/sites\/114\/2025\/06\/Evacuation-2025-2026pdf-2.pdf\">6) Fiche Evacuation 2025-2026<\/a><a href=\"https:\/\/etab.ac-reunion.fr\/lyc-jean-joly\/wp-content\/uploads\/sites\/114\/2025\/06\/Evacuation-2025-2026pdf-2.pdf\" class=\"wp-block-file__button wp-element-button\" download aria-describedby=\"wp-block-file--media-dcec888b-75d5-44e7-9d74-e461ffb1afab\">T\u00e9l\u00e9charger<\/a><\/div>\n\n\n\n<div class=\"wp-block-file\"><a id=\"wp-block-file--media-557cf018-6cf1-4f83-90a9-6b7eb1102a47\" href=\"https:\/\/etab.ac-reunion.fr\/lyc-jean-joly\/wp-content\/uploads\/sites\/114\/2025\/06\/FICHE-DE-SCOLARITE-1.pdf\">7) FICHE DE Scolarit\u00e9 <\/a><a href=\"https:\/\/etab.ac-reunion.fr\/lyc-jean-joly\/wp-content\/uploads\/sites\/114\/2025\/06\/FICHE-DE-SCOLARITE-1.pdf\" class=\"wp-block-file__button wp-element-button\" download aria-describedby=\"wp-block-file--media-557cf018-6cf1-4f83-90a9-6b7eb1102a47\">T\u00e9l\u00e9charger<\/a><\/div>\n\n\n\n<div class=\"wp-block-file\"><a id=\"wp-block-file--media-ef9a93c0-9f48-4dfe-8805-460cd91ea593\" href=\"https:\/\/etab.ac-reunion.fr\/lyc-jean-joly\/wp-content\/uploads\/sites\/114\/2023\/06\/mdl.adhesion-1.docx\">8 ) Fiche Adhesion MDL<\/a><a href=\"https:\/\/etab.ac-reunion.fr\/lyc-jean-joly\/wp-content\/uploads\/sites\/114\/2023\/06\/mdl.adhesion-1.docx\" class=\"wp-block-file__button wp-element-button\" download aria-describedby=\"wp-block-file--media-ef9a93c0-9f48-4dfe-8805-460cd91ea593\">T\u00e9l\u00e9charger<\/a><\/div>\n\n\n\n<p><\/p>\n","protected":false},"excerpt":{"rendered":"<p>HORS AFFECTATION Aux parents : Vous souhaitez inscrire votre enfant en Terminale G\u00e9n\u00e9rale ou Technologique ( ST2S &#8211; STI2D) au lyc\u00e9e Jean Joly, prenez contact avec un CPE du lyc\u00e9e,&#8230;<\/p>\n<p> <a class=\"continue-reading-link\" href=\"https:\/\/etab.ac-reunion.fr\/lyc-jean-joly\/inscription-et-reinscription-des-eleves-en-premieres-technologiques-st2s-et-sti2d\/\"><span>Lire la suite<\/span><i class=\"crycon-right-dir\"><\/i><\/a> <\/p>\n","protected":false},"author":4396,"featured_media":0,"parent":0,"menu_order":0,"comment_status":"closed","ping_status":"closed","template":"","meta":{"footnotes":""},"class_list":["post-3695","page","type-page","status-publish","hentry"],"_links":{"self":[{"href":"https:\/\/etab.ac-reunion.fr\/lyc-jean-joly\/wp-json\/wp\/v2\/pages\/3695","targetHints":{"allow":["GET"]}}],"collection":[{"href":"https:\/\/etab.ac-reunion.fr\/lyc-jean-joly\/wp-json\/wp\/v2\/pages"}],"about":[{"href":"https:\/\/etab.ac-reunion.fr\/lyc-jean-joly\/wp-json\/wp\/v2\/types\/page"}],"author":[{"embeddable":true,"href":"https:\/\/etab.ac-reunion.fr\/lyc-jean-joly\/wp-json\/wp\/v2\/users\/4396"}],"replies":[{"embeddable":true,"href":"https:\/\/etab.ac-reunion.fr\/lyc-jean-joly\/wp-json\/wp\/v2\/comments?post=3695"}],"version-history":[{"count":51,"href":"https:\/\/etab.ac-reunion.fr\/lyc-jean-joly\/wp-json\/wp\/v2\/pages\/3695\/revisions"}],"predecessor-version":[{"id":8590,"href":"https:\/\/etab.ac-reunion.fr\/lyc-jean-joly\/wp-json\/wp\/v2\/pages\/3695\/revisions\/8590"}],"wp:attachment":[{"href":"https:\/\/etab.ac-reunion.fr\/lyc-jean-joly\/wp-json\/wp\/v2\/media?parent=3695"}],"curies":[{"name":"wp","href":"https:\/\/api.w.org\/{rel}","templated":true}]}}