{"id":3445,"date":"2020-10-06T10:17:02","date_gmt":"2020-10-06T06:17:02","guid":{"rendered":"http:\/\/lycee-llisle.ac-reunion.fr\/?page_id=3445"},"modified":"2026-02-03T20:12:38","modified_gmt":"2026-02-03T16:12:38","slug":"cpge-scientifiques","status":"publish","type":"page","link":"https:\/\/etab.ac-reunion.fr\/lyc-leconte-de-lisle\/cpge-scientifiques\/","title":{"rendered":"CPGE Scientifiques"},"content":{"rendered":"\n<h2 class=\"wp-block-heading\">Journ\u00e9e portes ouvertes : Venez nous rencontrer le 07 F\u00e9vrier 2026, professeures &amp; professeurs, \u00e9tudiantes &amp; \u00e9tudiants seront pr\u00e9sents!<\/h2>\n\n\n\n<figure class=\"wp-block-gallery has-nested-images columns-default is-cropped wp-block-gallery-1 is-layout-flex wp-block-gallery-is-layout-flex\">\n<figure class=\"wp-block-image size-large\"><img loading=\"lazy\" decoding=\"async\" width=\"1024\" height=\"875\" data-id=\"7066\" src=\"https:\/\/etab.ac-reunion.fr\/lyc-leconte-de-lisle\/wp-content\/uploads\/sites\/53\/2025\/11\/Pre-affiche-JPO-2026-1024x875.jpg\" alt=\"\" class=\"wp-image-7066\" srcset=\"https:\/\/etab.ac-reunion.fr\/lyc-leconte-de-lisle\/wp-content\/uploads\/sites\/53\/2025\/11\/Pre-affiche-JPO-2026-980x837.jpg 980w, https:\/\/etab.ac-reunion.fr\/lyc-leconte-de-lisle\/wp-content\/uploads\/sites\/53\/2025\/11\/Pre-affiche-JPO-2026-480x410.jpg 480w\" sizes=\"(min-width: 0px) and (max-width: 480px) 480px, (min-width: 481px) and (max-width: 980px) 980px, (min-width: 981px) 1024px, 100vw\" \/><\/figure>\n<\/figure>\n\n\n\n<div class=\"wp-block-file\"><a id=\"wp-block-file--media-f841552c-3978-444d-807b-77a58b66d7af\" href=\"https:\/\/etab.ac-reunion.fr\/lyc-leconte-de-lisle\/wp-content\/uploads\/sites\/53\/2026\/02\/Plaquette-Scientifiques-2025-2026-MAJ-01-26.pdf\">Plaquette-Scientifiques-2025-2026-MAJ-01-26<\/a><a href=\"https:\/\/etab.ac-reunion.fr\/lyc-leconte-de-lisle\/wp-content\/uploads\/sites\/53\/2026\/02\/Plaquette-Scientifiques-2025-2026-MAJ-01-26.pdf\" class=\"wp-block-file__button wp-element-button\" download aria-describedby=\"wp-block-file--media-f841552c-3978-444d-807b-77a58b66d7af\">T\u00e9l\u00e9charger<\/a><\/div>\n\n\n\n<p><\/p>\n\n\n\n<ul class=\"wp-block-list\">\n<li>Vers la <a href=\"https:\/\/etab.ac-reunion.fr\/lyc-leconte-de-lisle\/1ere-annee-mpsi-mp2i-pcsi\/\" target=\"_blank\" rel=\"noreferrer noopener\"><strong>1e ann\u00e9e MPSI-MP2I-PCSI<\/strong><\/a><\/li>\n<\/ul>\n\n\n\n<ul class=\"wp-block-list\">\n<li>Vers la<a href=\"https:\/\/etab.ac-reunion.fr\/lyc-leconte-de-lisle\/2eme-annee-mp-mpi-psi-pc\/\" target=\"_blank\" rel=\"noreferrer noopener\"> <strong>2e ann\u00e9e MP-MPI\/MPI*-PSI*-PC<\/strong><\/a><\/li>\n<\/ul>\n\n\n\n<p class=\"has-text-align-left\">Les <strong>Classes Pr\u00e9paratoires aux Grandes \u00e9coles (CPGE)<\/strong> scientifiques sont \u00e0 destination des \u00e9l\u00e8ves de Terminales G\u00e9n\u00e9rales, \u00e0 qui il est <strong>vivement recommand\u00e9<\/strong> d&rsquo;avoir choisi la sp\u00e9cialit\u00e9 <strong>Math\u00e9matiques<\/strong> et l\u2019une des sp\u00e9cialit\u00e9s <strong>Physique-Chimie<\/strong>, <strong>SI<\/strong> ou <strong>NSI<\/strong> en Terminale. L&rsquo;option <strong>math\u00e9matiques expertes<\/strong> est vivement recommand\u00e9e.<\/p>\n\n\n\n<p class=\"has-text-align-left\">D\u2019autres choix de sp\u00e9cialit\u00e9s scientifiques sont n\u00e9anmoins envisageables, <strong>toutes les candidatures<\/strong> seront soigneusement \u00e9tudi\u00e9es par chaque commission (voir les sp\u00e9cificit\u00e9s de chaque fili\u00e8re : <a href=\"https:\/\/etab.ac-reunion.fr\/lyc-leconte-de-lisle\/mpsi-mathematiques-physique-sciences-de-lingenieur\/\"><strong>MPSI<\/strong><\/a>, <a href=\"https:\/\/etab.ac-reunion.fr\/lyc-leconte-de-lisle\/mp2i-mathematiques-physique-ingenierie-et-informatique\/\"><strong>MP2I<\/strong><\/a>, <a href=\"https:\/\/etab.ac-reunion.fr\/lyc-leconte-de-lisle\/pcsi-physique-chimie-et-sciences-de-lingenieur\/\"><strong>PCSI<\/strong><\/a>).<\/p>\n\n\n\n<p class=\"has-text-align-left\">Les d\u00e9bouch\u00e9s des <strong>Classes Pr\u00e9paratoires aux Grandes \u00e9coles (CPGE)<\/strong> sont multiples : elles permettent notamment d&rsquo;acc\u00e9der \u00e0 des cursus pour devenir&nbsp;<strong>Ing\u00e9nieur\u00b7e<\/strong>,&nbsp;<strong>Chercheuse<\/strong> <strong>ou Chercheur<\/strong>,&nbsp;ou&nbsp;<strong>Enseignant\u00b7e<\/strong>&nbsp;!<\/p>\n\n\n\n<p><\/p>\n\n\n\n<h2 class=\"wp-block-heading\"><strong>ADMISSION<\/strong> <\/h2>\n\n\n\n<p>L\u2019admission en CPGE s&rsquo;effectue sur la plateforme Parcoursup.<\/p>\n\n\n\n<figure class=\"wp-block-image size-large\"><a href=\"https:\/\/www.parcoursup.gouv.fr\/\" target=\"_blank\" rel=\"noreferrer noopener\"><img loading=\"lazy\" decoding=\"async\" width=\"1024\" height=\"366\" src=\"https:\/\/etab.ac-reunion.fr\/lyc-leconte-de-lisle\/wp-content\/uploads\/sites\/53\/2024\/02\/parcoursup-1024x366.png\" alt=\"\" class=\"wp-image-6307\" srcset=\"https:\/\/etab.ac-reunion.fr\/lyc-leconte-de-lisle\/wp-content\/uploads\/sites\/53\/2024\/02\/parcoursup-980x351.png 980w, https:\/\/etab.ac-reunion.fr\/lyc-leconte-de-lisle\/wp-content\/uploads\/sites\/53\/2024\/02\/parcoursup-480x172.png 480w\" sizes=\"(min-width: 0px) and (max-width: 480px) 480px, (min-width: 481px) and (max-width: 980px) 980px, (min-width: 981px) 1024px, 100vw\" \/><\/a><\/figure>\n\n\n\n<p><em>Les CPGE scientifiques du lyc\u00e9e Leconte de Lisle organisent cette ann\u00e9e <strong>des s\u00e9ances d&rsquo;immersion en MPSI\/MP2I\/PCSI <\/strong>\u00e0 destination principalement des \u00e9l\u00e8ves de Premi\u00e8res G\u00e9n\u00e9rales&nbsp;faisant les sp\u00e9cialit\u00e9s Math\u00e9matiques et Physique-Chimie et \u00e0 destination des \u00e9l\u00e8ves de Terminales G\u00e9n\u00e9rales faisant la sp\u00e9cialit\u00e9 Math\u00e9matiques et l&rsquo;une des sp\u00e9cialit\u00e9s Physique-Chimie, SI ou NSI.<br>Les immersions se d\u00e9rouleront sur une demi-journ\u00e9e lors de s\u00e9ances en demi ou tiers de classe (TP ou TD) afin que les lyc\u00e9ennes, lyc\u00e9ens puissent plus facilement \u00e9changer avec nos \u00e9tudiantes, \u00e9tudiants et leurs enseignant\u00b7e\u00b7s. Il leur suffit de s&rsquo;inscrire <\/em><strong>via le formulaire <\/strong><a href=\"https:\/\/magmatic.ac-reunion.fr\/limesurvey\/592918?lang=fr\"><strong>https:\/\/magmatic.ac-reunion.fr\/limesurvey\/592918?lang=fr<\/strong><\/a> ou directement \u00e9crire au chef des travaux : cdtx.lecontedelisle[at]ac-reunion.fr (remplacer le [at] par @)<\/p>\n\n\n\n<p><em>Les dates et modalit\u00e9s seront fix\u00e9es ult\u00e9rieurement en lien avec vos \u00e9tablissements.<\/em><\/p>\n\n\n\n<p>Ces trois fili\u00e8res en 1e ann\u00e9e sont donc \u00e0 destination des \u00e9l\u00e8ves d\u00e9tenteurs ou d\u00e9tentrices du bac qui souhaiteraient int\u00e9grer&nbsp;<strong>des \u00e9coles d\u2019ing\u00e9nieures<\/strong>&nbsp;<strong>&amp; ing\u00e9nieurs, \u00c9coles Normales Sup\u00e9rieures (ENS)<\/strong>,&nbsp;<strong>magist\u00e8res<\/strong>. Celles-ci sont regroup\u00e9es sous la forme de banques d\u2019\u00e9coles sur le site&nbsp;<a href=\"https:\/\/www.scei-concours.fr\/concours.php\" target=\"_blank\" rel=\"noreferrer noopener\"><strong>https:\/\/www.scei-concours.fr\/concours.php<\/strong><\/a> :<\/p>\n\n\n\n<ul class=\"wp-block-list\">\n<li><a href=\"https:\/\/www.concours-centrale-supelec.fr\/\"><strong>Concours Centrale-Sup\u00e9lec<\/strong><\/a><\/li>\n\n\n\n<li><a href=\"https:\/\/www.concoursminesponts.fr\/\"><strong>Banque Mines-Ponts<\/strong><\/a><\/li>\n\n\n\n<li><a href=\"https:\/\/www.concours-commun-inp.fr\/fr\/index.html\"><strong>Concours Commun INP<\/strong><\/a><\/li>\n\n\n\n<li><a href=\"https:\/\/www.polytechnique.edu\/admission-cycle-ingenieur\/candidats-francais\/voie-classes-preparatoires-cp-toutes-filieres\"><strong>Banque X<\/strong><\/a>&#8211;<strong>ENS<\/strong> (<strong><a href=\"https:\/\/www.ens.psl.eu\/\">PSL<\/a>, <a href=\"https:\/\/www.ens-lyon.fr\/\">Lyon, Paris-Saclay, Rennes)<\/a>&#8211;<a href=\"https:\/\/www.espci.psl.eu\/fr\/\">ESPCI<\/a><\/strong><\/li>\n\n\n\n<li><a href=\"https:\/\/www.e3a-polytech.fr\/\"><strong>Concours e3a<\/strong><\/a><\/li>\n<\/ul>\n\n\n\n<p>D&rsquo;autres banques de notes sont aussi accessibles aux classes de cpge scientifiques :<\/p>\n\n\n\n<ul class=\"wp-block-list\">\n<li><a href=\"http:\/\/Banque d'\u00c9preuves des Concours des \u00c9coles d'Actuariat et Statistique\"><strong>Banque d&rsquo;\u00c9preuves des&nbsp;Concours des&nbsp;\u00c9coles d&rsquo;Actuariat et&nbsp;Statistique (BECEAS)<\/strong><\/a><\/li>\n\n\n\n<li><a href=\"http:\/\/Concours Pr\u00e9-Master EDHEC\"><strong>Concours Pr\u00e9-Master EDHEC <\/strong><\/a><\/li>\n<\/ul>\n\n\n\n<p><\/p>\n\n\n\n<p>Par ailleurs, une double inscription obligatoire \u00e0 la facult\u00e9 permet d\u2019avoir des \u00e9quivalences et des passerelles existent.<\/p>\n\n\n\n<figure class=\"wp-block-image aligncenter size-full\"><img loading=\"lazy\" decoding=\"async\" width=\"776\" height=\"528\" src=\"https:\/\/etab.ac-reunion.fr\/lyc-leconte-de-lisle\/wp-content\/uploads\/sites\/53\/2026\/02\/organigramme.png\" alt=\"\" class=\"wp-image-7144\" srcset=\"https:\/\/etab.ac-reunion.fr\/lyc-leconte-de-lisle\/wp-content\/uploads\/sites\/53\/2026\/02\/organigramme.png 776w, https:\/\/etab.ac-reunion.fr\/lyc-leconte-de-lisle\/wp-content\/uploads\/sites\/53\/2026\/02\/organigramme-480x327.png 480w\" sizes=\"(min-width: 0px) and (max-width: 480px) 480px, (min-width: 481px) 776px, 100vw\" \/><\/figure>\n\n\n\n<figure class=\"wp-block-embed aligncenter is-type-video is-provider-youtube wp-block-embed-youtube wp-embed-aspect-16-9 wp-has-aspect-ratio\"><div class=\"wp-block-embed__wrapper\">\n<script>document.addEventListener('DOMContentLoaded', function() {(tarteaucitron.job = tarteaucitron.job || []).push('youtube');});<\/script><div class=\"youtube_player\" videoID=\"JHrSmC2VxcA\" width=\"100%\" height=\"100%\" style=\"height:50vw\" theme=\"light\" rel=\"0\" controls=\"1\" showinfo=\"1\" autoplay=\"0\"><\/div>\n<\/div><\/figure>\n\n\n\n<p>Pourquoi venir en CPGE Scientifiques au <strong>lyc\u00e9e Leconte de Lisle<\/strong> ? <\/p>\n\n\n\n<p>Des conditions identiques qu\u2019en m\u00e9tropole : <\/p>\n\n\n\n<ul class=\"wp-block-list\">\n<li>Des concours aux grandes \u00e9coles d&rsquo;ing\u00e9nieures &amp; ing\u00e9nieurs et \u00c9coles Normales Sup\u00e9rieures (ENS) nationaux : <a href=\"https:\/\/www.scei-concours.fr\/concours.php\"><strong>https:\/\/www.scei-concours.fr\/concours.php<\/strong><\/a><\/li>\n\n\n\n<li>Des enseignantes &amp; enseignants recrut\u00e9s au niveau national ind\u00e9pendamment des \u00e9tablissements <\/li>\n\n\n\n<li>Pr\u00e9sence de <a href=\"https:\/\/etab.ac-reunion.fr\/lyc-leconte-de-lisle\/1ere-annee-mpsi-mp2i-pcsi\/\" data-type=\"URL\" data-id=\"https:\/\/etab.ac-reunion.fr\/lyc-leconte-de-lisle\/1ere-annee-mpsi-mp2i-pcsi\/\"><strong>la plupart des classes scientifiques<\/strong><\/a> existantes sur un campus<\/li>\n\n\n\n<li>Possibilit\u00e9 d&rsquo;int\u00e9grer en seconde ann\u00e9e une section \u00e9toil\u00e9e pour les \u00e9tudiantes &amp; \u00e9tudiants visant les concours les plus s\u00e9lectifs <\/li>\n\n\n\n<li>Organisation sur place de toutes les \u00e9preuves \u00e9crites <\/li>\n\n\n\n<li>Des <a href=\"https:\/\/etab.ac-reunion.fr\/lyc-leconte-de-lisle\/2eme-annee-mp-psi-pc\/resultats-aux-concours\/\"><strong>r\u00e9sultats \u00e9quivalents<\/strong><\/a> \u00e0 la m\u00e9tropole \u00e0 niveau d\u2019\u00e9tudiant \u00e9gal<\/li>\n\n\n\n<li>Un <a href=\"https:\/\/etab.ac-reunion.fr\/lyc-leconte-de-lisle\/bureau-des-eleves\/\"><strong>bureau des \u00e9l\u00e8ves<\/strong><\/a> tr\u00e8s actif qui assure la coh\u00e9sion entre promotions<\/li>\n<\/ul>\n\n\n\n<p><strong>Pour d\u00e9finitivement vous convaincre, vous pouvez consulter le <a href=\"https:\/\/etab.ac-reunion.fr\/lyc-leconte-de-lisle\/livre-dor-temoignages\/\">livre d&rsquo;or-t\u00e9moignages<\/a> d&rsquo;anciennes et anciens \u00e9l\u00e8ves<\/strong>.<\/p>\n\n\n\n<p><\/p>\n\n\n\n<h2 class=\"wp-block-heading\"><strong>POUR SE PR\u00c9PARER AVANT LA RENTR\u00c9E<\/strong><\/h2>\n\n\n\n<p>Pour celles et ceux d\u2019entre vous qui d\u00e9sirent se pr\u00e9parer avant la rentr\u00e9e d\u2019ao\u00fbt voil\u00e0 quelques pistes de travail possible.<\/p>\n\n\n\n<ul class=\"wp-block-list\">\n<li><strong>En Math\u00e9matiques<\/strong>\n<ul class=\"wp-block-list\">\n<li>Il faut ma\u00eetriser le cours de Terminale, conna\u00eetre parfaitement de m\u00e9moire les formules usuelles (identit\u00e9s alg\u00e9briques et formules trigonom\u00e9triques, d\u00e9riv\u00e9es et primitives, etc.), faire des r\u00e9visions de g\u00e9om\u00e9trie (\u00e9quations de droites ou plans, en dimension 2 ou 3).<\/li>\n\n\n\n<li>Pour ceux qui n\u2019auraient pas suivi l\u2019option Math\u00e9matiques Expertes, il est conseill\u00e9 de s\u2019int\u00e9resser au programme de celle-ci, et notamment au chapitre sur les nombres complexes. Des cours sont par exemple disponibles en ligne.<\/li>\n\n\n\n<li>Vous avez souvent des difficult\u00e9s \u00e0 mener des calculs.<\/li>\n\n\n\n<li>Entra\u00eenez-vous en utilisant le&nbsp;<a href=\"https:\/\/colasbd.github.io\/cdc-lycee\/\" target=\"_blank\" rel=\"noreferrer noopener\">cahier de calcul<\/a>&nbsp;(t\u00e9l\u00e9chargeable pour la&nbsp;<a href=\"https:\/\/colasbd.github.io\/cdc-lycee\/cahier_de_calcul_Terminale_Specialite_v1.2.0.pdf\" target=\"_blank\" rel=\"noreferrer noopener\">sp\u00e9cialit\u00e9 de Terminale<\/a>&nbsp;et les&nbsp;<a href=\"https:\/\/colasbd.github.io\/cdc-lycee\/cahier_de_calcul_Maths_Expertes_v1.2.0.pdf\" target=\"_blank\" rel=\"noreferrer noopener\">Maths Expertes<\/a>&nbsp;ou disponible aux \u00e9ditions Dunod).<br>Entra\u00eenez-vous en utilisant le&nbsp;<a href=\"https:\/\/colasbd.github.io\/cdc\/cahier_de_calcul_v13.pdf\" target=\"_blank\" rel=\"noreferrer noopener\">cahier de calcul<\/a>&nbsp;(t\u00e9l\u00e9chargeable&nbsp;<a href=\"https:\/\/colasbd.github.io\/cdc\/\" target=\"_blank\" rel=\"noreferrer noopener\">ici<\/a>&nbsp;ou disponible aux \u00e9ditions Dunod). Une partie des fiches est faisable d\u00e8s la terminale : fiches num\u00e9ros 1 \u00e0 12, 16, 17, 21, 23, 26, 28, \u2026)<\/li>\n\n\n\n<li>Les plus motiv\u00e9s d\u2019entre vous peuvent assouvir leur soif de Math\u00e9matiques en utilisant&nbsp;<a href=\"https:\/\/sc065d846e3cfb485.jimcontent.com\/download\/version\/1647986859\/module\/9922189684\/name\/Doc%20de%20pr%C3%A9paration%20en%20maths%20-%20lyc%C3%A9e%20Condorcet.pdf\" target=\"_blank\" rel=\"noreferrer noopener\">ce document<\/a>, et pour les plus ambitieux&nbsp;<a href=\"https:\/\/www.louislegrand.fr\/wp-content\/uploads\/2022\/02\/EXOS-TERMINALE3-3-AVECDESSIN-2.pdf\" target=\"_blank\" rel=\"noreferrer noopener\">celui-ci<\/a>.<\/li>\n<\/ul>\n<\/li>\n\n\n\n<li><strong>En Sciences Physiques<\/strong>\n<ul class=\"wp-block-list\">\n<li>Vous pouvez vous entra\u00eener avec l\u2019excellent&nbsp;<a href=\"https:\/\/colasbd.github.io\/cde\/\" target=\"_blank\" rel=\"noreferrer noopener\">cahier d\u2019entra\u00eenement<\/a>&nbsp;(t\u00e9l\u00e9chargeable&nbsp;<a href=\"https:\/\/colasbd.github.io\/cde\/cahier_d_entrainement_PC_v1-0-1.pdf\" target=\"_blank\" rel=\"noreferrer noopener\">ici<\/a>&nbsp;ou disponible aux \u00e9ditions Dunod).\n<ul class=\"wp-block-list\">\n<li>fiche n\u00b01 (conversions) \u2013 en entier<\/li>\n\n\n\n<li>fiche n\u00b02 (signaux) \u2013 exercices 2.1, 2.2 et 2.5<\/li>\n\n\n\n<li>fiche n\u00b08 (sources lumineuses, lois de Snell-Descartes) \u2013 exercices 8.1 \u00e0 8.4<\/li>\n\n\n\n<li>fiche n\u00b09 (lentilles) \u2013 exercices 9.1 et 9.2<\/li>\n\n\n\n<li>fiche n\u00b010 (cin\u00e9matique) \u2013 exercices 10.1 \u00e0 10.4<\/li>\n\n\n\n<li>fiche n\u00b026 (chiffres significatifs et incertitudes) \u2013 exercices 26.1 \u00e0 26.4<\/li>\n<\/ul>\n<\/li>\n<\/ul>\n<\/li>\n<\/ul>\n\n\n\n<h2 class=\"wp-block-heading\"><strong>EPREUVE D&rsquo;EVALUATION DES TRAVAUX D&rsquo;INITIATIVE PERSONNELLE ENCADRES (TIPE)<\/strong><\/h2>\n\n\n\n<p>L\u2019\u00e9preuve d\u2019\u00e9valuation des TIPE est organis\u00e9e en commun par le Concours Centrale-Sup\u00e9lec, le Concours Commun INP, le Concours Commun Mines-Ponts et la Banque fili\u00e8re PT (Physique Technologie). Cette \u00e9preuve est \u00e9galement utilis\u00e9e par d\u2019autres concours. Lors de l\u2019\u00e9preuve sont \u00e9valu\u00e9es les qualit\u00e9s et les comp\u00e9tences d\u00e9velopp\u00e9es au cours de la formation CPGE. Vous trouverez toutes les informations utiles sur cette \u00e9preuve sur le site : <a href=\"https:\/\/www.scei-concours.fr\/tipe.php\">https:\/\/www.scei-concours.fr\/tipe.php<\/a><\/p>\n\n\n\n<p><strong>Pour la session 2026,<\/strong> les \u00e9tudiantes et \u00e9tudiants ont \u00e9t\u00e9 amen\u00e9s \u00e0 r\u00e9fl\u00e9chir sur le th\u00e8me :<\/p>\n\n\n\n<blockquote class=\"wp-block-quote is-layout-flow wp-block-quote-is-layout-flow\">\n<h1 class=\"wp-block-heading has-text-align-center\"><i>&nbsp;Cycles, boucles<\/i><\/h1>\n<\/blockquote>\n\n\n\n<p>Un exemple de ressources propos\u00e9 par l&rsquo;INRIA : <a href=\"https:\/\/mediation-scientifique.gitlabpages.inria.fr\/tipe-2025\/\/\">https:\/\/mediation-scientifique.gitlabpages.inria.fr\/tipe-2025\/\/<\/a><\/p>\n\n\n\n<p><\/p>\n\n\n\n<h2 class=\"wp-block-heading\"><strong>PROGRAMME DE LETTRES ET DE PHILOSOPHIE <\/strong><\/h2>\n\n\n\n<p>Comme chaque ann\u00e9e,&nbsp;<strong>l\u2019enseignement de lettres et de philosophie<\/strong>&nbsp;en&nbsp;CPGE scientifique&nbsp;repose sur un th\u00e8me bien d\u00e9termin\u00e9.<\/p>\n\n\n\n<p><strong>Pour l\u2019ann\u00e9e scolaire 2025-2026<\/strong>, les \u00e9tudiantes et \u00e9tudiants seront amen\u00e9s \u00e0 r\u00e9fl\u00e9chir sur le th\u00e8me :<\/p>\n\n\n\n<blockquote class=\"wp-block-quote is-layout-flow wp-block-quote-is-layout-flow\">\n<h1 class=\"wp-block-heading has-text-align-center\"><i>Exp\u00e9riences de la nature&nbsp;<\/i><\/h1>\n\n\n\n<p><\/p>\n<\/blockquote>\n\n\n\n<p>Cette th\u00e9matique sera \u00e9tudi\u00e9e \u00e0 travers&nbsp;<strong>une liste d\u2019\u0153uvres litt\u00e9raires et philosophiques (lecture conseill\u00e9e pendant les vacances) :<\/strong><\/p>\n\n\n\n<p><\/p>\n\n\n\n<ul class=\"wp-block-list\">\n<li><em>La connaissance de la vie, \u00ab\u00a0Introduction : la pens\u00e9e et le vivant\u00a0\u00bb, \u00ab\u00a0I. M\u00e9thode\u00a0\u00bb, \u00ab\u00a0III. Philosophie &#8211; chapitres II, III, IV et V<\/em>\u00ab\u00a0<em>&nbsp;<\/em>(Georges CANGHILHEM) <\/li>\n\n\n\n<li><em>Vingt mille lieues sous les mers <\/em>( Jules VERNE)<\/li>\n\n\n\n<li><em>Le mur invisible&nbsp;<\/em>(Marlen HAUSHOFER) \u2013 Traduction de Liselotte Bodo et Jacqueline Chambon.<\/li>\n<\/ul>\n\n\n\n<p>Conseils de rentr\u00e9e pour les lettres &amp; philosophie :<\/p>\n\n\n\n<div class=\"wp-block-file\"><a id=\"wp-block-file--media-276e0e5b-246e-49f8-a62e-885decbd0f9f\" href=\"https:\/\/etab.ac-reunion.fr\/lyc-leconte-de-lisle\/wp-content\/uploads\/sites\/53\/2025\/07\/MPSI-PCSI-LETTRES-25062025103804.pdf\">MPSI-PCSI-LETTRES-25062025103804<\/a><a href=\"https:\/\/etab.ac-reunion.fr\/lyc-leconte-de-lisle\/wp-content\/uploads\/sites\/53\/2025\/07\/MPSI-PCSI-LETTRES-25062025103804.pdf\" class=\"wp-block-file__button wp-element-button\" download aria-describedby=\"wp-block-file--media-276e0e5b-246e-49f8-a62e-885decbd0f9f\">T\u00e9l\u00e9charger<\/a><\/div>\n\n\n\n<p><\/p>\n\n\n\n<h2 class=\"wp-block-heading\"><strong>UN POINT SUR LES LANGUES VIVANTES<\/strong><\/h2>\n\n\n\n<p>Un enseignement de LV2 facultative (2h\/semaine) est propos\u00e9 pour toutes les classes. Ce choix est conseill\u00e9 \u00e0 tous les \u00e9l\u00e8ves ayant un go\u00fbt pour les langues car ces cours permettent d&rsquo;obtenir un meilleur classement au concours via l&rsquo;\u00e9preuve facultative de LV2, sans parler des avantages sur le march\u00e9 du travail.<\/p>\n\n\n\n<p>Toute \u00e9cole exigera de ses futurs \u00e9l\u00e8ves la ma\u00eetrise de l\u2019anglais, mais,&nbsp;<strong>aucune ne leur demandera de pr\u00e9senter l\u2019anglais en LV1 aux concours de recrutement<\/strong>. En classe pr\u00e9paratoire, il est&nbsp; donc parfaitement possible de garder en LV1 une autre langue vivante&nbsp;que l\u2019anglais, l\u2019essentiel \u00e9tant d\u2019avoir acquis, au bout de deux ans,&nbsp; un bon niveau de comp\u00e9tence dans deux langues.<\/p>\n\n\n\n<ul class=\"wp-block-list\">\n<li>D\u2019un point de vue strat\u00e9gique, il peut \u00eatre int\u00e9ressant de pr\u00e9senter aux concours en LV1 une&nbsp;autre langue que l\u2019anglais. Un candidat ayant choisi allemand ou espagnol avec un bon niveau en LV1 pourra se d\u00e9marquer plus facilement des autres candidats et aura toutes les chances d\u2019obtenir une note satisfaisante, voire tr\u00e8s satisfaisante, ce qui pourra faire la diff\u00e9rence pour le r\u00e9sultat final.<\/li>\n\n\n\n<li>Vous b\u00e9n\u00e9ficiez d&rsquo;un suivi individualis\u00e9. En deux ans, vous pouvez, dans une ambiance de travail intensive, mais toujours chaleureuse, acqu\u00e9rir sereinement les principales comp\u00e9tences requises aux concours&nbsp;et ma\u00eetriseront les diff\u00e9rents types d\u2019\u00e9preuves propos\u00e9es.<\/li>\n\n\n\n<li>Vous profitez aussi de l&rsquo;existence d\u2019un CDI bien fourni&nbsp;en livres, revues et p\u00e9riodiques en langues vivantes.<\/li>\n<\/ul>\n\n\n\n<p>Conseils de rentr\u00e9e pour l&rsquo;espagnol et l&rsquo;allemand  :<\/p>\n\n\n\n<div class=\"wp-block-file\"><a id=\"wp-block-file--media-029386c2-9a4b-48f6-9336-e9140fad2723\" href=\"https:\/\/etab.ac-reunion.fr\/lyc-leconte-de-lisle\/wp-content\/uploads\/sites\/53\/2025\/07\/Consignes-2025-re_visions-en-ESPAGNOL-Mme-Vincent.pdf\">Consignes 2025 re_visions en ESPAGNOL &#8211; Mme Vincent<\/a><a href=\"https:\/\/etab.ac-reunion.fr\/lyc-leconte-de-lisle\/wp-content\/uploads\/sites\/53\/2025\/07\/Consignes-2025-re_visions-en-ESPAGNOL-Mme-Vincent.pdf\" class=\"wp-block-file__button wp-element-button\" download aria-describedby=\"wp-block-file--media-029386c2-9a4b-48f6-9336-e9140fad2723\">T\u00e9l\u00e9charger<\/a><\/div>\n\n\n\n<div class=\"wp-block-file\"><a id=\"wp-block-file--media-e89519cb-ff71-49e2-97e8-d2c910b8dda7\" href=\"https:\/\/etab.ac-reunion.fr\/lyc-leconte-de-lisle\/wp-content\/uploads\/sites\/53\/2025\/07\/conseils-rentree-allemand-2025-pdf.pdf\">conseils-rentree-allemand-2025-pdf<\/a><a href=\"https:\/\/etab.ac-reunion.fr\/lyc-leconte-de-lisle\/wp-content\/uploads\/sites\/53\/2025\/07\/conseils-rentree-allemand-2025-pdf.pdf\" class=\"wp-block-file__button wp-element-button\" download aria-describedby=\"wp-block-file--media-e89519cb-ff71-49e2-97e8-d2c910b8dda7\">T\u00e9l\u00e9charger<\/a><\/div>\n\n\n\n<h2 class=\"wp-block-heading\"><strong>PRESENTATION DES VOLUMES HORAIRES<\/strong> <\/h2>\n\n\n\n<p><\/p>\n\n\n\n<figure class=\"wp-block-image alignfull size-large\"><img loading=\"lazy\" decoding=\"async\" width=\"1024\" height=\"742\" src=\"https:\/\/etab.ac-reunion.fr\/lyc-leconte-de-lisle\/wp-content\/uploads\/sites\/53\/2024\/01\/vh-1024x742.jpeg\" alt=\"\" class=\"wp-image-6270\" srcset=\"https:\/\/etab.ac-reunion.fr\/lyc-leconte-de-lisle\/wp-content\/uploads\/sites\/53\/2024\/01\/vh-1024x742.jpeg 1024w, https:\/\/etab.ac-reunion.fr\/lyc-leconte-de-lisle\/wp-content\/uploads\/sites\/53\/2024\/01\/vh-980x710.jpeg 980w, https:\/\/etab.ac-reunion.fr\/lyc-leconte-de-lisle\/wp-content\/uploads\/sites\/53\/2024\/01\/vh-480x348.jpeg 480w\" sizes=\"(min-width: 0px) and (max-width: 480px) 480px, (min-width: 481px) and (max-width: 980px) 980px, (min-width: 981px) 1024px, 100vw\" \/><\/figure>\n\n\n\n<h2 class=\"wp-block-heading\"><\/h2>\n\n\n\n<p><\/p>\n\n\n\n<h2 class=\"wp-block-heading\"><strong>CYCLE DE CONFERENCES SCIENTIFIQUES <\/strong><\/h2>\n\n\n\n<p><\/p>\n\n\n\n<div class=\"wp-block-media-text is-stacked-on-mobile\"><figure class=\"wp-block-media-text__media\"><img loading=\"lazy\" decoding=\"async\" width=\"1024\" height=\"696\" src=\"https:\/\/etab.ac-reunion.fr\/lyc-leconte-de-lisle\/wp-content\/uploads\/sites\/53\/2024\/01\/conf-1024x696.png\" alt=\"\" class=\"wp-image-6075 size-full\" srcset=\"https:\/\/etab.ac-reunion.fr\/lyc-leconte-de-lisle\/wp-content\/uploads\/sites\/53\/2024\/01\/conf-980x666.png 980w, https:\/\/etab.ac-reunion.fr\/lyc-leconte-de-lisle\/wp-content\/uploads\/sites\/53\/2024\/01\/conf-480x326.png 480w\" sizes=\"(min-width: 0px) and (max-width: 480px) 480px, (min-width: 481px) and (max-width: 980px) 980px, (min-width: 981px) 1024px, 100vw\" \/><\/figure><div class=\"wp-block-media-text__content\">\n<blockquote class=\"wp-block-quote is-layout-flow wp-block-quote-is-layout-flow\">\n<p><em>Conf\u00e9rence sur l&rsquo;intelligence artificielle<\/em> par D. Gay, enseignant-chercheur en informatique \u00e0 l&rsquo;Universit\u00e9 de la R\u00e9union<\/p>\n<\/blockquote>\n\n\n\n<p>D\u00e9finir ce qu&rsquo;est l&rsquo;IA dans le contexte actuel, de pr\u00e9senter quelques applications concr\u00e8tes et de proposer aux \u00e9tudiantes &amp; \u00e9tudiants une premi\u00e8re introduction \u00e0 une des branches de ce domaine de recherche : la classification supervis\u00e9e.<\/p>\n<\/div><\/div>\n\n\n\n<p><\/p>\n\n\n\n<h2 class=\"wp-block-heading\"><strong>SITES UTILES<\/strong> <\/h2>\n\n\n\n<p><\/p>\n\n\n\n<ul class=\"wp-block-list\">\n<li>Plateforme Parcoursup : <a href=\"https:\/\/www.parcoursup.gouv.fr\/\" target=\"_blank\" rel=\"noreferrer noopener\">https:\/\/www.parcoursup.gouv.fr\/<\/a><\/li>\n<\/ul>\n\n\n\n<ul class=\"wp-block-list\">\n<li>Site du Service de Concours Ecoles d&rsquo;Ing\u00e9nieurs : <a href=\"https:\/\/www.scei-concours.fr\/\" target=\"_blank\" rel=\"noreferrer noopener\">https:\/\/www.scei-concours.fr\/<\/a><\/li>\n<\/ul>\n\n\n\n<ul class=\"wp-block-list\">\n<li>Site r\u00e9alis\u00e9 par l&rsquo;Union des professeurs de classes pr\u00e9paratoires scientifiques : <a href=\"https:\/\/prepas.org\/\" target=\"_blank\" rel=\"noreferrer noopener\">https:\/\/prepas.org\/<\/a><\/li>\n<\/ul>\n\n\n\n<ul class=\"wp-block-list\">\n<li>Site de l&rsquo;Union des Professeurs de Sciences et Techniques Industrielles : <a href=\"https:\/\/www.upsti.fr\/\" target=\"_blank\" rel=\"noreferrer noopener\">https:\/\/www.upsti.fr\/<\/a><\/li>\n<\/ul>\n\n\n\n<h2 class=\"wp-block-heading\">Suivez-nous sur les r\u00e9seaux sociaux<\/h2>\n\n\n\n<ul class=\"wp-block-social-links is-layout-flex wp-block-social-links-is-layout-flex\"><li class=\"wp-social-link wp-social-link-linkedin  wp-block-social-link\"><a href=\"https:\/\/www.linkedin.com\/in\/cpge-scientifiques-lyc%C3%A9e-leconte-de-lisle-a88a0425a\/\" class=\"wp-block-social-link-anchor\"><svg width=\"24\" height=\"24\" viewBox=\"0 0 24 24\" version=\"1.1\" xmlns=\"http:\/\/www.w3.org\/2000\/svg\" aria-hidden=\"true\" focusable=\"false\"><path d=\"M19.7,3H4.3C3.582,3,3,3.582,3,4.3v15.4C3,20.418,3.582,21,4.3,21h15.4c0.718,0,1.3-0.582,1.3-1.3V4.3 C21,3.582,20.418,3,19.7,3z M8.339,18.338H5.667v-8.59h2.672V18.338z M7.004,8.574c-0.857,0-1.549-0.694-1.549-1.548 c0-0.855,0.691-1.548,1.549-1.548c0.854,0,1.547,0.694,1.547,1.548C8.551,7.881,7.858,8.574,7.004,8.574z M18.339,18.338h-2.669 v-4.177c0-0.996-0.017-2.278-1.387-2.278c-1.389,0-1.601,1.086-1.601,2.206v4.249h-2.667v-8.59h2.559v1.174h0.037 c0.356-0.675,1.227-1.387,2.526-1.387c2.703,0,3.203,1.779,3.203,4.092V18.338z\"><\/path><\/svg><span class=\"wp-block-social-link-label screen-reader-text\">LinkedIn<\/span><\/a><\/li>\n\n<li class=\"wp-social-link wp-social-link-instagram  wp-block-social-link\"><a href=\"https:\/\/www.instagram.com\/lllcpgescientifiques\/\" class=\"wp-block-social-link-anchor\"><svg width=\"24\" height=\"24\" viewBox=\"0 0 24 24\" version=\"1.1\" xmlns=\"http:\/\/www.w3.org\/2000\/svg\" aria-hidden=\"true\" focusable=\"false\"><path d=\"M12,4.622c2.403,0,2.688,0.009,3.637,0.052c0.877,0.04,1.354,0.187,1.671,0.31c0.42,0.163,0.72,0.358,1.035,0.673 c0.315,0.315,0.51,0.615,0.673,1.035c0.123,0.317,0.27,0.794,0.31,1.671c0.043,0.949,0.052,1.234,0.052,3.637 s-0.009,2.688-0.052,3.637c-0.04,0.877-0.187,1.354-0.31,1.671c-0.163,0.42-0.358,0.72-0.673,1.035 c-0.315,0.315-0.615,0.51-1.035,0.673c-0.317,0.123-0.794,0.27-1.671,0.31c-0.949,0.043-1.233,0.052-3.637,0.052 s-2.688-0.009-3.637-0.052c-0.877-0.04-1.354-0.187-1.671-0.31c-0.42-0.163-0.72-0.358-1.035-0.673 c-0.315-0.315-0.51-0.615-0.673-1.035c-0.123-0.317-0.27-0.794-0.31-1.671C4.631,14.688,4.622,14.403,4.622,12 s0.009-2.688,0.052-3.637c0.04-0.877,0.187-1.354,0.31-1.671c0.163-0.42,0.358-0.72,0.673-1.035 c0.315-0.315,0.615-0.51,1.035-0.673c0.317-0.123,0.794-0.27,1.671-0.31C9.312,4.631,9.597,4.622,12,4.622 M12,3 C9.556,3,9.249,3.01,8.289,3.054C7.331,3.098,6.677,3.25,6.105,3.472C5.513,3.702,5.011,4.01,4.511,4.511 c-0.5,0.5-0.808,1.002-1.038,1.594C3.25,6.677,3.098,7.331,3.054,8.289C3.01,9.249,3,9.556,3,12c0,2.444,0.01,2.751,0.054,3.711 c0.044,0.958,0.196,1.612,0.418,2.185c0.23,0.592,0.538,1.094,1.038,1.594c0.5,0.5,1.002,0.808,1.594,1.038 c0.572,0.222,1.227,0.375,2.185,0.418C9.249,20.99,9.556,21,12,21s2.751-0.01,3.711-0.054c0.958-0.044,1.612-0.196,2.185-0.418 c0.592-0.23,1.094-0.538,1.594-1.038c0.5-0.5,0.808-1.002,1.038-1.594c0.222-0.572,0.375-1.227,0.418-2.185 C20.99,14.751,21,14.444,21,12s-0.01-2.751-0.054-3.711c-0.044-0.958-0.196-1.612-0.418-2.185c-0.23-0.592-0.538-1.094-1.038-1.594 c-0.5-0.5-1.002-0.808-1.594-1.038c-0.572-0.222-1.227-0.375-2.185-0.418C14.751,3.01,14.444,3,12,3L12,3z M12,7.378 c-2.552,0-4.622,2.069-4.622,4.622S9.448,16.622,12,16.622s4.622-2.069,4.622-4.622S14.552,7.378,12,7.378z M12,15 c-1.657,0-3-1.343-3-3s1.343-3,3-3s3,1.343,3,3S13.657,15,12,15z M16.804,6.116c-0.596,0-1.08,0.484-1.08,1.08 s0.484,1.08,1.08,1.08c0.596,0,1.08-0.484,1.08-1.08S17.401,6.116,16.804,6.116z\"><\/path><\/svg><span class=\"wp-block-social-link-label screen-reader-text\">Instagram<\/span><\/a><\/li>\n\n<li class=\"wp-social-link wp-social-link-facebook  wp-block-social-link\"><a href=\"https:\/\/www.facebook.com\/profile.php?id=100076443611453\" class=\"wp-block-social-link-anchor\"><svg width=\"24\" height=\"24\" viewBox=\"0 0 24 24\" version=\"1.1\" xmlns=\"http:\/\/www.w3.org\/2000\/svg\" aria-hidden=\"true\" focusable=\"false\"><path d=\"M12 2C6.5 2 2 6.5 2 12c0 5 3.7 9.1 8.4 9.9v-7H7.9V12h2.5V9.8c0-2.5 1.5-3.9 3.8-3.9 1.1 0 2.2.2 2.2.2v2.5h-1.3c-1.2 0-1.6.8-1.6 1.6V12h2.8l-.4 2.9h-2.3v7C18.3 21.1 22 17 22 12c0-5.5-4.5-10-10-10z\"><\/path><\/svg><span class=\"wp-block-social-link-label screen-reader-text\">Facebook<\/span><\/a><\/li>\n\n<li class=\"wp-social-link wp-social-link-youtube  wp-block-social-link\"><a href=\"https:\/\/www.youtube.com\/@cpgescientifiques-lll\" class=\"wp-block-social-link-anchor\"><svg width=\"24\" height=\"24\" viewBox=\"0 0 24 24\" version=\"1.1\" xmlns=\"http:\/\/www.w3.org\/2000\/svg\" aria-hidden=\"true\" focusable=\"false\"><path d=\"M21.8,8.001c0,0-0.195-1.378-0.795-1.985c-0.76-0.797-1.613-0.801-2.004-0.847c-2.799-0.202-6.997-0.202-6.997-0.202 h-0.009c0,0-4.198,0-6.997,0.202C4.608,5.216,3.756,5.22,2.995,6.016C2.395,6.623,2.2,8.001,2.2,8.001S2,9.62,2,11.238v1.517 c0,1.618,0.2,3.237,0.2,3.237s0.195,1.378,0.795,1.985c0.761,0.797,1.76,0.771,2.205,0.855c1.6,0.153,6.8,0.201,6.8,0.201 s4.203-0.006,7.001-0.209c0.391-0.047,1.243-0.051,2.004-0.847c0.6-0.607,0.795-1.985,0.795-1.985s0.2-1.618,0.2-3.237v-1.517 C22,9.62,21.8,8.001,21.8,8.001z M9.935,14.594l-0.001-5.62l5.404,2.82L9.935,14.594z\"><\/path><\/svg><span class=\"wp-block-social-link-label screen-reader-text\">YouTube<\/span><\/a><\/li><\/ul>\n","protected":false},"excerpt":{"rendered":"<p>Journ\u00e9e portes ouvertes : Venez nous rencontrer le 07 F\u00e9vrier 2026, professeures &amp; professeurs, \u00e9tudiantes &amp; \u00e9tudiants seront pr\u00e9sents! Les Classes Pr\u00e9paratoires aux Grandes \u00e9coles (CPGE) scientifiques sont \u00e0 destination des \u00e9l\u00e8ves de Terminales G\u00e9n\u00e9rales, \u00e0 qui il est vivement recommand\u00e9 d&rsquo;avoir choisi la sp\u00e9cialit\u00e9 Math\u00e9matiques et l\u2019une des sp\u00e9cialit\u00e9s Physique-Chimie, SI ou NSI en [&hellip;]<\/p>\n","protected":false},"author":23126,"featured_media":0,"parent":0,"menu_order":0,"comment_status":"closed","ping_status":"closed","template":"","meta":{"_et_pb_use_builder":"off","_et_pb_old_content":"<!-- wp:heading -->\n<h2 class=\"wp-block-heading\">Journ\u00e9e portes ouvertes : Venez nous rencontrer le 07 F\u00e9vrier 2026, professeures &amp; professeurs, \u00e9tudiantes &amp; \u00e9tudiants seront pr\u00e9sents!<\/h2>\n<!-- \/wp:heading -->\n\n<!-- wp:gallery {\"linkTo\":\"none\"} -->\n<figure class=\"wp-block-gallery has-nested-images columns-default is-cropped\"><!-- wp:image {\"id\":7066,\"sizeSlug\":\"large\",\"linkDestination\":\"none\"} -->\n<figure class=\"wp-block-image size-large\"><img src=\"https:\/\/etab.ac-reunion.fr\/lyc-leconte-de-lisle\/wp-content\/uploads\/sites\/53\/2025\/11\/Pre-affiche-JPO-2026-1024x875.jpg\" alt=\"\" class=\"wp-image-7066\" \/><figcaption class=\"wp-element-caption\">Copie de Navy and Purple Geometric Open Admission Poster - 3<\/figcaption><\/figure>\n<!-- \/wp:image --><\/figure>\n<!-- \/wp:gallery -->\n\n<!-- wp:file {\"id\":7080,\"href\":\"https:\/\/etab.ac-reunion.fr\/lyc-leconte-de-lisle\/wp-content\/uploads\/sites\/53\/2025\/11\/Plaquette-CPGE-Scientifiques-2025-2026-1.pdf\",\"displayPreview\":false} -->\n<div class=\"wp-block-file\"><a id=\"wp-block-file--media-807f34d5-6e2a-45a9-aa59-89efbb20067d\" href=\"https:\/\/etab.ac-reunion.fr\/lyc-leconte-de-lisle\/wp-content\/uploads\/sites\/53\/2025\/11\/Plaquette-CPGE-Scientifiques-2025-2026-1.pdf\">Plaquette CPGE Scientifiques 2025-2026<\/a><a href=\"https:\/\/etab.ac-reunion.fr\/lyc-leconte-de-lisle\/wp-content\/uploads\/sites\/53\/2025\/11\/Plaquette-CPGE-Scientifiques-2025-2026-1.pdf\" class=\"wp-block-file__button wp-element-button\" download aria-describedby=\"wp-block-file--media-807f34d5-6e2a-45a9-aa59-89efbb20067d\">T\u00e9l\u00e9charger<\/a><\/div>\n<!-- \/wp:file -->\n\n<!-- wp:paragraph -->\n<p><\/p>\n<!-- \/wp:paragraph -->\n\n<!-- wp:list -->\n<ul class=\"wp-block-list\"><!-- wp:list-item -->\n<li>Vers la <a href=\"https:\/\/etab.ac-reunion.fr\/lyc-leconte-de-lisle\/1ere-annee-mpsi-mp2i-pcsi\/\" target=\"_blank\" rel=\"noreferrer noopener\"><strong>1e ann\u00e9e MPSI-MP2I-PCSI<\/strong><\/a><\/li>\n<!-- \/wp:list-item --><\/ul>\n<!-- \/wp:list -->\n\n<!-- wp:list -->\n<ul class=\"wp-block-list\"><!-- wp:list-item -->\n<li>Vers la<a href=\"https:\/\/etab.ac-reunion.fr\/lyc-leconte-de-lisle\/2eme-annee-mp-mpi-psi-pc\/\" target=\"_blank\" rel=\"noreferrer noopener\"> <strong>2e ann\u00e9e MP-MPI-PSI*-PC<\/strong><\/a><\/li>\n<!-- \/wp:list-item --><\/ul>\n<!-- \/wp:list -->\n\n<!-- wp:paragraph {\"align\":\"left\"} -->\n<p class=\"has-text-align-left\">Les <strong>Classes Pr\u00e9paratoires aux Grandes \u00e9coles (CPGE)<\/strong> scientifiques sont \u00e0 destination des \u00e9l\u00e8ves de Terminales G\u00e9n\u00e9rales, \u00e0 qui il est <strong>vivement recommand\u00e9<\/strong> d'avoir choisi la sp\u00e9cialit\u00e9 <strong>Math\u00e9matiques<\/strong> et l\u2019une des sp\u00e9cialit\u00e9s <strong>Physique-Chimie<\/strong>, <strong>SI<\/strong> ou <strong>NSI<\/strong> en Terminale. L'option <strong>math\u00e9matiques expertes<\/strong> est vivement recommand\u00e9e.<\/p>\n<!-- \/wp:paragraph -->\n\n<!-- wp:paragraph {\"align\":\"left\"} -->\n<p class=\"has-text-align-left\">D\u2019autres choix de sp\u00e9cialit\u00e9s scientifiques sont n\u00e9anmoins envisageables, <strong>toutes les candidatures<\/strong> seront soigneusement \u00e9tudi\u00e9es par chaque commission (voir les sp\u00e9cificit\u00e9s de chaque fili\u00e8re : <a href=\"https:\/\/etab.ac-reunion.fr\/lyc-leconte-de-lisle\/mpsi-mathematiques-physique-sciences-de-lingenieur\/\"><strong>MPSI<\/strong><\/a>, <a href=\"https:\/\/etab.ac-reunion.fr\/lyc-leconte-de-lisle\/mp2i-mathematiques-physique-ingenierie-et-informatique\/\"><strong>MP2I<\/strong><\/a>, <a href=\"https:\/\/etab.ac-reunion.fr\/lyc-leconte-de-lisle\/pcsi-physique-chimie-et-sciences-de-lingenieur\/\"><strong>PCSI<\/strong><\/a>).<\/p>\n<!-- \/wp:paragraph -->\n\n<!-- wp:paragraph {\"align\":\"left\"} -->\n<p class=\"has-text-align-left\">Les d\u00e9bouch\u00e9s des <strong>Classes Pr\u00e9paratoires aux Grandes \u00e9coles (CPGE)<\/strong> sont multiples : elles permettent notamment d'acc\u00e9der \u00e0 des cursus pour devenir&nbsp;<strong>Ing\u00e9nieur\u00b7e<\/strong>,&nbsp;<strong>Chercheuse<\/strong> <strong>ou Chercheur<\/strong>,&nbsp;ou&nbsp;<strong>Enseignant\u00b7e<\/strong>&nbsp;!<\/p>\n<!-- \/wp:paragraph -->\n\n<!-- wp:paragraph -->\n<p><\/p>\n<!-- \/wp:paragraph -->\n\n<!-- wp:heading -->\n<h2 class=\"wp-block-heading\"><strong>ADMISSION<\/strong> <\/h2>\n<!-- \/wp:heading -->\n\n<!-- wp:paragraph -->\n<p>L\u2019admission en CPGE s'effectue sur la plateforme Parcoursup.<\/p>\n<!-- \/wp:paragraph -->\n\n<!-- wp:image {\"id\":6307,\"sizeSlug\":\"large\",\"linkDestination\":\"custom\"} -->\n<figure class=\"wp-block-image size-large\"><a href=\"https:\/\/www.parcoursup.gouv.fr\/\" target=\"_blank\" rel=\"noreferrer noopener\"><img src=\"https:\/\/etab.ac-reunion.fr\/lyc-leconte-de-lisle\/wp-content\/uploads\/sites\/53\/2024\/02\/parcoursup-1024x366.png\" alt=\"\" class=\"wp-image-6307\" \/><\/a><\/figure>\n<!-- \/wp:image -->\n\n<!-- wp:paragraph -->\n<p><em>Les CPGE scientifiques du lyc\u00e9e Leconte de Lisle organisent cette ann\u00e9e <strong>des s\u00e9ances d'immersion en MPSI\/MP2I\/PCSI <\/strong>\u00e0 destination principalement des \u00e9l\u00e8ves de Premi\u00e8res G\u00e9n\u00e9rales&nbsp;faisant les sp\u00e9cialit\u00e9s Math\u00e9matiques et Physique-Chimie et \u00e0 destination des \u00e9l\u00e8ves de Terminales G\u00e9n\u00e9rales faisant la sp\u00e9cialit\u00e9 Math\u00e9matiques et l'une des sp\u00e9cialit\u00e9s Physique-Chimie, SI ou NSI.<br>Les immersions se d\u00e9rouleront sur une demi-journ\u00e9e lors de s\u00e9ances en demi ou tiers de classe (TP ou TD) afin que les lyc\u00e9ennes, lyc\u00e9ens puissent plus facilement \u00e9changer avec nos \u00e9tudiantes, \u00e9tudiants et leurs enseignant\u00b7e\u00b7s. Il leur suffit de s'inscrire <\/em><strong>via le formulaire <\/strong><a href=\"https:\/\/magmatic.ac-reunion.fr\/limesurvey\/592918?lang=fr\"><strong>https:\/\/magmatic.ac-reunion.fr\/limesurvey\/592918?lang=fr<\/strong><\/a> ou directement \u00e9crire au chef des travaux : cdtx.lecontedelisle[at]ac-reunion.fr (remplacer le [at] par @)<\/p>\n<!-- \/wp:paragraph -->\n\n<!-- wp:paragraph -->\n<p><em>Les dates et modalit\u00e9s seront fix\u00e9es ult\u00e9rieurement en lien avec vos \u00e9tablissements.<\/em><\/p>\n<!-- \/wp:paragraph -->\n\n<!-- wp:paragraph -->\n<p>Ces trois fili\u00e8res en 1e ann\u00e9e sont donc \u00e0 destination des \u00e9l\u00e8ves d\u00e9tenteurs ou d\u00e9tentrices du bac qui souhaiteraient int\u00e9grer&nbsp;<strong>des \u00e9coles d\u2019ing\u00e9nieures<\/strong>&nbsp;<strong>&amp; ing\u00e9nieurs, \u00c9coles Normales Sup\u00e9rieures (ENS)<\/strong>,&nbsp;<strong>magist\u00e8res<\/strong>. Celles-ci sont regroup\u00e9es sous la forme de banques d\u2019\u00e9coles sur le site&nbsp;<a href=\"https:\/\/www.scei-concours.fr\/concours.php\" target=\"_blank\" rel=\"noreferrer noopener\"><strong>https:\/\/www.scei-concours.fr\/concours.php<\/strong><\/a> :<\/p>\n<!-- \/wp:paragraph -->\n\n<!-- wp:list -->\n<ul class=\"wp-block-list\"><!-- wp:list-item -->\n<li><a href=\"https:\/\/www.concours-centrale-supelec.fr\/\"><strong>Concours Centrale-Sup\u00e9lec<\/strong><\/a><\/li>\n<!-- \/wp:list-item -->\n\n<!-- wp:list-item -->\n<li><a href=\"https:\/\/www.concoursminesponts.fr\/\"><strong>Banque Mines-Ponts<\/strong><\/a><\/li>\n<!-- \/wp:list-item -->\n\n<!-- wp:list-item -->\n<li><a href=\"https:\/\/www.concours-commun-inp.fr\/fr\/index.html\"><strong>Concours Commun INP<\/strong><\/a><\/li>\n<!-- \/wp:list-item -->\n\n<!-- wp:list-item -->\n<li><a href=\"https:\/\/www.polytechnique.edu\/admission-cycle-ingenieur\/candidats-francais\/voie-classes-preparatoires-cp-toutes-filieres\"><strong>Banque X<\/strong><\/a>-<strong>ENS<\/strong> (<strong><a href=\"https:\/\/www.ens.psl.eu\/\">PSL<\/a>, <a href=\"https:\/\/www.ens-lyon.fr\/\">Lyon, Paris-Saclay, Rennes)<\/a>-<a href=\"https:\/\/www.espci.psl.eu\/fr\/\">ESPCI<\/a><\/strong><\/li>\n<!-- \/wp:list-item -->\n\n<!-- wp:list-item -->\n<li><a href=\"https:\/\/www.e3a-polytech.fr\/\"><strong>Concours e3a<\/strong><\/a><\/li>\n<!-- \/wp:list-item --><\/ul>\n<!-- \/wp:list -->\n\n<!-- wp:paragraph -->\n<p>D'autres banques de notes sont aussi accessibles aux classes de cpge scientifiques :<\/p>\n<!-- \/wp:paragraph -->\n\n<!-- wp:list -->\n<ul class=\"wp-block-list\"><!-- wp:list-item -->\n<li><a href=\"http:\/\/Banque d'\u00c9preuves des Concours des \u00c9coles d'Actuariat et Statistique\"><strong>Banque d'\u00c9preuves des&nbsp;Concours des&nbsp;\u00c9coles d'Actuariat et&nbsp;Statistique (BECEAS)<\/strong><\/a><\/li>\n<!-- \/wp:list-item -->\n\n<!-- wp:list-item -->\n<li><a href=\"http:\/\/Concours Pr\u00e9-Master EDHEC\"><strong>Concours Pr\u00e9-Master EDHEC <\/strong><\/a><\/li>\n<!-- \/wp:list-item --><\/ul>\n<!-- \/wp:list -->\n\n<!-- wp:paragraph -->\n<p><\/p>\n<!-- \/wp:paragraph -->\n\n<!-- wp:paragraph -->\n<p>Par ailleurs, une double inscription obligatoire \u00e0 la facult\u00e9 permet d\u2019avoir des \u00e9quivalences et des passerelles existent.<\/p>\n<!-- \/wp:paragraph -->\n\n<!-- wp:image {\"id\":6269,\"sizeSlug\":\"full\",\"linkDestination\":\"none\",\"align\":\"center\"} -->\n<figure class=\"wp-block-image aligncenter size-full\"><img src=\"https:\/\/etab.ac-reunion.fr\/lyc-leconte-de-lisle\/wp-content\/uploads\/sites\/53\/2024\/01\/PastedGraphic-3.png\" alt=\"\" class=\"wp-image-6269\" \/><\/figure>\n<!-- \/wp:image -->\n\n<!-- wp:embed {\"url\":\"https:\/\/www.youtube.com\/watch?v=JHrSmC2VxcA\",\"type\":\"video\",\"providerNameSlug\":\"youtube\",\"responsive\":true,\"align\":\"center\",\"className\":\"wp-embed-aspect-16-9 wp-has-aspect-ratio\"} -->\n<figure class=\"wp-block-embed aligncenter is-type-video is-provider-youtube wp-block-embed-youtube wp-embed-aspect-16-9 wp-has-aspect-ratio\"><div class=\"wp-block-embed__wrapper\">\nhttps:\/\/www.youtube.com\/watch?v=JHrSmC2VxcA\n<\/div><\/figure>\n<!-- \/wp:embed -->\n\n<!-- wp:paragraph -->\n<p>Pourquoi venir en CPGE Scientifiques au <strong>lyc\u00e9e Leconte de Lisle<\/strong> ? <\/p>\n<!-- \/wp:paragraph -->\n\n<!-- wp:paragraph -->\n<p>Des conditions identiques qu\u2019en m\u00e9tropole : <\/p>\n<!-- \/wp:paragraph -->\n\n<!-- wp:list -->\n<ul class=\"wp-block-list\"><!-- wp:list-item -->\n<li>Des concours aux grandes \u00e9coles d'ing\u00e9nieures &amp; ing\u00e9nieurs et \u00c9coles Normales Sup\u00e9rieures (ENS) nationaux : <a href=\"https:\/\/www.scei-concours.fr\/concours.php\"><strong>https:\/\/www.scei-concours.fr\/concours.php<\/strong><\/a><\/li>\n<!-- \/wp:list-item -->\n\n<!-- wp:list-item -->\n<li>Des enseignantes &amp; enseignants recrut\u00e9s au niveau national ind\u00e9pendamment des \u00e9tablissements <\/li>\n<!-- \/wp:list-item -->\n\n<!-- wp:list-item -->\n<li>Pr\u00e9sence de <a href=\"https:\/\/etab.ac-reunion.fr\/lyc-leconte-de-lisle\/1ere-annee-mpsi-mp2i-pcsi\/\" data-type=\"URL\" data-id=\"https:\/\/etab.ac-reunion.fr\/lyc-leconte-de-lisle\/1ere-annee-mpsi-mp2i-pcsi\/\"><strong>la plupart des classes scientifiques<\/strong><\/a> existantes sur un campus<\/li>\n<!-- \/wp:list-item -->\n\n<!-- wp:list-item -->\n<li>Possibilit\u00e9 d'int\u00e9grer en seconde ann\u00e9e une section \u00e9toil\u00e9e pour les \u00e9tudiantes &amp; \u00e9tudiants visant les concours les plus s\u00e9lectifs <\/li>\n<!-- \/wp:list-item -->\n\n<!-- wp:list-item -->\n<li>Organisation sur place de toutes les \u00e9preuves \u00e9crites <\/li>\n<!-- \/wp:list-item -->\n\n<!-- wp:list-item -->\n<li>Des <a href=\"https:\/\/etab.ac-reunion.fr\/lyc-leconte-de-lisle\/2eme-annee-mp-psi-pc\/resultats-aux-concours\/\"><strong>r\u00e9sultats \u00e9quivalents<\/strong><\/a> \u00e0 la m\u00e9tropole \u00e0 niveau d\u2019\u00e9tudiant \u00e9gal<\/li>\n<!-- \/wp:list-item -->\n\n<!-- wp:list-item -->\n<li>Un <a href=\"https:\/\/etab.ac-reunion.fr\/lyc-leconte-de-lisle\/bureau-des-eleves\/\"><strong>bureau des \u00e9l\u00e8ves<\/strong><\/a> tr\u00e8s actif qui assure la coh\u00e9sion entre promotions<\/li>\n<!-- \/wp:list-item --><\/ul>\n<!-- \/wp:list -->\n\n<!-- wp:paragraph -->\n<p><strong>Pour d\u00e9finitivement vous convaincre, vous pouvez consulter le <a href=\"https:\/\/etab.ac-reunion.fr\/lyc-leconte-de-lisle\/livre-dor-temoignages\/\">livre d'or-t\u00e9moignages<\/a> d'anciennes et anciens \u00e9l\u00e8ves<\/strong>.<\/p>\n<!-- \/wp:paragraph -->\n\n<!-- wp:paragraph -->\n<p><\/p>\n<!-- \/wp:paragraph -->\n\n<!-- wp:heading -->\n<h2 class=\"wp-block-heading\"><strong>POUR SE PR\u00c9PARER AVANT LA RENTR\u00c9E<\/strong><\/h2>\n<!-- \/wp:heading -->\n\n<!-- wp:paragraph -->\n<p>Pour celles et ceux d\u2019entre vous qui d\u00e9sirent se pr\u00e9parer avant la rentr\u00e9e d\u2019ao\u00fbt voil\u00e0 quelques pistes de travail possible.<\/p>\n<!-- \/wp:paragraph -->\n\n<!-- wp:list -->\n<ul class=\"wp-block-list\"><!-- wp:list-item -->\n<li><strong>En Math\u00e9matiques<\/strong><!-- wp:list -->\n<ul class=\"wp-block-list\"><!-- wp:list-item -->\n<li>Il faut ma\u00eetriser le cours de Terminale, conna\u00eetre parfaitement de m\u00e9moire les formules usuelles (identit\u00e9s alg\u00e9briques et formules trigonom\u00e9triques, d\u00e9riv\u00e9es et primitives, etc.), faire des r\u00e9visions de g\u00e9om\u00e9trie (\u00e9quations de droites ou plans, en dimension 2 ou 3).<\/li>\n<!-- \/wp:list-item -->\n\n<!-- wp:list-item -->\n<li>Pour ceux qui n\u2019auraient pas suivi l\u2019option Math\u00e9matiques Expertes, il est conseill\u00e9 de s\u2019int\u00e9resser au programme de celle-ci, et notamment au chapitre sur les nombres complexes. Des cours sont par exemple disponibles en ligne.<\/li>\n<!-- \/wp:list-item -->\n\n<!-- wp:list-item -->\n<li>Vous avez souvent des difficult\u00e9s \u00e0 mener des calculs.<\/li>\n<!-- \/wp:list-item -->\n\n<!-- wp:list-item -->\n<li>Entra\u00eenez-vous en utilisant le&nbsp;<a href=\"https:\/\/colasbd.github.io\/cdc-lycee\/\" target=\"_blank\" rel=\"noreferrer noopener\">cahier de calcul<\/a>&nbsp;(t\u00e9l\u00e9chargeable pour la&nbsp;<a href=\"https:\/\/colasbd.github.io\/cdc-lycee\/cahier_de_calcul_Terminale_Specialite_v1.2.0.pdf\" target=\"_blank\" rel=\"noreferrer noopener\">sp\u00e9cialit\u00e9 de Terminale<\/a>&nbsp;et les&nbsp;<a href=\"https:\/\/colasbd.github.io\/cdc-lycee\/cahier_de_calcul_Maths_Expertes_v1.2.0.pdf\" target=\"_blank\" rel=\"noreferrer noopener\">Maths Expertes<\/a>&nbsp;ou disponible aux \u00e9ditions Dunod).<br>Entra\u00eenez-vous en utilisant le&nbsp;<a href=\"https:\/\/colasbd.github.io\/cdc\/cahier_de_calcul_v13.pdf\" target=\"_blank\" rel=\"noreferrer noopener\">cahier de calcul<\/a>&nbsp;(t\u00e9l\u00e9chargeable&nbsp;<a href=\"https:\/\/colasbd.github.io\/cdc\/\" target=\"_blank\" rel=\"noreferrer noopener\">ici<\/a>&nbsp;ou disponible aux \u00e9ditions Dunod). Une partie des fiches est faisable d\u00e8s la terminale : fiches num\u00e9ros 1 \u00e0 12, 16, 17, 21, 23, 26, 28, \u2026)<\/li>\n<!-- \/wp:list-item -->\n\n<!-- wp:list-item -->\n<li>Les plus motiv\u00e9s d\u2019entre vous peuvent assouvir leur soif de Math\u00e9matiques en utilisant&nbsp;<a href=\"https:\/\/sc065d846e3cfb485.jimcontent.com\/download\/version\/1647986859\/module\/9922189684\/name\/Doc%20de%20pr%C3%A9paration%20en%20maths%20-%20lyc%C3%A9e%20Condorcet.pdf\" target=\"_blank\" rel=\"noreferrer noopener\">ce document<\/a>, et pour les plus ambitieux&nbsp;<a href=\"https:\/\/www.louislegrand.fr\/wp-content\/uploads\/2022\/02\/EXOS-TERMINALE3-3-AVECDESSIN-2.pdf\" target=\"_blank\" rel=\"noreferrer noopener\">celui-ci<\/a>.<\/li>\n<!-- \/wp:list-item --><\/ul>\n<!-- \/wp:list --><\/li>\n<!-- \/wp:list-item -->\n\n<!-- wp:list-item -->\n<li><strong>En Sciences Physiques<\/strong><!-- wp:list -->\n<ul class=\"wp-block-list\"><!-- wp:list-item -->\n<li>Vous pouvez vous entra\u00eener avec l\u2019excellent&nbsp;<a href=\"https:\/\/colasbd.github.io\/cde\/\" target=\"_blank\" rel=\"noreferrer noopener\">cahier d\u2019entra\u00eenement<\/a>&nbsp;(t\u00e9l\u00e9chargeable&nbsp;<a href=\"https:\/\/colasbd.github.io\/cde\/cahier_d_entrainement_PC_v1-0-1.pdf\" target=\"_blank\" rel=\"noreferrer noopener\">ici<\/a>&nbsp;ou disponible aux \u00e9ditions Dunod).<!-- wp:list -->\n<ul class=\"wp-block-list\"><!-- wp:list-item -->\n<li>fiche n\u00b01 (conversions) \u2013 en entier<\/li>\n<!-- \/wp:list-item -->\n\n<!-- wp:list-item -->\n<li>fiche n\u00b02 (signaux) \u2013 exercices 2.1, 2.2 et 2.5<\/li>\n<!-- \/wp:list-item -->\n\n<!-- wp:list-item -->\n<li>fiche n\u00b08 (sources lumineuses, lois de Snell-Descartes) \u2013 exercices 8.1 \u00e0 8.4<\/li>\n<!-- \/wp:list-item -->\n\n<!-- wp:list-item -->\n<li>fiche n\u00b09 (lentilles) \u2013 exercices 9.1 et 9.2<\/li>\n<!-- \/wp:list-item -->\n\n<!-- wp:list-item -->\n<li>fiche n\u00b010 (cin\u00e9matique) \u2013 exercices 10.1 \u00e0 10.4<\/li>\n<!-- \/wp:list-item -->\n\n<!-- wp:list-item -->\n<li>fiche n\u00b026 (chiffres significatifs et incertitudes) \u2013 exercices 26.1 \u00e0 26.4<\/li>\n<!-- \/wp:list-item --><\/ul>\n<!-- \/wp:list --><\/li>\n<!-- \/wp:list-item --><\/ul>\n<!-- \/wp:list --><\/li>\n<!-- \/wp:list-item --><\/ul>\n<!-- \/wp:list -->\n\n<!-- wp:heading -->\n<h2 class=\"wp-block-heading\"><strong>EPREUVE D'EVALUATION DES TRAVAUX D'INITIATIVE PERSONNELLE ENCADRES (TIPE)<\/strong><\/h2>\n<!-- \/wp:heading -->\n\n<!-- wp:paragraph -->\n<p>L\u2019\u00e9preuve d\u2019\u00e9valuation des TIPE est organis\u00e9e en commun par le Concours Centrale-Sup\u00e9lec, le Concours Commun INP, le Concours Commun Mines-Ponts et la Banque fili\u00e8re PT (Physique Technologie). Cette \u00e9preuve est \u00e9galement utilis\u00e9e par d\u2019autres concours. Lors de l\u2019\u00e9preuve sont \u00e9valu\u00e9es les qualit\u00e9s et les comp\u00e9tences d\u00e9velopp\u00e9es au cours de la formation CPGE. Vous trouverez toutes les informations utiles sur cette \u00e9preuve sur le site : <a href=\"https:\/\/www.scei-concours.fr\/tipe.php\">https:\/\/www.scei-concours.fr\/tipe.php<\/a><\/p>\n<!-- \/wp:paragraph -->\n\n<!-- wp:paragraph -->\n<p><strong>Pour la session 2026,<\/strong> les \u00e9tudiantes et \u00e9tudiants ont \u00e9t\u00e9 amen\u00e9s \u00e0 r\u00e9fl\u00e9chir sur le th\u00e8me :<\/p>\n<!-- \/wp:paragraph -->\n\n<!-- wp:quote -->\n<blockquote class=\"wp-block-quote\"><!-- wp:heading {\"textAlign\":\"center\",\"level\":1} -->\n<h1 class=\"wp-block-heading has-text-align-center\"><i>&nbsp;Cycles, boucles<\/i><\/h1>\n<!-- \/wp:heading --><\/blockquote>\n<!-- \/wp:quote -->\n\n<!-- wp:paragraph -->\n<p>Un exemple de ressources propos\u00e9 par l'INRIA : <a href=\"https:\/\/mediation-scientifique.gitlabpages.inria.fr\/tipe-2025\/\/\">https:\/\/mediation-scientifique.gitlabpages.inria.fr\/tipe-2025\/\/<\/a><\/p>\n<!-- \/wp:paragraph -->\n\n<!-- wp:paragraph -->\n<p><\/p>\n<!-- \/wp:paragraph -->\n\n<!-- wp:heading -->\n<h2 class=\"wp-block-heading\"><strong>PROGRAMME DE LETTRES ET DE PHILOSOPHIE <\/strong><\/h2>\n<!-- \/wp:heading -->\n\n<!-- wp:paragraph -->\n<p>Comme chaque ann\u00e9e,&nbsp;<strong>l\u2019enseignement de lettres et de philosophie<\/strong>&nbsp;en&nbsp;CPGE scientifique&nbsp;repose sur un th\u00e8me bien d\u00e9termin\u00e9.<\/p>\n<!-- \/wp:paragraph -->\n\n<!-- wp:paragraph -->\n<p><strong>Pour l\u2019ann\u00e9e scolaire 2025-2026<\/strong>, les \u00e9tudiantes et \u00e9tudiants seront amen\u00e9s \u00e0 r\u00e9fl\u00e9chir sur le th\u00e8me :<\/p>\n<!-- \/wp:paragraph -->\n\n<!-- wp:quote -->\n<blockquote class=\"wp-block-quote\"><!-- wp:heading {\"textAlign\":\"center\",\"level\":1} -->\n<h1 class=\"wp-block-heading has-text-align-center\"><i>Exp\u00e9riences de la nature&nbsp;<\/i><\/h1>\n<!-- \/wp:heading -->\n\n<!-- wp:paragraph -->\n<p><\/p>\n<!-- \/wp:paragraph --><\/blockquote>\n<!-- \/wp:quote -->\n\n<!-- wp:paragraph -->\n<p>Cette th\u00e9matique sera \u00e9tudi\u00e9e \u00e0 travers&nbsp;<strong>une liste d\u2019\u0153uvres litt\u00e9raires et philosophiques (lecture conseill\u00e9e pendant les vacances) :<\/strong><\/p>\n<!-- \/wp:paragraph -->\n\n<!-- wp:paragraph -->\n<p><\/p>\n<!-- \/wp:paragraph -->\n\n<!-- wp:list -->\n<ul class=\"wp-block-list\"><!-- wp:list-item -->\n<li><em>La connaissance de la vie, \"Introduction : la pens\u00e9e et le vivant\", \"I. M\u00e9thode\", \"III. Philosophie - chapitres II, III, IV et V<\/em>\"<em>&nbsp;<\/em>(Georges CANGHILHEM) <\/li>\n<!-- \/wp:list-item -->\n\n<!-- wp:list-item -->\n<li><em>Vingt mille lieues sous les mers <\/em>( Jules VERNE)<\/li>\n<!-- \/wp:list-item -->\n\n<!-- wp:list-item -->\n<li><em>Le mur invisible&nbsp;<\/em>(Marlen HAUSHOFER) \u2013 Traduction de Liselotte Bodo et Jacqueline Chambon.<\/li>\n<!-- \/wp:list-item --><\/ul>\n<!-- \/wp:list -->\n\n<!-- wp:paragraph -->\n<p>Conseils de rentr\u00e9e pour les lettres &amp; philosophie :<\/p>\n<!-- \/wp:paragraph -->\n\n<!-- wp:file {\"id\":7014,\"href\":\"https:\/\/etab.ac-reunion.fr\/lyc-leconte-de-lisle\/wp-content\/uploads\/sites\/53\/2025\/07\/MPSI-PCSI-LETTRES-25062025103804.pdf\",\"displayPreview\":false} -->\n<div class=\"wp-block-file\"><a id=\"wp-block-file--media-276e0e5b-246e-49f8-a62e-885decbd0f9f\" href=\"https:\/\/etab.ac-reunion.fr\/lyc-leconte-de-lisle\/wp-content\/uploads\/sites\/53\/2025\/07\/MPSI-PCSI-LETTRES-25062025103804.pdf\">MPSI-PCSI-LETTRES-25062025103804<\/a><a href=\"https:\/\/etab.ac-reunion.fr\/lyc-leconte-de-lisle\/wp-content\/uploads\/sites\/53\/2025\/07\/MPSI-PCSI-LETTRES-25062025103804.pdf\" class=\"wp-block-file__button wp-element-button\" download aria-describedby=\"wp-block-file--media-276e0e5b-246e-49f8-a62e-885decbd0f9f\">T\u00e9l\u00e9charger<\/a><\/div>\n<!-- \/wp:file -->\n\n<!-- wp:paragraph -->\n<p><\/p>\n<!-- \/wp:paragraph -->\n\n<!-- wp:heading -->\n<h2 class=\"wp-block-heading\"><strong>UN POINT SUR LES LANGUES VIVANTES<\/strong><\/h2>\n<!-- \/wp:heading -->\n\n<!-- wp:paragraph -->\n<p>Un enseignement de LV2 facultative (2h\/semaine) est propos\u00e9 pour toutes les classes. Ce choix est conseill\u00e9 \u00e0 tous les \u00e9l\u00e8ves ayant un go\u00fbt pour les langues car ces cours permettent d'obtenir un meilleur classement au concours via l'\u00e9preuve facultative de LV2, sans parler des avantages sur le march\u00e9 du travail.<\/p>\n<!-- \/wp:paragraph -->\n\n<!-- wp:paragraph -->\n<p>Toute \u00e9cole exigera de ses futurs \u00e9l\u00e8ves la ma\u00eetrise de l\u2019anglais, mais,&nbsp;<strong>aucune ne leur demandera de pr\u00e9senter l\u2019anglais en LV1 aux concours de recrutement<\/strong>. En classe pr\u00e9paratoire, il est&nbsp; donc parfaitement possible de garder en LV1 une autre langue vivante&nbsp;que l\u2019anglais, l\u2019essentiel \u00e9tant d\u2019avoir acquis, au bout de deux ans,&nbsp; un bon niveau de comp\u00e9tence dans deux langues.<\/p>\n<!-- \/wp:paragraph -->\n\n<!-- wp:list -->\n<ul class=\"wp-block-list\"><!-- wp:list-item -->\n<li>D\u2019un point de vue strat\u00e9gique, il peut \u00eatre int\u00e9ressant de pr\u00e9senter aux concours en LV1 une&nbsp;autre langue que l\u2019anglais. Un candidat ayant choisi allemand ou espagnol avec un bon niveau en LV1 pourra se d\u00e9marquer plus facilement des autres candidats et aura toutes les chances d\u2019obtenir une note satisfaisante, voire tr\u00e8s satisfaisante, ce qui pourra faire la diff\u00e9rence pour le r\u00e9sultat final.<\/li>\n<!-- \/wp:list-item -->\n\n<!-- wp:list-item -->\n<li>Vous b\u00e9n\u00e9ficiez d'un suivi individualis\u00e9. En deux ans, vous pouvez, dans une ambiance de travail intensive, mais toujours chaleureuse, acqu\u00e9rir sereinement les principales comp\u00e9tences requises aux concours&nbsp;et ma\u00eetriseront les diff\u00e9rents types d\u2019\u00e9preuves propos\u00e9es.<\/li>\n<!-- \/wp:list-item -->\n\n<!-- wp:list-item -->\n<li>Vous profitez aussi de l'existence d\u2019un CDI bien fourni&nbsp;en livres, revues et p\u00e9riodiques en langues vivantes.<\/li>\n<!-- \/wp:list-item --><\/ul>\n<!-- \/wp:list -->\n\n<!-- wp:paragraph -->\n<p>Conseils de rentr\u00e9e pour l'espagnol et l'allemand  :<\/p>\n<!-- \/wp:paragraph -->\n\n<!-- wp:file {\"id\":7003,\"href\":\"https:\/\/etab.ac-reunion.fr\/lyc-leconte-de-lisle\/wp-content\/uploads\/sites\/53\/2025\/07\/Consignes-2025-re_visions-en-ESPAGNOL-Mme-Vincent.pdf\",\"displayPreview\":false} -->\n<div class=\"wp-block-file\"><a id=\"wp-block-file--media-029386c2-9a4b-48f6-9336-e9140fad2723\" href=\"https:\/\/etab.ac-reunion.fr\/lyc-leconte-de-lisle\/wp-content\/uploads\/sites\/53\/2025\/07\/Consignes-2025-re_visions-en-ESPAGNOL-Mme-Vincent.pdf\">Consignes 2025 re_visions en ESPAGNOL - Mme Vincent<\/a><a href=\"https:\/\/etab.ac-reunion.fr\/lyc-leconte-de-lisle\/wp-content\/uploads\/sites\/53\/2025\/07\/Consignes-2025-re_visions-en-ESPAGNOL-Mme-Vincent.pdf\" class=\"wp-block-file__button wp-element-button\" download aria-describedby=\"wp-block-file--media-029386c2-9a4b-48f6-9336-e9140fad2723\">T\u00e9l\u00e9charger<\/a><\/div>\n<!-- \/wp:file -->\n\n<!-- wp:file {\"id\":7013,\"href\":\"https:\/\/etab.ac-reunion.fr\/lyc-leconte-de-lisle\/wp-content\/uploads\/sites\/53\/2025\/07\/conseils-rentree-allemand-2025-pdf.pdf\",\"displayPreview\":false} -->\n<div class=\"wp-block-file\"><a id=\"wp-block-file--media-e89519cb-ff71-49e2-97e8-d2c910b8dda7\" href=\"https:\/\/etab.ac-reunion.fr\/lyc-leconte-de-lisle\/wp-content\/uploads\/sites\/53\/2025\/07\/conseils-rentree-allemand-2025-pdf.pdf\">conseils-rentree-allemand-2025-pdf<\/a><a href=\"https:\/\/etab.ac-reunion.fr\/lyc-leconte-de-lisle\/wp-content\/uploads\/sites\/53\/2025\/07\/conseils-rentree-allemand-2025-pdf.pdf\" class=\"wp-block-file__button wp-element-button\" download aria-describedby=\"wp-block-file--media-e89519cb-ff71-49e2-97e8-d2c910b8dda7\">T\u00e9l\u00e9charger<\/a><\/div>\n<!-- \/wp:file -->\n\n<!-- wp:heading -->\n<h2 class=\"wp-block-heading\"><strong>PRESENTATION DES VOLUMES HORAIRES<\/strong> <\/h2>\n<!-- \/wp:heading -->\n\n<!-- wp:paragraph -->\n<p><\/p>\n<!-- \/wp:paragraph -->\n\n<!-- wp:image {\"id\":6270,\"sizeSlug\":\"large\",\"linkDestination\":\"none\",\"align\":\"full\"} -->\n<figure class=\"wp-block-image alignfull size-large\"><img src=\"https:\/\/etab.ac-reunion.fr\/lyc-leconte-de-lisle\/wp-content\/uploads\/sites\/53\/2024\/01\/vh-1024x742.jpeg\" alt=\"\" class=\"wp-image-6270\" \/><\/figure>\n<!-- \/wp:image -->\n\n<!-- wp:heading -->\n<h2 class=\"wp-block-heading\"><strong>CEREMONIE FELICITATIONS AUX CPGE 2e ann\u00e9e <\/strong><\/h2>\n<!-- \/wp:heading -->\n\n<!-- wp:paragraph -->\n<p><\/p>\n<!-- \/wp:paragraph -->\n\n<!-- wp:heading -->\n<h2 class=\"wp-block-heading\"><strong>CYCLE DE CONFERENCES SCIENTIFIQUES <\/strong><\/h2>\n<!-- \/wp:heading -->\n\n<!-- wp:paragraph -->\n<p><\/p>\n<!-- \/wp:paragraph -->\n\n<!-- wp:media-text {\"mediaId\":6075,\"mediaLink\":\"https:\/\/etab.ac-reunion.fr\/lyc-leconte-de-lisle\/post-bac\/cpge\/conf\/\",\"mediaType\":\"image\"} -->\n<div class=\"wp-block-media-text is-stacked-on-mobile\"><figure class=\"wp-block-media-text__media\"><img src=\"https:\/\/etab.ac-reunion.fr\/lyc-leconte-de-lisle\/wp-content\/uploads\/sites\/53\/2024\/01\/conf-1024x696.png\" alt=\"\" class=\"wp-image-6075 size-full\" \/><\/figure><div class=\"wp-block-media-text__content\"><!-- wp:quote -->\n<blockquote class=\"wp-block-quote\"><!-- wp:paragraph {\"placeholder\":\"Contenu\u2026\"} -->\n<p><em>Conf\u00e9rence sur l'intelligence artificielle<\/em> par D. Gay, enseignant-chercheur en informatique \u00e0 l'Universit\u00e9 de la R\u00e9union<\/p>\n<!-- \/wp:paragraph --><\/blockquote>\n<!-- \/wp:quote -->\n\n<!-- wp:paragraph -->\n<p>D\u00e9finir ce qu'est l'IA dans le contexte actuel, de pr\u00e9senter quelques applications concr\u00e8tes et de proposer aux \u00e9tudiantes &amp; \u00e9tudiants une premi\u00e8re introduction \u00e0 une des branches de ce domaine de recherche : la classification supervis\u00e9e.<\/p>\n<!-- \/wp:paragraph --><\/div><\/div>\n<!-- \/wp:media-text -->\n\n<!-- wp:heading -->\n<h2 class=\"wp-block-heading\"><strong>SITES UTILES<\/strong> <\/h2>\n<!-- \/wp:heading -->\n\n<!-- wp:paragraph -->\n<p><\/p>\n<!-- \/wp:paragraph -->\n\n<!-- wp:list -->\n<ul class=\"wp-block-list\"><!-- wp:list-item -->\n<li>Plateforme Parcoursup : <a href=\"https:\/\/www.parcoursup.gouv.fr\/\" target=\"_blank\" rel=\"noreferrer noopener\">https:\/\/www.parcoursup.gouv.fr\/<\/a><\/li>\n<!-- \/wp:list-item --><\/ul>\n<!-- \/wp:list -->\n\n<!-- wp:list -->\n<ul class=\"wp-block-list\"><!-- wp:list-item -->\n<li>Site du Service de Concours Ecoles d'Ing\u00e9nieurs : <a href=\"https:\/\/www.scei-concours.fr\/\" target=\"_blank\" rel=\"noreferrer noopener\">https:\/\/www.scei-concours.fr\/<\/a><\/li>\n<!-- \/wp:list-item --><\/ul>\n<!-- \/wp:list -->\n\n<!-- wp:list -->\n<ul class=\"wp-block-list\"><!-- wp:list-item -->\n<li>Site r\u00e9alis\u00e9 par l'Union des professeurs de classes pr\u00e9paratoires scientifiques : <a href=\"https:\/\/prepas.org\/\" target=\"_blank\" rel=\"noreferrer noopener\">https:\/\/prepas.org\/<\/a><\/li>\n<!-- \/wp:list-item --><\/ul>\n<!-- \/wp:list -->\n\n<!-- wp:list -->\n<ul class=\"wp-block-list\"><!-- wp:list-item -->\n<li>Site de l'Union des Professeurs de Sciences et Techniques Industrielles : <a href=\"https:\/\/www.upsti.fr\/\" target=\"_blank\" rel=\"noreferrer noopener\">https:\/\/www.upsti.fr\/<\/a><\/li>\n<!-- \/wp:list-item --><\/ul>\n<!-- \/wp:list -->\n\n<!-- wp:heading -->\n<h2 class=\"wp-block-heading\">Suivez-nous sur les r\u00e9seaux sociaux<\/h2>\n<!-- \/wp:heading -->\n\n<!-- wp:social-links -->\n<ul class=\"wp-block-social-links\"><!-- wp:social-link {\"url\":\"https:\/\/www.linkedin.com\/in\/cpge-scientifiques-lyc%C3%A9e-leconte-de-lisle-a88a0425a\/\",\"service\":\"linkedin\"} \/-->\n\n<!-- wp:social-link {\"url\":\"https:\/\/www.instagram.com\/lllcpgescientifiques\/\",\"service\":\"instagram\"} \/-->\n\n<!-- wp:social-link {\"url\":\"https:\/\/www.facebook.com\/profile.php?id=100076443611453\",\"service\":\"facebook\"} \/-->\n\n<!-- wp:social-link {\"url\":\"https:\/\/www.youtube.com\/@cpgescientifiques-lll\",\"service\":\"youtube\"} \/--><\/ul>\n<!-- \/wp:social-links -->","_et_gb_content_width":"","footnotes":""},"class_list":["post-3445","page","type-page","status-publish","hentry"],"_links":{"self":[{"href":"https:\/\/etab.ac-reunion.fr\/lyc-leconte-de-lisle\/wp-json\/wp\/v2\/pages\/3445","targetHints":{"allow":["GET"]}}],"collection":[{"href":"https:\/\/etab.ac-reunion.fr\/lyc-leconte-de-lisle\/wp-json\/wp\/v2\/pages"}],"about":[{"href":"https:\/\/etab.ac-reunion.fr\/lyc-leconte-de-lisle\/wp-json\/wp\/v2\/types\/page"}],"author":[{"embeddable":true,"href":"https:\/\/etab.ac-reunion.fr\/lyc-leconte-de-lisle\/wp-json\/wp\/v2\/users\/23126"}],"replies":[{"embeddable":true,"href":"https:\/\/etab.ac-reunion.fr\/lyc-leconte-de-lisle\/wp-json\/wp\/v2\/comments?post=3445"}],"version-history":[{"count":174,"href":"https:\/\/etab.ac-reunion.fr\/lyc-leconte-de-lisle\/wp-json\/wp\/v2\/pages\/3445\/revisions"}],"predecessor-version":[{"id":7162,"href":"https:\/\/etab.ac-reunion.fr\/lyc-leconte-de-lisle\/wp-json\/wp\/v2\/pages\/3445\/revisions\/7162"}],"wp:attachment":[{"href":"https:\/\/etab.ac-reunion.fr\/lyc-leconte-de-lisle\/wp-json\/wp\/v2\/media?parent=3445"}],"curies":[{"name":"wp","href":"https:\/\/api.w.org\/{rel}","templated":true}]}}