{"id":2263,"date":"2014-07-10T09:38:33","date_gmt":"2014-07-10T05:38:33","guid":{"rendered":"http:\/\/lycee-lepervanche.ac-reunion.fr\/?page_id=2263"},"modified":"2022-10-20T20:46:40","modified_gmt":"2022-10-20T16:46:40","slug":"infos-parents","status":"publish","type":"page","link":"https:\/\/etab.ac-reunion.fr\/lyc-lepervanche\/espace-parents\/infos-parents\/","title":{"rendered":"PAP &#8211; PAI Documents et informations"},"content":{"rendered":"<p><a href=\"https:\/\/etab.ac-reunion.fr\/lyc-lepervanche\/wp-content\/uploads\/sites\/17\/2021\/01\/Capture-de\u0301cran-2021-01-13-a\u0300-17.28.37.png\"><img loading=\"lazy\" decoding=\"async\" class=\"wp-image-8081 alignnone\" src=\"https:\/\/etab.ac-reunion.fr\/lyc-lepervanche\/wp-content\/uploads\/sites\/17\/2021\/01\/Capture-de\u0301cran-2021-01-13-a\u0300-17.28.37-858x1024.png\" alt=\"\" width=\"247\" height=\"295\" srcset=\"https:\/\/etab.ac-reunion.fr\/lyc-lepervanche\/wp-content\/uploads\/sites\/17\/2021\/01\/Capture-de\u0301cran-2021-01-13-a\u0300-17.28.37-858x1024.png 858w, https:\/\/etab.ac-reunion.fr\/lyc-lepervanche\/wp-content\/uploads\/sites\/17\/2021\/01\/Capture-de\u0301cran-2021-01-13-a\u0300-17.28.37-251x300.png 251w, https:\/\/etab.ac-reunion.fr\/lyc-lepervanche\/wp-content\/uploads\/sites\/17\/2021\/01\/Capture-de\u0301cran-2021-01-13-a\u0300-17.28.37-768x916.png 768w, https:\/\/etab.ac-reunion.fr\/lyc-lepervanche\/wp-content\/uploads\/sites\/17\/2021\/01\/Capture-de\u0301cran-2021-01-13-a\u0300-17.28.37-1080x1289.png 1080w, https:\/\/etab.ac-reunion.fr\/lyc-lepervanche\/wp-content\/uploads\/sites\/17\/2021\/01\/Capture-de\u0301cran-2021-01-13-a\u0300-17.28.37-980x1169.png 980w, https:\/\/etab.ac-reunion.fr\/lyc-lepervanche\/wp-content\/uploads\/sites\/17\/2021\/01\/Capture-de\u0301cran-2021-01-13-a\u0300-17.28.37-480x573.png 480w, https:\/\/etab.ac-reunion.fr\/lyc-lepervanche\/wp-content\/uploads\/sites\/17\/2021\/01\/Capture-de\u0301cran-2021-01-13-a\u0300-17.28.37.png 1170w\" sizes=\"(max-width: 247px) 100vw, 247px\" \/><\/a><\/p>\n<p><strong>Ces dispositifs p\u00e9dagogiques particuliers doivent \u00eatre valid\u00e9s par une commission et pour tous les \u00e9l\u00e9ments concernant la sant\u00e9, se rapprocher avant toute chose, de l&rsquo;infirmi\u00e8re de l&rsquo;\u00e9tablissement.<\/strong><\/p>\n<p>&nbsp;<\/p>\n<p><strong>Ce sont les professeurs (sous la coordination du professeur principal) qui suivront le Plan d&rsquo;Accompagnement Personnalis\u00e9 <\/strong>(PAP)<\/p>\n<p>&nbsp;<\/p>\n<p>Le PAP permet \u00e0 tout \u00e9l\u00e8ve pr\u00e9sentant des difficult\u00e9s scolaires durables en raison d&rsquo;un trouble des apprentissages de b\u00e9n\u00e9ficier d&rsquo;am\u00e9nagement et d&rsquo;adaptation de nature p\u00e9dagogique.<\/p>\n<p id=\"titre_contenu\" class=\"communique\"><strong>Au BO du 29 janvier 2015 : plan d&rsquo;accompagnement personnalis\u00e9<\/strong><\/p>\n<p class=\"nor_entete\"><span class=\"nor_nor\"><acronym title=\"syst\u00e8me normalis\u00e9 de num\u00e9rotation (NOR) des textes officiels publi\u00e9es\">NOR<\/acronym> : MENE1501296C<\/span><br \/>\n<span class=\"nor_nature\">circulaire n\u00b0 2015-016 du 22-1-2015<\/span><br \/>\n<span class=\"nor_emetteur\">MENESR &#8211; DGESCO A1-3<\/span><\/p>\n<div class=\"nor_entete\">\n<p>La <a title=\"Le site L\u00e9gifrance\" href=\"http:\/\/www.legifrance.gouv.fr\/affichTexte.do?cidTexte=JORFTEXT000027677984&amp;categorieLien=id\" target=\"_blank\" rel=\"noopener noreferrer\">loi n\u00b0 2013-595 du 8 juillet 2013<\/a> d&rsquo;orientation et de programmation pour la refondation de l&rsquo;\u00c9cole de la R\u00e9publique introduit \u00e0 l&rsquo;article L. 311-7 du code de l&rsquo;\u00e9ducation le plan d&rsquo;accompagnement personnalis\u00e9 (PAP).<\/p>\n<p>L&rsquo;article D. 311-13 du m\u00eame code pr\u00e9voit que \u00ab\u00a0les \u00e9l\u00e8ves dont les difficult\u00e9s scolaires r\u00e9sultent d&rsquo;un trouble des apprentissages peuvent b\u00e9n\u00e9ficier d&rsquo;un plan d&rsquo;accompagnement personnalis\u00e9 pr\u00e9vu \u00e0 l&rsquo;article L. 311-7, apr\u00e8s avis du m\u00e9decin de l&rsquo;\u00e9ducation nationale. Il se substitue \u00e0 un \u00e9ventuel programme personnalis\u00e9 de r\u00e9ussite \u00e9ducative. Le plan d&rsquo;accompagnement personnalis\u00e9\u00a0d\u00e9finit\u00a0les mesures p\u00e9dagogiques qui permettent \u00e0 l&rsquo;\u00e9l\u00e8ve de suivre les enseignements pr\u00e9vus au programme correspondant au cycle dans lequel il est scolaris\u00e9. Il est r\u00e9vis\u00e9 tous les ans.\u00a0\u00bb<\/p>\n<p>La pr\u00e9sente circulaire a pour objet de d\u00e9finir le public vis\u00e9 par le plan d&rsquo;accompagnement personnalis\u00e9, son contenu ainsi que la proc\u00e9dure et les modalit\u00e9s de sa mise en \u0153uvre (cf. Guide <a title=\"Le site du minist\u00e8re de l'\u00e9ducation nationale\" href=\"http:\/\/cache.media.education.gouv.fr\/file\/12_Decembre\/37\/3\/DP-Ecole-inclusive-livret-repondre-aux-besoins_373373.pdf\" target=\"_blank\" rel=\"noopener noreferrer\">\u00ab\u00a0R\u00e9pondre aux besoins \u00e9ducatifs particuliers des \u00e9l\u00e8ves\u00a0: quel plan pour qui\u00a0?\u00a0\u00bb<\/a>) .<\/p>\n<p><a href=\"https:\/\/www.education.gouv.fr\/bo\/15\/Hebdo5\/MENE1501296C.htm?cid_bo=85550\">http:\/\/www.education.gouv.fr\/pid25535\/bulletin_officiel.html?cid_bo=85550<\/a><\/p>\n<\/div>\n<p>&nbsp;<\/p>\n<p><strong>DOCUMENTS :<\/strong><\/p>\n<p><a href=\"https:\/\/etab.ac-reunion.fr\/lyc-lepervanche\/wp-content\/uploads\/sites\/17\/2021\/09\/PROCEDURE-DE-TRAITEMENT-DE-DEMANDE-DE-PAP.pdf\" target=\"_blank\" rel=\"noopener\">PROCEDURE DE TRAITEMENT DE DEMANDE DE PAP<\/a><\/p>\n<p><a href=\"https:\/\/etab.ac-reunion.fr\/lyc-lepervanche\/wp-content\/uploads\/sites\/17\/2021\/09\/PAP-Annexe-1-Fiche-Parents-1.pdf\" target=\"_blank\" rel=\"noopener\">PAP Annexe 1 &#8211; Fiche Parents<\/a><\/p>\n<p><a href=\"https:\/\/etab.ac-reunion.fr\/lyc-lepervanche\/wp-content\/uploads\/sites\/17\/2021\/09\/PAP-Annexe-3-Avis-Medecin.pdf\" target=\"_blank\" rel=\"noopener\">PAP Annexe 3- Avis M\u00e9decin<\/a><\/p>\n<p><a href=\"https:\/\/etab.ac-reunion.fr\/lyc-lepervanche\/wp-content\/uploads\/sites\/17\/2022\/10\/Informations-AUX-PARENTS-pour-les-PAI.docx\" target=\"_blank\" rel=\"noopener\">Proce\u0301dure PAI 3<\/a><\/p>\n<p><a href=\"https:\/\/etab.ac-reunion.fr\/lyc-lepervanche\/wp-content\/uploads\/sites\/17\/2020\/06\/4-PAI-mode\u0300le-type-circulaire-2003.pdf\" target=\"_blank\" rel=\"noopener\">PAI mode\u0300le type circulaire 2003<\/a><\/p>\n<ul>\n<li><a href=\"https:\/\/etab.ac-reunion.fr\/lyc-lepervanche\/wp-content\/uploads\/sites\/17\/2020\/06\/PAI-Allergie-alimentaire-ou-hyme\u0301nopte\u0300res.pdf\" target=\"_blank\" rel=\"noopener\">PAI Allergie alimentaire ou hyme\u0301nopte\u0300res<\/a><\/li>\n<li><a href=\"https:\/\/etab.ac-reunion.fr\/lyc-lepervanche\/wp-content\/uploads\/sites\/17\/2020\/06\/PAI-Asthme.pdf\" target=\"_blank\" rel=\"noopener\">PAI Asthme<\/a><\/li>\n<li><a href=\"https:\/\/etab.ac-reunion.fr\/lyc-lepervanche\/wp-content\/uploads\/sites\/17\/2020\/06\/PAI-Epilepsie.pdf\" target=\"_blank\" rel=\"noopener\">PAI Epilepsie<\/a><\/li>\n<\/ul>\n<div class=\"nor_entete\">\n<p>&nbsp;<\/p>\n<p>&nbsp;<\/p>\n<p>&nbsp;<\/p>\n<\/div>\n<div class=\"uploader-editor\">\n<div class=\"uploader-editor-content\">\n<div class=\"uploader-editor-title\"><\/div>\n<\/div>\n<\/div>\n<!-- AddThis Advanced Settings generic via filter on the_content --><!-- AddThis Share Buttons generic via filter on the_content -->","protected":false},"excerpt":{"rendered":"<p>Ces dispositifs p\u00e9dagogiques particuliers doivent \u00eatre valid\u00e9s par une commission et pour tous les \u00e9l\u00e9ments concernant la sant\u00e9, se rapprocher avant toute chose, de l&rsquo;infirmi\u00e8re de l&rsquo;\u00e9tablissement. &nbsp; Ce sont les professeurs (sous la coordination du professeur principal) qui suivront le Plan d&rsquo;Accompagnement Personnalis\u00e9 (PAP) &nbsp; Le PAP permet \u00e0 tout \u00e9l\u00e8ve pr\u00e9sentant des difficult\u00e9s [&hellip;]<!-- AddThis Advanced Settings generic via filter on get_the_excerpt --><!-- AddThis Share Buttons generic via filter on get_the_excerpt --><\/p>\n","protected":false},"author":114,"featured_media":0,"parent":2219,"menu_order":2,"comment_status":"closed","ping_status":"open","template":"","meta":{"_et_pb_use_builder":"","_et_pb_old_content":"","_et_gb_content_width":"","footnotes":""},"class_list":["post-2263","page","type-page","status-publish","hentry"],"_links":{"self":[{"href":"https:\/\/etab.ac-reunion.fr\/lyc-lepervanche\/wp-json\/wp\/v2\/pages\/2263","targetHints":{"allow":["GET"]}}],"collection":[{"href":"https:\/\/etab.ac-reunion.fr\/lyc-lepervanche\/wp-json\/wp\/v2\/pages"}],"about":[{"href":"https:\/\/etab.ac-reunion.fr\/lyc-lepervanche\/wp-json\/wp\/v2\/types\/page"}],"author":[{"embeddable":true,"href":"https:\/\/etab.ac-reunion.fr\/lyc-lepervanche\/wp-json\/wp\/v2\/users\/114"}],"replies":[{"embeddable":true,"href":"https:\/\/etab.ac-reunion.fr\/lyc-lepervanche\/wp-json\/wp\/v2\/comments?post=2263"}],"version-history":[{"count":18,"href":"https:\/\/etab.ac-reunion.fr\/lyc-lepervanche\/wp-json\/wp\/v2\/pages\/2263\/revisions"}],"predecessor-version":[{"id":11220,"href":"https:\/\/etab.ac-reunion.fr\/lyc-lepervanche\/wp-json\/wp\/v2\/pages\/2263\/revisions\/11220"}],"up":[{"embeddable":true,"href":"https:\/\/etab.ac-reunion.fr\/lyc-lepervanche\/wp-json\/wp\/v2\/pages\/2219"}],"wp:attachment":[{"href":"https:\/\/etab.ac-reunion.fr\/lyc-lepervanche\/wp-json\/wp\/v2\/media?parent=2263"}],"curies":[{"name":"wp","href":"https:\/\/api.w.org\/{rel}","templated":true}]}}