{"id":14264,"date":"2024-05-20T16:45:20","date_gmt":"2024-05-20T12:45:20","guid":{"rendered":"https:\/\/etab.ac-reunion.fr\/lyc-marie-curie\/?page_id=14264"},"modified":"2024-05-30T10:01:50","modified_gmt":"2024-05-30T06:01:50","slug":"pft","status":"publish","type":"page","link":"https:\/\/etab.ac-reunion.fr\/lyc-marie-curie\/page-daccueil-dvi-2-2\/pft\/","title":{"rendered":"PFT"},"content":{"rendered":"[et_pb_section fb_built=\u00a0\u00bb1&Prime; _builder_version=\u00a0\u00bb4.25.1&Prime; _module_preset=\u00a0\u00bbdefault\u00a0\u00bb global_colors_info=\u00a0\u00bb{}\u00a0\u00bb][et_pb_row column_structure=\u00a0\u00bb1_5,3_5,1_5&Prime; _builder_version=\u00a0\u00bb4.25.1&Prime; _module_preset=\u00a0\u00bbdefault\u00a0\u00bb global_colors_info=\u00a0\u00bb{}\u00a0\u00bb][et_pb_column type=\u00a0\u00bb1_5&Prime; _builder_version=\u00a0\u00bb4.25.1&Prime; _module_preset=\u00a0\u00bbdefault\u00a0\u00bb global_colors_info=\u00a0\u00bb{}\u00a0\u00bb][\/et_pb_column][et_pb_column type=\u00a0\u00bb3_5&Prime; _builder_version=\u00a0\u00bb4.25.1&Prime; _module_preset=\u00a0\u00bbdefault\u00a0\u00bb global_colors_info=\u00a0\u00bb{}\u00a0\u00bb][et_pb_image src=\u00a0\u00bbhttps:\/\/etab.ac-reunion.fr\/lyc-marie-curie\/wp-content\/uploads\/sites\/30\/2024\/05\/curie-it_final.png\u00a0\u00bb _builder_version=\u00a0\u00bb4.25.1&Prime; _module_preset=\u00a0\u00bbdefault\u00a0\u00bb global_colors_info=\u00a0\u00bb{}\u00a0\u00bb][\/et_pb_image][\/et_pb_column][et_pb_column type=\u00a0\u00bb1_5&Prime; _builder_version=\u00a0\u00bb4.25.1&Prime; _module_preset=\u00a0\u00bbdefault\u00a0\u00bb global_colors_info=\u00a0\u00bb{}\u00a0\u00bb][\/et_pb_column][\/et_pb_row][et_pb_row column_structure=\u00a0\u00bb1_5,3_5,1_5&Prime; _builder_version=\u00a0\u00bb4.25.1&Prime; _module_preset=\u00a0\u00bbdefault\u00a0\u00bb global_colors_info=\u00a0\u00bb{}\u00a0\u00bb][et_pb_column type=\u00a0\u00bb1_5&Prime; _builder_version=\u00a0\u00bb4.25.1&Prime; _module_preset=\u00a0\u00bbdefault\u00a0\u00bb global_colors_info=\u00a0\u00bb{}\u00a0\u00bb][\/et_pb_column][et_pb_column type=\u00a0\u00bb3_5&Prime; _builder_version=\u00a0\u00bb4.25.1&Prime; _module_preset=\u00a0\u00bbdefault\u00a0\u00bb global_colors_info=\u00a0\u00bb{}\u00a0\u00bb][et_pb_text _builder_version=\u00a0\u00bb4.25.1&Prime; _module_preset=\u00a0\u00bbdefault\u00a0\u00bb background_color=\u00a0\u00bb#FFFFFF\u00a0\u00bb custom_padding=\u00a0\u00bb25px|50px|25px|50px|true|true\u00a0\u00bb border_radii=\u00a0\u00bbon|10px|10px|10px|10px\u00a0\u00bb border_width_all=\u00a0\u00bb2px\u00a0\u00bb box_shadow_style=\u00a0\u00bbpreset6&Prime; global_colors_info=\u00a0\u00bb{}\u00a0\u00bb]\n<h2><strong><u><span>Plateforme Technologique CURE-IT<\/span><\/u><\/strong><\/h2>\n<p><span>La Plateforme Technologique CURE-IT, bas\u00e9e au lyc\u00e9e polyvalent Marie Curie, est d\u00e9di\u00e9e au secteur de la sant\u00e9, du social et de la biotechnologie. Fond\u00e9e en d\u00e9cembre 2022, notre plateforme vise \u00e0 moderniser les entreprises (PME, startups ou associations) en leur fournissant une assistance technique et des \u00e9quipements. Notre objectif est de cr\u00e9er un lien entre les apprenants et le tissu \u00e9conomique, favorisant ainsi l&rsquo;insertion professionnelle.<\/span><\/p>\n[\/et_pb_text][et_pb_text _builder_version=\u00a0\u00bb4.25.1&Prime; _module_preset=\u00a0\u00bbdefault\u00a0\u00bb background_color=\u00a0\u00bb#FFFFFF\u00a0\u00bb custom_padding=\u00a0\u00bb25px|50px|25px|50px|true|true\u00a0\u00bb border_radii=\u00a0\u00bbon|10px|10px|10px|10px\u00a0\u00bb border_width_all=\u00a0\u00bb2px\u00a0\u00bb box_shadow_style=\u00a0\u00bbpreset6&Prime; global_colors_info=\u00a0\u00bb{}\u00a0\u00bb]\n<h2><strong><u><span>Services offerts :<\/span><\/u><\/strong><\/h2>\n<ul>\n<li><span>Assistance technique et mat\u00e9rielle pour les entreprises du secteur de la sant\u00e9, du social et de la biotechnologie.<\/span><\/li>\n<li><span>Accompagnement personnalis\u00e9 dans le d\u00e9veloppement de projets innovants.<\/span><\/li>\n<li><span>Formation sur les nouvelles technologies et pratiques en sant\u00e9, social et biotechnologie.<\/span><\/li>\n<li><span>Collaboration \u00e9troite avec les entreprises et institutions pour favoriser l&rsquo;innovation.<\/span><\/li>\n<\/ul>\n[\/et_pb_text][et_pb_text _builder_version=\u00a0\u00bb4.25.1&Prime; _module_preset=\u00a0\u00bbdefault\u00a0\u00bb background_color=\u00a0\u00bb#FFFFFF\u00a0\u00bb custom_padding=\u00a0\u00bb25px|50px|25px|50px|true|true\u00a0\u00bb border_radii=\u00a0\u00bbon|10px|10px|10px|10px\u00a0\u00bb border_width_all=\u00a0\u00bb2px\u00a0\u00bb box_shadow_style=\u00a0\u00bbpreset6&Prime; global_colors_info=\u00a0\u00bb{}\u00a0\u00bb]\n<h2><strong><u><span>Comment solliciter la PFT CURE-IT ?<\/span><\/u><\/strong><\/h2>\n<ol>\n<li><span> Exprimez-nous votre besoin.<\/span><\/li>\n<li><span> Nous consultons les comp\u00e9tences et les \u00e9quipements \u00e0 disposition.<\/span><\/li>\n<li><span> Nous vous proposons une solution adapt\u00e9e \u00e0 vos besoins.<\/span><\/li>\n<li>Apr\u00e8s accord par convention, la PFT CURE-IT r\u00e9pond \u00e0 votre demande en fournissant l&rsquo;assistance technique n\u00e9cessaire.<\/li>\n<\/ol>\n[\/et_pb_text][\/et_pb_column][et_pb_column type=\u00a0\u00bb1_5&Prime; _builder_version=\u00a0\u00bb4.25.1&Prime; _module_preset=\u00a0\u00bbdefault\u00a0\u00bb global_colors_info=\u00a0\u00bb{}\u00a0\u00bb][et_pb_toggle title=\u00a0\u00bbContact\u00a0\u00bb open_toggle_text_color=\u00a0\u00bb#ffffff\u00a0\u00bb open_toggle_background_color=\u00a0\u00bb#8a62ab\u00a0\u00bb closed_toggle_text_color=\u00a0\u00bb#ffffff\u00a0\u00bb closed_toggle_background_color=\u00a0\u00bb#8a62ab\u00a0\u00bb icon_color=\u00a0\u00bbrgba(255,255,255,0.5)\u00a0\u00bb open_icon_color=\u00a0\u00bbrgba(255,255,255,0.5)\u00a0\u00bb _builder_version=\u00a0\u00bb4.25.1&Prime; title_text_color=\u00a0\u00bb#ffffff\u00a0\u00bb title_font=\u00a0\u00bb|700|||||||\u00a0\u00bb title_text_align=\u00a0\u00bbcenter\u00a0\u00bb title_font_size=\u00a0\u00bb18px\u00a0\u00bb title_line_height=\u00a0\u00bb1.4em\u00a0\u00bb body_font=\u00a0\u00bb||||||||\u00a0\u00bb body_text_color=\u00a0\u00bb#ffffff\u00a0\u00bb body_line_height=\u00a0\u00bb2em\u00a0\u00bb background_color=\u00a0\u00bb#8a62ab\u00a0\u00bb custom_margin=\u00a0\u00bb||0px|\u00a0\u00bb custom_padding=\u00a0\u00bb10px||10px||true\u00a0\u00bb animation_style=\u00a0\u00bbzoom\u00a0\u00bb animation_intensity_zoom=\u00a0\u00bb10%\u00a0\u00bb hover_enabled=\u00a0\u00bb0&Prime; border_radii=\u00a0\u00bbon|10px|10px|10px|10px\u00a0\u00bb border_width_all=\u00a0\u00bb0px\u00a0\u00bb border_width_bottom=\u00a0\u00bb2px\u00a0\u00bb border_color_bottom=\u00a0\u00bbrgba(0,0,0,0.22)\u00a0\u00bb locked=\u00a0\u00bboff\u00a0\u00bb global_colors_info=\u00a0\u00bb{}\u00a0\u00bb sticky_enabled=\u00a0\u00bb0&Prime;]\n<p>Tel : 0262 94 46 46<\/p>\n<p>Mail : <span style=\"text-decoration: underline\"><a href=\"mailto:pft.cure-it.9741231v@ac-reunion.fr\"><span style=\"color: #ffffff;text-decoration: underline\">contacter la PFT par mail<\/span><\/a><\/span><\/p>\n[\/et_pb_toggle][\/et_pb_column][\/et_pb_row][\/et_pb_section]\n<!-- AddThis Advanced Settings generic via filter on the_content --><!-- AddThis Share Buttons generic via filter on the_content -->","protected":false},"excerpt":{"rendered":"<p>Plateforme Technologique CURE-IT La Plateforme Technologique CURE-IT, bas\u00e9e au lyc\u00e9e polyvalent Marie Curie, est d\u00e9di\u00e9e au secteur de la sant\u00e9, du social et de la biotechnologie. Fond\u00e9e en d\u00e9cembre 2022, [&hellip;]<\/p>\n<p><!-- AddThis Advanced Settings generic via filter on get_the_excerpt --><!-- AddThis Share Buttons generic via filter on get_the_excerpt --><\/p>\n","protected":false},"author":27912,"featured_media":0,"parent":7504,"menu_order":0,"comment_status":"closed","ping_status":"closed","template":"","meta":{"_et_pb_use_builder":"on","_et_pb_old_content":"","_et_gb_content_width":"","footnotes":"","_links_to":"","_links_to_target":""},"class_list":["post-14264","page","type-page","status-publish","hentry"],"_links":{"self":[{"href":"https:\/\/etab.ac-reunion.fr\/lyc-marie-curie\/wp-json\/wp\/v2\/pages\/14264","targetHints":{"allow":["GET"]}}],"collection":[{"href":"https:\/\/etab.ac-reunion.fr\/lyc-marie-curie\/wp-json\/wp\/v2\/pages"}],"about":[{"href":"https:\/\/etab.ac-reunion.fr\/lyc-marie-curie\/wp-json\/wp\/v2\/types\/page"}],"author":[{"embeddable":true,"href":"https:\/\/etab.ac-reunion.fr\/lyc-marie-curie\/wp-json\/wp\/v2\/users\/27912"}],"replies":[{"embeddable":true,"href":"https:\/\/etab.ac-reunion.fr\/lyc-marie-curie\/wp-json\/wp\/v2\/comments?post=14264"}],"version-history":[{"count":7,"href":"https:\/\/etab.ac-reunion.fr\/lyc-marie-curie\/wp-json\/wp\/v2\/pages\/14264\/revisions"}],"predecessor-version":[{"id":14427,"href":"https:\/\/etab.ac-reunion.fr\/lyc-marie-curie\/wp-json\/wp\/v2\/pages\/14264\/revisions\/14427"}],"up":[{"embeddable":true,"href":"https:\/\/etab.ac-reunion.fr\/lyc-marie-curie\/wp-json\/wp\/v2\/pages\/7504"}],"wp:attachment":[{"href":"https:\/\/etab.ac-reunion.fr\/lyc-marie-curie\/wp-json\/wp\/v2\/media?parent=14264"}],"curies":[{"name":"wp","href":"https:\/\/api.w.org\/{rel}","templated":true}]}}