{"id":14850,"date":"2024-11-13T21:28:14","date_gmt":"2024-11-13T17:28:14","guid":{"rendered":"https:\/\/etab.ac-reunion.fr\/lyc-marie-curie\/?page_id=14850"},"modified":"2024-11-21T09:57:49","modified_gmt":"2024-11-21T05:57:49","slug":"incendie","status":"publish","type":"page","link":"https:\/\/etab.ac-reunion.fr\/lyc-marie-curie\/page-daccueil-dvi-2-2\/securite-2\/incendie\/","title":{"rendered":"Incendie"},"content":{"rendered":"[et_pb_section fb_built=\u00a0\u00bb1&Prime; fullwidth=\u00a0\u00bbon\u00a0\u00bb admin_label=\u00a0\u00bbHero\u00a0\u00bb _builder_version=\u00a0\u00bb4.16&Prime; background_image=\u00a0\u00bbhttps:\/\/etab.ac-reunion.fr\/lyc-marie-curie\/wp-content\/uploads\/sites\/30\/2013\/10\/2613-Copier-e1398401374727.jpg\u00a0\u00bb background_size=\u00a0\u00bbinitial\u00a0\u00bb custom_padding=\u00a0\u00bb||151px|||\u00a0\u00bb global_colors_info=\u00a0\u00bb{}\u00a0\u00bb][\/et_pb_section][et_pb_section fb_built=\u00a0\u00bb1&Prime; _builder_version=\u00a0\u00bb4.27.2&Prime; _module_preset=\u00a0\u00bbdefault\u00a0\u00bb global_colors_info=\u00a0\u00bb{}\u00a0\u00bb][et_pb_row column_structure=\u00a0\u00bb1_4,3_4&Prime; _builder_version=\u00a0\u00bb4.27.2&Prime; _module_preset=\u00a0\u00bbdefault\u00a0\u00bb global_colors_info=\u00a0\u00bb{}\u00a0\u00bb][et_pb_column type=\u00a0\u00bb1_4&Prime; _builder_version=\u00a0\u00bb4.27.2&Prime; _module_preset=\u00a0\u00bbdefault\u00a0\u00bb global_colors_info=\u00a0\u00bb{}\u00a0\u00bb][et_pb_blurb title=\u00a0\u00bbS\u00e9curit\u00e9\u00a0\u00bb url=\u00a0\u00bbhttps:\/\/etab.ac-reunion.fr\/lyc-marie-curie\/page-daccueil-dvi-2-2\/securite-2\/\u00a0\u00bb _builder_version=\u00a0\u00bb4.27.3&Prime; _module_preset=\u00a0\u00bbdefault\u00a0\u00bb header_text_color=\u00a0\u00bb#000000&Prime; background_color=\u00a0\u00bb#ecef37&Prime; background_layout=\u00a0\u00bbdark\u00a0\u00bb custom_padding=\u00a0\u00bb14px|20px|14px|20px|false|false\u00a0\u00bb header_text_shadow_style=\u00a0\u00bbpreset3&Prime; border_radii=\u00a0\u00bbon|10px|10px|10px|10px\u00a0\u00bb global_colors_info=\u00a0\u00bb{}\u00a0\u00bb][\/et_pb_blurb][et_pb_blurb title=\u00a0\u00bbAccessibilit\u00e9 de l&rsquo;\u00e9tablissement\u00a0\u00bb url=\u00a0\u00bbhttps:\/\/etab.ac-reunion.fr\/lyc-marie-curie\/page-daccueil-dvi-2-2\/securite-2\/accessibilite-de-letablissement\/\u00a0\u00bb _builder_version=\u00a0\u00bb4.27.3&Prime; _module_preset=\u00a0\u00bbdefault\u00a0\u00bb header_text_color=\u00a0\u00bb#000000&Prime; background_color=\u00a0\u00bbrgba(239,239,88,0.45)\u00a0\u00bb background_layout=\u00a0\u00bbdark\u00a0\u00bb custom_margin=\u00a0\u00bb|||25px|false|false\u00a0\u00bb custom_padding=\u00a0\u00bb14px|20px|14px|20px|false|false\u00a0\u00bb header_text_shadow_style=\u00a0\u00bbpreset3&Prime; border_radii=\u00a0\u00bbon|10px|10px|10px|10px\u00a0\u00bb global_colors_info=\u00a0\u00bb{}\u00a0\u00bb][\/et_pb_blurb][et_pb_blurb title=\u00a0\u00bbAlarmes et s\u00e9curit\u00e9\u00a0\u00bb url=\u00a0\u00bbhttps:\/\/etab.ac-reunion.fr\/lyc-marie-curie\/page-daccueil-dvi-2-2\/securite-2\/alarmes-et-securite\/\u00a0\u00bb _builder_version=\u00a0\u00bb4.27.3&Prime; _module_preset=\u00a0\u00bbdefault\u00a0\u00bb header_text_color=\u00a0\u00bb#000000&Prime; background_color=\u00a0\u00bbrgba(239,239,88,0.45)\u00a0\u00bb background_layout=\u00a0\u00bbdark\u00a0\u00bb custom_margin=\u00a0\u00bb|||25px|false|false\u00a0\u00bb custom_padding=\u00a0\u00bb14px|20px|14px|20px|false|false\u00a0\u00bb header_text_shadow_style=\u00a0\u00bbpreset3&Prime; border_radii=\u00a0\u00bbon|10px|10px|10px|10px\u00a0\u00bb global_colors_info=\u00a0\u00bb{}\u00a0\u00bb][\/et_pb_blurb][et_pb_blurb title=\u00a0\u00bbIncendie\u00a0\u00bb url=\u00a0\u00bbhttps:\/\/etab.ac-reunion.fr\/lyc-marie-curie\/page-daccueil-dvi-2-2\/securite-2\/incendie\/\u00a0\u00bb _builder_version=\u00a0\u00bb4.27.3&Prime; _module_preset=\u00a0\u00bbdefault\u00a0\u00bb header_text_color=\u00a0\u00bb#000000&Prime; background_color=\u00a0\u00bbrgba(239,239,88,0.45)\u00a0\u00bb background_layout=\u00a0\u00bbdark\u00a0\u00bb custom_margin=\u00a0\u00bb|||25px|false|false\u00a0\u00bb custom_padding=\u00a0\u00bb14px|20px|14px|20px|false|false\u00a0\u00bb header_text_shadow_style=\u00a0\u00bbpreset3&Prime; border_radii=\u00a0\u00bbon|10px|10px|10px|10px\u00a0\u00bb global_colors_info=\u00a0\u00bb{}\u00a0\u00bb][\/et_pb_blurb][et_pb_blurb title=\u00a0\u00bbPPMS (Plan Particulier de Mise en S\u00fbret\u00e9)\u00a0\u00bb url=\u00a0\u00bbhttps:\/\/etab.ac-reunion.fr\/lyc-marie-curie\/page-daccueil-dvi-2-2\/securite-2\/ppms-plan-particulier-de-mise-en-surete\/\u00a0\u00bb _builder_version=\u00a0\u00bb4.27.3&Prime; _module_preset=\u00a0\u00bbdefault\u00a0\u00bb header_text_color=\u00a0\u00bb#000000&Prime; background_color=\u00a0\u00bbrgba(239,239,88,0.45)\u00a0\u00bb background_layout=\u00a0\u00bbdark\u00a0\u00bb custom_margin=\u00a0\u00bb|||25px|false|false\u00a0\u00bb custom_padding=\u00a0\u00bb14px|20px|14px|20px|false|false\u00a0\u00bb header_text_shadow_style=\u00a0\u00bbpreset3&Prime; border_radii=\u00a0\u00bbon|10px|10px|10px|10px\u00a0\u00bb global_colors_info=\u00a0\u00bb{}\u00a0\u00bb][\/et_pb_blurb][\/et_pb_column][et_pb_column type=\u00a0\u00bb3_4&Prime; _builder_version=\u00a0\u00bb4.27.2&Prime; _module_preset=\u00a0\u00bbdefault\u00a0\u00bb global_colors_info=\u00a0\u00bb{}\u00a0\u00bb][et_pb_text _builder_version=\u00a0\u00bb4.27.3&Prime; _module_preset=\u00a0\u00bbdefault\u00a0\u00bb background_color=\u00a0\u00bbrgba(239,239,88,0.45)\u00a0\u00bb custom_padding=\u00a0\u00bb25px|50px|25px|50px|true|true\u00a0\u00bb border_radii=\u00a0\u00bbon|10px|10px|10px|10px\u00a0\u00bb border_width_all=\u00a0\u00bb2px\u00a0\u00bb box_shadow_style=\u00a0\u00bbpreset6&Prime; global_colors_info=\u00a0\u00bb{}\u00a0\u00bb]\n<h2 style=\"text-align: center\"><span style=\"color: #ff0000\"><strong>INCENDIE<\/strong><\/span><\/h2>\n[\/et_pb_text][et_pb_text _builder_version=\u00a0\u00bb4.27.3&Prime; _module_preset=\u00a0\u00bbdefault\u00a0\u00bb background_color=\u00a0\u00bb#FFFFFF\u00a0\u00bb custom_padding=\u00a0\u00bb25px|50px|25px|50px|true|true\u00a0\u00bb border_radii=\u00a0\u00bbon|10px|10px|10px|10px\u00a0\u00bb border_width_all=\u00a0\u00bb2px\u00a0\u00bb box_shadow_style=\u00a0\u00bbpreset6&Prime; global_colors_info=\u00a0\u00bb{}\u00a0\u00bb]\n<p><span>La s\u00e9curit\u00e9 est l&rsquo;affaire de tous. En cas d\u2019incendie, il est essentiel de conna\u00eetre et d\u2019appliquer les bonnes pratiques pour garantir votre s\u00e9curit\u00e9 ainsi que celle des autres.<\/span><\/p>\n<p><span>Les signal\u00e9tiques d\u2019\u00e9vacuation, qui sont blanches et vertes conform\u00e9ment \u00e0 la r\u00e9glementation, assurent une visibilit\u00e9 optimale en situation d&rsquo;urgence.<\/span><\/p>\n<p><span>Prenez le temps de consulter les ressources suivantes afin de vous pr\u00e9parer efficacement.<\/span><span><\/span><span class=\"wpview-end\"><\/span><\/p>\n[\/et_pb_text][et_pb_text _builder_version=\u00a0\u00bb4.27.3&Prime; _module_preset=\u00a0\u00bbdefault\u00a0\u00bb background_color=\u00a0\u00bb#FFFFFF\u00a0\u00bb custom_padding=\u00a0\u00bb25px|50px|25px|50px|true|true\u00a0\u00bb hover_enabled=\u00a0\u00bb0&Prime; border_radii=\u00a0\u00bbon|10px|10px|10px|10px\u00a0\u00bb border_width_all=\u00a0\u00bb2px\u00a0\u00bb box_shadow_style=\u00a0\u00bbpreset6&Prime; global_colors_info=\u00a0\u00bb{}\u00a0\u00bb sticky_enabled=\u00a0\u00bb0&Prime;]\n<h3 style=\"text-align: center\"><span style=\"color: #ff0000\"><strong>PLANS D\u2019\u00c9VACUATION ET CONSIGNES<\/strong><\/span><span><strong><br \/><\/strong><\/span><\/h3>\n<p><span style=\"color: #000000\"><em>Le plan d&rsquo;\u00e9vacuation et les consignes en cas d\u2019incendies sont affich\u00e9s dans toutes les salles de l&rsquo;\u00e9tablissement, ils indiquent les consignes \u00e0 suivre en cas d&rsquo;incendie et les chemins vers les Points de Rassemblement (PR).<\/em><\/span><\/p>\n<p><span style=\"color: #000000\"><em>Il est essentiel de conna\u00eetre ces emplacements afin de pouvoir se diriger vers un autre PR si celui initialement pr\u00e9vu devient inaccessible.<\/em><\/span><\/p>\n<h3><strong><span style=\"color: #000000\"><em>Plan d\u2019\u00e9vacuation incendie du Lyc\u00e9e Polyvalent Marie CURIE<\/em><\/span><\/strong><\/h3>\n<p><span style=\"color: #000000\"><a href=\"https:\/\/etab.ac-reunion.fr\/lyc-marie-curie\/wp-content\/uploads\/sites\/30\/2024\/11\/3.Plan-evacuation-incendie-Externat-PR123.pdf\" class=\"pdfemb-viewer\" style=\"\" data-width=\"max\" data-height=\"max\" data-toolbar=\"bottom\" data-toolbar-fixed=\"off\">3.Plan-evacuation-incendie-Externat-PR123<\/a><\/span><\/p>\n<p><a href=\"https:\/\/etab.ac-reunion.fr\/lyc-marie-curie\/wp-content\/uploads\/sites\/30\/2024\/11\/3.Plan-evacuation-incendie-Externat-PR123.pdf\" target=\"_blank\" rel=\"noopener\"><strong>T\u00e9l\u00e9charger le document ici<\/strong><\/a><\/p>\n<h3><em><\/em><\/h3>\n<h3><em><strong>Consignes en cas d\u2019incendie<\/strong><\/em><\/h3>\n<p><span style=\"color: #000000\"><a href=\"https:\/\/etab.ac-reunion.fr\/lyc-marie-curie\/wp-content\/uploads\/sites\/30\/2024\/11\/4.SECURTIE-\u2013-consignes-en-cas-dincendie.pdf\" class=\"pdfemb-viewer\" style=\"\" data-width=\"max\" data-height=\"max\" data-toolbar=\"bottom\" data-toolbar-fixed=\"off\">4.SECURTIE-\u2013-consignes-en-cas-dincendie<\/a><\/span><\/p>\n[\/et_pb_text][et_pb_text _builder_version=\u00a0\u00bb4.27.3&Prime; _module_preset=\u00a0\u00bbdefault\u00a0\u00bb background_color=\u00a0\u00bb#FFFFFF\u00a0\u00bb custom_padding=\u00a0\u00bb25px|50px|25px|50px|true|true\u00a0\u00bb border_radii=\u00a0\u00bbon|10px|10px|10px|10px\u00a0\u00bb border_width_all=\u00a0\u00bb2px\u00a0\u00bb box_shadow_style=\u00a0\u00bbpreset6&Prime; global_colors_info=\u00a0\u00bb{}\u00a0\u00bb]\n<h3 style=\"text-align: center\"><span><strong><span style=\"color: #ff0000\">CAS PARTICULIER DE L&rsquo;INTERNAT<\/span><br \/><\/strong><\/span><\/h3>\n<p><span style=\"color: #000000\"><em>L&rsquo;internat du lyc\u00e9e dispose de consigne et d\u2019un plan d\u2019\u00e9vacuation sp\u00e9cifique, indiqu\u00e9 sur les documents ci-dessous\u00a0:<\/em><\/span><\/p>\n<h3><strong><span style=\"color: #000000\"><em>Plan d\u2019\u00e9vacuation incendie de l\u2019Internat du Lyc\u00e9e Polyvalent Marie CURIE<\/em><\/span><\/strong><\/h3>\n<p><span style=\"color: #000000\"><a href=\"https:\/\/etab.ac-reunion.fr\/lyc-marie-curie\/wp-content\/uploads\/sites\/30\/2024\/11\/5.Plan-evacuation-incendie-Internat-PR4.pdf\" class=\"pdfemb-viewer\" style=\"\" data-width=\"max\" data-height=\"max\" data-toolbar=\"bottom\" data-toolbar-fixed=\"off\">5.Plan-evacuation-incendie-Internat-PR4<\/a><\/span><\/p>\n<p>&nbsp;<\/p>\n<p><a href=\"https:\/\/etab.ac-reunion.fr\/lyc-marie-curie\/wp-content\/uploads\/sites\/30\/2024\/11\/5.Plan-evacuation-incendie-Internat-PR4.pdf\" target=\"_blank\" rel=\"noopener\"><strong>T\u00e9l\u00e9charger le document ici<\/strong><\/a><\/p>\n<p><strong><\/strong><\/p>\n<h3><strong><em>Les consignes pour l\u2019internat en cas d\u2019incendie<\/em><\/strong><\/h3>\n<p><em>Document bient\u00f4t disponible<br \/><\/em><\/p>\n[\/et_pb_text][et_pb_text _builder_version=\u00a0\u00bb4.27.3&Prime; _module_preset=\u00a0\u00bbdefault\u00a0\u00bb background_color=\u00a0\u00bb#FFFFFF\u00a0\u00bb custom_padding=\u00a0\u00bb25px|50px|25px|50px|true|true\u00a0\u00bb hover_enabled=\u00a0\u00bb0&Prime; border_radii=\u00a0\u00bbon|10px|10px|10px|10px\u00a0\u00bb border_width_all=\u00a0\u00bb2px\u00a0\u00bb box_shadow_style=\u00a0\u00bbpreset6&Prime; global_colors_info=\u00a0\u00bb{}\u00a0\u00bb sticky_enabled=\u00a0\u00bb0&Prime;]\n<h3 style=\"text-align: center\"><strong><span style=\"color: #ff0000\">CONSIGNE SP\u00c9CIALE<\/span> <\/strong><\/h3>\n<p><em>Fiche d&rsquo;aide d\u00e9crivant les informations cl\u00e9s \u00e0 transmettre lors d&rsquo;un appel aux secours :<br \/><\/em><\/p>\n<p>&nbsp;<\/p>\n<p><span style=\"color: #000000\"><a href=\"https:\/\/etab.ac-reunion.fr\/lyc-marie-curie\/wp-content\/uploads\/sites\/30\/2024\/11\/7.Appel-aux-pompier.pdf\" class=\"pdfemb-viewer\" style=\"\" data-width=\"max\" data-height=\"max\" data-toolbar=\"bottom\" data-toolbar-fixed=\"off\">7.Appel-aux-pompier<\/a><\/span><a href=\"https:\/\/etab.ac-reunion.fr\/lyc-marie-curie\/wp-content\/uploads\/sites\/30\/2024\/11\/7.Appel-aux-pompier.pdf\" target=\"_blank\" rel=\"noopener\"><strong><\/strong><\/a><\/p>\n[\/et_pb_text][et_pb_text _builder_version=\u00a0\u00bb4.27.3&Prime; _module_preset=\u00a0\u00bbdefault\u00a0\u00bb background_color=\u00a0\u00bb#FFFFFF\u00a0\u00bb custom_padding=\u00a0\u00bb25px|50px|25px|50px|true|true\u00a0\u00bb border_radii=\u00a0\u00bbon|10px|10px|10px|10px\u00a0\u00bb border_width_all=\u00a0\u00bb2px\u00a0\u00bb box_shadow_style=\u00a0\u00bbpreset6&Prime; global_colors_info=\u00a0\u00bb{}\u00a0\u00bb]\n<h3 style=\"text-align: center\"><span style=\"color: #ff0000\"><strong>VID\u00c9O D&rsquo;\u00c9VACUATION<\/strong><\/span><\/h3>\n<p>D\u00e9couvrez la vid\u00e9o de pr\u00e9vention de l\u2019Acad\u00e9mie de La R\u00e9union, qui vous guide \u00e0 travers les \u00e9tapes cl\u00e9s pour effectuer une \u00e9vacuation rapide et en toute s\u00e9curit\u00e9 en cas d\u2019incendie.<\/p>\n[\/et_pb_text][\/et_pb_column][\/et_pb_row][et_pb_row column_structure=\u00a0\u00bb1_4,3_4&Prime; _builder_version=\u00a0\u00bb4.27.2&Prime; _module_preset=\u00a0\u00bbdefault\u00a0\u00bb global_colors_info=\u00a0\u00bb{}\u00a0\u00bb][et_pb_column type=\u00a0\u00bb1_4&Prime; _builder_version=\u00a0\u00bb4.27.2&Prime; _module_preset=\u00a0\u00bbdefault\u00a0\u00bb global_colors_info=\u00a0\u00bb{}\u00a0\u00bb][\/et_pb_column][et_pb_column type=\u00a0\u00bb3_4&Prime; _builder_version=\u00a0\u00bb4.27.2&Prime; _module_preset=\u00a0\u00bbdefault\u00a0\u00bb global_colors_info=\u00a0\u00bb{}\u00a0\u00bb][et_pb_video src=\u00a0\u00bbhttps:\/\/podeduc.apps.education.fr\/media\/videos\/ef41aabfcff23a7ea297c994cbf31884da0925d56be577f8064074690474e745\/67776\/360p.mp4&Prime; _builder_version=\u00a0\u00bb4.27.2&Prime; _module_preset=\u00a0\u00bbdefault\u00a0\u00bb global_colors_info=\u00a0\u00bb{}\u00a0\u00bb][\/et_pb_video][\/et_pb_column][\/et_pb_row][et_pb_row column_structure=\u00a0\u00bb1_4,3_4&Prime; _builder_version=\u00a0\u00bb4.27.2&Prime; _module_preset=\u00a0\u00bbdefault\u00a0\u00bb global_colors_info=\u00a0\u00bb{}\u00a0\u00bb][et_pb_column type=\u00a0\u00bb1_4&Prime; _builder_version=\u00a0\u00bb4.27.2&Prime; _module_preset=\u00a0\u00bbdefault\u00a0\u00bb global_colors_info=\u00a0\u00bb{}\u00a0\u00bb][\/et_pb_column][et_pb_column type=\u00a0\u00bb3_4&Prime; _builder_version=\u00a0\u00bb4.27.2&Prime; _module_preset=\u00a0\u00bbdefault\u00a0\u00bb global_colors_info=\u00a0\u00bb{}\u00a0\u00bb][et_pb_text _builder_version=\u00a0\u00bb4.27.3&Prime; _module_preset=\u00a0\u00bbdefault\u00a0\u00bb background_color=\u00a0\u00bb#FFFFFF\u00a0\u00bb custom_padding=\u00a0\u00bb25px|50px|25px|50px|true|true\u00a0\u00bb border_radii=\u00a0\u00bbon|10px|10px|10px|10px\u00a0\u00bb border_width_all=\u00a0\u00bb2px\u00a0\u00bb box_shadow_style=\u00a0\u00bbpreset6&Prime; global_colors_info=\u00a0\u00bb{}\u00a0\u00bb]\n<h3 style=\"text-align: center\"><span style=\"color: #ff0000\"><strong>VID\u00c9OS D&rsquo;ILLUSTRATION<\/strong><\/span><\/h3>\n<p><span>Quelques vid\u00e9os sur : la rapidit\u00e9 avec laquelle une incendie peut se propager,\u00a0 comment des objets du quotidien peuvent\u00a0 en devenir la cause et pourquoi lors d\u2019un incendie il peut \u00eatre dangereux d&rsquo;ouvrir une porte sans v\u00e9rifier sa temp\u00e9rature.<\/span><\/p>\n<ol>\n<li><strong><span>D\u00e9part de feu de batterie\u00a0<\/span><\/strong><\/li>\n<li><strong><span>Guirlande de No\u00ebl en feu<\/span><\/strong><em><br \/><\/em><\/li>\n<li><strong><span>Pourquoi ne pas ouvrir une porte<\/span><\/strong><span> <strong>lors d\u2019un incendie<\/strong><\/span><span><\/span><\/li>\n<\/ol>\n[\/et_pb_text][\/et_pb_column][\/et_pb_row][et_pb_row column_structure=\u00a0\u00bb1_4,3_4&Prime; _builder_version=\u00a0\u00bb4.27.2&Prime; _module_preset=\u00a0\u00bbdefault\u00a0\u00bb global_colors_info=\u00a0\u00bb{}\u00a0\u00bb][et_pb_column type=\u00a0\u00bb1_4&Prime; _builder_version=\u00a0\u00bb4.27.2&Prime; _module_preset=\u00a0\u00bbdefault\u00a0\u00bb global_colors_info=\u00a0\u00bb{}\u00a0\u00bb][\/et_pb_column][et_pb_column type=\u00a0\u00bb3_4&Prime; _builder_version=\u00a0\u00bb4.27.2&Prime; _module_preset=\u00a0\u00bbdefault\u00a0\u00bb global_colors_info=\u00a0\u00bb{}\u00a0\u00bb][et_pb_video src=\u00a0\u00bbhttps:\/\/podeduc.apps.education.fr\/media\/videos\/ef41aabfcff23a7ea297c994cbf31884da0925d56be577f8064074690474e745\/67778\/360p.mp4&Prime; _builder_version=\u00a0\u00bb4.27.2&Prime; _module_preset=\u00a0\u00bbdefault\u00a0\u00bb global_colors_info=\u00a0\u00bb{}\u00a0\u00bb][\/et_pb_video][et_pb_video src=\u00a0\u00bbhttps:\/\/podeduc.apps.education.fr\/media\/videos\/ef41aabfcff23a7ea297c994cbf31884da0925d56be577f8064074690474e745\/67779\/360p.mp4&Prime; _builder_version=\u00a0\u00bb4.27.2&Prime; _module_preset=\u00a0\u00bbdefault\u00a0\u00bb global_colors_info=\u00a0\u00bb{}\u00a0\u00bb][\/et_pb_video][et_pb_video src=\u00a0\u00bbhttps:\/\/podeduc.apps.education.fr\/media\/videos\/ef41aabfcff23a7ea297c994cbf31884da0925d56be577f8064074690474e745\/67780\/360p.mp4&Prime; _builder_version=\u00a0\u00bb4.27.2&Prime; _module_preset=\u00a0\u00bbdefault\u00a0\u00bb global_colors_info=\u00a0\u00bb{}\u00a0\u00bb][\/et_pb_video][\/et_pb_column][\/et_pb_row][et_pb_row column_structure=\u00a0\u00bb1_4,3_4&Prime; _builder_version=\u00a0\u00bb4.27.2&Prime; _module_preset=\u00a0\u00bbdefault\u00a0\u00bb global_colors_info=\u00a0\u00bb{}\u00a0\u00bb][et_pb_column type=\u00a0\u00bb1_4&Prime; _builder_version=\u00a0\u00bb4.27.2&Prime; _module_preset=\u00a0\u00bbdefault\u00a0\u00bb global_colors_info=\u00a0\u00bb{}\u00a0\u00bb][\/et_pb_column][et_pb_column type=\u00a0\u00bb3_4&Prime; _builder_version=\u00a0\u00bb4.27.3&Prime; _module_preset=\u00a0\u00bbdefault\u00a0\u00bb global_colors_info=\u00a0\u00bb{}\u00a0\u00bb][et_pb_text _builder_version=\u00a0\u00bb4.27.3&Prime; _module_preset=\u00a0\u00bbdefault\u00a0\u00bb background_color=\u00a0\u00bb#FFFFFF\u00a0\u00bb custom_padding=\u00a0\u00bb25px|50px|25px|50px|true|true\u00a0\u00bb border_radii=\u00a0\u00bbon|10px|10px|10px|10px\u00a0\u00bb border_width_all=\u00a0\u00bb2px\u00a0\u00bb box_shadow_style=\u00a0\u00bbpreset6&Prime; global_colors_info=\u00a0\u00bb{}\u00a0\u00bb]\n<ul><\/ul>\n<h3 style=\"text-align: center\"><span style=\"color: #ff0000\"><strong>CONSIGNES PMR<\/strong><\/span><\/h3>\n<p>D\u00e9couvrez la signal\u00e9tique et les consignes sp\u00e9cifiques aux personnes \u00e0 mobilit\u00e9 r\u00e9duite. Des zones de mise en s\u00e9curit\u00e9 sont \u00e9galement pr\u00e9vues pour les personnes ne pouvant \u00e9vacu\u00e9 seules.<\/p>\n<p>Ces espaces d&rsquo;attente s\u00e9curis\u00e9s assurent leur s\u00e9curit\u00e9 en attendant l&rsquo;arriv\u00e9e des secours :<\/p>\n<p>&nbsp;<\/p>\n<h3><strong><em>Consignes de s\u00e9curit\u00e9 pour les PMR<\/em><\/strong><\/h3>\n<p><span style=\"color: #000000\"><a href=\"https:\/\/etab.ac-reunion.fr\/lyc-marie-curie\/wp-content\/uploads\/sites\/30\/2024\/11\/12.Consignes-de-securite-externat-pmr.pdf\" class=\"pdfemb-viewer\" style=\"\" data-width=\"max\" data-height=\"max\" data-toolbar=\"bottom\" data-toolbar-fixed=\"off\">12.Consignes-de-securite-externat-pmr<\/a><\/span><\/p>\n<p>&nbsp;<\/p>\n<h3><strong><em>Fl\u00e9chages vers la zone d\u2019attente s\u00e9curis\u00e9<\/em><\/strong><\/h3>\n<p><span style=\"color: #000000\"><a href=\"https:\/\/etab.ac-reunion.fr\/lyc-marie-curie\/wp-content\/uploads\/sites\/30\/2024\/11\/13.Fleche-EAS.pdf\" class=\"pdfemb-viewer\" style=\"\" data-width=\"max\" data-height=\"max\" data-toolbar=\"bottom\" data-toolbar-fixed=\"off\">13.Fleche-EAS<\/a><\/span><a href=\"https:\/\/etab.ac-reunion.fr\/lyc-marie-curie\/wp-content\/uploads\/sites\/30\/2024\/11\/13.Fleche-EAS.pdf\" target=\"_blank\" rel=\"noopener\"><strong><\/strong><\/a><\/p>\n<p><strong><\/strong><\/p>\n<h3><strong><em>Affiche de zone d\u2019espace d\u2019attente s\u00e9curis\u00e9<\/em><\/strong><\/h3>\n<p><span style=\"color: #000000\"><a href=\"https:\/\/etab.ac-reunion.fr\/lyc-marie-curie\/wp-content\/uploads\/sites\/30\/2024\/11\/14.Espace-attente-securise.pdf\" class=\"pdfemb-viewer\" style=\"\" data-width=\"max\" data-height=\"max\" data-toolbar=\"bottom\" data-toolbar-fixed=\"off\">14.Espace-attente-securise<\/a><\/span><\/p>\n<p><strong><\/strong><\/p>\n<h3><strong><em>Consignes des espaces attente s\u00e9curis\u00e9s<\/em><\/strong><\/h3>\n<p><span style=\"color: #000000\"><a href=\"https:\/\/etab.ac-reunion.fr\/lyc-marie-curie\/wp-content\/uploads\/sites\/30\/2024\/11\/15.Consignes-espaces-attente-securise.pdf\" class=\"pdfemb-viewer\" style=\"\" data-width=\"max\" data-height=\"max\" data-toolbar=\"bottom\" data-toolbar-fixed=\"off\">15.Consignes-espaces-attente-securise<\/a><\/span><\/p>\n[\/et_pb_text][et_pb_text _builder_version=\u00a0\u00bb4.27.2&Prime; _module_preset=\u00a0\u00bbdefault\u00a0\u00bb background_color=\u00a0\u00bb#FFFFFF\u00a0\u00bb custom_padding=\u00a0\u00bb25px|50px|25px|50px|true|true\u00a0\u00bb border_radii=\u00a0\u00bbon|10px|10px|10px|10px\u00a0\u00bb border_width_all=\u00a0\u00bb2px\u00a0\u00bb box_shadow_style=\u00a0\u00bbpreset6&Prime; global_colors_info=\u00a0\u00bb{}\u00a0\u00bb]\n<p><span>Ces ressources vous aideront \u00e0 comprendre l\u2019importance de la pr\u00e9vention et de la r\u00e9activit\u00e9 en cas d\u2019incendie.<\/span><\/p>\n[\/et_pb_text][\/et_pb_column][\/et_pb_row][\/et_pb_section]\n<!-- AddThis Advanced Settings generic via filter on the_content --><!-- AddThis Share Buttons generic via filter on the_content -->","protected":false},"excerpt":{"rendered":"<p>INCENDIELa s\u00e9curit\u00e9 est l&rsquo;affaire de tous. En cas d\u2019incendie, il est essentiel de conna\u00eetre et d\u2019appliquer les bonnes pratiques pour garantir votre s\u00e9curit\u00e9 ainsi que celle des autres. Les signal\u00e9tiques [&hellip;]<\/p>\n<p><!-- AddThis Advanced Settings generic via filter on get_the_excerpt --><!-- AddThis Share Buttons generic via filter on get_the_excerpt --><\/p>\n","protected":false},"author":27912,"featured_media":0,"parent":14764,"menu_order":0,"comment_status":"closed","ping_status":"closed","template":"","meta":{"_et_pb_use_builder":"on","_et_pb_old_content":"","_et_gb_content_width":"","footnotes":"","_links_to":"","_links_to_target":""},"class_list":["post-14850","page","type-page","status-publish","hentry"],"_links":{"self":[{"href":"https:\/\/etab.ac-reunion.fr\/lyc-marie-curie\/wp-json\/wp\/v2\/pages\/14850","targetHints":{"allow":["GET"]}}],"collection":[{"href":"https:\/\/etab.ac-reunion.fr\/lyc-marie-curie\/wp-json\/wp\/v2\/pages"}],"about":[{"href":"https:\/\/etab.ac-reunion.fr\/lyc-marie-curie\/wp-json\/wp\/v2\/types\/page"}],"author":[{"embeddable":true,"href":"https:\/\/etab.ac-reunion.fr\/lyc-marie-curie\/wp-json\/wp\/v2\/users\/27912"}],"replies":[{"embeddable":true,"href":"https:\/\/etab.ac-reunion.fr\/lyc-marie-curie\/wp-json\/wp\/v2\/comments?post=14850"}],"version-history":[{"count":9,"href":"https:\/\/etab.ac-reunion.fr\/lyc-marie-curie\/wp-json\/wp\/v2\/pages\/14850\/revisions"}],"predecessor-version":[{"id":15029,"href":"https:\/\/etab.ac-reunion.fr\/lyc-marie-curie\/wp-json\/wp\/v2\/pages\/14850\/revisions\/15029"}],"up":[{"embeddable":true,"href":"https:\/\/etab.ac-reunion.fr\/lyc-marie-curie\/wp-json\/wp\/v2\/pages\/14764"}],"wp:attachment":[{"href":"https:\/\/etab.ac-reunion.fr\/lyc-marie-curie\/wp-json\/wp\/v2\/media?parent=14850"}],"curies":[{"name":"wp","href":"https:\/\/api.w.org\/{rel}","templated":true}]}}