{"id":14862,"date":"2024-11-13T21:30:02","date_gmt":"2024-11-13T17:30:02","guid":{"rendered":"https:\/\/etab.ac-reunion.fr\/lyc-marie-curie\/?page_id=14862"},"modified":"2024-11-21T10:00:22","modified_gmt":"2024-11-21T06:00:22","slug":"ppms-plan-particulier-de-mise-en-surete","status":"publish","type":"page","link":"https:\/\/etab.ac-reunion.fr\/lyc-marie-curie\/page-daccueil-dvi-2-2\/securite-2\/ppms-plan-particulier-de-mise-en-surete\/","title":{"rendered":"PPMS (Plan Particulier de Mise en S\u00fbret\u00e9)"},"content":{"rendered":"[et_pb_section fb_built=\u00a0\u00bb1&Prime; fullwidth=\u00a0\u00bbon\u00a0\u00bb admin_label=\u00a0\u00bbHero\u00a0\u00bb _builder_version=\u00a0\u00bb4.16&Prime; background_image=\u00a0\u00bbhttps:\/\/etab.ac-reunion.fr\/lyc-marie-curie\/wp-content\/uploads\/sites\/30\/2013\/10\/2613-Copier-e1398401374727.jpg\u00a0\u00bb background_size=\u00a0\u00bbinitial\u00a0\u00bb custom_padding=\u00a0\u00bb||151px|||\u00a0\u00bb global_colors_info=\u00a0\u00bb{}\u00a0\u00bb][\/et_pb_section][et_pb_section fb_built=\u00a0\u00bb1&Prime; _builder_version=\u00a0\u00bb4.27.2&Prime; _module_preset=\u00a0\u00bbdefault\u00a0\u00bb global_colors_info=\u00a0\u00bb{}\u00a0\u00bb][et_pb_row column_structure=\u00a0\u00bb1_4,3_4&Prime; _builder_version=\u00a0\u00bb4.27.2&Prime; _module_preset=\u00a0\u00bbdefault\u00a0\u00bb global_colors_info=\u00a0\u00bb{}\u00a0\u00bb][et_pb_column type=\u00a0\u00bb1_4&Prime; _builder_version=\u00a0\u00bb4.27.3&Prime; _module_preset=\u00a0\u00bbdefault\u00a0\u00bb global_colors_info=\u00a0\u00bb{}\u00a0\u00bb][et_pb_blurb title=\u00a0\u00bbS\u00e9curit\u00e9\u00a0\u00bb url=\u00a0\u00bbhttps:\/\/etab.ac-reunion.fr\/lyc-marie-curie\/page-daccueil-dvi-2-2\/securite-2\/\u00a0\u00bb _builder_version=\u00a0\u00bb4.27.3&Prime; _module_preset=\u00a0\u00bbdefault\u00a0\u00bb header_text_color=\u00a0\u00bb#000000&Prime; background_color=\u00a0\u00bb#ecef37&Prime; background_layout=\u00a0\u00bbdark\u00a0\u00bb custom_padding=\u00a0\u00bb14px|20px|14px|20px|false|false\u00a0\u00bb header_text_shadow_style=\u00a0\u00bbpreset3&Prime; border_radii=\u00a0\u00bbon|10px|10px|10px|10px\u00a0\u00bb global_colors_info=\u00a0\u00bb{}\u00a0\u00bb][\/et_pb_blurb][et_pb_blurb title=\u00a0\u00bbAccessibilit\u00e9 de l&rsquo;\u00e9tablissement\u00a0\u00bb url=\u00a0\u00bbhttps:\/\/etab.ac-reunion.fr\/lyc-marie-curie\/page-daccueil-dvi-2-2\/securite-2\/accessibilite-de-letablissement\/\u00a0\u00bb _builder_version=\u00a0\u00bb4.27.3&Prime; _module_preset=\u00a0\u00bbdefault\u00a0\u00bb header_text_color=\u00a0\u00bb#000000&Prime; background_color=\u00a0\u00bbrgba(239,239,88,0.45)\u00a0\u00bb background_layout=\u00a0\u00bbdark\u00a0\u00bb custom_margin=\u00a0\u00bb|||25px|false|false\u00a0\u00bb custom_padding=\u00a0\u00bb14px|20px|14px|20px|false|false\u00a0\u00bb header_text_shadow_style=\u00a0\u00bbpreset3&Prime; border_radii=\u00a0\u00bbon|10px|10px|10px|10px\u00a0\u00bb global_colors_info=\u00a0\u00bb{}\u00a0\u00bb][\/et_pb_blurb][et_pb_blurb title=\u00a0\u00bbAlarmes et s\u00e9curit\u00e9\u00a0\u00bb url=\u00a0\u00bbhttps:\/\/etab.ac-reunion.fr\/lyc-marie-curie\/page-daccueil-dvi-2-2\/securite-2\/alarmes-et-securite\/\u00a0\u00bb _builder_version=\u00a0\u00bb4.27.3&Prime; _module_preset=\u00a0\u00bbdefault\u00a0\u00bb header_text_color=\u00a0\u00bb#000000&Prime; background_color=\u00a0\u00bbrgba(239,239,88,0.45)\u00a0\u00bb background_layout=\u00a0\u00bbdark\u00a0\u00bb custom_margin=\u00a0\u00bb|||25px|false|false\u00a0\u00bb custom_padding=\u00a0\u00bb14px|20px|14px|20px|false|false\u00a0\u00bb header_text_shadow_style=\u00a0\u00bbpreset3&Prime; border_radii=\u00a0\u00bbon|10px|10px|10px|10px\u00a0\u00bb global_colors_info=\u00a0\u00bb{}\u00a0\u00bb][\/et_pb_blurb][et_pb_blurb title=\u00a0\u00bbIncendie\u00a0\u00bb url=\u00a0\u00bbhttps:\/\/etab.ac-reunion.fr\/lyc-marie-curie\/page-daccueil-dvi-2-2\/securite-2\/incendie\/\u00a0\u00bb _builder_version=\u00a0\u00bb4.27.3&Prime; _module_preset=\u00a0\u00bbdefault\u00a0\u00bb header_text_color=\u00a0\u00bb#000000&Prime; background_color=\u00a0\u00bbrgba(239,239,88,0.45)\u00a0\u00bb background_layout=\u00a0\u00bbdark\u00a0\u00bb custom_margin=\u00a0\u00bb|||25px|false|false\u00a0\u00bb custom_padding=\u00a0\u00bb14px|20px|14px|20px|false|false\u00a0\u00bb header_text_shadow_style=\u00a0\u00bbpreset3&Prime; border_radii=\u00a0\u00bbon|10px|10px|10px|10px\u00a0\u00bb global_colors_info=\u00a0\u00bb{}\u00a0\u00bb][\/et_pb_blurb][et_pb_blurb title=\u00a0\u00bbPPMS (Plan Particulier de Mise en S\u00fbret\u00e9)\u00a0\u00bb url=\u00a0\u00bbhttps:\/\/etab.ac-reunion.fr\/lyc-marie-curie\/page-daccueil-dvi-2-2\/securite-2\/ppms-plan-particulier-de-mise-en-surete\/\u00a0\u00bb _builder_version=\u00a0\u00bb4.27.3&Prime; _module_preset=\u00a0\u00bbdefault\u00a0\u00bb header_text_color=\u00a0\u00bb#000000&Prime; background_color=\u00a0\u00bbrgba(239,239,88,0.45)\u00a0\u00bb background_layout=\u00a0\u00bbdark\u00a0\u00bb custom_margin=\u00a0\u00bb|||25px|false|false\u00a0\u00bb custom_padding=\u00a0\u00bb14px|20px|14px|20px|false|false\u00a0\u00bb header_text_shadow_style=\u00a0\u00bbpreset3&Prime; border_radii=\u00a0\u00bbon|10px|10px|10px|10px\u00a0\u00bb global_colors_info=\u00a0\u00bb{}\u00a0\u00bb][\/et_pb_blurb][\/et_pb_column][et_pb_column type=\u00a0\u00bb3_4&Prime; _builder_version=\u00a0\u00bb4.27.2&Prime; _module_preset=\u00a0\u00bbdefault\u00a0\u00bb global_colors_info=\u00a0\u00bb{}\u00a0\u00bb][et_pb_text _builder_version=\u00a0\u00bb4.27.3&Prime; _module_preset=\u00a0\u00bbdefault\u00a0\u00bb background_color=\u00a0\u00bbrgba(239,239,88,0.45)\u00a0\u00bb custom_padding=\u00a0\u00bb25px|50px|25px|50px|true|true\u00a0\u00bb border_radii=\u00a0\u00bbon|10px|10px|10px|10px\u00a0\u00bb border_width_all=\u00a0\u00bb2px\u00a0\u00bb box_shadow_style=\u00a0\u00bbpreset6&Prime; global_colors_info=\u00a0\u00bb{}\u00a0\u00bb]\n<h2 style=\"text-align: center\"><strong><span style=\"color: #800080\">PPMS (Plan Particulier de Mise en S\u00fbret\u00e9)<\/span>\u00a0<\/strong><span><\/span><span><\/span><span class=\"wpview-end\"><\/span><\/h2>\n[\/et_pb_text][et_pb_text _builder_version=\u00a0\u00bb4.27.3&Prime; _module_preset=\u00a0\u00bbdefault\u00a0\u00bb background_color=\u00a0\u00bb#FFFFFF\u00a0\u00bb custom_padding=\u00a0\u00bb25px|50px|25px|50px|true|true\u00a0\u00bb border_radii=\u00a0\u00bbon|10px|10px|10px|10px\u00a0\u00bb border_width_all=\u00a0\u00bb2px\u00a0\u00bb box_shadow_style=\u00a0\u00bbpreset6&Prime; global_colors_info=\u00a0\u00bb{}\u00a0\u00bb]\n<p><span>Le PPMS est un dispositif essentiel pour garantir la s\u00e9curit\u00e9 de tous en cas de crise.<\/span><\/p>\n<p><span>Deux sonneries y sont pr\u00e9sentes, \u00a0l\u2019une pour l\u2019attentat-intrusion et la seconde pour toutes les autres alarmes PPMS (sonneries que vous pouvez\u00a0 \u00e9couter dans l\u2019onglet \u00ab Alarmes \u00bb). <\/span><\/p>\n[\/et_pb_text][et_pb_text _builder_version=\u00a0\u00bb4.27.3&Prime; _module_preset=\u00a0\u00bbdefault\u00a0\u00bb background_color=\u00a0\u00bb#FFFFFF\u00a0\u00bb custom_padding=\u00a0\u00bb25px|50px|25px|50px|true|true\u00a0\u00bb hover_enabled=\u00a0\u00bb0&Prime; border_radii=\u00a0\u00bbon|10px|10px|10px|10px\u00a0\u00bb border_width_all=\u00a0\u00bb2px\u00a0\u00bb box_shadow_style=\u00a0\u00bbpreset6&Prime; global_colors_info=\u00a0\u00bb{}\u00a0\u00bb sticky_enabled=\u00a0\u00bb0&Prime;]\n<h3 style=\"text-align: center\"><span style=\"color: #800080\"><strong>PLAN DE MISE \u00c0 L&rsquo;ABRI<\/strong><\/span><\/h3>\n<p style=\"text-align: left\">Un plan d\u2019\u00e9vacuation dit de \u00ab Mise \u00e0 l\u2019abri \u00bb est pr\u00e9sent dans chaque salle de notre \u00e9tablissement et dispose d\u2019une signal\u00e9tique sp\u00e9cifique (blanche et mauve)<\/p>\n<h3><strong><span style=\"color: #000000\"><em>Fl\u00e9chage PPMS mise \u00e0 l\u2019abri<\/em><\/span><\/strong><\/h3>\n<p><span style=\"color: #000000\"><a href=\"https:\/\/etab.ac-reunion.fr\/lyc-marie-curie\/wp-content\/uploads\/sites\/30\/2024\/11\/16.Feche-mise-a-labri-sept24.pdf\" class=\"pdfemb-viewer\" style=\"\" data-width=\"max\" data-height=\"max\" data-toolbar=\"bottom\" data-toolbar-fixed=\"off\">16.Feche-mise-a-labri-sept24<\/a><\/span><a href=\"https:\/\/etab.ac-reunion.fr\/lyc-marie-curie\/wp-content\/uploads\/sites\/30\/2024\/11\/16.Feche-mise-a-labri-sept24.pdf\" target=\"_blank\" rel=\"noopener\"><strong><\/strong><\/a><\/p>\n<h3><em><\/em><\/h3>\n<h3><em><strong>Affiche zone de mise \u00e0 l\u2019abri<\/strong><\/em><\/h3>\n<p><span style=\"color: #000000\"><a href=\"https:\/\/etab.ac-reunion.fr\/lyc-marie-curie\/wp-content\/uploads\/sites\/30\/2024\/11\/17.Affiche-mise-a-labri-sept24.pdf\" class=\"pdfemb-viewer\" style=\"\" data-width=\"max\" data-height=\"max\" data-toolbar=\"bottom\" data-toolbar-fixed=\"off\">17.Affiche-mise-a-labri-sept24<\/a><\/span><\/p>\n<p><strong><\/strong><\/p>\n<h3><strong><span style=\"color: #000000\"><em>Plan de mise \u00e0 l\u2019abri<\/em><\/span><\/strong><\/h3>\n<p><span style=\"color: #000000\"><a href=\"https:\/\/etab.ac-reunion.fr\/lyc-marie-curie\/wp-content\/uploads\/sites\/30\/2024\/11\/18.PLAN-DE-MISE-A-LABRI.pdf\" class=\"pdfemb-viewer\" style=\"\" data-width=\"max\" data-height=\"max\" data-toolbar=\"bottom\" data-toolbar-fixed=\"off\">18.PLAN-DE-MISE-A-LABRI<\/a><\/span><\/p>\n<p><a href=\"https:\/\/etab.ac-reunion.fr\/lyc-marie-curie\/wp-content\/uploads\/sites\/30\/2024\/11\/18.PLAN-DE-MISE-A-LABRI.pdf\" target=\"_blank\" rel=\"noopener\"><strong>T\u00e9l\u00e9charger le document ici<\/strong><\/a><\/p>\n<h3><em><\/em><\/h3>\n<h3><em><strong>Consignes PPMS<\/strong><\/em><\/h3>\n<p><span style=\"color: #000000\"><a href=\"https:\/\/etab.ac-reunion.fr\/lyc-marie-curie\/wp-content\/uploads\/sites\/30\/2024\/11\/19.Consignes-PPMS.pdf\" class=\"pdfemb-viewer\" style=\"\" data-width=\"max\" data-height=\"max\" data-toolbar=\"bottom\" data-toolbar-fixed=\"off\">19.Consignes-PPMS<\/a><\/span><a href=\"https:\/\/etab.ac-reunion.fr\/lyc-marie-curie\/wp-content\/uploads\/sites\/30\/2024\/11\/19.Consignes-PPMS.pdf\" target=\"_blank\" rel=\"noopener\"><strong><\/strong><\/a><\/p>\n[\/et_pb_text][et_pb_text _builder_version=\u00a0\u00bb4.27.3&Prime; _module_preset=\u00a0\u00bbdefault\u00a0\u00bb background_color=\u00a0\u00bb#FFFFFF\u00a0\u00bb custom_padding=\u00a0\u00bb25px|50px|25px|50px|true|true\u00a0\u00bb hover_enabled=\u00a0\u00bb0&Prime; border_radii=\u00a0\u00bbon|10px|10px|10px|10px\u00a0\u00bb border_width_all=\u00a0\u00bb2px\u00a0\u00bb box_shadow_style=\u00a0\u00bbpreset6&Prime; global_colors_info=\u00a0\u00bb{}\u00a0\u00bb sticky_enabled=\u00a0\u00bb0&Prime;]\n<h3 style=\"text-align: center\"><strong><span style=\"color: #800080\">PPMS ATTENTAT ET INTRUSION<\/span><br \/><\/strong><\/h3>\n<p>Une consigne\u00a0 est\u00a0 pr\u00e9sente dans chaque salle de notre \u00e9tablissement\u00a0et d\u00e9crit les \u00e9tapes et choix \u00e0 faire.<\/p>\n<p><span style=\"color: #000000\"><a href=\"https:\/\/etab.ac-reunion.fr\/lyc-marie-curie\/wp-content\/uploads\/sites\/30\/2024\/11\/20.PPMS-Consigne-Attentat-Intrusion.pdf\" class=\"pdfemb-viewer\" style=\"\" data-width=\"max\" data-height=\"max\" data-toolbar=\"bottom\" data-toolbar-fixed=\"off\">20.PPMS-Consigne-Attentat-Intrusion<\/a><\/strong><\/span><\/p>\n<p><strong><\/strong><\/p>\n<p>Pour plus d&rsquo;informations, vous pouvez visionner la vid\u00e9o ci-dessous et acc\u00e9der au site du minist\u00e8re via le lien suivant, o\u00f9 vous trouverez des d\u00e9tails suppl\u00e9mentaires ainsi que les affiches t\u00e9l\u00e9chargeables : <a href=\"https:\/\/www.info.gouv.fr\/risques\/reagir-en-cas-dattaque-terroriste\" target=\"_blank\" rel=\"noopener\"><span style=\"text-decoration: underline\">cliquer ici<\/span><\/a><\/p>\n<p>&nbsp;<\/p>\n[\/et_pb_text][\/et_pb_column][\/et_pb_row][et_pb_row column_structure=\u00a0\u00bb1_5,3_5,1_5&Prime; _builder_version=\u00a0\u00bb4.27.2&Prime; _module_preset=\u00a0\u00bbdefault\u00a0\u00bb global_colors_info=\u00a0\u00bb{}\u00a0\u00bb][et_pb_column type=\u00a0\u00bb1_5&Prime; _builder_version=\u00a0\u00bb4.27.2&Prime; _module_preset=\u00a0\u00bbdefault\u00a0\u00bb global_colors_info=\u00a0\u00bb{}\u00a0\u00bb][\/et_pb_column][et_pb_column type=\u00a0\u00bb3_5&Prime; _builder_version=\u00a0\u00bb4.27.2&Prime; _module_preset=\u00a0\u00bbdefault\u00a0\u00bb global_colors_info=\u00a0\u00bb{}\u00a0\u00bb][et_pb_video src=\u00a0\u00bbhttps:\/\/podeduc.apps.education.fr\/media\/videos\/ef41aabfcff23a7ea297c994cbf31884da0925d56be577f8064074690474e745\/67782\/720p.mp4&Prime; _builder_version=\u00a0\u00bb4.27.2&Prime; _module_preset=\u00a0\u00bbdefault\u00a0\u00bb global_colors_info=\u00a0\u00bb{}\u00a0\u00bb][\/et_pb_video][\/et_pb_column][et_pb_column type=\u00a0\u00bb1_5&Prime; _builder_version=\u00a0\u00bb4.27.2&Prime; _module_preset=\u00a0\u00bbdefault\u00a0\u00bb global_colors_info=\u00a0\u00bb{}\u00a0\u00bb][\/et_pb_column][\/et_pb_row][\/et_pb_section]\n<!-- AddThis Advanced Settings generic via filter on the_content --><!-- AddThis Share Buttons generic via filter on the_content -->","protected":false},"excerpt":{"rendered":"<p>PPMS (Plan Particulier de Mise en S\u00fbret\u00e9)\u00a0Le PPMS est un dispositif essentiel pour garantir la s\u00e9curit\u00e9 de tous en cas de crise. Deux sonneries y sont pr\u00e9sentes, \u00a0l\u2019une pour l\u2019attentat-intrusion [&hellip;]<\/p>\n<p><!-- AddThis Advanced Settings generic via filter on get_the_excerpt --><!-- AddThis Share Buttons generic via filter on get_the_excerpt --><\/p>\n","protected":false},"author":27912,"featured_media":0,"parent":14764,"menu_order":0,"comment_status":"closed","ping_status":"closed","template":"","meta":{"_et_pb_use_builder":"on","_et_pb_old_content":"","_et_gb_content_width":"","footnotes":"","_links_to":"","_links_to_target":""},"class_list":["post-14862","page","type-page","status-publish","hentry"],"_links":{"self":[{"href":"https:\/\/etab.ac-reunion.fr\/lyc-marie-curie\/wp-json\/wp\/v2\/pages\/14862","targetHints":{"allow":["GET"]}}],"collection":[{"href":"https:\/\/etab.ac-reunion.fr\/lyc-marie-curie\/wp-json\/wp\/v2\/pages"}],"about":[{"href":"https:\/\/etab.ac-reunion.fr\/lyc-marie-curie\/wp-json\/wp\/v2\/types\/page"}],"author":[{"embeddable":true,"href":"https:\/\/etab.ac-reunion.fr\/lyc-marie-curie\/wp-json\/wp\/v2\/users\/27912"}],"replies":[{"embeddable":true,"href":"https:\/\/etab.ac-reunion.fr\/lyc-marie-curie\/wp-json\/wp\/v2\/comments?post=14862"}],"version-history":[{"count":16,"href":"https:\/\/etab.ac-reunion.fr\/lyc-marie-curie\/wp-json\/wp\/v2\/pages\/14862\/revisions"}],"predecessor-version":[{"id":15032,"href":"https:\/\/etab.ac-reunion.fr\/lyc-marie-curie\/wp-json\/wp\/v2\/pages\/14862\/revisions\/15032"}],"up":[{"embeddable":true,"href":"https:\/\/etab.ac-reunion.fr\/lyc-marie-curie\/wp-json\/wp\/v2\/pages\/14764"}],"wp:attachment":[{"href":"https:\/\/etab.ac-reunion.fr\/lyc-marie-curie\/wp-json\/wp\/v2\/media?parent=14862"}],"curies":[{"name":"wp","href":"https:\/\/api.w.org\/{rel}","templated":true}]}}