{"id":6281,"date":"2021-06-28T11:29:13","date_gmt":"2021-06-28T09:29:13","guid":{"rendered":"http:\/\/lycee-hintermann.ac-reunion.fr\/?page_id=6281"},"modified":"2025-08-25T08:58:44","modified_gmt":"2025-08-25T06:58:44","slug":"cinema-audiovisuel","status":"publish","type":"page","link":"https:\/\/etab.ac-reunion.fr\/lyc-memona-hintermann-affejee\/cinema-audiovisuel\/","title":{"rendered":"Cin\u00e9ma audiovisuel"},"content":{"rendered":"<p>[et_pb_section fb_built=\u00a0\u00bb1&Prime; _builder_version=\u00a0\u00bb4.16&Prime; _module_preset=\u00a0\u00bbdefault\u00a0\u00bb global_colors_info=\u00a0\u00bb{}\u00a0\u00bb][et_pb_row _builder_version=\u00a0\u00bb4.16&Prime; _module_preset=\u00a0\u00bbdefault\u00a0\u00bb global_colors_info=\u00a0\u00bb{}\u00a0\u00bb][et_pb_column type=\u00a0\u00bb4_4&Prime; _builder_version=\u00a0\u00bb4.16&Prime; _module_preset=\u00a0\u00bbdefault\u00a0\u00bb global_colors_info=\u00a0\u00bb{}\u00a0\u00bb][et_pb_text _builder_version=\u00a0\u00bb4.16&Prime; _module_preset=\u00a0\u00bbdefault\u00a0\u00bb global_colors_info=\u00a0\u00bb{}\u00a0\u00bb]<\/p>\n<p style=\"text-align: center\"><img loading=\"lazy\" decoding=\"async\" class=\"wp-image-6284 alignnone size-large\" src=\"https:\/\/etab.ac-reunion.fr\/lyc-memona-hintermann-affejee\/wp-content\/uploads\/sites\/154\/2021\/06\/IMG_0974-1024x764.jpg\" alt=\"\" width=\"1024\" height=\"764\" srcset=\"https:\/\/etab.ac-reunion.fr\/lyc-memona-hintermann-affejee\/wp-content\/uploads\/sites\/154\/2021\/06\/IMG_0974-980x731.jpg 980w, https:\/\/etab.ac-reunion.fr\/lyc-memona-hintermann-affejee\/wp-content\/uploads\/sites\/154\/2021\/06\/IMG_0974-480x358.jpg 480w\" sizes=\"(min-width: 0px) and (max-width: 480px) 480px, (min-width: 481px) and (max-width: 980px) 980px, (min-width: 981px) 1024px, 100vw\" \/><\/p>\n<h1 style=\"text-align: center\">Cin\u00e9ma audiovisuel<\/h1>\n<p style=\"text-align: center\">[\/et_pb_text][et_pb_divider color=\u00a0\u00bb#E02B20&Prime; divider_weight=\u00a0\u00bb5px\u00a0\u00bb _builder_version=\u00a0\u00bb4.16&Prime; _module_preset=\u00a0\u00bbdefault\u00a0\u00bb global_colors_info=\u00a0\u00bb{}\u00a0\u00bb][\/et_pb_divider][et_pb_text _builder_version=\u00a0\u00bb4.16&Prime; _module_preset=\u00a0\u00bbdefault\u00a0\u00bb global_colors_info=\u00a0\u00bb{}\u00a0\u00bb]<\/p>\n<p>Vous trouverez sur cette page les r\u00e9alisations et les projets des \u00e9l\u00e8ves de cin\u00e9ma (option et sp\u00e9cialit\u00e9) de la seconde \u00e0 la terminale.<\/p>\n<p>[\/et_pb_text][et_pb_divider color=\u00a0\u00bb#0C71C3&Prime; divider_weight=\u00a0\u00bb3px\u00a0\u00bb _builder_version=\u00a0\u00bb4.16&Prime; _module_preset=\u00a0\u00bbdefault\u00a0\u00bb global_colors_info=\u00a0\u00bb{}\u00a0\u00bb][\/et_pb_divider][et_pb_tabs _builder_version=\u00a0\u00bb4.27.4&Prime; _module_preset=\u00a0\u00bbdefault\u00a0\u00bb hover_enabled=\u00a0\u00bb0&Prime; global_colors_info=\u00a0\u00bb{}\u00a0\u00bb sticky_enabled=\u00a0\u00bb0&Prime;][et_pb_tab title=\u00a0\u00bbL&rsquo;option CIAV\u00a0\u00bb _builder_version=\u00a0\u00bb4.27.4&Prime; _module_preset=\u00a0\u00bbdefault\u00a0\u00bb global_colors_info=\u00a0\u00bb{}\u00a0\u00bb]<\/p>\n<h3 class=\"\" data-start=\"92\" data-end=\"138\">\ud83c\udfac <strong data-start=\"99\" data-end=\"114\">Option CIAV<\/strong> (Cin\u00e9ma et Audiovisuel)<\/h3>\n<p class=\"\" data-start=\"140\" data-end=\"325\">L\u2019option <strong data-start=\"149\" data-end=\"181\">CIAV (Cin\u00e9ma et Audiovisuel)<\/strong> est une option facultative propos\u00e9e dans certains lyc\u00e9es pour les \u00e9l\u00e8ves passionn\u00e9s par le <strong data-start=\"273\" data-end=\"324\">cin\u00e9ma, la vid\u00e9o, les m\u00e9dias visuels et sonores<\/strong>.<\/p>\n<p><\/p>\n<h4 class=\"\" data-start=\"327\" data-end=\"345\">\u2705 Objectifs :<\/h4>\n<ul data-start=\"346\" data-end=\"611\">\n<li class=\"\" data-start=\"346\" data-end=\"407\">\n<p class=\"\" data-start=\"348\" data-end=\"407\"><strong data-start=\"348\" data-end=\"381\">D\u00e9couvrir l\u2019univers du cin\u00e9ma<\/strong> (technique et artistique)<\/p>\n<\/li>\n<li class=\"\" data-start=\"408\" data-end=\"444\">\n<p class=\"\" data-start=\"410\" data-end=\"444\"><strong data-start=\"410\" data-end=\"444\">Apprendre \u00e0 analyser des films<\/strong><\/p>\n<\/li>\n<li class=\"\" data-start=\"445\" data-end=\"536\">\n<p class=\"\" data-start=\"447\" data-end=\"536\"><strong data-start=\"447\" data-end=\"487\">Cr\u00e9er des productions audiovisuelles<\/strong> (courts-m\u00e9trages, documentaires, montages, etc.)<\/p>\n<\/li>\n<li class=\"\" data-start=\"537\" data-end=\"611\">\n<p class=\"\" data-start=\"539\" data-end=\"611\"><strong data-start=\"539\" data-end=\"572\">D\u00e9velopper un regard critique<\/strong> sur les images, les sons et les m\u00e9dias<\/p>\n<\/li>\n<\/ul>\n<h4 class=\"\" data-start=\"613\" data-end=\"639\">\ud83d\udcda Contenus abord\u00e9s :<\/h4>\n<ul data-start=\"640\" data-end=\"950\">\n<li class=\"\" data-start=\"640\" data-end=\"680\">\n<p class=\"\" data-start=\"642\" data-end=\"680\">Histoire et culture cin\u00e9matographiques<\/p>\n<\/li>\n<li class=\"\" data-start=\"681\" data-end=\"732\">\n<p class=\"\" data-start=\"683\" data-end=\"732\">Analyse de s\u00e9quences et de styles de r\u00e9alisateurs<\/p>\n<\/li>\n<li class=\"\" data-start=\"733\" data-end=\"807\">\n<p class=\"\" data-start=\"735\" data-end=\"807\">Initiation au langage cin\u00e9matographique (cadrage, montage, son, lumi\u00e8re)<\/p>\n<\/li>\n<li class=\"\" data-start=\"808\" data-end=\"874\">\n<p class=\"\" data-start=\"810\" data-end=\"874\">R\u00e9alisation de projets : \u00e9criture de sc\u00e9nario, tournage, montage<\/p>\n<\/li>\n<li class=\"\" data-start=\"875\" data-end=\"950\">\n<p class=\"\" data-start=\"877\" data-end=\"950\">Usage des outils techniques (cam\u00e9ras, logiciels de montage, micros, etc.)<\/p>\n<\/li>\n<\/ul>\n<h4 class=\"\" data-start=\"952\" data-end=\"971\">\ud83c\udfa5 Activit\u00e9s :<\/h4>\n<ul data-start=\"972\" data-end=\"1129\">\n<li class=\"\" data-start=\"972\" data-end=\"994\">\n<p class=\"\" data-start=\"974\" data-end=\"994\">Projections de films<\/p>\n<\/li>\n<li class=\"\" data-start=\"995\" data-end=\"1027\">\n<p class=\"\" data-start=\"997\" data-end=\"1027\">D\u00e9bats et analyses collectives<\/p>\n<\/li>\n<li class=\"\" data-start=\"1028\" data-end=\"1068\">\n<p class=\"\" data-start=\"1030\" data-end=\"1068\">Ateliers pratiques (tournage, montage)<\/p>\n<\/li>\n<li class=\"\" data-start=\"1069\" data-end=\"1129\">\n<p class=\"\" data-start=\"1071\" data-end=\"1129\">Participation \u00e0 des festivals scolaires de courts-m\u00e9trages<\/p>\n<\/li>\n<\/ul>\n<h4 class=\"\" data-start=\"1131\" data-end=\"1164\">\ud83e\udde0 Comp\u00e9tences d\u00e9velopp\u00e9es :<\/h4>\n<ul data-start=\"1165\" data-end=\"1249\">\n<li class=\"\" data-start=\"1165\" data-end=\"1177\">\n<p class=\"\" data-start=\"1167\" data-end=\"1177\">Cr\u00e9ativit\u00e9<\/p>\n<\/li>\n<li class=\"\" data-start=\"1178\" data-end=\"1195\">\n<p class=\"\" data-start=\"1180\" data-end=\"1195\">Esprit critique<\/p>\n<\/li>\n<li class=\"\" data-start=\"1196\" data-end=\"1215\">\n<p class=\"\" data-start=\"1198\" data-end=\"1215\">Travail en \u00e9quipe<\/p>\n<\/li>\n<li class=\"\" data-start=\"1216\" data-end=\"1249\">\n<p class=\"\" data-start=\"1218\" data-end=\"1249\">Culture artistique et technique<\/p>\n<\/li>\n<\/ul>\n<h4 class=\"\" data-start=\"1251\" data-end=\"1273\">\ud83d\udcc5 Organisation :<\/h4>\n<ul data-start=\"1274\" data-end=\"1514\">\n<li class=\"\" data-start=\"1274\" data-end=\"1332\">\n<p class=\"\" data-start=\"1276\" data-end=\"1332\">En g\u00e9n\u00e9ral, de 2 \u00e0 3 heures par semaine selon les lyc\u00e9es<\/p>\n<\/li>\n<li class=\"\" data-start=\"1333\" data-end=\"1394\">\n<p class=\"\" data-start=\"1335\" data-end=\"1394\">Elle peut \u00eatre suivie <strong data-start=\"1357\" data-end=\"1394\">en Seconde, Premi\u00e8re et Terminale<\/strong><\/p>\n<\/li>\n<li class=\"\" data-start=\"1395\" data-end=\"1514\">\n<p class=\"\" data-start=\"1397\" data-end=\"1514\">Possibilit\u00e9 de pr\u00e9senter un <strong data-start=\"1425\" data-end=\"1454\">projet audiovisuel au bac<\/strong> (option facultative ou sp\u00e9cialit\u00e9 selon les \u00e9tablissements)<\/p>\n<\/li>\n<\/ul>\n<hr class=\"\" data-start=\"1516\" data-end=\"1519\" \/>[\/et_pb_tab][et_pb_tab title=\u00a0\u00bbLes films\u00a0\u00bb _builder_version=\u00a0\u00bb4.16&Prime; _module_preset=\u00a0\u00bbdefault\u00a0\u00bb global_colors_info=\u00a0\u00bb{}\u00a0\u00bb]<\/p>\n<p><a href=\"https:\/\/etab.ac-reunion.fr\/lyc-memona-hintermann-affejee\/les-films-danimation\/\">Les films d&rsquo;animation<\/a><\/p>\n<p><a href=\"https:\/\/etab.ac-reunion.fr\/lyc-memona-hintermann-affejee\/les-capsules-videos\/\">Les capsules vid\u00e9os<\/a><\/p>\n<p><a href=\"https:\/\/etab.ac-reunion.fr\/lyc-memona-hintermann-affejee\/courts-metrages-option-cinema\/\">Les courts m\u00e9trages<\/a><\/p>\n<p>[\/et_pb_tab][et_pb_tab title=\u00a0\u00bbPodcast terminale option CIAV\u00a0\u00bb _builder_version=\u00a0\u00bb4.16.0&Prime; _module_preset=\u00a0\u00bbdefault\u00a0\u00bb global_colors_info=\u00a0\u00bb{}\u00a0\u00bb]<\/p>\n<p><a href=\"https:\/\/etab.ac-reunion.fr\/lyc-memona-hintermann-affejee\/podcast-terminale-option-ciav\/\">Podcasts terminale option CIAV<\/a><\/p>\n<p>[\/et_pb_tab][et_pb_tab title=\u00a0\u00bbLes activit\u00e9s\u00a0\u00bb _builder_version=\u00a0\u00bb4.18.0&Prime; _module_preset=\u00a0\u00bbdefault\u00a0\u00bb global_colors_info=\u00a0\u00bb{}\u00a0\u00bb]<\/p>\n<p><a href=\"https:\/\/etab.ac-reunion.fr\/lyc-memona-hintermann-affejee\/les-activites-de-1ere-specialite\/\">Les activit\u00e9s de 1\u00e8re sp\u00e9cialit\u00e9<\/a><\/p>\n<p>[\/et_pb_tab][et_pb_tab title=\u00a0\u00bbLe Festival du film\u00a0\u00bb _builder_version=\u00a0\u00bb4.27.4&Prime; _module_preset=\u00a0\u00bbdefault\u00a0\u00bb hover_enabled=\u00a0\u00bb0&Prime; global_colors_info=\u00a0\u00bb{}\u00a0\u00bb sticky_enabled=\u00a0\u00bb0&Prime;]Chaque ann\u00e9e les \u00e9l\u00e8ves de l&rsquo;option Cdu lyc\u00e9e M\u00e9mona Hintermann-Aff\u00e9jee organisent un festival de films suivant une th\u00e9matique particuli\u00e8re. Des informations concernant ce festival seront bient\u00f4t disponibles sur cette page.[\/et_pb_tab][\/et_pb_tabs][\/et_pb_column][\/et_pb_row][\/et_pb_section]<\/p>\n","protected":false},"excerpt":{"rendered":"<p>Cin\u00e9ma audiovisuel Vous trouverez sur cette page les r\u00e9alisations et les projets des \u00e9l\u00e8ves de cin\u00e9ma (option et sp\u00e9cialit\u00e9) de la seconde \u00e0 la terminale.\ud83c\udfac Option CIAV (Cin\u00e9ma et Audiovisuel) [&hellip;]<\/p>\n","protected":false},"author":1337,"featured_media":0,"parent":0,"menu_order":0,"comment_status":"closed","ping_status":"closed","template":"","meta":{"_et_pb_use_builder":"on","_et_pb_old_content":"","_et_gb_content_width":"","footnotes":""},"class_list":["post-6281","page","type-page","status-publish","hentry"],"_links":{"self":[{"href":"https:\/\/etab.ac-reunion.fr\/lyc-memona-hintermann-affejee\/wp-json\/wp\/v2\/pages\/6281","targetHints":{"allow":["GET"]}}],"collection":[{"href":"https:\/\/etab.ac-reunion.fr\/lyc-memona-hintermann-affejee\/wp-json\/wp\/v2\/pages"}],"about":[{"href":"https:\/\/etab.ac-reunion.fr\/lyc-memona-hintermann-affejee\/wp-json\/wp\/v2\/types\/page"}],"author":[{"embeddable":true,"href":"https:\/\/etab.ac-reunion.fr\/lyc-memona-hintermann-affejee\/wp-json\/wp\/v2\/users\/1337"}],"replies":[{"embeddable":true,"href":"https:\/\/etab.ac-reunion.fr\/lyc-memona-hintermann-affejee\/wp-json\/wp\/v2\/comments?post=6281"}],"version-history":[{"count":23,"href":"https:\/\/etab.ac-reunion.fr\/lyc-memona-hintermann-affejee\/wp-json\/wp\/v2\/pages\/6281\/revisions"}],"predecessor-version":[{"id":10468,"href":"https:\/\/etab.ac-reunion.fr\/lyc-memona-hintermann-affejee\/wp-json\/wp\/v2\/pages\/6281\/revisions\/10468"}],"wp:attachment":[{"href":"https:\/\/etab.ac-reunion.fr\/lyc-memona-hintermann-affejee\/wp-json\/wp\/v2\/media?parent=6281"}],"curies":[{"name":"wp","href":"https:\/\/api.w.org\/{rel}","templated":true}]}}