{"id":5912,"date":"2024-12-02T12:06:03","date_gmt":"2024-12-02T12:06:03","guid":{"rendered":"https:\/\/etab.ac-reunion.fr\/lyc-pierre-poivre\/?page_id=5912"},"modified":"2024-12-02T12:10:04","modified_gmt":"2024-12-02T12:10:04","slug":"calendrier-horaires","status":"publish","type":"page","link":"https:\/\/etab.ac-reunion.fr\/lyc-pierre-poivre\/calendrier-horaires\/","title":{"rendered":"Calendrier\/Horaires"},"content":{"rendered":"<h2>Horaires d\u2019ouverture du Lyc\u00e9e<\/h2>\n<div class=\"su-table su-table-responsive su-table-alternate\">\n<table id=\"tablepress-43\" class=\"tablepress tablepress-id-43\">\n<tbody class=\"row-striping row-hover\">\n<tr class=\"row-1\">\n\t<td class=\"column-1\">M1<\/td><td class=\"column-2\">8H00<\/td><td class=\"column-3\">9H00<\/td>\n<\/tr>\n<tr class=\"row-2\">\n\t<td class=\"column-1\">M2<\/td><td class=\"column-2\">9H00<\/td><td class=\"column-3\">10H00<\/td>\n<\/tr>\n<tr class=\"row-3\">\n\t<td class=\"column-1\">M3<\/td><td class=\"column-2\">10H00<\/td><td class=\"column-3\">11H00<\/td>\n<\/tr>\n<tr class=\"row-4\">\n\t<td class=\"column-1\">M4<\/td><td class=\"column-2\">11H00<\/td><td class=\"column-3\">12H00<\/td>\n<\/tr>\n<tr class=\"row-5\">\n\t<td class=\"column-1\">Pause d\u00e9jeuner<\/td><td class=\"column-2\">12H00<\/td><td class=\"column-3\">13H30<\/td>\n<\/tr>\n<tr class=\"row-6\">\n\t<td class=\"column-1\">M5<\/td><td class=\"column-2\">13H30<\/td><td class=\"column-3\">14H30<\/td>\n<\/tr>\n<tr class=\"row-7\">\n\t<td class=\"column-1\">M6<\/td><td class=\"column-2\">14H30<\/td><td class=\"column-3\">15H30<\/td>\n<\/tr>\n<tr class=\"row-8\">\n\t<td class=\"column-1\">M7 <\/td><td class=\"column-2\">15H30<\/td><td class=\"column-3\">16H30<\/td>\n<\/tr>\n<tr class=\"row-9\">\n\t<td class=\"column-1\">M8<\/td><td class=\"column-2\">16H30<\/td><td class=\"column-3\">17H30<\/td>\n<\/tr>\n<\/tbody>\n<\/table>\n<!-- #tablepress-43 from cache --><\/div>\n<h2>Calendrier<\/h2>\n<div class=\"su-table su-table-responsive su-table-alternate\">\n<table id=\"tablepress-44\" class=\"tablepress tablepress-id-44\">\n<thead>\n<tr class=\"row-1\">\n\t<th class=\"column-1\">Rentr\u00e9e des enseignants <\/th><th class=\"column-2\">vendredi 16 ao\u00fbt 2024<\/th>\n<\/tr>\n<\/thead>\n<tbody class=\"row-striping row-hover\">\n<tr class=\"row-2\">\n\t<td class=\"column-1\">Rentr\u00e9e des \u00e9l\u00e8ves <\/td><td class=\"column-2\">lundi 19 et mardi20 ao\u00fbt 2024<\/td>\n<\/tr>\n<tr class=\"row-3\">\n\t<td class=\"column-1\">Vacances apr\u00e8s 1\u00e8re p\u00e9riode <\/td><td class=\"column-2\">samedi 12 octobre 2024 au dimanche 27 octobre 2024<\/td>\n<\/tr>\n<tr class=\"row-4\">\n\t<td class=\"column-1\">Vacances \u00e9t\u00e9 austral <\/td><td class=\"column-2\">vendredi 20 d\u00e9cembre 2024 au lundi 20 janvier 2025<\/td>\n<\/tr>\n<tr class=\"row-5\">\n\t<td class=\"column-1\">Vacances apr\u00e8s 3e p\u00e9riode <\/td><td class=\"column-2\">samedi 1er mars 2025 au dimanche 16 mars 2025<\/td>\n<\/tr>\n<tr class=\"row-6\">\n\t<td class=\"column-1\">Vacances apr\u00e8s 4e p\u00e9riode<\/td><td class=\"column-2\">samedi 3 mai 2025 au dimanche 18 mai 2025<\/td>\n<\/tr>\n<tr class=\"row-7\">\n\t<td class=\"column-1\">D\u00e9but vacances d\u2019hiver austral<\/td><td class=\"column-2\">samedi 5 juillet 2025 au lundi 18 ao\u00fbt 2025<\/td>\n<\/tr>\n<\/tbody>\n<\/table>\n<!-- #tablepress-44 from cache --><\/div>\n","protected":false},"excerpt":{"rendered":"<p>Horaires d\u2019ouverture du Lyc\u00e9e Calendrier<\/p>\n","protected":false},"author":37688,"featured_media":0,"parent":0,"menu_order":0,"comment_status":"closed","ping_status":"closed","template":"","meta":{"footnotes":""},"class_list":["post-5912","page","type-page","status-publish","hentry"],"_links":{"self":[{"href":"https:\/\/etab.ac-reunion.fr\/lyc-pierre-poivre\/wp-json\/wp\/v2\/pages\/5912","targetHints":{"allow":["GET"]}}],"collection":[{"href":"https:\/\/etab.ac-reunion.fr\/lyc-pierre-poivre\/wp-json\/wp\/v2\/pages"}],"about":[{"href":"https:\/\/etab.ac-reunion.fr\/lyc-pierre-poivre\/wp-json\/wp\/v2\/types\/page"}],"author":[{"embeddable":true,"href":"https:\/\/etab.ac-reunion.fr\/lyc-pierre-poivre\/wp-json\/wp\/v2\/users\/37688"}],"replies":[{"embeddable":true,"href":"https:\/\/etab.ac-reunion.fr\/lyc-pierre-poivre\/wp-json\/wp\/v2\/comments?post=5912"}],"version-history":[{"count":5,"href":"https:\/\/etab.ac-reunion.fr\/lyc-pierre-poivre\/wp-json\/wp\/v2\/pages\/5912\/revisions"}],"predecessor-version":[{"id":6280,"href":"https:\/\/etab.ac-reunion.fr\/lyc-pierre-poivre\/wp-json\/wp\/v2\/pages\/5912\/revisions\/6280"}],"wp:attachment":[{"href":"https:\/\/etab.ac-reunion.fr\/lyc-pierre-poivre\/wp-json\/wp\/v2\/media?parent=5912"}],"curies":[{"name":"wp","href":"https:\/\/api.w.org\/{rel}","templated":true}]}}