{"id":255,"date":"2014-10-29T22:21:12","date_gmt":"2014-10-29T18:21:12","guid":{"rendered":"http:\/\/lycee-sarda-garriga-tmp.ac-reunion.fr\/?page_id=255"},"modified":"2015-11-02T18:47:50","modified_gmt":"2015-11-02T14:47:50","slug":"metice-parents","status":"publish","type":"page","link":"https:\/\/etab.ac-reunion.fr\/lyc-sarda-garriga\/metice-parents\/","title":{"rendered":"METICE PARENTS"},"content":{"rendered":"<p>&nbsp;<\/p>\n<p>&nbsp;<\/p>\n<p>&nbsp;<\/p>\n<p>&nbsp;<\/p>\n<p>&nbsp;<\/p>\n<p>&nbsp;<\/p>\n<p>&nbsp;<\/p>\n<p style=\"text-align: center\">Parents, pour suivre la scolarit\u00e9 de votre (vos) enfant(s) vous avez re\u00e7u votre identifiant et votre mot de passe qui vous donnerons acc\u00e8s \u00e0<\/p>\n<p><a href=\"http:\/\/metice.ac-reunion.fr\/\"><img loading=\"lazy\" decoding=\"async\" class=\"aligncenter size-full wp-image-265\" src=\"https:\/\/etab.ac-reunion.fr\/lyc-sarda-garriga\/wp-content\/uploads\/sites\/98\/2014\/10\/M\u00e9tice-300x79.jpg\" alt=\"M\u00e9tice-300x79\" width=\"300\" height=\"79\" \/><\/a><\/p>\n<p style=\"text-align: center\">Vous trouverez aussi le lien en haut \u00e0 gauche sur ce site<\/p>\n<p style=\"text-align: left\">En cas d&rsquo;identifiant oubli\u00e9 cliquez sur le <a href=\"https:\/\/teleservices.ac-reunion.fr\/aten-web\/oubliLogin\/recupererLogin\" target=\"_blank\">lien\u00a0 <div class=\"su-button-center\"><a href=\"https:\/\/teleservices.ac-reunion.fr\/aten-web\/oubliLogin\/recupererLogin\" class=\"su-button su-button-style-default\" style=\"color:#FFFFFF;background-color:#2D89EF;border-color:#246ec0;border-radius:10px\" target=\"_blank\" rel=\"noopener noreferrer\"><span style=\"color:#FFFFFF;padding:6px 16px;font-size:13px;line-height:20px;border-color:#6cadf4;border-radius:10px;text-shadow:none\"><img decoding=\"async\" src=\"https:\/\/etab.ac-reunion.fr\/lyc-sarda-garriga\/wp-content\/uploads\/sites\/98\/2015\/11\/METICE_ATEN.jpg\" alt=\"M\u00e9tice Parents&lt;br \/&gt;\nIdentifiants oubli\u00e9s\" style=\"width:20px;height:20px\" \/> M\u00e9tice Parents<br \/>\nIdentifiants oubli\u00e9s<\/span><\/a><\/div><\/a><\/p>\n<p style=\"text-align: left\">En cas de mot de passe\u00a0 oubli\u00e9 cliquez sur le <a href=\"https:\/\/teleservices.ac-reunion.fr\/aten-web\/oubliMdp\/recupererMotDePasse\" target=\"_blank\">lien <\/a><div class=\"su-button-center\"><a href=\"https:\/\/teleservices.ac-reunion.fr\/aten-web\/oubliMdp\/recupererMotDePasse\" class=\"su-button su-button-style-default\" style=\"color:#FFFFFF;background-color:#2D89EF;border-color:#246ec0;border-radius:10px\" target=\"_blank\" rel=\"noopener noreferrer\"><span style=\"color:#FFFFFF;padding:6px 16px;font-size:13px;line-height:20px;border-color:#6cadf4;border-radius:10px;text-shadow:none\"><img decoding=\"async\" src=\"https:\/\/etab.ac-reunion.fr\/lyc-sarda-garriga\/wp-content\/uploads\/sites\/98\/2015\/11\/METICE_ATEN.jpg\" alt=\"M\u00e9tice Parents&lt;br \/&gt;\nMot de passe\u00a0 oubli\u00e9s\" style=\"width:20px;height:20px\" \/> M\u00e9tice Parents<br \/>\nMot de passe\u00a0 oubli\u00e9s<\/span><\/a><\/div>\n<p style=\"text-align: center\"><div class='et-box et-info'>\n\t\t\t\t\t<div class='et-box-content'><p style=\"text-align: center\"><a href='https:\/\/etab.ac-reunion.fr\/lyc-sarda-garriga\/wp-content\/uploads\/sites\/98\/2014\/10\/Premier_acce.pdf' class='icon-button paper-icon' target=\"_blank\">Premier acc\u00e8s \u00e0 M\u00e9tice<span class='et-icon'><\/span><\/a>\u00a0\u00a0\u00a0 <a href='https:\/\/etab.ac-reunion.fr\/lyc-sarda-garriga\/wp-content\/uploads\/sites\/98\/2014\/10\/metice_parents.pdf' class='icon-button paper-icon' target=\"_blank\">M\u00e9tice pour les parents<span class='et-icon'><\/span><\/a>\n<p style=\"text-align: center\"><a href='https:\/\/etab.ac-reunion.fr\/lyc-sarda-garriga\/wp-content\/uploads\/sites\/98\/2014\/10\/CreationMail-LaPoste.pdf' class='icon-button paper-icon' target=\"_blank\">Cr\u00e9er une boite \u00e9lectronique sur la poste.net<span class='et-icon'><\/span><\/a> <a href='https:\/\/etab.ac-reunion.fr\/lyc-sarda-garriga\/wp-content\/uploads\/sites\/98\/2014\/10\/ConsultationMail-LaPoste.pdf' class='icon-button paper-icon' target=\"_blank\">Consulter une messagerie sur laposte.net<span class='et-icon'><\/span><\/a>\n<p style=\"text-align: center\"><\/div><\/div>\n<p style=\"text-align: center\">\u00a0<a href=\"https:\/\/etab.ac-reunion.fr\/lyc-sarda-garriga\/wp-content\/uploads\/sites\/98\/2014\/10\/METICE_GUIDE_PARENT-e1411824385975.jpg\"><img loading=\"lazy\" decoding=\"async\" class=\"aligncenter size-full wp-image-267\" src=\"https:\/\/etab.ac-reunion.fr\/lyc-sarda-garriga\/wp-content\/uploads\/sites\/98\/2014\/10\/METICE_GUIDE_PARENT-e1411824385975.jpg\" alt=\"METICE_GUIDE_PARENT-e1411824385975\" width=\"900\" height=\"635\" srcset=\"https:\/\/etab.ac-reunion.fr\/lyc-sarda-garriga\/wp-content\/uploads\/sites\/98\/2014\/10\/METICE_GUIDE_PARENT-e1411824385975.jpg 900w, https:\/\/etab.ac-reunion.fr\/lyc-sarda-garriga\/wp-content\/uploads\/sites\/98\/2014\/10\/METICE_GUIDE_PARENT-e1411824385975-300x211.jpg 300w\" sizes=\"auto, (max-width: 900px) 100vw, 900px\" \/><\/a><\/p>\n","protected":false},"excerpt":{"rendered":"<p>&nbsp; &nbsp; &nbsp; &nbsp; &nbsp; &nbsp; &nbsp; Parents, pour suivre la scolarit\u00e9 de votre (vos) enfant(s) vous avez re\u00e7u votre identifiant et votre mot de passe qui vous donnerons acc\u00e8s \u00e0 Vous trouverez aussi le lien en haut \u00e0 gauche sur ce site En cas d&rsquo;identifiant oubli\u00e9 cliquez sur le lien\u00a0 En cas de mot [&hellip;]<\/p>\n","protected":false},"author":2934,"featured_media":266,"parent":0,"menu_order":0,"comment_status":"closed","ping_status":"closed","template":"","meta":{"footnotes":"","_links_to":"","_links_to_target":""},"class_list":["post-255","page","type-page","status-publish","has-post-thumbnail","hentry"],"_links":{"self":[{"href":"https:\/\/etab.ac-reunion.fr\/lyc-sarda-garriga\/wp-json\/wp\/v2\/pages\/255","targetHints":{"allow":["GET"]}}],"collection":[{"href":"https:\/\/etab.ac-reunion.fr\/lyc-sarda-garriga\/wp-json\/wp\/v2\/pages"}],"about":[{"href":"https:\/\/etab.ac-reunion.fr\/lyc-sarda-garriga\/wp-json\/wp\/v2\/types\/page"}],"author":[{"embeddable":true,"href":"https:\/\/etab.ac-reunion.fr\/lyc-sarda-garriga\/wp-json\/wp\/v2\/users\/2934"}],"replies":[{"embeddable":true,"href":"https:\/\/etab.ac-reunion.fr\/lyc-sarda-garriga\/wp-json\/wp\/v2\/comments?post=255"}],"version-history":[{"count":20,"href":"https:\/\/etab.ac-reunion.fr\/lyc-sarda-garriga\/wp-json\/wp\/v2\/pages\/255\/revisions"}],"predecessor-version":[{"id":1470,"href":"https:\/\/etab.ac-reunion.fr\/lyc-sarda-garriga\/wp-json\/wp\/v2\/pages\/255\/revisions\/1470"}],"wp:featuredmedia":[{"embeddable":true,"href":"https:\/\/etab.ac-reunion.fr\/lyc-sarda-garriga\/wp-json\/wp\/v2\/media\/266"}],"wp:attachment":[{"href":"https:\/\/etab.ac-reunion.fr\/lyc-sarda-garriga\/wp-json\/wp\/v2\/media?parent=255"}],"curies":[{"name":"wp","href":"https:\/\/api.w.org\/{rel}","templated":true}]}}