{"id":6069,"date":"2022-08-22T22:37:10","date_gmt":"2022-08-22T18:37:10","guid":{"rendered":"https:\/\/etab.ac-reunion.fr\/lyc-sarda-garriga\/?page_id=6069"},"modified":"2022-08-22T23:25:01","modified_gmt":"2022-08-22T19:25:01","slug":"la-region-deploie-le-numerisak-pour-les-lyceens","status":"publish","type":"page","link":"https:\/\/etab.ac-reunion.fr\/lyc-sarda-garriga\/la-region-deploie-le-numerisak-pour-les-lyceens\/","title":{"rendered":"La R\u00e9gion d\u00e9ploie le Numerisak pour les lyc\u00e9ens"},"content":{"rendered":"\n<p>R\u00e9duire la fracture num\u00e9rique tout en am\u00e9liorant le d\u00e9veloppement de l\u2019utilisation num\u00e9rique. C\u2019est l\u2019objectif que se fixe la R\u00e9gion qui, \u00e0 l\u2019occasion de cette nouvelle rentr\u00e9e scolaire, a d\u00e9voil\u00e9 ce lundi 22\/08\/2022 au lyc\u00e9e Sarda Garriga de Saint-Andr\u00e9 son dispositif Numerisak. Un cartable num\u00e9rique contenant aussi bien des manuels num\u00e9riques p\u00e9dagogiques qu\u2019une aide \u00e0 la connexion  pour les familles les plus pr\u00e9caires, sans oublier bien s\u00fbr l\u2019attribution d\u2019un ordinateur portable tactile.<\/p>\n\n\n\n<p><strong>JT d&rsquo; Antenne R\u00e9union 19H &#8211; 22\/08\/22<\/strong><\/p>\n\n\n\n<figure class=\"wp-block-video\"><video height=\"448\" style=\"aspect-ratio: 920 \/ 448;\" width=\"920\" controls src=\"https:\/\/etab.ac-reunion.fr\/lyc-sarda-garriga\/wp-content\/uploads\/sites\/98\/2022\/08\/Numerisak_JTantenneReun_20220822-1.mp4\"><\/video><\/figure>\n\n\n\n<p><strong>JT de R\u00e9union 1ere 19H &#8211; 22\/08\/22<\/strong><\/p>\n\n\n\n<figure class=\"wp-block-video\"><video height=\"620\" style=\"aspect-ratio: 1108 \/ 620;\" width=\"1108\" controls src=\"https:\/\/etab.ac-reunion.fr\/lyc-sarda-garriga\/wp-content\/uploads\/sites\/98\/2022\/08\/numerisak_JTreunion1ere_20220822.mp4\"><\/video><\/figure>\n\n\n\n<p><strong>Zinfo 974 -22\/08\/22<\/strong><\/p>\n\n\n\n<figure class=\"wp-block-video\"><video height=\"632\" style=\"aspect-ratio: 1336 \/ 632;\" width=\"1336\" controls src=\"https:\/\/etab.ac-reunion.fr\/lyc-sarda-garriga\/wp-content\/uploads\/sites\/98\/2022\/08\/Numerisak_Zinfo974.mp4\"><\/video><\/figure>\n\n\n\n<p><a href=\"https:\/\/www.zinfos974.com\/La-Region-deploie-le-Numerisak-pour-les-lyceens_a186283.amp.html\">https:\/\/www.zinfos974.com\/La-Region-deploie-le-Numerisak-pour-les-lyceens_a186283.amp.html<\/a><\/p>\n","protected":false},"excerpt":{"rendered":"<p>R\u00e9duire la fracture num\u00e9rique tout en am\u00e9liorant le d\u00e9veloppement de l\u2019utilisation num\u00e9rique. C\u2019est l\u2019objectif que se fixe la R\u00e9gion qui, \u00e0 l\u2019occasion de cette nouvelle rentr\u00e9e scolaire, a d\u00e9voil\u00e9 ce lundi 22\/08\/2022 au lyc\u00e9e Sarda Garriga de Saint-Andr\u00e9 son dispositif Numerisak. Un cartable num\u00e9rique contenant aussi bien des manuels num\u00e9riques p\u00e9dagogiques qu\u2019une aide \u00e0 la [&hellip;]<\/p>\n","protected":false},"author":2934,"featured_media":6076,"parent":0,"menu_order":0,"comment_status":"closed","ping_status":"closed","template":"","meta":{"footnotes":"","_links_to":"","_links_to_target":""},"class_list":["post-6069","page","type-page","status-publish","has-post-thumbnail","hentry"],"_links":{"self":[{"href":"https:\/\/etab.ac-reunion.fr\/lyc-sarda-garriga\/wp-json\/wp\/v2\/pages\/6069","targetHints":{"allow":["GET"]}}],"collection":[{"href":"https:\/\/etab.ac-reunion.fr\/lyc-sarda-garriga\/wp-json\/wp\/v2\/pages"}],"about":[{"href":"https:\/\/etab.ac-reunion.fr\/lyc-sarda-garriga\/wp-json\/wp\/v2\/types\/page"}],"author":[{"embeddable":true,"href":"https:\/\/etab.ac-reunion.fr\/lyc-sarda-garriga\/wp-json\/wp\/v2\/users\/2934"}],"replies":[{"embeddable":true,"href":"https:\/\/etab.ac-reunion.fr\/lyc-sarda-garriga\/wp-json\/wp\/v2\/comments?post=6069"}],"version-history":[{"count":5,"href":"https:\/\/etab.ac-reunion.fr\/lyc-sarda-garriga\/wp-json\/wp\/v2\/pages\/6069\/revisions"}],"predecessor-version":[{"id":6084,"href":"https:\/\/etab.ac-reunion.fr\/lyc-sarda-garriga\/wp-json\/wp\/v2\/pages\/6069\/revisions\/6084"}],"wp:featuredmedia":[{"embeddable":true,"href":"https:\/\/etab.ac-reunion.fr\/lyc-sarda-garriga\/wp-json\/wp\/v2\/media\/6076"}],"wp:attachment":[{"href":"https:\/\/etab.ac-reunion.fr\/lyc-sarda-garriga\/wp-json\/wp\/v2\/media?parent=6069"}],"curies":[{"name":"wp","href":"https:\/\/api.w.org\/{rel}","templated":true}]}}