{"id":8489,"date":"2025-01-29T08:12:09","date_gmt":"2025-01-29T04:12:09","guid":{"rendered":"https:\/\/etab.ac-reunion.fr\/lyc-sarda-garriga\/?page_id=8489"},"modified":"2025-06-18T17:07:14","modified_gmt":"2025-06-18T13:07:14","slug":"je-filme-le-metier-qui-me-plait-2025","status":"publish","type":"page","link":"https:\/\/etab.ac-reunion.fr\/lyc-sarda-garriga\/je-filme-le-metier-qui-me-plait-2025\/","title":{"rendered":"Je filme le m\u00e9tier qui me pla\u00eet 2025"},"content":{"rendered":"\n<p><\/p>\n\n\n\n<p><\/p>\n\n\n\n<p><\/p>\n\n\n\n<p><\/p>\n\n\n\n<p><\/p>\n\n\n\n<p><\/p>\n\n\n\n<p><\/p>\n\n\n\n<p><\/p>\n\n\n\n<p><\/p>\n\n\n\n<p><\/p>\n\n\n\n<p><\/p>\n\n\n\n<p><\/p>\n\n\n\n<p><\/p>\n\n\n\n<p><\/p>\n\n\n\n<p><\/p>\n\n\n\n<p><\/p>\n\n\n\n<p><\/p>\n\n\n\n<p><\/p>\n\n\n\n<p><\/p>\n\n\n\n<p><\/p>\n\n\n\n<p><\/p>\n\n\n\n<p><\/p>\n\n\n\n<p class=\"has-text-align-center\">\u00a0<strong>2\u1d49 PRIX  R\u00c9GIONAL,  \u00a0PRIX COUP DE COEUR DU PUBLIC<\/strong><\/p>\n\n\n\n<blockquote class=\"wp-block-quote is-layout-flow wp-block-quote-is-layout-flow\">\n<p>Le CVL du Lyc\u00e9e SARDA GARRIGA est&nbsp;fier&nbsp;d\u2019annoncer que son film \u00ab\u00a0<em>Dans&nbsp;les plis de&nbsp;l&rsquo;\u00e9galit\u00e9<\/em>\u00a0\u00bb a remport\u00e9 deux prix au niveau r\u00e9gional du concours&nbsp;<em>\u00ab Je filme le m\u00e9tier qui me pla\u00eet \u00bb<\/em>&nbsp;!&nbsp;<\/p>\n\n\n\n<p>La c\u00e9r\u00e9monie a eu lieu&nbsp;le mercredi 04 Juin 2025&nbsp;au domaine du MOCA \u00e0 Saint-Denis, dans une ambiance conviviale et inspirante.&nbsp;<\/p>\n\n\n\n<p>Nous avons eu l\u2019honneur de recevoir le\u00a0<strong>2\u1d49 prix r\u00e9gional<\/strong>, ainsi que le\u00a0<strong>Prix Coup de coeur<\/strong>\u00a0du public !\u00a0<\/p>\n\n\n\n<p>Ces deux distinctions viennent compl\u00e9ter notre 2\u1d49 prix national, d\u00e9j\u00e0 remport\u00e9 plus t\u00f4t.<\/p>\n\n\n\n<p>Un immense merci \u00e0 tous ceux qui nous ont soutenus !<\/p>\n<\/blockquote>\n\n\n<div class=\"wp-block-image\">\n<figure class=\"aligncenter size-full\"><a href=\"https:\/\/etab.ac-reunion.fr\/lyc-sarda-garriga\/wp-content\/uploads\/sites\/98\/2025\/06\/Photo-remise-des-prix-region.jpg\" target=\"_blank\" rel=\" noreferrer noopener\"><img loading=\"lazy\" decoding=\"async\" width=\"1000\" height=\"629\" src=\"https:\/\/etab.ac-reunion.fr\/lyc-sarda-garriga\/wp-content\/uploads\/sites\/98\/2025\/06\/Photo-remise-des-prix-region.jpg\" alt=\"\" class=\"wp-image-9295\" srcset=\"https:\/\/etab.ac-reunion.fr\/lyc-sarda-garriga\/wp-content\/uploads\/sites\/98\/2025\/06\/Photo-remise-des-prix-region.jpg 1000w, https:\/\/etab.ac-reunion.fr\/lyc-sarda-garriga\/wp-content\/uploads\/sites\/98\/2025\/06\/Photo-remise-des-prix-region-300x189.jpg 300w, https:\/\/etab.ac-reunion.fr\/lyc-sarda-garriga\/wp-content\/uploads\/sites\/98\/2025\/06\/Photo-remise-des-prix-region-768x483.jpg 768w\" sizes=\"auto, (max-width: 1000px) 100vw, 1000px\" \/><\/a><\/figure>\n<\/div>\n\n\n<p><\/p>\n\n\n\n<blockquote class=\"wp-block-quote is-layout-flow wp-block-quote-is-layout-flow\">\n<blockquote class=\"wp-block-quote is-layout-flow wp-block-quote-is-layout-flow\">\n<p class=\"has-text-align-center\"><strong>SARDA au GRAND REX<\/strong><\/p>\n<\/blockquote>\n\n\n\n<p><\/p>\n\n\n\n<blockquote class=\"wp-block-quote is-layout-flow wp-block-quote-is-layout-flow\">\n<p>Engag\u00e9s \u00e0 nouveau cette ann\u00e9e dans l&rsquo;aventure \u00ab\u00a0Je filme le m\u00e9tier qui me pla\u00eet \u00ab\u00a0, <strong>les d\u00e9l\u00e9gu\u00e9s du CVL d\u00e9crochent le<\/strong> <strong>clap d&rsquo;Argent au concours national avec leur court-m\u00e9trage, \u00ab\u00a0Dans les plis de l&rsquo;\u00e9galit\u00e9\u00a0\u00bb<\/strong>. Nos lyc\u00e9ens se sont envol\u00e9s vers <strong>PARIS du 24 au 28 mai 2025<\/strong> afin de <strong>participer \u00e0 la c\u00e9r\u00e9monie officielle de la remise des r\u00e9compenses au GRAND REX.<\/strong>&nbsp;Pendant quatre jours, ils ont pu d\u00e9couvrir la capitale sous un autre regard, visiter des lieux embl\u00e9matiques, rencontrer d&rsquo;autres lyc\u00e9ens venus de toute la FRANCE, valoriser leur engagement et ainsi vivre une exp\u00e9rience humaine et culturelle forte.<\/p>\n\n\n\n<p>MERCI \u00e0 vous tous d&rsquo;avoir soutenu et partag\u00e9 le film.&nbsp;<\/p>\n\n\n\n<p>BRAVO et F\u00e9licitations aux d\u00e9l\u00e9gu\u00e9s du CVL et \u00e0 l&rsquo;\u00e9quipe \u00e9ducative qui a accompagn\u00e9 ce projet. <\/p>\n<\/blockquote>\n<\/blockquote>\n\n\n<div class=\"wp-block-image\">\n<figure class=\"aligncenter size-large\"><a href=\"https:\/\/etab.ac-reunion.fr\/lyc-sarda-garriga\/wp-content\/uploads\/sites\/98\/2025\/06\/Photo-remise-des-prix-JFMQP-2025.jpg\" target=\"_blank\" rel=\" noreferrer noopener\"><img loading=\"lazy\" decoding=\"async\" width=\"1024\" height=\"681\" src=\"https:\/\/etab.ac-reunion.fr\/lyc-sarda-garriga\/wp-content\/uploads\/sites\/98\/2025\/06\/Photo-remise-des-prix-JFMQP-2025-1024x681.jpg\" alt=\"\" class=\"wp-image-9093\" srcset=\"https:\/\/etab.ac-reunion.fr\/lyc-sarda-garriga\/wp-content\/uploads\/sites\/98\/2025\/06\/Photo-remise-des-prix-JFMQP-2025-1024x681.jpg 1024w, https:\/\/etab.ac-reunion.fr\/lyc-sarda-garriga\/wp-content\/uploads\/sites\/98\/2025\/06\/Photo-remise-des-prix-JFMQP-2025-300x199.jpg 300w, https:\/\/etab.ac-reunion.fr\/lyc-sarda-garriga\/wp-content\/uploads\/sites\/98\/2025\/06\/Photo-remise-des-prix-JFMQP-2025-768x511.jpg 768w, https:\/\/etab.ac-reunion.fr\/lyc-sarda-garriga\/wp-content\/uploads\/sites\/98\/2025\/06\/Photo-remise-des-prix-JFMQP-2025-140x94.jpg 140w, https:\/\/etab.ac-reunion.fr\/lyc-sarda-garriga\/wp-content\/uploads\/sites\/98\/2025\/06\/Photo-remise-des-prix-JFMQP-2025.jpg 1280w\" sizes=\"auto, (max-width: 1024px) 100vw, 1024px\" \/><\/a><\/figure>\n<\/div>\n\n\n<p><\/p>\n\n\n\n<blockquote class=\"wp-block-quote is-layout-flow wp-block-quote-is-layout-flow\">\n<blockquote class=\"wp-block-quote is-layout-flow wp-block-quote-is-layout-flow\">\n<p class=\"has-text-align-center\"><strong>Le lyc\u00e9e est retenu en <mark style=\"background-color:#fcb900\" class=\"has-inline-color\">s\u00e9lection officielle pour le concours.<\/mark><\/strong><\/p>\n\n\n\n<p class=\"has-text-align-center\"><strong><mark style=\"background-color:#fcb900\" class=\"has-inline-color\">Il nous faut un maximum de vues, commentaires, likes \u2026.<\/mark><\/strong><\/p>\n\n\n\n<p class=\"has-text-align-center\"><strong><mark style=\"background-color:#fcb900\" class=\"has-inline-color\">Merci de partager le lien ci dessous du film <\/mark><\/strong><\/p>\n\n\n\n<p class=\"has-text-align-center\"><strong>avec le public, amis, famille, coll\u00e8gues\u2026<\/strong><\/p>\n\n\n\n<p class=\"has-text-align-center\"><strong> <\/strong><mark style=\"background-color:#fcb900\" class=\"has-inline-color\"><strong>AVANT FIN AVRIL 2025.<\/strong> <\/mark><\/p>\n\n\n\n<p class=\"has-text-align-center\"> MERCI POUR VOTRE SOUTIEN. <\/p>\n\n\n\n<p class=\"has-text-align-center\"><a href=\"https:\/\/www.parcoursmetiers.tv\/video\/18366-dans-les-plis-de-legalite\" target=\"_blank\" rel=\"noreferrer noopener\">https:\/\/www.parcoursmetiers.tv\/video\/18366-dans-les-plis-de-legalite<\/a><\/p>\n<\/blockquote>\n<\/blockquote>\n\n\n<div class=\"wp-block-image\">\n<figure class=\"aligncenter size-full\"><a href=\"https:\/\/www.parcoursmetiers.tv\/video\/18366-dans-les-plis-de-legalite\" target=\"_blank\" rel=\" noreferrer noopener\"><img loading=\"lazy\" decoding=\"async\" width=\"727\" height=\"427\" src=\"https:\/\/etab.ac-reunion.fr\/lyc-sarda-garriga\/wp-content\/uploads\/sites\/98\/2025\/03\/JFilmemetier20251.png\" alt=\"\" class=\"wp-image-8667\" srcset=\"https:\/\/etab.ac-reunion.fr\/lyc-sarda-garriga\/wp-content\/uploads\/sites\/98\/2025\/03\/JFilmemetier20251.png 727w, https:\/\/etab.ac-reunion.fr\/lyc-sarda-garriga\/wp-content\/uploads\/sites\/98\/2025\/03\/JFilmemetier20251-300x176.png 300w\" sizes=\"auto, (max-width: 727px) 100vw, 727px\" \/><\/a><\/figure>\n<\/div>\n\n\n<p><\/p>\n\n\n\n<blockquote class=\"wp-block-quote is-layout-flow wp-block-quote-is-layout-flow\">\n<p class=\"has-text-align-center\"><strong>Rencontre au 2<sup>\u00e8me<\/sup> RPIMA \u00e0 Saint-Pierre<\/strong><\/p>\n\n\n\n<p>C\u2019est reparti pour une nouvelle ann\u00e9e&nbsp;pour le projet \u00ab&nbsp;Je filme le m\u00e9tier qui me plait&nbsp;\u00bb avec, nous l\u2019esp\u00e9rons, le m\u00eame r\u00e9sultat !!! Cette ann\u00e9e, direction Saint-Pierre.<\/p>\n\n\n\n<p>Le jeudi 23 janvier dernier, 13 \u00e9l\u00e8ves du CVL accompagn\u00e9s des porteurs de projet sont all\u00e9s \u00e0 la rencontre du 2<sup>\u00e8me<\/sup> RPIMA (R\u00e9giment de Parachutistes d\u2019Infanterie de Marine) bas\u00e9 \u00e0 Pierrefonds (Saint-Pierre). Ils ont \u00e9t\u00e9 en immersion toute une journ\u00e9e dans la garnison. Ils ont eu l\u2019occasion de discuter, de filmer, de poser des questions et de d\u00e9couvrir un m\u00e9tier m\u00e9connu et indispensable exerc\u00e9 par une femme.<\/p>\n\n\n\n<p>Ce f\u00fbt de belles rencontres <\/p>\n\n\n\n<p class=\"has-text-align-right\">Les porteurs de projet<\/p>\n<\/blockquote>\n\n\n\n<figure class=\"wp-block-image size-full\"><a href=\"https:\/\/etab.ac-reunion.fr\/lyc-sarda-garriga\/wp-content\/uploads\/sites\/98\/2025\/01\/metiermeplait2025P1.png\" target=\"_blank\" rel=\"noreferrer noopener\"><img loading=\"lazy\" decoding=\"async\" width=\"956\" height=\"529\" src=\"https:\/\/etab.ac-reunion.fr\/lyc-sarda-garriga\/wp-content\/uploads\/sites\/98\/2025\/01\/metiermeplait2025P1.png\" alt=\"\" class=\"wp-image-8492\" srcset=\"https:\/\/etab.ac-reunion.fr\/lyc-sarda-garriga\/wp-content\/uploads\/sites\/98\/2025\/01\/metiermeplait2025P1.png 956w, https:\/\/etab.ac-reunion.fr\/lyc-sarda-garriga\/wp-content\/uploads\/sites\/98\/2025\/01\/metiermeplait2025P1-300x166.png 300w, https:\/\/etab.ac-reunion.fr\/lyc-sarda-garriga\/wp-content\/uploads\/sites\/98\/2025\/01\/metiermeplait2025P1-768x425.png 768w, https:\/\/etab.ac-reunion.fr\/lyc-sarda-garriga\/wp-content\/uploads\/sites\/98\/2025\/01\/metiermeplait2025P1-95x54.png 95w\" sizes=\"auto, (max-width: 956px) 100vw, 956px\" \/><\/a><\/figure>\n\n\n<div class=\"wp-block-image\">\n<figure class=\"aligncenter size-full\"><a href=\"https:\/\/etab.ac-reunion.fr\/lyc-sarda-garriga\/wp-content\/uploads\/sites\/98\/2025\/01\/metiermeplait2025P2.png\" target=\"_blank\" rel=\"noreferrer noopener\"><img loading=\"lazy\" decoding=\"async\" width=\"384\" height=\"527\" src=\"https:\/\/etab.ac-reunion.fr\/lyc-sarda-garriga\/wp-content\/uploads\/sites\/98\/2025\/01\/metiermeplait2025P2.png\" alt=\"\" class=\"wp-image-8494\" srcset=\"https:\/\/etab.ac-reunion.fr\/lyc-sarda-garriga\/wp-content\/uploads\/sites\/98\/2025\/01\/metiermeplait2025P2.png 384w, https:\/\/etab.ac-reunion.fr\/lyc-sarda-garriga\/wp-content\/uploads\/sites\/98\/2025\/01\/metiermeplait2025P2-219x300.png 219w\" sizes=\"auto, (max-width: 384px) 100vw, 384px\" \/><\/a><\/figure>\n<\/div>\n\n\n<p><\/p>\n","protected":false},"excerpt":{"rendered":"<p>\u00a02\u1d49 PRIX R\u00c9GIONAL, \u00a0PRIX COUP DE COEUR DU PUBLIC Le CVL du Lyc\u00e9e SARDA GARRIGA est&nbsp;fier&nbsp;d\u2019annoncer que son film \u00ab\u00a0Dans&nbsp;les plis de&nbsp;l&rsquo;\u00e9galit\u00e9\u00a0\u00bb a remport\u00e9 deux prix au niveau r\u00e9gional du concours&nbsp;\u00ab Je filme le m\u00e9tier qui me pla\u00eet \u00bb&nbsp;!&nbsp; La c\u00e9r\u00e9monie a eu lieu&nbsp;le mercredi 04 Juin 2025&nbsp;au domaine du MOCA \u00e0 Saint-Denis, dans une [&hellip;]<\/p>\n","protected":false},"author":2934,"featured_media":9297,"parent":0,"menu_order":0,"comment_status":"closed","ping_status":"closed","template":"","meta":{"footnotes":"","_links_to":"","_links_to_target":""},"class_list":["post-8489","page","type-page","status-publish","has-post-thumbnail","hentry"],"_links":{"self":[{"href":"https:\/\/etab.ac-reunion.fr\/lyc-sarda-garriga\/wp-json\/wp\/v2\/pages\/8489","targetHints":{"allow":["GET"]}}],"collection":[{"href":"https:\/\/etab.ac-reunion.fr\/lyc-sarda-garriga\/wp-json\/wp\/v2\/pages"}],"about":[{"href":"https:\/\/etab.ac-reunion.fr\/lyc-sarda-garriga\/wp-json\/wp\/v2\/types\/page"}],"author":[{"embeddable":true,"href":"https:\/\/etab.ac-reunion.fr\/lyc-sarda-garriga\/wp-json\/wp\/v2\/users\/2934"}],"replies":[{"embeddable":true,"href":"https:\/\/etab.ac-reunion.fr\/lyc-sarda-garriga\/wp-json\/wp\/v2\/comments?post=8489"}],"version-history":[{"count":27,"href":"https:\/\/etab.ac-reunion.fr\/lyc-sarda-garriga\/wp-json\/wp\/v2\/pages\/8489\/revisions"}],"predecessor-version":[{"id":9298,"href":"https:\/\/etab.ac-reunion.fr\/lyc-sarda-garriga\/wp-json\/wp\/v2\/pages\/8489\/revisions\/9298"}],"wp:featuredmedia":[{"embeddable":true,"href":"https:\/\/etab.ac-reunion.fr\/lyc-sarda-garriga\/wp-json\/wp\/v2\/media\/9297"}],"wp:attachment":[{"href":"https:\/\/etab.ac-reunion.fr\/lyc-sarda-garriga\/wp-json\/wp\/v2\/media?parent=8489"}],"curies":[{"name":"wp","href":"https:\/\/api.w.org\/{rel}","templated":true}]}}