{"id":889,"date":"2015-05-19T00:11:12","date_gmt":"2015-05-18T20:11:12","guid":{"rendered":"http:\/\/lycee-sarda-garriga.ac-reunion.fr\/?page_id=889"},"modified":"2017-04-24T10:10:59","modified_gmt":"2017-04-24T06:10:59","slug":"bourse","status":"publish","type":"page","link":"https:\/\/etab.ac-reunion.fr\/lyc-sarda-garriga\/bourse\/","title":{"rendered":"Bourse 2015-2016"},"content":{"rendered":"<p style=\"text-align: center\">\n<p style=\"text-align: center\"><span style=\"color: #993366;background-color: #ffffff\"><strong>La campagne de d\u00e9p\u00f4t des demandes de bourse pour 2015-2016<\/strong><\/span><\/p>\n<p style=\"text-align: center\"><span style=\"color: #993366;background-color: #ffffff\"><strong>est ouverte et <span style=\"text-decoration: underline\">se termine le 2 juin 2015.<\/span><\/strong><\/span><\/p>\n<p><a href=\"https:\/\/etab.ac-reunion.fr\/lyc-sarda-garriga\/wp-content\/uploads\/sites\/98\/2015\/05\/bandeau_simulateur_bourse_lycee_960X_394-960x340.jpg\"><img loading=\"lazy\" decoding=\"async\" class=\" wp-image-890 aligncenter\" src=\"https:\/\/etab.ac-reunion.fr\/lyc-sarda-garriga\/wp-content\/uploads\/sites\/98\/2015\/05\/bandeau_simulateur_bourse_lycee_960X_394-960x340.jpg\" alt=\"bandeau_simulateur_bourse_lycee_960X_394-960x340\" width=\"600\" height=\"212\" srcset=\"https:\/\/etab.ac-reunion.fr\/lyc-sarda-garriga\/wp-content\/uploads\/sites\/98\/2015\/05\/bandeau_simulateur_bourse_lycee_960X_394-960x340.jpg 960w, https:\/\/etab.ac-reunion.fr\/lyc-sarda-garriga\/wp-content\/uploads\/sites\/98\/2015\/05\/bandeau_simulateur_bourse_lycee_960X_394-960x340-300x106.jpg 300w\" sizes=\"auto, (max-width: 600px) 100vw, 600px\" \/><\/a><\/p>\n<p style=\"text-align: center\">Les informations sur les aides financi\u00e8res au lyc\u00e9e sont disponibles .<\/p>\n<p style=\"text-align: center\">Sur cette page vous trouverez: \u00a0*\u00a0les simulateurs de bourse en lyc\u00e9e et en coll\u00e8ge, \u00a0* les formulaires CERFA de demande de bourse avec la notice d\u2019information , * la fiche d\u2019auto-\u00e9valuation , *\u00a0le bar\u00e8me provisoire d\u2019attribution des bourses de lyc\u00e9e<\/p>\n<p>&nbsp;<\/p>\n<p><a href=\"http:\/\/www.education.gouv.fr\/cid86464\/bourses-de-lycee.html\"><img loading=\"lazy\" decoding=\"async\" class=\"aligncenter wp-image-893\" src=\"https:\/\/etab.ac-reunion.fr\/lyc-sarda-garriga\/wp-content\/uploads\/sites\/98\/2015\/05\/bandeau_bandeau_740px-lycee_394411.jpg\" alt=\"bandeau_bandeau_740px-lycee_394411\" width=\"632\" height=\"94\" srcset=\"https:\/\/etab.ac-reunion.fr\/lyc-sarda-garriga\/wp-content\/uploads\/sites\/98\/2015\/05\/bandeau_bandeau_740px-lycee_394411.jpg 740w, https:\/\/etab.ac-reunion.fr\/lyc-sarda-garriga\/wp-content\/uploads\/sites\/98\/2015\/05\/bandeau_bandeau_740px-lycee_394411-300x45.jpg 300w\" sizes=\"auto, (max-width: 632px) 100vw, 632px\" \/><\/a><\/p>\n<p><a href=\"http:\/\/www.education.gouv.fr\/cid86486\/bourses-de-college.htmlhttp:\/\/\"><img loading=\"lazy\" decoding=\"async\" class=\"aligncenter wp-image-894\" src=\"https:\/\/etab.ac-reunion.fr\/lyc-sarda-garriga\/wp-content\/uploads\/sites\/98\/2015\/05\/bandeau_college_740px-02_394408.jpg\" alt=\"bandeau_college_740px-02_394408\" width=\"633\" height=\"94\" srcset=\"https:\/\/etab.ac-reunion.fr\/lyc-sarda-garriga\/wp-content\/uploads\/sites\/98\/2015\/05\/bandeau_college_740px-02_394408.jpg 741w, https:\/\/etab.ac-reunion.fr\/lyc-sarda-garriga\/wp-content\/uploads\/sites\/98\/2015\/05\/bandeau_college_740px-02_394408-300x45.jpg 300w\" sizes=\"auto, (max-width: 633px) 100vw, 633px\" \/><\/a><\/p>\n<p style=\"line-height: 16.35pt;text-align: center\" align=\"center\"><span style=\"font-family: 'Georgia','serif';color: #333333\"><a href='https:\/\/etab.ac-reunion.fr\/lyc-sarda-garriga\/wp-content\/uploads\/sites\/98\/2015\/05\/cerfa_11319-12.pdf' class='icon-button download-icon'>Demande de bourse nationale de Lyc\u00e9e<span class='et-icon'><\/span><\/a> \u00a0 \u00a0 \u00a0 \u00a0 \u00a0 \u00a0<\/span><\/p>\n<p style=\"line-height: 16.35pt;text-align: center\" align=\"center\"><span style=\"font-family: 'Georgia','serif';color: #333333\"><a href='https:\/\/etab.ac-reunion.fr\/lyc-sarda-garriga\/wp-content\/uploads\/sites\/98\/2015\/05\/notice_5159303.pdf' class='icon-button download-icon'>Notice d&rsquo;information pour demande de bourse<span class='et-icon'><\/span><\/a><\/span><\/p>\n<p style=\"text-align: center\" align=\"center\"><span style=\"font-family: 'Georgia','serif';color: #333333\"><a href='https:\/\/etab.ac-reunion.fr\/lyc-sarda-garriga\/wp-content\/uploads\/sites\/98\/2015\/05\/Autoevaluation_pour_2015-2016_391833.pdf' class='icon-button download-icon'>Fiche d&rsquo;auto-\u00e9valuation 2015-2016<span class='et-icon'><\/span><\/a> \u00a0<\/span><\/p>\n<p style=\"text-align: center\" align=\"center\"><span style=\"font-family: 'Georgia','serif';color: #333333\">\u00a0<a href='https:\/\/etab.ac-reunion.fr\/lyc-sarda-garriga\/wp-content\/uploads\/sites\/98\/2015\/05\/Bareme_provisoire_pour_2015-2016_391831.pdf' class='icon-button download-icon'>Bar\u00e8me des bourses de lyc\u00e9e pour l&rsquo;ann\u00e9e scolaire 2015-2016<span class='et-icon'><\/span><\/a><\/span><\/p>\n","protected":false},"excerpt":{"rendered":"<p>La campagne de d\u00e9p\u00f4t des demandes de bourse pour 2015-2016 est ouverte et se termine le 2 juin 2015. Les informations sur les aides financi\u00e8res au lyc\u00e9e sont disponibles . Sur cette page vous trouverez: \u00a0*\u00a0les simulateurs de bourse en lyc\u00e9e et en coll\u00e8ge, \u00a0* les formulaires CERFA de demande de bourse avec la notice [&hellip;]<\/p>\n","protected":false},"author":2934,"featured_media":0,"parent":0,"menu_order":0,"comment_status":"closed","ping_status":"closed","template":"","meta":{"footnotes":"","_links_to":"","_links_to_target":""},"class_list":["post-889","page","type-page","status-publish","hentry"],"_links":{"self":[{"href":"https:\/\/etab.ac-reunion.fr\/lyc-sarda-garriga\/wp-json\/wp\/v2\/pages\/889","targetHints":{"allow":["GET"]}}],"collection":[{"href":"https:\/\/etab.ac-reunion.fr\/lyc-sarda-garriga\/wp-json\/wp\/v2\/pages"}],"about":[{"href":"https:\/\/etab.ac-reunion.fr\/lyc-sarda-garriga\/wp-json\/wp\/v2\/types\/page"}],"author":[{"embeddable":true,"href":"https:\/\/etab.ac-reunion.fr\/lyc-sarda-garriga\/wp-json\/wp\/v2\/users\/2934"}],"replies":[{"embeddable":true,"href":"https:\/\/etab.ac-reunion.fr\/lyc-sarda-garriga\/wp-json\/wp\/v2\/comments?post=889"}],"version-history":[{"count":34,"href":"https:\/\/etab.ac-reunion.fr\/lyc-sarda-garriga\/wp-json\/wp\/v2\/pages\/889\/revisions"}],"predecessor-version":[{"id":2167,"href":"https:\/\/etab.ac-reunion.fr\/lyc-sarda-garriga\/wp-json\/wp\/v2\/pages\/889\/revisions\/2167"}],"wp:attachment":[{"href":"https:\/\/etab.ac-reunion.fr\/lyc-sarda-garriga\/wp-json\/wp\/v2\/media?parent=889"}],"curies":[{"name":"wp","href":"https:\/\/api.w.org\/{rel}","templated":true}]}}